{"id":8519,"date":"2026-03-10T18:23:18","date_gmt":"2026-03-10T17:23:18","guid":{"rendered":"https:\/\/academiespatiale.fr\/?post_type=tribe_events&#038;p=8519"},"modified":"2026-03-11T17:28:02","modified_gmt":"2026-03-11T16:28:02","slug":"ecole-de-printemps-ecospace-lecosysteme-spatial","status":"publish","type":"tribe_events","link":"https:\/\/academiespatiale.fr\/index.php\/event\/ecole-de-printemps-ecospace-lecosysteme-spatial\/","title":{"rendered":"\u00c9cole de printemps ECOSPACE &#8211; L&rsquo;\u00e9cosyst\u00e8me spatial"},"content":{"rendered":"<div  class=\"tribe-events-schedule tribe-clearfix\" >\n\t<p class=\"tribe-events-schedule__datetime\">\n\t\t<span class=\"tribe-events-schedule__date tribe-events-schedule__date--start\">\n\t\t\t26 mars\t\t<\/span>\n\n\t\t\t\t\t<span class=\"tribe-events-schedule__separator tribe-events-schedule__separator--date\">\n\t\t\t\t : \t\t\t<\/span>\n\t\t\t<span class=\"tribe-events-schedule__time tribe-events-schedule__time--start\">\n\t\t\t\t9h00\t\t\t<\/span>\n\t\t\n\t\t\t\t\t\t\t\t\t<span class=\"tribe-events-schedule__separator tribe-events-schedule__separator--time\">\n\t\t\t\t\t&#8211;\t\t\t\t<\/span>\n\t\t\t\n\t\t\t\t\t\t\t<span class=\"tribe-events-schedule__date tribe-events-schedule__date--end\">\n\t\t\t\t\t27 mars\t\t\t\t<\/span>\n\n\t\t\t\t\t\t\t\t\t<span class=\"tribe-events-schedule__separator tribe-events-schedule__separator--date\">\n\t\t\t\t\t\t : \t\t\t\t\t<\/span>\n\t\t\t\t\t<span class=\"tribe-events-schedule__time tribe-events-schedule__time--end\">\n\t\t\t\t\t\t17h30\t\t\t\t\t<\/span>\n\t\t\t\t\n\t\t\t\n\t\t\t\t\t\t<\/p>\n<\/div>\n\n\n\n<div class=\"wp-block-cover is-light\" style=\"padding-top:var(--wp--preset--spacing--80);padding-right:var(--wp--preset--spacing--80);padding-bottom:var(--wp--preset--spacing--80);padding-left:var(--wp--preset--spacing--80)\"><span aria-hidden=\"true\" class=\"wp-block-cover__background has-white-background-color has-background-dim-100 has-background-dim\"><\/span><div class=\"wp-block-cover__inner-container is-layout-constrained wp-container-core-cover-is-layout-10bc4538 wp-block-cover-is-layout-constrained\">\n<div class=\"wp-block-columns alignwide is-layout-flex wp-container-core-columns-is-layout-28f84493 wp-block-columns-is-layout-flex\">\n<div class=\"wp-block-column is-layout-flow wp-block-column-is-layout-flow\">\n<div class=\"wp-block-columns has-text-color has-link-color wp-elements-e673af4000d0b3c096a66b181f7b0bbd is-layout-flex wp-container-core-columns-is-layout-deb2fee4 wp-block-columns-is-layout-flex\" style=\"color:#b1b1b1;margin-top:-25px;margin-bottom:20px;padding-top:0;padding-right:0;padding-bottom:0;padding-left:0;font-size:15px\">\n<div class=\"wp-block-column has-text-color has-link-color wp-elements-5a4d4e7b16cdb21f05469acdf2368671 is-layout-flow wp-block-column-is-layout-flow\" style=\"color:#a1a1a1;padding-top:0;padding-bottom:0;font-size:15px;font-style:normal;font-weight:100;flex-basis:100%\"><div class=\"aioseo-breadcrumbs\"><span class=\"aioseo-breadcrumb\">\n\t\t\t<a href=\"https:\/\/academiespatiale.fr\" title=\"Home\">Home<\/a>\n\t\t<\/span><span class=\"aioseo-breadcrumb-separator\">&raquo;<\/span><span class=\"aioseo-breadcrumb\">\n\t\t\t<a href=\"https:\/\/academiespatiale.fr\/index.php\/events\/\" title=\"\u00c9v\u00e8nements\">\u00c9v\u00e8nements<\/a>\n\t\t<\/span><span class=\"aioseo-breadcrumb-separator\">&raquo;<\/span><span class=\"aioseo-breadcrumb\">\n\t\t\t\u00c9cole de printemps ECOSPACE \u2013 L\u2019\u00e9cosyst\u00e8me spatial\n\t\t<\/span><\/div><\/div>\n<\/div>\n\n\n\n<p><strong>L&rsquo;\u00c9cole de printemps du spatial \u00ab&nbsp;ECOSPACE&nbsp;\u00bb est un colloque et un \u00e9v\u00e8nement scientifique co-organis\u00e9e, depuis 2025, par l&rsquo;IUT de Mantes-en-Yvelines, le LATMOS et l&rsquo;Acad\u00e9mie Spatiale. Cet \u00e9v\u00e8nement sur deux jours est d\u00e9di\u00e9e aux enjeux et aux avanc\u00e9es du domaine spatial : sciences, \u00e9conomie, technologie, droit et g\u00e9opolitique<\/strong>.<\/p>\n\n\n\n<p>Durant deux jours, les participant\u00b7es ont l&rsquo;opportunit\u00e9 d&rsquo;assister \u00e0 des conf\u00e9rences, de prendre part \u00e0 des ateliers pratiques et de participer \u00e0 des workshops anim\u00e9s par des expertes et des experts reconnu\u00b7es. L&rsquo;ambition d&rsquo;ECOSPACE est de renforcer les connaissances des participant\u00b7es mais aussi de susciter des vocations et d&rsquo;inspirer la prochaine g\u00e9n\u00e9ration de professionnel\u00b7les du secteur.Retour en image de l&rsquo;\u00e9dition 2025.<\/p>\n<\/div>\n<\/div>\n\n\n\n<div class=\"wp-block-columns alignwide is-layout-flex wp-container-core-columns-is-layout-28f84493 wp-block-columns-is-layout-flex\">\n<div class=\"wp-block-column is-vertically-aligned-center is-layout-flow wp-block-column-is-layout-flow\" style=\"flex-basis:66.66%\">\n<hr class=\"wp-block-separator has-alpha-channel-opacity\" style=\"margin-top:var(--wp--preset--spacing--70);margin-bottom:var(--wp--preset--spacing--70)\"\/>\n\n\n\n<p class=\"has-text-align-center\"><strong>ECOSPACE 2026 <br>L&rsquo;\u00e9cosyst\u00e8me spatial<\/strong><\/p>\n\n\n\n<p class=\"has-text-align-center\">Jeudi 26 et vendredi 27 mars <\/p>\n\n\n\n<p class=\"has-text-align-center\" style=\"font-size:15px\">IUT de Mantes-en-Yvelines<br>7, rue Jean Ho\u00ebt<br>78200, Mantes-la-Jolie<\/p>\n\n\n\n<hr class=\"wp-block-separator has-alpha-channel-opacity\" style=\"margin-top:var(--wp--preset--spacing--70);margin-bottom:var(--wp--preset--spacing--70)\"\/>\n\n\n\n<p class=\"has-text-align-center\"><strong>Soir\u00e9e \u00ab&nbsp;Ciel ouvert&nbsp;\u00bb pour le grand public <br><\/strong>Vendredi 27 mars<br>\u00e0 partir de 20h<em><br><\/em><br><em>D\u00e9couverte \u00e0 l&rsquo;oeil nu ou au t\u00e9l\u00e9scope des constellations, <\/em><br><em>de la lune, Saturne, etc.<\/em><\/p>\n\n\n\n<hr class=\"wp-block-separator has-alpha-channel-opacity\" style=\"margin-top:var(--wp--preset--spacing--70);margin-bottom:var(--wp--preset--spacing--70)\"\/>\n<\/div>\n\n\n\n<div class=\"wp-block-column is-layout-flow wp-block-column-is-layout-flow\" style=\"flex-basis:33.33%\">\n<figure data-wp-context=\"{&quot;imageId&quot;:&quot;69f286ba14453&quot;}\" data-wp-interactive=\"core\/image\" data-wp-key=\"69f286ba14453\" class=\"wp-block-image size-large wp-lightbox-container\"><img loading=\"lazy\" decoding=\"async\" width=\"735\" height=\"1024\" data-wp-class--hide=\"state.isContentHidden\" data-wp-class--show=\"state.isContentVisible\" data-wp-init=\"callbacks.setButtonStyles\" data-wp-on--click=\"actions.showLightbox\" data-wp-on--load=\"callbacks.setButtonStyles\" data-wp-on-window--resize=\"callbacks.setButtonStyles\" src=\"https:\/\/academiespatiale.fr\/wp-content\/uploads\/2026\/03\/Ecospace-Post-2026-735x1024.jpg\" alt=\"\" class=\"wp-image-8437\" srcset=\"https:\/\/academiespatiale.fr\/wp-content\/uploads\/2026\/03\/Ecospace-Post-2026-735x1024.jpg 735w, https:\/\/academiespatiale.fr\/wp-content\/uploads\/2026\/03\/Ecospace-Post-2026-215x300.jpg 215w, https:\/\/academiespatiale.fr\/wp-content\/uploads\/2026\/03\/Ecospace-Post-2026-768x1071.jpg 768w, https:\/\/academiespatiale.fr\/wp-content\/uploads\/2026\/03\/Ecospace-Post-2026-1102x1536.jpg 1102w, https:\/\/academiespatiale.fr\/wp-content\/uploads\/2026\/03\/Ecospace-Post-2026.jpg 1150w\" sizes=\"auto, (max-width: 735px) 100vw, 735px\" \/><button\n\t\t\tclass=\"lightbox-trigger\"\n\t\t\ttype=\"button\"\n\t\t\taria-haspopup=\"dialog\"\n\t\t\taria-label=\"Agrandir\"\n\t\t\tdata-wp-init=\"callbacks.initTriggerButton\"\n\t\t\tdata-wp-on--click=\"actions.showLightbox\"\n\t\t\tdata-wp-style--right=\"state.imageButtonRight\"\n\t\t\tdata-wp-style--top=\"state.imageButtonTop\"\n\t\t>\n\t\t\t<svg xmlns=\"http:\/\/www.w3.org\/2000\/svg\" width=\"12\" height=\"12\" fill=\"none\" viewBox=\"0 0 12 12\">\n\t\t\t\t<path fill=\"#fff\" d=\"M2 0a2 2 0 0 0-2 2v2h1.5V2a.5.5 0 0 1 .5-.5h2V0H2Zm2 10.5H2a.5.5 0 0 1-.5-.5V8H0v2a2 2 0 0 0 2 2h2v-1.5ZM8 12v-1.5h2a.5.5 0 0 0 .5-.5V8H12v2a2 2 0 0 1-2 2H8Zm2-12a2 2 0 0 1 2 2v2h-1.5V2a.5.5 0 0 0-.5-.5H8V0h2Z\" \/>\n\t\t\t<\/svg>\n\t\t<\/button><\/figure>\n<\/div>\n<\/div>\n\n\n\n<p class=\"has-background-color-background-color has-background\">Page de l&rsquo;\u00e9v\u00e8nement<br>\u2192 <a href=\"https:\/\/academiespatiale.fr\/index.php\/formations\/infos-orientation\/ecospace\/\">ECOSPACE \u2013 D\u00e9couverte de l\u2019univers spatial \u00e0 l\u2019IUT de Mantes-en-Yvelines &#8211; Acad\u00e9mie Spatiale d&rsquo;\u00cele-de-France<\/a><\/p>\n\n\n\n<p style=\"border-width:1px;padding-top:var(--wp--preset--spacing--70);padding-right:var(--wp--preset--spacing--70);padding-bottom:var(--wp--preset--spacing--70);padding-left:var(--wp--preset--spacing--70)\"><strong>APPEL \u00c0 PARTICIPATION &#8211; Exposition Hall \u00ab Projets et Recherches \u00bb<br><\/strong>Pr\u00e9sentations des travaux de recherche ouvert aux doctorantes, doctorants, jeunes chercheur\u00b7euses et \u00e9tudiant\u00b7es ayant un lien avec le spatial.<br><br>Date limite de d\u00e9pot : vendredi 20 mars 2026 <br>Les r\u00e9sum\u00e9s sont \u00e0 d\u00e9poser sur : <a href=\"mailto:mantesrecherche@uvsq.fr\" target=\"_blank\" rel=\"noopener\" title=\"\">mantesrecherche@uvsq.fr<\/a> <em><br><\/em><br><strong>&gt;&gt;&gt; <a href=\"https:\/\/academiespatiale.fr\/wp-content\/uploads\/2026\/03\/Programme-Mission-ECOSPACE-2026-VF-V4.bis_.pdf\" target=\"_blank\" rel=\"noopener\" title=\"\">D\u00e9tails et template de l&rsquo;abstract \u00e0 suivre<\/a><\/strong><br><br><em>Les travaux s\u00e9lectionn\u00e9s par la commission scientifique seront publi\u00e9s dans le 2<sup>e<\/sup> num\u00e9ro Mantes Recherche &#8211; collection HAL.<\/em><\/p>\n\n\n\n<hr class=\"wp-block-separator has-alpha-channel-opacity\"\/>\n\n\n\n<h4 class=\"wp-block-heading has-text-align-center\"><strong>Programme<\/strong><\/h4>\n\n\n\n<hr class=\"wp-block-separator has-alpha-channel-opacity\"\/>\n\n\n\n<div class=\"wp-block-columns alignwide is-layout-flex wp-container-core-columns-is-layout-28f84493 wp-block-columns-is-layout-flex\">\n<div class=\"wp-block-column is-layout-flow wp-block-column-is-layout-flow\" style=\"border-width:1px;padding-top:var(--wp--preset--spacing--70);padding-right:var(--wp--preset--spacing--70);padding-bottom:var(--wp--preset--spacing--70);padding-left:var(--wp--preset--spacing--70)\">\n<p><strong>JEUDI 26 MARS<\/strong><\/p>\n\n\n\n<ul class=\"wp-block-list\">\n<li><strong>9h00<\/strong> \u2192 Ouverture<\/li>\n\n\n\n<li><strong>9h30<\/strong> \u2192 Conf\u00e9rence \u00ab&nbsp;Introduction et d\u00e9couverte du spatial&nbsp;\u00bb<\/li>\n<\/ul>\n\n\n\n<p><em>10h15 &#8211; 10h30 \u2192 pause<\/em><\/p>\n\n\n\n<ul class=\"wp-block-list\">\n<li><strong>10h30<\/strong> \u2192 Conf\u00e9rence \u00ab&nbsp;Les lanceurs Ariane (&#8230;)&nbsp;\u00bb<\/li>\n\n\n\n<li><strong>11h15<\/strong> \u2192 Conf\u00e9rence \u00ab&nbsp;Pr\u00e9sentation de la mission Dragonfly&nbsp;\u00bb<\/li>\n\n\n\n<li><strong>12h00<\/strong> \u2192 Conf\u00e9rence \u00ab Pr\u00e9sentation des ouvrages : nanosatellites, cubesats de l&rsquo;\u00e8re NewSpace (&#8230;)&nbsp;\u00bb<\/li>\n<\/ul>\n\n\n\n<p><em>12h45 &#8211; 13h45 \u2192 pause d\u00e9jeuner<\/em><\/p>\n\n\n\n<ul class=\"wp-block-list\">\n<li><strong>14h00<\/strong> \u2192 Conf\u00e9rences \u00ab&nbsp;Puissance, coop\u00e9ration et r\u00e9gulation : les nouveaux \u00e9quilibres du spatial europ\u00e9en&nbsp;\u00bb\n<ul class=\"wp-block-list\">\n<li>Conf. 1 \u00ab&nbsp;Les biens communs de l&rsquo;espace : l&rsquo;ultime fronti\u00e8re ?&nbsp;\u00bb<\/li>\n\n\n\n<li>Conf. 2 \u00ab&nbsp;Vers un champion europ\u00e9en du spatial ? Analyse strat\u00e9gique de la fusion Airbus &#8211; Thal\u00e8s &#8211; Leonardo&nbsp;\u00bb<\/li>\n<\/ul>\n<\/li>\n\n\n\n<li><strong>15h15<\/strong> \u2192 Table ronde de pr\u00e9sentation des m\u00e9tiers de l&rsquo;espace<\/li>\n<\/ul>\n\n\n\n<p><em>16h30 &#8211; 16h45 \u2192 pause<\/em><\/p>\n\n\n\n<ul class=\"wp-block-list\">\n<li><strong>16h45<\/strong> \u2192 Exposition dans le Hall Projets et recherches : pr\u00e9sentations des travaux de jeunes chercheur\u00b7euses<\/li>\n\n\n\n<li><strong>17h30 \u2192 Jury de s\u00e9lection et remise de prix<\/strong><\/li>\n<\/ul>\n<\/div>\n\n\n\n<div class=\"wp-block-column is-layout-flow wp-block-column-is-layout-flow\" style=\"border-width:1px;padding-top:var(--wp--preset--spacing--70);padding-right:var(--wp--preset--spacing--70);padding-bottom:var(--wp--preset--spacing--70);padding-left:var(--wp--preset--spacing--70)\">\n<p><strong>VENDREDI 27 MARS<\/strong><\/p>\n\n\n\n<ul class=\"wp-block-list\">\n<li><strong>9h30<\/strong> \u2192 Retour sur la premi\u00e8re journ\u00e9e en photos et vid\u00e9os<\/li>\n\n\n\n<li><strong>10h00<\/strong> \u2192 Cin\u00e9-D\u00e9bat \u00ab Space Bus \u00bb<\/li>\n\n\n\n<li><strong>11h00<\/strong> \u2192 Conf\u00e9rence \u00ab Le Spatial \u00bb petites histoires, faits marquants, avenir<br><\/li>\n<\/ul>\n\n\n\n<p><em>12h00 &#8211; 13h30 \u2192 pause d\u00e9jeuner<\/em><\/p>\n\n\n\n<ul class=\"wp-block-list\">\n<li><strong>13h30 <\/strong>\u2192 Ateliers \u00ab Space Bus \u00bb\n<ul class=\"wp-block-list\">\n<li>\u00ab Conqu\u00eate spatiale \u00bb<\/li>\n\n\n\n<li>\u00ab Syst\u00e8me solaire \u00e0 l\u2019\u00e9chelle de taille \u00bb<\/li>\n\n\n\n<li>\u00ab Observation solaire et Lumi\u00e8re \u00bb<\/li>\n\n\n\n<li>\u00ab M\u00e9t\u00e9orites \u00bb<\/li>\n\n\n\n<li>\u00ab Constellations \u00bb<\/li>\n<\/ul>\n<\/li>\n<\/ul>\n\n\n\n<ul class=\"wp-block-list\">\n<li><strong>17h00 &#8211; 18h00<\/strong> \u2192 Cl\u00f4ture<\/li>\n<\/ul>\n\n\n\n<ul class=\"wp-block-list\">\n<li><strong>20h00 \u2192 Soir\u00e9e Ciel ouvert pour le grand public : d\u00e9couverte \u00e0 l&rsquo;oeil nu ou au t\u00e9l\u00e9scope des constellations, de la lune, Saturne, etc.<\/strong><\/li>\n<\/ul>\n<\/div>\n<\/div>\n\n\n\n<h4 class=\"wp-block-heading has-text-align-center\">&gt;&gt;&gt; <a href=\"https:\/\/academiespatiale.fr\/wp-content\/uploads\/2026\/03\/Programme-Mission-ECOSPACE-2026-VF-V4.bis_.pdf\" target=\"_blank\" rel=\"noopener\" title=\"\">T\u00e9l\u00e9charger le programme complet<\/a> &lt;&lt;&lt;<\/h4>\n\n\n\n<div style=\"height:20px\" aria-hidden=\"true\" class=\"wp-block-spacer\"><\/div>\n\n\n\n<div data-wp-interactive=\"core\/file\" class=\"wp-block-file aligncenter\"><object data-wp-bind--hidden=\"!state.hasPdfPreview\" hidden class=\"wp-block-file__embed\" data=\"https:\/\/academiespatiale.fr\/wp-content\/uploads\/2026\/03\/Programme-Mission-ECOSPACE-2026-VF-V4.bis_.pdf\" type=\"application\/pdf\" style=\"width:100%;height:600px\" aria-label=\"Contenu embarqu\u00e9 Programme Mission ECOSPACE 2026 VF (V4.bis).\"><\/object><a id=\"wp-block-file--media-4e443754-46d9-4094-9805-45817bae27e7\" href=\"https:\/\/academiespatiale.fr\/wp-content\/uploads\/2026\/03\/Programme-Mission-ECOSPACE-2026-VF-V4.bis_.pdf\">Programme Mission ECOSPACE 2026 VF (V4.bis)<\/a><a href=\"https:\/\/academiespatiale.fr\/wp-content\/uploads\/2026\/03\/Programme-Mission-ECOSPACE-2026-VF-V4.bis_.pdf\" class=\"wp-block-file__button wp-element-button\" download aria-describedby=\"wp-block-file--media-4e443754-46d9-4094-9805-45817bae27e7\">T\u00e9l\u00e9charger le programme complet<\/a><\/div>\n\n\n\n<hr class=\"wp-block-separator has-alpha-channel-opacity\" style=\"margin-top:var(--wp--preset--spacing--70);margin-bottom:var(--wp--preset--spacing--70)\"\/>\n\n\n\n<div class=\"wp-block-columns alignwide is-layout-flex wp-container-core-columns-is-layout-28f84493 wp-block-columns-is-layout-flex\">\n<div class=\"wp-block-column is-layout-flow wp-block-column-is-layout-flow\" style=\"flex-basis:100%\">\n<p class=\"has-background-color-background-color has-background\">Contact<br>\u2192 Halima Ghorbel : halima.ghorbel-feki [at] uvsq.fr<br>\u2192 Guillaume Martin : guillaume.martin [at] uvsq.fr<\/p>\n<\/div>\n<\/div>\n<\/div><\/div>\n\n\n\t<div  class=\"tribe-block tribe-block__events-link\" >\n\t\t<div class=\"tribe-events tribe-common\">\n\t\t\t<div class=\"tribe-events-c-subscribe-dropdown__container\">\n\t\t\t\t<div class=\"tribe-events-c-subscribe-dropdown\">\n\t\t\t\t\t<div class=\"tribe-common-c-btn-border tribe-events-c-subscribe-dropdown__button\">\n\t\t\t\t\t\t<svg\n\t class=\"tribe-common-c-svgicon tribe-common-c-svgicon--cal-export tribe-events-c-subscribe-dropdown__export-icon\" \taria-hidden=\"true\"\n\tviewBox=\"0 0 23 17\"\n\txmlns=\"http:\/\/www.w3.org\/2000\/svg\"\n>\n\t<path fill-rule=\"evenodd\" clip-rule=\"evenodd\" d=\"M.128.896V16.13c0 .211.145.383.323.383h15.354c.179 0 .323-.172.323-.383V.896c0-.212-.144-.383-.323-.383H.451C.273.513.128.684.128.896Zm16 6.742h-.901V4.679H1.009v10.729h14.218v-3.336h.901V7.638ZM1.01 1.614h14.218v2.058H1.009V1.614Z\" \/>\n\t<path d=\"M20.5 9.846H8.312M18.524 6.953l2.89 2.909-2.855 2.855\" stroke-width=\"1.2\" stroke-linecap=\"round\" stroke-linejoin=\"round\"\/>\n<\/svg>\n\t\t\t\t\t\t<button\n\t\t\t\t\t\t\tclass=\"tribe-events-c-subscribe-dropdown__button-text\"\n\t\t\t\t\t\t\taria-expanded=\"false\"\n\t\t\t\t\t\t\taria-controls=\"tribe-events-subscribe-dropdown-content\"\n\t\t\t\t\t\t\taria-label=\"Afficher les liens permettant d\u2019ajouter des \u00e9v\u00e8nements \u00e0 votre calendrier\"\n\t\t\t\t\t\t>\n\t\t\t\t\t\t\tAjouter au calendrier\t\t\t\t\t\t<\/button>\n\t\t\t\t\t\t<svg\n\t class=\"tribe-common-c-svgicon tribe-common-c-svgicon--caret-down tribe-events-c-subscribe-dropdown__button-icon\" \taria-hidden=\"true\"\n\tviewBox=\"0 0 10 7\"\n\txmlns=\"http:\/\/www.w3.org\/2000\/svg\"\n>\n\t<path fill-rule=\"evenodd\" clip-rule=\"evenodd\" d=\"M1.008.609L5 4.6 8.992.61l.958.958L5 6.517.05 1.566l.958-.958z\" class=\"tribe-common-c-svgicon__svg-fill\"\/>\n<\/svg>\n\t\t\t\t\t<\/div>\n\t\t\t\t\t<div id=\"tribe-events-subscribe-dropdown-content\" class=\"tribe-events-c-subscribe-dropdown__content\">\n\t\t\t\t\t\t<ul class=\"tribe-events-c-subscribe-dropdown__list\">\n\t\t\t\t\t\t\t\t\t\t\t\t\t\t\t<li class=\"tribe-events-c-subscribe-dropdown__list-item tribe-events-c-subscribe-dropdown__list-item--gcal\">\n\t\t\t\t\t\t\t\t\t<a\n\t\t\t\t\t\t\t\t\t\thref=\"https:\/\/www.google.com\/calendar\/event?action=TEMPLATE&#038;dates=20260326T090000\/20260327T173000&#038;text=%C3%89cole%20de%20printemps%20ECOSPACE%20%26%238211%3B%20L%26rsquo%3B%C3%A9cosyst%C3%A8me%20spatial&#038;details=%3Cdiv+class%3D%22wp-block-cover+is-light%22+style%3D%22padding-top%3Avar%28--wp--preset--spacing--80%29%3Bpadding-right%3Avar%28--wp--preset--spacing--80%29%3Bpadding-bottom%3Avar%28--wp--preset--spacing--80%29%3Bpadding-left%3Avar%28--wp--preset--spacing--80%29%22%3E%3Cspan+aria-hidden%3D%22true%22+class%3D%22wp-block-cover__background+has-white-background-color+has-background-dim-100+has-background-dim%22%3E%3C%2Fspan%3E%3Cdiv+class%3D%22wp-block-cover__inner-container%22%3E%3Cdiv+class%3D%22wp-block-columns+alignwide%22%3E%3Cdiv+class%3D%22wp-block-column%22%3E%3Cp%3E%3Cstrong%3EL%27%C3%89cole+de+printemps+du+spatial+%C2%AB%26nbsp%3BECOSPACE%26nbsp%3B%C2%BB+est+un+colloque+et+un+%C3%A9v%C3%A8nement+scientifique+co-organis%C3%A9e%2C+depuis+2025%2C+par+l%27IUT+de+Mantes-en-Yvelines%2C+le+LATMOS+et+l%27Acad%C3%A9mie+Spatiale.+Cet+%C3%A9v%C3%A8nement+sur+deux+jours+est+d%C3%A9di%C3%A9e+aux+enjeux+et+aux+avanc%C3%A9es+du+domaine+spatial+%3A+sciences%2C+%C3%A9conomie%2C+technologie%2C+droit+et+g%C3%A9opolitique%3C%2Fstrong%3E.%3C%2Fp%3E+%3Cp%3EDurant+deux+jours%2C+les+participant%C2%B7es+ont+l%27opportunit%C3%A9+d%27assister+%C3%A0+des+conf%C3%A9rences%2C+de+prendre+part+%C3%A0+des+ateliers+pratiques+%3C%2Fp%3E%3C%2Fdiv%3E%3C%2Fdiv%3E%3C%2Fdiv%3E%3C%2Fdiv%3E%28Voir+toute+la+description+de+%C3%A9v%C3%A8nement+ici%C2%A0%3A+https%3A%2F%2Facademiespatiale.fr%2Findex.php%2Fevent%2Fecole-de-printemps-ecospace-lecosysteme-spatial%2F%29&#038;trp=false&#038;ctz=Europe\/Paris&#038;sprop=website:https:\/\/academiespatiale.fr\"\n\t\t\t\t\t\t\t\t\t\tclass=\"tribe-events-c-subscribe-dropdown__list-item-link\"\n\t\t\t\t\t\t\t\t\t\ttarget=\"_blank\"\n\t\t\t\t\t\t\t\t\t\trel=\"noopener noreferrer nofollow noindex\"\n\t\t\t\t\t\t\t\t\t>\n\t\t\t\t\t\t\t\t\t\tGoogle Agenda\t\t\t\t\t\t\t\t\t<\/a>\n\t\t\t\t\t\t\t\t<\/li>\n\t\t\t\t\t\t\t\t\t\t\t\t\t\t\t<li class=\"tribe-events-c-subscribe-dropdown__list-item tribe-events-c-subscribe-dropdown__list-item--ical\">\n\t\t\t\t\t\t\t\t\t<a\n\t\t\t\t\t\t\t\t\t\thref=\"\"\n\t\t\t\t\t\t\t\t\t\tclass=\"tribe-events-c-subscribe-dropdown__list-item-link\"\n\t\t\t\t\t\t\t\t\t\ttarget=\"_blank\"\n\t\t\t\t\t\t\t\t\t\trel=\"noopener noreferrer nofollow noindex\"\n\t\t\t\t\t\t\t\t\t>\n\t\t\t\t\t\t\t\t\t\tiCalendar\t\t\t\t\t\t\t\t\t<\/a>\n\t\t\t\t\t\t\t\t<\/li>\n\t\t\t\t\t\t\t\t\t\t\t\t\t\t\t<li class=\"tribe-events-c-subscribe-dropdown__list-item tribe-events-c-subscribe-dropdown__list-item--outlook-365\">\n\t\t\t\t\t\t\t\t\t<a\n\t\t\t\t\t\t\t\t\t\thref=\"\"\n\t\t\t\t\t\t\t\t\t\tclass=\"tribe-events-c-subscribe-dropdown__list-item-link\"\n\t\t\t\t\t\t\t\t\t\ttarget=\"_blank\"\n\t\t\t\t\t\t\t\t\t\trel=\"noopener noreferrer nofollow noindex\"\n\t\t\t\t\t\t\t\t\t>\n\t\t\t\t\t\t\t\t\t\tOutlook 365\t\t\t\t\t\t\t\t\t<\/a>\n\t\t\t\t\t\t\t\t<\/li>\n\t\t\t\t\t\t\t\t\t\t\t\t\t\t\t<li class=\"tribe-events-c-subscribe-dropdown__list-item tribe-events-c-subscribe-dropdown__list-item--outlook-live\">\n\t\t\t\t\t\t\t\t\t<a\n\t\t\t\t\t\t\t\t\t\thref=\"\"\n\t\t\t\t\t\t\t\t\t\tclass=\"tribe-events-c-subscribe-dropdown__list-item-link\"\n\t\t\t\t\t\t\t\t\t\ttarget=\"_blank\"\n\t\t\t\t\t\t\t\t\t\trel=\"noopener noreferrer nofollow noindex\"\n\t\t\t\t\t\t\t\t\t>\n\t\t\t\t\t\t\t\t\t\tOutlook Live\t\t\t\t\t\t\t\t\t<\/a>\n\t\t\t\t\t\t\t\t<\/li>\n\t\t\t\t\t\t\t\t\t\t\t\t\t<\/ul>\n\t\t\t\t\t<\/div>\n\t\t\t\t<\/div>\n\t\t\t<\/div>\n\t\t<\/div>\n\t<\/div>\n\n","protected":false},"excerpt":{"rendered":"","protected":false},"author":1,"featured_media":8520,"template":"","meta":{"_monsterinsights_skip_tracking":false,"_monsterinsights_sitenote_active":false,"_monsterinsights_sitenote_note":"","_monsterinsights_sitenote_category":0,"_EventAllDay":false,"_EventTimezone":"Europe\/Paris","_EventStartDate":"2026-03-26 09:00:00","_EventEndDate":"2026-03-27 17:30:00","_EventStartDateUTC":"2026-03-26 08:00:00","_EventEndDateUTC":"2026-03-27 16:30:00","_EventShowMap":false,"_EventShowMapLink":false,"_EventURL":"","_EventCost":"","_EventCostDescription":"","_EventCurrencySymbol":"\u20ac","_EventCurrencyCode":"EUR","_EventCurrencyPosition":"suffix","_EventDateTimeSeparator":" : ","_EventTimeRangeSeparator":"-","_EventOrganizerID":[],"_EventVenueID":[],"_OrganizerEmail":"","_OrganizerPhone":"","_OrganizerWebsite":"","_VenueAddress":"","_VenueCity":"","_VenueCountry":"","_VenueProvince":"","_VenueState":"","_VenueZip":"","_VenuePhone":"","_VenueURL":"","_VenueStateProvince":"","_VenueLat":"","_VenueLng":"","_VenueShowMap":false,"_VenueShowMapLink":false,"_tribe_events_status":"","_tribe_events_status_reason":"","footnotes":""},"tags":[],"tribe_events_cat":[],"class_list":["post-8519","tribe_events","type-tribe_events","status-publish","has-post-thumbnail","hentry"],"aioseo_notices":[],"_links":{"self":[{"href":"https:\/\/academiespatiale.fr\/index.php\/wp-json\/wp\/v2\/tribe_events\/8519","targetHints":{"allow":["GET"]}}],"collection":[{"href":"https:\/\/academiespatiale.fr\/index.php\/wp-json\/wp\/v2\/tribe_events"}],"about":[{"href":"https:\/\/academiespatiale.fr\/index.php\/wp-json\/wp\/v2\/types\/tribe_events"}],"author":[{"embeddable":true,"href":"https:\/\/academiespatiale.fr\/index.php\/wp-json\/wp\/v2\/users\/1"}],"version-history":[{"count":4,"href":"https:\/\/academiespatiale.fr\/index.php\/wp-json\/wp\/v2\/tribe_events\/8519\/revisions"}],"predecessor-version":[{"id":8545,"href":"https:\/\/academiespatiale.fr\/index.php\/wp-json\/wp\/v2\/tribe_events\/8519\/revisions\/8545"}],"wp:featuredmedia":[{"embeddable":true,"href":"https:\/\/academiespatiale.fr\/index.php\/wp-json\/wp\/v2\/media\/8520"}],"wp:attachment":[{"href":"https:\/\/academiespatiale.fr\/index.php\/wp-json\/wp\/v2\/media?parent=8519"}],"wp:term":[{"taxonomy":"post_tag","embeddable":true,"href":"https:\/\/academiespatiale.fr\/index.php\/wp-json\/wp\/v2\/tags?post=8519"},{"taxonomy":"tribe_events_cat","embeddable":true,"href":"https:\/\/academiespatiale.fr\/index.php\/wp-json\/wp\/v2\/tribe_events_cat?post=8519"}],"curies":[{"name":"wp","href":"https:\/\/api.w.org\/{rel}","templated":true}]}}