{"id":8488,"date":"2026-03-10T16:31:59","date_gmt":"2026-03-10T15:31:59","guid":{"rendered":"https:\/\/academiespatiale.fr\/?post_type=tribe_events&#038;p=8488"},"modified":"2026-03-10T16:36:25","modified_gmt":"2026-03-10T15:36:25","slug":"conference-ovsq-smile-voir-linvisible-la-magnetosphere-de-la-terre-revelee-en-rayons-x","status":"publish","type":"tribe_events","link":"https:\/\/academiespatiale.fr\/index.php\/event\/conference-ovsq-smile-voir-linvisible-la-magnetosphere-de-la-terre-revelee-en-rayons-x\/","title":{"rendered":"[Conf\u00e9rence OVSQ] SMILE : voir l&rsquo;invisible &#8211; la magn\u00e9tosph\u00e8re de la terre r\u00e9v\u00e9l\u00e9e en rayons X"},"content":{"rendered":"<div  class=\"tribe-events-schedule tribe-clearfix\" >\n\t<p class=\"tribe-events-schedule__datetime\">\n\t\t<span class=\"tribe-events-schedule__date tribe-events-schedule__date--start\">\n\t\t\t27 mars\t\t<\/span>\n\n\t\t\t\t\t<span class=\"tribe-events-schedule__separator tribe-events-schedule__separator--date\">\n\t\t\t\t : \t\t\t<\/span>\n\t\t\t<span class=\"tribe-events-schedule__time tribe-events-schedule__time--start\">\n\t\t\t\t12h12\t\t\t<\/span>\n\t\t\n\t\t\t\t\t\t\t\t\t<span class=\"tribe-events-schedule__separator tribe-events-schedule__separator--time\">\n\t\t\t\t\t&#8211;\t\t\t\t<\/span>\n\t\t\t\n\t\t\t\t\t\t\t<span class=\"tribe-events-schedule__time tribe-events-schedule__time--end\">\n\t\t\t\t\t14h00\t\t\t\t<\/span>\n\t\t\t\n\t\t\t\t\t\t<\/p>\n<\/div>\n\n\n\n<div class=\"wp-block-cover is-light\" style=\"padding-top:var(--wp--preset--spacing--80);padding-right:var(--wp--preset--spacing--80);padding-bottom:var(--wp--preset--spacing--80);padding-left:var(--wp--preset--spacing--80)\"><span aria-hidden=\"true\" class=\"wp-block-cover__background has-white-background-color has-background-dim-100 has-background-dim\"><\/span><div class=\"wp-block-cover__inner-container is-layout-constrained wp-container-core-cover-is-layout-10bc4538 wp-block-cover-is-layout-constrained\">\n<div class=\"wp-block-columns has-text-color has-link-color wp-elements-e673af4000d0b3c096a66b181f7b0bbd is-layout-flex wp-container-core-columns-is-layout-deb2fee4 wp-block-columns-is-layout-flex\" style=\"color:#b1b1b1;margin-top:-25px;margin-bottom:20px;padding-top:0;padding-right:0;padding-bottom:0;padding-left:0;font-size:15px\">\n<div class=\"wp-block-column has-text-color has-link-color wp-elements-5a4d4e7b16cdb21f05469acdf2368671 is-layout-flow wp-block-column-is-layout-flow\" style=\"color:#a1a1a1;padding-top:0;padding-bottom:0;font-size:15px;font-style:normal;font-weight:100;flex-basis:100%\"><div class=\"aioseo-breadcrumbs\"><span class=\"aioseo-breadcrumb\">\n\t\t\t<a href=\"https:\/\/academiespatiale.fr\" title=\"Home\">Home<\/a>\n\t\t<\/span><span class=\"aioseo-breadcrumb-separator\">&raquo;<\/span><span class=\"aioseo-breadcrumb\">\n\t\t\t<a href=\"https:\/\/academiespatiale.fr\/index.php\/events\/\" title=\"\u00c9v\u00e8nements\">\u00c9v\u00e8nements<\/a>\n\t\t<\/span><span class=\"aioseo-breadcrumb-separator\">&raquo;<\/span><span class=\"aioseo-breadcrumb\">\n\t\t\t<a href=\"https:\/\/academiespatiale.fr\/index.php\/events\/categorie\/seminaire\/\" title=\"S\u00e9minaire \/ webinaire\">S\u00e9minaire \/ webinaire<\/a>\n\t\t<\/span><span class=\"aioseo-breadcrumb-separator\">&raquo;<\/span><span class=\"aioseo-breadcrumb\">\n\t\t\t[Conf\u00e9rence OVSQ] SMILE : voir l\u2019invisible \u2013 la magn\u00e9tosph\u00e8re de la terre r\u00e9v\u00e9l\u00e9e en rayons X\n\t\t<\/span><\/div><\/div>\n<\/div>\n\n\n\n<p><strong>Dans le cadre des Vendredis de l&rsquo;OVSQ, Dimitra Koutroumpa, Chercheuse au Laboratoire Atmosph\u00e8res et Observations Spatiales (LATMOS), donnera une conf\u00e9rence le 27 mars 2026 \u00e0 12h15, intitul\u00e9 \u00ab\u00a0SMILE : voir l&rsquo;invisible &#8211; la magn\u00e9tosph\u00e8re de la Terre r\u00e9v\u00e9l\u00e9e en rayons X\u00a0\u00bb<\/strong>.<\/p>\n\n\n\n<div class=\"wp-block-columns is-layout-flex wp-container-core-columns-is-layout-28f84493 wp-block-columns-is-layout-flex\">\n<div class=\"wp-block-column is-vertically-aligned-center is-layout-flow wp-block-column-is-layout-flow\">\n<hr class=\"wp-block-separator has-alpha-channel-opacity\"\/>\n\n\n\n<p class=\"has-text-align-center\"><strong>SMILE : voir l&rsquo;invisible &#8211; la magn\u00e9tosph\u00e8re de la Terre r\u00e9v\u00e9l\u00e9e en rayons X<\/strong><\/p>\n\n\n\n<p class=\"has-text-align-center\">Vendredi 27 mars 2026<br>\u00e0 12h15<\/p>\n\n\n\n<p class=\"has-text-align-center\">Amphi M\u00e9gie &#8211; OVSQ<br>11, boulevard d&rsquo;Alembert<br>78280 Guyancourt<\/p>\n\n\n\n<p class=\"has-text-align-center\">Gratuit, sur inscription<\/p>\n\n\n\n<hr class=\"wp-block-separator has-alpha-channel-opacity\"\/>\n<\/div>\n\n\n\n<div class=\"wp-block-column is-layout-flow wp-block-column-is-layout-flow\"><div class=\"wp-block-image\">\n<figure data-wp-context=\"{&quot;imageId&quot;:&quot;69f2786c48ef6&quot;}\" data-wp-interactive=\"core\/image\" data-wp-key=\"69f2786c48ef6\" class=\"aligncenter size-large is-resized wp-lightbox-container\"><img loading=\"lazy\" decoding=\"async\" width=\"724\" height=\"1024\" data-wp-class--hide=\"state.isContentHidden\" data-wp-class--show=\"state.isContentVisible\" data-wp-init=\"callbacks.setButtonStyles\" data-wp-on--click=\"actions.showLightbox\" data-wp-on--load=\"callbacks.setButtonStyles\" data-wp-on-window--resize=\"callbacks.setButtonStyles\" src=\"https:\/\/academiespatiale.fr\/wp-content\/uploads\/2026\/03\/2026_AFFICHE-A3_OVSQ_MISSION-SMILE-1-724x1024.jpg\" alt=\"\" class=\"wp-image-8489\" style=\"aspect-ratio:0.7070328334008917;width:309px;height:auto\" srcset=\"https:\/\/academiespatiale.fr\/wp-content\/uploads\/2026\/03\/2026_AFFICHE-A3_OVSQ_MISSION-SMILE-1-724x1024.jpg 724w, https:\/\/academiespatiale.fr\/wp-content\/uploads\/2026\/03\/2026_AFFICHE-A3_OVSQ_MISSION-SMILE-1-212x300.jpg 212w, https:\/\/academiespatiale.fr\/wp-content\/uploads\/2026\/03\/2026_AFFICHE-A3_OVSQ_MISSION-SMILE-1-768x1086.jpg 768w, https:\/\/academiespatiale.fr\/wp-content\/uploads\/2026\/03\/2026_AFFICHE-A3_OVSQ_MISSION-SMILE-1-1086x1536.jpg 1086w, https:\/\/academiespatiale.fr\/wp-content\/uploads\/2026\/03\/2026_AFFICHE-A3_OVSQ_MISSION-SMILE-1-1448x2048.jpg 1448w, https:\/\/academiespatiale.fr\/wp-content\/uploads\/2026\/03\/2026_AFFICHE-A3_OVSQ_MISSION-SMILE-1-scaled.jpg 1810w\" sizes=\"auto, (max-width: 724px) 100vw, 724px\" \/><button\n\t\t\tclass=\"lightbox-trigger\"\n\t\t\ttype=\"button\"\n\t\t\taria-haspopup=\"dialog\"\n\t\t\taria-label=\"Agrandir\"\n\t\t\tdata-wp-init=\"callbacks.initTriggerButton\"\n\t\t\tdata-wp-on--click=\"actions.showLightbox\"\n\t\t\tdata-wp-style--right=\"state.imageButtonRight\"\n\t\t\tdata-wp-style--top=\"state.imageButtonTop\"\n\t\t>\n\t\t\t<svg xmlns=\"http:\/\/www.w3.org\/2000\/svg\" width=\"12\" height=\"12\" fill=\"none\" viewBox=\"0 0 12 12\">\n\t\t\t\t<path fill=\"#fff\" d=\"M2 0a2 2 0 0 0-2 2v2h1.5V2a.5.5 0 0 1 .5-.5h2V0H2Zm2 10.5H2a.5.5 0 0 1-.5-.5V8H0v2a2 2 0 0 0 2 2h2v-1.5ZM8 12v-1.5h2a.5.5 0 0 0 .5-.5V8H12v2a2 2 0 0 1-2 2H8Zm2-12a2 2 0 0 1 2 2v2h-1.5V2a.5.5 0 0 0-.5-.5H8V0h2Z\" \/>\n\t\t\t<\/svg>\n\t\t<\/button><\/figure>\n<\/div><\/div>\n<\/div>\n\n\n\n<p>RESUME<\/p>\n\n\n\n<p>La magn\u00e9tosph\u00e8re agit comme un immense bouclier magn\u00e9tique entourant la Terre, nous prot\u00e9geant des particules charg\u00e9es \u00e9mises par le Soleil, connues sous le nom de vent solaire. G\u00e9n\u00e9ralement, ces deux environnements magn\u00e9tis\u00e9s, le vent solaire et la magn\u00e9tosph\u00e8re, sont isol\u00e9s l&rsquo;un de l&rsquo;autre par une fronti\u00e8re appel\u00e9e magn\u00e9topause. Cependant, sous certaines conditions, leurs champs magn\u00e9tiques peuvent s&rsquo;interconnecter, cr\u00e9ant des br\u00e8ches dans la magn\u00e9topause. Ces ouvertures permettent alors aux particules solaires \u00e9nerg\u00e9tiques de p\u00e9n\u00e9trer dans notre environnement spatial.<\/p>\n\n\n\n<p>L&rsquo;intensit\u00e9 et la fr\u00e9quence de ces ph\u00e9nom\u00e8nes de reconnexion magn\u00e9tique varient en fonction de l\u2019activit\u00e9 solaire, qui suit un cycle d\u2019environ 11 ans. Pendant les pics d&rsquo;activit\u00e9, des \u00e9ruptions solaires, et des \u00e9jections de masse coronale (CME) peuvent provoquer des perturbations majeures sur Terre : orages g\u00e9omagn\u00e9tiques, aurores polaires intenses, dysfonctionnements de satellites, coupures radio et m\u00eame des pannes \u00e9lectriques au sol. Ces \u00e9v\u00e9nements constituent ce que l&rsquo;on appelle la m\u00e9t\u00e9o de l\u2019espace, un domaine dans lequel la magn\u00e9tosph\u00e8re joue un r\u00f4le central. Pour mieux comprendre ce bouclier invisible, la mission spatiale sino-europ\u00e9enne SMILE (Solar Wind Magnetosphere Ionosphere Link Explorer), dont le lancement est pr\u00e9vu le 9 avril 2026, utilisera une technique innovante d\u2019imagerie en rayons X. Gr\u00e2ce \u00e0 cette innovation, SMILE fournira les premi\u00e8res observations d\u00e9taill\u00e9es et continues de la magn\u00e9tosph\u00e8re en rayons X, et \u00e9tudier sa dynamique globale face aux variations du vent solaire.<\/p>\n\n\n\n<p class=\"has-text-color has-link-color wp-elements-588e9a42df479eafc3a1e27b0d792e32\" style=\"color:#4877b5\"><strong>Dimitra Koutroumpa\u00a0<\/strong>est chercheuse au\u00a0Laboratoire Atmosph\u00e8res et Observations Spatiales (LATMOS), dans le d\u00e9partement Syst\u00e8me solaire.<\/p>\n\n\n\n<p class=\"has-background-color-background-color has-background\">Site officiel<br>\u2192 <a href=\"https:\/\/www.ovsq.uvsq.fr\/vendredi-de-lovsq-smile-voir-linvisible-la-magnetosphere-de-la-terre-revelee-en-rayons-x\" target=\"_blank\" rel=\"noopener\" title=\"\">\u00ab\u00a0Vendredi de l&rsquo;OVSQ\u00a0\u00bb &#8211; SMILE : Voir l&rsquo;invisible &#8211; la magn\u00e9tosph\u00e8re de la Terre r\u00e9v\u00e9l\u00e9e en rayons X &#8211; Observatoire de Versailles Saint-Quentin-en-Yvelines &#8211; OVSQ<\/a><\/p>\n<\/div><\/div>\n\n\n\t<div  class=\"tribe-block tribe-block__events-link\" >\n\t\t<div class=\"tribe-events tribe-common\">\n\t\t\t<div class=\"tribe-events-c-subscribe-dropdown__container\">\n\t\t\t\t<div class=\"tribe-events-c-subscribe-dropdown\">\n\t\t\t\t\t<div class=\"tribe-common-c-btn-border tribe-events-c-subscribe-dropdown__button\">\n\t\t\t\t\t\t<svg\n\t class=\"tribe-common-c-svgicon tribe-common-c-svgicon--cal-export tribe-events-c-subscribe-dropdown__export-icon\" \taria-hidden=\"true\"\n\tviewBox=\"0 0 23 17\"\n\txmlns=\"http:\/\/www.w3.org\/2000\/svg\"\n>\n\t<path fill-rule=\"evenodd\" clip-rule=\"evenodd\" d=\"M.128.896V16.13c0 .211.145.383.323.383h15.354c.179 0 .323-.172.323-.383V.896c0-.212-.144-.383-.323-.383H.451C.273.513.128.684.128.896Zm16 6.742h-.901V4.679H1.009v10.729h14.218v-3.336h.901V7.638ZM1.01 1.614h14.218v2.058H1.009V1.614Z\" \/>\n\t<path d=\"M20.5 9.846H8.312M18.524 6.953l2.89 2.909-2.855 2.855\" stroke-width=\"1.2\" stroke-linecap=\"round\" stroke-linejoin=\"round\"\/>\n<\/svg>\n\t\t\t\t\t\t<button\n\t\t\t\t\t\t\tclass=\"tribe-events-c-subscribe-dropdown__button-text\"\n\t\t\t\t\t\t\taria-expanded=\"false\"\n\t\t\t\t\t\t\taria-controls=\"tribe-events-subscribe-dropdown-content\"\n\t\t\t\t\t\t\taria-label=\"Afficher les liens permettant d\u2019ajouter des \u00e9v\u00e8nements \u00e0 votre calendrier\"\n\t\t\t\t\t\t>\n\t\t\t\t\t\t\tAjouter au calendrier\t\t\t\t\t\t<\/button>\n\t\t\t\t\t\t<svg\n\t class=\"tribe-common-c-svgicon tribe-common-c-svgicon--caret-down tribe-events-c-subscribe-dropdown__button-icon\" \taria-hidden=\"true\"\n\tviewBox=\"0 0 10 7\"\n\txmlns=\"http:\/\/www.w3.org\/2000\/svg\"\n>\n\t<path fill-rule=\"evenodd\" clip-rule=\"evenodd\" d=\"M1.008.609L5 4.6 8.992.61l.958.958L5 6.517.05 1.566l.958-.958z\" class=\"tribe-common-c-svgicon__svg-fill\"\/>\n<\/svg>\n\t\t\t\t\t<\/div>\n\t\t\t\t\t<div id=\"tribe-events-subscribe-dropdown-content\" class=\"tribe-events-c-subscribe-dropdown__content\">\n\t\t\t\t\t\t<ul class=\"tribe-events-c-subscribe-dropdown__list\">\n\t\t\t\t\t\t\t\t\t\t\t\t\t\t\t<li class=\"tribe-events-c-subscribe-dropdown__list-item tribe-events-c-subscribe-dropdown__list-item--gcal\">\n\t\t\t\t\t\t\t\t\t<a\n\t\t\t\t\t\t\t\t\t\thref=\"https:\/\/www.google.com\/calendar\/event?action=TEMPLATE&#038;dates=20260327T121200\/20260327T140000&#038;text=%5BConf%C3%A9rence%20OVSQ%5D%20SMILE%20%3A%20voir%20l%26rsquo%3Binvisible%20%26%238211%3B%20la%20magn%C3%A9tosph%C3%A8re%20de%20la%20terre%20r%C3%A9v%C3%A9l%C3%A9e%20en%20rayons%20X&#038;details=%3Cdiv+class%3D%22wp-block-cover+is-light%22+style%3D%22padding-top%3Avar%28--wp--preset--spacing--80%29%3Bpadding-right%3Avar%28--wp--preset--spacing--80%29%3Bpadding-bottom%3Avar%28--wp--preset--spacing--80%29%3Bpadding-left%3Avar%28--wp--preset--spacing--80%29%22%3E%3Cspan+aria-hidden%3D%22true%22+class%3D%22wp-block-cover__background+has-white-background-color+has-background-dim-100+has-background-dim%22%3E%3C%2Fspan%3E%3Cdiv+class%3D%22wp-block-cover__inner-container%22%3E%3Cp%3E%3Cstrong%3EDans+le+cadre+des+Vendredis+de+l%27OVSQ%2C+Dimitra+Koutroumpa%2C+Chercheuse+au+Laboratoire+Atmosph%C3%A8res+et+Observations+Spatiales+%28LATMOS%29%2C+donnera+une+conf%C3%A9rence+le+27+mars+2026+%C3%A0+12h15%2C+intitul%C3%A9+%C2%AB%C2%A0SMILE+%3A+voir+l%27invisible+-+la+magn%C3%A9tosph%C3%A8re+de+la+Terre+r%C3%A9v%C3%A9l%C3%A9e+en+rayons+X%C2%A0%C2%BB%3C%2Fstrong%3E.%3C%2Fp%3E+%3Cdiv+class%3D%22wp-block-columns%22%3E%3Cdiv+class%3D%22wp-block-column+is-vertically-aligned-center%22%3E%3Chr+class%3D%22wp-block-separator+has-alpha-channel-opacity%22%2F%3E%3Cp+class%3D%22has-text-align-center%22%3E%3Cstrong%3ESMILE+%3A+voir+l%27invisible+-+la+magn%C3%A9tosph%C3%A8re+de+la+Terre+r%C3%A9v%C3%A9l%C3%A9e+en+rayons+X%3C%3C%2Fstrong%3E%3C%2Fp%3E%3C%2Fdiv%3E%3C%2Fdiv%3E%3C%2Fdiv%3E%3C%2Fdiv%3E%28Voir+toute+la+description+de+%C3%A9v%C3%A8nement+ici%C2%A0%3A+https%3A%2F%2Facademiespatiale.fr%2Findex.php%2Fevent%2Fconference-ovsq-smile-voir-linvisible-la-magnetosphere-de-la-terre-revelee-en-rayons-x%2F%29&#038;trp=false&#038;ctz=Europe\/Paris&#038;sprop=website:https:\/\/academiespatiale.fr\"\n\t\t\t\t\t\t\t\t\t\tclass=\"tribe-events-c-subscribe-dropdown__list-item-link\"\n\t\t\t\t\t\t\t\t\t\ttarget=\"_blank\"\n\t\t\t\t\t\t\t\t\t\trel=\"noopener noreferrer nofollow noindex\"\n\t\t\t\t\t\t\t\t\t>\n\t\t\t\t\t\t\t\t\t\tGoogle Agenda\t\t\t\t\t\t\t\t\t<\/a>\n\t\t\t\t\t\t\t\t<\/li>\n\t\t\t\t\t\t\t\t\t\t\t\t\t\t\t<li class=\"tribe-events-c-subscribe-dropdown__list-item tribe-events-c-subscribe-dropdown__list-item--ical\">\n\t\t\t\t\t\t\t\t\t<a\n\t\t\t\t\t\t\t\t\t\thref=\"\"\n\t\t\t\t\t\t\t\t\t\tclass=\"tribe-events-c-subscribe-dropdown__list-item-link\"\n\t\t\t\t\t\t\t\t\t\ttarget=\"_blank\"\n\t\t\t\t\t\t\t\t\t\trel=\"noopener noreferrer nofollow noindex\"\n\t\t\t\t\t\t\t\t\t>\n\t\t\t\t\t\t\t\t\t\tiCalendar\t\t\t\t\t\t\t\t\t<\/a>\n\t\t\t\t\t\t\t\t<\/li>\n\t\t\t\t\t\t\t\t\t\t\t\t\t\t\t<li class=\"tribe-events-c-subscribe-dropdown__list-item tribe-events-c-subscribe-dropdown__list-item--outlook-365\">\n\t\t\t\t\t\t\t\t\t<a\n\t\t\t\t\t\t\t\t\t\thref=\"\"\n\t\t\t\t\t\t\t\t\t\tclass=\"tribe-events-c-subscribe-dropdown__list-item-link\"\n\t\t\t\t\t\t\t\t\t\ttarget=\"_blank\"\n\t\t\t\t\t\t\t\t\t\trel=\"noopener noreferrer nofollow noindex\"\n\t\t\t\t\t\t\t\t\t>\n\t\t\t\t\t\t\t\t\t\tOutlook 365\t\t\t\t\t\t\t\t\t<\/a>\n\t\t\t\t\t\t\t\t<\/li>\n\t\t\t\t\t\t\t\t\t\t\t\t\t\t\t<li class=\"tribe-events-c-subscribe-dropdown__list-item tribe-events-c-subscribe-dropdown__list-item--outlook-live\">\n\t\t\t\t\t\t\t\t\t<a\n\t\t\t\t\t\t\t\t\t\thref=\"\"\n\t\t\t\t\t\t\t\t\t\tclass=\"tribe-events-c-subscribe-dropdown__list-item-link\"\n\t\t\t\t\t\t\t\t\t\ttarget=\"_blank\"\n\t\t\t\t\t\t\t\t\t\trel=\"noopener noreferrer nofollow noindex\"\n\t\t\t\t\t\t\t\t\t>\n\t\t\t\t\t\t\t\t\t\tOutlook Live\t\t\t\t\t\t\t\t\t<\/a>\n\t\t\t\t\t\t\t\t<\/li>\n\t\t\t\t\t\t\t\t\t\t\t\t\t<\/ul>\n\t\t\t\t\t<\/div>\n\t\t\t\t<\/div>\n\t\t\t<\/div>\n\t\t<\/div>\n\t<\/div>\n\n\n\n\n<p><\/p>\n","protected":false},"excerpt":{"rendered":"","protected":false},"author":1,"featured_media":8490,"template":"","meta":{"_monsterinsights_skip_tracking":false,"_monsterinsights_sitenote_active":false,"_monsterinsights_sitenote_note":"","_monsterinsights_sitenote_category":0,"_EventAllDay":false,"_EventTimezone":"Europe\/Paris","_EventStartDate":"2026-03-27 12:12:00","_EventEndDate":"2026-03-27 14:00:00","_EventStartDateUTC":"2026-03-27 11:12:00","_EventEndDateUTC":"2026-03-27 13:00:00","_EventShowMap":false,"_EventShowMapLink":false,"_EventURL":"","_EventCost":"","_EventCostDescription":"","_EventCurrencySymbol":"\u20ac","_EventCurrencyCode":"EUR","_EventCurrencyPosition":"suffix","_EventDateTimeSeparator":" : ","_EventTimeRangeSeparator":"-","_EventOrganizerID":[],"_EventVenueID":[],"_OrganizerEmail":"","_OrganizerPhone":"","_OrganizerWebsite":"","_VenueAddress":"","_VenueCity":"","_VenueCountry":"","_VenueProvince":"","_VenueState":"","_VenueZip":"","_VenuePhone":"","_VenueURL":"","_VenueStateProvince":"","_VenueLat":"","_VenueLng":"","_VenueShowMap":false,"_VenueShowMapLink":false,"_tribe_events_status":"","_tribe_events_status_reason":"","footnotes":""},"tags":[],"tribe_events_cat":[38],"class_list":["post-8488","tribe_events","type-tribe_events","status-publish","has-post-thumbnail","hentry","tribe_events_cat-seminaire","cat_seminaire"],"aioseo_notices":[],"_links":{"self":[{"href":"https:\/\/academiespatiale.fr\/index.php\/wp-json\/wp\/v2\/tribe_events\/8488","targetHints":{"allow":["GET"]}}],"collection":[{"href":"https:\/\/academiespatiale.fr\/index.php\/wp-json\/wp\/v2\/tribe_events"}],"about":[{"href":"https:\/\/academiespatiale.fr\/index.php\/wp-json\/wp\/v2\/types\/tribe_events"}],"author":[{"embeddable":true,"href":"https:\/\/academiespatiale.fr\/index.php\/wp-json\/wp\/v2\/users\/1"}],"version-history":[{"count":13,"href":"https:\/\/academiespatiale.fr\/index.php\/wp-json\/wp\/v2\/tribe_events\/8488\/revisions"}],"predecessor-version":[{"id":8505,"href":"https:\/\/academiespatiale.fr\/index.php\/wp-json\/wp\/v2\/tribe_events\/8488\/revisions\/8505"}],"wp:featuredmedia":[{"embeddable":true,"href":"https:\/\/academiespatiale.fr\/index.php\/wp-json\/wp\/v2\/media\/8490"}],"wp:attachment":[{"href":"https:\/\/academiespatiale.fr\/index.php\/wp-json\/wp\/v2\/media?parent=8488"}],"wp:term":[{"taxonomy":"post_tag","embeddable":true,"href":"https:\/\/academiespatiale.fr\/index.php\/wp-json\/wp\/v2\/tags?post=8488"},{"taxonomy":"tribe_events_cat","embeddable":true,"href":"https:\/\/academiespatiale.fr\/index.php\/wp-json\/wp\/v2\/tribe_events_cat?post=8488"}],"curies":[{"name":"wp","href":"https:\/\/api.w.org\/{rel}","templated":true}]}}