{"id":8351,"date":"2026-03-03T11:22:05","date_gmt":"2026-03-03T10:22:05","guid":{"rendered":"https:\/\/academiespatiale.fr\/?post_type=tribe_events&#038;p=8351"},"modified":"2026-03-03T15:59:45","modified_gmt":"2026-03-03T14:59:45","slug":"congres-international-health-from-space-places-etudiantes-offertes-par-cap-biospace","status":"publish","type":"tribe_events","link":"https:\/\/academiespatiale.fr\/index.php\/event\/congres-international-health-from-space-places-etudiantes-offertes-par-cap-biospace\/","title":{"rendered":"Congr\u00e8s international Health from Space &#8211; Places \u00e9tudiantes offertes par CAP BIOSPACE"},"content":{"rendered":"<div  class=\"tribe-events-schedule tribe-clearfix\" >\n\t<p class=\"tribe-events-schedule__datetime\">\n\t\t<span class=\"tribe-events-schedule__date tribe-events-schedule__date--start\">\n\t\t\t24 mars\t\t<\/span>\n\n\t\t\t\t\t<span class=\"tribe-events-schedule__separator tribe-events-schedule__separator--date\">\n\t\t\t\t : \t\t\t<\/span>\n\t\t\t<span class=\"tribe-events-schedule__time tribe-events-schedule__time--start\">\n\t\t\t\t9h00\t\t\t<\/span>\n\t\t\n\t\t\t\t\t\t\t\t\t<span class=\"tribe-events-schedule__separator tribe-events-schedule__separator--time\">\n\t\t\t\t\t&#8211;\t\t\t\t<\/span>\n\t\t\t\n\t\t\t\t\t\t\t<span class=\"tribe-events-schedule__date tribe-events-schedule__date--end\">\n\t\t\t\t\t25 mars\t\t\t\t<\/span>\n\n\t\t\t\t\t\t\t\t\t<span class=\"tribe-events-schedule__separator tribe-events-schedule__separator--date\">\n\t\t\t\t\t\t : \t\t\t\t\t<\/span>\n\t\t\t\t\t<span class=\"tribe-events-schedule__time tribe-events-schedule__time--end\">\n\t\t\t\t\t\t17h00\t\t\t\t\t<\/span>\n\t\t\t\t\n\t\t\t\n\t\t\t\t\t\t<\/p>\n<\/div>\n\n\n\n<div class=\"wp-block-cover is-light\" style=\"padding-top:var(--wp--preset--spacing--80);padding-right:var(--wp--preset--spacing--80);padding-bottom:var(--wp--preset--spacing--80);padding-left:var(--wp--preset--spacing--80)\"><span aria-hidden=\"true\" class=\"wp-block-cover__background has-white-background-color has-background-dim-100 has-background-dim\"><\/span><div class=\"wp-block-cover__inner-container is-layout-constrained wp-container-core-cover-is-layout-10bc4538 wp-block-cover-is-layout-constrained\">\n<figure class=\"wp-block-image size-full\"><a href=\"https:\/\/www.healthfromspace.com\/?culture=en-GB\" target=\"_blank\" rel=\" noreferrer noopener\"><img loading=\"lazy\" decoding=\"async\" width=\"990\" height=\"150\" src=\"https:\/\/academiespatiale.fr\/wp-content\/uploads\/2026\/03\/Health-from-space_banniere_2026.png\" alt=\"\" class=\"wp-image-8342\" srcset=\"https:\/\/academiespatiale.fr\/wp-content\/uploads\/2026\/03\/Health-from-space_banniere_2026.png 990w, https:\/\/academiespatiale.fr\/wp-content\/uploads\/2026\/03\/Health-from-space_banniere_2026-300x45.png 300w, https:\/\/academiespatiale.fr\/wp-content\/uploads\/2026\/03\/Health-from-space_banniere_2026-768x116.png 768w\" sizes=\"auto, (max-width: 990px) 100vw, 990px\" \/><\/a><\/figure>\n\n\n<div class=\"wp-block-image\">\n<figure class=\"aligncenter size-full is-resized\"><img loading=\"lazy\" decoding=\"async\" width=\"646\" height=\"218\" src=\"https:\/\/academiespatiale.fr\/wp-content\/uploads\/2026\/03\/Health-From-Space.png\" alt=\"\" class=\"wp-image-8344\" style=\"width:200px\" srcset=\"https:\/\/academiespatiale.fr\/wp-content\/uploads\/2026\/03\/Health-From-Space.png 646w, https:\/\/academiespatiale.fr\/wp-content\/uploads\/2026\/03\/Health-From-Space-300x101.png 300w\" sizes=\"auto, (max-width: 646px) 100vw, 646px\" \/><\/figure>\n<\/div>\n\n\n<div style=\"height:20px\" aria-hidden=\"true\" class=\"wp-block-spacer\"><\/div>\n\n\n\n<p><strong>Vous \u00eates un ou une \u00e9tudiante int\u00e9ress\u00e9e par les sciences, la sant\u00e9 et la recherche dans le domaine spatial ?&nbsp;Le congr\u00e8s international&nbsp;Health from Space&nbsp;vous propose de d\u00e9couvrir comment la recherche spatiale transforme les sciences de la vie et la sant\u00e9&nbsp;les 24 et&nbsp;25 mars 2026&nbsp;\u00e0 Cannes.<\/strong><\/p>\n\n\n\n<p>Ce n\u2019est pas seulement une conf\u00e9rence scientifique, c\u2019est un espace d\u2019\u00e9changes autour des innovations m\u00e9dicales, des biotechnologies, des th\u00e9rapies avanc\u00e9es et des technologies issues de l\u2019exploration spatiale. Ce congr\u00e8s rassemble des chercheurs, chercheuses, industriels et expert\u00b7es internationaux autour des enjeux de la sant\u00e9, des biotechnologies et des innovations issues de la recherche spatiale.<\/p>\n\n\n\n<p>Gr\u00e2ce \u00e0 CAP BIOSPACE,&nbsp;<strong class=\"\">des places \u00e9tudiantes gratuites<\/strong>&nbsp;sont disponibles pour vous permettre de :<\/p>\n\n\n\n<div class=\"wp-block-columns are-vertically-aligned-center is-layout-flex wp-container-core-columns-is-layout-28f84493 wp-block-columns-is-layout-flex\">\n<div class=\"wp-block-column is-vertically-aligned-center is-layout-flow wp-block-column-is-layout-flow\" style=\"flex-basis:66.66%\">\n<ul class=\"wp-block-list\">\n<li>D\u00e9couvrir les liens entre technologies spatiales et sant\u00e9 (m\u00e9decine r\u00e9g\u00e9n\u00e9rative, nouvelles th\u00e9rapies, mod\u00e9lisation des maladies, recherche en microgravit\u00e9)<\/li>\n\n\n\n<li>Rencontrer des chercheurs, experts internationaux et acteurs de l\u2019innovation<\/li>\n\n\n\n<li>Participer \u00e0 des conf\u00e9rences, tables rondes et moments de networking<\/li>\n\n\n\n<li>Explorer de nouvelles perspectives pour vos projets d\u2019\u00e9tudes, stages ou carri\u00e8re<\/li>\n<\/ul>\n<\/div>\n\n\n\n<div class=\"wp-block-column is-vertically-aligned-center is-layout-flow wp-block-column-is-layout-flow\" style=\"flex-basis:33.33%\"><div class=\"wp-block-image\">\n<figure class=\"aligncenter size-full is-resized\"><a href=\"https:\/\/www.u-bordeaux.fr\/universite\/notre-strategie\/nos-leviers\/cma-competences-et-metiers-davenir\/biospace-explorer-la-biologie-spatiale-pour-lavenir\" target=\"_blank\" rel=\" noreferrer noopener\"><img loading=\"lazy\" decoding=\"async\" width=\"931\" height=\"556\" src=\"https:\/\/academiespatiale.fr\/wp-content\/uploads\/2026\/03\/CAP-BIOSPACE.png\" alt=\"\" class=\"wp-image-8353\" style=\"width:200px\" srcset=\"https:\/\/academiespatiale.fr\/wp-content\/uploads\/2026\/03\/CAP-BIOSPACE.png 931w, https:\/\/academiespatiale.fr\/wp-content\/uploads\/2026\/03\/CAP-BIOSPACE-300x179.png 300w, https:\/\/academiespatiale.fr\/wp-content\/uploads\/2026\/03\/CAP-BIOSPACE-768x459.png 768w\" sizes=\"auto, (max-width: 931px) 100vw, 931px\" \/><\/a><\/figure>\n<\/div><\/div>\n<\/div>\n\n\n\n<p style=\"border-width:1px;padding-top:var(--wp--preset--spacing--70);padding-right:var(--wp--preset--spacing--70);padding-bottom:var(--wp--preset--spacing--70);padding-left:var(--wp--preset--spacing--70)\">Si vous souhaitez participer \u00e0 ce congr\u00e8s, vous pouvez vous inscrire en envoyant un mail avec nom pr\u00e9nom fili\u00e8re de formation et universit\u00e9 \u00e0&nbsp;<a href=\"mailto:cma.cap.biospace@u-bordeaux.fr\">cma.cap.biospace@u-bordeaux.fr<\/a>&nbsp;<strong class=\"\">avant le 10 mars.<\/strong><\/p>\n\n\n\n<p class=\"has-text-align-left has-background-color-background-color has-background\">Programme et informations d\u2019inscription <br>\u2192 <a href=\"https:\/\/www.healthfromspace.com\/\" target=\"_blank\" rel=\"noreferrer noopener\">https:\/\/www.healthfromspace.com\/<\/a><\/p>\n<\/div><\/div>\n\n\n\t<div  class=\"tribe-block tribe-block__events-link\" >\n\t\t<div class=\"tribe-events tribe-common\">\n\t\t\t<div class=\"tribe-events-c-subscribe-dropdown__container\">\n\t\t\t\t<div class=\"tribe-events-c-subscribe-dropdown\">\n\t\t\t\t\t<div class=\"tribe-common-c-btn-border tribe-events-c-subscribe-dropdown__button\">\n\t\t\t\t\t\t<svg\n\t class=\"tribe-common-c-svgicon tribe-common-c-svgicon--cal-export tribe-events-c-subscribe-dropdown__export-icon\" \taria-hidden=\"true\"\n\tviewBox=\"0 0 23 17\"\n\txmlns=\"http:\/\/www.w3.org\/2000\/svg\"\n>\n\t<path fill-rule=\"evenodd\" clip-rule=\"evenodd\" d=\"M.128.896V16.13c0 .211.145.383.323.383h15.354c.179 0 .323-.172.323-.383V.896c0-.212-.144-.383-.323-.383H.451C.273.513.128.684.128.896Zm16 6.742h-.901V4.679H1.009v10.729h14.218v-3.336h.901V7.638ZM1.01 1.614h14.218v2.058H1.009V1.614Z\" \/>\n\t<path d=\"M20.5 9.846H8.312M18.524 6.953l2.89 2.909-2.855 2.855\" stroke-width=\"1.2\" stroke-linecap=\"round\" stroke-linejoin=\"round\"\/>\n<\/svg>\n\t\t\t\t\t\t<button\n\t\t\t\t\t\t\tclass=\"tribe-events-c-subscribe-dropdown__button-text\"\n\t\t\t\t\t\t\taria-expanded=\"false\"\n\t\t\t\t\t\t\taria-controls=\"tribe-events-subscribe-dropdown-content\"\n\t\t\t\t\t\t\taria-label=\"Afficher les liens permettant d\u2019ajouter des \u00e9v\u00e8nements \u00e0 votre calendrier\"\n\t\t\t\t\t\t>\n\t\t\t\t\t\t\tAjouter au calendrier\t\t\t\t\t\t<\/button>\n\t\t\t\t\t\t<svg\n\t class=\"tribe-common-c-svgicon tribe-common-c-svgicon--caret-down tribe-events-c-subscribe-dropdown__button-icon\" \taria-hidden=\"true\"\n\tviewBox=\"0 0 10 7\"\n\txmlns=\"http:\/\/www.w3.org\/2000\/svg\"\n>\n\t<path fill-rule=\"evenodd\" clip-rule=\"evenodd\" d=\"M1.008.609L5 4.6 8.992.61l.958.958L5 6.517.05 1.566l.958-.958z\" class=\"tribe-common-c-svgicon__svg-fill\"\/>\n<\/svg>\n\t\t\t\t\t<\/div>\n\t\t\t\t\t<div id=\"tribe-events-subscribe-dropdown-content\" class=\"tribe-events-c-subscribe-dropdown__content\">\n\t\t\t\t\t\t<ul class=\"tribe-events-c-subscribe-dropdown__list\">\n\t\t\t\t\t\t\t\t\t\t\t\t\t\t\t<li class=\"tribe-events-c-subscribe-dropdown__list-item tribe-events-c-subscribe-dropdown__list-item--gcal\">\n\t\t\t\t\t\t\t\t\t<a\n\t\t\t\t\t\t\t\t\t\thref=\"https:\/\/www.google.com\/calendar\/event?action=TEMPLATE&#038;dates=20260324T090000\/20260325T170000&#038;text=Congr%C3%A8s%20international%20Health%20from%20Space%20%26%238211%3B%20Places%20%C3%A9tudiantes%20offertes%20par%20CAP%20BIOSPACE&#038;details=%3Cdiv+class%3D%22wp-block-cover+is-light%22+style%3D%22padding-top%3Avar%28--wp--preset--spacing--80%29%3Bpadding-right%3Avar%28--wp--preset--spacing--80%29%3Bpadding-bottom%3Avar%28--wp--preset--spacing--80%29%3Bpadding-left%3Avar%28--wp--preset--spacing--80%29%22%3E%3Cspan+aria-hidden%3D%22true%22+class%3D%22wp-block-cover__background+has-white-background-color+has-background-dim-100+has-background-dim%22%3E%3C%2Fspan%3E%3Cdiv+class%3D%22wp-block-cover__inner-container%22%3E%3Cfigure+class%3D%22wp-block-image+size-full%22%3E%3Ca+href%3D%22https%3A%2F%2Fwww.healthfromspace.com%2F%3Fculture%3Den-GB%22+target%3D%22_blank%22+rel%3D%22+noreferrer+noopener%22%3E%3Cimg+src%3D%22https%3A%2F%2Facademiespatiale.fr%2Fwp-content%2Fuploads%2F2026%2F03%2FHealth-from-space_banniere_2026.png%22+alt%3D%22%22+class%3D%22wp-image-8342%22%2F%3E%3C%2Fa%3E%3C%2Ffigure%3E%3Cfigure+class%3D%22wp-block-image+aligncenter+size-full+is-resized%22%3E%3Cimg+src%3D%22https%3A%2F%2Facademiespatiale.fr%2Fwp-content%2Fuploads%2F2026%2F03%2FHealth-From-Space.png%22+alt%3D%22%22+class%3D%22wp-image-8344%22+style%3D%22width%3A200px%22%2F%3E%3C%2Ffigure%3E%3Cdiv+style%3D%22height%3A20px%22+aria-hidden%3D%22true%22+class%3D%22wp-block-spacer%22%3E%3C%2Fdiv%3E%3Cp%3E%3Cs%3C%2Fp%3E%3C%2Fdiv%3E%3C%2Fdiv%3E%28Voir+toute+la+description+de+%C3%A9v%C3%A8nement+ici%C2%A0%3A+https%3A%2F%2Facademiespatiale.fr%2Findex.php%2Fevent%2Fcongres-international-health-from-space-places-etudiantes-offertes-par-cap-biospace%2F%29&#038;trp=false&#038;ctz=Europe\/Paris&#038;sprop=website:https:\/\/academiespatiale.fr\"\n\t\t\t\t\t\t\t\t\t\tclass=\"tribe-events-c-subscribe-dropdown__list-item-link\"\n\t\t\t\t\t\t\t\t\t\ttarget=\"_blank\"\n\t\t\t\t\t\t\t\t\t\trel=\"noopener noreferrer nofollow noindex\"\n\t\t\t\t\t\t\t\t\t>\n\t\t\t\t\t\t\t\t\t\tGoogle Agenda\t\t\t\t\t\t\t\t\t<\/a>\n\t\t\t\t\t\t\t\t<\/li>\n\t\t\t\t\t\t\t\t\t\t\t\t\t\t\t<li class=\"tribe-events-c-subscribe-dropdown__list-item tribe-events-c-subscribe-dropdown__list-item--ical\">\n\t\t\t\t\t\t\t\t\t<a\n\t\t\t\t\t\t\t\t\t\thref=\"\"\n\t\t\t\t\t\t\t\t\t\tclass=\"tribe-events-c-subscribe-dropdown__list-item-link\"\n\t\t\t\t\t\t\t\t\t\ttarget=\"_blank\"\n\t\t\t\t\t\t\t\t\t\trel=\"noopener noreferrer nofollow noindex\"\n\t\t\t\t\t\t\t\t\t>\n\t\t\t\t\t\t\t\t\t\tiCalendar\t\t\t\t\t\t\t\t\t<\/a>\n\t\t\t\t\t\t\t\t<\/li>\n\t\t\t\t\t\t\t\t\t\t\t\t\t\t\t<li class=\"tribe-events-c-subscribe-dropdown__list-item tribe-events-c-subscribe-dropdown__list-item--outlook-365\">\n\t\t\t\t\t\t\t\t\t<a\n\t\t\t\t\t\t\t\t\t\thref=\"\"\n\t\t\t\t\t\t\t\t\t\tclass=\"tribe-events-c-subscribe-dropdown__list-item-link\"\n\t\t\t\t\t\t\t\t\t\ttarget=\"_blank\"\n\t\t\t\t\t\t\t\t\t\trel=\"noopener noreferrer nofollow noindex\"\n\t\t\t\t\t\t\t\t\t>\n\t\t\t\t\t\t\t\t\t\tOutlook 365\t\t\t\t\t\t\t\t\t<\/a>\n\t\t\t\t\t\t\t\t<\/li>\n\t\t\t\t\t\t\t\t\t\t\t\t\t\t\t<li class=\"tribe-events-c-subscribe-dropdown__list-item tribe-events-c-subscribe-dropdown__list-item--outlook-live\">\n\t\t\t\t\t\t\t\t\t<a\n\t\t\t\t\t\t\t\t\t\thref=\"\"\n\t\t\t\t\t\t\t\t\t\tclass=\"tribe-events-c-subscribe-dropdown__list-item-link\"\n\t\t\t\t\t\t\t\t\t\ttarget=\"_blank\"\n\t\t\t\t\t\t\t\t\t\trel=\"noopener noreferrer nofollow noindex\"\n\t\t\t\t\t\t\t\t\t>\n\t\t\t\t\t\t\t\t\t\tOutlook Live\t\t\t\t\t\t\t\t\t<\/a>\n\t\t\t\t\t\t\t\t<\/li>\n\t\t\t\t\t\t\t\t\t\t\t\t\t<\/ul>\n\t\t\t\t\t<\/div>\n\t\t\t\t<\/div>\n\t\t\t<\/div>\n\t\t<\/div>\n\t<\/div>\n\n","protected":false},"excerpt":{"rendered":"","protected":false},"author":1,"featured_media":8345,"template":"","meta":{"_monsterinsights_skip_tracking":false,"_monsterinsights_sitenote_active":false,"_monsterinsights_sitenote_note":"","_monsterinsights_sitenote_category":0,"_EventAllDay":false,"_EventTimezone":"Europe\/Paris","_EventStartDate":"2026-03-24 09:00:00","_EventEndDate":"2026-03-25 17:00:00","_EventStartDateUTC":"2026-03-24 08:00:00","_EventEndDateUTC":"2026-03-25 16:00:00","_EventShowMap":false,"_EventShowMapLink":false,"_EventURL":"","_EventCost":"","_EventCostDescription":"","_EventCurrencySymbol":"\u20ac","_EventCurrencyCode":"EUR","_EventCurrencyPosition":"suffix","_EventDateTimeSeparator":" : ","_EventTimeRangeSeparator":"-","_EventOrganizerID":[],"_EventVenueID":[],"_OrganizerEmail":"","_OrganizerPhone":"","_OrganizerWebsite":"","_VenueAddress":"","_VenueCity":"","_VenueCountry":"","_VenueProvince":"","_VenueState":"","_VenueZip":"","_VenuePhone":"","_VenueURL":"","_VenueStateProvince":"","_VenueLat":"","_VenueLng":"","_VenueShowMap":false,"_VenueShowMapLink":false,"_tribe_events_status":"","_tribe_events_status_reason":"","footnotes":""},"tags":[],"tribe_events_cat":[],"class_list":["post-8351","tribe_events","type-tribe_events","status-publish","has-post-thumbnail","hentry"],"aioseo_notices":[],"_links":{"self":[{"href":"https:\/\/academiespatiale.fr\/index.php\/wp-json\/wp\/v2\/tribe_events\/8351","targetHints":{"allow":["GET"]}}],"collection":[{"href":"https:\/\/academiespatiale.fr\/index.php\/wp-json\/wp\/v2\/tribe_events"}],"about":[{"href":"https:\/\/academiespatiale.fr\/index.php\/wp-json\/wp\/v2\/types\/tribe_events"}],"author":[{"embeddable":true,"href":"https:\/\/academiespatiale.fr\/index.php\/wp-json\/wp\/v2\/users\/1"}],"version-history":[{"count":2,"href":"https:\/\/academiespatiale.fr\/index.php\/wp-json\/wp\/v2\/tribe_events\/8351\/revisions"}],"predecessor-version":[{"id":8354,"href":"https:\/\/academiespatiale.fr\/index.php\/wp-json\/wp\/v2\/tribe_events\/8351\/revisions\/8354"}],"wp:featuredmedia":[{"embeddable":true,"href":"https:\/\/academiespatiale.fr\/index.php\/wp-json\/wp\/v2\/media\/8345"}],"wp:attachment":[{"href":"https:\/\/academiespatiale.fr\/index.php\/wp-json\/wp\/v2\/media?parent=8351"}],"wp:term":[{"taxonomy":"post_tag","embeddable":true,"href":"https:\/\/academiespatiale.fr\/index.php\/wp-json\/wp\/v2\/tags?post=8351"},{"taxonomy":"tribe_events_cat","embeddable":true,"href":"https:\/\/academiespatiale.fr\/index.php\/wp-json\/wp\/v2\/tribe_events_cat?post=8351"}],"curies":[{"name":"wp","href":"https:\/\/api.w.org\/{rel}","templated":true}]}}