{"id":7654,"date":"2026-01-22T18:03:17","date_gmt":"2026-01-22T17:03:17","guid":{"rendered":"https:\/\/academiespatiale.fr\/?post_type=tribe_events&#038;p=7654"},"modified":"2026-01-22T18:03:18","modified_gmt":"2026-01-22T17:03:18","slug":"seminaire-federation-nanosat-ameliorer-le-succes-des-cubesats-le-role-de-lesa-dans-la-fourniture-dinfrastructures-et-dexpertise-pour-les-essais-des-cubesat","status":"publish","type":"tribe_events","link":"https:\/\/academiespatiale.fr\/index.php\/event\/seminaire-federation-nanosat-ameliorer-le-succes-des-cubesats-le-role-de-lesa-dans-la-fourniture-dinfrastructures-et-dexpertise-pour-les-essais-des-cubesat\/","title":{"rendered":"[S\u00e9minaire] F\u00e9d\u00e9ration Nanosat &#8211; Am\u00e9liorer le succ\u00e8s des CubeSats : le r\u00f4le de l\u2019ESA dans la fourniture d\u2019infrastructures et d\u2019expertise pour les essais des CubeSat"},"content":{"rendered":"<div  class=\"tribe-events-schedule tribe-clearfix\" >\n\t<p class=\"tribe-events-schedule__datetime\">\n\t\t<span class=\"tribe-events-schedule__date tribe-events-schedule__date--start\">\n\t\t\t11 juin\t\t<\/span>\n\n\t\t\t\t\t<span class=\"tribe-events-schedule__separator tribe-events-schedule__separator--date\">\n\t\t\t\t : \t\t\t<\/span>\n\t\t\t<span class=\"tribe-events-schedule__time tribe-events-schedule__time--start\">\n\t\t\t\t8h00\t\t\t<\/span>\n\t\t\n\t\t\t\t\t\t\t\t\t<span class=\"tribe-events-schedule__separator tribe-events-schedule__separator--time\">\n\t\t\t\t\t&#8211;\t\t\t\t<\/span>\n\t\t\t\n\t\t\t\t\t\t\t<span class=\"tribe-events-schedule__time tribe-events-schedule__time--end\">\n\t\t\t\t\t17h00\t\t\t\t<\/span>\n\t\t\t\n\t\t\t\t\t\t<\/p>\n<\/div>\n\n\n\n<div class=\"wp-block-cover is-light\" style=\"padding-top:var(--wp--preset--spacing--80);padding-right:var(--wp--preset--spacing--80);padding-bottom:var(--wp--preset--spacing--80);padding-left:var(--wp--preset--spacing--80)\"><span aria-hidden=\"true\" class=\"wp-block-cover__background has-white-background-color has-background-dim-100 has-background-dim\"><\/span><div class=\"wp-block-cover__inner-container is-layout-constrained wp-container-core-cover-is-layout-10bc4538 wp-block-cover-is-layout-constrained\">\n<div class=\"wp-block-columns has-text-color has-link-color wp-elements-e673af4000d0b3c096a66b181f7b0bbd is-layout-flex wp-container-core-columns-is-layout-deb2fee4 wp-block-columns-is-layout-flex\" style=\"color:#b1b1b1;margin-top:-25px;margin-bottom:20px;padding-top:0;padding-right:0;padding-bottom:0;padding-left:0;font-size:15px\">\n<div class=\"wp-block-column has-text-color has-link-color wp-elements-5a4d4e7b16cdb21f05469acdf2368671 is-layout-flow wp-block-column-is-layout-flow\" style=\"color:#a1a1a1;padding-top:0;padding-bottom:0;font-size:15px;font-style:normal;font-weight:100;flex-basis:100%\"><div class=\"aioseo-breadcrumbs\"><span class=\"aioseo-breadcrumb\">\n\t\t\t<a href=\"https:\/\/academiespatiale.fr\" title=\"Home\">Home<\/a>\n\t\t<\/span><span class=\"aioseo-breadcrumb-separator\">&raquo;<\/span><span class=\"aioseo-breadcrumb\">\n\t\t\t<a href=\"https:\/\/academiespatiale.fr\/index.php\/events\/\" title=\"\u00c9v\u00e8nements\">\u00c9v\u00e8nements<\/a>\n\t\t<\/span><span class=\"aioseo-breadcrumb-separator\">&raquo;<\/span><span class=\"aioseo-breadcrumb\">\n\t\t\t<a href=\"https:\/\/academiespatiale.fr\/index.php\/events\/categorie\/seminaire\/\" title=\"S\u00e9minaire \/ webinaire\">S\u00e9minaire \/ webinaire<\/a>\n\t\t<\/span><span class=\"aioseo-breadcrumb-separator\">&raquo;<\/span><span class=\"aioseo-breadcrumb\">\n\t\t\t[S\u00e9minaire] F\u00e9d\u00e9ration Nanosat \u2013 Am\u00e9liorer le succ\u00e8s des CubeSats : le r\u00f4le de l\u2019ESA dans la fourniture d\u2019infrastructures et d\u2019expertise pour les essais des CubeSat\n\t\t<\/span><\/div><\/div>\n<\/div>\n\n\n\n<p class=\"has-medium-font-size\"><strong><strong>Simone Simonetti<\/strong>, ing\u00e9nieur syst\u00e8me au centre ESA ESTEC aux Pays-Bas, pr\u00e9sentera le jeudi 11 juin 2026 un webinaire intitul\u00e9 : \u00ab\u00a0<strong><strong><strong>[S\u00e9minaire] F\u00e9d\u00e9ration Nanosat &#8211; Am\u00e9liorer le succ\u00e8s des CubeSats : le r\u00f4le de l\u2019ESA dans la fourniture d\u2019infrastructures et d\u2019expertise pour les essais des CubeSat<\/strong><\/strong><\/strong>\u00a0\u00bb<\/strong><\/p>\n\n\n\n<p>Ce s\u00e9minaire est organis\u00e9 par la F\u00e9d\u00e9ration Nanosats dans le cadre de leur nouvelle s\u00e9rie de s\u00e9minaires en ligne enti\u00e8rement d\u00e9di\u00e9e aux projets de nanosatellites scientifiques.<\/p>\n\n\n\n<div class=\"wp-block-columns is-layout-flex wp-container-core-columns-is-layout-28f84493 wp-block-columns-is-layout-flex\">\n<div class=\"wp-block-column is-vertically-aligned-center is-layout-flow wp-block-column-is-layout-flow\">\n<p class=\"has-text-align-center has-medium-font-size\"><strong>INSCRIPTION<\/strong><br>Jeudi 11 juin 2026<\/p>\n\n\n\n<p class=\"has-text-align-center has-medium-font-size\">&gt;&gt;&gt; <a href=\"https:\/\/sites.lesia.obspm.fr\/federation-nanosats\/lancement-des-seminaires-en-ligne-dedies-aux-nanosatellites\/#formulaire\" target=\"_blank\" rel=\"noopener\" title=\"\">Lien d&rsquo;inscription webinaires<\/a> &lt;&lt;&lt;<\/p>\n\n\n\n<p class=\"has-text-align-center\">ATTENTION : une adresse email de votre institution d\u2019appartenance est obligatoire (laboratoire, universit\u00e9, entreprise, etc.). Toute adresse personnelle sera automatiquement retir\u00e9e de la liste.<\/p>\n<\/div>\n\n\n\n<div class=\"wp-block-column is-layout-flow wp-block-column-is-layout-flow\">\n<figure class=\"wp-block-image size-full\"><img loading=\"lazy\" decoding=\"async\" width=\"750\" height=\"500\" src=\"https:\/\/academiespatiale.fr\/wp-content\/uploads\/2026\/01\/Seminaire_Nanosat_Simonetti.png\" alt=\"\" class=\"wp-image-7656\" srcset=\"https:\/\/academiespatiale.fr\/wp-content\/uploads\/2026\/01\/Seminaire_Nanosat_Simonetti.png 750w, https:\/\/academiespatiale.fr\/wp-content\/uploads\/2026\/01\/Seminaire_Nanosat_Simonetti-300x200.png 300w, https:\/\/academiespatiale.fr\/wp-content\/uploads\/2026\/01\/Seminaire_Nanosat_Simonetti-360x240.png 360w\" sizes=\"auto, (max-width: 750px) 100vw, 750px\" \/><\/figure>\n<\/div>\n<\/div>\n\n\n\n<p>ABSTRACT<br>L\u2019Agence spatiale europ\u00e9enne (ESA), principalement par l\u2019interm\u00e9diaire du centre ESTEC et de son r\u00e9seau, fournit un soutien essentiel en mati\u00e8re de v\u00e9rification au sol et de qualification pour les CubeSats, am\u00e9liorant ainsi leur taux de r\u00e9ussite. Cette infrastructure centralis\u00e9e r\u00e9duit consid\u00e9rablement les risques li\u00e9s aux missions des petits satellites et acc\u00e9l\u00e8re leur niveau de maturit\u00e9 technologique (TRL).<\/p>\n\n\n\n<p>Les principaux domaines de soutien d\u00e9taill\u00e9s sont les suivants :<\/p>\n\n\n\n<ul class=\"wp-block-list\">\n<li>Essais environnementaux : acc\u00e8s aux installations de l\u2019ESTEC, telles que les grandes chambres thermiques sous vide (TVAC), les chambres de vibration et acoustiques, ainsi que les salles blanches sp\u00e9cialis\u00e9es, pour la v\u00e9rification au niveau du syst\u00e8me.<\/li>\n\n\n\n<li>Essais CEM\/Gauss : utilisation des installations blind\u00e9es de l\u2019ESTEC pour une conformit\u00e9 rigoureuse aux normes de compatibilit\u00e9 \u00e9lectromagn\u00e9tique (CEM) et de d\u00e9charge \u00e9lectrostatique (ESD), essentielles pour la propret\u00e9 magn\u00e9tique et les performances des capteurs d\u2019attitude.<\/li>\n\n\n\n<li>Banc d\u2019essai du syst\u00e8me de d\u00e9termination et de contr\u00f4le d\u2019attitude (ADCS) : mise \u00e0 disposition du banc d\u2019essai ADCS de l\u2019ESTEC, \u00e9quip\u00e9 d\u2019une plate-forme \u00e0 coussin d\u2019air, pour simuler la microgravit\u00e9 et le champ magn\u00e9tique terrestre afin de r\u00e9aliser des essais dynamiques en boucle ferm\u00e9e des algorithmes et des composants ADCS.<\/li>\n\n\n\n<li>Assurance de la r\u00e9sistance aux rayonnements (RHA) : l\u2019ESA coordonne l\u2019acc\u00e8s aux installations d\u2019irradiation par protons et ions lourds, y compris le soutien \u00e0 la d\u00e9capsulation au niveau des composants (\u00ab delidding \u00bb) des pi\u00e8ces COTS pour la qualification dans l\u2019environnement de rayonnement spatial.<\/li>\n\n\n\n<li>Caract\u00e9risation des syst\u00e8mes de propulsion : acc\u00e8s aux installations de l\u2019ESTEC pour effectuer des essais de syst\u00e8mes de propulsion \u00e9lectriques et chimiques dans des chambres \u00e0 vide et caract\u00e9riser les effets de couplage des plateformes.<\/li>\n<\/ul>\n\n\n\n<p>Le cadre de l\u2019ESA offre un service essentiel de bout en bout qui favorise l\u2019innovation dans le domaine des petits satellites.<\/p>\n\n\n\n<p class=\"has-text-color has-link-color wp-elements-50a1bb0b6e146ba313fb3ddc569fafa8\" style=\"color:#489ef9\"><strong>Simone Simonetti, ESA<\/strong><br><em>est ing\u00e9nieur syst\u00e8me au centre ESA ESTEC aux Pays-Bas, specialis\u00e9 dans les nanosatellites et missions deep space. Il dirige plusieurs projets cl\u00e9s dans le domaine de la technologie des petits satellites au sein de la division TEC-SIU de l\u2019ESA.<\/em><\/p>\n\n\n\n<p class=\"has-text-align-left has-background-color-background-color has-background\">Voir tous les webinaires <br>\u2192 <a href=\"https:\/\/academiespatiale.fr\/index.php\/2025\/10\/29\/lfederation-nanosats-webinaires_2025-2026\/\" target=\"_blank\" rel=\"noopener\" title=\"\">La F\u00e9d\u00e9ration Nanosats organise une s\u00e9rie de Webinaires sur le NewSpace et les Nanosats &#8211; Acad\u00e9mie Spatiale d&rsquo;\u00cele-de-France<\/a><br><br>Site officiel<br>\u2192 <a href=\"https:\/\/sites.lesia.obspm.fr\/federation-nanosats\/lancement-des-seminaires-en-ligne-dedies-aux-nanosatellites\/\" target=\"_blank\" rel=\"noopener\" title=\"\">Lancement des s\u00e9minaires en ligne d\u00e9di\u00e9s aux nanosatellites &#8211; F\u00e9d\u00e9ration Nanosats<\/a><\/p>\n<\/div><\/div>\n\n\n\t<div  class=\"tribe-block tribe-block__events-link\" >\n\t\t<div class=\"tribe-events tribe-common\">\n\t\t\t<div class=\"tribe-events-c-subscribe-dropdown__container\">\n\t\t\t\t<div class=\"tribe-events-c-subscribe-dropdown\">\n\t\t\t\t\t<div class=\"tribe-common-c-btn-border tribe-events-c-subscribe-dropdown__button\">\n\t\t\t\t\t\t<svg\n\t class=\"tribe-common-c-svgicon tribe-common-c-svgicon--cal-export tribe-events-c-subscribe-dropdown__export-icon\" \taria-hidden=\"true\"\n\tviewBox=\"0 0 23 17\"\n\txmlns=\"http:\/\/www.w3.org\/2000\/svg\"\n>\n\t<path fill-rule=\"evenodd\" clip-rule=\"evenodd\" d=\"M.128.896V16.13c0 .211.145.383.323.383h15.354c.179 0 .323-.172.323-.383V.896c0-.212-.144-.383-.323-.383H.451C.273.513.128.684.128.896Zm16 6.742h-.901V4.679H1.009v10.729h14.218v-3.336h.901V7.638ZM1.01 1.614h14.218v2.058H1.009V1.614Z\" \/>\n\t<path d=\"M20.5 9.846H8.312M18.524 6.953l2.89 2.909-2.855 2.855\" stroke-width=\"1.2\" stroke-linecap=\"round\" stroke-linejoin=\"round\"\/>\n<\/svg>\n\t\t\t\t\t\t<button\n\t\t\t\t\t\t\tclass=\"tribe-events-c-subscribe-dropdown__button-text\"\n\t\t\t\t\t\t\taria-expanded=\"false\"\n\t\t\t\t\t\t\taria-controls=\"tribe-events-subscribe-dropdown-content\"\n\t\t\t\t\t\t\taria-label=\"Afficher les liens permettant d\u2019ajouter des \u00e9v\u00e8nements \u00e0 votre calendrier\"\n\t\t\t\t\t\t>\n\t\t\t\t\t\t\tAjouter au calendrier\t\t\t\t\t\t<\/button>\n\t\t\t\t\t\t<svg\n\t class=\"tribe-common-c-svgicon tribe-common-c-svgicon--caret-down tribe-events-c-subscribe-dropdown__button-icon\" \taria-hidden=\"true\"\n\tviewBox=\"0 0 10 7\"\n\txmlns=\"http:\/\/www.w3.org\/2000\/svg\"\n>\n\t<path fill-rule=\"evenodd\" clip-rule=\"evenodd\" d=\"M1.008.609L5 4.6 8.992.61l.958.958L5 6.517.05 1.566l.958-.958z\" class=\"tribe-common-c-svgicon__svg-fill\"\/>\n<\/svg>\n\t\t\t\t\t<\/div>\n\t\t\t\t\t<div id=\"tribe-events-subscribe-dropdown-content\" class=\"tribe-events-c-subscribe-dropdown__content\">\n\t\t\t\t\t\t<ul class=\"tribe-events-c-subscribe-dropdown__list\">\n\t\t\t\t\t\t\t\t\t\t\t\t\t\t\t<li class=\"tribe-events-c-subscribe-dropdown__list-item tribe-events-c-subscribe-dropdown__list-item--gcal\">\n\t\t\t\t\t\t\t\t\t<a\n\t\t\t\t\t\t\t\t\t\thref=\"https:\/\/www.google.com\/calendar\/event?action=TEMPLATE&#038;dates=20260611T080000\/20260611T170000&#038;text=%5BS%C3%A9minaire%5D%20F%C3%A9d%C3%A9ration%20Nanosat%20%26%238211%3B%20Am%C3%A9liorer%20le%20succ%C3%A8s%20des%20CubeSats%20%3A%20le%20r%C3%B4le%20de%20l%E2%80%99ESA%20dans%20la%20fourniture%20d%E2%80%99infrastructures%20et%20d%E2%80%99expertise%20pour%20les%20essais%20des%20CubeSat&#038;details=%3Cdiv+class%3D%22wp-block-cover+is-light%22+style%3D%22padding-top%3Avar%28--wp--preset--spacing--80%29%3Bpadding-right%3Avar%28--wp--preset--spacing--80%29%3Bpadding-bottom%3Avar%28--wp--preset--spacing--80%29%3Bpadding-left%3Avar%28--wp--preset--spacing--80%29%22%3E%3Cspan+aria-hidden%3D%22true%22+class%3D%22wp-block-cover__background+has-white-background-color+has-background-dim-100+has-background-dim%22%3E%3C%2Fspan%3E%3Cdiv+class%3D%22wp-block-cover__inner-container%22%3E%3Cp+class%3D%22has-medium-font-size%22%3E%3Cstrong%3E%3C%2Fstrong%3E%3Cstrong%3ESimone+Simonetti%3C%2Fstrong%3E%2C+ing%C3%A9nieur+syst%C3%A8me+au+centre+ESA+ESTEC+aux+Pays-Bas%2C+pr%C3%A9sentera+le+jeudi+11+juin+2026+un+webinaire+intitul%C3%A9+%3A+%C2%AB%C2%A0%3Cstrong%3E%3C%2Fstrong%3E%3Cstrong%3E%3C%2Fstrong%3E%3Cstrong%3E%5BS%C3%A9minaire%5D+F%C3%A9d%C3%A9ration+Nanosat+-+Am%C3%A9liorer+le+succ%C3%A8s+des+CubeSats+%3A+le+r%C3%B4le+de+l%E2%80%99ESA+dans+la+fourniture+d%E2%80%99infrastructures+et+d%E2%80%99expertise+pour+les+essais+des+CubeSat%3C%2Fstrong%3E%C2%A0%C2%BB%3C%2Fp%3E+%3Cp%3ECe+s%C3%A9minaire+est+organis%C3%A9+par+la+F%C3%A9d%C3%A9ration+Nanosats+dans+le+cadre+de+leur+nouvelle+s%C3%A9rie+de+s%C3%A9minaires+en+ligne+enti%C3%A8rement+d%C3%A9di%C3%A9e+a%3C%2Fp%3E%3C%2Fdiv%3E%3C%2Fdiv%3E%28Voir+toute+la+description+de+%C3%A9v%C3%A8nement+ici%C2%A0%3A+https%3A%2F%2Facademiespatiale.fr%2Findex.php%2Fevent%2Fseminaire-federation-nanosat-ameliorer-le-succes-des-cubesats-le-role-de-lesa-dans-la-fourniture-dinfrastructures-et-dexpertise-pour-les-essais-des-cubesat%2F%29&#038;trp=false&#038;ctz=Europe\/Paris&#038;sprop=website:https:\/\/academiespatiale.fr\"\n\t\t\t\t\t\t\t\t\t\tclass=\"tribe-events-c-subscribe-dropdown__list-item-link\"\n\t\t\t\t\t\t\t\t\t\ttarget=\"_blank\"\n\t\t\t\t\t\t\t\t\t\trel=\"noopener noreferrer nofollow noindex\"\n\t\t\t\t\t\t\t\t\t>\n\t\t\t\t\t\t\t\t\t\tGoogle Agenda\t\t\t\t\t\t\t\t\t<\/a>\n\t\t\t\t\t\t\t\t<\/li>\n\t\t\t\t\t\t\t\t\t\t\t\t\t\t\t<li class=\"tribe-events-c-subscribe-dropdown__list-item tribe-events-c-subscribe-dropdown__list-item--ical\">\n\t\t\t\t\t\t\t\t\t<a\n\t\t\t\t\t\t\t\t\t\thref=\"\"\n\t\t\t\t\t\t\t\t\t\tclass=\"tribe-events-c-subscribe-dropdown__list-item-link\"\n\t\t\t\t\t\t\t\t\t\ttarget=\"_blank\"\n\t\t\t\t\t\t\t\t\t\trel=\"noopener noreferrer nofollow noindex\"\n\t\t\t\t\t\t\t\t\t>\n\t\t\t\t\t\t\t\t\t\tiCalendar\t\t\t\t\t\t\t\t\t<\/a>\n\t\t\t\t\t\t\t\t<\/li>\n\t\t\t\t\t\t\t\t\t\t\t\t\t\t\t<li class=\"tribe-events-c-subscribe-dropdown__list-item tribe-events-c-subscribe-dropdown__list-item--outlook-365\">\n\t\t\t\t\t\t\t\t\t<a\n\t\t\t\t\t\t\t\t\t\thref=\"\"\n\t\t\t\t\t\t\t\t\t\tclass=\"tribe-events-c-subscribe-dropdown__list-item-link\"\n\t\t\t\t\t\t\t\t\t\ttarget=\"_blank\"\n\t\t\t\t\t\t\t\t\t\trel=\"noopener noreferrer nofollow noindex\"\n\t\t\t\t\t\t\t\t\t>\n\t\t\t\t\t\t\t\t\t\tOutlook 365\t\t\t\t\t\t\t\t\t<\/a>\n\t\t\t\t\t\t\t\t<\/li>\n\t\t\t\t\t\t\t\t\t\t\t\t\t\t\t<li class=\"tribe-events-c-subscribe-dropdown__list-item tribe-events-c-subscribe-dropdown__list-item--outlook-live\">\n\t\t\t\t\t\t\t\t\t<a\n\t\t\t\t\t\t\t\t\t\thref=\"\"\n\t\t\t\t\t\t\t\t\t\tclass=\"tribe-events-c-subscribe-dropdown__list-item-link\"\n\t\t\t\t\t\t\t\t\t\ttarget=\"_blank\"\n\t\t\t\t\t\t\t\t\t\trel=\"noopener noreferrer nofollow noindex\"\n\t\t\t\t\t\t\t\t\t>\n\t\t\t\t\t\t\t\t\t\tOutlook Live\t\t\t\t\t\t\t\t\t<\/a>\n\t\t\t\t\t\t\t\t<\/li>\n\t\t\t\t\t\t\t\t\t\t\t\t\t<\/ul>\n\t\t\t\t\t<\/div>\n\t\t\t\t<\/div>\n\t\t\t<\/div>\n\t\t<\/div>\n\t<\/div>\n\n","protected":false},"excerpt":{"rendered":"","protected":false},"author":1,"featured_media":7656,"template":"","meta":{"_monsterinsights_skip_tracking":false,"_monsterinsights_sitenote_active":false,"_monsterinsights_sitenote_note":"","_monsterinsights_sitenote_category":0,"_EventAllDay":false,"_EventTimezone":"Europe\/Paris","_EventStartDate":"2026-06-11 08:00:00","_EventEndDate":"2026-06-11 17:00:00","_EventStartDateUTC":"2026-06-11 06:00:00","_EventEndDateUTC":"2026-06-11 15:00:00","_EventShowMap":false,"_EventShowMapLink":false,"_EventURL":"","_EventCost":"","_EventCostDescription":"","_EventCurrencySymbol":"\u20ac","_EventCurrencyCode":"EUR","_EventCurrencyPosition":"suffix","_EventDateTimeSeparator":" : ","_EventTimeRangeSeparator":"-","_EventOrganizerID":[],"_EventVenueID":[],"_OrganizerEmail":"","_OrganizerPhone":"","_OrganizerWebsite":"","_VenueAddress":"","_VenueCity":"","_VenueCountry":"","_VenueProvince":"","_VenueState":"","_VenueZip":"","_VenuePhone":"","_VenueURL":"","_VenueStateProvince":"","_VenueLat":"","_VenueLng":"","_VenueShowMap":false,"_VenueShowMapLink":false,"_tribe_events_status":"","_tribe_events_status_reason":"","footnotes":""},"tags":[],"tribe_events_cat":[38],"class_list":["post-7654","tribe_events","type-tribe_events","status-publish","has-post-thumbnail","hentry","tribe_events_cat-seminaire","cat_seminaire"],"aioseo_notices":[],"_links":{"self":[{"href":"https:\/\/academiespatiale.fr\/index.php\/wp-json\/wp\/v2\/tribe_events\/7654","targetHints":{"allow":["GET"]}}],"collection":[{"href":"https:\/\/academiespatiale.fr\/index.php\/wp-json\/wp\/v2\/tribe_events"}],"about":[{"href":"https:\/\/academiespatiale.fr\/index.php\/wp-json\/wp\/v2\/types\/tribe_events"}],"author":[{"embeddable":true,"href":"https:\/\/academiespatiale.fr\/index.php\/wp-json\/wp\/v2\/users\/1"}],"version-history":[{"count":2,"href":"https:\/\/academiespatiale.fr\/index.php\/wp-json\/wp\/v2\/tribe_events\/7654\/revisions"}],"predecessor-version":[{"id":7657,"href":"https:\/\/academiespatiale.fr\/index.php\/wp-json\/wp\/v2\/tribe_events\/7654\/revisions\/7657"}],"wp:featuredmedia":[{"embeddable":true,"href":"https:\/\/academiespatiale.fr\/index.php\/wp-json\/wp\/v2\/media\/7656"}],"wp:attachment":[{"href":"https:\/\/academiespatiale.fr\/index.php\/wp-json\/wp\/v2\/media?parent=7654"}],"wp:term":[{"taxonomy":"post_tag","embeddable":true,"href":"https:\/\/academiespatiale.fr\/index.php\/wp-json\/wp\/v2\/tags?post=7654"},{"taxonomy":"tribe_events_cat","embeddable":true,"href":"https:\/\/academiespatiale.fr\/index.php\/wp-json\/wp\/v2\/tribe_events_cat?post=7654"}],"curies":[{"name":"wp","href":"https:\/\/api.w.org\/{rel}","templated":true}]}}