{"id":7642,"date":"2026-01-22T17:44:56","date_gmt":"2026-01-22T16:44:56","guid":{"rendered":"https:\/\/academiespatiale.fr\/?post_type=tribe_events&#038;p=7642"},"modified":"2026-01-22T17:50:54","modified_gmt":"2026-01-22T16:50:54","slug":"webinaire-federation-nanosats-swing-meteo-de-lespace-et-ionosphere-une-generation-de-nanosats","status":"publish","type":"tribe_events","link":"https:\/\/academiespatiale.fr\/index.php\/event\/webinaire-federation-nanosats-swing-meteo-de-lespace-et-ionosphere-une-generation-de-nanosats\/","title":{"rendered":"[Webinaire] F\u00e9d\u00e9ration Nanosats \u2013 SWING, M\u00e9t\u00e9o de l\u2019espace et ionosph\u00e8re : une g\u00e9n\u00e9ration de nanosats"},"content":{"rendered":"<div  class=\"tribe-events-schedule tribe-clearfix\" >\n\t<p class=\"tribe-events-schedule__datetime\">\n\t\t<span class=\"tribe-events-schedule__date tribe-events-schedule__date--start\">\n\t\t\t9 avril\t\t<\/span>\n\n\t\t\t\t\t<span class=\"tribe-events-schedule__separator tribe-events-schedule__separator--date\">\n\t\t\t\t : \t\t\t<\/span>\n\t\t\t<span class=\"tribe-events-schedule__time tribe-events-schedule__time--start\">\n\t\t\t\t8h00\t\t\t<\/span>\n\t\t\n\t\t\t\t\t\t\t\t\t<span class=\"tribe-events-schedule__separator tribe-events-schedule__separator--time\">\n\t\t\t\t\t&#8211;\t\t\t\t<\/span>\n\t\t\t\n\t\t\t\t\t\t\t<span class=\"tribe-events-schedule__time tribe-events-schedule__time--end\">\n\t\t\t\t\t17h00\t\t\t\t<\/span>\n\t\t\t\n\t\t\t\t\t\t<\/p>\n<\/div>\n\n\n\n<div class=\"wp-block-cover is-light\" style=\"padding-top:var(--wp--preset--spacing--80);padding-right:var(--wp--preset--spacing--80);padding-bottom:var(--wp--preset--spacing--80);padding-left:var(--wp--preset--spacing--80)\"><span aria-hidden=\"true\" class=\"wp-block-cover__background has-white-background-color has-background-dim-100 has-background-dim\"><\/span><div class=\"wp-block-cover__inner-container is-layout-constrained wp-container-core-cover-is-layout-10bc4538 wp-block-cover-is-layout-constrained\">\n<div class=\"wp-block-columns has-text-color has-link-color wp-elements-e673af4000d0b3c096a66b181f7b0bbd is-layout-flex wp-container-core-columns-is-layout-deb2fee4 wp-block-columns-is-layout-flex\" style=\"color:#b1b1b1;margin-top:-25px;margin-bottom:20px;padding-top:0;padding-right:0;padding-bottom:0;padding-left:0;font-size:15px\">\n<div class=\"wp-block-column has-text-color has-link-color wp-elements-5a4d4e7b16cdb21f05469acdf2368671 is-layout-flow wp-block-column-is-layout-flow\" style=\"color:#a1a1a1;padding-top:0;padding-bottom:0;font-size:15px;font-style:normal;font-weight:100;flex-basis:100%\"><div class=\"aioseo-breadcrumbs\"><span class=\"aioseo-breadcrumb\">\n\t\t\t<a href=\"https:\/\/academiespatiale.fr\" title=\"Home\">Home<\/a>\n\t\t<\/span><span class=\"aioseo-breadcrumb-separator\">&raquo;<\/span><span class=\"aioseo-breadcrumb\">\n\t\t\t<a href=\"https:\/\/academiespatiale.fr\/index.php\/events\/\" title=\"\u00c9v\u00e8nements\">\u00c9v\u00e8nements<\/a>\n\t\t<\/span><span class=\"aioseo-breadcrumb-separator\">&raquo;<\/span><span class=\"aioseo-breadcrumb\">\n\t\t\t<a href=\"https:\/\/academiespatiale.fr\/index.php\/events\/categorie\/seminaire\/\" title=\"S\u00e9minaire \/ webinaire\">S\u00e9minaire \/ webinaire<\/a>\n\t\t<\/span><span class=\"aioseo-breadcrumb-separator\">&raquo;<\/span><span class=\"aioseo-breadcrumb\">\n\t\t\t[Webinaire] F\u00e9d\u00e9ration Nanosats \u2013 SWING, M\u00e9t\u00e9o de l\u2019espace et ionosph\u00e8re : une g\u00e9n\u00e9ration de nanosats\n\t\t<\/span><\/div><\/div>\n<\/div>\n\n\n\n<p class=\"has-medium-font-size\"><strong>Pierre-Yves Guidotti, ing\u00e9nieur en chef Hemeria, pr\u00e9sentera le jeudi 9 avril 2026 un webinaire intitul\u00e9 : \u00ab\u00a0<strong><strong><strong>SWING \u2013 M\u00e9t\u00e9o de l\u2019espace et ionosph\u00e8re : une g\u00e9n\u00e9ration de nanosats<\/strong><\/strong><\/strong>\u00a0\u00bb<\/strong><\/p>\n\n\n\n<p>Ce s\u00e9minaire est organis\u00e9 par la F\u00e9d\u00e9ration Nanosats dans le cadre de leur nouvelle s\u00e9rie de s\u00e9minaires en ligne enti\u00e8rement d\u00e9di\u00e9e aux projets de nanosatellites scientifiques.<\/p>\n\n\n\n<div class=\"wp-block-columns is-layout-flex wp-container-core-columns-is-layout-28f84493 wp-block-columns-is-layout-flex\">\n<div class=\"wp-block-column is-vertically-aligned-center is-layout-flow wp-block-column-is-layout-flow\">\n<p class=\"has-text-align-center has-medium-font-size\"><strong>INSCRIPTION<\/strong><br>Jeudi 9 avril 2026<\/p>\n\n\n\n<p class=\"has-text-align-center has-medium-font-size\">&gt;&gt;&gt; <a href=\"https:\/\/sites.lesia.obspm.fr\/federation-nanosats\/lancement-des-seminaires-en-ligne-dedies-aux-nanosatellites\/#formulaire\" target=\"_blank\" rel=\"noopener\" title=\"\">Lien d&rsquo;inscription webinaires<\/a> &lt;&lt;&lt;<\/p>\n\n\n\n<p class=\"has-text-align-center\">ATTENTION : une adresse email de votre institution d\u2019appartenance est obligatoire (laboratoire, universit\u00e9, entreprise, etc.). Toute adresse personnelle sera automatiquement retir\u00e9e de la liste.<\/p>\n<\/div>\n\n\n\n<div class=\"wp-block-column is-layout-flow wp-block-column-is-layout-flow\">\n<figure class=\"wp-block-image size-full\"><img loading=\"lazy\" decoding=\"async\" width=\"750\" height=\"500\" src=\"https:\/\/academiespatiale.fr\/wp-content\/uploads\/2026\/01\/Seminaire_Nanosat_Guidotti.png\" alt=\"\" class=\"wp-image-7643\" srcset=\"https:\/\/academiespatiale.fr\/wp-content\/uploads\/2026\/01\/Seminaire_Nanosat_Guidotti.png 750w, https:\/\/academiespatiale.fr\/wp-content\/uploads\/2026\/01\/Seminaire_Nanosat_Guidotti-300x200.png 300w, https:\/\/academiespatiale.fr\/wp-content\/uploads\/2026\/01\/Seminaire_Nanosat_Guidotti-360x240.png 360w\" sizes=\"auto, (max-width: 750px) 100vw, 750px\" \/><\/figure>\n<\/div>\n<\/div>\n\n\n\n<p>ABSTRACT<br>Le webinaire pr\u00e9sentera les satellites Hemeria, en mettant l\u2019accent sur SWING : Space Weather and Ionosphere, la g\u00e9n\u00e9ration Nanosat.<br>S\u2019appuyant sur ANGELS, une plateforme 12U qui a fait ses preuves pendant cinq ans de mission \u00e0 haute disponibilit\u00e9, et sur Kineis, une constellation IoT de 25 satellites d\u00e9montrant un syst\u00e8me tr\u00e8s efficace de 30 kg, Hemeria d\u00e9veloppe actuellement des plateformes GEO et d\u2019observation de la Terre plus grandes.<br>SWING h\u00e9rite de Kineis et transporte quatre charges utiles au service de l\u2019ESA et de la communaut\u00e9 m\u00e9t\u00e9orologique spatiale. \u00c0 partir de 30 exigences de mission, Hemeria et son consortium con\u00e7oivent un satellite et un syst\u00e8me complets pour fournir des produits L1 sur le flux de rayons X solaires, la densit\u00e9 et la temp\u00e9rature \u00e9lectroniques, les flux de particules \u00e0 haute \u00e9nergie et le sondage ionosph\u00e9rique via l\u2019occultation radio GNSS. Le lancement est pr\u00e9vu pour mars 2027.<br>Le webinaire d\u00e9taillera le contexte du projet, les instruments et le concept du syst\u00e8me garantissant une latence de 30 \u00e0 60 minutes et une haute disponibilit\u00e9.<br>Il pr\u00e9sentera enfin la future constellation m\u00e9t\u00e9orologique spatiale inspir\u00e9e par SWING.<\/p>\n\n\n\n<p class=\"has-text-color has-link-color wp-elements-345f73456a1666c3166bed4b36328236\" style=\"color:#489ef9\"><strong>Pierre-Yves Guidotti, Hemeria<\/strong><br>Ing\u00e9nieur en chef chez Hemeria pour les nanosatellites depuis 2023. Il a \u00e9t\u00e9 architecte satellite pour les 25 satellites Kineis et est d\u00e9sormais responsable du projet SWING pour l\u2019ESA. Il poss\u00e8de 20 ans d\u2019exp\u00e9rience en GNC et en syst\u00e8mes au CNES, puis en tant que responsable des \u00e9tudes avanc\u00e9es chez Airbus DS.<\/p>\n\n\n\n<p class=\"has-text-align-left has-background-color-background-color has-background\">Voir tous les webinaires <br>\u2192 <a href=\"https:\/\/academiespatiale.fr\/index.php\/2025\/10\/29\/lfederation-nanosats-webinaires_2025-2026\/\" target=\"_blank\" rel=\"noopener\" title=\"\">La F\u00e9d\u00e9ration Nanosats organise une s\u00e9rie de Webinaires sur le NewSpace et les Nanosats &#8211; Acad\u00e9mie Spatiale d&rsquo;\u00cele-de-France<\/a><br><br>Site officiel<br>\u2192 <a href=\"https:\/\/sites.lesia.obspm.fr\/federation-nanosats\/lancement-des-seminaires-en-ligne-dedies-aux-nanosatellites\/\" target=\"_blank\" rel=\"noopener\" title=\"\">Lancement des s\u00e9minaires en ligne d\u00e9di\u00e9s aux nanosatellites &#8211; F\u00e9d\u00e9ration Nanosats<\/a><\/p>\n<\/div><\/div>\n\n\n\t<div  class=\"tribe-block tribe-block__events-link\" >\n\t\t<div class=\"tribe-events tribe-common\">\n\t\t\t<div class=\"tribe-events-c-subscribe-dropdown__container\">\n\t\t\t\t<div class=\"tribe-events-c-subscribe-dropdown\">\n\t\t\t\t\t<div class=\"tribe-common-c-btn-border tribe-events-c-subscribe-dropdown__button\">\n\t\t\t\t\t\t<svg\n\t class=\"tribe-common-c-svgicon tribe-common-c-svgicon--cal-export tribe-events-c-subscribe-dropdown__export-icon\" \taria-hidden=\"true\"\n\tviewBox=\"0 0 23 17\"\n\txmlns=\"http:\/\/www.w3.org\/2000\/svg\"\n>\n\t<path fill-rule=\"evenodd\" clip-rule=\"evenodd\" d=\"M.128.896V16.13c0 .211.145.383.323.383h15.354c.179 0 .323-.172.323-.383V.896c0-.212-.144-.383-.323-.383H.451C.273.513.128.684.128.896Zm16 6.742h-.901V4.679H1.009v10.729h14.218v-3.336h.901V7.638ZM1.01 1.614h14.218v2.058H1.009V1.614Z\" \/>\n\t<path d=\"M20.5 9.846H8.312M18.524 6.953l2.89 2.909-2.855 2.855\" stroke-width=\"1.2\" stroke-linecap=\"round\" stroke-linejoin=\"round\"\/>\n<\/svg>\n\t\t\t\t\t\t<button\n\t\t\t\t\t\t\tclass=\"tribe-events-c-subscribe-dropdown__button-text\"\n\t\t\t\t\t\t\taria-expanded=\"false\"\n\t\t\t\t\t\t\taria-controls=\"tribe-events-subscribe-dropdown-content\"\n\t\t\t\t\t\t\taria-label=\"Afficher les liens permettant d\u2019ajouter des \u00e9v\u00e8nements \u00e0 votre calendrier\"\n\t\t\t\t\t\t>\n\t\t\t\t\t\t\tAjouter au calendrier\t\t\t\t\t\t<\/button>\n\t\t\t\t\t\t<svg\n\t class=\"tribe-common-c-svgicon tribe-common-c-svgicon--caret-down tribe-events-c-subscribe-dropdown__button-icon\" \taria-hidden=\"true\"\n\tviewBox=\"0 0 10 7\"\n\txmlns=\"http:\/\/www.w3.org\/2000\/svg\"\n>\n\t<path fill-rule=\"evenodd\" clip-rule=\"evenodd\" d=\"M1.008.609L5 4.6 8.992.61l.958.958L5 6.517.05 1.566l.958-.958z\" class=\"tribe-common-c-svgicon__svg-fill\"\/>\n<\/svg>\n\t\t\t\t\t<\/div>\n\t\t\t\t\t<div id=\"tribe-events-subscribe-dropdown-content\" class=\"tribe-events-c-subscribe-dropdown__content\">\n\t\t\t\t\t\t<ul class=\"tribe-events-c-subscribe-dropdown__list\">\n\t\t\t\t\t\t\t\t\t\t\t\t\t\t\t<li class=\"tribe-events-c-subscribe-dropdown__list-item tribe-events-c-subscribe-dropdown__list-item--gcal\">\n\t\t\t\t\t\t\t\t\t<a\n\t\t\t\t\t\t\t\t\t\thref=\"https:\/\/www.google.com\/calendar\/event?action=TEMPLATE&#038;dates=20260409T080000\/20260409T170000&#038;text=%5BWebinaire%5D%20F%C3%A9d%C3%A9ration%20Nanosats%20%E2%80%93%20SWING%2C%20M%C3%A9t%C3%A9o%20de%20l%E2%80%99espace%20et%20ionosph%C3%A8re%20%3A%20une%20g%C3%A9n%C3%A9ration%20de%20nanosats&#038;details=%3Cdiv+class%3D%22wp-block-cover+is-light%22+style%3D%22padding-top%3Avar%28--wp--preset--spacing--80%29%3Bpadding-right%3Avar%28--wp--preset--spacing--80%29%3Bpadding-bottom%3Avar%28--wp--preset--spacing--80%29%3Bpadding-left%3Avar%28--wp--preset--spacing--80%29%22%3E%3Cspan+aria-hidden%3D%22true%22+class%3D%22wp-block-cover__background+has-white-background-color+has-background-dim-100+has-background-dim%22%3E%3C%2Fspan%3E%3Cdiv+class%3D%22wp-block-cover__inner-container%22%3E%3Cp+class%3D%22has-medium-font-size%22%3E%3Cstrong%3EPierre-Yves+Guidotti%2C+ing%C3%A9nieur+en+chef+Hemeria%2C+pr%C3%A9sentera+le+jeudi+9+avril+2026+un+webinaire+intitul%C3%A9+%3A+%C2%AB%C2%A0%3C%2Fstrong%3E%3Cstrong%3E%3C%2Fstrong%3E%3Cstrong%3E%3C%2Fstrong%3E%3Cstrong%3ESWING+%E2%80%93+M%C3%A9t%C3%A9o+de+l%E2%80%99espace+et+ionosph%C3%A8re+%3A+une+g%C3%A9n%C3%A9ration+de+nanosats%3C%2Fstrong%3E%C2%A0%C2%BB%3C%2Fp%3E+%3Cp%3ECe+s%C3%A9minaire+est+organis%C3%A9+par+la+F%C3%A9d%C3%A9ration+Nanosats+dans+le+cadre+de+leur+nouvelle+s%C3%A9rie+de+s%C3%A9minaires+en+ligne+enti%C3%A8rement+d%C3%A9di%C3%A9e+aux+projets+de+nanosatellites+scientifiques.%3C%2Fp%3E+%3Cdiv+class%3D%22wp-block-columns%22%3E%3Cdiv+class%3D%22wp-block-column+is-vertically-aligned-cente%3C%2Fdiv%3E%3C%2Fdiv%3E%3C%2Fdiv%3E%28Voir+toute+la+description+de+%C3%A9v%C3%A8nement+ici%C2%A0%3A+https%3A%2F%2Facademiespatiale.fr%2Findex.php%2Fevent%2Fwebinaire-federation-nanosats-swing-meteo-de-lespace-et-ionosphere-une-generation-de-nanosats%2F%29&#038;trp=false&#038;ctz=Europe\/Paris&#038;sprop=website:https:\/\/academiespatiale.fr\"\n\t\t\t\t\t\t\t\t\t\tclass=\"tribe-events-c-subscribe-dropdown__list-item-link\"\n\t\t\t\t\t\t\t\t\t\ttarget=\"_blank\"\n\t\t\t\t\t\t\t\t\t\trel=\"noopener noreferrer nofollow noindex\"\n\t\t\t\t\t\t\t\t\t>\n\t\t\t\t\t\t\t\t\t\tGoogle Agenda\t\t\t\t\t\t\t\t\t<\/a>\n\t\t\t\t\t\t\t\t<\/li>\n\t\t\t\t\t\t\t\t\t\t\t\t\t\t\t<li class=\"tribe-events-c-subscribe-dropdown__list-item tribe-events-c-subscribe-dropdown__list-item--ical\">\n\t\t\t\t\t\t\t\t\t<a\n\t\t\t\t\t\t\t\t\t\thref=\"\"\n\t\t\t\t\t\t\t\t\t\tclass=\"tribe-events-c-subscribe-dropdown__list-item-link\"\n\t\t\t\t\t\t\t\t\t\ttarget=\"_blank\"\n\t\t\t\t\t\t\t\t\t\trel=\"noopener noreferrer nofollow noindex\"\n\t\t\t\t\t\t\t\t\t>\n\t\t\t\t\t\t\t\t\t\tiCalendar\t\t\t\t\t\t\t\t\t<\/a>\n\t\t\t\t\t\t\t\t<\/li>\n\t\t\t\t\t\t\t\t\t\t\t\t\t\t\t<li class=\"tribe-events-c-subscribe-dropdown__list-item tribe-events-c-subscribe-dropdown__list-item--outlook-365\">\n\t\t\t\t\t\t\t\t\t<a\n\t\t\t\t\t\t\t\t\t\thref=\"\"\n\t\t\t\t\t\t\t\t\t\tclass=\"tribe-events-c-subscribe-dropdown__list-item-link\"\n\t\t\t\t\t\t\t\t\t\ttarget=\"_blank\"\n\t\t\t\t\t\t\t\t\t\trel=\"noopener noreferrer nofollow noindex\"\n\t\t\t\t\t\t\t\t\t>\n\t\t\t\t\t\t\t\t\t\tOutlook 365\t\t\t\t\t\t\t\t\t<\/a>\n\t\t\t\t\t\t\t\t<\/li>\n\t\t\t\t\t\t\t\t\t\t\t\t\t\t\t<li class=\"tribe-events-c-subscribe-dropdown__list-item tribe-events-c-subscribe-dropdown__list-item--outlook-live\">\n\t\t\t\t\t\t\t\t\t<a\n\t\t\t\t\t\t\t\t\t\thref=\"\"\n\t\t\t\t\t\t\t\t\t\tclass=\"tribe-events-c-subscribe-dropdown__list-item-link\"\n\t\t\t\t\t\t\t\t\t\ttarget=\"_blank\"\n\t\t\t\t\t\t\t\t\t\trel=\"noopener noreferrer nofollow noindex\"\n\t\t\t\t\t\t\t\t\t>\n\t\t\t\t\t\t\t\t\t\tOutlook Live\t\t\t\t\t\t\t\t\t<\/a>\n\t\t\t\t\t\t\t\t<\/li>\n\t\t\t\t\t\t\t\t\t\t\t\t\t<\/ul>\n\t\t\t\t\t<\/div>\n\t\t\t\t<\/div>\n\t\t\t<\/div>\n\t\t<\/div>\n\t<\/div>\n\n","protected":false},"excerpt":{"rendered":"","protected":false},"author":1,"featured_media":7643,"template":"","meta":{"_monsterinsights_skip_tracking":false,"_monsterinsights_sitenote_active":false,"_monsterinsights_sitenote_note":"","_monsterinsights_sitenote_category":0,"_EventAllDay":false,"_EventTimezone":"Europe\/Paris","_EventStartDate":"2026-04-09 08:00:00","_EventEndDate":"2026-04-09 17:00:00","_EventStartDateUTC":"2026-04-09 06:00:00","_EventEndDateUTC":"2026-04-09 15:00:00","_EventShowMap":false,"_EventShowMapLink":false,"_EventURL":"","_EventCost":"","_EventCostDescription":"","_EventCurrencySymbol":"\u20ac","_EventCurrencyCode":"EUR","_EventCurrencyPosition":"suffix","_EventDateTimeSeparator":" : ","_EventTimeRangeSeparator":"-","_EventOrganizerID":[],"_EventVenueID":[],"_OrganizerEmail":"","_OrganizerPhone":"","_OrganizerWebsite":"","_VenueAddress":"","_VenueCity":"","_VenueCountry":"","_VenueProvince":"","_VenueState":"","_VenueZip":"","_VenuePhone":"","_VenueURL":"","_VenueStateProvince":"","_VenueLat":"","_VenueLng":"","_VenueShowMap":false,"_VenueShowMapLink":false,"_tribe_events_status":"","_tribe_events_status_reason":"","footnotes":""},"tags":[],"tribe_events_cat":[38],"class_list":["post-7642","tribe_events","type-tribe_events","status-publish","has-post-thumbnail","hentry","tribe_events_cat-seminaire","cat_seminaire"],"aioseo_notices":[],"_links":{"self":[{"href":"https:\/\/academiespatiale.fr\/index.php\/wp-json\/wp\/v2\/tribe_events\/7642","targetHints":{"allow":["GET"]}}],"collection":[{"href":"https:\/\/academiespatiale.fr\/index.php\/wp-json\/wp\/v2\/tribe_events"}],"about":[{"href":"https:\/\/academiespatiale.fr\/index.php\/wp-json\/wp\/v2\/types\/tribe_events"}],"author":[{"embeddable":true,"href":"https:\/\/academiespatiale.fr\/index.php\/wp-json\/wp\/v2\/users\/1"}],"version-history":[{"count":1,"href":"https:\/\/academiespatiale.fr\/index.php\/wp-json\/wp\/v2\/tribe_events\/7642\/revisions"}],"predecessor-version":[{"id":7644,"href":"https:\/\/academiespatiale.fr\/index.php\/wp-json\/wp\/v2\/tribe_events\/7642\/revisions\/7644"}],"wp:featuredmedia":[{"embeddable":true,"href":"https:\/\/academiespatiale.fr\/index.php\/wp-json\/wp\/v2\/media\/7643"}],"wp:attachment":[{"href":"https:\/\/academiespatiale.fr\/index.php\/wp-json\/wp\/v2\/media?parent=7642"}],"wp:term":[{"taxonomy":"post_tag","embeddable":true,"href":"https:\/\/academiespatiale.fr\/index.php\/wp-json\/wp\/v2\/tags?post=7642"},{"taxonomy":"tribe_events_cat","embeddable":true,"href":"https:\/\/academiespatiale.fr\/index.php\/wp-json\/wp\/v2\/tribe_events_cat?post=7642"}],"curies":[{"name":"wp","href":"https:\/\/api.w.org\/{rel}","templated":true}]}}