{"id":7575,"date":"2026-01-20T16:43:58","date_gmt":"2026-01-20T15:43:58","guid":{"rendered":"https:\/\/academiespatiale.fr\/?post_type=tribe_events&#038;p=7575"},"modified":"2026-04-13T18:36:00","modified_gmt":"2026-04-13T16:36:00","slug":"seminaire-lancement-de-lacademie-spatiale-a-lupec","status":"publish","type":"tribe_events","link":"https:\/\/academiespatiale.fr\/index.php\/event\/seminaire-lancement-de-lacademie-spatiale-a-lupec\/","title":{"rendered":"[S\u00e9minaire] Lancement de l\u2019Acad\u00e9mie spatiale \u00e0 l&rsquo;UPEC"},"content":{"rendered":"<div  class=\"tribe-events-schedule tribe-clearfix\" >\n\t<p class=\"tribe-events-schedule__datetime\">\n\t\t<span class=\"tribe-events-schedule__date tribe-events-schedule__date--start\">\n\t\t\t3 f\u00e9vrier\t\t<\/span>\n\n\t\t\t\t\t<span class=\"tribe-events-schedule__separator tribe-events-schedule__separator--date\">\n\t\t\t\t : \t\t\t<\/span>\n\t\t\t<span class=\"tribe-events-schedule__time tribe-events-schedule__time--start\">\n\t\t\t\t12h00\t\t\t<\/span>\n\t\t\n\t\t\t\t\t\t\t\t\t<span class=\"tribe-events-schedule__separator tribe-events-schedule__separator--time\">\n\t\t\t\t\t&#8211;\t\t\t\t<\/span>\n\t\t\t\n\t\t\t\t\t\t\t<span class=\"tribe-events-schedule__time tribe-events-schedule__time--end\">\n\t\t\t\t\t14h00\t\t\t\t<\/span>\n\t\t\t\n\t\t\t\t\t\t<\/p>\n<\/div>\n\n\n\n<div class=\"wp-block-cover is-light\" style=\"padding-top:var(--wp--preset--spacing--80);padding-right:var(--wp--preset--spacing--80);padding-bottom:var(--wp--preset--spacing--80);padding-left:var(--wp--preset--spacing--80)\"><span aria-hidden=\"true\" class=\"wp-block-cover__background has-white-background-color has-background-dim-100 has-background-dim\"><\/span><div class=\"wp-block-cover__inner-container is-layout-constrained wp-container-core-cover-is-layout-10bc4538 wp-block-cover-is-layout-constrained\">\n<div class=\"wp-block-columns has-text-color has-link-color wp-elements-e673af4000d0b3c096a66b181f7b0bbd is-layout-flex wp-container-core-columns-is-layout-deb2fee4 wp-block-columns-is-layout-flex\" style=\"color:#b1b1b1;margin-top:-25px;margin-bottom:20px;padding-top:0;padding-right:0;padding-bottom:0;padding-left:0;font-size:15px\">\n<div class=\"wp-block-column has-text-color has-link-color wp-elements-5a4d4e7b16cdb21f05469acdf2368671 is-layout-flow wp-block-column-is-layout-flow\" style=\"color:#a1a1a1;padding-top:0;padding-bottom:0;font-size:15px;font-style:normal;font-weight:100;flex-basis:100%\"><div class=\"aioseo-breadcrumbs\"><span class=\"aioseo-breadcrumb\">\n\t\t\t<a href=\"https:\/\/academiespatiale.fr\" title=\"Home\">Home<\/a>\n\t\t<\/span><span class=\"aioseo-breadcrumb-separator\">&raquo;<\/span><span class=\"aioseo-breadcrumb\">\n\t\t\t<a href=\"https:\/\/academiespatiale.fr\/index.php\/events\/\" title=\"\u00c9v\u00e8nements\">\u00c9v\u00e8nements<\/a>\n\t\t<\/span><span class=\"aioseo-breadcrumb-separator\">&raquo;<\/span><span class=\"aioseo-breadcrumb\">\n\t\t\t<a href=\"https:\/\/academiespatiale.fr\/index.php\/events\/categorie\/seminaire\/\" title=\"S\u00e9minaire \/ webinaire\">S\u00e9minaire \/ webinaire<\/a>\n\t\t<\/span><span class=\"aioseo-breadcrumb-separator\">&raquo;<\/span><span class=\"aioseo-breadcrumb\">\n\t\t\t[S\u00e9minaire] Lancement de l\u2019Acad\u00e9mie spatiale \u00e0 l\u2019UPEC\n\t\t<\/span><\/div><\/div>\n<\/div>\n\n\n\n<p class=\"has-text-align-center\" style=\"border-width:1px;padding-top:var(--wp--preset--spacing--80);padding-right:var(--wp--preset--spacing--60);padding-bottom:var(--wp--preset--spacing--80);padding-left:var(--wp--preset--spacing--60)\"><strong>RETOUR SUR L&rsquo;\u00c9V\u00c9NEMENT<br>>>> <a href=\"https:\/\/academiespatiale.fr\/index.php\/2026\/04\/13\/lespace-accessible-a-toutes-et-tous-retour-sur-le-lancement-reussi-de-lacademie-spatiale-a-lupec\/\">Retour sur le lancement r\u00e9ussi de l\u2019Acad\u00e9mie Spatiale \u00e0 l\u2019UPEC<\/a> &lt;&lt;&lt;<\/strong><\/p>\n\n\n\n<p class=\"has-text-align-left\"><strong>Rendez-vous \u00e0 l&rsquo;UPEC le mardi 3 f\u00e9vrier \u00e0 12h, pour le s\u00e9minaire de lancement de l&rsquo;Acad\u00e9mie Spatiale d&rsquo;IDF, ouvert \u00e0<strong> l\u2019ensemble des personnels de l&rsquo;UPEC<\/strong> ainsi qu\u2019\u00e0 tous les \u00e9tudiant\u00b7es de l&rsquo;Acad\u00e9mie Spatiale d&rsquo;IDF.<\/strong><\/p>\n\n\n\n<p>Au programme : interventions, t\u00e9moignages d\u2019expert\u00b7es, \u00e9changes interactifs\u2026 et un v\u00e9ritable aper\u00e7u des m\u00e9tiers de demain.<\/p>\n\n\n<div class=\"wp-block-image\">\n<figure class=\"aligncenter size-large is-resized\"><img loading=\"lazy\" decoding=\"async\" width=\"1024\" height=\"478\" src=\"https:\/\/academiespatiale.fr\/wp-content\/uploads\/2024\/04\/UPEC_transp-1024x478.png\" alt=\"\" class=\"wp-image-229\" style=\"width:200px\" srcset=\"https:\/\/academiespatiale.fr\/wp-content\/uploads\/2024\/04\/UPEC_transp-1024x478.png 1024w, https:\/\/academiespatiale.fr\/wp-content\/uploads\/2024\/04\/UPEC_transp-300x140.png 300w, https:\/\/academiespatiale.fr\/wp-content\/uploads\/2024\/04\/UPEC_transp-768x358.png 768w, https:\/\/academiespatiale.fr\/wp-content\/uploads\/2024\/04\/UPEC_transp-1536x717.png 1536w, https:\/\/academiespatiale.fr\/wp-content\/uploads\/2024\/04\/UPEC_transp.png 1916w\" sizes=\"auto, (max-width: 1024px) 100vw, 1024px\" \/><\/figure>\n<\/div>\n\n\n<figure class=\"wp-block-image size-large\"><a href=\"https:\/\/www.u-pec.fr\/fr\/recherche\/le-spatial-a-portee-de-main-participez-au-lancement-de-lacademie-spatiale\" target=\"_blank\" rel=\" noreferrer noopener\"><img loading=\"lazy\" decoding=\"async\" width=\"1024\" height=\"576\" src=\"https:\/\/academiespatiale.fr\/wp-content\/uploads\/2026\/01\/Event_UPEC_Lancement-academie_fev2026-1024x576.jpeg\" alt=\"\" class=\"wp-image-7565\" srcset=\"https:\/\/academiespatiale.fr\/wp-content\/uploads\/2026\/01\/Event_UPEC_Lancement-academie_fev2026-1024x576.jpeg 1024w, https:\/\/academiespatiale.fr\/wp-content\/uploads\/2026\/01\/Event_UPEC_Lancement-academie_fev2026-300x169.jpeg 300w, https:\/\/academiespatiale.fr\/wp-content\/uploads\/2026\/01\/Event_UPEC_Lancement-academie_fev2026-768x432.jpeg 768w, https:\/\/academiespatiale.fr\/wp-content\/uploads\/2026\/01\/Event_UPEC_Lancement-academie_fev2026.jpeg 1280w\" sizes=\"auto, (max-width: 1024px) 100vw, 1024px\" \/><\/a><\/figure>\n\n\n\n<p class=\"has-text-align-center has-background-color-background-color has-background\"><strong>&gt;&gt;&gt; <a href=\"https:\/\/forms.office.com\/pages\/responsepage.aspx?id=lGJLFC2VhkuHqqqL8peaRzqWTNol3o1JvntpJPMjtmxUOEVYNFI0RVdKUjc4VjkxOEVLWjVMWDhUSC4u&amp;origin=lprLink&amp;route=shorturl\" target=\"_blank\" rel=\"noopener\" title=\"\">FORMULAIRE D&rsquo;INSCRIPTION<\/a> &lt;&lt;&lt;<\/strong><\/p>\n\n\n\n<p class=\"has-text-align-center\"><strong>Faites de l&rsquo;espace \u00e0 l&rsquo;ESPACE &#8211; S\u00e9minaire interactif \u00e0 destination de l&rsquo;ensemble de la communaut\u00e9 \u00e9tudiante, tous parcours, et du personnel de l&rsquo;UPEC<\/strong><\/p>\n\n\n\n<p class=\"has-text-align-center\"><strong>Mardi 3 f\u00e9vrier 2026<\/strong><\/p>\n\n\n\n<p class=\"has-text-align-center\">12h &#8211; 12h30 : Buffet<br>12h30 &#8211; 14h : Conf\u00e9rence<\/p>\n\n\n\n<p class=\"has-text-align-center\" style=\"font-size:15px\">Auditorium de la Maison des Sciences de l&rsquo;Environnement&nbsp;UPEC <br>Campus Centre&nbsp;61, avenue du G\u00e9n\u00e9ral de Gaulle<br>94000 Cr\u00e9teil<br>Lien google maps&nbsp;:&nbsp;<a href=\"https:\/\/maps.app.goo.gl\/ahLDRs2m1ZGUGmaz6\" target=\"_blank\" rel=\"noreferrer noopener\">https:\/\/maps.app.goo.gl\/ahLDRs2m1ZGUGmaz6<\/a><\/p>\n\n\n\n<hr class=\"wp-block-separator has-alpha-channel-opacity\"\/>\n\n\n\n<div class=\"wp-block-columns is-layout-flex wp-container-core-columns-is-layout-28f84493 wp-block-columns-is-layout-flex\">\n<div class=\"wp-block-column is-layout-flow wp-block-column-is-layout-flow\">\n<figure class=\"wp-block-image size-full\"><img loading=\"lazy\" decoding=\"async\" width=\"457\" height=\"640\" src=\"https:\/\/academiespatiale.fr\/wp-content\/uploads\/2026\/01\/Erika-Velio.jpeg\" alt=\"\" class=\"wp-image-7566\" srcset=\"https:\/\/academiespatiale.fr\/wp-content\/uploads\/2026\/01\/Erika-Velio.jpeg 457w, https:\/\/academiespatiale.fr\/wp-content\/uploads\/2026\/01\/Erika-Velio-214x300.jpeg 214w\" sizes=\"auto, (max-width: 457px) 100vw, 457px\" \/><\/figure>\n<\/div>\n\n\n\n<div class=\"wp-block-column is-vertically-aligned-center is-layout-flow wp-block-column-is-layout-flow\">\n<p class=\"has-text-align-left\"><strong>Une Invit\u00e9e d\u2019exception : Erika Velio<\/strong><\/p>\n\n\n\n<p>Lors de ce lancement, nous aurons l\u2019honneur d\u2019accueillir Erika Velio, sp\u00e9cialiste reconnue des politiques spatiales internationales et des strat\u00e9gies de d\u00e9veloppement du New Space et dont le parcours est un exemple pour toutes les jeunes femmes souhaitant embrasser une carri\u00e8re scientifique.<\/p>\n\n\n\n<p>Elle apportera un \u00e9clairage pr\u00e9cieux sur l\u2019\u00e9volution rapide du secteur et les opportunit\u00e9s qui en d\u00e9coulent.<\/p>\n\n\n\n<p class=\"has-small-font-size\">\u00a9 photo : Johan Damien<\/p>\n<\/div>\n<\/div>\n\n\n\n<p class=\"has-background-color-background-color has-background\">Plus d&rsquo;infos sur le site de l&rsquo;UPEC<br>\u2192 <a href=\"https:\/\/www.u-pec.fr\/fr\/recherche\/le-spatial-a-portee-de-main-participez-au-lancement-de-lacademie-spatiale\">Le spatial \u00e0 port\u00e9e de main : participez au lancement de l\u2019Acad\u00e9mie spatiale ! &#8211; UPEC<\/a><\/p>\n\n\n\n<figure class=\"wp-block-image size-large\"><img loading=\"lazy\" decoding=\"async\" width=\"1024\" height=\"72\" src=\"https:\/\/academiespatiale.fr\/wp-content\/uploads\/2024\/04\/Frise_logosCMA-HD-1024x72.png\" alt=\"\" class=\"wp-image-188\" srcset=\"https:\/\/academiespatiale.fr\/wp-content\/uploads\/2024\/04\/Frise_logosCMA-HD-1024x72.png 1024w, https:\/\/academiespatiale.fr\/wp-content\/uploads\/2024\/04\/Frise_logosCMA-HD-300x21.png 300w, https:\/\/academiespatiale.fr\/wp-content\/uploads\/2024\/04\/Frise_logosCMA-HD-768x54.png 768w, https:\/\/academiespatiale.fr\/wp-content\/uploads\/2024\/04\/Frise_logosCMA-HD-1536x108.png 1536w, https:\/\/academiespatiale.fr\/wp-content\/uploads\/2024\/04\/Frise_logosCMA-HD-2048x143.png 2048w\" sizes=\"auto, (max-width: 1024px) 100vw, 1024px\" \/><\/figure>\n\n\n\n<p class=\"has-text-align-center\"><\/p>\n<\/div><\/div>\n\n\n\t<div  class=\"tribe-block tribe-block__events-link\" >\n\t\t<div class=\"tribe-events tribe-common\">\n\t\t\t<div class=\"tribe-events-c-subscribe-dropdown__container\">\n\t\t\t\t<div class=\"tribe-events-c-subscribe-dropdown\">\n\t\t\t\t\t<div class=\"tribe-common-c-btn-border tribe-events-c-subscribe-dropdown__button\">\n\t\t\t\t\t\t<svg\n\t class=\"tribe-common-c-svgicon tribe-common-c-svgicon--cal-export tribe-events-c-subscribe-dropdown__export-icon\" \taria-hidden=\"true\"\n\tviewBox=\"0 0 23 17\"\n\txmlns=\"http:\/\/www.w3.org\/2000\/svg\"\n>\n\t<path fill-rule=\"evenodd\" clip-rule=\"evenodd\" d=\"M.128.896V16.13c0 .211.145.383.323.383h15.354c.179 0 .323-.172.323-.383V.896c0-.212-.144-.383-.323-.383H.451C.273.513.128.684.128.896Zm16 6.742h-.901V4.679H1.009v10.729h14.218v-3.336h.901V7.638ZM1.01 1.614h14.218v2.058H1.009V1.614Z\" \/>\n\t<path d=\"M20.5 9.846H8.312M18.524 6.953l2.89 2.909-2.855 2.855\" stroke-width=\"1.2\" stroke-linecap=\"round\" stroke-linejoin=\"round\"\/>\n<\/svg>\n\t\t\t\t\t\t<button\n\t\t\t\t\t\t\tclass=\"tribe-events-c-subscribe-dropdown__button-text\"\n\t\t\t\t\t\t\taria-expanded=\"false\"\n\t\t\t\t\t\t\taria-controls=\"tribe-events-subscribe-dropdown-content\"\n\t\t\t\t\t\t\taria-label=\"Afficher les liens permettant d\u2019ajouter des \u00e9v\u00e8nements \u00e0 votre calendrier\"\n\t\t\t\t\t\t>\n\t\t\t\t\t\t\tAjouter au calendrier\t\t\t\t\t\t<\/button>\n\t\t\t\t\t\t<svg\n\t class=\"tribe-common-c-svgicon tribe-common-c-svgicon--caret-down tribe-events-c-subscribe-dropdown__button-icon\" \taria-hidden=\"true\"\n\tviewBox=\"0 0 10 7\"\n\txmlns=\"http:\/\/www.w3.org\/2000\/svg\"\n>\n\t<path fill-rule=\"evenodd\" clip-rule=\"evenodd\" d=\"M1.008.609L5 4.6 8.992.61l.958.958L5 6.517.05 1.566l.958-.958z\" class=\"tribe-common-c-svgicon__svg-fill\"\/>\n<\/svg>\n\t\t\t\t\t<\/div>\n\t\t\t\t\t<div id=\"tribe-events-subscribe-dropdown-content\" class=\"tribe-events-c-subscribe-dropdown__content\">\n\t\t\t\t\t\t<ul class=\"tribe-events-c-subscribe-dropdown__list\">\n\t\t\t\t\t\t\t\t\t\t\t\t\t\t\t<li class=\"tribe-events-c-subscribe-dropdown__list-item tribe-events-c-subscribe-dropdown__list-item--gcal\">\n\t\t\t\t\t\t\t\t\t<a\n\t\t\t\t\t\t\t\t\t\thref=\"https:\/\/www.google.com\/calendar\/event?action=TEMPLATE&#038;dates=20260203T120000\/20260203T140000&#038;text=%5BS%C3%A9minaire%5D%20Lancement%20de%20l%E2%80%99Acad%C3%A9mie%20spatiale%20%C3%A0%20l%26rsquo%3BUPEC&#038;details=%3Cdiv+class%3D%22wp-block-cover+is-light%22+style%3D%22padding-top%3Avar%28--wp--preset--spacing--80%29%3Bpadding-right%3Avar%28--wp--preset--spacing--80%29%3Bpadding-bottom%3Avar%28--wp--preset--spacing--80%29%3Bpadding-left%3Avar%28--wp--preset--spacing--80%29%22%3E%3Cspan+aria-hidden%3D%22true%22+class%3D%22wp-block-cover__background+has-white-background-color+has-background-dim-100+has-background-dim%22%3E%3C%2Fspan%3E%3Cdiv+class%3D%22wp-block-cover__inner-container%22%3E%3Cp+class%3D%22has-text-align-center%22+style%3D%22border-width%3A1px%3Bpadding-top%3Avar%28--wp--preset--spacing--80%29%3Bpadding-right%3Avar%28--wp--preset--spacing--60%29%3Bpadding-bottom%3Avar%28--wp--preset--spacing--80%29%3Bpadding-left%3Avar%28--wp--preset--spacing--60%29%22%3E%3Cstrong%3ERETOUR+SUR+L%27%C3%89V%C3%89NEMENT%3Cbr+%2F%3E%3E%3E%3E+%3Ca+href%3D%22https%3A%2F%2Facademiespatiale.fr%2Findex.php%2F2026%2F04%2F13%2Flespace-accessible-a-toutes-et-tous-retour-sur-le-lancement-reussi-de-lacademie-spatiale-a-lupec%2F%22%3ERetour+sur+le+lancement+r%C3%A9ussi+de+l%E2%80%99Acad%C3%A9mie+Spatiale+%C3%A0+l%E2%80%99UPEC%3C%2Fa%3E+%26lt%3B%26lt%3B%26lt%3B%3C%2Fstrong%3E%3C%2Fp%3E+%3Cp+class%3D%22has-text-align-left%22%3E%3Cstrong%3ERendez-vou%3C%2Fstrong%3E%3C%2Fp%3E%3C%2Fdiv%3E%3C%2Fdiv%3E%28Voir+toute+la+description+de+%C3%A9v%C3%A8nement+ici%C2%A0%3A+https%3A%2F%2Facademiespatiale.fr%2Findex.php%2Fevent%2Fseminaire-lancement-de-lacademie-spatiale-a-lupec%2F%29&#038;trp=false&#038;ctz=Europe\/Paris&#038;sprop=website:https:\/\/academiespatiale.fr\"\n\t\t\t\t\t\t\t\t\t\tclass=\"tribe-events-c-subscribe-dropdown__list-item-link\"\n\t\t\t\t\t\t\t\t\t\ttarget=\"_blank\"\n\t\t\t\t\t\t\t\t\t\trel=\"noopener noreferrer nofollow noindex\"\n\t\t\t\t\t\t\t\t\t>\n\t\t\t\t\t\t\t\t\t\tGoogle Agenda\t\t\t\t\t\t\t\t\t<\/a>\n\t\t\t\t\t\t\t\t<\/li>\n\t\t\t\t\t\t\t\t\t\t\t\t\t\t\t<li class=\"tribe-events-c-subscribe-dropdown__list-item tribe-events-c-subscribe-dropdown__list-item--ical\">\n\t\t\t\t\t\t\t\t\t<a\n\t\t\t\t\t\t\t\t\t\thref=\"\"\n\t\t\t\t\t\t\t\t\t\tclass=\"tribe-events-c-subscribe-dropdown__list-item-link\"\n\t\t\t\t\t\t\t\t\t\ttarget=\"_blank\"\n\t\t\t\t\t\t\t\t\t\trel=\"noopener noreferrer nofollow noindex\"\n\t\t\t\t\t\t\t\t\t>\n\t\t\t\t\t\t\t\t\t\tiCalendar\t\t\t\t\t\t\t\t\t<\/a>\n\t\t\t\t\t\t\t\t<\/li>\n\t\t\t\t\t\t\t\t\t\t\t\t\t\t\t<li class=\"tribe-events-c-subscribe-dropdown__list-item tribe-events-c-subscribe-dropdown__list-item--outlook-365\">\n\t\t\t\t\t\t\t\t\t<a\n\t\t\t\t\t\t\t\t\t\thref=\"\"\n\t\t\t\t\t\t\t\t\t\tclass=\"tribe-events-c-subscribe-dropdown__list-item-link\"\n\t\t\t\t\t\t\t\t\t\ttarget=\"_blank\"\n\t\t\t\t\t\t\t\t\t\trel=\"noopener noreferrer nofollow noindex\"\n\t\t\t\t\t\t\t\t\t>\n\t\t\t\t\t\t\t\t\t\tOutlook 365\t\t\t\t\t\t\t\t\t<\/a>\n\t\t\t\t\t\t\t\t<\/li>\n\t\t\t\t\t\t\t\t\t\t\t\t\t\t\t<li class=\"tribe-events-c-subscribe-dropdown__list-item tribe-events-c-subscribe-dropdown__list-item--outlook-live\">\n\t\t\t\t\t\t\t\t\t<a\n\t\t\t\t\t\t\t\t\t\thref=\"\"\n\t\t\t\t\t\t\t\t\t\tclass=\"tribe-events-c-subscribe-dropdown__list-item-link\"\n\t\t\t\t\t\t\t\t\t\ttarget=\"_blank\"\n\t\t\t\t\t\t\t\t\t\trel=\"noopener noreferrer nofollow noindex\"\n\t\t\t\t\t\t\t\t\t>\n\t\t\t\t\t\t\t\t\t\tOutlook Live\t\t\t\t\t\t\t\t\t<\/a>\n\t\t\t\t\t\t\t\t<\/li>\n\t\t\t\t\t\t\t\t\t\t\t\t\t<\/ul>\n\t\t\t\t\t<\/div>\n\t\t\t\t<\/div>\n\t\t\t<\/div>\n\t\t<\/div>\n\t<\/div>\n\n","protected":false},"excerpt":{"rendered":"","protected":false},"author":1,"featured_media":7574,"template":"","meta":{"_monsterinsights_skip_tracking":false,"_monsterinsights_sitenote_active":false,"_monsterinsights_sitenote_note":"","_monsterinsights_sitenote_category":0,"_EventAllDay":false,"_EventTimezone":"Europe\/Paris","_EventStartDate":"2026-02-03 12:00:00","_EventEndDate":"2026-02-03 14:00:00","_EventStartDateUTC":"2026-02-03 11:00:00","_EventEndDateUTC":"2026-02-03 13:00:00","_EventShowMap":false,"_EventShowMapLink":false,"_EventURL":"","_EventCost":"","_EventCostDescription":"","_EventCurrencySymbol":"\u20ac","_EventCurrencyCode":"EUR","_EventCurrencyPosition":"suffix","_EventDateTimeSeparator":" : ","_EventTimeRangeSeparator":"-","_EventOrganizerID":[],"_EventVenueID":[],"_OrganizerEmail":"","_OrganizerPhone":"","_OrganizerWebsite":"","_VenueAddress":"","_VenueCity":"","_VenueCountry":"","_VenueProvince":"","_VenueState":"","_VenueZip":"","_VenuePhone":"","_VenueURL":"","_VenueStateProvince":"","_VenueLat":"","_VenueLng":"","_VenueShowMap":false,"_VenueShowMapLink":false,"_tribe_events_status":"","_tribe_events_status_reason":"","footnotes":""},"tags":[],"tribe_events_cat":[38],"class_list":["post-7575","tribe_events","type-tribe_events","status-publish","has-post-thumbnail","hentry","tribe_events_cat-seminaire","cat_seminaire"],"aioseo_notices":[],"_links":{"self":[{"href":"https:\/\/academiespatiale.fr\/index.php\/wp-json\/wp\/v2\/tribe_events\/7575","targetHints":{"allow":["GET"]}}],"collection":[{"href":"https:\/\/academiespatiale.fr\/index.php\/wp-json\/wp\/v2\/tribe_events"}],"about":[{"href":"https:\/\/academiespatiale.fr\/index.php\/wp-json\/wp\/v2\/types\/tribe_events"}],"author":[{"embeddable":true,"href":"https:\/\/academiespatiale.fr\/index.php\/wp-json\/wp\/v2\/users\/1"}],"version-history":[{"count":3,"href":"https:\/\/academiespatiale.fr\/index.php\/wp-json\/wp\/v2\/tribe_events\/7575\/revisions"}],"predecessor-version":[{"id":8906,"href":"https:\/\/academiespatiale.fr\/index.php\/wp-json\/wp\/v2\/tribe_events\/7575\/revisions\/8906"}],"wp:featuredmedia":[{"embeddable":true,"href":"https:\/\/academiespatiale.fr\/index.php\/wp-json\/wp\/v2\/media\/7574"}],"wp:attachment":[{"href":"https:\/\/academiespatiale.fr\/index.php\/wp-json\/wp\/v2\/media?parent=7575"}],"wp:term":[{"taxonomy":"post_tag","embeddable":true,"href":"https:\/\/academiespatiale.fr\/index.php\/wp-json\/wp\/v2\/tags?post=7575"},{"taxonomy":"tribe_events_cat","embeddable":true,"href":"https:\/\/academiespatiale.fr\/index.php\/wp-json\/wp\/v2\/tribe_events_cat?post=7575"}],"curies":[{"name":"wp","href":"https:\/\/api.w.org\/{rel}","templated":true}]}}