{"id":7515,"date":"2026-01-09T16:43:08","date_gmt":"2026-01-09T15:43:08","guid":{"rendered":"https:\/\/academiespatiale.fr\/?post_type=tribe_events&#038;p=7515"},"modified":"2026-01-09T16:43:09","modified_gmt":"2026-01-09T15:43:09","slug":"salon-de-letudiant-en-yvelines-velodrome-national-de-montigny-le-bretonneux","status":"publish","type":"tribe_events","link":"https:\/\/academiespatiale.fr\/index.php\/event\/salon-de-letudiant-en-yvelines-velodrome-national-de-montigny-le-bretonneux\/","title":{"rendered":"Salon de l&rsquo;\u00c9tudiant en Yvelines &#8211; V\u00e9lodrome national de Montigny-le-Bretonneux"},"content":{"rendered":"<div  class=\"tribe-events-schedule tribe-clearfix\" >\n\t<p class=\"tribe-events-schedule__datetime\">\n\t\t<span class=\"tribe-events-schedule__date tribe-events-schedule__date--start\">\n\t\t\t17 janvier\t\t<\/span>\n\n\t\t\t\t\t<span class=\"tribe-events-schedule__separator tribe-events-schedule__separator--date\">\n\t\t\t\t : \t\t\t<\/span>\n\t\t\t<span class=\"tribe-events-schedule__time tribe-events-schedule__time--start\">\n\t\t\t\t10h00\t\t\t<\/span>\n\t\t\n\t\t\t\t\t\t\t\t\t<span class=\"tribe-events-schedule__separator tribe-events-schedule__separator--time\">\n\t\t\t\t\t&#8211;\t\t\t\t<\/span>\n\t\t\t\n\t\t\t\t\t\t\t<span class=\"tribe-events-schedule__time tribe-events-schedule__time--end\">\n\t\t\t\t\t18h00\t\t\t\t<\/span>\n\t\t\t\n\t\t\t\t\t\t<\/p>\n<\/div>\n\n\n\n<div class=\"wp-block-cover is-light\" style=\"padding-top:var(--wp--preset--spacing--80);padding-right:var(--wp--preset--spacing--80);padding-bottom:var(--wp--preset--spacing--80);padding-left:var(--wp--preset--spacing--80)\"><span aria-hidden=\"true\" class=\"wp-block-cover__background has-white-background-color has-background-dim-100 has-background-dim\"><\/span><div class=\"wp-block-cover__inner-container is-layout-constrained wp-container-core-cover-is-layout-10bc4538 wp-block-cover-is-layout-constrained\">\n<p class=\"has-text-align-left has-medium-font-size\"><strong>L&rsquo;Acad\u00e9mie Spatiale participera au Salon de l&rsquo;\u00c9tudiant en Yvelines, au V\u00e9lodrome national de Montigny-le-Bretonneux<\/strong>.<\/p>\n\n\n\n<p class=\"has-medium-font-size\"><strong>>> Retrouvez-nous sur le stand B2<\/strong><\/p>\n\n\n\n<div class=\"wp-block-columns is-layout-flex wp-container-core-columns-is-layout-28f84493 wp-block-columns-is-layout-flex\">\n<div class=\"wp-block-column is-vertically-aligned-center is-layout-flow wp-block-column-is-layout-flow\">\n<p class=\"has-text-align-center has-medium-font-size\"><strong>Samedi 17 janvier 2026<br><\/strong>de 10h \u00e0 18h<\/p>\n\n\n\n<p class=\"has-text-align-center has-medium-font-size\">V\u00e9lodrome national de Saint-Quentin-en-Yvelines<br>1, rue Laurent Fignon<br>78180 Montigny-le-Bretonneux<br><br>Gratuit, sur inscription<\/p>\n<\/div>\n\n\n\n<div class=\"wp-block-column is-layout-flow wp-block-column-is-layout-flow\">\n<figure class=\"wp-block-image size-large\"><img loading=\"lazy\" decoding=\"async\" width=\"1024\" height=\"1024\" src=\"https:\/\/academiespatiale.fr\/wp-content\/uploads\/2026\/01\/St-Quentin_26_1080x1080-1024x1024.jpg\" alt=\"\" class=\"wp-image-7493\" srcset=\"https:\/\/academiespatiale.fr\/wp-content\/uploads\/2026\/01\/St-Quentin_26_1080x1080-1024x1024.jpg 1024w, https:\/\/academiespatiale.fr\/wp-content\/uploads\/2026\/01\/St-Quentin_26_1080x1080-300x300.jpg 300w, https:\/\/academiespatiale.fr\/wp-content\/uploads\/2026\/01\/St-Quentin_26_1080x1080-150x150.jpg 150w, https:\/\/academiespatiale.fr\/wp-content\/uploads\/2026\/01\/St-Quentin_26_1080x1080-768x768.jpg 768w, https:\/\/academiespatiale.fr\/wp-content\/uploads\/2026\/01\/St-Quentin_26_1080x1080.jpg 1080w\" sizes=\"auto, (max-width: 1024px) 100vw, 1024px\" \/><\/figure>\n<\/div>\n<\/div>\n\n\n\n<p class=\"has-text-align-center has-background-color-background-color has-background has-medium-font-size\">Inscrivez-vous d\u00e8s maintenant sur letudiant.fr, <br>rubrique \u00ab SALONS \u00bb, pour obtenir votre invitation :<br><strong>> <a href=\"https:\/\/salon-de-l-etudiant-en-yvelines-saint-quentin-en-yvelines.salon.letudiant.fr\/?utm_source=KIT_DE_COM&amp;utm_medium=digital&amp;utm_campaign=PROMO-SAL-SQYSE26\" target=\"_blank\" rel=\"noopener\" title=\"\">Inscription gratuite (obligatoire)<\/a> &lt;<\/strong><\/p>\n\n\n\n<p>Le Salon de l\u2019Etudiant en Yvelines, ouvrira ses portes pour sa 14e \u00e9dition le samedi 17 janvier 2026 au V\u00e9lodrome National de Saint-Quentin-en-Yvelines, en partenariat avec l\u2019acad\u00e9mie de Versailles, R\u00e9gion \u00cele-de-France, la Communaut\u00e9 d\u2019agglom\u00e9ration de St-Quentin en Yvelines, l&rsquo;Universit\u00e9 de Versailles Saint-Quentin-en-Yvelines et l\u2019Universit\u00e9 Paris Saclay.<\/p>\n\n\n\n<p>Partageant la mission commune d\u2019accompagner les jeunes vers une orientation r\u00e9ussie, nous serions heureux de pouvoir compter sur votre soutien pour partager cet \u00e9v\u00e9nement aupr\u00e8s des jeunes et de leur famille.<\/p>\n\n\n\n<p>Consacr\u00e9 \u00e0 l\u2019\u00e9ducation et \u00e0 l\u2019orientation, notre salon constitue un lieu riche en opportunit\u00e9s, visant \u00e0 accompagner les jeunes dans la construction d\u2019un avenir prometteur en leur offrant des conseils d\u2019orientation pertinents ainsi que des informations claires et pr\u00e9cises sur Parcoursup.<\/p>\n\n\n\n<p>Au fil des conf\u00e9rences, ateliers et \u00e9changes sur les stands d\u2019information, les visiteurs auront l\u2019opportunit\u00e9 de d\u00e9couvrir une large vari\u00e9t\u00e9 de formations, de mieux comprendre les conditions d\u2019admission, de s\u2019informer sur les d\u00e9bouch\u00e9s professionnels et de dialoguer avec des experts passionn\u00e9s. Un moment important pour mieux d\u00e9crypter Parcoursup et explorer toute la richesse des fili\u00e8res, des \u00e9coles et des universit\u00e9s.<\/p>\n\n\n\n<p>\u00c0 QUI S\u2019ADRESSE LE SALON&nbsp;?&nbsp;<\/p>\n\n\n\n<ul class=\"wp-block-list\">\n<li>Les lyc\u00e9ens et lyc\u00e9ennes \u00e0 la recherche de conseils pour \u00e9clairer leur projet d\u2019orientation.<\/li>\n\n\n\n<li>Les \u00e9tudiant\u00b7es souhaitant se r\u00e9orienter, poursuivre leurs \u00e9tudes ou se sp\u00e9cialiser.<\/li>\n\n\n\n<li>Les parents et enseignant\u00b7es qui accompagnent les jeunes dans leurs choix d\u2019\u00e9tudes et de parcours professionnels.<\/li>\n<\/ul>\n\n\n\n<p class=\"has-background-color-background-color has-background\">Retrouvez l&rsquo;Acad\u00e9mie Spatiale sur les autres salons de l&rsquo;\u00c9tudiant :<br>\u2192 <a href=\"https:\/\/academiespatiale.fr\/index.php\/2026\/01\/09\/en-janvier-rencontrez-lacademie-spatiale-sur-les-salons-de-letudiant\/\">En janvier, rencontrez l\u2019Acad\u00e9mie Spatiale sur les salons de l\u2019\u00c9tudiant ! &#8211; Acad\u00e9mie Spatiale d&rsquo;\u00cele-de-France<\/a><\/p>\n<\/div><\/div>\n\n\n\t<div  class=\"tribe-block tribe-block__events-link\" >\n\t\t<div class=\"tribe-events tribe-common\">\n\t\t\t<div class=\"tribe-events-c-subscribe-dropdown__container\">\n\t\t\t\t<div class=\"tribe-events-c-subscribe-dropdown\">\n\t\t\t\t\t<div class=\"tribe-common-c-btn-border tribe-events-c-subscribe-dropdown__button\">\n\t\t\t\t\t\t<svg\n\t class=\"tribe-common-c-svgicon tribe-common-c-svgicon--cal-export tribe-events-c-subscribe-dropdown__export-icon\" \taria-hidden=\"true\"\n\tviewBox=\"0 0 23 17\"\n\txmlns=\"http:\/\/www.w3.org\/2000\/svg\"\n>\n\t<path fill-rule=\"evenodd\" clip-rule=\"evenodd\" d=\"M.128.896V16.13c0 .211.145.383.323.383h15.354c.179 0 .323-.172.323-.383V.896c0-.212-.144-.383-.323-.383H.451C.273.513.128.684.128.896Zm16 6.742h-.901V4.679H1.009v10.729h14.218v-3.336h.901V7.638ZM1.01 1.614h14.218v2.058H1.009V1.614Z\" \/>\n\t<path d=\"M20.5 9.846H8.312M18.524 6.953l2.89 2.909-2.855 2.855\" stroke-width=\"1.2\" stroke-linecap=\"round\" stroke-linejoin=\"round\"\/>\n<\/svg>\n\t\t\t\t\t\t<button\n\t\t\t\t\t\t\tclass=\"tribe-events-c-subscribe-dropdown__button-text\"\n\t\t\t\t\t\t\taria-expanded=\"false\"\n\t\t\t\t\t\t\taria-controls=\"tribe-events-subscribe-dropdown-content\"\n\t\t\t\t\t\t\taria-label=\"Afficher les liens permettant d\u2019ajouter des \u00e9v\u00e8nements \u00e0 votre calendrier\"\n\t\t\t\t\t\t>\n\t\t\t\t\t\t\tAjouter au calendrier\t\t\t\t\t\t<\/button>\n\t\t\t\t\t\t<svg\n\t class=\"tribe-common-c-svgicon tribe-common-c-svgicon--caret-down tribe-events-c-subscribe-dropdown__button-icon\" \taria-hidden=\"true\"\n\tviewBox=\"0 0 10 7\"\n\txmlns=\"http:\/\/www.w3.org\/2000\/svg\"\n>\n\t<path fill-rule=\"evenodd\" clip-rule=\"evenodd\" d=\"M1.008.609L5 4.6 8.992.61l.958.958L5 6.517.05 1.566l.958-.958z\" class=\"tribe-common-c-svgicon__svg-fill\"\/>\n<\/svg>\n\t\t\t\t\t<\/div>\n\t\t\t\t\t<div id=\"tribe-events-subscribe-dropdown-content\" class=\"tribe-events-c-subscribe-dropdown__content\">\n\t\t\t\t\t\t<ul class=\"tribe-events-c-subscribe-dropdown__list\">\n\t\t\t\t\t\t\t\t\t\t\t\t\t\t\t<li class=\"tribe-events-c-subscribe-dropdown__list-item tribe-events-c-subscribe-dropdown__list-item--gcal\">\n\t\t\t\t\t\t\t\t\t<a\n\t\t\t\t\t\t\t\t\t\thref=\"https:\/\/www.google.com\/calendar\/event?action=TEMPLATE&#038;dates=20260117T100000\/20260117T180000&#038;text=Salon%20de%20l%26rsquo%3B%C3%89tudiant%20en%20Yvelines%20%26%238211%3B%20V%C3%A9lodrome%20national%20de%20Montigny-le-Bretonneux&#038;details=%3Cdiv+class%3D%22wp-block-cover+is-light%22+style%3D%22padding-top%3Avar%28--wp--preset--spacing--80%29%3Bpadding-right%3Avar%28--wp--preset--spacing--80%29%3Bpadding-bottom%3Avar%28--wp--preset--spacing--80%29%3Bpadding-left%3Avar%28--wp--preset--spacing--80%29%22%3E%3Cspan+aria-hidden%3D%22true%22+class%3D%22wp-block-cover__background+has-white-background-color+has-background-dim-100+has-background-dim%22%3E%3C%2Fspan%3E%3Cdiv+class%3D%22wp-block-cover__inner-container%22%3E%3Cp+class%3D%22has-text-align-left+has-medium-font-size%22%3E%3Cstrong%3EL%27Acad%C3%A9mie+Spatiale+participera+au+Salon+de+l%27%C3%89tudiant+en+Yvelines%2C+au+V%C3%A9lodrome+national+de+Montigny-le-Bretonneux%3C%2Fstrong%3E.%3C%2Fp%3E+%3Cp+class%3D%22has-medium-font-size%22%3E%3Cstrong%3E%3E%3E+Retrouvez-nous+sur+le+stand+B2%3C%2Fstrong%3E%3C%2Fp%3E+%3Cdiv+class%3D%22wp-block-columns%22%3E%3Cdiv+class%3D%22wp-block-column+is-vertically-aligned-center%22%3E%3Cp+class%3D%22has-text-align-center+has-medium-font-size%22%3E%3Cstrong%3ESamedi+17+janvier+2026%3Cbr+%2F%3E%3C%2Fstrong%3Ede+10h+%C3%A0+18h%3C%2Fp%3E+%3Cp+class%3D%22has-text-align-center+has-medium-font-size%22%3EV%C3%A9lodrome+national+de+Saint-Quentin-%3C%2Fp%3E%3C%2Fdiv%3E%3C%2Fdiv%3E%3C%2Fdiv%3E%3C%2Fdiv%3E%28Voir+toute+la+description+de+%C3%A9v%C3%A8nement+ici%C2%A0%3A+https%3A%2F%2Facademiespatiale.fr%2Findex.php%2Fevent%2Fsalon-de-letudiant-en-yvelines-velodrome-national-de-montigny-le-bretonneux%2F%29&#038;trp=false&#038;ctz=Europe\/Paris&#038;sprop=website:https:\/\/academiespatiale.fr\"\n\t\t\t\t\t\t\t\t\t\tclass=\"tribe-events-c-subscribe-dropdown__list-item-link\"\n\t\t\t\t\t\t\t\t\t\ttarget=\"_blank\"\n\t\t\t\t\t\t\t\t\t\trel=\"noopener noreferrer nofollow noindex\"\n\t\t\t\t\t\t\t\t\t>\n\t\t\t\t\t\t\t\t\t\tGoogle Agenda\t\t\t\t\t\t\t\t\t<\/a>\n\t\t\t\t\t\t\t\t<\/li>\n\t\t\t\t\t\t\t\t\t\t\t\t\t\t\t<li class=\"tribe-events-c-subscribe-dropdown__list-item tribe-events-c-subscribe-dropdown__list-item--ical\">\n\t\t\t\t\t\t\t\t\t<a\n\t\t\t\t\t\t\t\t\t\thref=\"\"\n\t\t\t\t\t\t\t\t\t\tclass=\"tribe-events-c-subscribe-dropdown__list-item-link\"\n\t\t\t\t\t\t\t\t\t\ttarget=\"_blank\"\n\t\t\t\t\t\t\t\t\t\trel=\"noopener noreferrer nofollow noindex\"\n\t\t\t\t\t\t\t\t\t>\n\t\t\t\t\t\t\t\t\t\tiCalendar\t\t\t\t\t\t\t\t\t<\/a>\n\t\t\t\t\t\t\t\t<\/li>\n\t\t\t\t\t\t\t\t\t\t\t\t\t\t\t<li class=\"tribe-events-c-subscribe-dropdown__list-item tribe-events-c-subscribe-dropdown__list-item--outlook-365\">\n\t\t\t\t\t\t\t\t\t<a\n\t\t\t\t\t\t\t\t\t\thref=\"\"\n\t\t\t\t\t\t\t\t\t\tclass=\"tribe-events-c-subscribe-dropdown__list-item-link\"\n\t\t\t\t\t\t\t\t\t\ttarget=\"_blank\"\n\t\t\t\t\t\t\t\t\t\trel=\"noopener noreferrer nofollow noindex\"\n\t\t\t\t\t\t\t\t\t>\n\t\t\t\t\t\t\t\t\t\tOutlook 365\t\t\t\t\t\t\t\t\t<\/a>\n\t\t\t\t\t\t\t\t<\/li>\n\t\t\t\t\t\t\t\t\t\t\t\t\t\t\t<li class=\"tribe-events-c-subscribe-dropdown__list-item tribe-events-c-subscribe-dropdown__list-item--outlook-live\">\n\t\t\t\t\t\t\t\t\t<a\n\t\t\t\t\t\t\t\t\t\thref=\"\"\n\t\t\t\t\t\t\t\t\t\tclass=\"tribe-events-c-subscribe-dropdown__list-item-link\"\n\t\t\t\t\t\t\t\t\t\ttarget=\"_blank\"\n\t\t\t\t\t\t\t\t\t\trel=\"noopener noreferrer nofollow noindex\"\n\t\t\t\t\t\t\t\t\t>\n\t\t\t\t\t\t\t\t\t\tOutlook Live\t\t\t\t\t\t\t\t\t<\/a>\n\t\t\t\t\t\t\t\t<\/li>\n\t\t\t\t\t\t\t\t\t\t\t\t\t<\/ul>\n\t\t\t\t\t<\/div>\n\t\t\t\t<\/div>\n\t\t\t<\/div>\n\t\t<\/div>\n\t<\/div>\n\n","protected":false},"excerpt":{"rendered":"","protected":false},"author":1,"featured_media":7517,"template":"","meta":{"_monsterinsights_skip_tracking":false,"_monsterinsights_sitenote_active":false,"_monsterinsights_sitenote_note":"","_monsterinsights_sitenote_category":0,"_EventAllDay":false,"_EventTimezone":"Europe\/Paris","_EventStartDate":"2026-01-17 10:00:00","_EventEndDate":"2026-01-17 18:00:00","_EventStartDateUTC":"2026-01-17 09:00:00","_EventEndDateUTC":"2026-01-17 17:00:00","_EventShowMap":false,"_EventShowMapLink":false,"_EventURL":"","_EventCost":"","_EventCostDescription":"","_EventCurrencySymbol":"\u20ac","_EventCurrencyCode":"EUR","_EventCurrencyPosition":"suffix","_EventDateTimeSeparator":" : ","_EventTimeRangeSeparator":"-","_EventOrganizerID":[],"_EventVenueID":[],"_OrganizerEmail":"","_OrganizerPhone":"","_OrganizerWebsite":"","_VenueAddress":"","_VenueCity":"","_VenueCountry":"","_VenueProvince":"","_VenueState":"","_VenueZip":"","_VenuePhone":"","_VenueURL":"","_VenueStateProvince":"","_VenueLat":"","_VenueLng":"","_VenueShowMap":false,"_VenueShowMapLink":false,"_tribe_events_status":"","_tribe_events_status_reason":"","footnotes":""},"tags":[],"tribe_events_cat":[],"class_list":["post-7515","tribe_events","type-tribe_events","status-publish","has-post-thumbnail","hentry"],"aioseo_notices":[],"_links":{"self":[{"href":"https:\/\/academiespatiale.fr\/index.php\/wp-json\/wp\/v2\/tribe_events\/7515","targetHints":{"allow":["GET"]}}],"collection":[{"href":"https:\/\/academiespatiale.fr\/index.php\/wp-json\/wp\/v2\/tribe_events"}],"about":[{"href":"https:\/\/academiespatiale.fr\/index.php\/wp-json\/wp\/v2\/types\/tribe_events"}],"author":[{"embeddable":true,"href":"https:\/\/academiespatiale.fr\/index.php\/wp-json\/wp\/v2\/users\/1"}],"version-history":[{"count":1,"href":"https:\/\/academiespatiale.fr\/index.php\/wp-json\/wp\/v2\/tribe_events\/7515\/revisions"}],"predecessor-version":[{"id":7516,"href":"https:\/\/academiespatiale.fr\/index.php\/wp-json\/wp\/v2\/tribe_events\/7515\/revisions\/7516"}],"wp:featuredmedia":[{"embeddable":true,"href":"https:\/\/academiespatiale.fr\/index.php\/wp-json\/wp\/v2\/media\/7517"}],"wp:attachment":[{"href":"https:\/\/academiespatiale.fr\/index.php\/wp-json\/wp\/v2\/media?parent=7515"}],"wp:term":[{"taxonomy":"post_tag","embeddable":true,"href":"https:\/\/academiespatiale.fr\/index.php\/wp-json\/wp\/v2\/tags?post=7515"},{"taxonomy":"tribe_events_cat","embeddable":true,"href":"https:\/\/academiespatiale.fr\/index.php\/wp-json\/wp\/v2\/tribe_events_cat?post=7515"}],"curies":[{"name":"wp","href":"https:\/\/api.w.org\/{rel}","templated":true}]}}