{"id":7506,"date":"2026-01-09T16:33:02","date_gmt":"2026-01-09T15:33:02","guid":{"rendered":"https:\/\/academiespatiale.fr\/?post_type=tribe_events&#038;p=7506"},"modified":"2026-01-12T16:59:16","modified_gmt":"2026-01-12T15:59:16","slug":"salon-de-letudiant-masters-ms-et-mba-au-palais-des-congres-de-paris","status":"publish","type":"tribe_events","link":"https:\/\/academiespatiale.fr\/index.php\/event\/salon-de-letudiant-masters-ms-et-mba-au-palais-des-congres-de-paris\/","title":{"rendered":"Salon de l&rsquo;\u00c9tudiant &#8211; Masters, MS et MBA au Palais des congr\u00e8s de Paris"},"content":{"rendered":"<div  class=\"tribe-events-schedule tribe-clearfix\" >\n\t<p class=\"tribe-events-schedule__datetime\">\n\t\t<span class=\"tribe-events-schedule__date tribe-events-schedule__date--start\">\n\t\t\t17 janvier\t\t<\/span>\n\n\t\t\t\t\t<span class=\"tribe-events-schedule__separator tribe-events-schedule__separator--date\">\n\t\t\t\t : \t\t\t<\/span>\n\t\t\t<span class=\"tribe-events-schedule__time tribe-events-schedule__time--start\">\n\t\t\t\t10h00\t\t\t<\/span>\n\t\t\n\t\t\t\t\t\t\t\t\t<span class=\"tribe-events-schedule__separator tribe-events-schedule__separator--time\">\n\t\t\t\t\t&#8211;\t\t\t\t<\/span>\n\t\t\t\n\t\t\t\t\t\t\t<span class=\"tribe-events-schedule__time tribe-events-schedule__time--end\">\n\t\t\t\t\t18h00\t\t\t\t<\/span>\n\t\t\t\n\t\t\t\t\t\t<\/p>\n<\/div>\n\n\n\n<div class=\"wp-block-cover is-light\" style=\"padding-top:var(--wp--preset--spacing--80);padding-right:var(--wp--preset--spacing--80);padding-bottom:var(--wp--preset--spacing--80);padding-left:var(--wp--preset--spacing--80)\"><span aria-hidden=\"true\" class=\"wp-block-cover__background has-white-background-color has-background-dim-100 has-background-dim\"><\/span><div class=\"wp-block-cover__inner-container is-layout-constrained wp-container-core-cover-is-layout-10bc4538 wp-block-cover-is-layout-constrained\">\n<p class=\"has-text-align-left has-medium-font-size\"><strong>L&rsquo;Acad\u00e9mie Spatiale participera au Salon de l&rsquo;\u00c9tudiant &#8211; Master, mast\u00e8res sp\u00e9cialis\u00e9s et MBA en France et \u00e0 l&rsquo;International, au Palais des Congr\u00e8s de Paris.<\/strong><\/p>\n\n\n\n<p class=\"has-medium-font-size\"><strong>>> Retrouvez-nous au stand de l&rsquo;UPEC D14<\/strong><\/p>\n\n\n\n<div class=\"wp-block-columns is-layout-flex wp-container-core-columns-is-layout-28f84493 wp-block-columns-is-layout-flex\">\n<div class=\"wp-block-column is-vertically-aligned-center is-layout-flow wp-block-column-is-layout-flow\">\n<p class=\"has-text-align-center has-medium-font-size\"><strong>Samedi 17 janvier 2026<br><\/strong>de 10h \u00e0 18h<\/p>\n\n\n\n<p class=\"has-text-align-center has-medium-font-size\">Palais des Congr\u00e8s<br>Halls B et C + salle Passy&nbsp;<br>2, place de la Porte Maillot<br>75017 Paris<br><br>Gratuit, sur inscription<\/p>\n<\/div>\n\n\n\n<div class=\"wp-block-column is-layout-flow wp-block-column-is-layout-flow\">\n<figure class=\"wp-block-image size-large\"><img loading=\"lazy\" decoding=\"async\" width=\"1024\" height=\"1024\" src=\"https:\/\/academiespatiale.fr\/wp-content\/uploads\/2026\/01\/Paris_Masters_26_1080x1080-1024x1024.jpg\" alt=\"\" class=\"wp-image-7495\" srcset=\"https:\/\/academiespatiale.fr\/wp-content\/uploads\/2026\/01\/Paris_Masters_26_1080x1080-1024x1024.jpg 1024w, https:\/\/academiespatiale.fr\/wp-content\/uploads\/2026\/01\/Paris_Masters_26_1080x1080-300x300.jpg 300w, https:\/\/academiespatiale.fr\/wp-content\/uploads\/2026\/01\/Paris_Masters_26_1080x1080-150x150.jpg 150w, https:\/\/academiespatiale.fr\/wp-content\/uploads\/2026\/01\/Paris_Masters_26_1080x1080-768x768.jpg 768w, https:\/\/academiespatiale.fr\/wp-content\/uploads\/2026\/01\/Paris_Masters_26_1080x1080-1536x1536.jpg 1536w, https:\/\/academiespatiale.fr\/wp-content\/uploads\/2026\/01\/Paris_Masters_26_1080x1080-2048x2048.jpg 2048w\" sizes=\"auto, (max-width: 1024px) 100vw, 1024px\" \/><\/figure>\n<\/div>\n<\/div>\n\n\n\n<p class=\"has-text-align-center has-background-color-background-color has-background has-medium-font-size\">Inscrivez-vous d\u00e8s maintenant sur letudiant.fr, <br>rubrique \u00ab SALONS \u00bb, pour obtenir votre invitation :<br><strong>&gt; <a href=\"https:\/\/salon-masters-ms-et-mba-paris.salon.letudiant.fr\/?utm_source=KIT_DE_COM&amp;utm_medium=digital&amp;utm_campaign=PROMO-SAL-PARISMMSFI26\" target=\"_blank\" rel=\"noopener\" title=\"\">Inscription gratuite (obligatoire)<\/a> &lt;<\/strong><\/p>\n\n\n\n<p>Le Salon masters, mast\u00e8res sp\u00e9cialis\u00e9s et MBA en France et \u00e0 l\u2019international de Paris ouvrira ses portes pour sa 36e \u00e9dition le samedi 17 janvier 2025 au Palais des congr\u00e8s ! V\u00e9ritable lieu d\u2019\u00e9changes et de d\u00e9couvertes, cet \u00e9v\u00e9nement incontournable de l\u2019enseignement sup\u00e9rieur est organis\u00e9 en partenariat en partenariat avec la R\u00e9gion acad\u00e9mique \u00cele de France, MonMaster et la R\u00e9gion \u00cele de France.<\/p>\n\n\n\n<p>Pens\u00e9 pour les \u00e9tudiants en qu\u00eate de sp\u00e9cialisation, ce salon constitue un v\u00e9ritable tremplin vers l\u2019enseignement sup\u00e9rieur bac+5 et MBA. V\u00e9ritable carrefour d\u2019opportunit\u00e9s, il leur permettra d\u2019explorer une offre riche de formations propos\u00e9es en France et \u00e0 l\u2019international. Des repr\u00e9sentants d\u2019universit\u00e9s, de grandes \u00e9coles et de centres de formation seront pr\u00e9sents pour pr\u00e9senter leurs programmes, faire d\u00e9couvrir leurs domaines d\u2019expertise et \u00e9changer sur les perspectives professionnelles qu\u2019ils ouvrent.<\/p>\n\n\n\n<p>Conf\u00e9rences, ateliers, dialogues avec des \u00e9quipes p\u00e9dagogiques et t\u00e9moignages d\u2019\u00e9tudiants rythmeront notre salon, offrant \u00e0 chacun les cl\u00e9s pour comparer les cursus, comprendre les modalit\u00e9s d\u2019admission, anticiper les d\u00e9bouch\u00e9s et faire des choix \u00e9clair\u00e9s. Un moment essentiel pour d\u00e9crypter la plateforme MonMaster et construire la suite de ses \u00e9tudes en toute confiance.<\/p>\n\n\n\n<p>\u00c0 QUI S\u2019ADRESSE LE SALON&nbsp;?&nbsp;<\/p>\n\n\n\n<ul class=\"wp-block-list\">\n<li>Les \u00e9tudiant\u00b7es souhaitant se r\u00e9orienter, poursuivre leurs \u00e9tudes ou se sp\u00e9cialiser.<\/li>\n\n\n\n<li>Les parents et enseignant\u00b7es qui accompagnent les jeunes dans leurs choix d\u2019\u00e9tudes et de parcours professionnels.<\/li>\n<\/ul>\n\n\n\n<p class=\"has-background-color-background-color has-background\">Retrouvez l&rsquo;Acad\u00e9mie Spatiale sur les autres salons de l&rsquo;\u00c9tudiant :<br>\u2192 <a href=\"https:\/\/academiespatiale.fr\/index.php\/2026\/01\/09\/en-janvier-rencontrez-lacademie-spatiale-sur-les-salons-de-letudiant\/\">En janvier, rencontrez l\u2019Acad\u00e9mie Spatiale sur les salons de l\u2019\u00c9tudiant ! &#8211; Acad\u00e9mie Spatiale d&rsquo;\u00cele-de-France<\/a><\/p>\n<\/div><\/div>\n\n\n\t<div  class=\"tribe-block tribe-block__events-link\" >\n\t\t<div class=\"tribe-events tribe-common\">\n\t\t\t<div class=\"tribe-events-c-subscribe-dropdown__container\">\n\t\t\t\t<div class=\"tribe-events-c-subscribe-dropdown\">\n\t\t\t\t\t<div class=\"tribe-common-c-btn-border tribe-events-c-subscribe-dropdown__button\">\n\t\t\t\t\t\t<svg\n\t class=\"tribe-common-c-svgicon tribe-common-c-svgicon--cal-export tribe-events-c-subscribe-dropdown__export-icon\" \taria-hidden=\"true\"\n\tviewBox=\"0 0 23 17\"\n\txmlns=\"http:\/\/www.w3.org\/2000\/svg\"\n>\n\t<path fill-rule=\"evenodd\" clip-rule=\"evenodd\" d=\"M.128.896V16.13c0 .211.145.383.323.383h15.354c.179 0 .323-.172.323-.383V.896c0-.212-.144-.383-.323-.383H.451C.273.513.128.684.128.896Zm16 6.742h-.901V4.679H1.009v10.729h14.218v-3.336h.901V7.638ZM1.01 1.614h14.218v2.058H1.009V1.614Z\" \/>\n\t<path d=\"M20.5 9.846H8.312M18.524 6.953l2.89 2.909-2.855 2.855\" stroke-width=\"1.2\" stroke-linecap=\"round\" stroke-linejoin=\"round\"\/>\n<\/svg>\n\t\t\t\t\t\t<button\n\t\t\t\t\t\t\tclass=\"tribe-events-c-subscribe-dropdown__button-text\"\n\t\t\t\t\t\t\taria-expanded=\"false\"\n\t\t\t\t\t\t\taria-controls=\"tribe-events-subscribe-dropdown-content\"\n\t\t\t\t\t\t\taria-label=\"Afficher les liens permettant d\u2019ajouter des \u00e9v\u00e8nements \u00e0 votre calendrier\"\n\t\t\t\t\t\t>\n\t\t\t\t\t\t\tAjouter au calendrier\t\t\t\t\t\t<\/button>\n\t\t\t\t\t\t<svg\n\t class=\"tribe-common-c-svgicon tribe-common-c-svgicon--caret-down tribe-events-c-subscribe-dropdown__button-icon\" \taria-hidden=\"true\"\n\tviewBox=\"0 0 10 7\"\n\txmlns=\"http:\/\/www.w3.org\/2000\/svg\"\n>\n\t<path fill-rule=\"evenodd\" clip-rule=\"evenodd\" d=\"M1.008.609L5 4.6 8.992.61l.958.958L5 6.517.05 1.566l.958-.958z\" class=\"tribe-common-c-svgicon__svg-fill\"\/>\n<\/svg>\n\t\t\t\t\t<\/div>\n\t\t\t\t\t<div id=\"tribe-events-subscribe-dropdown-content\" class=\"tribe-events-c-subscribe-dropdown__content\">\n\t\t\t\t\t\t<ul class=\"tribe-events-c-subscribe-dropdown__list\">\n\t\t\t\t\t\t\t\t\t\t\t\t\t\t\t<li class=\"tribe-events-c-subscribe-dropdown__list-item tribe-events-c-subscribe-dropdown__list-item--gcal\">\n\t\t\t\t\t\t\t\t\t<a\n\t\t\t\t\t\t\t\t\t\thref=\"https:\/\/www.google.com\/calendar\/event?action=TEMPLATE&#038;dates=20260117T100000\/20260117T180000&#038;text=Salon%20de%20l%26rsquo%3B%C3%89tudiant%20%26%238211%3B%20Masters%2C%20MS%20et%20MBA%20au%20Palais%20des%20congr%C3%A8s%20de%20Paris&#038;details=%3Cdiv+class%3D%22wp-block-cover+is-light%22+style%3D%22padding-top%3Avar%28--wp--preset--spacing--80%29%3Bpadding-right%3Avar%28--wp--preset--spacing--80%29%3Bpadding-bottom%3Avar%28--wp--preset--spacing--80%29%3Bpadding-left%3Avar%28--wp--preset--spacing--80%29%22%3E%3Cspan+aria-hidden%3D%22true%22+class%3D%22wp-block-cover__background+has-white-background-color+has-background-dim-100+has-background-dim%22%3E%3C%2Fspan%3E%3Cdiv+class%3D%22wp-block-cover__inner-container%22%3E%3Cp+class%3D%22has-text-align-left+has-medium-font-size%22%3E%3Cstrong%3EL%27Acad%C3%A9mie+Spatiale+participera+au+Salon+de+l%27%C3%89tudiant+-+Master%2C+mast%C3%A8res+sp%C3%A9cialis%C3%A9s+et+MBA+en+France+et+%C3%A0+l%27International%2C+au+Palais+des+Congr%C3%A8s+de+Paris.%3C%2Fstrong%3E%3C%2Fp%3E+%3Cp+class%3D%22has-medium-font-size%22%3E%3Cstrong%3E%3E%3E+Retrouvez-nous+au+stand+de+l%27UPEC+D14%3C%2Fstrong%3E%3C%2Fp%3E+%3Cdiv+class%3D%22wp-block-columns%22%3E%3Cdiv+class%3D%22wp-block-column+is-vertically-aligned-center%22%3E%3Cp+class%3D%22has-text-align-center+has-medium-font-size%22%3E%3Cstrong%3ESamedi+17+janvier+2026%3Cbr+%2F%3E%3C%2Fstrong%3Ede+10h+%C3%A0+18h%3C%2Fp%3E+%3Cp+class%3D%22has-text-align-center+has-medi%3C%2Fdiv%3E%3C%2Fdiv%3E%3C%2Fdiv%3E%3C%2Fdiv%3E%28Voir+toute+la+description+de+%C3%A9v%C3%A8nement+ici%C2%A0%3A+https%3A%2F%2Facademiespatiale.fr%2Findex.php%2Fevent%2Fsalon-de-letudiant-masters-ms-et-mba-au-palais-des-congres-de-paris%2F%29&#038;trp=false&#038;ctz=Europe\/Paris&#038;sprop=website:https:\/\/academiespatiale.fr\"\n\t\t\t\t\t\t\t\t\t\tclass=\"tribe-events-c-subscribe-dropdown__list-item-link\"\n\t\t\t\t\t\t\t\t\t\ttarget=\"_blank\"\n\t\t\t\t\t\t\t\t\t\trel=\"noopener noreferrer nofollow noindex\"\n\t\t\t\t\t\t\t\t\t>\n\t\t\t\t\t\t\t\t\t\tGoogle Agenda\t\t\t\t\t\t\t\t\t<\/a>\n\t\t\t\t\t\t\t\t<\/li>\n\t\t\t\t\t\t\t\t\t\t\t\t\t\t\t<li class=\"tribe-events-c-subscribe-dropdown__list-item tribe-events-c-subscribe-dropdown__list-item--ical\">\n\t\t\t\t\t\t\t\t\t<a\n\t\t\t\t\t\t\t\t\t\thref=\"\"\n\t\t\t\t\t\t\t\t\t\tclass=\"tribe-events-c-subscribe-dropdown__list-item-link\"\n\t\t\t\t\t\t\t\t\t\ttarget=\"_blank\"\n\t\t\t\t\t\t\t\t\t\trel=\"noopener noreferrer nofollow noindex\"\n\t\t\t\t\t\t\t\t\t>\n\t\t\t\t\t\t\t\t\t\tiCalendar\t\t\t\t\t\t\t\t\t<\/a>\n\t\t\t\t\t\t\t\t<\/li>\n\t\t\t\t\t\t\t\t\t\t\t\t\t\t\t<li class=\"tribe-events-c-subscribe-dropdown__list-item tribe-events-c-subscribe-dropdown__list-item--outlook-365\">\n\t\t\t\t\t\t\t\t\t<a\n\t\t\t\t\t\t\t\t\t\thref=\"\"\n\t\t\t\t\t\t\t\t\t\tclass=\"tribe-events-c-subscribe-dropdown__list-item-link\"\n\t\t\t\t\t\t\t\t\t\ttarget=\"_blank\"\n\t\t\t\t\t\t\t\t\t\trel=\"noopener noreferrer nofollow noindex\"\n\t\t\t\t\t\t\t\t\t>\n\t\t\t\t\t\t\t\t\t\tOutlook 365\t\t\t\t\t\t\t\t\t<\/a>\n\t\t\t\t\t\t\t\t<\/li>\n\t\t\t\t\t\t\t\t\t\t\t\t\t\t\t<li class=\"tribe-events-c-subscribe-dropdown__list-item tribe-events-c-subscribe-dropdown__list-item--outlook-live\">\n\t\t\t\t\t\t\t\t\t<a\n\t\t\t\t\t\t\t\t\t\thref=\"\"\n\t\t\t\t\t\t\t\t\t\tclass=\"tribe-events-c-subscribe-dropdown__list-item-link\"\n\t\t\t\t\t\t\t\t\t\ttarget=\"_blank\"\n\t\t\t\t\t\t\t\t\t\trel=\"noopener noreferrer nofollow noindex\"\n\t\t\t\t\t\t\t\t\t>\n\t\t\t\t\t\t\t\t\t\tOutlook Live\t\t\t\t\t\t\t\t\t<\/a>\n\t\t\t\t\t\t\t\t<\/li>\n\t\t\t\t\t\t\t\t\t\t\t\t\t<\/ul>\n\t\t\t\t\t<\/div>\n\t\t\t\t<\/div>\n\t\t\t<\/div>\n\t\t<\/div>\n\t<\/div>\n\n","protected":false},"excerpt":{"rendered":"","protected":false},"author":1,"featured_media":7508,"template":"","meta":{"_monsterinsights_skip_tracking":false,"_monsterinsights_sitenote_active":false,"_monsterinsights_sitenote_note":"","_monsterinsights_sitenote_category":0,"_EventAllDay":false,"_EventTimezone":"Europe\/Paris","_EventStartDate":"2026-01-17 10:00:00","_EventEndDate":"2026-01-17 18:00:00","_EventStartDateUTC":"2026-01-17 09:00:00","_EventEndDateUTC":"2026-01-17 17:00:00","_EventShowMap":false,"_EventShowMapLink":false,"_EventURL":"","_EventCost":"","_EventCostDescription":"","_EventCurrencySymbol":"\u20ac","_EventCurrencyCode":"EUR","_EventCurrencyPosition":"suffix","_EventDateTimeSeparator":" : ","_EventTimeRangeSeparator":"-","_EventOrganizerID":[],"_EventVenueID":[],"_OrganizerEmail":"","_OrganizerPhone":"","_OrganizerWebsite":"","_VenueAddress":"","_VenueCity":"","_VenueCountry":"","_VenueProvince":"","_VenueState":"","_VenueZip":"","_VenuePhone":"","_VenueURL":"","_VenueStateProvince":"","_VenueLat":"","_VenueLng":"","_VenueShowMap":false,"_VenueShowMapLink":false,"_tribe_events_status":"","_tribe_events_status_reason":"","footnotes":""},"tags":[],"tribe_events_cat":[],"class_list":["post-7506","tribe_events","type-tribe_events","status-publish","has-post-thumbnail","hentry"],"aioseo_notices":[],"_links":{"self":[{"href":"https:\/\/academiespatiale.fr\/index.php\/wp-json\/wp\/v2\/tribe_events\/7506","targetHints":{"allow":["GET"]}}],"collection":[{"href":"https:\/\/academiespatiale.fr\/index.php\/wp-json\/wp\/v2\/tribe_events"}],"about":[{"href":"https:\/\/academiespatiale.fr\/index.php\/wp-json\/wp\/v2\/types\/tribe_events"}],"author":[{"embeddable":true,"href":"https:\/\/academiespatiale.fr\/index.php\/wp-json\/wp\/v2\/users\/1"}],"version-history":[{"count":4,"href":"https:\/\/academiespatiale.fr\/index.php\/wp-json\/wp\/v2\/tribe_events\/7506\/revisions"}],"predecessor-version":[{"id":7530,"href":"https:\/\/academiespatiale.fr\/index.php\/wp-json\/wp\/v2\/tribe_events\/7506\/revisions\/7530"}],"wp:featuredmedia":[{"embeddable":true,"href":"https:\/\/academiespatiale.fr\/index.php\/wp-json\/wp\/v2\/media\/7508"}],"wp:attachment":[{"href":"https:\/\/academiespatiale.fr\/index.php\/wp-json\/wp\/v2\/media?parent=7506"}],"wp:term":[{"taxonomy":"post_tag","embeddable":true,"href":"https:\/\/academiespatiale.fr\/index.php\/wp-json\/wp\/v2\/tags?post=7506"},{"taxonomy":"tribe_events_cat","embeddable":true,"href":"https:\/\/academiespatiale.fr\/index.php\/wp-json\/wp\/v2\/tribe_events_cat?post=7506"}],"curies":[{"name":"wp","href":"https:\/\/api.w.org\/{rel}","templated":true}]}}