{"id":6576,"date":"2025-12-02T12:21:51","date_gmt":"2025-12-02T11:21:51","guid":{"rendered":"https:\/\/academiespatiale.fr\/?post_type=tribe_events&#038;p=6576"},"modified":"2025-12-02T12:21:52","modified_gmt":"2025-12-02T11:21:52","slug":"deux-journees-dexception-au-dlr-berlin-lectures-2","status":"publish","type":"tribe_events","link":"https:\/\/academiespatiale.fr\/index.php\/event\/deux-journees-dexception-au-dlr-berlin-lectures-2\/","title":{"rendered":"Deux journ\u00e9es d\u2019exception au DLR \u2013 Berlin Lectures #2"},"content":{"rendered":"<div  class=\"tribe-events-schedule tribe-clearfix\" >\n\t<p class=\"tribe-events-schedule__datetime\">\n\t\t<span class=\"tribe-events-schedule__date tribe-events-schedule__date--start\">\n\t\t\t11 d\u00e9cembre 2025\t\t<\/span>\n\n\t\t\n\t\t\t\t\t\t\t\t\t<span class=\"tribe-events-schedule__separator tribe-events-schedule__separator--time\">\n\t\t\t\t\t&#8211;\t\t\t\t<\/span>\n\t\t\t\n\t\t\t\t\t\t\t<span class=\"tribe-events-schedule__date tribe-events-schedule__date--end\">\n\t\t\t\t\t12 d\u00e9cembre 2025\t\t\t\t<\/span>\n\n\t\t\t\t\n\t\t\t\n\t\t\t\t\t\t<\/p>\n<\/div>\n\n\n\n<div class=\"wp-block-cover is-light\" style=\"padding-top:var(--wp--preset--spacing--80);padding-right:var(--wp--preset--spacing--80);padding-bottom:var(--wp--preset--spacing--80);padding-left:var(--wp--preset--spacing--80)\"><span aria-hidden=\"true\" class=\"wp-block-cover__background has-white-background-color has-background-dim-100 has-background-dim\"><\/span><div class=\"wp-block-cover__inner-container is-layout-constrained wp-container-core-cover-is-layout-10bc4538 wp-block-cover-is-layout-constrained\">\n<p class=\"has-text-align-left\"><strong>Dans le cadre de l\u2019Acad\u00e9mie Spatiale d\u2019\u00eele-de-France, une vingtaine d&rsquo;\u00e9tudiant\u00b7es en masters et doctorats de Plan\u00e9tologie et Cosmologie de l&rsquo;Universit\u00e9 Paris Cit\u00e9, participeront cette ann\u00e9e encore aux \u00ab&nbsp;Berlin Lectures&nbsp;\u00bb les 11 et 12 d\u00e9cembre 2025. <\/strong><\/p>\n\n\n\n<p>Cet \u00e9v\u00e9nement est organis\u00e9 par les Universit\u00e9s de Potsdam, Humboldt et Paris-Cit\u00e9 au sein du DLR, l&rsquo;agence spatiale allemande.<\/p>\n\n\n\n<figure class=\"wp-block-image size-large\"><img loading=\"lazy\" decoding=\"async\" width=\"1024\" height=\"768\" src=\"https:\/\/academiespatiale.fr\/wp-content\/uploads\/2025\/01\/Visite_DLR_Berlin-1024x768.jpg\" alt=\"\" class=\"wp-image-3092\" style=\"aspect-ratio:16\/9;object-fit:cover\" srcset=\"https:\/\/academiespatiale.fr\/wp-content\/uploads\/2025\/01\/Visite_DLR_Berlin-1024x768.jpg 1024w, https:\/\/academiespatiale.fr\/wp-content\/uploads\/2025\/01\/Visite_DLR_Berlin-300x225.jpg 300w, https:\/\/academiespatiale.fr\/wp-content\/uploads\/2025\/01\/Visite_DLR_Berlin-768x576.jpg 768w, https:\/\/academiespatiale.fr\/wp-content\/uploads\/2025\/01\/Visite_DLR_Berlin-1536x1152.jpg 1536w, https:\/\/academiespatiale.fr\/wp-content\/uploads\/2025\/01\/Visite_DLR_Berlin.jpg 1920w\" sizes=\"auto, (max-width: 1024px) 100vw, 1024px\" \/><figcaption class=\"wp-element-caption\">\u00c9dition 2024 des <em>Berlin Lectures<\/em> \u2192 <a href=\"https:\/\/academiespatiale.fr\/index.php\/2025\/01\/24\/berlin-lectures-une-journee-dexception-au-dlr\/\">Berlin Lectures : une journ\u00e9e d\u2019exception au DLR<\/a><\/figcaption><\/figure>\n\n\n\n<div style=\"height:20px\" aria-hidden=\"true\" class=\"wp-block-spacer\"><\/div>\n\n\n\n<p>Cette ann\u00e9e, l&rsquo;\u00e9v\u00e8nement se tiendra sur deux jours et sera l&rsquo;occasion d&rsquo;approfondir les connaissances scientifiques  des participant\u00b7es tout en d\u00e9couvrant les derni\u00e8res avanc\u00e9es en sciences plan\u00e9taires. Au programme, des conf\u00e9rences pr\u00e9sent\u00e9es par des expertes et des experts europ\u00e9ens : \u00e9volution thermique des plan\u00e8tes terrestres, tectonique de surface, g\u00e9n\u00e9ration des champs magn\u00e9tiques plan\u00e9taire, etc.<\/p>\n\n\n\n<hr class=\"wp-block-separator has-alpha-channel-opacity\"\/>\n\n\n\n<h5 class=\"wp-block-heading\"><strong>Programme d\u00e9taill\u00e9<\/strong><\/h5>\n\n\n\n<ul class=\"wp-block-list\">\n<li>Jeudi 11 d\u00e9cembre 2024<\/li>\n<\/ul>\n\n\n\n<p>10:30-10:35 \u2192 Welcome and Introduction<br>10:35-12:00 \u2192 Interior structure and thermal evolution of terrestrial planets part.I &#8211; Doris Breuer<br> <em>12:00-13:00 \u2192 Lunch<br><\/em>13:00-14:00 \u2192 Interior structure and thermal evolution of terrestrial planets part.II &#8211; Doris Breuer<br>14:00-14:45 \u2192 Through the clouds of Venus: unveiling the Mysteries of Earth&rsquo;s Evil Twin with the next decade of missions &#8211; Giulia Alemanno<br> <em>14:45-15:00 \u2192 Break<br><\/em>15:00-16:15 \u2192 Lab Visit (Infrared-Lab and Lips Raman Lab)<br>16:15-17:00 \u2192 Martian Highlands Differentiation Concomitant to Dichotomy Formation &#8211; Valentin Bonnet<\/p>\n\n\n\n<ul class=\"wp-block-list\">\n<li>Vendredi 12 d\u00e9cembre 2025<\/li>\n<\/ul>\n\n\n\n<p>09:00-10:00 \u2192 Surface tectonics as a tool to probe the geodynamic history of a planet &#8211; Adrien Broquet<br><em>10:00\u201310:15 \u2192 Break<\/em><br>10:15\u201311:00 \u2192 Role of Magmatic Styles in Planetary Thermal History &#8211; Carianna Herrera<br>11:00\u201312:00 \u2192 The habitability of rocky worlds: lessons from early Earth and the promise of directly imaged exo-Earths &#8211; Arnaud Salvador<br><em>12:00\u201313:00 \u2192 Lunch<\/em><br>13:00\u201313:30 \u2192 Lunar petrology &#8211; Sabrina Schwinger<br>13:30\u201314:15 \u2192 Thermal evolution of the Moon &#8211; Saba Santangelo<br>14:15\u201314:45 \u2192 Formation of the lunar crust from a crystallized magma ocean &#8211; Irene Bernt, Doris Breuer<br><em>14:45\u201315:00 \u2192 Break<\/em><br>15:00\u201316:30 \u2192 Paper presentations (French students)<br>16:30\u201317:15 \u2192 Magnetic field generation in terrestrial planets &#8211; Doris Breuer<\/p>\n\n\n\n<hr class=\"wp-block-separator has-alpha-channel-opacity\"\/>\n\n\n\n<h5 class=\"wp-block-heading\">Paper presentations:<\/h5>\n\n\n\n<p>Broquet, Adrien und Rolser, Felix und Plesa, Ana-Catalina und Breuer, Doris und Hussmann, Hauke (2024) <em>Mercury&rsquo;s Crustal Porosity as Constrained by the Planet&rsquo;s Bombardment History<\/em>. Geophysical Research Letters, 51 (21). Wiley. <a href=\"http:\/\/dx.doi.org\/10.1029\/2024GL110583\" target=\"_blank\" rel=\"noopener\" title=\"\">doi: 10.1029\/2024GL110583<\/a>. ISSN 0094-8276.<\/p>\n\n\n\n<p>Fleury, Aymeric und Plesa, Ana-Catalina und Tosi, Nicola und Walterova, Michaela und Breuer, Doris (2024) <em>Variations of Heat Flux and Elastic Thickness of Mercury From 3-D Thermal Evolution Modeling<\/em>. Geophysical Research Letters, 51 (21). Wiley. <a href=\"http:\/\/dx.doi.org\/10.1029\/2024GL110622\" target=\"_blank\" rel=\"noopener\" title=\"\">doi: 10.1029\/2024GL110622<\/a>. ISSN 0094-8276.<\/p>\n\n\n\n<p>Manske, Lukas und Ruedas Gomez, Thomas und Plesa, Ana-Catalina und Baumeister, Philipp und Tosi, Nicola und Artemieva, Natalia A. und W\u00fcnnemann, Kai (2025) <em>The Influence of Interior Structure and Thermal State on Impact Melt Generation Upon Large Impacts Onto Terrestrial Planets<\/em>. Journal of Geophysical Research: Planets, 130 (7). Wiley. <a href=\"http:\/\/dx.doi.org\/10.1029\/2024JE008481\" target=\"_blank\" rel=\"noopener\" title=\"\">doi: 10.1029\/2024JE008481<\/a>. ISSN 2169-9097.<\/p>\n\n\n\n<p>Maurice, Maxime und Tosi, Nicola und H\u00fcttig, Christian (2024) <em>Small-scale overturn of high-Ti cumulates promoted by the long lifetime of the lunar magma ocean<\/em>. Journal of Geophysical Research: Planets, 129 (2), e2023JE008060. Wiley. <a href=\"http:\/\/dx.doi.org\/10.1029\/2023JE008060\" target=\"_blank\" rel=\"noopener\" title=\"\">doi: 10.1029\/2023JE008060<\/a>. ISSN 2169-9097.<\/p>\n\n\n\n<p>Spohn, T., M\u00fcller, N., Knollenberg, J., Grott, M., Golombek, M. P., Plesa, A.-C., et al. (2024).<em> Mars soil temperature and thermal properties from InSight HP3 data<\/em>. Geophysical Research Letters, 51, e2024GL108600. <a href=\"https:\/\/doi.org\/10.1029\/2024GL108600\" target=\"_blank\" rel=\"noopener\" title=\"\">doi: 10.1029\/2024GL10860<\/a><\/p>\n\n\n\n<div style=\"height:50px\" aria-hidden=\"true\" class=\"wp-block-spacer\"><\/div>\n\n\n<div class=\"wp-block-image\">\n<figure class=\"aligncenter size-medium\"><img loading=\"lazy\" decoding=\"async\" width=\"300\" height=\"167\" src=\"https:\/\/academiespatiale.fr\/wp-content\/uploads\/2025\/01\/DLR-300x167.png\" alt=\"\" class=\"wp-image-3093\" srcset=\"https:\/\/academiespatiale.fr\/wp-content\/uploads\/2025\/01\/DLR-300x167.png 300w, https:\/\/academiespatiale.fr\/wp-content\/uploads\/2025\/01\/DLR-768x427.png 768w, https:\/\/academiespatiale.fr\/wp-content\/uploads\/2025\/01\/DLR.png 900w\" sizes=\"auto, (max-width: 300px) 100vw, 300px\" \/><\/figure>\n<\/div>\n\n\n<div class=\"wp-block-columns are-vertically-aligned-center is-layout-flex wp-container-core-columns-is-layout-28f84493 wp-block-columns-is-layout-flex\">\n<div class=\"wp-block-column is-vertically-aligned-center is-layout-flow wp-block-column-is-layout-flow\"><div class=\"wp-block-image\">\n<figure class=\"aligncenter size-large is-resized\"><img loading=\"lazy\" decoding=\"async\" width=\"1024\" height=\"538\" src=\"https:\/\/academiespatiale.fr\/wp-content\/uploads\/2025\/12\/Universite_Humboldt-1024x538.png\" alt=\"\" class=\"wp-image-6573\" style=\"width:auto;height:100px\" srcset=\"https:\/\/academiespatiale.fr\/wp-content\/uploads\/2025\/12\/Universite_Humboldt-1024x538.png 1024w, https:\/\/academiespatiale.fr\/wp-content\/uploads\/2025\/12\/Universite_Humboldt-300x158.png 300w, https:\/\/academiespatiale.fr\/wp-content\/uploads\/2025\/12\/Universite_Humboldt-768x403.png 768w, https:\/\/academiespatiale.fr\/wp-content\/uploads\/2025\/12\/Universite_Humboldt.png 1200w\" sizes=\"auto, (max-width: 1024px) 100vw, 1024px\" \/><\/figure>\n<\/div><\/div>\n\n\n\n<div class=\"wp-block-column is-vertically-aligned-center is-layout-flow wp-block-column-is-layout-flow\"><div class=\"wp-block-image\">\n<figure class=\"aligncenter size-full is-resized\"><img loading=\"lazy\" decoding=\"async\" width=\"599\" height=\"172\" src=\"https:\/\/academiespatiale.fr\/wp-content\/uploads\/2025\/12\/University-Potsdam-Germany2.png\" alt=\"\" class=\"wp-image-6572\" style=\"width:auto;height:60px\" srcset=\"https:\/\/academiespatiale.fr\/wp-content\/uploads\/2025\/12\/University-Potsdam-Germany2.png 599w, https:\/\/academiespatiale.fr\/wp-content\/uploads\/2025\/12\/University-Potsdam-Germany2-300x86.png 300w\" sizes=\"auto, (max-width: 599px) 100vw, 599px\" \/><\/figure>\n<\/div><\/div>\n\n\n\n<div class=\"wp-block-column is-vertically-aligned-center is-layout-flow wp-block-column-is-layout-flow\"><div class=\"wp-block-image\">\n<figure class=\"aligncenter size-large is-resized\"><img loading=\"lazy\" decoding=\"async\" width=\"1024\" height=\"390\" src=\"https:\/\/academiespatiale.fr\/wp-content\/uploads\/2024\/04\/UniversiteParisCite_RVB-1024x390.jpg\" alt=\"\" class=\"wp-image-226\" style=\"width:auto;height:80px\" srcset=\"https:\/\/academiespatiale.fr\/wp-content\/uploads\/2024\/04\/UniversiteParisCite_RVB-1024x390.jpg 1024w, https:\/\/academiespatiale.fr\/wp-content\/uploads\/2024\/04\/UniversiteParisCite_RVB-300x114.jpg 300w, https:\/\/academiespatiale.fr\/wp-content\/uploads\/2024\/04\/UniversiteParisCite_RVB-768x293.jpg 768w, https:\/\/academiespatiale.fr\/wp-content\/uploads\/2024\/04\/UniversiteParisCite_RVB-1536x586.jpg 1536w, https:\/\/academiespatiale.fr\/wp-content\/uploads\/2024\/04\/UniversiteParisCite_RVB.jpg 1836w\" sizes=\"auto, (max-width: 1024px) 100vw, 1024px\" \/><\/figure>\n<\/div><\/div>\n<\/div>\n\n\n\n<p class=\"has-text-align-left\"><\/p>\n<\/div><\/div>\n\n\n\t<div  class=\"tribe-block tribe-block__events-link\" >\n\t\t<div class=\"tribe-events tribe-common\">\n\t\t\t<div class=\"tribe-events-c-subscribe-dropdown__container\">\n\t\t\t\t<div class=\"tribe-events-c-subscribe-dropdown\">\n\t\t\t\t\t<div class=\"tribe-common-c-btn-border tribe-events-c-subscribe-dropdown__button\">\n\t\t\t\t\t\t<svg\n\t class=\"tribe-common-c-svgicon tribe-common-c-svgicon--cal-export tribe-events-c-subscribe-dropdown__export-icon\" \taria-hidden=\"true\"\n\tviewBox=\"0 0 23 17\"\n\txmlns=\"http:\/\/www.w3.org\/2000\/svg\"\n>\n\t<path fill-rule=\"evenodd\" clip-rule=\"evenodd\" d=\"M.128.896V16.13c0 .211.145.383.323.383h15.354c.179 0 .323-.172.323-.383V.896c0-.212-.144-.383-.323-.383H.451C.273.513.128.684.128.896Zm16 6.742h-.901V4.679H1.009v10.729h14.218v-3.336h.901V7.638ZM1.01 1.614h14.218v2.058H1.009V1.614Z\" \/>\n\t<path d=\"M20.5 9.846H8.312M18.524 6.953l2.89 2.909-2.855 2.855\" stroke-width=\"1.2\" stroke-linecap=\"round\" stroke-linejoin=\"round\"\/>\n<\/svg>\n\t\t\t\t\t\t<button\n\t\t\t\t\t\t\tclass=\"tribe-events-c-subscribe-dropdown__button-text\"\n\t\t\t\t\t\t\taria-expanded=\"false\"\n\t\t\t\t\t\t\taria-controls=\"tribe-events-subscribe-dropdown-content\"\n\t\t\t\t\t\t\taria-label=\"Afficher les liens permettant d\u2019ajouter des \u00e9v\u00e8nements \u00e0 votre calendrier\"\n\t\t\t\t\t\t>\n\t\t\t\t\t\t\tAjouter au calendrier\t\t\t\t\t\t<\/button>\n\t\t\t\t\t\t<svg\n\t class=\"tribe-common-c-svgicon tribe-common-c-svgicon--caret-down tribe-events-c-subscribe-dropdown__button-icon\" \taria-hidden=\"true\"\n\tviewBox=\"0 0 10 7\"\n\txmlns=\"http:\/\/www.w3.org\/2000\/svg\"\n>\n\t<path fill-rule=\"evenodd\" clip-rule=\"evenodd\" d=\"M1.008.609L5 4.6 8.992.61l.958.958L5 6.517.05 1.566l.958-.958z\" class=\"tribe-common-c-svgicon__svg-fill\"\/>\n<\/svg>\n\t\t\t\t\t<\/div>\n\t\t\t\t\t<div id=\"tribe-events-subscribe-dropdown-content\" class=\"tribe-events-c-subscribe-dropdown__content\">\n\t\t\t\t\t\t<ul class=\"tribe-events-c-subscribe-dropdown__list\">\n\t\t\t\t\t\t\t\t\t\t\t\t\t\t\t<li class=\"tribe-events-c-subscribe-dropdown__list-item tribe-events-c-subscribe-dropdown__list-item--gcal\">\n\t\t\t\t\t\t\t\t\t<a\n\t\t\t\t\t\t\t\t\t\thref=\"https:\/\/www.google.com\/calendar\/event?action=TEMPLATE&#038;dates=20251211T000000\/20251212T235959&#038;text=Deux%20journ%C3%A9es%20d%E2%80%99exception%20au%20DLR%20%E2%80%93%20Berlin%20Lectures%20%232&#038;details=%3Cdiv+class%3D%22wp-block-cover+is-light%22+style%3D%22padding-top%3Avar%28--wp--preset--spacing--80%29%3Bpadding-right%3Avar%28--wp--preset--spacing--80%29%3Bpadding-bottom%3Avar%28--wp--preset--spacing--80%29%3Bpadding-left%3Avar%28--wp--preset--spacing--80%29%22%3E%3Cspan+aria-hidden%3D%22true%22+class%3D%22wp-block-cover__background+has-white-background-color+has-background-dim-100+has-background-dim%22%3E%3C%2Fspan%3E%3Cdiv+class%3D%22wp-block-cover__inner-container%22%3E%3Cp+class%3D%22has-text-align-left%22%3E%3Cstrong%3EDans+le+cadre+de+l%E2%80%99Acad%C3%A9mie+Spatiale+d%E2%80%99%C3%AEle-de-France%2C+une+vingtaine+d%27%C3%A9tudiant%C2%B7es+en+masters+et+doctorats+de+Plan%C3%A9tologie+et+Cosmologie+de+l%27Universit%C3%A9+Paris+Cit%C3%A9%2C+participeront+cette+ann%C3%A9e+encore+aux+%C2%AB%26nbsp%3BBerlin+Lectures%26nbsp%3B%C2%BB+les+11+et+12+d%C3%A9cembre+2025.+%3C%2Fstrong%3E%3C%2Fp%3E+%3Cp%3ECet+%C3%A9v%C3%A9nement+est+organis%C3%A9+par+les+Universit%C3%A9s+de+Potsdam%2C+Humboldt+et+Paris-Cit%C3%A9+au+sein+du+DLR%2C+l%27agence+spatiale+allemande.%3C%2Fp%3E+%3Cfigure+class%3D%22wp-block-image+size-large%22%3E%3Cimg+src%3D%22https%3A%2F%2Facademiespatiale.fr%2Fwp-content%2Fuploads%2F2025%2F01%2FVisite_%3C%2Ffigure%3E%3C%2Fdiv%3E%3C%2Fdiv%3E%28Voir+toute+la+description+de+%C3%A9v%C3%A8nement+ici%C2%A0%3A+https%3A%2F%2Facademiespatiale.fr%2Findex.php%2Fevent%2Fdeux-journees-dexception-au-dlr-berlin-lectures-2%2F%29&#038;trp=false&#038;ctz=Europe\/Paris&#038;sprop=website:https:\/\/academiespatiale.fr\"\n\t\t\t\t\t\t\t\t\t\tclass=\"tribe-events-c-subscribe-dropdown__list-item-link\"\n\t\t\t\t\t\t\t\t\t\ttarget=\"_blank\"\n\t\t\t\t\t\t\t\t\t\trel=\"noopener noreferrer nofollow noindex\"\n\t\t\t\t\t\t\t\t\t>\n\t\t\t\t\t\t\t\t\t\tGoogle Agenda\t\t\t\t\t\t\t\t\t<\/a>\n\t\t\t\t\t\t\t\t<\/li>\n\t\t\t\t\t\t\t\t\t\t\t\t\t\t\t<li class=\"tribe-events-c-subscribe-dropdown__list-item tribe-events-c-subscribe-dropdown__list-item--ical\">\n\t\t\t\t\t\t\t\t\t<a\n\t\t\t\t\t\t\t\t\t\thref=\"\"\n\t\t\t\t\t\t\t\t\t\tclass=\"tribe-events-c-subscribe-dropdown__list-item-link\"\n\t\t\t\t\t\t\t\t\t\ttarget=\"_blank\"\n\t\t\t\t\t\t\t\t\t\trel=\"noopener noreferrer nofollow noindex\"\n\t\t\t\t\t\t\t\t\t>\n\t\t\t\t\t\t\t\t\t\tiCalendar\t\t\t\t\t\t\t\t\t<\/a>\n\t\t\t\t\t\t\t\t<\/li>\n\t\t\t\t\t\t\t\t\t\t\t\t\t\t\t<li class=\"tribe-events-c-subscribe-dropdown__list-item tribe-events-c-subscribe-dropdown__list-item--outlook-365\">\n\t\t\t\t\t\t\t\t\t<a\n\t\t\t\t\t\t\t\t\t\thref=\"\"\n\t\t\t\t\t\t\t\t\t\tclass=\"tribe-events-c-subscribe-dropdown__list-item-link\"\n\t\t\t\t\t\t\t\t\t\ttarget=\"_blank\"\n\t\t\t\t\t\t\t\t\t\trel=\"noopener noreferrer nofollow noindex\"\n\t\t\t\t\t\t\t\t\t>\n\t\t\t\t\t\t\t\t\t\tOutlook 365\t\t\t\t\t\t\t\t\t<\/a>\n\t\t\t\t\t\t\t\t<\/li>\n\t\t\t\t\t\t\t\t\t\t\t\t\t\t\t<li class=\"tribe-events-c-subscribe-dropdown__list-item tribe-events-c-subscribe-dropdown__list-item--outlook-live\">\n\t\t\t\t\t\t\t\t\t<a\n\t\t\t\t\t\t\t\t\t\thref=\"\"\n\t\t\t\t\t\t\t\t\t\tclass=\"tribe-events-c-subscribe-dropdown__list-item-link\"\n\t\t\t\t\t\t\t\t\t\ttarget=\"_blank\"\n\t\t\t\t\t\t\t\t\t\trel=\"noopener noreferrer nofollow noindex\"\n\t\t\t\t\t\t\t\t\t>\n\t\t\t\t\t\t\t\t\t\tOutlook Live\t\t\t\t\t\t\t\t\t<\/a>\n\t\t\t\t\t\t\t\t<\/li>\n\t\t\t\t\t\t\t\t\t\t\t\t\t<\/ul>\n\t\t\t\t\t<\/div>\n\t\t\t\t<\/div>\n\t\t\t<\/div>\n\t\t<\/div>\n\t<\/div>\n\n","protected":false},"excerpt":{"rendered":"","protected":false},"author":1,"featured_media":3095,"template":"","meta":{"_monsterinsights_skip_tracking":false,"_monsterinsights_sitenote_active":false,"_monsterinsights_sitenote_note":"","_monsterinsights_sitenote_category":0,"_EventAllDay":true,"_EventTimezone":"Europe\/Paris","_EventStartDate":"2025-12-11 00:00:00","_EventEndDate":"2025-12-12 23:59:59","_EventStartDateUTC":"2025-12-10 23:00:00","_EventEndDateUTC":"2025-12-12 22:59:59","_EventShowMap":false,"_EventShowMapLink":false,"_EventURL":"","_EventCost":"","_EventCostDescription":"","_EventCurrencySymbol":"\u20ac","_EventCurrencyCode":"EUR","_EventCurrencyPosition":"suffix","_EventDateTimeSeparator":" : ","_EventTimeRangeSeparator":"-","_EventOrganizerID":[],"_EventVenueID":[],"_OrganizerEmail":"","_OrganizerPhone":"","_OrganizerWebsite":"","_VenueAddress":"","_VenueCity":"","_VenueCountry":"","_VenueProvince":"","_VenueState":"","_VenueZip":"","_VenuePhone":"","_VenueURL":"","_VenueStateProvince":"","_VenueLat":"","_VenueLng":"","_VenueShowMap":false,"_VenueShowMapLink":false,"_tribe_events_status":"","_tribe_events_status_reason":"","footnotes":""},"tags":[],"tribe_events_cat":[],"class_list":["post-6576","tribe_events","type-tribe_events","status-publish","has-post-thumbnail","hentry"],"aioseo_notices":[],"_links":{"self":[{"href":"https:\/\/academiespatiale.fr\/index.php\/wp-json\/wp\/v2\/tribe_events\/6576","targetHints":{"allow":["GET"]}}],"collection":[{"href":"https:\/\/academiespatiale.fr\/index.php\/wp-json\/wp\/v2\/tribe_events"}],"about":[{"href":"https:\/\/academiespatiale.fr\/index.php\/wp-json\/wp\/v2\/types\/tribe_events"}],"author":[{"embeddable":true,"href":"https:\/\/academiespatiale.fr\/index.php\/wp-json\/wp\/v2\/users\/1"}],"version-history":[{"count":1,"href":"https:\/\/academiespatiale.fr\/index.php\/wp-json\/wp\/v2\/tribe_events\/6576\/revisions"}],"predecessor-version":[{"id":6577,"href":"https:\/\/academiespatiale.fr\/index.php\/wp-json\/wp\/v2\/tribe_events\/6576\/revisions\/6577"}],"wp:featuredmedia":[{"embeddable":true,"href":"https:\/\/academiespatiale.fr\/index.php\/wp-json\/wp\/v2\/media\/3095"}],"wp:attachment":[{"href":"https:\/\/academiespatiale.fr\/index.php\/wp-json\/wp\/v2\/media?parent=6576"}],"wp:term":[{"taxonomy":"post_tag","embeddable":true,"href":"https:\/\/academiespatiale.fr\/index.php\/wp-json\/wp\/v2\/tags?post=6576"},{"taxonomy":"tribe_events_cat","embeddable":true,"href":"https:\/\/academiespatiale.fr\/index.php\/wp-json\/wp\/v2\/tribe_events_cat?post=6576"}],"curies":[{"name":"wp","href":"https:\/\/api.w.org\/{rel}","templated":true}]}}