{"id":6415,"date":"2025-11-21T17:30:27","date_gmt":"2025-11-21T16:30:27","guid":{"rendered":"https:\/\/academiespatiale.fr\/?post_type=tribe_events&#038;p=6415"},"modified":"2026-01-09T15:15:53","modified_gmt":"2026-01-09T14:15:53","slug":"seminaire-le-radar-en-observation-terrestre-nouvelles-perspectives","status":"publish","type":"tribe_events","link":"https:\/\/academiespatiale.fr\/index.php\/event\/seminaire-le-radar-en-observation-terrestre-nouvelles-perspectives\/","title":{"rendered":"[S\u00e9minaire IPGP] Le radar en observation terrestre : nouvelles perspectives"},"content":{"rendered":"<div  class=\"tribe-events-schedule tribe-clearfix\" >\n\t<p class=\"tribe-events-schedule__datetime\">\n\t\t<span class=\"tribe-events-schedule__date tribe-events-schedule__date--start\">\n\t\t\t5 d\u00e9cembre 2025\t\t<\/span>\n\n\t\t\t\t\t<span class=\"tribe-events-schedule__separator tribe-events-schedule__separator--date\">\n\t\t\t\t : \t\t\t<\/span>\n\t\t\t<span class=\"tribe-events-schedule__time tribe-events-schedule__time--start\">\n\t\t\t\t14h00\t\t\t<\/span>\n\t\t\n\t\t\t\t\t\t\t\t\t<span class=\"tribe-events-schedule__separator tribe-events-schedule__separator--time\">\n\t\t\t\t\t&#8211;\t\t\t\t<\/span>\n\t\t\t\n\t\t\t\t\t\t\t<span class=\"tribe-events-schedule__time tribe-events-schedule__time--end\">\n\t\t\t\t\t15h00\t\t\t\t<\/span>\n\t\t\t\n\t\t\t\t\t\t<\/p>\n<\/div>\n\n\n\n<div class=\"wp-block-cover is-light\" style=\"padding-top:var(--wp--preset--spacing--80);padding-right:var(--wp--preset--spacing--80);padding-bottom:var(--wp--preset--spacing--80);padding-left:var(--wp--preset--spacing--80);min-height:470px;aspect-ratio:unset;\"><span aria-hidden=\"true\" class=\"wp-block-cover__background has-white-background-color has-background-dim-100 has-background-dim\"><\/span><div class=\"wp-block-cover__inner-container is-layout-constrained wp-container-core-cover-is-layout-10bc4538 wp-block-cover-is-layout-constrained\">\n<p class=\"has-text-align-left\"><strong>Elise Colin, ing\u00e9nieure de recherche \u00e0 l&rsquo;ONERA, pr\u00e9sentera le vendredi 5 d\u00e9cembre 2025, un s\u00e9minaire intitul\u00e9 : \u00ab&nbsp;Le radar en observation terrestre : nouvelles perspectives&nbsp;\u00bb.<\/strong><\/p>\n\n\n\n<p class=\"has-text-align-left\">Ce s\u00e9minaire est organis\u00e9 par les Masters 2 FRS, GAED \/ TGAE et IG-AST de l\u2019Universit\u00e9 Paris-Cit\u00e9, de Sorbonne Universit\u00e9 et de l&rsquo;ENSG, dans le cadre de leur s\u00e9rie annuelle d\u00e9di\u00e9e \u00e0 l\u2019observation spatiale, la g\u00e9omatique et leurs applications.<\/p>\n\n\n\n<div class=\"wp-block-columns is-layout-flex wp-container-core-columns-is-layout-28f84493 wp-block-columns-is-layout-flex\">\n<div class=\"wp-block-column is-vertically-aligned-center is-layout-flow wp-block-column-is-layout-flow\" style=\"flex-basis:66.66%\">\n<p class=\"has-text-align-center\"><strong>Le radar en observation terrestre : nouvelles perspectives&nbsp;<\/strong><\/p>\n\n\n\n<p class=\"has-text-align-center\">Vendredi 6 d\u00e9cembre 2025 \u00e0 14h<br>IPGP, salle P07 Outremer<\/p>\n\n\n\n<p class=\"has-text-align-center\">Entr\u00e9e libre, ouvert au public<\/p>\n<\/div>\n\n\n\n<div class=\"wp-block-column is-layout-flow wp-block-column-is-layout-flow\" style=\"flex-basis:33.33%\">\n<figure class=\"wp-block-image size-full\"><img loading=\"lazy\" decoding=\"async\" width=\"750\" height=\"500\" src=\"https:\/\/academiespatiale.fr\/wp-content\/uploads\/2025\/11\/Seminaire_IPGP-UPCite_2025-2026_colin.png\" alt=\"\" class=\"wp-image-6427\" srcset=\"https:\/\/academiespatiale.fr\/wp-content\/uploads\/2025\/11\/Seminaire_IPGP-UPCite_2025-2026_colin.png 750w, https:\/\/academiespatiale.fr\/wp-content\/uploads\/2025\/11\/Seminaire_IPGP-UPCite_2025-2026_colin-300x200.png 300w, https:\/\/academiespatiale.fr\/wp-content\/uploads\/2025\/11\/Seminaire_IPGP-UPCite_2025-2026_colin-360x240.png 360w\" sizes=\"auto, (max-width: 750px) 100vw, 750px\" \/><\/figure>\n<\/div>\n<\/div>\n\n\n\n<p>R\u00c9SUM\u00c9<br>Les images radar ont cette particularit\u00e9 enviable de pouvoir \u00eatre acquises de jour comme de nuit et quelles que soient les conditions m\u00e9t\u00e9o. Pourtant, malgr\u00e9 cet atout remarquable, elles ont longtemps cultiv\u00e9 une r\u00e9putation intimidante \u2014 leur g\u00e9om\u00e9trie parfois contre-intuitive, leur mode d&rsquo;acquisition particulier, la pr\u00e9sence de speckle, leurs modes avanc\u00e9s tels que la polarim\u00e9trie, l&rsquo;interf\u00e9rom\u00e9trie&#8230;, ont donn\u00e9 \u00e0 plus d\u2019un analyste l\u2019impression d\u2019un univers r\u00e9serv\u00e9 aux initi\u00e9s. Historiquement d\u00e9velopp\u00e9e dans un contexte essentiellement militaire, l\u2019imagerie radar a progressivement \u00e9volu\u00e9 vers des usages civils et environnementaux, dynamis\u00e9s par l\u2019av\u00e8nement de missions satellitaires majeures telles que Sentinel-1, Biomass ou NiSAR, ainsi que par l\u2019\u00e9mergence d\u2019acteurs commerciaux proposant des r\u00e9solutions sans pr\u00e9c\u00e9dent (Capella, ICEYE, Umbra). Ce s\u00e9minaire proposera d\u2019abord un bref retour historique sur l\u2019\u00e9volution de l\u2019imagerie radar et sur les contributions structurantes de l\u2019Onera dans ce domaine. Il s\u2019agira ensuite de clarifier les fondements physiques et g\u00e9om\u00e9triques qui distinguent fondamentalement une image radar d\u2019une image optique, afin de mieux comprendre les applications cl\u00e9s o\u00f9 cette technologie devient indispensable \u2014 surveillance des milieux forestiers, de la cryosph\u00e8re, suivi des d\u00e9formations du sol, gestion des risques naturels, entre autres \u2014 ainsi que les d\u00e9fis scientifiques encore ouverts pour utiliser au mieux ces images. Enfin, une attention particuli\u00e8re sera port\u00e9e \u00e0 l\u2019essor des s\u00e9ries temporelles radar, aujourd\u2019hui au c\u0153ur des efforts de recherche pour leur potentiel in\u00e9dit dans la caract\u00e9risation fine des processus dynamiques \u00e0 la surface de la Terre.&nbsp;<\/p>\n\n\n\n<p class=\"has-background-color-background-color has-background\">Voir tous les webinaires<br>\u2192 <a href=\"https:\/\/academiespatiale.fr\/index.php\/2025\/11\/21\/seminaire-ipgp-2025-2026\/\">Cycle de s\u00e9minaire IPGP \u2013 Observation spatiale et g\u00e9omatique &#8211; Acad\u00e9mie Spatiale d&rsquo;\u00cele-de-France<\/a><br><br>Site officiel<br>\u2192 <a href=\"http:\/\/teledetection.ipgp.fr\/mpt\/MPT_seminaires.htm\" target=\"_blank\" rel=\"noopener\" title=\"\">Seminaires t\u00e9l\u00e9d\u00e9tection IPGP 2025-2026<\/a><\/p>\n<\/div><\/div>\n\n\n\t<div  class=\"tribe-block tribe-block__events-link\" >\n\t\t<div class=\"tribe-events tribe-common\">\n\t\t\t<div class=\"tribe-events-c-subscribe-dropdown__container\">\n\t\t\t\t<div class=\"tribe-events-c-subscribe-dropdown\">\n\t\t\t\t\t<div class=\"tribe-common-c-btn-border tribe-events-c-subscribe-dropdown__button\">\n\t\t\t\t\t\t<svg\n\t class=\"tribe-common-c-svgicon tribe-common-c-svgicon--cal-export tribe-events-c-subscribe-dropdown__export-icon\" \taria-hidden=\"true\"\n\tviewBox=\"0 0 23 17\"\n\txmlns=\"http:\/\/www.w3.org\/2000\/svg\"\n>\n\t<path fill-rule=\"evenodd\" clip-rule=\"evenodd\" d=\"M.128.896V16.13c0 .211.145.383.323.383h15.354c.179 0 .323-.172.323-.383V.896c0-.212-.144-.383-.323-.383H.451C.273.513.128.684.128.896Zm16 6.742h-.901V4.679H1.009v10.729h14.218v-3.336h.901V7.638ZM1.01 1.614h14.218v2.058H1.009V1.614Z\" \/>\n\t<path d=\"M20.5 9.846H8.312M18.524 6.953l2.89 2.909-2.855 2.855\" stroke-width=\"1.2\" stroke-linecap=\"round\" stroke-linejoin=\"round\"\/>\n<\/svg>\n\t\t\t\t\t\t<button\n\t\t\t\t\t\t\tclass=\"tribe-events-c-subscribe-dropdown__button-text\"\n\t\t\t\t\t\t\taria-expanded=\"false\"\n\t\t\t\t\t\t\taria-controls=\"tribe-events-subscribe-dropdown-content\"\n\t\t\t\t\t\t\taria-label=\"Afficher les liens permettant d\u2019ajouter des \u00e9v\u00e8nements \u00e0 votre calendrier\"\n\t\t\t\t\t\t>\n\t\t\t\t\t\t\tAjouter au calendrier\t\t\t\t\t\t<\/button>\n\t\t\t\t\t\t<svg\n\t class=\"tribe-common-c-svgicon tribe-common-c-svgicon--caret-down tribe-events-c-subscribe-dropdown__button-icon\" \taria-hidden=\"true\"\n\tviewBox=\"0 0 10 7\"\n\txmlns=\"http:\/\/www.w3.org\/2000\/svg\"\n>\n\t<path fill-rule=\"evenodd\" clip-rule=\"evenodd\" d=\"M1.008.609L5 4.6 8.992.61l.958.958L5 6.517.05 1.566l.958-.958z\" class=\"tribe-common-c-svgicon__svg-fill\"\/>\n<\/svg>\n\t\t\t\t\t<\/div>\n\t\t\t\t\t<div id=\"tribe-events-subscribe-dropdown-content\" class=\"tribe-events-c-subscribe-dropdown__content\">\n\t\t\t\t\t\t<ul class=\"tribe-events-c-subscribe-dropdown__list\">\n\t\t\t\t\t\t\t\t\t\t\t\t\t\t\t<li class=\"tribe-events-c-subscribe-dropdown__list-item tribe-events-c-subscribe-dropdown__list-item--gcal\">\n\t\t\t\t\t\t\t\t\t<a\n\t\t\t\t\t\t\t\t\t\thref=\"https:\/\/www.google.com\/calendar\/event?action=TEMPLATE&#038;dates=20251205T140000\/20251205T150000&#038;text=%5BS%C3%A9minaire%20IPGP%5D%20Le%20radar%20en%20observation%20terrestre%20%3A%20nouvelles%20perspectives&#038;details=%3Cdiv+class%3D%22wp-block-cover+is-light%22+style%3D%22padding-top%3Avar%28--wp--preset--spacing--80%29%3Bpadding-right%3Avar%28--wp--preset--spacing--80%29%3Bpadding-bottom%3Avar%28--wp--preset--spacing--80%29%3Bpadding-left%3Avar%28--wp--preset--spacing--80%29%3Bmin-height%3A470px%22%3E%3Cspan+aria-hidden%3D%22true%22+class%3D%22wp-block-cover__background+has-white-background-color+has-background-dim-100+has-background-dim%22%3E%3C%2Fspan%3E%3Cdiv+class%3D%22wp-block-cover__inner-container%22%3E%3Cp+class%3D%22has-text-align-left%22%3E%3Cstrong%3EElise+Colin%2C+ing%C3%A9nieure+de+recherche+%C3%A0+l%27ONERA%2C+pr%C3%A9sentera+le+vendredi+5+d%C3%A9cembre+2025%2C+un+s%C3%A9minaire+intitul%C3%A9+%3A+%C2%AB%26nbsp%3BLe+radar+en+observation+terrestre+%3A+nouvelles+perspectives%26nbsp%3B%C2%BB.%3C%2Fstrong%3E%3C%2Fp%3E+%3Cp+class%3D%22has-text-align-left%22%3ECe+s%C3%A9minaire+est+organis%C3%A9+par+les+Masters+2+FRS%2C+GAED+%2F+TGAE+et+IG-AST+de+l%E2%80%99Universit%C3%A9+Paris-Cit%C3%A9%2C+de+Sorbonne+Universit%C3%A9+et+de+l%27ENSG%2C+dans+le+cadre+de+leur+s%C3%A9rie+annuelle+d%C3%A9di%C3%A9e+%C3%A0+l%E2%80%99observation+spatiale%2C+la+g%C3%A9omatique+et+leurs+applications.%3C%2Fp%3E+%3Cdiv+class%3D%22wp-block-colu%3C%2Fdiv%3E%3C%2Fdiv%3E%28Voir+toute+la+description+de+%C3%A9v%C3%A8nement+ici%C2%A0%3A+https%3A%2F%2Facademiespatiale.fr%2Findex.php%2Fevent%2Fseminaire-le-radar-en-observation-terrestre-nouvelles-perspectives%2F%29&#038;trp=false&#038;ctz=Europe\/Paris&#038;sprop=website:https:\/\/academiespatiale.fr\"\n\t\t\t\t\t\t\t\t\t\tclass=\"tribe-events-c-subscribe-dropdown__list-item-link\"\n\t\t\t\t\t\t\t\t\t\ttarget=\"_blank\"\n\t\t\t\t\t\t\t\t\t\trel=\"noopener noreferrer nofollow noindex\"\n\t\t\t\t\t\t\t\t\t>\n\t\t\t\t\t\t\t\t\t\tGoogle Agenda\t\t\t\t\t\t\t\t\t<\/a>\n\t\t\t\t\t\t\t\t<\/li>\n\t\t\t\t\t\t\t\t\t\t\t\t\t\t\t<li class=\"tribe-events-c-subscribe-dropdown__list-item tribe-events-c-subscribe-dropdown__list-item--ical\">\n\t\t\t\t\t\t\t\t\t<a\n\t\t\t\t\t\t\t\t\t\thref=\"\"\n\t\t\t\t\t\t\t\t\t\tclass=\"tribe-events-c-subscribe-dropdown__list-item-link\"\n\t\t\t\t\t\t\t\t\t\ttarget=\"_blank\"\n\t\t\t\t\t\t\t\t\t\trel=\"noopener noreferrer nofollow noindex\"\n\t\t\t\t\t\t\t\t\t>\n\t\t\t\t\t\t\t\t\t\tiCalendar\t\t\t\t\t\t\t\t\t<\/a>\n\t\t\t\t\t\t\t\t<\/li>\n\t\t\t\t\t\t\t\t\t\t\t\t\t\t\t<li class=\"tribe-events-c-subscribe-dropdown__list-item tribe-events-c-subscribe-dropdown__list-item--outlook-365\">\n\t\t\t\t\t\t\t\t\t<a\n\t\t\t\t\t\t\t\t\t\thref=\"\"\n\t\t\t\t\t\t\t\t\t\tclass=\"tribe-events-c-subscribe-dropdown__list-item-link\"\n\t\t\t\t\t\t\t\t\t\ttarget=\"_blank\"\n\t\t\t\t\t\t\t\t\t\trel=\"noopener noreferrer nofollow noindex\"\n\t\t\t\t\t\t\t\t\t>\n\t\t\t\t\t\t\t\t\t\tOutlook 365\t\t\t\t\t\t\t\t\t<\/a>\n\t\t\t\t\t\t\t\t<\/li>\n\t\t\t\t\t\t\t\t\t\t\t\t\t\t\t<li class=\"tribe-events-c-subscribe-dropdown__list-item tribe-events-c-subscribe-dropdown__list-item--outlook-live\">\n\t\t\t\t\t\t\t\t\t<a\n\t\t\t\t\t\t\t\t\t\thref=\"\"\n\t\t\t\t\t\t\t\t\t\tclass=\"tribe-events-c-subscribe-dropdown__list-item-link\"\n\t\t\t\t\t\t\t\t\t\ttarget=\"_blank\"\n\t\t\t\t\t\t\t\t\t\trel=\"noopener noreferrer nofollow noindex\"\n\t\t\t\t\t\t\t\t\t>\n\t\t\t\t\t\t\t\t\t\tOutlook Live\t\t\t\t\t\t\t\t\t<\/a>\n\t\t\t\t\t\t\t\t<\/li>\n\t\t\t\t\t\t\t\t\t\t\t\t\t<\/ul>\n\t\t\t\t\t<\/div>\n\t\t\t\t<\/div>\n\t\t\t<\/div>\n\t\t<\/div>\n\t<\/div>\n\n\n\n\n<p><\/p>\n","protected":false},"excerpt":{"rendered":"","protected":false},"author":1,"featured_media":6427,"template":"","meta":{"_monsterinsights_skip_tracking":false,"_monsterinsights_sitenote_active":false,"_monsterinsights_sitenote_note":"","_monsterinsights_sitenote_category":0,"_EventAllDay":false,"_EventTimezone":"Europe\/Paris","_EventStartDate":"2025-12-05 14:00:00","_EventEndDate":"2025-12-05 15:00:00","_EventStartDateUTC":"2025-12-05 13:00:00","_EventEndDateUTC":"2025-12-05 14:00:00","_EventShowMap":false,"_EventShowMapLink":false,"_EventURL":"","_EventCost":"","_EventCostDescription":"","_EventCurrencySymbol":"\u20ac","_EventCurrencyCode":"EUR","_EventCurrencyPosition":"suffix","_EventDateTimeSeparator":" : ","_EventTimeRangeSeparator":"-","_EventOrganizerID":[],"_EventVenueID":[],"_OrganizerEmail":"","_OrganizerPhone":"","_OrganizerWebsite":"","_VenueAddress":"","_VenueCity":"","_VenueCountry":"","_VenueProvince":"","_VenueState":"","_VenueZip":"","_VenuePhone":"","_VenueURL":"","_VenueStateProvince":"","_VenueLat":"","_VenueLng":"","_VenueShowMap":false,"_VenueShowMapLink":false,"_tribe_events_status":"","_tribe_events_status_reason":"","footnotes":""},"tags":[],"tribe_events_cat":[],"class_list":["post-6415","tribe_events","type-tribe_events","status-publish","has-post-thumbnail","hentry"],"aioseo_notices":[],"_links":{"self":[{"href":"https:\/\/academiespatiale.fr\/index.php\/wp-json\/wp\/v2\/tribe_events\/6415","targetHints":{"allow":["GET"]}}],"collection":[{"href":"https:\/\/academiespatiale.fr\/index.php\/wp-json\/wp\/v2\/tribe_events"}],"about":[{"href":"https:\/\/academiespatiale.fr\/index.php\/wp-json\/wp\/v2\/types\/tribe_events"}],"author":[{"embeddable":true,"href":"https:\/\/academiespatiale.fr\/index.php\/wp-json\/wp\/v2\/users\/1"}],"version-history":[{"count":5,"href":"https:\/\/academiespatiale.fr\/index.php\/wp-json\/wp\/v2\/tribe_events\/6415\/revisions"}],"predecessor-version":[{"id":7484,"href":"https:\/\/academiespatiale.fr\/index.php\/wp-json\/wp\/v2\/tribe_events\/6415\/revisions\/7484"}],"wp:featuredmedia":[{"embeddable":true,"href":"https:\/\/academiespatiale.fr\/index.php\/wp-json\/wp\/v2\/media\/6427"}],"wp:attachment":[{"href":"https:\/\/academiespatiale.fr\/index.php\/wp-json\/wp\/v2\/media?parent=6415"}],"wp:term":[{"taxonomy":"post_tag","embeddable":true,"href":"https:\/\/academiespatiale.fr\/index.php\/wp-json\/wp\/v2\/tags?post=6415"},{"taxonomy":"tribe_events_cat","embeddable":true,"href":"https:\/\/academiespatiale.fr\/index.php\/wp-json\/wp\/v2\/tribe_events_cat?post=6415"}],"curies":[{"name":"wp","href":"https:\/\/api.w.org\/{rel}","templated":true}]}}