{"id":6371,"date":"2025-11-19T17:48:00","date_gmt":"2025-11-19T16:48:00","guid":{"rendered":"https:\/\/academiespatiale.fr\/?post_type=tribe_events&#038;p=6371"},"modified":"2025-11-19T17:48:01","modified_gmt":"2025-11-19T16:48:01","slug":"semaine-de-lutte-contre-les-violences-sexistes-et-sexuelles-a-luniversite-paris-saclay","status":"publish","type":"tribe_events","link":"https:\/\/academiespatiale.fr\/index.php\/event\/semaine-de-lutte-contre-les-violences-sexistes-et-sexuelles-a-luniversite-paris-saclay\/","title":{"rendered":"Semaine de lutte contre les violences sexistes et sexuelles \u00e0 l&rsquo;Universit\u00e9 Paris-Saclay"},"content":{"rendered":"<div  class=\"tribe-events-schedule tribe-clearfix\" >\n\t<p class=\"tribe-events-schedule__datetime\">\n\t\t<span class=\"tribe-events-schedule__date tribe-events-schedule__date--start\">\n\t\t\t24 novembre 2025\t\t<\/span>\n\n\t\t\t\t\t<span class=\"tribe-events-schedule__separator tribe-events-schedule__separator--date\">\n\t\t\t\t : \t\t\t<\/span>\n\t\t\t<span class=\"tribe-events-schedule__time tribe-events-schedule__time--start\">\n\t\t\t\t8h00\t\t\t<\/span>\n\t\t\n\t\t\t\t\t\t\t\t\t<span class=\"tribe-events-schedule__separator tribe-events-schedule__separator--time\">\n\t\t\t\t\t&#8211;\t\t\t\t<\/span>\n\t\t\t\n\t\t\t\t\t\t\t<span class=\"tribe-events-schedule__date tribe-events-schedule__date--end\">\n\t\t\t\t\t28 novembre 2025\t\t\t\t<\/span>\n\n\t\t\t\t\t\t\t\t\t<span class=\"tribe-events-schedule__separator tribe-events-schedule__separator--date\">\n\t\t\t\t\t\t : \t\t\t\t\t<\/span>\n\t\t\t\t\t<span class=\"tribe-events-schedule__time tribe-events-schedule__time--end\">\n\t\t\t\t\t\t17h00\t\t\t\t\t<\/span>\n\t\t\t\t\n\t\t\t\n\t\t\t\t\t\t<\/p>\n<\/div>\n\n\n\n<div class=\"wp-block-cover is-light\" style=\"padding-top:var(--wp--preset--spacing--80);padding-right:var(--wp--preset--spacing--80);padding-bottom:var(--wp--preset--spacing--80);padding-left:var(--wp--preset--spacing--80)\"><span aria-hidden=\"true\" class=\"wp-block-cover__background has-white-background-color has-background-dim-100 has-background-dim\"><\/span><div class=\"wp-block-cover__inner-container is-layout-constrained wp-container-core-cover-is-layout-10bc4538 wp-block-cover-is-layout-constrained\">\n<p class=\"has-text-align-left\"><strong>Du lundi 24 au vendredi 28 novembre 2025, l\u2019<a href=\"https:\/\/academiespatiale.fr\/index.php\/a-propos\/porteurs-projet\/\" target=\"_blank\" rel=\"noopener\" title=\"\">Universite Paris-Saclay, \u00e9tablissement porteur<\/a> de l&rsquo;Acad\u00e9mie Spatiale d&rsquo;IDF, se mobilise \u00e0 l\u2019occasion de la Semaine de lutte contre les violences sexistes et sexuelles (VSS) autour du th\u00e8me de la \u00ab\u00a0cyberviolence\u00a0\u00bb<\/strong><\/p>\n\n\n\n<figure class=\"wp-block-image size-large\" style=\"margin-top:var(--wp--preset--spacing--60);margin-bottom:var(--wp--preset--spacing--60)\"><img loading=\"lazy\" decoding=\"async\" width=\"1024\" height=\"341\" src=\"https:\/\/academiespatiale.fr\/wp-content\/uploads\/2025\/11\/bandeau-vss_nov-2025_actu-site-web_3200x1067px-1024x341.jpg\" alt=\"\" class=\"wp-image-6362\" srcset=\"https:\/\/academiespatiale.fr\/wp-content\/uploads\/2025\/11\/bandeau-vss_nov-2025_actu-site-web_3200x1067px-1024x341.jpg 1024w, https:\/\/academiespatiale.fr\/wp-content\/uploads\/2025\/11\/bandeau-vss_nov-2025_actu-site-web_3200x1067px-300x100.jpg 300w, https:\/\/academiespatiale.fr\/wp-content\/uploads\/2025\/11\/bandeau-vss_nov-2025_actu-site-web_3200x1067px-768x255.jpg 768w, https:\/\/academiespatiale.fr\/wp-content\/uploads\/2025\/11\/bandeau-vss_nov-2025_actu-site-web_3200x1067px.jpg 1380w\" sizes=\"auto, (max-width: 1024px) 100vw, 1024px\" \/><\/figure>\n\n\n\n<p>Dans le cadre de la Journ\u00e9e internationale de lutte contre les violences faites aux femmes, c\u00e9l\u00e9br\u00e9e le 25 novembre, l\u2019Universit\u00e9 Paris-Saclay organise la semaine de lutte contre les violences sexistes et sexuelles (VSS). Cet \u00e9v\u00e9nement a pour objectif de pr\u00e9venir et sensibiliser la communaut\u00e9 universitaire, tout en affirmant la politique de tol\u00e9rance z\u00e9ro de l\u2019Universit\u00e9 face \u00e0 toute forme de violence sexiste ou sexuelle.<\/p>\n\n\n\n<p>\u00c0 travers des conf\u00e9rences, projections, d\u00e9bats et actions de sensibilisation, l\u2019Universit\u00e9 Paris-Saclay souhaite favoriser la lib\u00e9ration de la parole, renforcer la pr\u00e9vention et promouvoir une culture du respect et de l\u2019\u00e9galit\u00e9 au sein de sa communaut\u00e9.<\/p>\n\n\n\n<ul class=\"wp-block-list\">\n<li>Conf\u00e9rence \u00ab&nbsp;Soumission chimique et violences faites aux femmes : regards d&rsquo;un expert toxicologue&nbsp;\u00bb<\/li>\n\n\n\n<li>Conf\u00e9rence \u00ab&nbsp;Consentement f\u00e9minin \u00e0 travers l\u2019histoire : comprendre pour pr\u00e9venir&nbsp;\u00bb<\/li>\n\n\n\n<li>Pr\u00e9sentation de la charte de lutte contre les VSS et du plan relais-\u00e9galit\u00e9<\/li>\n\n\n\n<li>Projection du court-m\u00e9trage \u00ab&nbsp;Plan sous&nbsp;\u00bb au sujet de la marchanidsation du corps<\/li>\n\n\n\n<li>Table-ronde \u00ab&nbsp;Les femmes dans la science&nbsp;\u00bb<\/li>\n\n\n\n<li>Cin\u00e9-rencontre autour du film \u00ab&nbsp;RIPOSTE FEMINISTE&nbsp;\u00bb<\/li>\n\n\n\n<li>Conf\u00e9rence \u00ab&nbsp;Une nouvelle \u00e8re de haine : comprendre et lutter contre les cyberviolences de genre&nbsp;\u00bb<\/li>\n\n\n\n<li>Stands et camion de l&rsquo;association En Avant Toute(s) et de Consentis<\/li>\n\n\n\n<li>Formation sur l&rsquo;enjeux crois\u00e9s des discriminations dans l&rsquo;enseignement sup\u00e9rieur<\/li>\n<\/ul>\n\n\n\n<p>Cette ann\u00e9e, la th\u00e9matique centrale portera sur la cyberviolence, afin de mieux comprendre et pr\u00e9venir ces formes de violences qui se d\u00e9veloppent dans les espaces num\u00e9riques.<\/p>\n\n\n\n<p class=\"has-background-color-background-color has-background\"><strong>Programmation compl\u00e8te et les informations pratiques<\/strong><br>\u2192<strong>&nbsp;<\/strong><a href=\"https:\/\/www.universite-paris-saclay.fr\/actualites\/semaine-de-lutte-contre-les-violences-sexistes-et-sexuelles-vss-du-24-au-28-novembre-2025\" target=\"_blank\" rel=\"noreferrer noopener\">Semaine de lutte contre les violences sexistes et sexuelles \u2013 Universit\u00e9 Paris-Saclay<\/a><\/p>\n\n\n\n<p class=\"has-text-align-left has-background-color-background-color has-background\">Dispositif de signalement Dalida<br>\u2192 <a href=\"https:\/\/www.universite-paris-saclay.fr\/dispositif-de-signalement-dalida\" target=\"_blank\" rel=\"noopener\" title=\"\">Dispositif de signalement &#8211; Dalida | Universit\u00e9 Paris-Saclay<\/a><br><br>En savoir plus sur l&rsquo;engagement de l&rsquo;Acad\u00e9mie Spatiale<br>\u2192 <a href=\"https:\/\/academiespatiale.fr\/index.php\/a-propos\/egalite-des-chances\/\">\u00c9galit\u00e9 des chances &#8211; Acad\u00e9mie Spatiale d&rsquo;\u00cele-de-France<\/a><\/p>\n<\/div><\/div>\n\n\n\t<div  class=\"tribe-block tribe-block__events-link\" >\n\t\t<div class=\"tribe-events tribe-common\">\n\t\t\t<div class=\"tribe-events-c-subscribe-dropdown__container\">\n\t\t\t\t<div class=\"tribe-events-c-subscribe-dropdown\">\n\t\t\t\t\t<div class=\"tribe-common-c-btn-border tribe-events-c-subscribe-dropdown__button\">\n\t\t\t\t\t\t<svg\n\t class=\"tribe-common-c-svgicon tribe-common-c-svgicon--cal-export tribe-events-c-subscribe-dropdown__export-icon\" \taria-hidden=\"true\"\n\tviewBox=\"0 0 23 17\"\n\txmlns=\"http:\/\/www.w3.org\/2000\/svg\"\n>\n\t<path fill-rule=\"evenodd\" clip-rule=\"evenodd\" d=\"M.128.896V16.13c0 .211.145.383.323.383h15.354c.179 0 .323-.172.323-.383V.896c0-.212-.144-.383-.323-.383H.451C.273.513.128.684.128.896Zm16 6.742h-.901V4.679H1.009v10.729h14.218v-3.336h.901V7.638ZM1.01 1.614h14.218v2.058H1.009V1.614Z\" \/>\n\t<path d=\"M20.5 9.846H8.312M18.524 6.953l2.89 2.909-2.855 2.855\" stroke-width=\"1.2\" stroke-linecap=\"round\" stroke-linejoin=\"round\"\/>\n<\/svg>\n\t\t\t\t\t\t<button\n\t\t\t\t\t\t\tclass=\"tribe-events-c-subscribe-dropdown__button-text\"\n\t\t\t\t\t\t\taria-expanded=\"false\"\n\t\t\t\t\t\t\taria-controls=\"tribe-events-subscribe-dropdown-content\"\n\t\t\t\t\t\t\taria-label=\"Afficher les liens permettant d\u2019ajouter des \u00e9v\u00e8nements \u00e0 votre calendrier\"\n\t\t\t\t\t\t>\n\t\t\t\t\t\t\tAjouter au calendrier\t\t\t\t\t\t<\/button>\n\t\t\t\t\t\t<svg\n\t class=\"tribe-common-c-svgicon tribe-common-c-svgicon--caret-down tribe-events-c-subscribe-dropdown__button-icon\" \taria-hidden=\"true\"\n\tviewBox=\"0 0 10 7\"\n\txmlns=\"http:\/\/www.w3.org\/2000\/svg\"\n>\n\t<path fill-rule=\"evenodd\" clip-rule=\"evenodd\" d=\"M1.008.609L5 4.6 8.992.61l.958.958L5 6.517.05 1.566l.958-.958z\" class=\"tribe-common-c-svgicon__svg-fill\"\/>\n<\/svg>\n\t\t\t\t\t<\/div>\n\t\t\t\t\t<div id=\"tribe-events-subscribe-dropdown-content\" class=\"tribe-events-c-subscribe-dropdown__content\">\n\t\t\t\t\t\t<ul class=\"tribe-events-c-subscribe-dropdown__list\">\n\t\t\t\t\t\t\t\t\t\t\t\t\t\t\t<li class=\"tribe-events-c-subscribe-dropdown__list-item tribe-events-c-subscribe-dropdown__list-item--gcal\">\n\t\t\t\t\t\t\t\t\t<a\n\t\t\t\t\t\t\t\t\t\thref=\"https:\/\/www.google.com\/calendar\/event?action=TEMPLATE&#038;dates=20251124T080000\/20251128T170000&#038;text=Semaine%20de%20lutte%20contre%20les%20violences%20sexistes%20et%20sexuelles%20%C3%A0%20l%26rsquo%3BUniversit%C3%A9%20Paris-Saclay&#038;details=%3Cdiv+class%3D%22wp-block-cover+is-light%22+style%3D%22padding-top%3Avar%28--wp--preset--spacing--80%29%3Bpadding-right%3Avar%28--wp--preset--spacing--80%29%3Bpadding-bottom%3Avar%28--wp--preset--spacing--80%29%3Bpadding-left%3Avar%28--wp--preset--spacing--80%29%22%3E%3Cspan+aria-hidden%3D%22true%22+class%3D%22wp-block-cover__background+has-white-background-color+has-background-dim-100+has-background-dim%22%3E%3C%2Fspan%3E%3Cdiv+class%3D%22wp-block-cover__inner-container%22%3E%3Cp+class%3D%22has-text-align-left%22%3E%3Cstrong%3EDu+lundi+24+au+vendredi+28+novembre+2025%2C+l%E2%80%99%3Ca+href%3D%22https%3A%2F%2Facademiespatiale.fr%2Findex.php%2Fa-propos%2Fporteurs-projet%2F%22+target%3D%22_blank%22+rel%3D%22noopener%22+title%3D%22%22%3EUniversite+Paris-Saclay%2C+%C3%A9tablissement+porteur%3C%2Fa%3E+de+l%27Acad%C3%A9mie+Spatiale+d%27IDF%2C+se+mobilise+%C3%A0+l%E2%80%99occasion+de+la+Semaine+de+lutte+contre+les+violences+sexistes+et+sexuelles+%28VSS%29+autour+du+th%C3%A8me+de+la+%22cyberviolence%22%3C%2Fstrong%3E%3C%2Fp%3E+%3Cfigure+class%3D%22wp-block-image+size-large%22+style%3D%22margin-top%3Avar%28--wp--preset--spacing--60%29%3Bmargin-bottom%3Avar%28--wp--preset--spacing--60%29%22%3E%3Cimg+src%3D%22htt%3C%2Ffigure%3E%3C%2Fdiv%3E%3C%2Fdiv%3E%28Voir+toute+la+description+de+%C3%A9v%C3%A8nement+ici%C2%A0%3A+https%3A%2F%2Facademiespatiale.fr%2Findex.php%2Fevent%2Fsemaine-de-lutte-contre-les-violences-sexistes-et-sexuelles-a-luniversite-paris-saclay%2F%29&#038;trp=false&#038;ctz=Europe\/Paris&#038;sprop=website:https:\/\/academiespatiale.fr\"\n\t\t\t\t\t\t\t\t\t\tclass=\"tribe-events-c-subscribe-dropdown__list-item-link\"\n\t\t\t\t\t\t\t\t\t\ttarget=\"_blank\"\n\t\t\t\t\t\t\t\t\t\trel=\"noopener noreferrer nofollow noindex\"\n\t\t\t\t\t\t\t\t\t>\n\t\t\t\t\t\t\t\t\t\tGoogle Agenda\t\t\t\t\t\t\t\t\t<\/a>\n\t\t\t\t\t\t\t\t<\/li>\n\t\t\t\t\t\t\t\t\t\t\t\t\t\t\t<li class=\"tribe-events-c-subscribe-dropdown__list-item tribe-events-c-subscribe-dropdown__list-item--ical\">\n\t\t\t\t\t\t\t\t\t<a\n\t\t\t\t\t\t\t\t\t\thref=\"\"\n\t\t\t\t\t\t\t\t\t\tclass=\"tribe-events-c-subscribe-dropdown__list-item-link\"\n\t\t\t\t\t\t\t\t\t\ttarget=\"_blank\"\n\t\t\t\t\t\t\t\t\t\trel=\"noopener noreferrer nofollow noindex\"\n\t\t\t\t\t\t\t\t\t>\n\t\t\t\t\t\t\t\t\t\tiCalendar\t\t\t\t\t\t\t\t\t<\/a>\n\t\t\t\t\t\t\t\t<\/li>\n\t\t\t\t\t\t\t\t\t\t\t\t\t\t\t<li class=\"tribe-events-c-subscribe-dropdown__list-item tribe-events-c-subscribe-dropdown__list-item--outlook-365\">\n\t\t\t\t\t\t\t\t\t<a\n\t\t\t\t\t\t\t\t\t\thref=\"\"\n\t\t\t\t\t\t\t\t\t\tclass=\"tribe-events-c-subscribe-dropdown__list-item-link\"\n\t\t\t\t\t\t\t\t\t\ttarget=\"_blank\"\n\t\t\t\t\t\t\t\t\t\trel=\"noopener noreferrer nofollow noindex\"\n\t\t\t\t\t\t\t\t\t>\n\t\t\t\t\t\t\t\t\t\tOutlook 365\t\t\t\t\t\t\t\t\t<\/a>\n\t\t\t\t\t\t\t\t<\/li>\n\t\t\t\t\t\t\t\t\t\t\t\t\t\t\t<li class=\"tribe-events-c-subscribe-dropdown__list-item tribe-events-c-subscribe-dropdown__list-item--outlook-live\">\n\t\t\t\t\t\t\t\t\t<a\n\t\t\t\t\t\t\t\t\t\thref=\"\"\n\t\t\t\t\t\t\t\t\t\tclass=\"tribe-events-c-subscribe-dropdown__list-item-link\"\n\t\t\t\t\t\t\t\t\t\ttarget=\"_blank\"\n\t\t\t\t\t\t\t\t\t\trel=\"noopener noreferrer nofollow noindex\"\n\t\t\t\t\t\t\t\t\t>\n\t\t\t\t\t\t\t\t\t\tOutlook Live\t\t\t\t\t\t\t\t\t<\/a>\n\t\t\t\t\t\t\t\t<\/li>\n\t\t\t\t\t\t\t\t\t\t\t\t\t<\/ul>\n\t\t\t\t\t<\/div>\n\t\t\t\t<\/div>\n\t\t\t<\/div>\n\t\t<\/div>\n\t<\/div>\n\n","protected":false},"excerpt":{"rendered":"","protected":false},"author":1,"featured_media":6363,"template":"","meta":{"_monsterinsights_skip_tracking":false,"_monsterinsights_sitenote_active":false,"_monsterinsights_sitenote_note":"","_monsterinsights_sitenote_category":0,"_EventAllDay":false,"_EventTimezone":"Europe\/Paris","_EventStartDate":"2025-11-24 08:00:00","_EventEndDate":"2025-11-28 17:00:00","_EventStartDateUTC":"2025-11-24 07:00:00","_EventEndDateUTC":"2025-11-28 16:00:00","_EventShowMap":false,"_EventShowMapLink":false,"_EventURL":"","_EventCost":"","_EventCostDescription":"","_EventCurrencySymbol":"\u20ac","_EventCurrencyCode":"EUR","_EventCurrencyPosition":"suffix","_EventDateTimeSeparator":" : ","_EventTimeRangeSeparator":"-","_EventOrganizerID":[],"_EventVenueID":[],"_OrganizerEmail":"","_OrganizerPhone":"","_OrganizerWebsite":"","_VenueAddress":"","_VenueCity":"","_VenueCountry":"","_VenueProvince":"","_VenueState":"","_VenueZip":"","_VenuePhone":"","_VenueURL":"","_VenueStateProvince":"","_VenueLat":"","_VenueLng":"","_VenueShowMap":false,"_VenueShowMapLink":false,"_tribe_events_status":"","_tribe_events_status_reason":"","footnotes":""},"tags":[],"tribe_events_cat":[],"class_list":["post-6371","tribe_events","type-tribe_events","status-publish","has-post-thumbnail","hentry"],"aioseo_notices":[],"_links":{"self":[{"href":"https:\/\/academiespatiale.fr\/index.php\/wp-json\/wp\/v2\/tribe_events\/6371","targetHints":{"allow":["GET"]}}],"collection":[{"href":"https:\/\/academiespatiale.fr\/index.php\/wp-json\/wp\/v2\/tribe_events"}],"about":[{"href":"https:\/\/academiespatiale.fr\/index.php\/wp-json\/wp\/v2\/types\/tribe_events"}],"author":[{"embeddable":true,"href":"https:\/\/academiespatiale.fr\/index.php\/wp-json\/wp\/v2\/users\/1"}],"version-history":[{"count":1,"href":"https:\/\/academiespatiale.fr\/index.php\/wp-json\/wp\/v2\/tribe_events\/6371\/revisions"}],"predecessor-version":[{"id":6372,"href":"https:\/\/academiespatiale.fr\/index.php\/wp-json\/wp\/v2\/tribe_events\/6371\/revisions\/6372"}],"wp:featuredmedia":[{"embeddable":true,"href":"https:\/\/academiespatiale.fr\/index.php\/wp-json\/wp\/v2\/media\/6363"}],"wp:attachment":[{"href":"https:\/\/academiespatiale.fr\/index.php\/wp-json\/wp\/v2\/media?parent=6371"}],"wp:term":[{"taxonomy":"post_tag","embeddable":true,"href":"https:\/\/academiespatiale.fr\/index.php\/wp-json\/wp\/v2\/tags?post=6371"},{"taxonomy":"tribe_events_cat","embeddable":true,"href":"https:\/\/academiespatiale.fr\/index.php\/wp-json\/wp\/v2\/tribe_events_cat?post=6371"}],"curies":[{"name":"wp","href":"https:\/\/api.w.org\/{rel}","templated":true}]}}