{"id":5631,"date":"2025-09-05T15:41:37","date_gmt":"2025-09-05T13:41:37","guid":{"rendered":"https:\/\/academiespatiale.fr\/?post_type=tribe_events&#038;p=5631"},"modified":"2025-09-05T15:41:37","modified_gmt":"2025-09-05T13:41:37","slug":"seminaire-dr-v-ramanathans-visit-at-ipsl","status":"publish","type":"tribe_events","link":"https:\/\/academiespatiale.fr\/index.php\/event\/seminaire-dr-v-ramanathans-visit-at-ipsl\/","title":{"rendered":"[Seminaire] Dr. V. Ramanathan&rsquo;s visit at IPSL"},"content":{"rendered":"<div  class=\"tribe-events-schedule tribe-clearfix\" >\n\t<p class=\"tribe-events-schedule__datetime\">\n\t\t<span class=\"tribe-events-schedule__date tribe-events-schedule__date--start\">\n\t\t\t8 septembre 2025\t\t<\/span>\n\n\t\t\t\t\t<span class=\"tribe-events-schedule__separator tribe-events-schedule__separator--date\">\n\t\t\t\t : \t\t\t<\/span>\n\t\t\t<span class=\"tribe-events-schedule__time tribe-events-schedule__time--start\">\n\t\t\t\t9h00\t\t\t<\/span>\n\t\t\n\t\t\t\t\t\t\t\t\t<span class=\"tribe-events-schedule__separator tribe-events-schedule__separator--time\">\n\t\t\t\t\t&#8211;\t\t\t\t<\/span>\n\t\t\t\n\t\t\t\t\t\t\t<span class=\"tribe-events-schedule__time tribe-events-schedule__time--end\">\n\t\t\t\t\t14h30\t\t\t\t<\/span>\n\t\t\t\n\t\t\t\t\t\t<\/p>\n<\/div>\n\n\n\n<div class=\"wp-block-cover is-light\" style=\"padding-top:var(--wp--preset--spacing--80);padding-right:var(--wp--preset--spacing--80);padding-bottom:var(--wp--preset--spacing--80);padding-left:var(--wp--preset--spacing--80)\"><span aria-hidden=\"true\" class=\"wp-block-cover__background has-white-background-color has-background-dim-100 has-background-dim\"><\/span><div class=\"wp-block-cover__inner-container is-layout-constrained wp-container-core-cover-is-layout-10bc4538 wp-block-cover-is-layout-constrained\">\n<p class=\"has-medium-font-size\">V. Ramanathan est invit\u00e9 \u00e0 Paris pour quelques jours par l\u2019Acad\u00e9mie des Sciences. Ayant manifest\u00e9 le d\u00e9sir de se tenir inform\u00e9 de l\u2019\u00e9tat des connaissances sur les r\u00e9troactions nuageuses, une session de discussion informelle sur ce sujet est organis\u00e9e \u00e0 l\u2019IPSL.<\/p>\n\n\n\n<div class=\"wp-block-columns is-layout-flex wp-container-core-columns-is-layout-28f84493 wp-block-columns-is-layout-flex\">\n<div class=\"wp-block-column is-vertically-aligned-center is-layout-flow wp-block-column-is-layout-flow\" style=\"flex-basis:50%\">\n<p class=\"has-text-align-center has-medium-font-size\">Dr. V. Ramanathan&rsquo;s visit at IPSL<\/p>\n\n\n\n<p class=\"has-text-align-center has-medium-font-size\"><strong>Lundi 8 septembre 2025<br>De 9h \u00e0 14h30<\/strong><\/p>\n\n\n\n<p class=\"has-text-align-center has-medium-font-size\">IPSL &#8211; Sorbonne Universit\u00e9<br>Tour 15-55, salle 201 (2e \u00e9tage)<br>4, place Jussieu, 75005 Paris<\/p>\n<\/div>\n\n\n\n<div class=\"wp-block-column is-layout-flow wp-block-column-is-layout-flow\" style=\"flex-basis:50%\">\n<figure class=\"wp-block-image size-full\"><a href=\"https:\/\/www.ipsl.fr\/seminaire\/dr-v-ramanathans-visit-at-ipsl\/\" target=\"_blank\" rel=\" noreferrer noopener\"><img loading=\"lazy\" decoding=\"async\" width=\"750\" height=\"500\" src=\"https:\/\/academiespatiale.fr\/wp-content\/uploads\/2025\/09\/Seminaire_Ramanathan_sept2025.png\" alt=\"\" class=\"wp-image-5632\" srcset=\"https:\/\/academiespatiale.fr\/wp-content\/uploads\/2025\/09\/Seminaire_Ramanathan_sept2025.png 750w, https:\/\/academiespatiale.fr\/wp-content\/uploads\/2025\/09\/Seminaire_Ramanathan_sept2025-300x200.png 300w, https:\/\/academiespatiale.fr\/wp-content\/uploads\/2025\/09\/Seminaire_Ramanathan_sept2025-360x240.png 360w\" sizes=\"auto, (max-width: 750px) 100vw, 750px\" \/><\/a><\/figure>\n<\/div>\n<\/div>\n\n\n\n<p>Ce s\u00e9minaire est organis\u00e9 par Sandrine Bony et Val\u00e9rie Masson-Delmotte<\/p>\n\n\n\n<p class=\"has-background-color-background-color has-background has-medium-font-size\">Plus d&rsquo;infos \u2192 <a href=\"https:\/\/www.ipsl.fr\/seminaire\/dr-v-ramanathans-visit-at-ipsl\/\" target=\"_blank\" rel=\"noopener\" title=\"\">Dr V. Ramanathan\u2019s visit at IPSL \u2013 Institut Pierre-Simon Laplace<\/a><\/p>\n\n\n\n<p>V. Ramanathan (Professor \u00e9m\u00e9rite of Climate and Atmospheric Sciences \u00e0 l\u2019Universit\u00e9 de Californie, San Diego) a \u00e9t\u00e9 \u00e0 l\u2019origine de nombreuses avanc\u00e9es des sciences de l\u2019atmosph\u00e8re et du climat. Dans les ann\u00e9es 70, il a d\u00e9montr\u00e9 le r\u00f4le des CFC dans l\u2019effet de serre. Dans les ann\u00e9es 80, il a \u00e9t\u00e9 parmi les principaux investigateurs de la mesure du bilan radiatif depuis l\u2019espace (ERBE).<br>(&#8230;) <a href=\"https:\/\/www.ipsl.fr\/seminaire\/dr-v-ramanathans-visit-at-ipsl\/\" target=\"_blank\" rel=\"noopener\" title=\"\">suite de la description sur le site officiel IPSL<\/a><\/p>\n\n\n\n<p>PROGRAMME<\/p>\n\n\n\n<p><strong>Cloud feedbacks: State of understanding and open questions<br><\/strong>09:00 Introduction (V. Ramanathan, Sandrine Bony)<br>09:15 \u2013 09:35 WCRP and IPCC assessments of cloud feedbacks and climate sensitivity (Jean-Louis Dufresne)<br>09:35 \u2013 09:55 Shallow cumulus feedback: advances and questions (Sandrine Bony)<br>09:55 \u2013 10:15 Stratocumulus cloud feedback: advances and questions (Florent Brient)<br>10:15 \u2013 10:35 Anvil cloud feedback: advances and questions (Brett McKim)<br>10:35 \u2013 11:00 General discussion on cloud feedbacks (animated by Brett McKim)<\/p>\n\n\n\n<p><em>11:00 \u2013 11:15 Break<\/em><\/p>\n\n\n\n<p><strong>Climate-Society interactions<\/strong><\/p>\n\n\n\n<p>11:15 \u2013 11:45 Social-natural system interactions &amp; Low Probability High Impact events (V. Ramanathan)<br>11:45 \u2013 12:45 Exchange with IPSL early-career scientists<\/p>\n\n\n\n<p><em>12:45 \u2013 14:00 Lunch<\/em><\/p>\n\n\n\n<p><strong>Climate-Society-Education<br><\/strong>14:00 \u2013 14:30 Office for Climate Education (David Wilgenbus, Eric Guilyardi) + questions<\/p>\n<\/div><\/div>\n\n\n\t<div  class=\"tribe-block tribe-block__events-link\" >\n\t\t<div class=\"tribe-events tribe-common\">\n\t\t\t<div class=\"tribe-events-c-subscribe-dropdown__container\">\n\t\t\t\t<div class=\"tribe-events-c-subscribe-dropdown\">\n\t\t\t\t\t<div class=\"tribe-common-c-btn-border tribe-events-c-subscribe-dropdown__button\">\n\t\t\t\t\t\t<svg\n\t class=\"tribe-common-c-svgicon tribe-common-c-svgicon--cal-export tribe-events-c-subscribe-dropdown__export-icon\" \taria-hidden=\"true\"\n\tviewBox=\"0 0 23 17\"\n\txmlns=\"http:\/\/www.w3.org\/2000\/svg\"\n>\n\t<path fill-rule=\"evenodd\" clip-rule=\"evenodd\" d=\"M.128.896V16.13c0 .211.145.383.323.383h15.354c.179 0 .323-.172.323-.383V.896c0-.212-.144-.383-.323-.383H.451C.273.513.128.684.128.896Zm16 6.742h-.901V4.679H1.009v10.729h14.218v-3.336h.901V7.638ZM1.01 1.614h14.218v2.058H1.009V1.614Z\" \/>\n\t<path d=\"M20.5 9.846H8.312M18.524 6.953l2.89 2.909-2.855 2.855\" stroke-width=\"1.2\" stroke-linecap=\"round\" stroke-linejoin=\"round\"\/>\n<\/svg>\n\t\t\t\t\t\t<button\n\t\t\t\t\t\t\tclass=\"tribe-events-c-subscribe-dropdown__button-text\"\n\t\t\t\t\t\t\taria-expanded=\"false\"\n\t\t\t\t\t\t\taria-controls=\"tribe-events-subscribe-dropdown-content\"\n\t\t\t\t\t\t\taria-label=\"Afficher les liens permettant d\u2019ajouter des \u00e9v\u00e8nements \u00e0 votre calendrier\"\n\t\t\t\t\t\t>\n\t\t\t\t\t\t\tAjouter au calendrier\t\t\t\t\t\t<\/button>\n\t\t\t\t\t\t<svg\n\t class=\"tribe-common-c-svgicon tribe-common-c-svgicon--caret-down tribe-events-c-subscribe-dropdown__button-icon\" \taria-hidden=\"true\"\n\tviewBox=\"0 0 10 7\"\n\txmlns=\"http:\/\/www.w3.org\/2000\/svg\"\n>\n\t<path fill-rule=\"evenodd\" clip-rule=\"evenodd\" d=\"M1.008.609L5 4.6 8.992.61l.958.958L5 6.517.05 1.566l.958-.958z\" class=\"tribe-common-c-svgicon__svg-fill\"\/>\n<\/svg>\n\t\t\t\t\t<\/div>\n\t\t\t\t\t<div id=\"tribe-events-subscribe-dropdown-content\" class=\"tribe-events-c-subscribe-dropdown__content\">\n\t\t\t\t\t\t<ul class=\"tribe-events-c-subscribe-dropdown__list\">\n\t\t\t\t\t\t\t\t\t\t\t\t\t\t\t<li class=\"tribe-events-c-subscribe-dropdown__list-item tribe-events-c-subscribe-dropdown__list-item--gcal\">\n\t\t\t\t\t\t\t\t\t<a\n\t\t\t\t\t\t\t\t\t\thref=\"https:\/\/www.google.com\/calendar\/event?action=TEMPLATE&#038;dates=20250908T090000\/20250908T143000&#038;text=%5BSeminaire%5D%20Dr.%20V.%20Ramanathan%26rsquo%3Bs%20visit%20at%20IPSL&#038;details=%3Cdiv+class%3D%22wp-block-cover+is-light%22+style%3D%22padding-top%3Avar%28--wp--preset--spacing--80%29%3Bpadding-right%3Avar%28--wp--preset--spacing--80%29%3Bpadding-bottom%3Avar%28--wp--preset--spacing--80%29%3Bpadding-left%3Avar%28--wp--preset--spacing--80%29%22%3E%3Cspan+aria-hidden%3D%22true%22+class%3D%22wp-block-cover__background+has-white-background-color+has-background-dim-100+has-background-dim%22%3E%3C%2Fspan%3E%3Cdiv+class%3D%22wp-block-cover__inner-container%22%3E%3Cp+class%3D%22has-medium-font-size%22%3EV.+Ramanathan+est+invit%C3%A9+%C3%A0+Paris+pour+quelques+jours+par+l%E2%80%99Acad%C3%A9mie+des+Sciences.+Ayant+manifest%C3%A9+le+d%C3%A9sir+de+se+tenir+inform%C3%A9+de+l%E2%80%99%C3%A9tat+des+connaissances+sur+les+r%C3%A9troactions+nuageuses%2C+une+session+de+discussion+informelle+sur+ce+sujet+est+organis%C3%A9e+%C3%A0+l%E2%80%99IPSL.%3C%2Fp%3E+%3Cdiv+class%3D%22wp-block-columns%22%3E%3Cdiv+class%3D%22wp-block-column+is-vertically-aligned-center%22+style%3D%22flex-basis%3A50%25%22%3E%3Cp+class%3D%22has-text-align-center+has-medium-font-size%22%3EDr.+V.+Ramanathan%27s+visit+at+IPSL%3C%2Fp%3E+%3Cp+class%3D%22has-text-align-center+has-medium-font-size%22%3E%3Cstrong%3E%3C%2Fstrong%3E%3C%2Fp%3E%3C%2Fdiv%3E%3C%2Fdiv%3E%3C%2Fdiv%3E%3C%2Fdiv%3E%28Voir+toute+la+description+de+%C3%A9v%C3%A8nement+ici%C2%A0%3A+https%3A%2F%2Facademiespatiale.fr%2Findex.php%2Fevent%2Fseminaire-dr-v-ramanathans-visit-at-ipsl%2F%29&#038;trp=false&#038;ctz=Europe\/Paris&#038;sprop=website:https:\/\/academiespatiale.fr\"\n\t\t\t\t\t\t\t\t\t\tclass=\"tribe-events-c-subscribe-dropdown__list-item-link\"\n\t\t\t\t\t\t\t\t\t\ttarget=\"_blank\"\n\t\t\t\t\t\t\t\t\t\trel=\"noopener noreferrer nofollow noindex\"\n\t\t\t\t\t\t\t\t\t>\n\t\t\t\t\t\t\t\t\t\tGoogle Agenda\t\t\t\t\t\t\t\t\t<\/a>\n\t\t\t\t\t\t\t\t<\/li>\n\t\t\t\t\t\t\t\t\t\t\t\t\t\t\t<li class=\"tribe-events-c-subscribe-dropdown__list-item tribe-events-c-subscribe-dropdown__list-item--ical\">\n\t\t\t\t\t\t\t\t\t<a\n\t\t\t\t\t\t\t\t\t\thref=\"\"\n\t\t\t\t\t\t\t\t\t\tclass=\"tribe-events-c-subscribe-dropdown__list-item-link\"\n\t\t\t\t\t\t\t\t\t\ttarget=\"_blank\"\n\t\t\t\t\t\t\t\t\t\trel=\"noopener noreferrer nofollow noindex\"\n\t\t\t\t\t\t\t\t\t>\n\t\t\t\t\t\t\t\t\t\tiCalendar\t\t\t\t\t\t\t\t\t<\/a>\n\t\t\t\t\t\t\t\t<\/li>\n\t\t\t\t\t\t\t\t\t\t\t\t\t\t\t<li class=\"tribe-events-c-subscribe-dropdown__list-item tribe-events-c-subscribe-dropdown__list-item--outlook-365\">\n\t\t\t\t\t\t\t\t\t<a\n\t\t\t\t\t\t\t\t\t\thref=\"\"\n\t\t\t\t\t\t\t\t\t\tclass=\"tribe-events-c-subscribe-dropdown__list-item-link\"\n\t\t\t\t\t\t\t\t\t\ttarget=\"_blank\"\n\t\t\t\t\t\t\t\t\t\trel=\"noopener noreferrer nofollow noindex\"\n\t\t\t\t\t\t\t\t\t>\n\t\t\t\t\t\t\t\t\t\tOutlook 365\t\t\t\t\t\t\t\t\t<\/a>\n\t\t\t\t\t\t\t\t<\/li>\n\t\t\t\t\t\t\t\t\t\t\t\t\t\t\t<li class=\"tribe-events-c-subscribe-dropdown__list-item tribe-events-c-subscribe-dropdown__list-item--outlook-live\">\n\t\t\t\t\t\t\t\t\t<a\n\t\t\t\t\t\t\t\t\t\thref=\"\"\n\t\t\t\t\t\t\t\t\t\tclass=\"tribe-events-c-subscribe-dropdown__list-item-link\"\n\t\t\t\t\t\t\t\t\t\ttarget=\"_blank\"\n\t\t\t\t\t\t\t\t\t\trel=\"noopener noreferrer nofollow noindex\"\n\t\t\t\t\t\t\t\t\t>\n\t\t\t\t\t\t\t\t\t\tOutlook Live\t\t\t\t\t\t\t\t\t<\/a>\n\t\t\t\t\t\t\t\t<\/li>\n\t\t\t\t\t\t\t\t\t\t\t\t\t<\/ul>\n\t\t\t\t\t<\/div>\n\t\t\t\t<\/div>\n\t\t\t<\/div>\n\t\t<\/div>\n\t<\/div>\n\n","protected":false},"excerpt":{"rendered":"","protected":false},"author":1,"featured_media":5632,"template":"","meta":{"_monsterinsights_skip_tracking":false,"_monsterinsights_sitenote_active":false,"_monsterinsights_sitenote_note":"","_monsterinsights_sitenote_category":0,"_EventAllDay":false,"_EventTimezone":"Europe\/Paris","_EventStartDate":"2025-09-08 09:00:00","_EventEndDate":"2025-09-08 14:30:00","_EventStartDateUTC":"2025-09-08 07:00:00","_EventEndDateUTC":"2025-09-08 12:30:00","_EventShowMap":false,"_EventShowMapLink":false,"_EventURL":"","_EventCost":"","_EventCostDescription":"","_EventCurrencySymbol":"\u20ac","_EventCurrencyCode":"EUR","_EventCurrencyPosition":"suffix","_EventDateTimeSeparator":" : ","_EventTimeRangeSeparator":"-","_EventOrganizerID":[],"_EventVenueID":[],"_OrganizerEmail":"","_OrganizerPhone":"","_OrganizerWebsite":"","_VenueAddress":"","_VenueCity":"","_VenueCountry":"","_VenueProvince":"","_VenueState":"","_VenueZip":"","_VenuePhone":"","_VenueURL":"","_VenueStateProvince":"","_VenueLat":"","_VenueLng":"","_VenueShowMap":false,"_VenueShowMapLink":false,"_tribe_events_status":"","_tribe_events_status_reason":"","footnotes":""},"tags":[],"tribe_events_cat":[],"class_list":["post-5631","tribe_events","type-tribe_events","status-publish","has-post-thumbnail","hentry"],"aioseo_notices":[],"_links":{"self":[{"href":"https:\/\/academiespatiale.fr\/index.php\/wp-json\/wp\/v2\/tribe_events\/5631","targetHints":{"allow":["GET"]}}],"collection":[{"href":"https:\/\/academiespatiale.fr\/index.php\/wp-json\/wp\/v2\/tribe_events"}],"about":[{"href":"https:\/\/academiespatiale.fr\/index.php\/wp-json\/wp\/v2\/types\/tribe_events"}],"author":[{"embeddable":true,"href":"https:\/\/academiespatiale.fr\/index.php\/wp-json\/wp\/v2\/users\/1"}],"version-history":[{"count":3,"href":"https:\/\/academiespatiale.fr\/index.php\/wp-json\/wp\/v2\/tribe_events\/5631\/revisions"}],"predecessor-version":[{"id":5635,"href":"https:\/\/academiespatiale.fr\/index.php\/wp-json\/wp\/v2\/tribe_events\/5631\/revisions\/5635"}],"wp:featuredmedia":[{"embeddable":true,"href":"https:\/\/academiespatiale.fr\/index.php\/wp-json\/wp\/v2\/media\/5632"}],"wp:attachment":[{"href":"https:\/\/academiespatiale.fr\/index.php\/wp-json\/wp\/v2\/media?parent=5631"}],"wp:term":[{"taxonomy":"post_tag","embeddable":true,"href":"https:\/\/academiespatiale.fr\/index.php\/wp-json\/wp\/v2\/tags?post=5631"},{"taxonomy":"tribe_events_cat","embeddable":true,"href":"https:\/\/academiespatiale.fr\/index.php\/wp-json\/wp\/v2\/tribe_events_cat?post=5631"}],"curies":[{"name":"wp","href":"https:\/\/api.w.org\/{rel}","templated":true}]}}