{"id":5582,"date":"2025-08-08T15:53:24","date_gmt":"2025-08-08T13:53:24","guid":{"rendered":"https:\/\/academiespatiale.fr\/?post_type=tribe_events&#038;p=5582"},"modified":"2025-10-08T18:11:22","modified_gmt":"2025-10-08T16:11:22","slug":"hackathon-definspace-24h-pour-imaginer-la-defense-spatiale-de-demain","status":"publish","type":"tribe_events","link":"https:\/\/academiespatiale.fr\/index.php\/event\/hackathon-definspace-24h-pour-imaginer-la-defense-spatiale-de-demain\/","title":{"rendered":"Hackathon DefInSpace \u2013 24h pour imaginer la d\u00e9fense spatiale de demain"},"content":{"rendered":"<div  class=\"tribe-events-schedule tribe-clearfix\" >\n\t<p class=\"tribe-events-schedule__datetime\">\n\t\t<span class=\"tribe-events-schedule__date tribe-events-schedule__date--start\">\n\t\t\t10 octobre 2025\t\t<\/span>\n\n\t\t\t\t\t<span class=\"tribe-events-schedule__separator tribe-events-schedule__separator--date\">\n\t\t\t\t : \t\t\t<\/span>\n\t\t\t<span class=\"tribe-events-schedule__time tribe-events-schedule__time--start\">\n\t\t\t\t10h00\t\t\t<\/span>\n\t\t\n\t\t\t\t\t\t\t\t\t<span class=\"tribe-events-schedule__separator tribe-events-schedule__separator--time\">\n\t\t\t\t\t&#8211;\t\t\t\t<\/span>\n\t\t\t\n\t\t\t\t\t\t\t<span class=\"tribe-events-schedule__date tribe-events-schedule__date--end\">\n\t\t\t\t\t11 octobre 2025\t\t\t\t<\/span>\n\n\t\t\t\t\t\t\t\t\t<span class=\"tribe-events-schedule__separator tribe-events-schedule__separator--date\">\n\t\t\t\t\t\t : \t\t\t\t\t<\/span>\n\t\t\t\t\t<span class=\"tribe-events-schedule__time tribe-events-schedule__time--end\">\n\t\t\t\t\t\t18h00\t\t\t\t\t<\/span>\n\t\t\t\t\n\t\t\t\n\t\t\t\t\t\t<\/p>\n<\/div>\n\n\n\n<div class=\"wp-block-cover is-light\" style=\"padding-top:var(--wp--preset--spacing--80);padding-right:var(--wp--preset--spacing--80);padding-bottom:var(--wp--preset--spacing--80);padding-left:var(--wp--preset--spacing--80)\"><span aria-hidden=\"true\" class=\"wp-block-cover__background has-white-background-color has-background-dim-100 has-background-dim\"><\/span><div class=\"wp-block-cover__inner-container is-layout-constrained wp-container-core-cover-is-layout-10bc4538 wp-block-cover-is-layout-constrained\">\n<div class=\"wp-block-columns alignwide is-layout-flex wp-container-core-columns-is-layout-28f84493 wp-block-columns-is-layout-flex\">\n<div class=\"wp-block-column is-layout-flow wp-block-column-is-layout-flow\" style=\"flex-basis:100%\">\n<p><strong>DefInSpace est un hackathon cr\u00e9\u00e9 par le Commandement de l&rsquo;Espace (CDE) dont l&rsquo;objectif est d&rsquo;imaginer des solutions pour la d\u00e9fense spatiale de demain. Pour sa 4e \u00e9dition, l&rsquo;Acad\u00e9mie Spatiale d&rsquo;\u00cele-de-France devient organisateur local : l&rsquo;\u00e9v\u00e8nement se d\u00e9roulera du vendredi 10 au samedi 11 octobre 2025 \u00e0 l&rsquo;IUT de Mantes-en-Yvelines !<\/strong><\/p>\n<\/div>\n<\/div>\n\n\n\n<figure class=\"wp-block-image alignwide size-large\"><a href=\"https:\/\/www.definspace.fr\/\" target=\"_blank\" rel=\" noreferrer noopener\"><img loading=\"lazy\" decoding=\"async\" width=\"1024\" height=\"325\" src=\"https:\/\/academiespatiale.fr\/wp-content\/uploads\/2025\/08\/RS-DIS-Mantes-banniere-1024x325.jpg\" alt=\"\" class=\"wp-image-5719\" srcset=\"https:\/\/academiespatiale.fr\/wp-content\/uploads\/2025\/08\/RS-DIS-Mantes-banniere-1024x325.jpg 1024w, https:\/\/academiespatiale.fr\/wp-content\/uploads\/2025\/08\/RS-DIS-Mantes-banniere-300x95.jpg 300w, https:\/\/academiespatiale.fr\/wp-content\/uploads\/2025\/08\/RS-DIS-Mantes-banniere-768x244.jpg 768w, https:\/\/academiespatiale.fr\/wp-content\/uploads\/2025\/08\/RS-DIS-Mantes-banniere.jpg 1418w\" sizes=\"auto, (max-width: 1024px) 100vw, 1024px\" \/><\/a><\/figure>\n\n\n\n<hr class=\"wp-block-separator has-alpha-channel-opacity\"\/>\n\n\n\n<p class=\"has-text-align-center\"><strong>Du vendredi 10 octobre au samedi 11 octobre 2025 (nuit comprise)<\/strong><br>IUT de Mantes-en-Yvelines <\/p>\n\n\n\n<hr class=\"wp-block-separator has-alpha-channel-opacity\"\/>\n\n\n\n<div class=\"wp-block-columns alignwide is-layout-flex wp-container-core-columns-is-layout-cf05694f wp-block-columns-is-layout-flex\">\n<div class=\"wp-block-column is-vertically-aligned-top is-layout-flow wp-block-column-is-layout-flow\" style=\"flex-basis:33.33%\">\n<p class=\"has-text-align-center has-background-color-background-color has-background\">DefInSpace 2025<br><br><strong>INSCRIVEZ-VOUS D\u00c8S MAINTENANT<br><\/strong>\u2192 <a href=\"https:\/\/yp.events\/a44b7188-4f69-41d5-82a9-ff1ad8a9f9fe\/Def-In-Space\" target=\"_blank\" rel=\"noopener\" title=\"\">Inscription<\/a> \u2190<\/p>\n\n\n\n<p class=\"has-text-align-center has-background-color-background-color has-background\">\u2192 <a href=\"https:\/\/academiespatiale.fr\/wp-content\/uploads\/2025\/09\/DIS-2025-FR-GUIDE-PARTICIPANT.pdf\" target=\"_blank\" rel=\"noopener\" title=\"\">GUIDE PARTICIPANT<\/a> \u2190<\/p>\n\n\n\n<p class=\"has-text-align-center has-background-color-background-color has-background\" style=\"font-size:13px\">Rejoignez le serveur Discord <br><a href=\"https:\/\/www.definspace.fr\/_files\/ugd\/0a234b_992358ff333048a984dca4a268860dda.pdf\">GUIDE DISCORD FR<\/a><br><a href=\"https:\/\/www.definspace.fr\/en\/_files\/ugd\/0a234b_e4ba82ed9a1f4891ba5ed6814b16092a.pdf\" target=\"_blank\" rel=\"noopener\" title=\"\">GUIDE DISCORD EN<\/a><\/p>\n<\/div>\n\n\n\n<div class=\"wp-block-column is-vertically-aligned-center is-layout-flow wp-block-column-is-layout-flow\" style=\"flex-basis:66.66%\">\n<p>Ce hackathon de 24 heures r\u00e9unira des \u00e9quipes d&rsquo;\u00e9tudiant\u00b7es et de jeunes en France et \u00e0 l&rsquo;international, pour imaginer des solutions innovantes dans le domaine de la d\u00e9fense spatiale. Il combine d\u00e9fi, collaboration et cr\u00e9ativit\u00e9 pour fa\u00e7onner la s\u00e9curit\u00e9 dans l&rsquo;espace de demain. <\/p>\n\n\n\n<p>DefInSpace se d\u00e9roule simultan\u00e9ment dans diff\u00e9rents lieux port\u00e9s par des organisateurs locaux ainsi qu\u2019en ligne sur Discord. L\u2019Acad\u00e9mie Spatiale d\u2019\u00cele-de-France en est l\u2019un des organisateurs et accueillera une session dans les locaux de l\u2019IUT de Mantes-en-Yvelines.<\/p>\n\n\n\n<p>SITE OFFICIEL<br>\u2192 <a href=\"https:\/\/www.definspace.fr\/\">DefInSpace 2025 | Hackathon de d\u00e9fense spatiale<\/a><\/p>\n<\/div>\n<\/div>\n\n\n\n<h5 class=\"wp-block-heading has-text-align-center\">Merci \u00e0 nos sponsors !<br><a href=\"https:\/\/www.acri-st.fr\/fr\/\" target=\"_blank\" rel=\"noopener\" title=\"\">ACRI-ST<\/a>, <a href=\"https:\/\/www.eutelsat.com\/fr\" target=\"_blank\" rel=\"noopener\" title=\"\">EUTELSAT<\/a>, <a href=\"https:\/\/www.cegelec-projets-espace.com\/\" target=\"_blank\" rel=\"noopener\" title=\"\">CEGELEC PROJETS ESPACE<\/a> &amp; <a href=\"https:\/\/www.yvelines.fr\/\" target=\"_blank\" rel=\"noopener\" title=\"\">LE D\u00c9PARTEMENT DES YVELINES<\/a><\/h5>\n\n\n\n<figure class=\"wp-block-image size-large\"><img loading=\"lazy\" decoding=\"async\" width=\"1024\" height=\"240\" src=\"https:\/\/academiespatiale.fr\/wp-content\/uploads\/2025\/10\/Sponsors-DIS-Mantes-v02-1024x240.jpg\" alt=\"\" class=\"wp-image-6067\" srcset=\"https:\/\/academiespatiale.fr\/wp-content\/uploads\/2025\/10\/Sponsors-DIS-Mantes-v02-1024x240.jpg 1024w, https:\/\/academiespatiale.fr\/wp-content\/uploads\/2025\/10\/Sponsors-DIS-Mantes-v02-300x70.jpg 300w, https:\/\/academiespatiale.fr\/wp-content\/uploads\/2025\/10\/Sponsors-DIS-Mantes-v02-768x180.jpg 768w, https:\/\/academiespatiale.fr\/wp-content\/uploads\/2025\/10\/Sponsors-DIS-Mantes-v02-1536x360.jpg 1536w, https:\/\/academiespatiale.fr\/wp-content\/uploads\/2025\/10\/Sponsors-DIS-Mantes-v02.jpg 1920w\" sizes=\"auto, (max-width: 1024px) 100vw, 1024px\" \/><\/figure>\n\n\n\n<div style=\"height:10px\" aria-hidden=\"true\" class=\"wp-block-spacer\"><\/div>\n\n\n\n<hr class=\"wp-block-separator has-alpha-channel-opacity\"\/>\n\n\n\n<div style=\"height:10px\" aria-hidden=\"true\" class=\"wp-block-spacer\"><\/div>\n\n\n\n<div class=\"wp-block-columns alignwide is-layout-flex wp-container-core-columns-is-layout-7911a851 wp-block-columns-is-layout-flex\" style=\"border-width:1px;padding-top:var(--wp--preset--spacing--60);padding-right:var(--wp--preset--spacing--60);padding-bottom:var(--wp--preset--spacing--60);padding-left:var(--wp--preset--spacing--60)\">\n<div class=\"wp-block-column is-layout-flow wp-block-column-is-layout-flow\" style=\"flex-basis:33.33%\">\n<p>COMMUNIQUE DE PRESSE<\/p>\n\n\n\n<div data-wp-interactive=\"core\/file\" class=\"wp-block-file\"><object data-wp-bind--hidden=\"!state.hasPdfPreview\" hidden class=\"wp-block-file__embed\" data=\"https:\/\/academiespatiale.fr\/wp-content\/uploads\/2025\/10\/CP-Hackathon-DefinSpace-Mantes.pdf\" type=\"application\/pdf\" style=\"width:100%;height:200px\" aria-label=\"Contenu embarqu\u00e9 CP-Hackathon-DefinSpace-Mantes.\"><\/object><a id=\"wp-block-file--media-1cd514e5-595a-49a6-969d-faf424450cf9\" href=\"https:\/\/academiespatiale.fr\/wp-content\/uploads\/2025\/10\/CP-Hackathon-DefinSpace-Mantes.pdf\">CP-Hackathon-DefinSpace-Mantes<\/a><a href=\"https:\/\/academiespatiale.fr\/wp-content\/uploads\/2025\/10\/CP-Hackathon-DefinSpace-Mantes.pdf\" class=\"wp-block-file__button wp-element-button\" download aria-describedby=\"wp-block-file--media-1cd514e5-595a-49a6-969d-faf424450cf9\">T\u00e9l\u00e9charger<\/a><\/div>\n<\/div>\n\n\n\n<div class=\"wp-block-column is-layout-flow wp-block-column-is-layout-flow\" style=\"flex-basis:66.66%\">\n<p>PRESSE<\/p>\n\n\n\n<p>Les m\u00e9dias sont cordialement invit\u00e9s \u00e0 assister \u00e0 l&rsquo;\u00e9v\u00e9nement et \u00e0 rencontrer les participant\u00b7es, les organisateurs, les organisatrices et les partenaires. Une c\u00e9r\u00e9monie de remise des prix aura lieu le 11 octobre 2025 \u00e0 17h, en pr\u00e9sence de personnalit\u00e9s du secteur spatial.<\/p>\n\n\n\n<p style=\"font-size:15px\">CONTACT PRESSE<br><br><strong>Alice Gronier<br><\/strong><em>Charg\u00e9e de communication \u00e0 l&rsquo;Acad\u00e9mie Spatiale d&rsquo;IDF<\/em><br>alice.gronier@academiespatiale.fr<br>01 80 28 52 47<\/p>\n<\/div>\n<\/div>\n\n\n\n<div style=\"height:10px\" aria-hidden=\"true\" class=\"wp-block-spacer\"><\/div>\n\n\n\n<p class=\"has-text-align-left\"><strong>Th\u00e9matique : surveillance vid\u00e9o temps r\u00e9el depuis l&rsquo;orbite basse<\/strong><\/p>\n\n\n\n<p>Le retour des conflits de haute intensit\u00e9 pose la question de la place centrale du renseignement, fonction critique permettant d&rsquo;obtenir une appr\u00e9ciation autonome et continuellement \u00ab&nbsp;rafra\u00eechie&nbsp;\u00bb de la situation pour anticiper les \u00e9v\u00e8nements.<\/p>\n\n\n\n<p>Pour 2025, DefInSpace vous invite \u00e0 repenser et \u00e0 innover autour de la surveillance temps r\u00e9el&#8230;<\/p>\n\n\n\n<div data-wp-interactive=\"core\/file\" class=\"wp-block-file\"><object data-wp-bind--hidden=\"!state.hasPdfPreview\" hidden class=\"wp-block-file__embed\" data=\"https:\/\/academiespatiale.fr\/wp-content\/uploads\/2025\/08\/Thematique-DIS-2025.pdf\" type=\"application\/pdf\" style=\"width:100%;height:450px\" aria-label=\"Contenu embarqu\u00e9 Thematique - DIS 2025.\"><\/object><a id=\"wp-block-file--media-096e9969-b5c0-4a4a-bcf3-0728b1ddecf2\" href=\"https:\/\/academiespatiale.fr\/wp-content\/uploads\/2025\/08\/Thematique-DIS-2025.pdf\">Thematique &#8211; DIS 2025<\/a><a href=\"https:\/\/academiespatiale.fr\/wp-content\/uploads\/2025\/08\/Thematique-DIS-2025.pdf\" class=\"wp-block-file__button wp-element-button\" download aria-describedby=\"wp-block-file--media-096e9969-b5c0-4a4a-bcf3-0728b1ddecf2\">T\u00e9l\u00e9charger<\/a><\/div>\n\n\n\n<div style=\"height:20px\" aria-hidden=\"true\" class=\"wp-block-spacer\"><\/div>\n\n\n\n<hr class=\"wp-block-separator has-alpha-channel-opacity\"\/>\n\n\n\n<div style=\"height:30px\" aria-hidden=\"true\" class=\"wp-block-spacer\"><\/div>\n\n\n\n<h3 class=\"wp-block-heading\">Au programme<\/h3>\n\n\n\n<p class=\"has-text-align-left\"><strong>Deux d\u00e9fis : 1 technique &amp; 1 g\u00e9n\u00e9raliste<\/strong><br>(\u00e0 r\u00e9soudre en 24 heures)<\/p>\n\n\n\n<div class=\"wp-block-columns alignwide is-layout-flex wp-container-core-columns-is-layout-28f84493 wp-block-columns-is-layout-flex\">\n<div class=\"wp-block-column is-layout-flow wp-block-column-is-layout-flow\" style=\"flex-basis:100%\">\n<div class=\"wp-block-columns is-layout-flex wp-container-core-columns-is-layout-28f84493 wp-block-columns-is-layout-flex\">\n<div class=\"wp-block-column is-vertically-aligned-center is-layout-flow wp-block-column-is-layout-flow\">\n<p>Les participantes et les participants se r\u00e9partissent en \u00e9quipes de 2 \u00e0 5 personnes et pr\u00e9senteront leur solution devant un jury \u00e0 l&rsquo;issue des 24h qui leur sont impartis.<\/p>\n\n\n\n<p>D\u00e8s l&rsquo;automne, un webinaire pr\u00e9sentera l&rsquo;\u00e9v\u00e8nement du Commandement De l&rsquo;Espace puis deux bootcamps seront organis\u00e9s pour vous pr\u00e9parer aux enjeux de la comp\u00e9tition.<\/p>\n\n\n\n<p>Les \u00e9quipes s\u00e9lectionn\u00e9es s&rsquo;affronterons lors de la Grande Finale \u00e0 Paris. Les \u00e9quipes laur\u00e9ates de DefInSpace seront \u00e9lues lors de cette Grande Finale et gagneront un voyage pour le Port Spatial Europ\u00e9en de Kourou en Guyane.<\/p>\n<\/div>\n\n\n\n<div class=\"wp-block-column is-layout-flow wp-block-column-is-layout-flow\">\n<figure data-wp-context=\"{&quot;imageId&quot;:&quot;69f3c95a66202&quot;}\" data-wp-interactive=\"core\/image\" data-wp-key=\"69f3c95a66202\" class=\"wp-block-image size-large wp-lightbox-container\"><img loading=\"lazy\" decoding=\"async\" width=\"1024\" height=\"681\" data-wp-class--hide=\"state.isContentHidden\" data-wp-class--show=\"state.isContentVisible\" data-wp-init=\"callbacks.setButtonStyles\" data-wp-on--click=\"actions.showLightbox\" data-wp-on--load=\"callbacks.setButtonStyles\" data-wp-on-window--resize=\"callbacks.setButtonStyles\" src=\"https:\/\/academiespatiale.fr\/wp-content\/uploads\/2025\/07\/DefInSpace_Grande-finale-2023-1-1024x681.png\" alt=\"\" class=\"wp-image-5469\" srcset=\"https:\/\/academiespatiale.fr\/wp-content\/uploads\/2025\/07\/DefInSpace_Grande-finale-2023-1-1024x681.png 1024w, https:\/\/academiespatiale.fr\/wp-content\/uploads\/2025\/07\/DefInSpace_Grande-finale-2023-1-300x200.png 300w, https:\/\/academiespatiale.fr\/wp-content\/uploads\/2025\/07\/DefInSpace_Grande-finale-2023-1-768x511.png 768w, https:\/\/academiespatiale.fr\/wp-content\/uploads\/2025\/07\/DefInSpace_Grande-finale-2023-1-1536x1022.png 1536w, https:\/\/academiespatiale.fr\/wp-content\/uploads\/2025\/07\/DefInSpace_Grande-finale-2023-1-2048x1362.png 2048w, https:\/\/academiespatiale.fr\/wp-content\/uploads\/2025\/07\/DefInSpace_Grande-finale-2023-1-360x240.png 360w\" sizes=\"auto, (max-width: 1024px) 100vw, 1024px\" \/><button\n\t\t\tclass=\"lightbox-trigger\"\n\t\t\ttype=\"button\"\n\t\t\taria-haspopup=\"dialog\"\n\t\t\taria-label=\"Agrandir\"\n\t\t\tdata-wp-init=\"callbacks.initTriggerButton\"\n\t\t\tdata-wp-on--click=\"actions.showLightbox\"\n\t\t\tdata-wp-style--right=\"state.imageButtonRight\"\n\t\t\tdata-wp-style--top=\"state.imageButtonTop\"\n\t\t>\n\t\t\t<svg xmlns=\"http:\/\/www.w3.org\/2000\/svg\" width=\"12\" height=\"12\" fill=\"none\" viewBox=\"0 0 12 12\">\n\t\t\t\t<path fill=\"#fff\" d=\"M2 0a2 2 0 0 0-2 2v2h1.5V2a.5.5 0 0 1 .5-.5h2V0H2Zm2 10.5H2a.5.5 0 0 1-.5-.5V8H0v2a2 2 0 0 0 2 2h2v-1.5ZM8 12v-1.5h2a.5.5 0 0 0 .5-.5V8H12v2a2 2 0 0 1-2 2H8Zm2-12a2 2 0 0 1 2 2v2h-1.5V2a.5.5 0 0 0-.5-.5H8V0h2Z\" \/>\n\t\t\t<\/svg>\n\t\t<\/button><figcaption class=\"wp-element-caption\">Grande finale 2023 \u00a9 Arm\u00e9e de l&rsquo;Air et de l&rsquo;Espace<\/figcaption><\/figure>\n<\/div>\n<\/div>\n<\/div>\n<\/div>\n\n\n\n<figure class=\"wp-block-image size-large\"><img loading=\"lazy\" decoding=\"async\" width=\"1024\" height=\"341\" src=\"https:\/\/academiespatiale.fr\/wp-content\/uploads\/2025\/08\/Hackathon-de-defense-spatiale-Sponsors-1024x341.jpg\" alt=\"\" class=\"wp-image-5803\" srcset=\"https:\/\/academiespatiale.fr\/wp-content\/uploads\/2025\/08\/Hackathon-de-defense-spatiale-Sponsors-1024x341.jpg 1024w, https:\/\/academiespatiale.fr\/wp-content\/uploads\/2025\/08\/Hackathon-de-defense-spatiale-Sponsors-300x100.jpg 300w, https:\/\/academiespatiale.fr\/wp-content\/uploads\/2025\/08\/Hackathon-de-defense-spatiale-Sponsors-768x256.jpg 768w, https:\/\/academiespatiale.fr\/wp-content\/uploads\/2025\/08\/Hackathon-de-defense-spatiale-Sponsors-1536x512.jpg 1536w, https:\/\/academiespatiale.fr\/wp-content\/uploads\/2025\/08\/Hackathon-de-defense-spatiale-Sponsors.jpg 1837w\" sizes=\"auto, (max-width: 1024px) 100vw, 1024px\" \/><\/figure>\n\n\n\n<hr class=\"wp-block-separator has-alpha-channel-opacity\"\/>\n\n\n\n<div style=\"height:30px\" aria-hidden=\"true\" class=\"wp-block-spacer\"><\/div>\n\n\n\n<h3 class=\"wp-block-heading\">R\u00e9trospective de l&rsquo;\u00e9dition 2023<\/h3>\n\n\n\n<p style=\"font-size:15px\">Voir la r\u00e9trospective 2023 : <a href=\"https:\/\/www.definspace.fr\/definspace2023\" target=\"_blank\" rel=\"noopener\" title=\"\">DefInSpace 2025 | Archives<\/a><\/p>\n\n\n\n<p>Les sujets du Hackathon DefInSpace 2023 portaient sur les constellations dans le contexte de la mise en service des constellations IRIS2 et Kuiper sur la base de la constellation OneWeb d&rsquo;Eutelsat :<\/p>\n\n\n\n<ul class=\"wp-block-list\">\n<li>Challenge g\u00e9n\u00e9raliste : enjeux politiques, juridiques, \u00e9conomiques, s\u00e9curitaires, diplomatiques&#8230; d&rsquo;une future constellation afin d&rsquo;encourager l&rsquo;\u00e9mergence d&rsquo;une inter-op\u00e9rabilit\u00e9 duale entre les diff\u00e9rentes constellations (t\u00e9l\u00e9com, observation, CNSS, etc.).<\/li>\n\n\n\n<li>Challenge technique : b\u00e9n\u00e9fices que pourrait tirer le minist\u00e8re des Arm\u00e9es des constellations spatiales.<\/li>\n<\/ul>\n\n\n\n<div class=\"wp-block-columns is-layout-flex wp-container-core-columns-is-layout-28f84493 wp-block-columns-is-layout-flex\">\n<div class=\"wp-block-column is-layout-flow wp-block-column-is-layout-flow\">\n<p>Sujet g\u00e9n\u00e9raliste 2023<\/p>\n\n\n\n<div data-wp-interactive=\"core\/file\" class=\"wp-block-file\"><object data-wp-bind--hidden=\"!state.hasPdfPreview\" hidden class=\"wp-block-file__embed\" data=\"https:\/\/academiespatiale.fr\/wp-content\/uploads\/2025\/08\/Challenge-Generaliste-DIS-2023.pdf\" type=\"application\/pdf\" style=\"width:100%;height:200px\" aria-label=\"Contenu embarqu\u00e9 Challenge Ge\u0301ne\u0301raliste - DIS 2023.\"><\/object><a id=\"wp-block-file--media-417e3bd3-2b07-406a-8807-be1922cc9ef7\" href=\"https:\/\/academiespatiale.fr\/wp-content\/uploads\/2025\/08\/Challenge-Generaliste-DIS-2023.pdf\">Challenge Ge\u0301ne\u0301raliste &#8211; DIS 2023<\/a><a href=\"https:\/\/academiespatiale.fr\/wp-content\/uploads\/2025\/08\/Challenge-Generaliste-DIS-2023.pdf\" class=\"wp-block-file__button wp-element-button\" download aria-describedby=\"wp-block-file--media-417e3bd3-2b07-406a-8807-be1922cc9ef7\">T\u00e9l\u00e9charger<\/a><\/div>\n<\/div>\n\n\n\n<div class=\"wp-block-column is-layout-flow wp-block-column-is-layout-flow\">\n<p>Sujet technique 2023<\/p>\n\n\n\n<div data-wp-interactive=\"core\/file\" class=\"wp-block-file\"><object data-wp-bind--hidden=\"!state.hasPdfPreview\" hidden class=\"wp-block-file__embed\" data=\"https:\/\/academiespatiale.fr\/wp-content\/uploads\/2025\/08\/Challenge-Technique-DIS-2023.pdf.png.pdf\" type=\"application\/pdf\" style=\"width:100%;height:200px\" aria-label=\"Contenu embarqu\u00e9 Challenge Technique - DIS 2023.pdf.png.\"><\/object><a id=\"wp-block-file--media-55d8e0ab-6d23-4cbe-9a50-cf09edcf6a1f\" href=\"https:\/\/academiespatiale.fr\/wp-content\/uploads\/2025\/08\/Challenge-Technique-DIS-2023.pdf.png.pdf\">Challenge Technique &#8211; DIS 2023.pdf.png<\/a><a href=\"https:\/\/academiespatiale.fr\/wp-content\/uploads\/2025\/08\/Challenge-Technique-DIS-2023.pdf.png.pdf\" class=\"wp-block-file__button wp-element-button\" download aria-describedby=\"wp-block-file--media-55d8e0ab-6d23-4cbe-9a50-cf09edcf6a1f\">T\u00e9l\u00e9charger<\/a><\/div>\n<\/div>\n<\/div>\n\n\n\n<p class=\"has-text-align-left has-medium-font-size\"><\/p>\n<\/div><\/div>\n\n\n\t<div  class=\"tribe-block tribe-block__events-link\" >\n\t\t<div class=\"tribe-events tribe-common\">\n\t\t\t<div class=\"tribe-events-c-subscribe-dropdown__container\">\n\t\t\t\t<div class=\"tribe-events-c-subscribe-dropdown\">\n\t\t\t\t\t<div class=\"tribe-common-c-btn-border tribe-events-c-subscribe-dropdown__button\">\n\t\t\t\t\t\t<svg\n\t class=\"tribe-common-c-svgicon tribe-common-c-svgicon--cal-export tribe-events-c-subscribe-dropdown__export-icon\" \taria-hidden=\"true\"\n\tviewBox=\"0 0 23 17\"\n\txmlns=\"http:\/\/www.w3.org\/2000\/svg\"\n>\n\t<path fill-rule=\"evenodd\" clip-rule=\"evenodd\" d=\"M.128.896V16.13c0 .211.145.383.323.383h15.354c.179 0 .323-.172.323-.383V.896c0-.212-.144-.383-.323-.383H.451C.273.513.128.684.128.896Zm16 6.742h-.901V4.679H1.009v10.729h14.218v-3.336h.901V7.638ZM1.01 1.614h14.218v2.058H1.009V1.614Z\" \/>\n\t<path d=\"M20.5 9.846H8.312M18.524 6.953l2.89 2.909-2.855 2.855\" stroke-width=\"1.2\" stroke-linecap=\"round\" stroke-linejoin=\"round\"\/>\n<\/svg>\n\t\t\t\t\t\t<button\n\t\t\t\t\t\t\tclass=\"tribe-events-c-subscribe-dropdown__button-text\"\n\t\t\t\t\t\t\taria-expanded=\"false\"\n\t\t\t\t\t\t\taria-controls=\"tribe-events-subscribe-dropdown-content\"\n\t\t\t\t\t\t\taria-label=\"Afficher les liens permettant d\u2019ajouter des \u00e9v\u00e8nements \u00e0 votre calendrier\"\n\t\t\t\t\t\t>\n\t\t\t\t\t\t\tAjouter au calendrier\t\t\t\t\t\t<\/button>\n\t\t\t\t\t\t<svg\n\t class=\"tribe-common-c-svgicon tribe-common-c-svgicon--caret-down tribe-events-c-subscribe-dropdown__button-icon\" \taria-hidden=\"true\"\n\tviewBox=\"0 0 10 7\"\n\txmlns=\"http:\/\/www.w3.org\/2000\/svg\"\n>\n\t<path fill-rule=\"evenodd\" clip-rule=\"evenodd\" d=\"M1.008.609L5 4.6 8.992.61l.958.958L5 6.517.05 1.566l.958-.958z\" class=\"tribe-common-c-svgicon__svg-fill\"\/>\n<\/svg>\n\t\t\t\t\t<\/div>\n\t\t\t\t\t<div id=\"tribe-events-subscribe-dropdown-content\" class=\"tribe-events-c-subscribe-dropdown__content\">\n\t\t\t\t\t\t<ul class=\"tribe-events-c-subscribe-dropdown__list\">\n\t\t\t\t\t\t\t\t\t\t\t\t\t\t\t<li class=\"tribe-events-c-subscribe-dropdown__list-item tribe-events-c-subscribe-dropdown__list-item--gcal\">\n\t\t\t\t\t\t\t\t\t<a\n\t\t\t\t\t\t\t\t\t\thref=\"https:\/\/www.google.com\/calendar\/event?action=TEMPLATE&#038;dates=20251010T100000\/20251011T180000&#038;text=Hackathon%20DefInSpace%20%E2%80%93%2024h%20pour%20imaginer%20la%20d%C3%A9fense%20spatiale%20de%20demain&#038;details=%3Cdiv+class%3D%22wp-block-cover+is-light%22+style%3D%22padding-top%3Avar%28--wp--preset--spacing--80%29%3Bpadding-right%3Avar%28--wp--preset--spacing--80%29%3Bpadding-bottom%3Avar%28--wp--preset--spacing--80%29%3Bpadding-left%3Avar%28--wp--preset--spacing--80%29%22%3E%3Cspan+aria-hidden%3D%22true%22+class%3D%22wp-block-cover__background+has-white-background-color+has-background-dim-100+has-background-dim%22%3E%3C%2Fspan%3E%3Cdiv+class%3D%22wp-block-cover__inner-container%22%3E%3Cdiv+class%3D%22wp-block-columns+alignwide%22%3E%3Cdiv+class%3D%22wp-block-column%22+style%3D%22flex-basis%3A100%25%22%3E%3Cp%3E%3Cstrong%3EDefInSpace+est+un+hackathon+cr%C3%A9%C3%A9+par+le+Commandement+de+l%27Espace+%28CDE%29+dont+l%27objectif+est+d%27imaginer+des+solutions+pour+la+d%C3%A9fense+spatiale+de+demain.+Pour+sa+4e+%C3%A9dition%2C+l%27Acad%C3%A9mie+Spatiale+d%27%C3%8Ele-de-France+devient+organisateur+local+%3A+l%27%C3%A9v%C3%A8nement+se+d%C3%A9roulera+du+vendredi+10+au+samedi+11+octobre+2025+%C3%A0+l%27IUT+de+Mantes-en-Yvelines+%21%3C%2Fstrong%3E%3C%2Fp%3E+%3C%2Fdiv%3E%3C%2Fdiv%3E%3Cfigure+class%3D%22wp-block-image+alignwide+size-large%22%3E%3Ca+href%3D%22https%3A%2F%2Fwww.definspace.fr%2F%22+target%3D%22_blank%22+r%3C%2Ffigure%3E%3C%2Fdiv%3E%3C%2Fdiv%3E%28Voir+toute+la+description+de+%C3%A9v%C3%A8nement+ici%C2%A0%3A+https%3A%2F%2Facademiespatiale.fr%2Findex.php%2Fevent%2Fhackathon-definspace-24h-pour-imaginer-la-defense-spatiale-de-demain%2F%29&#038;trp=false&#038;ctz=Europe\/Paris&#038;sprop=website:https:\/\/academiespatiale.fr\"\n\t\t\t\t\t\t\t\t\t\tclass=\"tribe-events-c-subscribe-dropdown__list-item-link\"\n\t\t\t\t\t\t\t\t\t\ttarget=\"_blank\"\n\t\t\t\t\t\t\t\t\t\trel=\"noopener noreferrer nofollow noindex\"\n\t\t\t\t\t\t\t\t\t>\n\t\t\t\t\t\t\t\t\t\tGoogle Agenda\t\t\t\t\t\t\t\t\t<\/a>\n\t\t\t\t\t\t\t\t<\/li>\n\t\t\t\t\t\t\t\t\t\t\t\t\t\t\t<li class=\"tribe-events-c-subscribe-dropdown__list-item tribe-events-c-subscribe-dropdown__list-item--ical\">\n\t\t\t\t\t\t\t\t\t<a\n\t\t\t\t\t\t\t\t\t\thref=\"\"\n\t\t\t\t\t\t\t\t\t\tclass=\"tribe-events-c-subscribe-dropdown__list-item-link\"\n\t\t\t\t\t\t\t\t\t\ttarget=\"_blank\"\n\t\t\t\t\t\t\t\t\t\trel=\"noopener noreferrer nofollow noindex\"\n\t\t\t\t\t\t\t\t\t>\n\t\t\t\t\t\t\t\t\t\tiCalendar\t\t\t\t\t\t\t\t\t<\/a>\n\t\t\t\t\t\t\t\t<\/li>\n\t\t\t\t\t\t\t\t\t\t\t\t\t\t\t<li class=\"tribe-events-c-subscribe-dropdown__list-item tribe-events-c-subscribe-dropdown__list-item--outlook-365\">\n\t\t\t\t\t\t\t\t\t<a\n\t\t\t\t\t\t\t\t\t\thref=\"\"\n\t\t\t\t\t\t\t\t\t\tclass=\"tribe-events-c-subscribe-dropdown__list-item-link\"\n\t\t\t\t\t\t\t\t\t\ttarget=\"_blank\"\n\t\t\t\t\t\t\t\t\t\trel=\"noopener noreferrer nofollow noindex\"\n\t\t\t\t\t\t\t\t\t>\n\t\t\t\t\t\t\t\t\t\tOutlook 365\t\t\t\t\t\t\t\t\t<\/a>\n\t\t\t\t\t\t\t\t<\/li>\n\t\t\t\t\t\t\t\t\t\t\t\t\t\t\t<li class=\"tribe-events-c-subscribe-dropdown__list-item tribe-events-c-subscribe-dropdown__list-item--outlook-live\">\n\t\t\t\t\t\t\t\t\t<a\n\t\t\t\t\t\t\t\t\t\thref=\"\"\n\t\t\t\t\t\t\t\t\t\tclass=\"tribe-events-c-subscribe-dropdown__list-item-link\"\n\t\t\t\t\t\t\t\t\t\ttarget=\"_blank\"\n\t\t\t\t\t\t\t\t\t\trel=\"noopener noreferrer nofollow noindex\"\n\t\t\t\t\t\t\t\t\t>\n\t\t\t\t\t\t\t\t\t\tOutlook Live\t\t\t\t\t\t\t\t\t<\/a>\n\t\t\t\t\t\t\t\t<\/li>\n\t\t\t\t\t\t\t\t\t\t\t\t\t<\/ul>\n\t\t\t\t\t<\/div>\n\t\t\t\t<\/div>\n\t\t\t<\/div>\n\t\t<\/div>\n\t<\/div>\n\n","protected":false},"excerpt":{"rendered":"","protected":false},"author":1,"featured_media":5475,"template":"","meta":{"_monsterinsights_skip_tracking":false,"_monsterinsights_sitenote_active":false,"_monsterinsights_sitenote_note":"","_monsterinsights_sitenote_category":0,"_EventAllDay":false,"_EventTimezone":"Europe\/Paris","_EventStartDate":"2025-10-10 10:00:00","_EventEndDate":"2025-10-11 18:00:00","_EventStartDateUTC":"2025-10-10 08:00:00","_EventEndDateUTC":"2025-10-11 16:00:00","_EventShowMap":false,"_EventShowMapLink":false,"_EventURL":"","_EventCost":"","_EventCostDescription":"","_EventCurrencySymbol":"\u20ac","_EventCurrencyCode":"EUR","_EventCurrencyPosition":"suffix","_EventDateTimeSeparator":" : ","_EventTimeRangeSeparator":"-","_EventOrganizerID":[],"_EventVenueID":[],"_OrganizerEmail":"","_OrganizerPhone":"","_OrganizerWebsite":"","_VenueAddress":"","_VenueCity":"","_VenueCountry":"","_VenueProvince":"","_VenueState":"","_VenueZip":"","_VenuePhone":"","_VenueURL":"","_VenueStateProvince":"","_VenueLat":"","_VenueLng":"","_VenueShowMap":false,"_VenueShowMapLink":false,"_tribe_events_status":"","_tribe_events_status_reason":"","footnotes":""},"tags":[],"tribe_events_cat":[],"class_list":["post-5582","tribe_events","type-tribe_events","status-publish","has-post-thumbnail","hentry"],"aioseo_notices":[],"_links":{"self":[{"href":"https:\/\/academiespatiale.fr\/index.php\/wp-json\/wp\/v2\/tribe_events\/5582","targetHints":{"allow":["GET"]}}],"collection":[{"href":"https:\/\/academiespatiale.fr\/index.php\/wp-json\/wp\/v2\/tribe_events"}],"about":[{"href":"https:\/\/academiespatiale.fr\/index.php\/wp-json\/wp\/v2\/types\/tribe_events"}],"author":[{"embeddable":true,"href":"https:\/\/academiespatiale.fr\/index.php\/wp-json\/wp\/v2\/users\/1"}],"version-history":[{"count":7,"href":"https:\/\/academiespatiale.fr\/index.php\/wp-json\/wp\/v2\/tribe_events\/5582\/revisions"}],"predecessor-version":[{"id":6074,"href":"https:\/\/academiespatiale.fr\/index.php\/wp-json\/wp\/v2\/tribe_events\/5582\/revisions\/6074"}],"wp:featuredmedia":[{"embeddable":true,"href":"https:\/\/academiespatiale.fr\/index.php\/wp-json\/wp\/v2\/media\/5475"}],"wp:attachment":[{"href":"https:\/\/academiespatiale.fr\/index.php\/wp-json\/wp\/v2\/media?parent=5582"}],"wp:term":[{"taxonomy":"post_tag","embeddable":true,"href":"https:\/\/academiespatiale.fr\/index.php\/wp-json\/wp\/v2\/tags?post=5582"},{"taxonomy":"tribe_events_cat","embeddable":true,"href":"https:\/\/academiespatiale.fr\/index.php\/wp-json\/wp\/v2\/tribe_events_cat?post=5582"}],"curies":[{"name":"wp","href":"https:\/\/api.w.org\/{rel}","templated":true}]}}