{"id":5453,"date":"2025-07-28T17:42:55","date_gmt":"2025-07-28T15:42:55","guid":{"rendered":"https:\/\/academiespatiale.fr\/?post_type=tribe_events&#038;p=5453"},"modified":"2025-07-28T17:43:51","modified_gmt":"2025-07-28T15:43:51","slug":"inscription-workshop-observations-spatiales-pour-tous-et-toutes","status":"publish","type":"tribe_events","link":"https:\/\/academiespatiale.fr\/index.php\/event\/inscription-workshop-observations-spatiales-pour-tous-et-toutes\/","title":{"rendered":"[Inscription] Workshop \u00ab\u00a0Observations spatiales pour tous et toutes\u00a0\u00bb"},"content":{"rendered":"<div  class=\"tribe-events-schedule tribe-clearfix\" >\n\t<p class=\"tribe-events-schedule__datetime\">\n\t\t<span class=\"tribe-events-schedule__date tribe-events-schedule__date--start\">\n\t\t\t26 septembre 2025\t\t<\/span>\n\n\t\t\t\t\t<span class=\"tribe-events-schedule__separator tribe-events-schedule__separator--date\">\n\t\t\t\t : \t\t\t<\/span>\n\t\t\t<span class=\"tribe-events-schedule__time tribe-events-schedule__time--start\">\n\t\t\t\t9h00\t\t\t<\/span>\n\t\t\n\t\t\t\t\t\t\t\t\t<span class=\"tribe-events-schedule__separator tribe-events-schedule__separator--time\">\n\t\t\t\t\t&#8211;\t\t\t\t<\/span>\n\t\t\t\n\t\t\t\t\t\t\t<span class=\"tribe-events-schedule__time tribe-events-schedule__time--end\">\n\t\t\t\t\t18h00\t\t\t\t<\/span>\n\t\t\t\n\t\t\t\t\t\t<\/p>\n<\/div>\n\n\n\n<div class=\"wp-block-cover is-light\" style=\"padding-top:var(--wp--preset--spacing--80);padding-right:var(--wp--preset--spacing--80);padding-bottom:var(--wp--preset--spacing--80);padding-left:var(--wp--preset--spacing--80)\"><span aria-hidden=\"true\" class=\"wp-block-cover__background has-white-background-color has-background-dim-100 has-background-dim\"><\/span><div class=\"wp-block-cover__inner-container is-layout-constrained wp-container-core-cover-is-layout-10bc4538 wp-block-cover-is-layout-constrained\">\n<p class=\"has-text-align-left has-medium-font-size\"><strong>Nous avons le plaisir de vous inviter au workshop \u00ab&nbsp;Observations spatiales pour tous et toutes&nbsp;\u00bb. Cette journ\u00e9e est organis\u00e9e par DATA TERRA et l&rsquo;Acad\u00e9mie Spatiale d&rsquo;\u00cele-de-France et d\u00e9di\u00e9e \u00e0 la d\u00e9couverte des donn\u00e9es satellitaires.<\/strong><\/p>\n\n\n\n<hr class=\"wp-block-separator has-alpha-channel-opacity\"\/>\n\n\n\n<p class=\"has-text-align-center has-medium-font-size\"><strong>Vendredi 26 septembre 2025<\/strong><br>Sorbonne Universit\u00e9 : 4, place Jussieu &#8211; Paris 75005<\/p>\n\n\n\n<p class=\"has-text-align-center has-medium-font-size\">Ouvert \u00e0 toute personne souhaitant consulter ou utiliser des observations satellitaires sans \u00eatre expert\u00b7e du domaine<\/p>\n\n\n\n<p class=\"has-text-align-center\" style=\"font-size:15px\"><em>\u00c9tudiant\u00b7es (licence, master ou doctorat), enseignant\u00b7es-chercheurs, chercheurs et chercheuses, ing\u00e9nieur\u00b7es, technicien\u00b7nes, personnels administratifs, etc.<\/em><br><br>Pr\u00e9-requis : aucun<\/p>\n\n\n\n<hr class=\"wp-block-separator has-alpha-channel-opacity\"\/>\n\n\n<div class=\"wp-block-image\">\n<figure data-wp-context=\"{&quot;imageId&quot;:&quot;69efaa67833ab&quot;}\" data-wp-interactive=\"core\/image\" data-wp-key=\"69efaa67833ab\" class=\"aligncenter size-large wp-lightbox-container\"><img loading=\"lazy\" decoding=\"async\" width=\"724\" height=\"1024\" data-wp-class--hide=\"state.isContentHidden\" data-wp-class--show=\"state.isContentVisible\" data-wp-init=\"callbacks.setButtonStyles\" data-wp-on--click=\"actions.showLightbox\" data-wp-on--load=\"callbacks.setButtonStyles\" data-wp-on-window--resize=\"callbacks.setButtonStyles\" src=\"https:\/\/academiespatiale.fr\/wp-content\/uploads\/2025\/07\/Workshop_Ac.Spatiale_SorbonneU_affiche-light-724x1024.png\" alt=\"\" class=\"wp-image-5440\" srcset=\"https:\/\/academiespatiale.fr\/wp-content\/uploads\/2025\/07\/Workshop_Ac.Spatiale_SorbonneU_affiche-light-724x1024.png 724w, https:\/\/academiespatiale.fr\/wp-content\/uploads\/2025\/07\/Workshop_Ac.Spatiale_SorbonneU_affiche-light-212x300.png 212w, https:\/\/academiespatiale.fr\/wp-content\/uploads\/2025\/07\/Workshop_Ac.Spatiale_SorbonneU_affiche-light-768x1086.png 768w, https:\/\/academiespatiale.fr\/wp-content\/uploads\/2025\/07\/Workshop_Ac.Spatiale_SorbonneU_affiche-light.png 885w\" sizes=\"auto, (max-width: 724px) 100vw, 724px\" \/><button\n\t\t\tclass=\"lightbox-trigger\"\n\t\t\ttype=\"button\"\n\t\t\taria-haspopup=\"dialog\"\n\t\t\taria-label=\"Agrandir\"\n\t\t\tdata-wp-init=\"callbacks.initTriggerButton\"\n\t\t\tdata-wp-on--click=\"actions.showLightbox\"\n\t\t\tdata-wp-style--right=\"state.imageButtonRight\"\n\t\t\tdata-wp-style--top=\"state.imageButtonTop\"\n\t\t>\n\t\t\t<svg xmlns=\"http:\/\/www.w3.org\/2000\/svg\" width=\"12\" height=\"12\" fill=\"none\" viewBox=\"0 0 12 12\">\n\t\t\t\t<path fill=\"#fff\" d=\"M2 0a2 2 0 0 0-2 2v2h1.5V2a.5.5 0 0 1 .5-.5h2V0H2Zm2 10.5H2a.5.5 0 0 1-.5-.5V8H0v2a2 2 0 0 0 2 2h2v-1.5ZM8 12v-1.5h2a.5.5 0 0 0 .5-.5V8H12v2a2 2 0 0 1-2 2H8Zm2-12a2 2 0 0 1 2 2v2h-1.5V2a.5.5 0 0 0-.5-.5H8V0h2Z\" \/>\n\t\t\t<\/svg>\n\t\t<\/button><\/figure>\n<\/div>\n\n\n<hr class=\"wp-block-separator has-alpha-channel-opacity\"\/>\n\n\n\n<p class=\"has-medium-font-size\">Les donn\u00e9es satellitaires d&rsquo;observations de la Terre sont omnipr\u00e9sentes dans notre quotidien et la plupart sont en acc\u00e8s libre.<\/p>\n\n\n\n<p class=\"has-medium-font-size\">Ce workshop a pour objectif de vous permettre d&rsquo;acqu\u00e9rir des comp\u00e9tences pratiques pour utiliser ces donn\u00e9es en toute autonomie. \u00c0 travers des exemples concerts, vous d\u00e9couvrirez comment utiliser et appliquer simplement des donn\u00e9es spatiales dans des domaines vari\u00e9es : atmosph\u00e8re, oc\u00e9an, surfaces continentales, cryosph\u00e8re, etc.<\/p>\n\n\n\n<p class=\"has-background-color-background-color has-background has-medium-font-size\">LIEN D&rsquo;INSCRIPTION<br>\u2192 <a href=\"https:\/\/framaforms.org\/workshop-observations-spatiales-pour-tous-et-toutes-26-septembre-2025-1751876860\">Workshop Observations Spatiales pour tous et toutes (26 septembre 2025) | Framaforms.org<\/a><\/p>\n\n\n\n<hr class=\"wp-block-separator has-alpha-channel-opacity\"\/>\n\n\n\n<div class=\"wp-block-columns is-layout-flex wp-container-core-columns-is-layout-28f84493 wp-block-columns-is-layout-flex\">\n<div class=\"wp-block-column is-layout-flow wp-block-column-is-layout-flow\"><div class=\"wp-block-image\">\n<figure class=\"aligncenter size-large is-resized\"><img loading=\"lazy\" decoding=\"async\" width=\"1024\" height=\"245\" src=\"https:\/\/academiespatiale.fr\/wp-content\/uploads\/2024\/04\/Logo_France2030-Academie-1024x245.png\" alt=\"\" class=\"wp-image-270\" style=\"width:auto;height:60px\" srcset=\"https:\/\/academiespatiale.fr\/wp-content\/uploads\/2024\/04\/Logo_France2030-Academie-1024x245.png 1024w, https:\/\/academiespatiale.fr\/wp-content\/uploads\/2024\/04\/Logo_France2030-Academie-300x72.png 300w, https:\/\/academiespatiale.fr\/wp-content\/uploads\/2024\/04\/Logo_France2030-Academie-768x184.png 768w, https:\/\/academiespatiale.fr\/wp-content\/uploads\/2024\/04\/Logo_France2030-Academie-1536x367.png 1536w, https:\/\/academiespatiale.fr\/wp-content\/uploads\/2024\/04\/Logo_France2030-Academie-2048x490.png 2048w\" sizes=\"auto, (max-width: 1024px) 100vw, 1024px\" \/><\/figure>\n<\/div><\/div>\n\n\n\n<div class=\"wp-block-column is-layout-flow wp-block-column-is-layout-flow\"><div class=\"wp-block-image\">\n<figure class=\"aligncenter size-full is-resized\"><img loading=\"lazy\" decoding=\"async\" width=\"723\" height=\"294\" src=\"https:\/\/academiespatiale.fr\/wp-content\/uploads\/2025\/07\/Data-Terra_transp.png\" alt=\"\" class=\"wp-image-5443\" style=\"width:auto;height:50px\" srcset=\"https:\/\/academiespatiale.fr\/wp-content\/uploads\/2025\/07\/Data-Terra_transp.png 723w, https:\/\/academiespatiale.fr\/wp-content\/uploads\/2025\/07\/Data-Terra_transp-300x122.png 300w\" sizes=\"auto, (max-width: 723px) 100vw, 723px\" \/><\/figure>\n<\/div><\/div>\n<\/div>\n\n\n\n<div style=\"height:50px\" aria-hidden=\"true\" class=\"wp-block-spacer\"><\/div>\n<\/div><\/div>\n\n\n\t<div  class=\"tribe-block tribe-block__events-link\" >\n\t\t<div class=\"tribe-events tribe-common\">\n\t\t\t<div class=\"tribe-events-c-subscribe-dropdown__container\">\n\t\t\t\t<div class=\"tribe-events-c-subscribe-dropdown\">\n\t\t\t\t\t<div class=\"tribe-common-c-btn-border tribe-events-c-subscribe-dropdown__button\">\n\t\t\t\t\t\t<svg\n\t class=\"tribe-common-c-svgicon tribe-common-c-svgicon--cal-export tribe-events-c-subscribe-dropdown__export-icon\" \taria-hidden=\"true\"\n\tviewBox=\"0 0 23 17\"\n\txmlns=\"http:\/\/www.w3.org\/2000\/svg\"\n>\n\t<path fill-rule=\"evenodd\" clip-rule=\"evenodd\" d=\"M.128.896V16.13c0 .211.145.383.323.383h15.354c.179 0 .323-.172.323-.383V.896c0-.212-.144-.383-.323-.383H.451C.273.513.128.684.128.896Zm16 6.742h-.901V4.679H1.009v10.729h14.218v-3.336h.901V7.638ZM1.01 1.614h14.218v2.058H1.009V1.614Z\" \/>\n\t<path d=\"M20.5 9.846H8.312M18.524 6.953l2.89 2.909-2.855 2.855\" stroke-width=\"1.2\" stroke-linecap=\"round\" stroke-linejoin=\"round\"\/>\n<\/svg>\n\t\t\t\t\t\t<button\n\t\t\t\t\t\t\tclass=\"tribe-events-c-subscribe-dropdown__button-text\"\n\t\t\t\t\t\t\taria-expanded=\"false\"\n\t\t\t\t\t\t\taria-controls=\"tribe-events-subscribe-dropdown-content\"\n\t\t\t\t\t\t\taria-label=\"Afficher les liens permettant d\u2019ajouter des \u00e9v\u00e8nements \u00e0 votre calendrier\"\n\t\t\t\t\t\t>\n\t\t\t\t\t\t\tAjouter au calendrier\t\t\t\t\t\t<\/button>\n\t\t\t\t\t\t<svg\n\t class=\"tribe-common-c-svgicon tribe-common-c-svgicon--caret-down tribe-events-c-subscribe-dropdown__button-icon\" \taria-hidden=\"true\"\n\tviewBox=\"0 0 10 7\"\n\txmlns=\"http:\/\/www.w3.org\/2000\/svg\"\n>\n\t<path fill-rule=\"evenodd\" clip-rule=\"evenodd\" d=\"M1.008.609L5 4.6 8.992.61l.958.958L5 6.517.05 1.566l.958-.958z\" class=\"tribe-common-c-svgicon__svg-fill\"\/>\n<\/svg>\n\t\t\t\t\t<\/div>\n\t\t\t\t\t<div id=\"tribe-events-subscribe-dropdown-content\" class=\"tribe-events-c-subscribe-dropdown__content\">\n\t\t\t\t\t\t<ul class=\"tribe-events-c-subscribe-dropdown__list\">\n\t\t\t\t\t\t\t\t\t\t\t\t\t\t\t<li class=\"tribe-events-c-subscribe-dropdown__list-item tribe-events-c-subscribe-dropdown__list-item--gcal\">\n\t\t\t\t\t\t\t\t\t<a\n\t\t\t\t\t\t\t\t\t\thref=\"https:\/\/www.google.com\/calendar\/event?action=TEMPLATE&#038;dates=20250926T090000\/20250926T180000&#038;text=%5BInscription%5D%20Workshop%20%C2%AB%C2%A0Observations%20spatiales%20pour%20tous%20et%20toutes%C2%A0%C2%BB&#038;details=%3Cdiv+class%3D%22wp-block-cover+is-light%22+style%3D%22padding-top%3Avar%28--wp--preset--spacing--80%29%3Bpadding-right%3Avar%28--wp--preset--spacing--80%29%3Bpadding-bottom%3Avar%28--wp--preset--spacing--80%29%3Bpadding-left%3Avar%28--wp--preset--spacing--80%29%22%3E%3Cspan+aria-hidden%3D%22true%22+class%3D%22wp-block-cover__background+has-white-background-color+has-background-dim-100+has-background-dim%22%3E%3C%2Fspan%3E%3Cdiv+class%3D%22wp-block-cover__inner-container%22%3E%3Cp+class%3D%22has-text-align-left+has-medium-font-size%22%3E%3Cstrong%3ENous+avons+le+plaisir+de+vous+inviter+au+workshop+%C2%AB%26nbsp%3BObservations+spatiales+pour+tous+et+toutes%26nbsp%3B%C2%BB.+Cette+journ%C3%A9e+est+organis%C3%A9e+par+DATA+TERRA+et+l%27Acad%C3%A9mie+Spatiale+d%27%C3%8Ele-de-France+et+d%C3%A9di%C3%A9e+%C3%A0+la+d%C3%A9couverte+des+donn%C3%A9es+satellitaires.%3C%2Fstrong%3E%3C%2Fp%3E+%3Chr+class%3D%22wp-block-separator+has-alpha-channel-opacity%22%2F%3E%3Cp+class%3D%22has-text-align-center+has-medium-font-size%22%3E%3Cstrong%3EVendredi+26+septembre+2025%3C%2Fstrong%3E%3Cbr+%2F%3ESorbonne+Universit%C3%A9+%3A+4%2C+place+Jussieu+-+Paris+75005%3C%2Fp%3E+%3Cp+class%3D%22has-text-align-center+%3C%2Fdiv%3E%3C%2Fdiv%3E%28Voir+toute+la+description+de+%C3%A9v%C3%A8nement+ici%C2%A0%3A+https%3A%2F%2Facademiespatiale.fr%2Findex.php%2Fevent%2Finscription-workshop-observations-spatiales-pour-tous-et-toutes%2F%29&#038;trp=false&#038;ctz=Europe\/Paris&#038;sprop=website:https:\/\/academiespatiale.fr\"\n\t\t\t\t\t\t\t\t\t\tclass=\"tribe-events-c-subscribe-dropdown__list-item-link\"\n\t\t\t\t\t\t\t\t\t\ttarget=\"_blank\"\n\t\t\t\t\t\t\t\t\t\trel=\"noopener noreferrer nofollow noindex\"\n\t\t\t\t\t\t\t\t\t>\n\t\t\t\t\t\t\t\t\t\tGoogle Agenda\t\t\t\t\t\t\t\t\t<\/a>\n\t\t\t\t\t\t\t\t<\/li>\n\t\t\t\t\t\t\t\t\t\t\t\t\t\t\t<li class=\"tribe-events-c-subscribe-dropdown__list-item tribe-events-c-subscribe-dropdown__list-item--ical\">\n\t\t\t\t\t\t\t\t\t<a\n\t\t\t\t\t\t\t\t\t\thref=\"\"\n\t\t\t\t\t\t\t\t\t\tclass=\"tribe-events-c-subscribe-dropdown__list-item-link\"\n\t\t\t\t\t\t\t\t\t\ttarget=\"_blank\"\n\t\t\t\t\t\t\t\t\t\trel=\"noopener noreferrer nofollow noindex\"\n\t\t\t\t\t\t\t\t\t>\n\t\t\t\t\t\t\t\t\t\tiCalendar\t\t\t\t\t\t\t\t\t<\/a>\n\t\t\t\t\t\t\t\t<\/li>\n\t\t\t\t\t\t\t\t\t\t\t\t\t\t\t<li class=\"tribe-events-c-subscribe-dropdown__list-item tribe-events-c-subscribe-dropdown__list-item--outlook-365\">\n\t\t\t\t\t\t\t\t\t<a\n\t\t\t\t\t\t\t\t\t\thref=\"\"\n\t\t\t\t\t\t\t\t\t\tclass=\"tribe-events-c-subscribe-dropdown__list-item-link\"\n\t\t\t\t\t\t\t\t\t\ttarget=\"_blank\"\n\t\t\t\t\t\t\t\t\t\trel=\"noopener noreferrer nofollow noindex\"\n\t\t\t\t\t\t\t\t\t>\n\t\t\t\t\t\t\t\t\t\tOutlook 365\t\t\t\t\t\t\t\t\t<\/a>\n\t\t\t\t\t\t\t\t<\/li>\n\t\t\t\t\t\t\t\t\t\t\t\t\t\t\t<li class=\"tribe-events-c-subscribe-dropdown__list-item tribe-events-c-subscribe-dropdown__list-item--outlook-live\">\n\t\t\t\t\t\t\t\t\t<a\n\t\t\t\t\t\t\t\t\t\thref=\"\"\n\t\t\t\t\t\t\t\t\t\tclass=\"tribe-events-c-subscribe-dropdown__list-item-link\"\n\t\t\t\t\t\t\t\t\t\ttarget=\"_blank\"\n\t\t\t\t\t\t\t\t\t\trel=\"noopener noreferrer nofollow noindex\"\n\t\t\t\t\t\t\t\t\t>\n\t\t\t\t\t\t\t\t\t\tOutlook Live\t\t\t\t\t\t\t\t\t<\/a>\n\t\t\t\t\t\t\t\t<\/li>\n\t\t\t\t\t\t\t\t\t\t\t\t\t<\/ul>\n\t\t\t\t\t<\/div>\n\t\t\t\t<\/div>\n\t\t\t<\/div>\n\t\t<\/div>\n\t<\/div>\n\n","protected":false},"excerpt":{"rendered":"","protected":false},"author":1,"featured_media":5442,"template":"","meta":{"_monsterinsights_skip_tracking":false,"_monsterinsights_sitenote_active":false,"_monsterinsights_sitenote_note":"","_monsterinsights_sitenote_category":0,"_EventAllDay":false,"_EventTimezone":"Europe\/Paris","_EventStartDate":"2025-09-26 09:00:00","_EventEndDate":"2025-09-26 18:00:00","_EventStartDateUTC":"2025-09-26 07:00:00","_EventEndDateUTC":"2025-09-26 16:00:00","_EventShowMap":false,"_EventShowMapLink":false,"_EventURL":"","_EventCost":"","_EventCostDescription":"","_EventCurrencySymbol":"\u20ac","_EventCurrencyCode":"EUR","_EventCurrencyPosition":"suffix","_EventDateTimeSeparator":" : ","_EventTimeRangeSeparator":"-","_EventOrganizerID":[],"_EventVenueID":[],"_OrganizerEmail":"","_OrganizerPhone":"","_OrganizerWebsite":"","_VenueAddress":"","_VenueCity":"","_VenueCountry":"","_VenueProvince":"","_VenueState":"","_VenueZip":"","_VenuePhone":"","_VenueURL":"","_VenueStateProvince":"","_VenueLat":"","_VenueLng":"","_VenueShowMap":false,"_VenueShowMapLink":false,"_tribe_events_status":"","_tribe_events_status_reason":"","footnotes":""},"tags":[],"tribe_events_cat":[],"class_list":["post-5453","tribe_events","type-tribe_events","status-publish","has-post-thumbnail","hentry"],"aioseo_notices":[],"_links":{"self":[{"href":"https:\/\/academiespatiale.fr\/index.php\/wp-json\/wp\/v2\/tribe_events\/5453","targetHints":{"allow":["GET"]}}],"collection":[{"href":"https:\/\/academiespatiale.fr\/index.php\/wp-json\/wp\/v2\/tribe_events"}],"about":[{"href":"https:\/\/academiespatiale.fr\/index.php\/wp-json\/wp\/v2\/types\/tribe_events"}],"author":[{"embeddable":true,"href":"https:\/\/academiespatiale.fr\/index.php\/wp-json\/wp\/v2\/users\/1"}],"version-history":[{"count":4,"href":"https:\/\/academiespatiale.fr\/index.php\/wp-json\/wp\/v2\/tribe_events\/5453\/revisions"}],"predecessor-version":[{"id":5458,"href":"https:\/\/academiespatiale.fr\/index.php\/wp-json\/wp\/v2\/tribe_events\/5453\/revisions\/5458"}],"wp:featuredmedia":[{"embeddable":true,"href":"https:\/\/academiespatiale.fr\/index.php\/wp-json\/wp\/v2\/media\/5442"}],"wp:attachment":[{"href":"https:\/\/academiespatiale.fr\/index.php\/wp-json\/wp\/v2\/media?parent=5453"}],"wp:term":[{"taxonomy":"post_tag","embeddable":true,"href":"https:\/\/academiespatiale.fr\/index.php\/wp-json\/wp\/v2\/tags?post=5453"},{"taxonomy":"tribe_events_cat","embeddable":true,"href":"https:\/\/academiespatiale.fr\/index.php\/wp-json\/wp\/v2\/tribe_events_cat?post=5453"}],"curies":[{"name":"wp","href":"https:\/\/api.w.org\/{rel}","templated":true}]}}