{"id":4940,"date":"2025-05-30T15:11:55","date_gmt":"2025-05-30T13:11:55","guid":{"rendered":"https:\/\/academiespatiale.fr\/?post_type=tribe_events&#038;p=4940"},"modified":"2025-05-30T15:13:10","modified_gmt":"2025-05-30T13:13:10","slug":"4940","status":"publish","type":"tribe_events","link":"https:\/\/academiespatiale.fr\/index.php\/event\/4940\/","title":{"rendered":"55e Salon du Bourget \u2013 Salon International de l\u2019A\u00e9ronautique et de l\u2019Espace (SIAE)"},"content":{"rendered":"<div  class=\"tribe-events-schedule tribe-clearfix\" >\n\t<p class=\"tribe-events-schedule__datetime\">\n\t\t<span class=\"tribe-events-schedule__date tribe-events-schedule__date--start\">\n\t\t\t16 juin 2025\t\t<\/span>\n\n\t\t\t\t\t<span class=\"tribe-events-schedule__separator tribe-events-schedule__separator--date\">\n\t\t\t\t : \t\t\t<\/span>\n\t\t\t<span class=\"tribe-events-schedule__time tribe-events-schedule__time--start\">\n\t\t\t\t8h30\t\t\t<\/span>\n\t\t\n\t\t\t\t\t\t\t\t\t<span class=\"tribe-events-schedule__separator tribe-events-schedule__separator--time\">\n\t\t\t\t\t&#8211;\t\t\t\t<\/span>\n\t\t\t\n\t\t\t\t\t\t\t<span class=\"tribe-events-schedule__date tribe-events-schedule__date--end\">\n\t\t\t\t\t22 juin 2025\t\t\t\t<\/span>\n\n\t\t\t\t\t\t\t\t\t<span class=\"tribe-events-schedule__separator tribe-events-schedule__separator--date\">\n\t\t\t\t\t\t : \t\t\t\t\t<\/span>\n\t\t\t\t\t<span class=\"tribe-events-schedule__time tribe-events-schedule__time--end\">\n\t\t\t\t\t\t18h00\t\t\t\t\t<\/span>\n\t\t\t\t\n\t\t\t\n\t\t\t\t\t\t<\/p>\n<\/div>\n\n\n\n<div class=\"wp-block-cover is-light\" style=\"padding-top:var(--wp--preset--spacing--80);padding-right:var(--wp--preset--spacing--80);padding-bottom:var(--wp--preset--spacing--80);padding-left:var(--wp--preset--spacing--80)\"><span aria-hidden=\"true\" class=\"wp-block-cover__background has-white-background-color has-background-dim-100 has-background-dim\"><\/span><div class=\"wp-block-cover__inner-container is-layout-constrained wp-container-core-cover-is-layout-10bc4538 wp-block-cover-is-layout-constrained\">\n<p class=\"has-text-align-left\">Depuis plus d\u2019un si\u00e8cle, le Salon International de l\u2019A\u00e9ronautique et de l\u2019Espace \u00e0 Paris Le Bourget est le lieu privil\u00e9gi\u00e9 des rencontres et des opportunit\u00e9s de l\u2019industrie a\u00e9rospatiale mondiale.<\/p>\n\n\n\n<p>Chaque nouvelle \u00e9dition promet d\u2019\u00eatre une \u00e9pop\u00e9e fascinante. Des pionniers intr\u00e9pides aux technologies de pointe, ce salon est le lieu o\u00f9 l\u2019innovation prend son envol, o\u00f9 les r\u00eaves d\u00e9collent et o\u00f9 le futur se dessine. Rejoignez-nous pour une semaine de d\u00e9couvertes, de partenariats et d\u2019exp\u00e9riences audacieuses.<\/p>\n\n\n\n<hr class=\"wp-block-separator has-alpha-channel-opacity\"\/>\n\n\n\n<p class=\"has-text-align-center\">La 55e \u00e9dition du Salon International de l\u2019A\u00e9ronautique et de l\u2019Espace&nbsp;se tiendra du&nbsp;lundi 16 au dimanche 22 juin 2025, de 8h30 \u00e0 18h00, pour l\u2019ensemble des visiteurs.<\/p>\n\n\n\n<p class=\"has-text-align-center\">A\u00e9roport Paris-le Bourget<br>93350 Le Bourget, France<\/p>\n\n\n\n<p class=\"has-text-align-center\"><strong>Du lundi 16 au jeudi 19 juin :<\/strong>&nbsp;journ\u00e9es&nbsp;<strong>exclusivement r\u00e9serv\u00e9es aux professionnels<\/strong><\/p>\n\n\n\n<p class=\"has-text-align-center\"><strong>Du vendredi 20 au dimanche 22 juin :<\/strong>&nbsp;ouverture&nbsp;<strong>au grand public<\/strong><\/p>\n\n\n\n<hr class=\"wp-block-separator has-alpha-channel-opacity\"\/>\n\n\n\n<figure class=\"wp-block-image size-large\"><img loading=\"lazy\" decoding=\"async\" width=\"1024\" height=\"485\" src=\"https:\/\/academiespatiale.fr\/wp-content\/uploads\/2025\/05\/SalonduBourget_2025_2-1-1024x485.jpg\" alt=\"\" class=\"wp-image-4930\" srcset=\"https:\/\/academiespatiale.fr\/wp-content\/uploads\/2025\/05\/SalonduBourget_2025_2-1-1024x485.jpg 1024w, https:\/\/academiespatiale.fr\/wp-content\/uploads\/2025\/05\/SalonduBourget_2025_2-1-300x142.jpg 300w, https:\/\/academiespatiale.fr\/wp-content\/uploads\/2025\/05\/SalonduBourget_2025_2-1-768x364.jpg 768w, https:\/\/academiespatiale.fr\/wp-content\/uploads\/2025\/05\/SalonduBourget_2025_2-1-1536x728.jpg 1536w, https:\/\/academiespatiale.fr\/wp-content\/uploads\/2025\/05\/SalonduBourget_2025_2-1.jpg 2000w\" sizes=\"auto, (max-width: 1024px) 100vw, 1024px\" \/><\/figure>\n\n\n\n<div style=\"height:20px\" aria-hidden=\"true\" class=\"wp-block-spacer\"><\/div>\n\n\n\n<div class=\"wp-block-columns is-layout-flex wp-container-core-columns-is-layout-28f84493 wp-block-columns-is-layout-flex\">\n<div class=\"wp-block-column is-vertically-aligned-center is-layout-flow wp-block-column-is-layout-flow\">\n<p class=\"has-text-align-right\">2 500 exposants issus de 48 pays<br>300 000 visiteurs<br>300 Start-ups issues de 21 pays<br>150 a\u00e9ronefs et 210 pr\u00e9sentations en vol<br>70 hectares de surfaces d&rsquo;exposition<\/p>\n<\/div>\n\n\n\n<div class=\"wp-block-column is-layout-flow wp-block-column-is-layout-flow\"><div class=\"wp-block-image\">\n<figure class=\"aligncenter size-large is-resized\"><img loading=\"lazy\" decoding=\"async\" width=\"1024\" height=\"438\" src=\"https:\/\/academiespatiale.fr\/wp-content\/uploads\/2025\/05\/SalonduBourget_2025_1-e1748609963216-1024x438.jpg\" alt=\"\" class=\"wp-image-4931\" style=\"width:402px;height:auto\" srcset=\"https:\/\/academiespatiale.fr\/wp-content\/uploads\/2025\/05\/SalonduBourget_2025_1-e1748609963216-1024x438.jpg 1024w, https:\/\/academiespatiale.fr\/wp-content\/uploads\/2025\/05\/SalonduBourget_2025_1-e1748609963216-300x128.jpg 300w, https:\/\/academiespatiale.fr\/wp-content\/uploads\/2025\/05\/SalonduBourget_2025_1-e1748609963216-768x329.jpg 768w, https:\/\/academiespatiale.fr\/wp-content\/uploads\/2025\/05\/SalonduBourget_2025_1-e1748609963216.jpg 1280w\" sizes=\"auto, (max-width: 1024px) 100vw, 1024px\" \/><\/figure>\n<\/div><\/div>\n<\/div>\n\n\n\n<p class=\"has-text-align-left has-background-color-background-color has-background\">Site officiel <br>\u2192 <a href=\"https:\/\/www.siae.fr\/\" target=\"_blank\" rel=\"noopener\" title=\"\">Accueil &#8211; SIAE<\/a><br><br>BILLETERIE<br>\u2192 Pro : <a href=\"https:\/\/www.siae.fr\/visiteur-pro\/\">Visiteurs pro &#8211; SIAE<\/a><br>\u2192 Grand public : <a href=\"https:\/\/www.siae.fr\/billetterie\/\">Billetterie &#8211; SIAE<\/a><\/p>\n<\/div><\/div>\n\n\n\t<div  class=\"tribe-block tribe-block__events-link\" >\n\t\t<div class=\"tribe-events tribe-common\">\n\t\t\t<div class=\"tribe-events-c-subscribe-dropdown__container\">\n\t\t\t\t<div class=\"tribe-events-c-subscribe-dropdown\">\n\t\t\t\t\t<div class=\"tribe-common-c-btn-border tribe-events-c-subscribe-dropdown__button\">\n\t\t\t\t\t\t<svg\n\t class=\"tribe-common-c-svgicon tribe-common-c-svgicon--cal-export tribe-events-c-subscribe-dropdown__export-icon\" \taria-hidden=\"true\"\n\tviewBox=\"0 0 23 17\"\n\txmlns=\"http:\/\/www.w3.org\/2000\/svg\"\n>\n\t<path fill-rule=\"evenodd\" clip-rule=\"evenodd\" d=\"M.128.896V16.13c0 .211.145.383.323.383h15.354c.179 0 .323-.172.323-.383V.896c0-.212-.144-.383-.323-.383H.451C.273.513.128.684.128.896Zm16 6.742h-.901V4.679H1.009v10.729h14.218v-3.336h.901V7.638ZM1.01 1.614h14.218v2.058H1.009V1.614Z\" \/>\n\t<path d=\"M20.5 9.846H8.312M18.524 6.953l2.89 2.909-2.855 2.855\" stroke-width=\"1.2\" stroke-linecap=\"round\" stroke-linejoin=\"round\"\/>\n<\/svg>\n\t\t\t\t\t\t<button\n\t\t\t\t\t\t\tclass=\"tribe-events-c-subscribe-dropdown__button-text\"\n\t\t\t\t\t\t\taria-expanded=\"false\"\n\t\t\t\t\t\t\taria-controls=\"tribe-events-subscribe-dropdown-content\"\n\t\t\t\t\t\t\taria-label=\"Afficher les liens permettant d\u2019ajouter des \u00e9v\u00e8nements \u00e0 votre calendrier\"\n\t\t\t\t\t\t>\n\t\t\t\t\t\t\tAjouter au calendrier\t\t\t\t\t\t<\/button>\n\t\t\t\t\t\t<svg\n\t class=\"tribe-common-c-svgicon tribe-common-c-svgicon--caret-down tribe-events-c-subscribe-dropdown__button-icon\" \taria-hidden=\"true\"\n\tviewBox=\"0 0 10 7\"\n\txmlns=\"http:\/\/www.w3.org\/2000\/svg\"\n>\n\t<path fill-rule=\"evenodd\" clip-rule=\"evenodd\" d=\"M1.008.609L5 4.6 8.992.61l.958.958L5 6.517.05 1.566l.958-.958z\" class=\"tribe-common-c-svgicon__svg-fill\"\/>\n<\/svg>\n\t\t\t\t\t<\/div>\n\t\t\t\t\t<div id=\"tribe-events-subscribe-dropdown-content\" class=\"tribe-events-c-subscribe-dropdown__content\">\n\t\t\t\t\t\t<ul class=\"tribe-events-c-subscribe-dropdown__list\">\n\t\t\t\t\t\t\t\t\t\t\t\t\t\t\t<li class=\"tribe-events-c-subscribe-dropdown__list-item tribe-events-c-subscribe-dropdown__list-item--gcal\">\n\t\t\t\t\t\t\t\t\t<a\n\t\t\t\t\t\t\t\t\t\thref=\"https:\/\/www.google.com\/calendar\/event?action=TEMPLATE&#038;dates=20250616T083000\/20250622T180000&#038;text=55e%20Salon%20du%20Bourget%20%E2%80%93%20Salon%20International%20de%20l%E2%80%99A%C3%A9ronautique%20et%20de%20l%E2%80%99Espace%20%28SIAE%29&#038;details=%3Cdiv+class%3D%22wp-block-cover+is-light%22+style%3D%22padding-top%3Avar%28--wp--preset--spacing--80%29%3Bpadding-right%3Avar%28--wp--preset--spacing--80%29%3Bpadding-bottom%3Avar%28--wp--preset--spacing--80%29%3Bpadding-left%3Avar%28--wp--preset--spacing--80%29%22%3E%3Cspan+aria-hidden%3D%22true%22+class%3D%22wp-block-cover__background+has-white-background-color+has-background-dim-100+has-background-dim%22%3E%3C%2Fspan%3E%3Cdiv+class%3D%22wp-block-cover__inner-container%22%3E%3Cp+class%3D%22has-text-align-left%22%3EDepuis+plus+d%E2%80%99un+si%C3%A8cle%2C+le+Salon+International+de+l%E2%80%99A%C3%A9ronautique+et+de+l%E2%80%99Espace+%C3%A0+Paris+Le+Bourget+est+le+lieu+privil%C3%A9gi%C3%A9+des+rencontres+et+des+opportunit%C3%A9s+de+l%E2%80%99industrie+a%C3%A9rospatiale+mondiale.%3C%2Fp%3E+%3Cp%3EChaque+nouvelle+%C3%A9dition+promet+d%E2%80%99%C3%AAtre+une+%C3%A9pop%C3%A9e+fascinante.+Des+pionniers+intr%C3%A9pides+aux+technologies+de+pointe%2C+ce+salon+est+le+lieu+o%C3%B9+l%E2%80%99innovation+prend+son+envol%2C+o%C3%B9+les+r%C3%AAves+d%C3%A9collent+et+o%C3%B9+le+futur+se+dessine.+Rejoignez-nous+pour+une+semaine+de+d%C3%A9couvertes%2C+de+partenariats+et+d%E2%80%99exp%C3%A9riences+audacieuses.%3C%2Fp%3E+%3C%2Fdiv%3E%3C%2Fdiv%3E%28Voir+toute+la+description+de+%C3%A9v%C3%A8nement+ici%C2%A0%3A+https%3A%2F%2Facademiespatiale.fr%2Findex.php%2Fevent%2F4940%2F%29&#038;trp=false&#038;ctz=Europe\/Paris&#038;sprop=website:https:\/\/academiespatiale.fr\"\n\t\t\t\t\t\t\t\t\t\tclass=\"tribe-events-c-subscribe-dropdown__list-item-link\"\n\t\t\t\t\t\t\t\t\t\ttarget=\"_blank\"\n\t\t\t\t\t\t\t\t\t\trel=\"noopener noreferrer nofollow noindex\"\n\t\t\t\t\t\t\t\t\t>\n\t\t\t\t\t\t\t\t\t\tGoogle Agenda\t\t\t\t\t\t\t\t\t<\/a>\n\t\t\t\t\t\t\t\t<\/li>\n\t\t\t\t\t\t\t\t\t\t\t\t\t\t\t<li class=\"tribe-events-c-subscribe-dropdown__list-item tribe-events-c-subscribe-dropdown__list-item--ical\">\n\t\t\t\t\t\t\t\t\t<a\n\t\t\t\t\t\t\t\t\t\thref=\"\"\n\t\t\t\t\t\t\t\t\t\tclass=\"tribe-events-c-subscribe-dropdown__list-item-link\"\n\t\t\t\t\t\t\t\t\t\ttarget=\"_blank\"\n\t\t\t\t\t\t\t\t\t\trel=\"noopener noreferrer nofollow noindex\"\n\t\t\t\t\t\t\t\t\t>\n\t\t\t\t\t\t\t\t\t\tiCalendar\t\t\t\t\t\t\t\t\t<\/a>\n\t\t\t\t\t\t\t\t<\/li>\n\t\t\t\t\t\t\t\t\t\t\t\t\t\t\t<li class=\"tribe-events-c-subscribe-dropdown__list-item tribe-events-c-subscribe-dropdown__list-item--outlook-365\">\n\t\t\t\t\t\t\t\t\t<a\n\t\t\t\t\t\t\t\t\t\thref=\"\"\n\t\t\t\t\t\t\t\t\t\tclass=\"tribe-events-c-subscribe-dropdown__list-item-link\"\n\t\t\t\t\t\t\t\t\t\ttarget=\"_blank\"\n\t\t\t\t\t\t\t\t\t\trel=\"noopener noreferrer nofollow noindex\"\n\t\t\t\t\t\t\t\t\t>\n\t\t\t\t\t\t\t\t\t\tOutlook 365\t\t\t\t\t\t\t\t\t<\/a>\n\t\t\t\t\t\t\t\t<\/li>\n\t\t\t\t\t\t\t\t\t\t\t\t\t\t\t<li class=\"tribe-events-c-subscribe-dropdown__list-item tribe-events-c-subscribe-dropdown__list-item--outlook-live\">\n\t\t\t\t\t\t\t\t\t<a\n\t\t\t\t\t\t\t\t\t\thref=\"\"\n\t\t\t\t\t\t\t\t\t\tclass=\"tribe-events-c-subscribe-dropdown__list-item-link\"\n\t\t\t\t\t\t\t\t\t\ttarget=\"_blank\"\n\t\t\t\t\t\t\t\t\t\trel=\"noopener noreferrer nofollow noindex\"\n\t\t\t\t\t\t\t\t\t>\n\t\t\t\t\t\t\t\t\t\tOutlook Live\t\t\t\t\t\t\t\t\t<\/a>\n\t\t\t\t\t\t\t\t<\/li>\n\t\t\t\t\t\t\t\t\t\t\t\t\t<\/ul>\n\t\t\t\t\t<\/div>\n\t\t\t\t<\/div>\n\t\t\t<\/div>\n\t\t<\/div>\n\t<\/div>\n\n","protected":false},"excerpt":{"rendered":"","protected":false},"author":1,"featured_media":4932,"template":"","meta":{"_monsterinsights_skip_tracking":false,"_monsterinsights_sitenote_active":false,"_monsterinsights_sitenote_note":"","_monsterinsights_sitenote_category":0,"_EventAllDay":false,"_EventTimezone":"Europe\/Paris","_EventStartDate":"2025-06-16 08:30:00","_EventEndDate":"2025-06-22 18:00:00","_EventStartDateUTC":"2025-06-16 06:30:00","_EventEndDateUTC":"2025-06-22 16:00:00","_EventShowMap":false,"_EventShowMapLink":false,"_EventURL":"","_EventCost":"","_EventCostDescription":"","_EventCurrencySymbol":"\u20ac","_EventCurrencyCode":"EUR","_EventCurrencyPosition":"suffix","_EventDateTimeSeparator":" : ","_EventTimeRangeSeparator":"-","_EventOrganizerID":[],"_EventVenueID":[],"_OrganizerEmail":"","_OrganizerPhone":"","_OrganizerWebsite":"","_VenueAddress":"","_VenueCity":"","_VenueCountry":"","_VenueProvince":"","_VenueState":"","_VenueZip":"","_VenuePhone":"","_VenueURL":"","_VenueStateProvince":"","_VenueLat":"","_VenueLng":"","_VenueShowMap":false,"_VenueShowMapLink":false,"_tribe_events_status":"","_tribe_events_status_reason":"","footnotes":""},"tags":[],"tribe_events_cat":[],"class_list":["post-4940","tribe_events","type-tribe_events","status-publish","has-post-thumbnail","hentry"],"aioseo_notices":[],"_links":{"self":[{"href":"https:\/\/academiespatiale.fr\/index.php\/wp-json\/wp\/v2\/tribe_events\/4940","targetHints":{"allow":["GET"]}}],"collection":[{"href":"https:\/\/academiespatiale.fr\/index.php\/wp-json\/wp\/v2\/tribe_events"}],"about":[{"href":"https:\/\/academiespatiale.fr\/index.php\/wp-json\/wp\/v2\/types\/tribe_events"}],"author":[{"embeddable":true,"href":"https:\/\/academiespatiale.fr\/index.php\/wp-json\/wp\/v2\/users\/1"}],"version-history":[{"count":3,"href":"https:\/\/academiespatiale.fr\/index.php\/wp-json\/wp\/v2\/tribe_events\/4940\/revisions"}],"predecessor-version":[{"id":4943,"href":"https:\/\/academiespatiale.fr\/index.php\/wp-json\/wp\/v2\/tribe_events\/4940\/revisions\/4943"}],"wp:featuredmedia":[{"embeddable":true,"href":"https:\/\/academiespatiale.fr\/index.php\/wp-json\/wp\/v2\/media\/4932"}],"wp:attachment":[{"href":"https:\/\/academiespatiale.fr\/index.php\/wp-json\/wp\/v2\/media?parent=4940"}],"wp:term":[{"taxonomy":"post_tag","embeddable":true,"href":"https:\/\/academiespatiale.fr\/index.php\/wp-json\/wp\/v2\/tags?post=4940"},{"taxonomy":"tribe_events_cat","embeddable":true,"href":"https:\/\/academiespatiale.fr\/index.php\/wp-json\/wp\/v2\/tribe_events_cat?post=4940"}],"curies":[{"name":"wp","href":"https:\/\/api.w.org\/{rel}","templated":true}]}}