{"id":4904,"date":"2025-05-30T11:48:04","date_gmt":"2025-05-30T09:48:04","guid":{"rendered":"https:\/\/academiespatiale.fr\/?post_type=tribe_events&#038;p=4904"},"modified":"2025-05-30T12:33:58","modified_gmt":"2025-05-30T10:33:58","slug":"4904","status":"publish","type":"tribe_events","link":"https:\/\/academiespatiale.fr\/index.php\/event\/4904\/","title":{"rendered":"Centenaire de la disparition de l&rsquo;astronome Camille Flammarion &#8211; Journ\u00e9es visites, animations, etc."},"content":{"rendered":"<div  class=\"tribe-events-schedule tribe-clearfix\" >\n\t<p class=\"tribe-events-schedule__datetime\">\n\t\t<span class=\"tribe-events-schedule__date tribe-events-schedule__date--start\">\n\t\t\t7 juin 2025\t\t<\/span>\n\n\t\t\t\t\t<span class=\"tribe-events-schedule__separator tribe-events-schedule__separator--date\">\n\t\t\t\t : \t\t\t<\/span>\n\t\t\t<span class=\"tribe-events-schedule__time tribe-events-schedule__time--start\">\n\t\t\t\t10h00\t\t\t<\/span>\n\t\t\n\t\t\t\t\t\t\t\t\t<span class=\"tribe-events-schedule__separator tribe-events-schedule__separator--time\">\n\t\t\t\t\t&#8211;\t\t\t\t<\/span>\n\t\t\t\n\t\t\t\t\t\t\t<span class=\"tribe-events-schedule__date tribe-events-schedule__date--end\">\n\t\t\t\t\t8 juin 2025\t\t\t\t<\/span>\n\n\t\t\t\t\t\t\t\t\t<span class=\"tribe-events-schedule__separator tribe-events-schedule__separator--date\">\n\t\t\t\t\t\t : \t\t\t\t\t<\/span>\n\t\t\t\t\t<span class=\"tribe-events-schedule__time tribe-events-schedule__time--end\">\n\t\t\t\t\t\t18h00\t\t\t\t\t<\/span>\n\t\t\t\t\n\t\t\t\n\t\t\t\t\t\t<\/p>\n<\/div>\n\n\n\n<div class=\"wp-block-cover is-light\"><span aria-hidden=\"true\" class=\"wp-block-cover__background has-white-background-color has-background-dim-100 has-background-dim\"><\/span><div class=\"wp-block-cover__inner-container is-layout-constrained wp-block-cover-is-layout-constrained\">\n<p class=\"has-text-align-left\"><strong>Camille Flammarion (1842-1925) a consacr\u00e9 sa vie \u00e0 l\u2019\u00e9tude et la diffusion des sciences et notamment l\u2019astronomie. Par son immense \u0153uvre, il a inspir\u00e9 et influenc\u00e9 des g\u00e9n\u00e9rations enti\u00e8res partout dans le monde.<\/strong><\/p>\n\n\n\n<p>L\u2019ann\u00e9e 2025 marque le centenaire de la disparition de Camille Flammarion. Pour c\u00e9l\u00e9brer son \u0153uvre il y aura des&nbsp;<a href=\"https:\/\/camille-flammarion.fr\/centenaire\/\" target=\"_blank\" rel=\"noreferrer noopener\">\u00e9v\u00e9nements<\/a>&nbsp;partout en France, des&nbsp;publications, une statue, un timbre et une m\u00e9daille.<\/p>\n\n\n\n<div class=\"wp-block-columns is-layout-flex wp-container-core-columns-is-layout-28f84493 wp-block-columns-is-layout-flex\">\n<div class=\"wp-block-column is-vertically-aligned-center is-layout-flow wp-block-column-is-layout-flow\">\n<hr class=\"wp-block-separator has-alpha-channel-opacity\"\/>\n\n\n\n<div style=\"height:10px\" aria-hidden=\"true\" class=\"wp-block-spacer\"><\/div>\n\n\n\n<p class=\"has-text-align-center\"><strong>Journ\u00e9es Camille Flammarion<\/strong><br><em>Visites, animations, inauguration, etc.<\/em><\/p>\n\n\n\n<p class=\"has-text-align-center\" style=\"text-transform:uppercase\">Samedi 7 et dimanche 8 juin 2025<br>10h &#8211; 18h<\/p>\n\n\n\n<p class=\"has-text-align-center\">Observatoire Camille Flammarion<br>32, avenur de la Cour de France<br>91260, Juvisy-sur-Orge<\/p>\n\n\n\n<hr class=\"wp-block-separator has-alpha-channel-opacity\"\/>\n<\/div>\n\n\n\n<div class=\"wp-block-column is-layout-flow wp-block-column-is-layout-flow\"><div class=\"wp-block-image\">\n<figure class=\"aligncenter size-full is-resized\"><img loading=\"lazy\" decoding=\"async\" width=\"775\" height=\"777\" src=\"https:\/\/academiespatiale.fr\/wp-content\/uploads\/2025\/05\/100ans_Flammarion2.jpg\" alt=\"\" class=\"wp-image-4897\" style=\"width:322px;height:auto\" srcset=\"https:\/\/academiespatiale.fr\/wp-content\/uploads\/2025\/05\/100ans_Flammarion2.jpg 775w, https:\/\/academiespatiale.fr\/wp-content\/uploads\/2025\/05\/100ans_Flammarion2-300x300.jpg 300w, https:\/\/academiespatiale.fr\/wp-content\/uploads\/2025\/05\/100ans_Flammarion2-150x150.jpg 150w, https:\/\/academiespatiale.fr\/wp-content\/uploads\/2025\/05\/100ans_Flammarion2-768x770.jpg 768w\" sizes=\"auto, (max-width: 775px) 100vw, 775px\" \/><\/figure>\n<\/div><\/div>\n<\/div>\n\n\n\n<p class=\"has-background-color-background-color has-background\">Ne manquez pas la soir\u00e9e hommage du jeudi 5 juin <br>\u2192 <a href=\"https:\/\/academiespatiale.fr\/index.php\/2025\/05\/30\/centenaire-de-la-disparition-de-lastronome-camille-flammarion-soiree-hommage\/\">Centenaire de la disparition de l\u2019astronome Camille Flammarion \u2013 Soir\u00e9e hommage &#8211; Acad\u00e9mie Spatiale d&rsquo;\u00cele-de-France<\/a><\/p>\n\n\n\n<p class=\"has-background-color-background-color has-background\">Plus d&rsquo;infos :<br>\u2192 <a href=\"https:\/\/camille-flammarion.fr\/journees-camille-flammarion\/\" target=\"_blank\" rel=\"noopener\" title=\"\">Journ\u00e9es Camille Flammarion \u2013 Camille Flammarion<\/a><br><br>Autres \u00e9v\u00e8nements autour du centenaire<br>\u2192 Page officielle :&nbsp;<a href=\"https:\/\/camille-flammarion.fr\/\" target=\"_blank\" rel=\"noreferrer noopener\">Camille Flammarion<\/a><br>\u2192 Publications :&nbsp;<a href=\"https:\/\/camille-flammarion.fr\/publications\/\" target=\"_blank\" rel=\"noreferrer noopener\">Publications \u2013 Camille Flammarion<\/a><br>\u2192 Tous les \u00e9v\u00e8nements :&nbsp;<a href=\"https:\/\/camille-flammarion.fr\/centenaire\/\" target=\"_blank\" rel=\"noreferrer noopener\">Centenaire \u2013 Camille Flammarion<\/a><\/p>\n\n\n\n<div style=\"height:20px\" aria-hidden=\"true\" class=\"wp-block-spacer\"><\/div>\n\n\n\n<h3 class=\"wp-block-heading has-text-align-center\">Programme<\/h3>\n\n\n\n<p><strong>Samedi 7 juin<\/strong><\/p>\n\n\n\n<ul class=\"wp-block-list\">\n<li>11h : Inauguration la&nbsp;<a href=\"https:\/\/camille-flammarion.fr\/\" target=\"_blank\" rel=\"noopener\" title=\"\">statue de Camille Flammarion<\/a>&nbsp;dans le parc de l\u2019observatoire<\/li>\n\n\n\n<li>11h30 : D\u00e9p\u00f4ts de gerbes et allocutions<\/li>\n<\/ul>\n\n\n\n<p><strong>Samedi 7 et dimanche 8 juin <br><\/strong>de 10h \u00e0 18h : <\/p>\n\n\n\n<ul class=\"wp-block-list\">\n<li>Visites guid\u00e9es toutes les 1\/2 heure de l\u2019<a href=\"https:\/\/camille-flammarion.fr\/observatoire\/\" target=\"_blank\" rel=\"noopener\" title=\"\">observatoire Camille Flammarion<\/a>&nbsp;et de son parc arbor\u00e9. R\u00e9servation sur place.<\/li>\n\n\n\n<li>\u00ab Observations d\u2019\u00e9poque \u00bb dans le parc, en redingote avec lunette ancienne et lectures de textes de Flammarion<\/li>\n<\/ul>\n\n\n\n<p class=\"has-text-align-left\"><\/p>\n<\/div><\/div>\n\n\n\t<div  class=\"tribe-block tribe-block__events-link\" >\n\t\t<div class=\"tribe-events tribe-common\">\n\t\t\t<div class=\"tribe-events-c-subscribe-dropdown__container\">\n\t\t\t\t<div class=\"tribe-events-c-subscribe-dropdown\">\n\t\t\t\t\t<div class=\"tribe-common-c-btn-border tribe-events-c-subscribe-dropdown__button\">\n\t\t\t\t\t\t<svg\n\t class=\"tribe-common-c-svgicon tribe-common-c-svgicon--cal-export tribe-events-c-subscribe-dropdown__export-icon\" \taria-hidden=\"true\"\n\tviewBox=\"0 0 23 17\"\n\txmlns=\"http:\/\/www.w3.org\/2000\/svg\"\n>\n\t<path fill-rule=\"evenodd\" clip-rule=\"evenodd\" d=\"M.128.896V16.13c0 .211.145.383.323.383h15.354c.179 0 .323-.172.323-.383V.896c0-.212-.144-.383-.323-.383H.451C.273.513.128.684.128.896Zm16 6.742h-.901V4.679H1.009v10.729h14.218v-3.336h.901V7.638ZM1.01 1.614h14.218v2.058H1.009V1.614Z\" \/>\n\t<path d=\"M20.5 9.846H8.312M18.524 6.953l2.89 2.909-2.855 2.855\" stroke-width=\"1.2\" stroke-linecap=\"round\" stroke-linejoin=\"round\"\/>\n<\/svg>\n\t\t\t\t\t\t<button\n\t\t\t\t\t\t\tclass=\"tribe-events-c-subscribe-dropdown__button-text\"\n\t\t\t\t\t\t\taria-expanded=\"false\"\n\t\t\t\t\t\t\taria-controls=\"tribe-events-subscribe-dropdown-content\"\n\t\t\t\t\t\t\taria-label=\"Afficher les liens permettant d\u2019ajouter des \u00e9v\u00e8nements \u00e0 votre calendrier\"\n\t\t\t\t\t\t>\n\t\t\t\t\t\t\tAjouter au calendrier\t\t\t\t\t\t<\/button>\n\t\t\t\t\t\t<svg\n\t class=\"tribe-common-c-svgicon tribe-common-c-svgicon--caret-down tribe-events-c-subscribe-dropdown__button-icon\" \taria-hidden=\"true\"\n\tviewBox=\"0 0 10 7\"\n\txmlns=\"http:\/\/www.w3.org\/2000\/svg\"\n>\n\t<path fill-rule=\"evenodd\" clip-rule=\"evenodd\" d=\"M1.008.609L5 4.6 8.992.61l.958.958L5 6.517.05 1.566l.958-.958z\" class=\"tribe-common-c-svgicon__svg-fill\"\/>\n<\/svg>\n\t\t\t\t\t<\/div>\n\t\t\t\t\t<div id=\"tribe-events-subscribe-dropdown-content\" class=\"tribe-events-c-subscribe-dropdown__content\">\n\t\t\t\t\t\t<ul class=\"tribe-events-c-subscribe-dropdown__list\">\n\t\t\t\t\t\t\t\t\t\t\t\t\t\t\t<li class=\"tribe-events-c-subscribe-dropdown__list-item tribe-events-c-subscribe-dropdown__list-item--gcal\">\n\t\t\t\t\t\t\t\t\t<a\n\t\t\t\t\t\t\t\t\t\thref=\"https:\/\/www.google.com\/calendar\/event?action=TEMPLATE&#038;dates=20250607T100000\/20250608T180000&#038;text=Centenaire%20de%20la%20disparition%20de%20l%26rsquo%3Bastronome%20Camille%20Flammarion%20%26%238211%3B%20Journ%C3%A9es%20visites%2C%20animations%2C%20etc.&#038;details=%3Cdiv+class%3D%22wp-block-cover+is-light%22%3E%3Cspan+aria-hidden%3D%22true%22+class%3D%22wp-block-cover__background+has-white-background-color+has-background-dim-100+has-background-dim%22%3E%3C%2Fspan%3E%3Cdiv+class%3D%22wp-block-cover__inner-container%22%3E%3Cp+class%3D%22has-text-align-left%22%3E%3Cstrong%3ECamille+Flammarion+%281842-1925%29+a+consacr%C3%A9+sa+vie+%C3%A0+l%E2%80%99%C3%A9tude+et+la+diffusion+des+sciences+et+notamment+l%E2%80%99astronomie.+Par+son+immense+%C5%93uvre%2C+il+a+inspir%C3%A9+et+influenc%C3%A9+des+g%C3%A9n%C3%A9rations+enti%C3%A8res+partout+dans+le+monde.%3C%2Fstrong%3E%3C%2Fp%3E+%3Cp%3EL%E2%80%99ann%C3%A9e+2025+marque+le+centenaire+de+la+disparition+de+Camille+Flammarion.+Pour+c%C3%A9l%C3%A9brer+son+%C5%93uvre+il+y+aura+des%26nbsp%3B%3Ca+href%3D%22https%3A%2F%2Fcamille-flammarion.fr%2Fcentenaire%2F%22+target%3D%22_blank%22+rel%3D%22noreferrer+noopener%22%3E%C3%A9v%C3%A9nements%3C%2Fa%3E%26nbsp%3Bpartout+en+France%2C+des%26nbsp%3Bpublications%2C+une+statue%2C+un+timbre+et+une+m%C3%A9daille.%3C%2Fp%3E+%3Cdiv+class%3D%22wp-block-columns%22%3E%3Cdiv+class%3D%22wp-block-column+is-vertically-aligned-center%22%3E%3Chr+class%3D%22wp-block-separator+has-alpha-channel-opacity%22%2F%3E%3Cdiv+sty%3C%2Fdiv%3E%3C%2Fdiv%3E%3C%2Fdiv%3E%3C%2Fdiv%3E%28Voir+toute+la+description+de+%C3%A9v%C3%A8nement+ici%C2%A0%3A+https%3A%2F%2Facademiespatiale.fr%2Findex.php%2Fevent%2F4904%2F%29&#038;trp=false&#038;ctz=Europe\/Paris&#038;sprop=website:https:\/\/academiespatiale.fr\"\n\t\t\t\t\t\t\t\t\t\tclass=\"tribe-events-c-subscribe-dropdown__list-item-link\"\n\t\t\t\t\t\t\t\t\t\ttarget=\"_blank\"\n\t\t\t\t\t\t\t\t\t\trel=\"noopener noreferrer nofollow noindex\"\n\t\t\t\t\t\t\t\t\t>\n\t\t\t\t\t\t\t\t\t\tGoogle Agenda\t\t\t\t\t\t\t\t\t<\/a>\n\t\t\t\t\t\t\t\t<\/li>\n\t\t\t\t\t\t\t\t\t\t\t\t\t\t\t<li class=\"tribe-events-c-subscribe-dropdown__list-item tribe-events-c-subscribe-dropdown__list-item--ical\">\n\t\t\t\t\t\t\t\t\t<a\n\t\t\t\t\t\t\t\t\t\thref=\"\"\n\t\t\t\t\t\t\t\t\t\tclass=\"tribe-events-c-subscribe-dropdown__list-item-link\"\n\t\t\t\t\t\t\t\t\t\ttarget=\"_blank\"\n\t\t\t\t\t\t\t\t\t\trel=\"noopener noreferrer nofollow noindex\"\n\t\t\t\t\t\t\t\t\t>\n\t\t\t\t\t\t\t\t\t\tiCalendar\t\t\t\t\t\t\t\t\t<\/a>\n\t\t\t\t\t\t\t\t<\/li>\n\t\t\t\t\t\t\t\t\t\t\t\t\t\t\t<li class=\"tribe-events-c-subscribe-dropdown__list-item tribe-events-c-subscribe-dropdown__list-item--outlook-365\">\n\t\t\t\t\t\t\t\t\t<a\n\t\t\t\t\t\t\t\t\t\thref=\"\"\n\t\t\t\t\t\t\t\t\t\tclass=\"tribe-events-c-subscribe-dropdown__list-item-link\"\n\t\t\t\t\t\t\t\t\t\ttarget=\"_blank\"\n\t\t\t\t\t\t\t\t\t\trel=\"noopener noreferrer nofollow noindex\"\n\t\t\t\t\t\t\t\t\t>\n\t\t\t\t\t\t\t\t\t\tOutlook 365\t\t\t\t\t\t\t\t\t<\/a>\n\t\t\t\t\t\t\t\t<\/li>\n\t\t\t\t\t\t\t\t\t\t\t\t\t\t\t<li class=\"tribe-events-c-subscribe-dropdown__list-item tribe-events-c-subscribe-dropdown__list-item--outlook-live\">\n\t\t\t\t\t\t\t\t\t<a\n\t\t\t\t\t\t\t\t\t\thref=\"\"\n\t\t\t\t\t\t\t\t\t\tclass=\"tribe-events-c-subscribe-dropdown__list-item-link\"\n\t\t\t\t\t\t\t\t\t\ttarget=\"_blank\"\n\t\t\t\t\t\t\t\t\t\trel=\"noopener noreferrer nofollow noindex\"\n\t\t\t\t\t\t\t\t\t>\n\t\t\t\t\t\t\t\t\t\tOutlook Live\t\t\t\t\t\t\t\t\t<\/a>\n\t\t\t\t\t\t\t\t<\/li>\n\t\t\t\t\t\t\t\t\t\t\t\t\t<\/ul>\n\t\t\t\t\t<\/div>\n\t\t\t\t<\/div>\n\t\t\t<\/div>\n\t\t<\/div>\n\t<\/div>\n\n","protected":false},"excerpt":{"rendered":"","protected":false},"author":1,"featured_media":4898,"template":"","meta":{"_monsterinsights_skip_tracking":false,"_monsterinsights_sitenote_active":false,"_monsterinsights_sitenote_note":"","_monsterinsights_sitenote_category":0,"_EventAllDay":false,"_EventTimezone":"Europe\/Paris","_EventStartDate":"2025-06-07 10:00:00","_EventEndDate":"2025-06-08 18:00:00","_EventStartDateUTC":"2025-06-07 08:00:00","_EventEndDateUTC":"2025-06-08 16:00:00","_EventShowMap":false,"_EventShowMapLink":false,"_EventURL":"","_EventCost":"","_EventCostDescription":"","_EventCurrencySymbol":"\u20ac","_EventCurrencyCode":"EUR","_EventCurrencyPosition":"suffix","_EventDateTimeSeparator":" : ","_EventTimeRangeSeparator":"-","_EventOrganizerID":[],"_EventVenueID":[],"_OrganizerEmail":"","_OrganizerPhone":"","_OrganizerWebsite":"","_VenueAddress":"","_VenueCity":"","_VenueCountry":"","_VenueProvince":"","_VenueState":"","_VenueZip":"","_VenuePhone":"","_VenueURL":"","_VenueStateProvince":"","_VenueLat":"","_VenueLng":"","_VenueShowMap":false,"_VenueShowMapLink":false,"_tribe_events_status":"","_tribe_events_status_reason":"","footnotes":""},"tags":[],"tribe_events_cat":[],"class_list":["post-4904","tribe_events","type-tribe_events","status-publish","has-post-thumbnail","hentry"],"aioseo_notices":[],"_links":{"self":[{"href":"https:\/\/academiespatiale.fr\/index.php\/wp-json\/wp\/v2\/tribe_events\/4904","targetHints":{"allow":["GET"]}}],"collection":[{"href":"https:\/\/academiespatiale.fr\/index.php\/wp-json\/wp\/v2\/tribe_events"}],"about":[{"href":"https:\/\/academiespatiale.fr\/index.php\/wp-json\/wp\/v2\/types\/tribe_events"}],"author":[{"embeddable":true,"href":"https:\/\/academiespatiale.fr\/index.php\/wp-json\/wp\/v2\/users\/1"}],"version-history":[{"count":5,"href":"https:\/\/academiespatiale.fr\/index.php\/wp-json\/wp\/v2\/tribe_events\/4904\/revisions"}],"predecessor-version":[{"id":4917,"href":"https:\/\/academiespatiale.fr\/index.php\/wp-json\/wp\/v2\/tribe_events\/4904\/revisions\/4917"}],"wp:featuredmedia":[{"embeddable":true,"href":"https:\/\/academiespatiale.fr\/index.php\/wp-json\/wp\/v2\/media\/4898"}],"wp:attachment":[{"href":"https:\/\/academiespatiale.fr\/index.php\/wp-json\/wp\/v2\/media?parent=4904"}],"wp:term":[{"taxonomy":"post_tag","embeddable":true,"href":"https:\/\/academiespatiale.fr\/index.php\/wp-json\/wp\/v2\/tags?post=4904"},{"taxonomy":"tribe_events_cat","embeddable":true,"href":"https:\/\/academiespatiale.fr\/index.php\/wp-json\/wp\/v2\/tribe_events_cat?post=4904"}],"curies":[{"name":"wp","href":"https:\/\/api.w.org\/{rel}","templated":true}]}}