{"id":4891,"date":"2025-05-30T11:27:27","date_gmt":"2025-05-30T09:27:27","guid":{"rendered":"https:\/\/academiespatiale.fr\/?post_type=tribe_events&#038;p=4891"},"modified":"2025-05-30T12:32:52","modified_gmt":"2025-05-30T10:32:52","slug":"soiree-hommage-centenaire-de-la-disparition-de-lastronome-camille-flammarion","status":"publish","type":"tribe_events","link":"https:\/\/academiespatiale.fr\/index.php\/event\/soiree-hommage-centenaire-de-la-disparition-de-lastronome-camille-flammarion\/","title":{"rendered":"Centenaire de la disparition de l\u2019astronome Camille Flammarion &#8211; Soir\u00e9e Hommage"},"content":{"rendered":"<div  class=\"tribe-events-schedule tribe-clearfix\" >\n\t<p class=\"tribe-events-schedule__datetime\">\n\t\t<span class=\"tribe-events-schedule__date tribe-events-schedule__date--start\">\n\t\t\t5 juin 2025\t\t<\/span>\n\n\t\t\t\t\t<span class=\"tribe-events-schedule__separator tribe-events-schedule__separator--date\">\n\t\t\t\t : \t\t\t<\/span>\n\t\t\t<span class=\"tribe-events-schedule__time tribe-events-schedule__time--start\">\n\t\t\t\t18h00\t\t\t<\/span>\n\t\t\n\t\t\t\t\t\t\t\t\t<span class=\"tribe-events-schedule__separator tribe-events-schedule__separator--time\">\n\t\t\t\t\t&#8211;\t\t\t\t<\/span>\n\t\t\t\n\t\t\t\t\t\t\t<span class=\"tribe-events-schedule__time tribe-events-schedule__time--end\">\n\t\t\t\t\t22h00\t\t\t\t<\/span>\n\t\t\t\n\t\t\t\t\t\t<\/p>\n<\/div>\n\n\n\n<div class=\"wp-block-cover is-light\" style=\"padding-top:var(--wp--preset--spacing--80);padding-right:var(--wp--preset--spacing--80);padding-bottom:var(--wp--preset--spacing--80);padding-left:var(--wp--preset--spacing--80)\"><span aria-hidden=\"true\" class=\"wp-block-cover__background has-white-background-color has-background-dim-100 has-background-dim\"><\/span><div class=\"wp-block-cover__inner-container is-layout-constrained wp-container-core-cover-is-layout-10bc4538 wp-block-cover-is-layout-constrained\">\n<p class=\"has-text-align-left\"><strong>Camille Flammarion (1842-1925) a consacr\u00e9 sa vie \u00e0 l\u2019\u00e9tude et la diffusion des sciences et notamment l\u2019astronomie. Par son immense \u0153uvre, il a inspir\u00e9 et influenc\u00e9 des g\u00e9n\u00e9rations enti\u00e8res partout dans le monde.<\/strong><\/p>\n\n\n\n<p>L\u2019ann\u00e9e 2025 marque le centenaire de la disparition de Camille Flammarion. Pour c\u00e9l\u00e9brer son \u0153uvre il y aura des&nbsp;<a href=\"https:\/\/camille-flammarion.fr\/centenaire\/\" target=\"_blank\" rel=\"noopener\" title=\"\">\u00e9v\u00e9nements<\/a>&nbsp;partout en France, des&nbsp;publications, une statue, un timbre et une m\u00e9daille.<\/p>\n\n\n\n<div class=\"wp-block-columns is-layout-flex wp-container-core-columns-is-layout-28f84493 wp-block-columns-is-layout-flex\">\n<div class=\"wp-block-column is-vertically-aligned-center is-layout-flow wp-block-column-is-layout-flow\">\n<hr class=\"wp-block-separator has-alpha-channel-opacity\"\/>\n\n\n\n<div style=\"height:10px\" aria-hidden=\"true\" class=\"wp-block-spacer\"><\/div>\n\n\n\n<p class=\"has-text-align-center\"><strong>Grande soir\u00e9e en hommage au c\u00e9l\u00e8bre astronome Juvisien<\/strong><\/p>\n\n\n\n<p class=\"has-text-align-center\" style=\"text-transform:uppercase\"><strong>Jeudi 5 juin 2025 <br><\/strong>\u00e0 partir de 18 h<\/p>\n\n\n\n<p class=\"has-text-align-center\">Espace Jean Lur\u00e7at<br>place du Mar\u00e9chal Leclerc<br>91260 Juvisy-sur-Orge<\/p>\n\n\n\n<p class=\"has-text-align-center has-small-font-size\"><em>Entr\u00e9e libre et gratuite<\/em><br>(<em>dans la limite des places disponibles)<\/em><\/p>\n\n\n\n<hr class=\"wp-block-separator has-alpha-channel-opacity\"\/>\n<\/div>\n\n\n\n<div class=\"wp-block-column is-layout-flow wp-block-column-is-layout-flow\"><div class=\"wp-block-image\">\n<figure data-wp-context=\"{&quot;imageId&quot;:&quot;69f2ad6608973&quot;}\" data-wp-interactive=\"core\/image\" data-wp-key=\"69f2ad6608973\" class=\"aligncenter size-large is-resized wp-lightbox-container\"><img loading=\"lazy\" decoding=\"async\" width=\"724\" height=\"1024\" data-wp-class--hide=\"state.isContentHidden\" data-wp-class--show=\"state.isContentVisible\" data-wp-init=\"callbacks.setButtonStyles\" data-wp-on--click=\"actions.showLightbox\" data-wp-on--load=\"callbacks.setButtonStyles\" data-wp-on-window--resize=\"callbacks.setButtonStyles\" src=\"https:\/\/academiespatiale.fr\/wp-content\/uploads\/2025\/05\/Affiche-Flammarion-2025-SAF-small-724x1024.jpg\" alt=\"\" class=\"wp-image-4880\" style=\"width:313px;height:auto\" srcset=\"https:\/\/academiespatiale.fr\/wp-content\/uploads\/2025\/05\/Affiche-Flammarion-2025-SAF-small-724x1024.jpg 724w, https:\/\/academiespatiale.fr\/wp-content\/uploads\/2025\/05\/Affiche-Flammarion-2025-SAF-small-212x300.jpg 212w, https:\/\/academiespatiale.fr\/wp-content\/uploads\/2025\/05\/Affiche-Flammarion-2025-SAF-small-768x1087.jpg 768w, https:\/\/academiespatiale.fr\/wp-content\/uploads\/2025\/05\/Affiche-Flammarion-2025-SAF-small.jpg 1024w\" sizes=\"auto, (max-width: 724px) 100vw, 724px\" \/><button\n\t\t\tclass=\"lightbox-trigger\"\n\t\t\ttype=\"button\"\n\t\t\taria-haspopup=\"dialog\"\n\t\t\taria-label=\"Agrandir\"\n\t\t\tdata-wp-init=\"callbacks.initTriggerButton\"\n\t\t\tdata-wp-on--click=\"actions.showLightbox\"\n\t\t\tdata-wp-style--right=\"state.imageButtonRight\"\n\t\t\tdata-wp-style--top=\"state.imageButtonTop\"\n\t\t>\n\t\t\t<svg xmlns=\"http:\/\/www.w3.org\/2000\/svg\" width=\"12\" height=\"12\" fill=\"none\" viewBox=\"0 0 12 12\">\n\t\t\t\t<path fill=\"#fff\" d=\"M2 0a2 2 0 0 0-2 2v2h1.5V2a.5.5 0 0 1 .5-.5h2V0H2Zm2 10.5H2a.5.5 0 0 1-.5-.5V8H0v2a2 2 0 0 0 2 2h2v-1.5ZM8 12v-1.5h2a.5.5 0 0 0 .5-.5V8H12v2a2 2 0 0 1-2 2H8Zm2-12a2 2 0 0 1 2 2v2h-1.5V2a.5.5 0 0 0-.5-.5H8V0h2Z\" \/>\n\t\t\t<\/svg>\n\t\t<\/button><\/figure>\n<\/div><\/div>\n<\/div>\n\n\n\n<p>Une soir\u00e9e organis\u00e9e par la Soci\u00e9t\u00e9 Astronomique de France, sous le haut patronage de la ville de Juvisy-sur-Orge (91).<\/p>\n\n\n\n<p class=\"has-background-color-background-color has-background\">Ne manquez pas les journ\u00e9es Flammarion les 7 et 8 juin : visites, animations, inauguration, etc.<br>\u2192 <a href=\"https:\/\/academiespatiale.fr\/index.php\/2025\/05\/30\/centenaire-de-la-disparition-de-lastronome-camille-flammarion-journees-flammarion\/\">Centenaire de la disparition de l\u2019astronome Camille Flammarion \u2013 Journ\u00e9es Flammarion &#8211; Acad\u00e9mie Spatiale d&rsquo;\u00cele-de-France<\/a><\/p>\n\n\n\n<p class=\"has-background-color-background-color has-background\">Infos pratique :<br>\u2192 <a href=\"https:\/\/camille-flammarion.fr\/soiree-espace-lurcat\/\" target=\"_blank\" rel=\"noopener\" title=\"\">Soir\u00e9e espace Lur\u00e7at \u2013 Camille Flammarion<\/a><br><br>Autres \u00e9v\u00e8nements autour du centenaire<br>\u2192 Page officielle : <a href=\"https:\/\/camille-flammarion.fr\/\" target=\"_blank\" rel=\"noopener\" title=\"\">Camille Flammarion<\/a><br>\u2192 Publications : <a href=\"https:\/\/camille-flammarion.fr\/publications\/\" target=\"_blank\" rel=\"noopener\" title=\"\">Publications \u2013 Camille Flammarion<\/a><br>\u2192 Tous les \u00e9v\u00e8nements : <a href=\"https:\/\/camille-flammarion.fr\/centenaire\/\" target=\"_blank\" rel=\"noopener\" title=\"\">Centenaire \u2013 Camille Flammarion<\/a><\/p>\n\n\n\n<div style=\"height:20px\" aria-hidden=\"true\" class=\"wp-block-spacer\"><\/div>\n\n\n\n<h3 class=\"wp-block-heading has-text-align-center\">Programme<\/h3>\n\n\n\n<ul class=\"wp-block-list\">\n<li>18h00 : Inauguration de l&rsquo;exposition photographique<\/li>\n<\/ul>\n\n\n\n<ul class=\"wp-block-list\">\n<li>19h00 : Conf\u00e9rence de Fran\u00e7oise Combes, pr\u00e9sidente de l&rsquo;Acad\u00e9mie des sciences<\/li>\n<\/ul>\n\n\n\n<ul class=\"wp-block-list\">\n<li>20h00 : Table-ronde : \u00ab&nbsp;L&rsquo;astronomie d&rsquo;hier \u00e0 aujourd&rsquo;hui&nbsp;\u00bb\n<ul class=\"wp-block-list\">\n<li>Fran\u00e7oise Combes, pr\u00e9sidente de l&rsquo;Acad\u00e9mie des sciences<\/li>\n\n\n\n<li>Roland Lehoucq, astrophysicien au CEA Saclay<\/li>\n\n\n\n<li>Jean-Philippe Uzan, astrophysicien \u00e0 l&rsquo;IAP<\/li>\n\n\n\n<li>Sylvain Bouley, pr\u00e9sident de la SAF, professeur \u00e0 l&rsquo;Universit\u00e9 Paris Saclay<\/li>\n<\/ul>\n<\/li>\n<\/ul>\n\n\n\n<ul class=\"wp-block-list\">\n<li>D\u00e9dicaces d&rsquo;ouvrages par les invit\u00e9\u00b7es<\/li>\n<\/ul>\n\n\n\n<p class=\"has-text-align-left\">La soir\u00e9e sera anim\u00e9e par Gilles Dawidowicz, vice-pr\u00e9sident de la SAF<\/p>\n<\/div><\/div>\n\n\n\t<div  class=\"tribe-block tribe-block__events-link\" >\n\t\t<div class=\"tribe-events tribe-common\">\n\t\t\t<div class=\"tribe-events-c-subscribe-dropdown__container\">\n\t\t\t\t<div class=\"tribe-events-c-subscribe-dropdown\">\n\t\t\t\t\t<div class=\"tribe-common-c-btn-border tribe-events-c-subscribe-dropdown__button\">\n\t\t\t\t\t\t<svg\n\t class=\"tribe-common-c-svgicon tribe-common-c-svgicon--cal-export tribe-events-c-subscribe-dropdown__export-icon\" \taria-hidden=\"true\"\n\tviewBox=\"0 0 23 17\"\n\txmlns=\"http:\/\/www.w3.org\/2000\/svg\"\n>\n\t<path fill-rule=\"evenodd\" clip-rule=\"evenodd\" d=\"M.128.896V16.13c0 .211.145.383.323.383h15.354c.179 0 .323-.172.323-.383V.896c0-.212-.144-.383-.323-.383H.451C.273.513.128.684.128.896Zm16 6.742h-.901V4.679H1.009v10.729h14.218v-3.336h.901V7.638ZM1.01 1.614h14.218v2.058H1.009V1.614Z\" \/>\n\t<path d=\"M20.5 9.846H8.312M18.524 6.953l2.89 2.909-2.855 2.855\" stroke-width=\"1.2\" stroke-linecap=\"round\" stroke-linejoin=\"round\"\/>\n<\/svg>\n\t\t\t\t\t\t<button\n\t\t\t\t\t\t\tclass=\"tribe-events-c-subscribe-dropdown__button-text\"\n\t\t\t\t\t\t\taria-expanded=\"false\"\n\t\t\t\t\t\t\taria-controls=\"tribe-events-subscribe-dropdown-content\"\n\t\t\t\t\t\t\taria-label=\"Afficher les liens permettant d\u2019ajouter des \u00e9v\u00e8nements \u00e0 votre calendrier\"\n\t\t\t\t\t\t>\n\t\t\t\t\t\t\tAjouter au calendrier\t\t\t\t\t\t<\/button>\n\t\t\t\t\t\t<svg\n\t class=\"tribe-common-c-svgicon tribe-common-c-svgicon--caret-down tribe-events-c-subscribe-dropdown__button-icon\" \taria-hidden=\"true\"\n\tviewBox=\"0 0 10 7\"\n\txmlns=\"http:\/\/www.w3.org\/2000\/svg\"\n>\n\t<path fill-rule=\"evenodd\" clip-rule=\"evenodd\" d=\"M1.008.609L5 4.6 8.992.61l.958.958L5 6.517.05 1.566l.958-.958z\" class=\"tribe-common-c-svgicon__svg-fill\"\/>\n<\/svg>\n\t\t\t\t\t<\/div>\n\t\t\t\t\t<div id=\"tribe-events-subscribe-dropdown-content\" class=\"tribe-events-c-subscribe-dropdown__content\">\n\t\t\t\t\t\t<ul class=\"tribe-events-c-subscribe-dropdown__list\">\n\t\t\t\t\t\t\t\t\t\t\t\t\t\t\t<li class=\"tribe-events-c-subscribe-dropdown__list-item tribe-events-c-subscribe-dropdown__list-item--gcal\">\n\t\t\t\t\t\t\t\t\t<a\n\t\t\t\t\t\t\t\t\t\thref=\"https:\/\/www.google.com\/calendar\/event?action=TEMPLATE&#038;dates=20250605T180000\/20250605T220000&#038;text=Centenaire%20de%20la%20disparition%20de%20l%E2%80%99astronome%20Camille%20Flammarion%20%26%238211%3B%20Soir%C3%A9e%20Hommage&#038;details=%3Cdiv+class%3D%22wp-block-cover+is-light%22+style%3D%22padding-top%3Avar%28--wp--preset--spacing--80%29%3Bpadding-right%3Avar%28--wp--preset--spacing--80%29%3Bpadding-bottom%3Avar%28--wp--preset--spacing--80%29%3Bpadding-left%3Avar%28--wp--preset--spacing--80%29%22%3E%3Cspan+aria-hidden%3D%22true%22+class%3D%22wp-block-cover__background+has-white-background-color+has-background-dim-100+has-background-dim%22%3E%3C%2Fspan%3E%3Cdiv+class%3D%22wp-block-cover__inner-container%22%3E%3Cp+class%3D%22has-text-align-left%22%3E%3Cstrong%3ECamille+Flammarion+%281842-1925%29+a+consacr%C3%A9+sa+vie+%C3%A0+l%E2%80%99%C3%A9tude+et+la+diffusion+des+sciences+et+notamment+l%E2%80%99astronomie.+Par+son+immense+%C5%93uvre%2C+il+a+inspir%C3%A9+et+influenc%C3%A9+des+g%C3%A9n%C3%A9rations+enti%C3%A8res+partout+dans+le+monde.%3C%2Fstrong%3E%3C%2Fp%3E+%3Cp%3EL%E2%80%99ann%C3%A9e+2025+marque+le+centenaire+de+la+disparition+de+Camille+Flammarion.+Pour+c%C3%A9l%C3%A9brer+son+%C5%93uvre+il+y+aura+des%26nbsp%3B%3Ca+href%3D%22https%3A%2F%2Fcamille-flammarion.fr%2Fcentenaire%2F%22+target%3D%22_blank%22+rel%3D%22noopener%22+title%3D%22%22%3E%C3%A9v%C3%A9nements%3C%2Fa%3E%26nbsp%3Bpartout+en+France%2C+des%26nbsp%3Bpublications%2C+une+statue%2C+un+timbre+et%3C%2Fp%3E%3C%2Fdiv%3E%3C%2Fdiv%3E%28Voir+toute+la+description+de+%C3%A9v%C3%A8nement+ici%C2%A0%3A+https%3A%2F%2Facademiespatiale.fr%2Findex.php%2Fevent%2Fsoiree-hommage-centenaire-de-la-disparition-de-lastronome-camille-flammarion%2F%29&#038;trp=false&#038;ctz=Europe\/Paris&#038;sprop=website:https:\/\/academiespatiale.fr\"\n\t\t\t\t\t\t\t\t\t\tclass=\"tribe-events-c-subscribe-dropdown__list-item-link\"\n\t\t\t\t\t\t\t\t\t\ttarget=\"_blank\"\n\t\t\t\t\t\t\t\t\t\trel=\"noopener noreferrer nofollow noindex\"\n\t\t\t\t\t\t\t\t\t>\n\t\t\t\t\t\t\t\t\t\tGoogle Agenda\t\t\t\t\t\t\t\t\t<\/a>\n\t\t\t\t\t\t\t\t<\/li>\n\t\t\t\t\t\t\t\t\t\t\t\t\t\t\t<li class=\"tribe-events-c-subscribe-dropdown__list-item tribe-events-c-subscribe-dropdown__list-item--ical\">\n\t\t\t\t\t\t\t\t\t<a\n\t\t\t\t\t\t\t\t\t\thref=\"\"\n\t\t\t\t\t\t\t\t\t\tclass=\"tribe-events-c-subscribe-dropdown__list-item-link\"\n\t\t\t\t\t\t\t\t\t\ttarget=\"_blank\"\n\t\t\t\t\t\t\t\t\t\trel=\"noopener noreferrer nofollow noindex\"\n\t\t\t\t\t\t\t\t\t>\n\t\t\t\t\t\t\t\t\t\tiCalendar\t\t\t\t\t\t\t\t\t<\/a>\n\t\t\t\t\t\t\t\t<\/li>\n\t\t\t\t\t\t\t\t\t\t\t\t\t\t\t<li class=\"tribe-events-c-subscribe-dropdown__list-item tribe-events-c-subscribe-dropdown__list-item--outlook-365\">\n\t\t\t\t\t\t\t\t\t<a\n\t\t\t\t\t\t\t\t\t\thref=\"\"\n\t\t\t\t\t\t\t\t\t\tclass=\"tribe-events-c-subscribe-dropdown__list-item-link\"\n\t\t\t\t\t\t\t\t\t\ttarget=\"_blank\"\n\t\t\t\t\t\t\t\t\t\trel=\"noopener noreferrer nofollow noindex\"\n\t\t\t\t\t\t\t\t\t>\n\t\t\t\t\t\t\t\t\t\tOutlook 365\t\t\t\t\t\t\t\t\t<\/a>\n\t\t\t\t\t\t\t\t<\/li>\n\t\t\t\t\t\t\t\t\t\t\t\t\t\t\t<li class=\"tribe-events-c-subscribe-dropdown__list-item tribe-events-c-subscribe-dropdown__list-item--outlook-live\">\n\t\t\t\t\t\t\t\t\t<a\n\t\t\t\t\t\t\t\t\t\thref=\"\"\n\t\t\t\t\t\t\t\t\t\tclass=\"tribe-events-c-subscribe-dropdown__list-item-link\"\n\t\t\t\t\t\t\t\t\t\ttarget=\"_blank\"\n\t\t\t\t\t\t\t\t\t\trel=\"noopener noreferrer nofollow noindex\"\n\t\t\t\t\t\t\t\t\t>\n\t\t\t\t\t\t\t\t\t\tOutlook Live\t\t\t\t\t\t\t\t\t<\/a>\n\t\t\t\t\t\t\t\t<\/li>\n\t\t\t\t\t\t\t\t\t\t\t\t\t<\/ul>\n\t\t\t\t\t<\/div>\n\t\t\t\t<\/div>\n\t\t\t<\/div>\n\t\t<\/div>\n\t<\/div>\n\n","protected":false},"excerpt":{"rendered":"","protected":false},"author":1,"featured_media":4881,"template":"","meta":{"_monsterinsights_skip_tracking":false,"_monsterinsights_sitenote_active":false,"_monsterinsights_sitenote_note":"","_monsterinsights_sitenote_category":0,"_EventAllDay":false,"_EventTimezone":"Europe\/Paris","_EventStartDate":"2025-06-05 18:00:00","_EventEndDate":"2025-06-05 22:00:00","_EventStartDateUTC":"2025-06-05 16:00:00","_EventEndDateUTC":"2025-06-05 20:00:00","_EventShowMap":false,"_EventShowMapLink":false,"_EventURL":"","_EventCost":"","_EventCostDescription":"","_EventCurrencySymbol":"\u20ac","_EventCurrencyCode":"EUR","_EventCurrencyPosition":"suffix","_EventDateTimeSeparator":" : ","_EventTimeRangeSeparator":"-","_EventOrganizerID":[],"_EventVenueID":[],"_OrganizerEmail":"","_OrganizerPhone":"","_OrganizerWebsite":"","_VenueAddress":"","_VenueCity":"","_VenueCountry":"","_VenueProvince":"","_VenueState":"","_VenueZip":"","_VenuePhone":"","_VenueURL":"","_VenueStateProvince":"","_VenueLat":"","_VenueLng":"","_VenueShowMap":false,"_VenueShowMapLink":false,"_tribe_events_status":"","_tribe_events_status_reason":"","footnotes":""},"tags":[],"tribe_events_cat":[],"class_list":["post-4891","tribe_events","type-tribe_events","status-publish","has-post-thumbnail","hentry"],"aioseo_notices":[],"_links":{"self":[{"href":"https:\/\/academiespatiale.fr\/index.php\/wp-json\/wp\/v2\/tribe_events\/4891","targetHints":{"allow":["GET"]}}],"collection":[{"href":"https:\/\/academiespatiale.fr\/index.php\/wp-json\/wp\/v2\/tribe_events"}],"about":[{"href":"https:\/\/academiespatiale.fr\/index.php\/wp-json\/wp\/v2\/types\/tribe_events"}],"author":[{"embeddable":true,"href":"https:\/\/academiespatiale.fr\/index.php\/wp-json\/wp\/v2\/users\/1"}],"version-history":[{"count":8,"href":"https:\/\/academiespatiale.fr\/index.php\/wp-json\/wp\/v2\/tribe_events\/4891\/revisions"}],"predecessor-version":[{"id":4915,"href":"https:\/\/academiespatiale.fr\/index.php\/wp-json\/wp\/v2\/tribe_events\/4891\/revisions\/4915"}],"wp:featuredmedia":[{"embeddable":true,"href":"https:\/\/academiespatiale.fr\/index.php\/wp-json\/wp\/v2\/media\/4881"}],"wp:attachment":[{"href":"https:\/\/academiespatiale.fr\/index.php\/wp-json\/wp\/v2\/media?parent=4891"}],"wp:term":[{"taxonomy":"post_tag","embeddable":true,"href":"https:\/\/academiespatiale.fr\/index.php\/wp-json\/wp\/v2\/tags?post=4891"},{"taxonomy":"tribe_events_cat","embeddable":true,"href":"https:\/\/academiespatiale.fr\/index.php\/wp-json\/wp\/v2\/tribe_events_cat?post=4891"}],"curies":[{"name":"wp","href":"https:\/\/api.w.org\/{rel}","templated":true}]}}