{"id":4768,"date":"2025-05-20T11:48:34","date_gmt":"2025-05-20T09:48:34","guid":{"rendered":"https:\/\/academiespatiale.fr\/?post_type=tribe_events&#038;p=4768"},"modified":"2025-06-04T17:50:53","modified_gmt":"2025-06-04T15:50:53","slug":"seminaire-lexcellence-scientifique-piege-ou-opportunite-pour-les-femmes","status":"publish","type":"tribe_events","link":"https:\/\/academiespatiale.fr\/index.php\/event\/seminaire-lexcellence-scientifique-piege-ou-opportunite-pour-les-femmes\/","title":{"rendered":"[S\u00e9minaire] L&rsquo;excellence scientifique : pi\u00e8ge ou opportunit\u00e9 pour les femmes ?"},"content":{"rendered":"<div  class=\"tribe-events-schedule tribe-clearfix\" >\n\t<p class=\"tribe-events-schedule__datetime\">\n\t\t<span class=\"tribe-events-schedule__date tribe-events-schedule__date--start\">\n\t\t\t12 juin 2025\t\t<\/span>\n\n\t\t\t\t\t<span class=\"tribe-events-schedule__separator tribe-events-schedule__separator--date\">\n\t\t\t\t : \t\t\t<\/span>\n\t\t\t<span class=\"tribe-events-schedule__time tribe-events-schedule__time--start\">\n\t\t\t\t10h00\t\t\t<\/span>\n\t\t\n\t\t\t\t\t\t\t\t\t<span class=\"tribe-events-schedule__separator tribe-events-schedule__separator--time\">\n\t\t\t\t\t&#8211;\t\t\t\t<\/span>\n\t\t\t\n\t\t\t\t\t\t\t<span class=\"tribe-events-schedule__time tribe-events-schedule__time--end\">\n\t\t\t\t\t12h00\t\t\t\t<\/span>\n\t\t\t\n\t\t\t\t\t\t<\/p>\n<\/div>\n\n\n\n<p>Marion Paoletti et Fanny Gallot pr\u00e9sentent un s\u00e9minaire \u00ab\u00a0L&rsquo;excellence scientifique : pi\u00e8ge ou opportunit\u00e9 pour les femmes ?\u00a0\u00bb. Le s\u00e9minaire aura lieu \u00e0 10h au LOCEAN \u00e0 Paris et sera retransmis sur Zoom.<\/p>\n\n\n\n<hr class=\"wp-block-separator has-alpha-channel-opacity\"\/>\n\n\n\n<p class=\"has-text-align-center has-medium-font-size\"><strong>Jeudi 12 juin 2025 \u00e0 10h<\/strong><\/p>\n\n\n\n<p class=\"has-text-align-center has-medium-font-size\">LOCEAN<br>Salle 417 &#8211; Tour 45\/55 &#8211; 4e \u00e9tage<\/p>\n\n\n\n<p class=\"has-text-align-center\"><strong>En visioconf\u00e9rence<\/strong><br><a href=\"https:\/\/zoom.us\/j\/93086285638?pwd=dKaCKwh1prT8za6cjgXf2usECKKdki.1\" target=\"_blank\" rel=\"noreferrer noopener\">https:\/\/zoom.us\/j\/93086285638?pwd=dKaCKwh1prT8za6cjgXf2usECKKdki.1<\/a><\/p>\n\n\n\n<hr class=\"wp-block-separator has-alpha-channel-opacity\"\/>\n\n\n\n<p class=\"has-text-align-center has-medium-font-size\">S\u00e9minaire organis\u00e9 par le groupe \u00ab&nbsp;\u00c9galit\u00e9, diversit\u00e9, qualit\u00e9 de vie au travail&nbsp;\u00bb de l&rsquo;IPSL.<\/p>\n\n\n\n<div class=\"wp-block-columns is-layout-flex wp-container-core-columns-is-layout-28f84493 wp-block-columns-is-layout-flex\">\n<div class=\"wp-block-column is-layout-flow wp-block-column-is-layout-flow\">\n<figure class=\"wp-block-image size-large\"><img loading=\"lazy\" decoding=\"async\" width=\"1024\" height=\"768\" src=\"https:\/\/academiespatiale.fr\/wp-content\/uploads\/2025\/05\/Marion-Paoletti900-1200-1024x768.jpg\" alt=\"\" class=\"wp-image-4772\" srcset=\"https:\/\/academiespatiale.fr\/wp-content\/uploads\/2025\/05\/Marion-Paoletti900-1200-1024x768.jpg 1024w, https:\/\/academiespatiale.fr\/wp-content\/uploads\/2025\/05\/Marion-Paoletti900-1200-300x225.jpg 300w, https:\/\/academiespatiale.fr\/wp-content\/uploads\/2025\/05\/Marion-Paoletti900-1200-768x576.jpg 768w, https:\/\/academiespatiale.fr\/wp-content\/uploads\/2025\/05\/Marion-Paoletti900-1200.jpg 1200w\" sizes=\"auto, (max-width: 1024px) 100vw, 1024px\" \/><\/figure>\n\n\n\n<p><strong>Marion Paoletti<\/strong>&nbsp;est professeure de science politique \u00e0 l\u2019universit\u00e9 de Bordeaux et dirige l\u2019Institut de Recherches Montesquieu. Elle a \u00e9t\u00e9 charg\u00e9e de mission \u00ab parit\u00e9, \u00e9galit\u00e9, diversit\u00e9 \u00bb de l\u2019universit\u00e9 de Bordeaux entre 2014 et 2022.<\/p>\n<\/div>\n\n\n\n<div class=\"wp-block-column is-layout-flow wp-block-column-is-layout-flow\">\n<figure class=\"wp-block-image size-large\"><img loading=\"lazy\" decoding=\"async\" width=\"1024\" height=\"768\" src=\"https:\/\/academiespatiale.fr\/wp-content\/uploads\/2025\/05\/Fanny-Gallot900-1200-1024x768.png\" alt=\"\" class=\"wp-image-4771\" srcset=\"https:\/\/academiespatiale.fr\/wp-content\/uploads\/2025\/05\/Fanny-Gallot900-1200-1024x768.png 1024w, https:\/\/academiespatiale.fr\/wp-content\/uploads\/2025\/05\/Fanny-Gallot900-1200-300x225.png 300w, https:\/\/academiespatiale.fr\/wp-content\/uploads\/2025\/05\/Fanny-Gallot900-1200-768x576.png 768w, https:\/\/academiespatiale.fr\/wp-content\/uploads\/2025\/05\/Fanny-Gallot900-1200.png 1200w\" sizes=\"auto, (max-width: 1024px) 100vw, 1024px\" \/><\/figure>\n\n\n\n<p><strong>Fanny Gallot<\/strong>, historienne, est membre du Centre de recherche en histoire europ\u00e9enne compar\u00e9e (CRHEC), elle enseigne \u00e0 l\u2019INSPE de Cr\u00e9teil. Elle a notamment publi\u00e9&nbsp;<em>Mobilis\u00e9es, une histoire f\u00e9ministe des contestations populaires<\/em>&nbsp;(Le Seuil, 2024). <\/p>\n<\/div>\n<\/div>\n\n\n\n<p class=\"has-white-background-color has-background has-medium-font-size\">Plus d&rsquo;infos<br>\u2192 <a href=\"https:\/\/www.ipsl.fr\/seminaire\/lexcellence-scientifique-piege-ou-opportunite-pour-les-femmes\/\">L\u2019excellence scientifique : pi\u00e8ge ou opportunit\u00e9 pour les femmes ? \u2013 Institut Pierre-Simon Laplace<\/a><\/p>\n\n\n\t<div  class=\"tribe-block tribe-block__events-link\" >\n\t\t<div class=\"tribe-events tribe-common\">\n\t\t\t<div class=\"tribe-events-c-subscribe-dropdown__container\">\n\t\t\t\t<div class=\"tribe-events-c-subscribe-dropdown\">\n\t\t\t\t\t<div class=\"tribe-common-c-btn-border tribe-events-c-subscribe-dropdown__button\">\n\t\t\t\t\t\t<svg\n\t class=\"tribe-common-c-svgicon tribe-common-c-svgicon--cal-export tribe-events-c-subscribe-dropdown__export-icon\" \taria-hidden=\"true\"\n\tviewBox=\"0 0 23 17\"\n\txmlns=\"http:\/\/www.w3.org\/2000\/svg\"\n>\n\t<path fill-rule=\"evenodd\" clip-rule=\"evenodd\" d=\"M.128.896V16.13c0 .211.145.383.323.383h15.354c.179 0 .323-.172.323-.383V.896c0-.212-.144-.383-.323-.383H.451C.273.513.128.684.128.896Zm16 6.742h-.901V4.679H1.009v10.729h14.218v-3.336h.901V7.638ZM1.01 1.614h14.218v2.058H1.009V1.614Z\" \/>\n\t<path d=\"M20.5 9.846H8.312M18.524 6.953l2.89 2.909-2.855 2.855\" stroke-width=\"1.2\" stroke-linecap=\"round\" stroke-linejoin=\"round\"\/>\n<\/svg>\n\t\t\t\t\t\t<button\n\t\t\t\t\t\t\tclass=\"tribe-events-c-subscribe-dropdown__button-text\"\n\t\t\t\t\t\t\taria-expanded=\"false\"\n\t\t\t\t\t\t\taria-controls=\"tribe-events-subscribe-dropdown-content\"\n\t\t\t\t\t\t\taria-label=\"Afficher les liens permettant d\u2019ajouter des \u00e9v\u00e8nements \u00e0 votre calendrier\"\n\t\t\t\t\t\t>\n\t\t\t\t\t\t\tAjouter au calendrier\t\t\t\t\t\t<\/button>\n\t\t\t\t\t\t<svg\n\t class=\"tribe-common-c-svgicon tribe-common-c-svgicon--caret-down tribe-events-c-subscribe-dropdown__button-icon\" \taria-hidden=\"true\"\n\tviewBox=\"0 0 10 7\"\n\txmlns=\"http:\/\/www.w3.org\/2000\/svg\"\n>\n\t<path fill-rule=\"evenodd\" clip-rule=\"evenodd\" d=\"M1.008.609L5 4.6 8.992.61l.958.958L5 6.517.05 1.566l.958-.958z\" class=\"tribe-common-c-svgicon__svg-fill\"\/>\n<\/svg>\n\t\t\t\t\t<\/div>\n\t\t\t\t\t<div id=\"tribe-events-subscribe-dropdown-content\" class=\"tribe-events-c-subscribe-dropdown__content\">\n\t\t\t\t\t\t<ul class=\"tribe-events-c-subscribe-dropdown__list\">\n\t\t\t\t\t\t\t\t\t\t\t\t\t\t\t<li class=\"tribe-events-c-subscribe-dropdown__list-item tribe-events-c-subscribe-dropdown__list-item--gcal\">\n\t\t\t\t\t\t\t\t\t<a\n\t\t\t\t\t\t\t\t\t\thref=\"https:\/\/www.google.com\/calendar\/event?action=TEMPLATE&#038;dates=20250612T100000\/20250612T120000&#038;text=%5BS%C3%A9minaire%5D%20L%26rsquo%3Bexcellence%20scientifique%20%3A%20pi%C3%A8ge%20ou%20opportunit%C3%A9%20pour%20les%20femmes%20%3F&#038;details=%3Cp%3EMarion+Paoletti+et+Fanny+Gallot+pr%C3%A9sentent+un+s%C3%A9minaire+%C2%AB%C2%A0L%27excellence+scientifique+%3A+pi%C3%A8ge+ou+opportunit%C3%A9+pour+les+femmes+%3F%C2%A0%C2%BB.+Le+s%C3%A9minaire+aura+lieu+%C3%A0+10h+au+LOCEAN+%C3%A0+Paris+et+sera+retransmis+sur+Zoom.%3C%2Fp%3E+%3Chr+class%3D%22wp-block-separator+has-alpha-channel-opacity%22%2F%3E%3Cp+class%3D%22has-text-align-center+has-medium-font-size%22%3E%3Cstrong%3EJeudi+12+juin+2025+%C3%A0+10h%3C%2Fstrong%3E%3C%2Fp%3E+%3Cp+class%3D%22has-text-align-center+has-medium-font-size%22%3ELOCEAN%3Cbr+%2F%3ESalle+417+-+Tour+45%2F55+-+4e+%C3%A9tage%3C%2Fp%3E+%3Cp+class%3D%22has-text-align-center%22%3E%3Cstrong%3EEn+visioconf%C3%A9rence%3C%2Fstrong%3E%3Cbr+%2F%3E%3Ca+href%3D%22https%3A%2F%2Fzoom.us%2Fj%2F93086285638%3Fpwd%3DdKaCKwh1prT8za6cjgXf2usECKKdki.1%22+target%3D%22_blank%22+rel%3D%22noreferrer+noopener%22%3Ehttps%3A%2F%2Fzoom.us%2Fj%2F93086285638%3Fpwd%3DdKaCKwh1prT8za6cjgXf2usECKKdki.1%3C%2Fa%3E%3C%2Fp%3E+%3Chr+class%3D%22wp-block-separator+has-alpha-channel-opacity%22%2F%3E%3Cp+class%3D%22has-text-align-center+has-medium-font-size%22%3ES%C3%A9minaire+organis%C3%A9+par+le+groupe+%C2%AB%26nbsp%3B%C3%89galit%C3%A9%2C+diversit%C3%A9%2C+qualit%C3%A9+de+vie+au+travail%26nbsp%3B%C2%BB+de+l%27%3C%2Fp%3E%28Voir+toute+la+description+de+%C3%A9v%C3%A8nement+ici%C2%A0%3A+https%3A%2F%2Facademiespatiale.fr%2Findex.php%2Fevent%2Fseminaire-lexcellence-scientifique-piege-ou-opportunite-pour-les-femmes%2F%29&#038;trp=false&#038;ctz=Europe\/Paris&#038;sprop=website:https:\/\/academiespatiale.fr\"\n\t\t\t\t\t\t\t\t\t\tclass=\"tribe-events-c-subscribe-dropdown__list-item-link\"\n\t\t\t\t\t\t\t\t\t\ttarget=\"_blank\"\n\t\t\t\t\t\t\t\t\t\trel=\"noopener noreferrer nofollow noindex\"\n\t\t\t\t\t\t\t\t\t>\n\t\t\t\t\t\t\t\t\t\tGoogle Agenda\t\t\t\t\t\t\t\t\t<\/a>\n\t\t\t\t\t\t\t\t<\/li>\n\t\t\t\t\t\t\t\t\t\t\t\t\t\t\t<li class=\"tribe-events-c-subscribe-dropdown__list-item tribe-events-c-subscribe-dropdown__list-item--ical\">\n\t\t\t\t\t\t\t\t\t<a\n\t\t\t\t\t\t\t\t\t\thref=\"\"\n\t\t\t\t\t\t\t\t\t\tclass=\"tribe-events-c-subscribe-dropdown__list-item-link\"\n\t\t\t\t\t\t\t\t\t\ttarget=\"_blank\"\n\t\t\t\t\t\t\t\t\t\trel=\"noopener noreferrer nofollow noindex\"\n\t\t\t\t\t\t\t\t\t>\n\t\t\t\t\t\t\t\t\t\tiCalendar\t\t\t\t\t\t\t\t\t<\/a>\n\t\t\t\t\t\t\t\t<\/li>\n\t\t\t\t\t\t\t\t\t\t\t\t\t\t\t<li class=\"tribe-events-c-subscribe-dropdown__list-item tribe-events-c-subscribe-dropdown__list-item--outlook-365\">\n\t\t\t\t\t\t\t\t\t<a\n\t\t\t\t\t\t\t\t\t\thref=\"\"\n\t\t\t\t\t\t\t\t\t\tclass=\"tribe-events-c-subscribe-dropdown__list-item-link\"\n\t\t\t\t\t\t\t\t\t\ttarget=\"_blank\"\n\t\t\t\t\t\t\t\t\t\trel=\"noopener noreferrer nofollow noindex\"\n\t\t\t\t\t\t\t\t\t>\n\t\t\t\t\t\t\t\t\t\tOutlook 365\t\t\t\t\t\t\t\t\t<\/a>\n\t\t\t\t\t\t\t\t<\/li>\n\t\t\t\t\t\t\t\t\t\t\t\t\t\t\t<li class=\"tribe-events-c-subscribe-dropdown__list-item tribe-events-c-subscribe-dropdown__list-item--outlook-live\">\n\t\t\t\t\t\t\t\t\t<a\n\t\t\t\t\t\t\t\t\t\thref=\"\"\n\t\t\t\t\t\t\t\t\t\tclass=\"tribe-events-c-subscribe-dropdown__list-item-link\"\n\t\t\t\t\t\t\t\t\t\ttarget=\"_blank\"\n\t\t\t\t\t\t\t\t\t\trel=\"noopener noreferrer nofollow noindex\"\n\t\t\t\t\t\t\t\t\t>\n\t\t\t\t\t\t\t\t\t\tOutlook Live\t\t\t\t\t\t\t\t\t<\/a>\n\t\t\t\t\t\t\t\t<\/li>\n\t\t\t\t\t\t\t\t\t\t\t\t\t<\/ul>\n\t\t\t\t\t<\/div>\n\t\t\t\t<\/div>\n\t\t\t<\/div>\n\t\t<\/div>\n\t<\/div>\n\n\n\n\n<p><\/p>\n","protected":false},"excerpt":{"rendered":"<p>Marion Paoletti et Fanny Gallot pr\u00e9sentent un s\u00e9minaire \u00ab\u00a0L&rsquo;excellence scientifique : pi\u00e8ge ou opportunit\u00e9 pour les femmes ?\u00a0\u00bb. Le s\u00e9minaire aura lieu \u00e0 10h au LOCEAN \u00e0 Paris et sera retransmis sur Zoom. Jeudi 12 juin 2025 \u00e0 10h LOCEANSalle 417 &#8211; Tour 45\/55 &#8211; 4e \u00e9tage En visioconf\u00e9rencehttps:\/\/zoom.us\/j\/93086285638?pwd=dKaCKwh1prT8za6cjgXf2usECKKdki.1 S\u00e9minaire [&hellip;]<\/p>\n","protected":false},"author":1,"featured_media":4773,"template":"","meta":{"_monsterinsights_skip_tracking":false,"_monsterinsights_sitenote_active":false,"_monsterinsights_sitenote_note":"","_monsterinsights_sitenote_category":0,"_EventAllDay":false,"_EventTimezone":"Europe\/Paris","_EventStartDate":"2025-06-12 10:00:00","_EventEndDate":"2025-06-12 12:00:00","_EventStartDateUTC":"2025-06-12 08:00:00","_EventEndDateUTC":"2025-06-12 10:00:00","_EventShowMap":false,"_EventShowMapLink":false,"_EventURL":"https:\/\/www.ipsl.fr\/seminaire\/lexcellence-scientifique-piege-ou-opportunite-pour-les-femmes\/","_EventCost":"","_EventCostDescription":"","_EventCurrencySymbol":"\u20ac","_EventCurrencyCode":"EUR","_EventCurrencyPosition":"suffix","_EventDateTimeSeparator":" : ","_EventTimeRangeSeparator":"-","_EventOrganizerID":[],"_EventVenueID":[],"_OrganizerEmail":"","_OrganizerPhone":"","_OrganizerWebsite":"","_VenueAddress":"","_VenueCity":"","_VenueCountry":"","_VenueProvince":"","_VenueState":"","_VenueZip":"","_VenuePhone":"","_VenueURL":"","_VenueStateProvince":"","_VenueLat":"","_VenueLng":"","_VenueShowMap":false,"_VenueShowMapLink":false,"_tribe_events_status":"","_tribe_events_status_reason":"","footnotes":""},"tags":[],"tribe_events_cat":[],"class_list":["post-4768","tribe_events","type-tribe_events","status-publish","has-post-thumbnail","hentry"],"aioseo_notices":[],"_links":{"self":[{"href":"https:\/\/academiespatiale.fr\/index.php\/wp-json\/wp\/v2\/tribe_events\/4768","targetHints":{"allow":["GET"]}}],"collection":[{"href":"https:\/\/academiespatiale.fr\/index.php\/wp-json\/wp\/v2\/tribe_events"}],"about":[{"href":"https:\/\/academiespatiale.fr\/index.php\/wp-json\/wp\/v2\/types\/tribe_events"}],"author":[{"embeddable":true,"href":"https:\/\/academiespatiale.fr\/index.php\/wp-json\/wp\/v2\/users\/1"}],"version-history":[{"count":5,"href":"https:\/\/academiespatiale.fr\/index.php\/wp-json\/wp\/v2\/tribe_events\/4768\/revisions"}],"predecessor-version":[{"id":5004,"href":"https:\/\/academiespatiale.fr\/index.php\/wp-json\/wp\/v2\/tribe_events\/4768\/revisions\/5004"}],"wp:featuredmedia":[{"embeddable":true,"href":"https:\/\/academiespatiale.fr\/index.php\/wp-json\/wp\/v2\/media\/4773"}],"wp:attachment":[{"href":"https:\/\/academiespatiale.fr\/index.php\/wp-json\/wp\/v2\/media?parent=4768"}],"wp:term":[{"taxonomy":"post_tag","embeddable":true,"href":"https:\/\/academiespatiale.fr\/index.php\/wp-json\/wp\/v2\/tags?post=4768"},{"taxonomy":"tribe_events_cat","embeddable":true,"href":"https:\/\/academiespatiale.fr\/index.php\/wp-json\/wp\/v2\/tribe_events_cat?post=4768"}],"curies":[{"name":"wp","href":"https:\/\/api.w.org\/{rel}","templated":true}]}}