{"id":4764,"date":"2025-05-19T18:34:31","date_gmt":"2025-05-19T16:34:31","guid":{"rendered":"https:\/\/academiespatiale.fr\/?post_type=tribe_events&#038;p=4764"},"modified":"2025-05-19T18:35:32","modified_gmt":"2025-05-19T16:35:32","slug":"symposium-intelligence-artificielle-soiree-festive-beaute-celeste","status":"publish","type":"tribe_events","link":"https:\/\/academiespatiale.fr\/index.php\/event\/symposium-intelligence-artificielle-soiree-festive-beaute-celeste\/","title":{"rendered":"Symposium Intelligence Artificielle &amp; soir\u00e9e festive \u00ab\u00a0Beaut\u00e9 c\u00e9leste\u00a0\u00bb"},"content":{"rendered":"<div  class=\"tribe-events-schedule tribe-clearfix\" >\n\t<p class=\"tribe-events-schedule__datetime\">\n\t\t<span class=\"tribe-events-schedule__date tribe-events-schedule__date--start\">\n\t\t\t20 mai 2025\t\t<\/span>\n\n\t\t\t\t\t<span class=\"tribe-events-schedule__separator tribe-events-schedule__separator--date\">\n\t\t\t\t : \t\t\t<\/span>\n\t\t\t<span class=\"tribe-events-schedule__time tribe-events-schedule__time--start\">\n\t\t\t\t13h30\t\t\t<\/span>\n\t\t\n\t\t\t\t\t\t\t\t\t<span class=\"tribe-events-schedule__separator tribe-events-schedule__separator--time\">\n\t\t\t\t\t&#8211;\t\t\t\t<\/span>\n\t\t\t\n\t\t\t\t\t\t\t<span class=\"tribe-events-schedule__time tribe-events-schedule__time--end\">\n\t\t\t\t\t22h30\t\t\t\t<\/span>\n\t\t\t\n\t\t\t\t\t\t<\/p>\n<\/div>\n\n\n\n<p class=\"has-medium-font-size\">La formation&nbsp;EFCM (European Fragrance and Cosmetics Master, DU de l\u2019UFR des Sciences),&nbsp;avec le soutien de la&nbsp;Graduate School Chimie de l&rsquo;Universit\u00e9 Paris-Saclay,&nbsp;vous propose un symposium sur le th\u00e8me de l&rsquo;intelligence artificielle en parfumerie et cosm\u00e9tique, suivi d&rsquo;une&nbsp;pr\u00e9sentation du projet tutor\u00e9 des \u00e9tudiants.<\/p>\n\n\n\n<p class=\"has-medium-font-size\">Une conf\u00e9rence (FR\/EN) \u00e0 deux voix sur la parfumerie et l&rsquo;espace sera pr\u00e9sent\u00e9e par Sophie Pfister, professionnelle de la parfumerie et Thomas Widemann, astrophysicien.<\/p>\n\n\n\n<hr class=\"wp-block-separator has-alpha-channel-opacity\"\/>\n\n\n\n<p class=\"has-text-align-center has-medium-font-size\"><strong>Mardi 20 mai de 13h45 \u00e0 22h30<\/strong><\/p>\n\n\n\n<p class=\"has-text-align-center has-medium-font-size\">H\u00f4tel de ville<br>4, avenue de Paris<br>78000 Versailles<\/p>\n\n\n\n<p class=\"has-text-align-center has-medium-font-size\">Sur inscription<\/p>\n\n\n\n<hr class=\"wp-block-separator has-alpha-channel-opacity\"\/>\n\n\n\n<p class=\"has-white-background-color has-background has-medium-font-size\">Plus d&rsquo;infos<br>\u2192 <a href=\"https:\/\/www.uvsq.fr\/symposium-intelligence-artificielle-parfumerie-et-cosmetique\" target=\"_blank\" rel=\"noopener\" title=\"\">Symposium Intelligence Artificielle, Parfumerie et Cosm\u00e9tique &#8211; UVSQ<\/a><\/p>\n\n\n\n<div style=\"height:20px\" aria-hidden=\"true\" class=\"wp-block-spacer\"><\/div>\n\n\n\n<div class=\"wp-block-columns are-vertically-aligned-top is-layout-flex wp-container-core-columns-is-layout-28f84493 wp-block-columns-is-layout-flex\">\n<div class=\"wp-block-column is-vertically-aligned-top is-layout-flow wp-block-column-is-layout-flow\">\n<p class=\"has-text-align-center has-medium-font-size\"><strong>Symposium (EN)<br><\/strong><em>13h45 &#8211; 18h30<\/em><\/p>\n\n\n\n<figure class=\"wp-block-image size-large\"><img loading=\"lazy\" decoding=\"async\" width=\"576\" height=\"1024\" src=\"https:\/\/academiespatiale.fr\/wp-content\/uploads\/2025\/05\/AI-Symposium-20-mai-2025-576x1024.jpg\" alt=\"\" class=\"wp-image-4758\" srcset=\"https:\/\/academiespatiale.fr\/wp-content\/uploads\/2025\/05\/AI-Symposium-20-mai-2025-576x1024.jpg 576w, https:\/\/academiespatiale.fr\/wp-content\/uploads\/2025\/05\/AI-Symposium-20-mai-2025-169x300.jpg 169w, https:\/\/academiespatiale.fr\/wp-content\/uploads\/2025\/05\/AI-Symposium-20-mai-2025-768x1365.jpg 768w, https:\/\/academiespatiale.fr\/wp-content\/uploads\/2025\/05\/AI-Symposium-20-mai-2025-864x1536.jpg 864w, https:\/\/academiespatiale.fr\/wp-content\/uploads\/2025\/05\/AI-Symposium-20-mai-2025-1152x2048.jpg 1152w, https:\/\/academiespatiale.fr\/wp-content\/uploads\/2025\/05\/AI-Symposium-20-mai-2025-scaled.jpg 1440w\" sizes=\"auto, (max-width: 576px) 100vw, 576px\" \/><\/figure>\n\n\n\n<div style=\"height:10px\" aria-hidden=\"true\" class=\"wp-block-spacer\"><\/div>\n\n\n\n<p class=\"has-white-background-color has-background has-medium-font-size\">INSCRIPTION OBLIGATOIRE<br>\u2192 <a href=\"https:\/\/www.uvsq.fr\/formulaire-dincription-au-symposium-intelligence-artificielle-parfumerie-et-cosmetique\" target=\"_blank\" rel=\"noopener\" title=\"\">Formulaire d&rsquo;inscription au symposium Intelligence Artificielle, Parfumerie et Cosm\u00e9tique &#8211; UVSQ<\/a><\/p>\n<\/div>\n\n\n\n<div class=\"wp-block-column is-vertically-aligned-top is-layout-flow wp-block-column-is-layout-flow\">\n<p class=\"has-text-align-center has-medium-font-size\"><strong>Soir\u00e9e festival \u00ab\u00a0Celestial beauty\u00a0\u00bb (FR\/EN)<br><\/strong><em>19h30 &#8211; 22h30<\/em><\/p>\n\n\n\n<figure class=\"wp-block-image size-large\"><a href=\"https:\/\/www.uvsq.fr\/symposium-intelligence-artificielle-parfumerie-et-cosmetique\" target=\"_blank\" rel=\" noreferrer noopener\"><img loading=\"lazy\" decoding=\"async\" width=\"725\" height=\"1024\" src=\"https:\/\/academiespatiale.fr\/wp-content\/uploads\/2025\/05\/20MAI-2025-AFFICHE-FRENCH-SOIREE-725x1024.jpg\" alt=\"\" class=\"wp-image-4757\" srcset=\"https:\/\/academiespatiale.fr\/wp-content\/uploads\/2025\/05\/20MAI-2025-AFFICHE-FRENCH-SOIREE-725x1024.jpg 725w, https:\/\/academiespatiale.fr\/wp-content\/uploads\/2025\/05\/20MAI-2025-AFFICHE-FRENCH-SOIREE-212x300.jpg 212w, https:\/\/academiespatiale.fr\/wp-content\/uploads\/2025\/05\/20MAI-2025-AFFICHE-FRENCH-SOIREE-768x1085.jpg 768w, https:\/\/academiespatiale.fr\/wp-content\/uploads\/2025\/05\/20MAI-2025-AFFICHE-FRENCH-SOIREE-1087x1536.jpg 1087w, https:\/\/academiespatiale.fr\/wp-content\/uploads\/2025\/05\/20MAI-2025-AFFICHE-FRENCH-SOIREE-1449x2048.jpg 1449w, https:\/\/academiespatiale.fr\/wp-content\/uploads\/2025\/05\/20MAI-2025-AFFICHE-FRENCH-SOIREE-scaled.jpg 1811w\" sizes=\"auto, (max-width: 725px) 100vw, 725px\" \/><\/a><\/figure>\n\n\n\n<div style=\"height:10px\" aria-hidden=\"true\" class=\"wp-block-spacer\"><\/div>\n\n\n\n<p class=\"has-white-background-color has-background has-medium-font-size\">INSCRIPTION OBLIGATOIRE<br>\u2192 <a href=\"https:\/\/www.uvsq.fr\/formulaire-dinscription-a-la-soiree-de-lancement-celestial-beauty\" target=\"_blank\" rel=\"noopener\" title=\"\">Formulaire d&rsquo;inscription \u00e0 la soir\u00e9e de lancement \u00ab\u00a0Celestial Beauty\u00a0\u00bb &#8211; UVSQ<\/a><\/p>\n<\/div>\n<\/div>\n\n\n\t<div  class=\"tribe-block tribe-block__events-link\" >\n\t\t<div class=\"tribe-events tribe-common\">\n\t\t\t<div class=\"tribe-events-c-subscribe-dropdown__container\">\n\t\t\t\t<div class=\"tribe-events-c-subscribe-dropdown\">\n\t\t\t\t\t<div class=\"tribe-common-c-btn-border tribe-events-c-subscribe-dropdown__button\">\n\t\t\t\t\t\t<svg\n\t class=\"tribe-common-c-svgicon tribe-common-c-svgicon--cal-export tribe-events-c-subscribe-dropdown__export-icon\" \taria-hidden=\"true\"\n\tviewBox=\"0 0 23 17\"\n\txmlns=\"http:\/\/www.w3.org\/2000\/svg\"\n>\n\t<path fill-rule=\"evenodd\" clip-rule=\"evenodd\" d=\"M.128.896V16.13c0 .211.145.383.323.383h15.354c.179 0 .323-.172.323-.383V.896c0-.212-.144-.383-.323-.383H.451C.273.513.128.684.128.896Zm16 6.742h-.901V4.679H1.009v10.729h14.218v-3.336h.901V7.638ZM1.01 1.614h14.218v2.058H1.009V1.614Z\" \/>\n\t<path d=\"M20.5 9.846H8.312M18.524 6.953l2.89 2.909-2.855 2.855\" stroke-width=\"1.2\" stroke-linecap=\"round\" stroke-linejoin=\"round\"\/>\n<\/svg>\n\t\t\t\t\t\t<button\n\t\t\t\t\t\t\tclass=\"tribe-events-c-subscribe-dropdown__button-text\"\n\t\t\t\t\t\t\taria-expanded=\"false\"\n\t\t\t\t\t\t\taria-controls=\"tribe-events-subscribe-dropdown-content\"\n\t\t\t\t\t\t\taria-label=\"Afficher les liens permettant d\u2019ajouter des \u00e9v\u00e8nements \u00e0 votre calendrier\"\n\t\t\t\t\t\t>\n\t\t\t\t\t\t\tAjouter au calendrier\t\t\t\t\t\t<\/button>\n\t\t\t\t\t\t<svg\n\t class=\"tribe-common-c-svgicon tribe-common-c-svgicon--caret-down tribe-events-c-subscribe-dropdown__button-icon\" \taria-hidden=\"true\"\n\tviewBox=\"0 0 10 7\"\n\txmlns=\"http:\/\/www.w3.org\/2000\/svg\"\n>\n\t<path fill-rule=\"evenodd\" clip-rule=\"evenodd\" d=\"M1.008.609L5 4.6 8.992.61l.958.958L5 6.517.05 1.566l.958-.958z\" class=\"tribe-common-c-svgicon__svg-fill\"\/>\n<\/svg>\n\t\t\t\t\t<\/div>\n\t\t\t\t\t<div id=\"tribe-events-subscribe-dropdown-content\" class=\"tribe-events-c-subscribe-dropdown__content\">\n\t\t\t\t\t\t<ul class=\"tribe-events-c-subscribe-dropdown__list\">\n\t\t\t\t\t\t\t\t\t\t\t\t\t\t\t<li class=\"tribe-events-c-subscribe-dropdown__list-item tribe-events-c-subscribe-dropdown__list-item--gcal\">\n\t\t\t\t\t\t\t\t\t<a\n\t\t\t\t\t\t\t\t\t\thref=\"https:\/\/www.google.com\/calendar\/event?action=TEMPLATE&#038;dates=20250520T133000\/20250520T223000&#038;text=Symposium%20Intelligence%20Artificielle%20%26amp%3B%20soir%C3%A9e%20festive%20%C2%AB%C2%A0Beaut%C3%A9%20c%C3%A9leste%C2%A0%C2%BB&#038;details=%3Cp+class%3D%22has-medium-font-size%22%3ELa+formation%26nbsp%3BEFCM+%28European+Fragrance+and+Cosmetics+Master%2C+DU+de+l%E2%80%99UFR+des+Sciences%29%2C%26nbsp%3Bavec+le+soutien+de+la%26nbsp%3BGraduate+School+Chimie+de+l%27Universit%C3%A9+Paris-Saclay%2C%26nbsp%3Bvous+propose+un+symposium+sur+le+th%C3%A8me+de+l%27intelligence+artificielle+en+parfumerie+et+cosm%C3%A9tique%2C+suivi+d%27une%26nbsp%3Bpr%C3%A9sentation+du+projet+tutor%C3%A9+des+%C3%A9tudiants.%3C%2Fp%3E+%3Cp+class%3D%22has-medium-font-size%22%3EUne+conf%C3%A9rence+%28FR%2FEN%29+%C3%A0+deux+voix+sur+la+parfumerie+et+l%27espace+sera+pr%C3%A9sent%C3%A9e+par+Sophie+Pfister%2C+professionnelle+de+la+parfumerie+et+Thomas+Widemann%2C+astrophysicien.%3C%2Fp%3E+%3Chr+class%3D%22wp-block-separator+has-alpha-channel-opacity%22%2F%3E%3Cp+class%3D%22has-text-align-center+has-medium-font-size%22%3E%3Cstrong%3EMardi+20+mai+de+13h45+%C3%A0+22h30%3C%2Fstrong%3E%3C%2Fp%3E+%3Cp+class%3D%22has-text-align-center+has-medium-font-size%22%3EH%C3%B4tel+de+ville%3Cbr+%2F%3E4%2C+avenue+de+Paris%3Cbr+%2F%3E78000+Versailles%3C%2Fp%3E+%3Cp+class%3D%22has-text-align-center+has-medium-font-size%22%3ESur+inscription%3C%2Fp%3E+%3Chr+class%3D%22wp-block%28Voir+toute+la+description+de+%C3%A9v%C3%A8nement+ici%C2%A0%3A+https%3A%2F%2Facademiespatiale.fr%2Findex.php%2Fevent%2Fsymposium-intelligence-artificielle-soiree-festive-beaute-celeste%2F%29&#038;trp=false&#038;ctz=Europe\/Paris&#038;sprop=website:https:\/\/academiespatiale.fr\"\n\t\t\t\t\t\t\t\t\t\tclass=\"tribe-events-c-subscribe-dropdown__list-item-link\"\n\t\t\t\t\t\t\t\t\t\ttarget=\"_blank\"\n\t\t\t\t\t\t\t\t\t\trel=\"noopener noreferrer nofollow noindex\"\n\t\t\t\t\t\t\t\t\t>\n\t\t\t\t\t\t\t\t\t\tGoogle Agenda\t\t\t\t\t\t\t\t\t<\/a>\n\t\t\t\t\t\t\t\t<\/li>\n\t\t\t\t\t\t\t\t\t\t\t\t\t\t\t<li class=\"tribe-events-c-subscribe-dropdown__list-item tribe-events-c-subscribe-dropdown__list-item--ical\">\n\t\t\t\t\t\t\t\t\t<a\n\t\t\t\t\t\t\t\t\t\thref=\"\"\n\t\t\t\t\t\t\t\t\t\tclass=\"tribe-events-c-subscribe-dropdown__list-item-link\"\n\t\t\t\t\t\t\t\t\t\ttarget=\"_blank\"\n\t\t\t\t\t\t\t\t\t\trel=\"noopener noreferrer nofollow noindex\"\n\t\t\t\t\t\t\t\t\t>\n\t\t\t\t\t\t\t\t\t\tiCalendar\t\t\t\t\t\t\t\t\t<\/a>\n\t\t\t\t\t\t\t\t<\/li>\n\t\t\t\t\t\t\t\t\t\t\t\t\t\t\t<li class=\"tribe-events-c-subscribe-dropdown__list-item tribe-events-c-subscribe-dropdown__list-item--outlook-365\">\n\t\t\t\t\t\t\t\t\t<a\n\t\t\t\t\t\t\t\t\t\thref=\"\"\n\t\t\t\t\t\t\t\t\t\tclass=\"tribe-events-c-subscribe-dropdown__list-item-link\"\n\t\t\t\t\t\t\t\t\t\ttarget=\"_blank\"\n\t\t\t\t\t\t\t\t\t\trel=\"noopener noreferrer nofollow noindex\"\n\t\t\t\t\t\t\t\t\t>\n\t\t\t\t\t\t\t\t\t\tOutlook 365\t\t\t\t\t\t\t\t\t<\/a>\n\t\t\t\t\t\t\t\t<\/li>\n\t\t\t\t\t\t\t\t\t\t\t\t\t\t\t<li class=\"tribe-events-c-subscribe-dropdown__list-item tribe-events-c-subscribe-dropdown__list-item--outlook-live\">\n\t\t\t\t\t\t\t\t\t<a\n\t\t\t\t\t\t\t\t\t\thref=\"\"\n\t\t\t\t\t\t\t\t\t\tclass=\"tribe-events-c-subscribe-dropdown__list-item-link\"\n\t\t\t\t\t\t\t\t\t\ttarget=\"_blank\"\n\t\t\t\t\t\t\t\t\t\trel=\"noopener noreferrer nofollow noindex\"\n\t\t\t\t\t\t\t\t\t>\n\t\t\t\t\t\t\t\t\t\tOutlook Live\t\t\t\t\t\t\t\t\t<\/a>\n\t\t\t\t\t\t\t\t<\/li>\n\t\t\t\t\t\t\t\t\t\t\t\t\t<\/ul>\n\t\t\t\t\t<\/div>\n\t\t\t\t<\/div>\n\t\t\t<\/div>\n\t\t<\/div>\n\t<\/div>\n\n","protected":false},"excerpt":{"rendered":"<p>La formation&nbsp;EFCM (European Fragrance and Cosmetics Master, DU de l\u2019UFR des Sciences),&nbsp;avec le soutien de la&nbsp;Graduate School Chimie de l&rsquo;Universit\u00e9 Paris-Saclay,&nbsp;vous propose un symposium sur le th\u00e8me de l&rsquo;intelligence artificielle en parfumerie et cosm\u00e9tique, suivi d&rsquo;une&nbsp;pr\u00e9sentation du projet tutor\u00e9 des \u00e9tudiants. Une conf\u00e9rence (FR\/EN) \u00e0 deux voix sur la parfumerie [&hellip;]<\/p>\n","protected":false},"author":1,"featured_media":4759,"template":"","meta":{"_monsterinsights_skip_tracking":false,"_monsterinsights_sitenote_active":false,"_monsterinsights_sitenote_note":"","_monsterinsights_sitenote_category":0,"_EventAllDay":false,"_EventTimezone":"Europe\/Paris","_EventStartDate":"2025-05-20 13:30:00","_EventEndDate":"2025-05-20 22:30:00","_EventStartDateUTC":"2025-05-20 11:30:00","_EventEndDateUTC":"2025-05-20 20:30:00","_EventShowMap":false,"_EventShowMapLink":false,"_EventURL":"","_EventCost":"","_EventCostDescription":"","_EventCurrencySymbol":"\u20ac","_EventCurrencyCode":"EUR","_EventCurrencyPosition":"suffix","_EventDateTimeSeparator":" : ","_EventTimeRangeSeparator":"-","_EventOrganizerID":[],"_EventVenueID":[],"_OrganizerEmail":"","_OrganizerPhone":"","_OrganizerWebsite":"","_VenueAddress":"","_VenueCity":"","_VenueCountry":"","_VenueProvince":"","_VenueState":"","_VenueZip":"","_VenuePhone":"","_VenueURL":"","_VenueStateProvince":"","_VenueLat":"","_VenueLng":"","_VenueShowMap":false,"_VenueShowMapLink":false,"_tribe_events_status":"","_tribe_events_status_reason":"","footnotes":""},"tags":[],"tribe_events_cat":[],"class_list":["post-4764","tribe_events","type-tribe_events","status-publish","has-post-thumbnail","hentry"],"aioseo_notices":[],"_links":{"self":[{"href":"https:\/\/academiespatiale.fr\/index.php\/wp-json\/wp\/v2\/tribe_events\/4764","targetHints":{"allow":["GET"]}}],"collection":[{"href":"https:\/\/academiespatiale.fr\/index.php\/wp-json\/wp\/v2\/tribe_events"}],"about":[{"href":"https:\/\/academiespatiale.fr\/index.php\/wp-json\/wp\/v2\/types\/tribe_events"}],"author":[{"embeddable":true,"href":"https:\/\/academiespatiale.fr\/index.php\/wp-json\/wp\/v2\/users\/1"}],"version-history":[{"count":2,"href":"https:\/\/academiespatiale.fr\/index.php\/wp-json\/wp\/v2\/tribe_events\/4764\/revisions"}],"predecessor-version":[{"id":4766,"href":"https:\/\/academiespatiale.fr\/index.php\/wp-json\/wp\/v2\/tribe_events\/4764\/revisions\/4766"}],"wp:featuredmedia":[{"embeddable":true,"href":"https:\/\/academiespatiale.fr\/index.php\/wp-json\/wp\/v2\/media\/4759"}],"wp:attachment":[{"href":"https:\/\/academiespatiale.fr\/index.php\/wp-json\/wp\/v2\/media?parent=4764"}],"wp:term":[{"taxonomy":"post_tag","embeddable":true,"href":"https:\/\/academiespatiale.fr\/index.php\/wp-json\/wp\/v2\/tags?post=4764"},{"taxonomy":"tribe_events_cat","embeddable":true,"href":"https:\/\/academiespatiale.fr\/index.php\/wp-json\/wp\/v2\/tribe_events_cat?post=4764"}],"curies":[{"name":"wp","href":"https:\/\/api.w.org\/{rel}","templated":true}]}}