{"id":4749,"date":"2025-05-16T16:10:30","date_gmt":"2025-05-16T14:10:30","guid":{"rendered":"https:\/\/academiespatiale.fr\/?post_type=tribe_events&#038;p=4749"},"modified":"2025-05-20T16:06:22","modified_gmt":"2025-05-20T14:06:22","slug":"journee-mondiale-de-luttre-contre-lhomophobie-la-transphobie-et-la-biphobie","status":"publish","type":"tribe_events","link":"https:\/\/academiespatiale.fr\/index.php\/event\/journee-mondiale-de-luttre-contre-lhomophobie-la-transphobie-et-la-biphobie\/","title":{"rendered":"Journ\u00e9e mondiale de lutte contre l\u2019homophobie, la transphobie et la biphobie"},"content":{"rendered":"<div  class=\"tribe-events-schedule tribe-clearfix\" >\n\t<p class=\"tribe-events-schedule__datetime\">\n\t\t<span class=\"tribe-events-schedule__date tribe-events-schedule__date--start\">\n\t\t\t19 mai 2025\t\t<\/span>\n\n\t\t\n\t\t\t\t\t\t\t\t\t<span class=\"tribe-events-schedule__separator tribe-events-schedule__separator--time\">\n\t\t\t\t\t&#8211;\t\t\t\t<\/span>\n\t\t\t\n\t\t\t\t\t\t\t<span class=\"tribe-events-schedule__date tribe-events-schedule__date--end\">\n\t\t\t\t\t20 mai 2025\t\t\t\t<\/span>\n\n\t\t\t\t\n\t\t\t\n\t\t\t\t\t\t<\/p>\n<\/div>\n\n\n\n<p class=\"has-medium-font-size\"><strong>L\u2019Universit\u00e9 Paris-Saclay, porteuse du projet Acad\u00e9mie Spatiale d&rsquo;IDF, est engag\u00e9e dans la lutte contre les discriminations port\u00e9es \u00e0 l\u2019encontre des personnes Lesbiennes Gay Bisexuelles et Transgenres (LGBT). Les violences faites \u00e0 l\u2019encontre de ces personnes sont parfois la cons\u00e9quence d\u2019une certaine m\u00e9connaissance du sujet. <\/strong><\/p>\n\n\n<div class=\"wp-block-image\">\n<figure class=\"aligncenter size-full is-resized\"><img loading=\"lazy\" decoding=\"async\" width=\"742\" height=\"335\" src=\"https:\/\/academiespatiale.fr\/wp-content\/uploads\/2024\/04\/Paris-Saclay-1.png\" alt=\"\" class=\"wp-image-220\" style=\"width:184px;height:auto\" srcset=\"https:\/\/academiespatiale.fr\/wp-content\/uploads\/2024\/04\/Paris-Saclay-1.png 742w, https:\/\/academiespatiale.fr\/wp-content\/uploads\/2024\/04\/Paris-Saclay-1-300x135.png 300w\" sizes=\"auto, (max-width: 742px) 100vw, 742px\" \/><\/figure>\n<\/div>\n\n<div class=\"wp-block-image\">\n<figure class=\"aligncenter size-full\"><img loading=\"lazy\" decoding=\"async\" width=\"627\" height=\"251\" src=\"https:\/\/academiespatiale.fr\/wp-content\/uploads\/2025\/05\/journee-mondiale-17-MAI_SIGN-MAIL_627x251px.jpg\" alt=\"\" class=\"wp-image-4743\" srcset=\"https:\/\/academiespatiale.fr\/wp-content\/uploads\/2025\/05\/journee-mondiale-17-MAI_SIGN-MAIL_627x251px.jpg 627w, https:\/\/academiespatiale.fr\/wp-content\/uploads\/2025\/05\/journee-mondiale-17-MAI_SIGN-MAIL_627x251px-300x120.jpg 300w\" sizes=\"auto, (max-width: 627px) 100vw, 627px\" \/><\/figure>\n<\/div>\n\n\n<div style=\"height:20px\" aria-hidden=\"true\" class=\"wp-block-spacer\"><\/div>\n\n\n\n<p class=\"has-medium-font-size\">L&rsquo;universit\u00e9 Paris-Saclay et ses membres associ\u00e9s organisent deux \u00e9v\u00e8nements sur les enjeux LGBT+ autour de la date du 17 mai :<\/p>\n\n\n\n<ul class=\"wp-block-list has-medium-font-size\">\n<li><strong>Lundi 19 mai 2025<br><\/strong>Projection d\u00e9bat du documentaire \u00ab&nbsp;Visa pour la libert\u00e9 : Mr Gay Syria&nbsp;\u00bb, de Ayse Toprak<br>de 12h \u00e0 14h salle des lumi\u00e8res, biblioth\u00e8que universitaire Universit\u00e9 d&rsquo;Evry<br>Renseignements :&nbsp;<a href=\"mailto:olivia.buixuan@univ-evry.fr\" target=\"_blank\" rel=\"noopener\" title=\"\">olivia.buixuan@univ-evry.fr<\/a><\/li>\n<\/ul>\n\n\n\n<ul class=\"wp-block-list has-medium-font-size\">\n<li><strong>Mardi 20 mai 2025<br><\/strong><a href=\"https:\/\/www.universite-paris-saclay.fr\/evenements\/orientation-sexuelle-travail-et-visibilite\" target=\"_blank\" rel=\"noopener\" title=\"\">journ\u00e9e de recherche \u00ab\u00a0Orientation sexuelle, travail et visibilit\u00e9 : exp\u00e9riences des femmes lesbiennes dans l&rsquo;espace professionnel et public\u00a0\u00bb<\/a><br>de 9h30 \u00e0 16h \u00e0 la Facult\u00e9 Jean Monnet (54 Boulevard Desgranges 92330 Sceaux)<br>\u2192 <a href=\"https:\/\/www.universite-paris-saclay.fr\/sites\/default\/files\/2025-05\/programme_journee_orientation_sexuelle_travail_et_visibilite20mai2025.pdf\" target=\"_blank\" rel=\"noopener\" title=\"\">Programme<\/a><\/li>\n<\/ul>\n\n\n\n<p class=\"has-white-background-color has-background has-medium-font-size\">Plus d&rsquo;infos <br>\u2192 <a href=\"https:\/\/www.universite-paris-saclay.fr\/actualites\/journee-mondiale-de-lutte-contre-lhomophobie-la-transphobie-et-la-biphobie\">Journ\u00e9e mondiale de lutte contre l&rsquo;homophobie, la transphobie et la biphobie | Universit\u00e9 Paris-Saclay<\/a><\/p>\n\n\n\t<div  class=\"tribe-block tribe-block__events-link\" >\n\t\t<div class=\"tribe-events tribe-common\">\n\t\t\t<div class=\"tribe-events-c-subscribe-dropdown__container\">\n\t\t\t\t<div class=\"tribe-events-c-subscribe-dropdown\">\n\t\t\t\t\t<div class=\"tribe-common-c-btn-border tribe-events-c-subscribe-dropdown__button\">\n\t\t\t\t\t\t<svg\n\t class=\"tribe-common-c-svgicon tribe-common-c-svgicon--cal-export tribe-events-c-subscribe-dropdown__export-icon\" \taria-hidden=\"true\"\n\tviewBox=\"0 0 23 17\"\n\txmlns=\"http:\/\/www.w3.org\/2000\/svg\"\n>\n\t<path fill-rule=\"evenodd\" clip-rule=\"evenodd\" d=\"M.128.896V16.13c0 .211.145.383.323.383h15.354c.179 0 .323-.172.323-.383V.896c0-.212-.144-.383-.323-.383H.451C.273.513.128.684.128.896Zm16 6.742h-.901V4.679H1.009v10.729h14.218v-3.336h.901V7.638ZM1.01 1.614h14.218v2.058H1.009V1.614Z\" \/>\n\t<path d=\"M20.5 9.846H8.312M18.524 6.953l2.89 2.909-2.855 2.855\" stroke-width=\"1.2\" stroke-linecap=\"round\" stroke-linejoin=\"round\"\/>\n<\/svg>\n\t\t\t\t\t\t<button\n\t\t\t\t\t\t\tclass=\"tribe-events-c-subscribe-dropdown__button-text\"\n\t\t\t\t\t\t\taria-expanded=\"false\"\n\t\t\t\t\t\t\taria-controls=\"tribe-events-subscribe-dropdown-content\"\n\t\t\t\t\t\t\taria-label=\"Afficher les liens permettant d\u2019ajouter des \u00e9v\u00e8nements \u00e0 votre calendrier\"\n\t\t\t\t\t\t>\n\t\t\t\t\t\t\tAjouter au calendrier\t\t\t\t\t\t<\/button>\n\t\t\t\t\t\t<svg\n\t class=\"tribe-common-c-svgicon tribe-common-c-svgicon--caret-down tribe-events-c-subscribe-dropdown__button-icon\" \taria-hidden=\"true\"\n\tviewBox=\"0 0 10 7\"\n\txmlns=\"http:\/\/www.w3.org\/2000\/svg\"\n>\n\t<path fill-rule=\"evenodd\" clip-rule=\"evenodd\" d=\"M1.008.609L5 4.6 8.992.61l.958.958L5 6.517.05 1.566l.958-.958z\" class=\"tribe-common-c-svgicon__svg-fill\"\/>\n<\/svg>\n\t\t\t\t\t<\/div>\n\t\t\t\t\t<div id=\"tribe-events-subscribe-dropdown-content\" class=\"tribe-events-c-subscribe-dropdown__content\">\n\t\t\t\t\t\t<ul class=\"tribe-events-c-subscribe-dropdown__list\">\n\t\t\t\t\t\t\t\t\t\t\t\t\t\t\t<li class=\"tribe-events-c-subscribe-dropdown__list-item tribe-events-c-subscribe-dropdown__list-item--gcal\">\n\t\t\t\t\t\t\t\t\t<a\n\t\t\t\t\t\t\t\t\t\thref=\"https:\/\/www.google.com\/calendar\/event?action=TEMPLATE&#038;dates=20250519T000000\/20250520T235959&#038;text=Journ%C3%A9e%20mondiale%20de%20lutte%20contre%20l%E2%80%99homophobie%2C%20la%20transphobie%20et%20la%20biphobie&#038;details=%3Cp+class%3D%22has-medium-font-size%22%3E%3Cstrong%3EL%E2%80%99Universit%C3%A9+Paris-Saclay%2C+porteuse+du+projet+Acad%C3%A9mie+Spatiale+d%27IDF%2C+est+engag%C3%A9e+dans+la+lutte+contre+les+discriminations+port%C3%A9es+%C3%A0+l%E2%80%99encontre+des+personnes+Lesbiennes+Gay+Bisexuelles+et+Transgenres+%28LGBT%29.+Les+violences+faites+%C3%A0+l%E2%80%99encontre+de+ces+personnes+sont+parfois+la+cons%C3%A9quence+d%E2%80%99une+certaine+m%C3%A9connaissance+du+sujet.+%3C%2Fstrong%3E%3C%2Fp%3E+%3Cfigure+class%3D%22wp-block-image+aligncenter+size-full+is-resized%22%3E%3Cimg+src%3D%22https%3A%2F%2Facademiespatiale.fr%2Fwp-content%2Fuploads%2F2024%2F04%2FParis-Saclay-1.png%22+alt%3D%22%22+class%3D%22wp-image-220%22+style%3D%22width%3A184px%3Bheight%3Aauto%22%2F%3E%3C%2Ffigure%3E%3Cfigure+class%3D%22wp-block-image+aligncenter+size-full%22%3E%3Cimg+src%3D%22https%3A%2F%2Facademiespatiale.fr%2Fwp-content%2Fuploads%2F2025%2F05%2Fjournee-mondiale-17-MAI_SIGN-MAIL_627x251px.jpg%22+alt%3D%22%22+class%3D%22wp-image-4743%22%2F%3E%3C%2Ffigure%3E%3Cdiv+style%3D%22height%3A20px%22+aria-hidden%3D%22true%22+class%3D%22wp-block-spacer%22%3E%3C%2Fdiv%3E%3Cp+class%3D%22has-medium-font-size%22%3EL%27universit%C3%A9+Paris-Saclay+et+ses+membres+associ%3C%2Fp%3E%28Voir+toute+la+description+de+%C3%A9v%C3%A8nement+ici%C2%A0%3A+https%3A%2F%2Facademiespatiale.fr%2Findex.php%2Fevent%2Fjournee-mondiale-de-luttre-contre-lhomophobie-la-transphobie-et-la-biphobie%2F%29&#038;trp=false&#038;ctz=Europe\/Paris&#038;sprop=website:https:\/\/academiespatiale.fr\"\n\t\t\t\t\t\t\t\t\t\tclass=\"tribe-events-c-subscribe-dropdown__list-item-link\"\n\t\t\t\t\t\t\t\t\t\ttarget=\"_blank\"\n\t\t\t\t\t\t\t\t\t\trel=\"noopener noreferrer nofollow noindex\"\n\t\t\t\t\t\t\t\t\t>\n\t\t\t\t\t\t\t\t\t\tGoogle Agenda\t\t\t\t\t\t\t\t\t<\/a>\n\t\t\t\t\t\t\t\t<\/li>\n\t\t\t\t\t\t\t\t\t\t\t\t\t\t\t<li class=\"tribe-events-c-subscribe-dropdown__list-item tribe-events-c-subscribe-dropdown__list-item--ical\">\n\t\t\t\t\t\t\t\t\t<a\n\t\t\t\t\t\t\t\t\t\thref=\"\"\n\t\t\t\t\t\t\t\t\t\tclass=\"tribe-events-c-subscribe-dropdown__list-item-link\"\n\t\t\t\t\t\t\t\t\t\ttarget=\"_blank\"\n\t\t\t\t\t\t\t\t\t\trel=\"noopener noreferrer nofollow noindex\"\n\t\t\t\t\t\t\t\t\t>\n\t\t\t\t\t\t\t\t\t\tiCalendar\t\t\t\t\t\t\t\t\t<\/a>\n\t\t\t\t\t\t\t\t<\/li>\n\t\t\t\t\t\t\t\t\t\t\t\t\t\t\t<li class=\"tribe-events-c-subscribe-dropdown__list-item tribe-events-c-subscribe-dropdown__list-item--outlook-365\">\n\t\t\t\t\t\t\t\t\t<a\n\t\t\t\t\t\t\t\t\t\thref=\"\"\n\t\t\t\t\t\t\t\t\t\tclass=\"tribe-events-c-subscribe-dropdown__list-item-link\"\n\t\t\t\t\t\t\t\t\t\ttarget=\"_blank\"\n\t\t\t\t\t\t\t\t\t\trel=\"noopener noreferrer nofollow noindex\"\n\t\t\t\t\t\t\t\t\t>\n\t\t\t\t\t\t\t\t\t\tOutlook 365\t\t\t\t\t\t\t\t\t<\/a>\n\t\t\t\t\t\t\t\t<\/li>\n\t\t\t\t\t\t\t\t\t\t\t\t\t\t\t<li class=\"tribe-events-c-subscribe-dropdown__list-item tribe-events-c-subscribe-dropdown__list-item--outlook-live\">\n\t\t\t\t\t\t\t\t\t<a\n\t\t\t\t\t\t\t\t\t\thref=\"\"\n\t\t\t\t\t\t\t\t\t\tclass=\"tribe-events-c-subscribe-dropdown__list-item-link\"\n\t\t\t\t\t\t\t\t\t\ttarget=\"_blank\"\n\t\t\t\t\t\t\t\t\t\trel=\"noopener noreferrer nofollow noindex\"\n\t\t\t\t\t\t\t\t\t>\n\t\t\t\t\t\t\t\t\t\tOutlook Live\t\t\t\t\t\t\t\t\t<\/a>\n\t\t\t\t\t\t\t\t<\/li>\n\t\t\t\t\t\t\t\t\t\t\t\t\t<\/ul>\n\t\t\t\t\t<\/div>\n\t\t\t\t<\/div>\n\t\t\t<\/div>\n\t\t<\/div>\n\t<\/div>\n\n","protected":false},"excerpt":{"rendered":"<p>L\u2019Universit\u00e9 Paris-Saclay, porteuse du projet Acad\u00e9mie Spatiale d&rsquo;IDF, est engag\u00e9e dans la lutte contre les discriminations port\u00e9es \u00e0 l\u2019encontre des personnes Lesbiennes Gay Bisexuelles et Transgenres (LGBT). Les violences faites \u00e0 l\u2019encontre de ces personnes sont parfois la cons\u00e9quence d\u2019une certaine m\u00e9connaissance du sujet. L&rsquo;universit\u00e9 Paris-Saclay et ses membres associ\u00e9s [&hellip;]<\/p>\n","protected":false},"author":1,"featured_media":4744,"template":"","meta":{"_monsterinsights_skip_tracking":false,"_monsterinsights_sitenote_active":false,"_monsterinsights_sitenote_note":"","_monsterinsights_sitenote_category":0,"_EventAllDay":true,"_EventTimezone":"Europe\/Paris","_EventStartDate":"2025-05-19 00:00:00","_EventEndDate":"2025-05-20 23:59:59","_EventStartDateUTC":"2025-05-18 22:00:00","_EventEndDateUTC":"2025-05-20 21:59:59","_EventShowMap":false,"_EventShowMapLink":false,"_EventURL":"","_EventCost":"","_EventCostDescription":"","_EventCurrencySymbol":"\u20ac","_EventCurrencyCode":"EUR","_EventCurrencyPosition":"suffix","_EventDateTimeSeparator":" : ","_EventTimeRangeSeparator":"-","_EventOrganizerID":[],"_EventVenueID":[],"_OrganizerEmail":"","_OrganizerPhone":"","_OrganizerWebsite":"","_VenueAddress":"","_VenueCity":"","_VenueCountry":"","_VenueProvince":"","_VenueState":"","_VenueZip":"","_VenuePhone":"","_VenueURL":"","_VenueStateProvince":"","_VenueLat":"","_VenueLng":"","_VenueShowMap":false,"_VenueShowMapLink":false,"_tribe_events_status":"","_tribe_events_status_reason":"","footnotes":""},"tags":[],"tribe_events_cat":[],"class_list":["post-4749","tribe_events","type-tribe_events","status-publish","has-post-thumbnail","hentry"],"aioseo_notices":[],"_links":{"self":[{"href":"https:\/\/academiespatiale.fr\/index.php\/wp-json\/wp\/v2\/tribe_events\/4749","targetHints":{"allow":["GET"]}}],"collection":[{"href":"https:\/\/academiespatiale.fr\/index.php\/wp-json\/wp\/v2\/tribe_events"}],"about":[{"href":"https:\/\/academiespatiale.fr\/index.php\/wp-json\/wp\/v2\/types\/tribe_events"}],"author":[{"embeddable":true,"href":"https:\/\/academiespatiale.fr\/index.php\/wp-json\/wp\/v2\/users\/1"}],"version-history":[{"count":2,"href":"https:\/\/academiespatiale.fr\/index.php\/wp-json\/wp\/v2\/tribe_events\/4749\/revisions"}],"predecessor-version":[{"id":4779,"href":"https:\/\/academiespatiale.fr\/index.php\/wp-json\/wp\/v2\/tribe_events\/4749\/revisions\/4779"}],"wp:featuredmedia":[{"embeddable":true,"href":"https:\/\/academiespatiale.fr\/index.php\/wp-json\/wp\/v2\/media\/4744"}],"wp:attachment":[{"href":"https:\/\/academiespatiale.fr\/index.php\/wp-json\/wp\/v2\/media?parent=4749"}],"wp:term":[{"taxonomy":"post_tag","embeddable":true,"href":"https:\/\/academiespatiale.fr\/index.php\/wp-json\/wp\/v2\/tags?post=4749"},{"taxonomy":"tribe_events_cat","embeddable":true,"href":"https:\/\/academiespatiale.fr\/index.php\/wp-json\/wp\/v2\/tribe_events_cat?post=4749"}],"curies":[{"name":"wp","href":"https:\/\/api.w.org\/{rel}","templated":true}]}}