{"id":4557,"date":"2025-04-30T15:33:27","date_gmt":"2025-04-30T13:33:27","guid":{"rendered":"https:\/\/academiespatiale.fr\/?post_type=tribe_events&#038;p=4557"},"modified":"2025-04-30T16:09:35","modified_gmt":"2025-04-30T14:09:35","slug":"a-talk-with-italian-astronaut-paolo-nespoli","status":"publish","type":"tribe_events","link":"https:\/\/academiespatiale.fr\/index.php\/event\/a-talk-with-italian-astronaut-paolo-nespoli\/","title":{"rendered":"A talk with Italian astronaut Paolo Nespoli"},"content":{"rendered":"<div  class=\"tribe-events-schedule tribe-clearfix\" >\n\t<p class=\"tribe-events-schedule__datetime\">\n\t\t<span class=\"tribe-events-schedule__date tribe-events-schedule__date--start\">\n\t\t\t7 mai 2025\t\t<\/span>\n\n\t\t\t\t\t<span class=\"tribe-events-schedule__separator tribe-events-schedule__separator--date\">\n\t\t\t\t : \t\t\t<\/span>\n\t\t\t<span class=\"tribe-events-schedule__time tribe-events-schedule__time--start\">\n\t\t\t\t19h00\t\t\t<\/span>\n\t\t\n\t\t\t\t\t\t\t\t\t<span class=\"tribe-events-schedule__separator tribe-events-schedule__separator--time\">\n\t\t\t\t\t&#8211;\t\t\t\t<\/span>\n\t\t\t\n\t\t\t\t\t\t\t<span class=\"tribe-events-schedule__time tribe-events-schedule__time--end\">\n\t\t\t\t\t21h00\t\t\t\t<\/span>\n\t\t\t\n\t\t\t\t\t\t<\/p>\n<\/div>\n\n\n\n<p class=\"has-medium-font-size\">On Tuesday, May 7, the Maison de l\u2019Italie will have the honor of hosting Italian astronaut Paolo Nespoli for a truly exceptional conference. Organized by Karen Bachetti in collaboration with the residents\u2019 committee and the Maison\u2019s administration, this event\u2014held in English\u2014offers a rare and exciting opportunity: attendees will be able to ask their questions directly to a seasoned astronaut. <\/p>\n\n\n\n<p class=\"has-medium-font-size\">Don\u2019t miss this unique evening, especially if you&rsquo;re passionate about space exploration!<\/p>\n\n\n\n<div class=\"wp-block-columns are-vertically-aligned-center is-layout-flex wp-container-core-columns-is-layout-28f84493 wp-block-columns-is-layout-flex\">\n<div class=\"wp-block-column is-vertically-aligned-center is-layout-flow wp-block-column-is-layout-flow\">\n<hr class=\"wp-block-separator has-alpha-channel-opacity\"\/>\n\n\n\n<p class=\"has-text-align-center has-medium-font-size\"><strong>From Earth to the stars<br>Inside the life of an astronaut : a talk with Paolo Nespoli<\/strong><\/p>\n\n\n\n<p class=\"has-text-align-center has-medium-font-size\">Wednesday, May 7th, 7:00 PM<\/p>\n\n\n\n<p class=\"has-text-align-center has-medium-font-size\">Maison de l&rsquo;Italie<br>7a, boulevard Jourdan<br>75014, Paris<\/p>\n\n\n\n<p class=\"has-text-align-center has-medium-font-size\">Free, on registration<\/p>\n\n\n\n<hr class=\"wp-block-separator has-alpha-channel-opacity\"\/>\n<\/div>\n\n\n\n<div class=\"wp-block-column is-vertically-aligned-center is-layout-flow wp-block-column-is-layout-flow\"><div class=\"wp-block-image\">\n<figure class=\"aligncenter size-full is-resized\"><a href=\"https:\/\/my.weezevent.com\/from-earth-to-the-stars-inside-the-life-of-an-astronaut-talk-with-paolo-nespoli\" target=\"_blank\" rel=\" noreferrer noopener\"><img loading=\"lazy\" decoding=\"async\" width=\"530\" height=\"750\" src=\"https:\/\/academiespatiale.fr\/wp-content\/uploads\/2025\/04\/Locandina-Nespoli-V2-1.png\" alt=\"\" class=\"wp-image-4553\" style=\"width:331px;height:auto\" srcset=\"https:\/\/academiespatiale.fr\/wp-content\/uploads\/2025\/04\/Locandina-Nespoli-V2-1.png 530w, https:\/\/academiespatiale.fr\/wp-content\/uploads\/2025\/04\/Locandina-Nespoli-V2-1-212x300.png 212w\" sizes=\"auto, (max-width: 530px) 100vw, 530px\" \/><\/a><\/figure>\n<\/div><\/div>\n<\/div>\n\n\n\n<p class=\"has-text-align-center\"><em>Please note that the event will be held in English.<\/em><\/p>\n\n\n\n<p class=\"has-white-background-color has-background has-medium-font-size\">WAITING LIST<br>The event is currently sold out but you can sign up for the waiting list by completing this form :<br>\u2192 <a href=\"https:\/\/docs.google.com\/forms\/d\/e\/1FAIpQLScj83sbgr-J-vUbmTMIuGl7Klqe0lZ1NVxaSqyEaUJdeYA2-A\/viewform?usp=header\">https:\/\/docs.google.com\/forms\/d\/e\/1FAIpQLScj83sbgr-J-vUbmTMIuGl7Klqe0lZ1NVxaSqyEaUJdeYA2-A\/viewform?usp=header<\/a><br><br>LINK EVENT<br>\u2192 <a href=\"https:\/\/my.weezevent.com\/from-earth-to-the-stars-inside-the-life-of-an-astronaut-talk-with-paolo-nespoli\" target=\"_blank\" rel=\"noopener\" title=\"\">From Earth to the Stars: Inside an Astronaut\u2019s Life \u2013 A Talk with Paolo Nespoli<\/a><\/p>\n\n\n\n<p class=\"has-medium-font-size\"><em>What does it feel like to live in space?<\/em><br><em>What challenges do astronauts face, and how do they overcome them?<\/em><br><em>How do astronauts adapt to life in zero gravity?<\/em><br><em>What is the educational and career path to becoming an astronaut?<\/em><\/p>\n\n\n\n<p class=\"has-medium-font-size\"><strong>Discover the incredible journey of Paolo Nespoli:&nbsp;<\/strong><strong>Italian and ESA astronaut who spent more than 300 days in space<\/strong>.<\/p>\n\n\n\n<p class=\"has-medium-font-size\">From his beginnings as a Special Forces operator in the Italian Army to earning his Aerospace Engineering degrees in New York and training astronauts at NASA, Paolo Nespoli\u2019s journey is a story of courage, perseverance, and dedication.<\/p>\n\n\n\n<p class=\"has-medium-font-size\">Don&rsquo;t miss the opportunity to spend an exciting evening with one of the most illustrious and experienced Italian astronauts! Be part of this unforgettable evening of discovery and inspiration.<\/p>\n\n\n<div  class=\"tribe-block tribe-block__venue tribe-clearfix tribe-block__venue--has-map\" >\n\t\n\t\n<div class=\"tribe-block__venue__meta\">\n\t<div class=\"tribe-block__venue__name\">\n\t\t<h3>Maison de l&rsquo;Italie<\/h3>\n\t<\/div>\n\n\t\n\t\t\t\t\t\t<address class=\"tribe-block__venue__address\">\n\t\t\t\t<span class=\"tribe-address\">\n\n<span class=\"tribe-street-address\">7A, boulevard Jourdan<\/span>\n\t\n\t\t<br>\n\t\t<span class=\"tribe-locality\">Paris<\/span><span class=\"tribe-delimiter\">,<\/span>\n\n\n\t<span class=\"tribe-postal-code\">75014<\/span>\n\n\n<\/span>\n\n\t\t\t\t\t\t\t\t\t<a class=\"tribe-events-gmap\" href=\"https:\/\/maps.google.com\/maps?f=q&#038;source=s_q&#038;hl=en&#038;geocode=&#038;q=7A%2C+boulevard+Jourdan+Paris+75014\" title=\"Cliquez pour voir une carte Google Map\" target=\"_blank\" rel=\"noreferrer noopener\">+ Google Map<\/a>\t\t\t\t\t\t\t<\/address>\n\t\t\n\t\t\n\t\t\t\n\t<\/div>\n\t\n<div class=\"tribe-block__venue__map\">\n\t\n<iframe loading=\"lazy\"\n  title=\"L\u2018iframe Google maps affichant l\u2019adresse \u00e0 Maison de l&rsquo;Italie\"\n  aria-label=\"Plan des lieux\"\n  width=\"310px\"\n  height=\"256px\"\n  frameborder=\"0\" style=\"border:0\"\n  src=\"https:\/\/www.google.com\/maps\/embed\/v1\/place?key=AIzaSyDNsicAsP6-VuGtAb1O9riI3oc_NOb7IOU&#038;q=7A%2C+boulevard+Jourdan+Paris+75014+&#038;zoom=10\" allowfullscreen>\n<\/iframe>\n<\/div>\n\n\t<\/div>\n\n\n<div  class=\"tribe-block tribe-block__event-website\" >\n\t<a\n\t\thref=\"https:\/\/my.weezevent.com\/from-earth-to-the-stars-inside-the-life-of-an-astronaut-talk-with-paolo-nespoli\"\n\t\ttarget=\"_self\"\n\t\t\t>\n\t\tInscription\t<\/a>\n<\/div>\n\n\n\t<div  class=\"tribe-block tribe-block__events-link\" >\n\t\t<div class=\"tribe-events tribe-common\">\n\t\t\t<div class=\"tribe-events-c-subscribe-dropdown__container\">\n\t\t\t\t<div class=\"tribe-events-c-subscribe-dropdown\">\n\t\t\t\t\t<div class=\"tribe-common-c-btn-border tribe-events-c-subscribe-dropdown__button\">\n\t\t\t\t\t\t<svg\n\t class=\"tribe-common-c-svgicon tribe-common-c-svgicon--cal-export tribe-events-c-subscribe-dropdown__export-icon\" \taria-hidden=\"true\"\n\tviewBox=\"0 0 23 17\"\n\txmlns=\"http:\/\/www.w3.org\/2000\/svg\"\n>\n\t<path fill-rule=\"evenodd\" clip-rule=\"evenodd\" d=\"M.128.896V16.13c0 .211.145.383.323.383h15.354c.179 0 .323-.172.323-.383V.896c0-.212-.144-.383-.323-.383H.451C.273.513.128.684.128.896Zm16 6.742h-.901V4.679H1.009v10.729h14.218v-3.336h.901V7.638ZM1.01 1.614h14.218v2.058H1.009V1.614Z\" \/>\n\t<path d=\"M20.5 9.846H8.312M18.524 6.953l2.89 2.909-2.855 2.855\" stroke-width=\"1.2\" stroke-linecap=\"round\" stroke-linejoin=\"round\"\/>\n<\/svg>\n\t\t\t\t\t\t<button\n\t\t\t\t\t\t\tclass=\"tribe-events-c-subscribe-dropdown__button-text\"\n\t\t\t\t\t\t\taria-expanded=\"false\"\n\t\t\t\t\t\t\taria-controls=\"tribe-events-subscribe-dropdown-content\"\n\t\t\t\t\t\t\taria-label=\"Afficher les liens permettant d\u2019ajouter des \u00e9v\u00e8nements \u00e0 votre calendrier\"\n\t\t\t\t\t\t>\n\t\t\t\t\t\t\tAjouter au calendrier\t\t\t\t\t\t<\/button>\n\t\t\t\t\t\t<svg\n\t class=\"tribe-common-c-svgicon tribe-common-c-svgicon--caret-down tribe-events-c-subscribe-dropdown__button-icon\" \taria-hidden=\"true\"\n\tviewBox=\"0 0 10 7\"\n\txmlns=\"http:\/\/www.w3.org\/2000\/svg\"\n>\n\t<path fill-rule=\"evenodd\" clip-rule=\"evenodd\" d=\"M1.008.609L5 4.6 8.992.61l.958.958L5 6.517.05 1.566l.958-.958z\" class=\"tribe-common-c-svgicon__svg-fill\"\/>\n<\/svg>\n\t\t\t\t\t<\/div>\n\t\t\t\t\t<div id=\"tribe-events-subscribe-dropdown-content\" class=\"tribe-events-c-subscribe-dropdown__content\">\n\t\t\t\t\t\t<ul class=\"tribe-events-c-subscribe-dropdown__list\">\n\t\t\t\t\t\t\t\t\t\t\t\t\t\t\t<li class=\"tribe-events-c-subscribe-dropdown__list-item tribe-events-c-subscribe-dropdown__list-item--gcal\">\n\t\t\t\t\t\t\t\t\t<a\n\t\t\t\t\t\t\t\t\t\thref=\"https:\/\/www.google.com\/calendar\/event?action=TEMPLATE&#038;dates=20250507T190000\/20250507T210000&#038;text=A%20talk%20with%20Italian%20astronaut%20Paolo%20Nespoli&#038;details=%3Cp+class%3D%22has-medium-font-size%22%3EOn+Tuesday%2C+May+7%2C+the+Maison+de+l%E2%80%99Italie+will+have+the+honor+of+hosting+Italian+astronaut+Paolo+Nespoli+for+a+truly+exceptional+conference.+Organized+by+Karen+Bachetti+in+collaboration+with+the+residents%E2%80%99+committee+and+the+Maison%E2%80%99s+administration%2C+this+event%E2%80%94held+in+English%E2%80%94offers+a+rare+and+exciting+opportunity%3A+attendees+will+be+able+to+ask+their+questions+directly+to+a+seasoned+astronaut.+%3C%2Fp%3E+%3Cp+class%3D%22has-medium-font-size%22%3EDon%E2%80%99t+miss+this+unique+evening%2C+especially+if+you%27re+passionate+about+space+exploration%21%3C%2Fp%3E+%3Cdiv+class%3D%22wp-block-columns+are-vertically-aligned-center%22%3E%3Cdiv+class%3D%22wp-block-column+is-vertically-aligned-center%22%3E%3Chr+class%3D%22wp-block-separator+has-alpha-channel-opacity%22%2F%3E%3Cp+class%3D%22has-text-align-center+has-medium-font-size%22%3E%3Cstrong%3EFrom+Earth+to+the+stars%3Cbr+%2F%3EInside+the+life+of+an+astronaut+%3A+a+talk+with+Paolo+Nespoli%3C%2Fstrong%3E%3C%2Fp%3E+%3Cp+class%3D%22has-text-align-center+has-medium-font-size%22%3EWednesday%2C+Ma%3C%2Fp%3E%3C%2Fdiv%3E%3C%2Fdiv%3E%28Voir+toute+la+description+de+%C3%A9v%C3%A8nement+ici%C2%A0%3A+https%3A%2F%2Facademiespatiale.fr%2Findex.php%2Fevent%2Fa-talk-with-italian-astronaut-paolo-nespoli%2F%29&#038;location=Maison%20de%20l&rsquo;Italie,%207A,%20boulevard%20Jourdan,%20Paris,%2075014&#038;trp=false&#038;ctz=Europe\/Paris&#038;sprop=website:https:\/\/academiespatiale.fr\"\n\t\t\t\t\t\t\t\t\t\tclass=\"tribe-events-c-subscribe-dropdown__list-item-link\"\n\t\t\t\t\t\t\t\t\t\ttarget=\"_blank\"\n\t\t\t\t\t\t\t\t\t\trel=\"noopener noreferrer nofollow noindex\"\n\t\t\t\t\t\t\t\t\t>\n\t\t\t\t\t\t\t\t\t\tGoogle Agenda\t\t\t\t\t\t\t\t\t<\/a>\n\t\t\t\t\t\t\t\t<\/li>\n\t\t\t\t\t\t\t\t\t\t\t\t\t\t\t<li class=\"tribe-events-c-subscribe-dropdown__list-item tribe-events-c-subscribe-dropdown__list-item--ical\">\n\t\t\t\t\t\t\t\t\t<a\n\t\t\t\t\t\t\t\t\t\thref=\"\"\n\t\t\t\t\t\t\t\t\t\tclass=\"tribe-events-c-subscribe-dropdown__list-item-link\"\n\t\t\t\t\t\t\t\t\t\ttarget=\"_blank\"\n\t\t\t\t\t\t\t\t\t\trel=\"noopener noreferrer nofollow noindex\"\n\t\t\t\t\t\t\t\t\t>\n\t\t\t\t\t\t\t\t\t\tiCalendar\t\t\t\t\t\t\t\t\t<\/a>\n\t\t\t\t\t\t\t\t<\/li>\n\t\t\t\t\t\t\t\t\t\t\t\t\t\t\t<li class=\"tribe-events-c-subscribe-dropdown__list-item tribe-events-c-subscribe-dropdown__list-item--outlook-365\">\n\t\t\t\t\t\t\t\t\t<a\n\t\t\t\t\t\t\t\t\t\thref=\"\"\n\t\t\t\t\t\t\t\t\t\tclass=\"tribe-events-c-subscribe-dropdown__list-item-link\"\n\t\t\t\t\t\t\t\t\t\ttarget=\"_blank\"\n\t\t\t\t\t\t\t\t\t\trel=\"noopener noreferrer nofollow noindex\"\n\t\t\t\t\t\t\t\t\t>\n\t\t\t\t\t\t\t\t\t\tOutlook 365\t\t\t\t\t\t\t\t\t<\/a>\n\t\t\t\t\t\t\t\t<\/li>\n\t\t\t\t\t\t\t\t\t\t\t\t\t\t\t<li class=\"tribe-events-c-subscribe-dropdown__list-item tribe-events-c-subscribe-dropdown__list-item--outlook-live\">\n\t\t\t\t\t\t\t\t\t<a\n\t\t\t\t\t\t\t\t\t\thref=\"\"\n\t\t\t\t\t\t\t\t\t\tclass=\"tribe-events-c-subscribe-dropdown__list-item-link\"\n\t\t\t\t\t\t\t\t\t\ttarget=\"_blank\"\n\t\t\t\t\t\t\t\t\t\trel=\"noopener noreferrer nofollow noindex\"\n\t\t\t\t\t\t\t\t\t>\n\t\t\t\t\t\t\t\t\t\tOutlook Live\t\t\t\t\t\t\t\t\t<\/a>\n\t\t\t\t\t\t\t\t<\/li>\n\t\t\t\t\t\t\t\t\t\t\t\t\t<\/ul>\n\t\t\t\t\t<\/div>\n\t\t\t\t<\/div>\n\t\t\t<\/div>\n\t\t<\/div>\n\t<\/div>\n\n","protected":false},"excerpt":{"rendered":"<p>On Tuesday, May 7, the Maison de l\u2019Italie will have the honor of hosting Italian astronaut Paolo Nespoli for a truly exceptional conference. Organized by Karen Bachetti in collaboration with the residents\u2019 committee and the Maison\u2019s administration, this event\u2014held in English\u2014offers a rare and exciting opportunity: attendees will be able [&hellip;]<\/p>\n","protected":false},"author":1,"featured_media":4555,"template":"","meta":{"_monsterinsights_skip_tracking":false,"_monsterinsights_sitenote_active":false,"_monsterinsights_sitenote_note":"","_monsterinsights_sitenote_category":0,"_EventAllDay":false,"_EventTimezone":"Europe\/Paris","_EventStartDate":"2025-05-07 19:00:00","_EventEndDate":"2025-05-07 21:00:00","_EventStartDateUTC":"2025-05-07 17:00:00","_EventEndDateUTC":"2025-05-07 19:00:00","_EventShowMap":false,"_EventShowMapLink":false,"_EventURL":"https:\/\/my.weezevent.com\/from-earth-to-the-stars-inside-the-life-of-an-astronaut-talk-with-paolo-nespoli","_EventCost":"","_EventCostDescription":"","_EventCurrencySymbol":"\u20ac","_EventCurrencyCode":"EUR","_EventCurrencyPosition":"suffix","_EventDateTimeSeparator":" : ","_EventTimeRangeSeparator":"-","_EventOrganizerID":[],"_EventVenueID":[4558],"_OrganizerEmail":"","_OrganizerPhone":"","_OrganizerWebsite":"","_VenueAddress":"","_VenueCity":"","_VenueCountry":"","_VenueProvince":"","_VenueState":"","_VenueZip":"","_VenuePhone":"","_VenueURL":"","_VenueStateProvince":"","_VenueLat":"","_VenueLng":"","_VenueShowMap":false,"_VenueShowMapLink":false,"_tribe_events_status":"","_tribe_events_status_reason":"","footnotes":""},"tags":[],"tribe_events_cat":[],"class_list":["post-4557","tribe_events","type-tribe_events","status-publish","has-post-thumbnail","hentry"],"aioseo_notices":[],"_links":{"self":[{"href":"https:\/\/academiespatiale.fr\/index.php\/wp-json\/wp\/v2\/tribe_events\/4557","targetHints":{"allow":["GET"]}}],"collection":[{"href":"https:\/\/academiespatiale.fr\/index.php\/wp-json\/wp\/v2\/tribe_events"}],"about":[{"href":"https:\/\/academiespatiale.fr\/index.php\/wp-json\/wp\/v2\/types\/tribe_events"}],"author":[{"embeddable":true,"href":"https:\/\/academiespatiale.fr\/index.php\/wp-json\/wp\/v2\/users\/1"}],"version-history":[{"count":3,"href":"https:\/\/academiespatiale.fr\/index.php\/wp-json\/wp\/v2\/tribe_events\/4557\/revisions"}],"predecessor-version":[{"id":4564,"href":"https:\/\/academiespatiale.fr\/index.php\/wp-json\/wp\/v2\/tribe_events\/4557\/revisions\/4564"}],"wp:featuredmedia":[{"embeddable":true,"href":"https:\/\/academiespatiale.fr\/index.php\/wp-json\/wp\/v2\/media\/4555"}],"wp:attachment":[{"href":"https:\/\/academiespatiale.fr\/index.php\/wp-json\/wp\/v2\/media?parent=4557"}],"wp:term":[{"taxonomy":"post_tag","embeddable":true,"href":"https:\/\/academiespatiale.fr\/index.php\/wp-json\/wp\/v2\/tags?post=4557"},{"taxonomy":"tribe_events_cat","embeddable":true,"href":"https:\/\/academiespatiale.fr\/index.php\/wp-json\/wp\/v2\/tribe_events_cat?post=4557"}],"curies":[{"name":"wp","href":"https:\/\/api.w.org\/{rel}","templated":true}]}}