{"id":4167,"date":"2025-04-10T17:48:24","date_gmt":"2025-04-10T15:48:24","guid":{"rendered":"https:\/\/academiespatiale.fr\/?post_type=tribe_events&#038;p=4167"},"modified":"2025-04-30T16:26:26","modified_gmt":"2025-04-30T14:26:26","slug":"la-junior-space-academy-revient-en-2025-pour-sa-2e-edition","status":"publish","type":"tribe_events","link":"https:\/\/academiespatiale.fr\/index.php\/event\/la-junior-space-academy-revient-en-2025-pour-sa-2e-edition\/","title":{"rendered":"La Junior Space Academy revient en 2025 pour sa 2e \u00e9dition !"},"content":{"rendered":"<div  class=\"tribe-events-schedule tribe-clearfix\" >\n\t<p class=\"tribe-events-schedule__datetime\">\n\t\t<span class=\"tribe-events-schedule__date tribe-events-schedule__date--start\">\n\t\t\t16 juin 2025\t\t<\/span>\n\n\t\t\n\t\t\t\t\t\t\t\t\t<span class=\"tribe-events-schedule__separator tribe-events-schedule__separator--time\">\n\t\t\t\t\t&#8211;\t\t\t\t<\/span>\n\t\t\t\n\t\t\t\t\t\t\t<span class=\"tribe-events-schedule__date tribe-events-schedule__date--end\">\n\t\t\t\t\t20 juin 2025\t\t\t\t<\/span>\n\n\t\t\t\t\n\t\t\t\n\t\t\t\t\t\t<\/p>\n<\/div>\n\n\n\n<hr class=\"wp-block-separator has-alpha-channel-opacity\"\/>\n\n\n\n<details class=\"wp-block-details has-medium-font-size is-layout-flow wp-block-details-is-layout-flow\"><summary>&gt;&gt;&gt; Click here for the english version<\/summary>\n<p class=\"has-medium-font-size\">The \u00cele-de-France Space Academy is going to organize the second edition of its \u00ab\u00a0Junior Space Academy\u00a0\u00bb summer school, dedicated to providing an overview of what the Space sector and the related degrees in \u00cele-de-France have to offer, from Monday June 16<sup>th<\/sup> to June 20<sup>th<\/sup> 2025, near Paris for Bachelor\u2019s student (from L1 to L3).<\/p>\n\n\n\n<div class=\"wp-block-columns are-vertically-aligned-center is-layout-flex wp-container-core-columns-is-layout-28f84493 wp-block-columns-is-layout-flex\">\n<div class=\"wp-block-column is-vertically-aligned-center is-layout-flow wp-block-column-is-layout-flow\">\n<hr class=\"wp-block-separator has-alpha-channel-opacity\"\/>\n\n\n\n<div style=\"height:10px\" aria-hidden=\"true\" class=\"wp-block-spacer\"><\/div>\n\n\n\n<p class=\"has-text-align-center has-medium-font-size\"><strong>Summer school<br>Junior Space Academy<br>from monday june 16 th to june 20th 2025<br>near Paris<\/strong><\/p>\n\n\n\n<hr class=\"wp-block-separator has-alpha-channel-opacity\"\/>\n\n\n\n<div style=\"height:10px\" aria-hidden=\"true\" class=\"wp-block-spacer\"><\/div>\n\n\n\n<p class=\"has-text-align-center has-medium-font-size\">In person (limited to 30 participants)<br> ou remotely<\/p>\n\n\n\n<p class=\"has-text-align-center has-medium-font-size\">On registration<\/p>\n<\/div>\n\n\n\n<div class=\"wp-block-column is-vertically-aligned-center is-layout-flow wp-block-column-is-layout-flow\">\n<figure class=\"wp-block-image size-large\"><img loading=\"lazy\" decoding=\"async\" width=\"724\" height=\"1024\" src=\"https:\/\/academiespatiale.fr\/wp-content\/uploads\/2025\/04\/Affiche-Junior-Space-Academy-2025-724x1024.png\" alt=\"\" class=\"wp-image-4146\" srcset=\"https:\/\/academiespatiale.fr\/wp-content\/uploads\/2025\/04\/Affiche-Junior-Space-Academy-2025-724x1024.png 724w, https:\/\/academiespatiale.fr\/wp-content\/uploads\/2025\/04\/Affiche-Junior-Space-Academy-2025-212x300.png 212w, https:\/\/academiespatiale.fr\/wp-content\/uploads\/2025\/04\/Affiche-Junior-Space-Academy-2025-768x1086.png 768w, https:\/\/academiespatiale.fr\/wp-content\/uploads\/2025\/04\/Affiche-Junior-Space-Academy-2025-1086x1536.png 1086w, https:\/\/academiespatiale.fr\/wp-content\/uploads\/2025\/04\/Affiche-Junior-Space-Academy-2025-1448x2048.png 1448w, https:\/\/academiespatiale.fr\/wp-content\/uploads\/2025\/04\/Affiche-Junior-Space-Academy-2025.png 1587w\" sizes=\"auto, (max-width: 724px) 100vw, 724px\" \/><\/figure>\n<\/div>\n<\/div>\n\n\n\n<p class=\"has-white-background-color has-background\" style=\"font-size:16px\">A look back at the first edition<br>\u2192 <a href=\"https:\/\/academiespatiale.fr\/index.php\/ecole-dete\/junior-space-academy\/\">Junior Space Academy \u2013 Immersion dans l\u2019univers spatial francilien &#8211; Acad\u00e9mie Spatiale d&rsquo;\u00cele-de-France<\/a><\/p>\n\n\n\n<hr class=\"wp-block-separator has-alpha-channel-opacity\"\/>\n\n\n\n<h3 class=\"wp-block-heading\">Regristration<\/h3>\n\n\n\n<p class=\"has-medium-font-size\">If you\u2019re currently a Bachelor\u2019s student (from L1 to L3) or equivalent, and are interested and curious to learn more about how to become a professional in the Space sector, join our interdisciplinary group!<\/p>\n\n\n\n<p class=\"has-medium-font-size\"><strong>\u2192 To apply, please complete <a href=\"https:\/\/admin-sphinx.universite-paris-saclay.fr\/SurveyServer\/s\/GSgeosc\/JSA2025\/questionnaire.htm\" target=\"_blank\" rel=\"noopener\" title=\"\">the form<\/a> before 24th april, with a single PDF including :<\/strong><\/p>\n\n\n\n<ul class=\"wp-block-list\">\n<li class=\"has-medium-font-size\">Curriculum Vitae<\/li>\n\n\n\n<li>Cover letter specifying your educational goals (type of program, school or university, etc.) and how your participation in the JSA will impact your further studies<\/li>\n\n\n\n<li>Letter of recommendation (from one of your teachers)<\/li>\n\n\n\n<li>School certificate 2024-2025<\/li>\n<\/ul>\n\n\n\n<p class=\"has-medium-font-size\">If you have any questions, do not hesitate to contact us at the following address : juniorspaceacademy@universite-paris-saclay.fr <\/p>\n\n\n\n<p class=\"has-white-background-color has-background\" style=\"font-size:17px\">This summer school can be attended in person (limited to 30 participants) or remotely. <br><br>Applicants selected for in-person participation will be accommodated in twin rooms (2 per room) from Monday evening to Friday morning. During this Summer School, your expenses for accommodation and catering will be covered. If you end up being selected as a candidate, a 50\u20ac deposit will be asked and given back at the end of your stay. The deposit will be kept if you\u2019re not coming without a valuable reason.<br><br>Applicants wishing to participate in the Junior Space Academy in person but are not selected due to lack of space will be given priority for remote participation.<\/p>\n\n\n\n<div style=\"height:20px\" aria-hidden=\"true\" class=\"wp-block-spacer\"><\/div>\n\n\n\n<h3 class=\"wp-block-heading\">Programme<\/h3>\n\n\n\n<p class=\"has-medium-font-size\"><strong>In-person program<\/strong><\/p>\n\n\n\n<ul class=\"wp-block-list\">\n<li class=\"has-medium-font-size\">Monday, June 16 \u2013 Guyancourt: Project management and presentation on the theme of nanosats<\/li>\n\n\n\n<li class=\"has-medium-font-size\">Tuesday, June 17 \u2013 Meudon Observatory: Presentations on the themes of space astrophysics, planetology, and launchers<\/li>\n\n\n\n<li>Wednesday, June 18 \u2013 Sorbonne University: Presentations on the themes of chemistry, cosmochemistry, and law<\/li>\n\n\n\n<li>Thursday, June 19 \u2013 Cr\u00e9teil University: Presentations on the themes of Earth observation and instrumentation<\/li>\n\n\n\n<li>Friday, June 20 \u2013 Paris Air Show: Meeting with innovation stakeholders followed by a self-guided tour<\/li>\n<\/ul>\n\n\n\n<p class=\"has-medium-font-size\"><strong>Remote program<\/strong><\/p>\n\n\n\n<p class=\"has-medium-font-size\">From Monday to Thursday : all presentations (excluding lab tours) will be accessible remotely.<\/p>\n<\/details>\n\n\n\n<hr class=\"wp-block-separator has-alpha-channel-opacity\"\/>\n\n\n\n<p class=\"has-medium-font-size\">L&rsquo;Acad\u00e9mie Spatiale d&rsquo;Ile-de-France organise la deuxi\u00e8me \u00e9dition de son \u00e9cole d&rsquo;\u00e9t\u00e9 \u00ab&nbsp;Junior Space Academy&nbsp;\u00bb du lundi 16 Juin au vendredi 20 Juin 2025, pr\u00e8s de Paris. L\u2019objectif de cette \u00e9cole est de pr\u00e9senter les m\u00e9tiers du domaine spatial et l&rsquo;offre de formation associ\u00e9e, en \u00cele-de-France aux &nbsp;\u00e9tudiantes et aux \u00e9tudiants en Licence ou \u00e9quivalent de la licence 1 \u00e0 la licence 3.<\/p>\n\n\n\n<div class=\"wp-block-columns are-vertically-aligned-center is-layout-flex wp-container-core-columns-is-layout-28f84493 wp-block-columns-is-layout-flex\">\n<div class=\"wp-block-column is-vertically-aligned-center is-layout-flow wp-block-column-is-layout-flow\">\n<hr class=\"wp-block-separator has-alpha-channel-opacity\"\/>\n\n\n\n<div style=\"height:10px\" aria-hidden=\"true\" class=\"wp-block-spacer\"><\/div>\n\n\n\n<p class=\"has-text-align-center has-medium-font-size\"><strong>\u00c9cole d&rsquo;\u00e9t\u00e9<br>Junior Space Academy<br>Du lundi 16 au vendredi 20 juin 2025<br>En \u00cele-de-France<\/strong><\/p>\n\n\n\n<hr class=\"wp-block-separator has-alpha-channel-opacity\"\/>\n\n\n\n<div style=\"height:10px\" aria-hidden=\"true\" class=\"wp-block-spacer\"><\/div>\n\n\n\n<p class=\"has-text-align-center has-medium-font-size\">En pr\u00e9sentiel (30 places)<br> ou distanciel<\/p>\n\n\n\n<p class=\"has-text-align-center has-medium-font-size\">Sur inscription<\/p>\n<\/div>\n\n\n\n<div class=\"wp-block-column is-vertically-aligned-center is-layout-flow wp-block-column-is-layout-flow\"><div class=\"wp-block-image\">\n<figure data-wp-context=\"{&quot;imageId&quot;:&quot;69f286ba3bc4b&quot;}\" data-wp-interactive=\"core\/image\" data-wp-key=\"69f286ba3bc4b\" class=\"aligncenter size-large is-resized wp-lightbox-container\"><img loading=\"lazy\" decoding=\"async\" width=\"724\" height=\"1024\" data-wp-class--hide=\"state.isContentHidden\" data-wp-class--show=\"state.isContentVisible\" data-wp-init=\"callbacks.setButtonStyles\" data-wp-on--click=\"actions.showLightbox\" data-wp-on--load=\"callbacks.setButtonStyles\" data-wp-on-window--resize=\"callbacks.setButtonStyles\" src=\"https:\/\/academiespatiale.fr\/wp-content\/uploads\/2025\/04\/Affiche-Junior-Space-Academy-2025-724x1024.png\" alt=\"\" class=\"wp-image-4146\" style=\"width:345px;height:auto\" srcset=\"https:\/\/academiespatiale.fr\/wp-content\/uploads\/2025\/04\/Affiche-Junior-Space-Academy-2025-724x1024.png 724w, https:\/\/academiespatiale.fr\/wp-content\/uploads\/2025\/04\/Affiche-Junior-Space-Academy-2025-212x300.png 212w, https:\/\/academiespatiale.fr\/wp-content\/uploads\/2025\/04\/Affiche-Junior-Space-Academy-2025-768x1086.png 768w, https:\/\/academiespatiale.fr\/wp-content\/uploads\/2025\/04\/Affiche-Junior-Space-Academy-2025-1086x1536.png 1086w, https:\/\/academiespatiale.fr\/wp-content\/uploads\/2025\/04\/Affiche-Junior-Space-Academy-2025-1448x2048.png 1448w, https:\/\/academiespatiale.fr\/wp-content\/uploads\/2025\/04\/Affiche-Junior-Space-Academy-2025.png 1587w\" sizes=\"auto, (max-width: 724px) 100vw, 724px\" \/><button\n\t\t\tclass=\"lightbox-trigger\"\n\t\t\ttype=\"button\"\n\t\t\taria-haspopup=\"dialog\"\n\t\t\taria-label=\"Agrandir\"\n\t\t\tdata-wp-init=\"callbacks.initTriggerButton\"\n\t\t\tdata-wp-on--click=\"actions.showLightbox\"\n\t\t\tdata-wp-style--right=\"state.imageButtonRight\"\n\t\t\tdata-wp-style--top=\"state.imageButtonTop\"\n\t\t>\n\t\t\t<svg xmlns=\"http:\/\/www.w3.org\/2000\/svg\" width=\"12\" height=\"12\" fill=\"none\" viewBox=\"0 0 12 12\">\n\t\t\t\t<path fill=\"#fff\" d=\"M2 0a2 2 0 0 0-2 2v2h1.5V2a.5.5 0 0 1 .5-.5h2V0H2Zm2 10.5H2a.5.5 0 0 1-.5-.5V8H0v2a2 2 0 0 0 2 2h2v-1.5ZM8 12v-1.5h2a.5.5 0 0 0 .5-.5V8H12v2a2 2 0 0 1-2 2H8Zm2-12a2 2 0 0 1 2 2v2h-1.5V2a.5.5 0 0 0-.5-.5H8V0h2Z\" \/>\n\t\t\t<\/svg>\n\t\t<\/button><\/figure>\n<\/div><\/div>\n<\/div>\n\n\n\n<p class=\"has-white-background-color has-background\" style=\"font-size:17px\">R\u00e9trospective de la premi\u00e8re \u00e9dition <br>\u2192 <a href=\"https:\/\/academiespatiale.fr\/index.php\/ecole-dete\/junior-space-academy\/\">Junior Space Academy \u2013 Immersion dans l\u2019univers spatial francilien &#8211; Acad\u00e9mie Spatiale d&rsquo;\u00cele-de-France<\/a><\/p>\n\n\n\n<hr class=\"wp-block-separator has-alpha-channel-opacity\"\/>\n\n\n\n<h3 class=\"wp-block-heading\">Inscription<\/h3>\n\n\n\n<p class=\"has-medium-font-size\">Si vous \u00eates actuellement en Licence (de L1 \u00e0 L3) ou \u00e9quivalent, et souhaitez d\u00e9couvrir les m\u00e9tiers en lien avec le secteur spatial, rejoignez cette \u00e9cole interdisciplinaire !<\/p>\n\n\n\n<p class=\"has-medium-font-size\"><strong>\u2192 Pour candidater, compl\u00e8tez le <a class=\"\" href=\"https:\/\/admin-sphinx.universite-paris-saclay.fr\/SurveyServer\/s\/GSgeosc\/JSA2025\/questionnaire.htm\">formulaire en ligne<\/a> avant le 9 mai 2025, et charger les documents suivants dans un PDF unique :<\/strong><\/p>\n\n\n\n<ul class=\"wp-block-list has-medium-font-size\">\n<li class=\"has-medium-font-size\">CV<\/li>\n\n\n\n<li class=\"has-medium-font-size\">Lettre de motivation pr\u00e9cisant vos envies de poursuite d\u2019\u00e9tudes (quel type de formation, en \u00e9cole ou en universit\u00e9&#8230;), et en quoi votre participation \u00e0 la JSA aura un impact sur votre poursuite d\u2019\u00e9tudes<\/li>\n\n\n\n<li>Lettre de recommandation (d&rsquo;un de vos professeur.e.s)<\/li>\n\n\n\n<li>Certificat de scolarit\u00e9 2024-2025<\/li>\n<\/ul>\n\n\n\n<p class=\"has-medium-font-size\">Des questions ? N&rsquo;h\u00e9sitez pas \u00e0 nous contacter \u00e0 l&rsquo;adresse suivante : <a class=\"\">juniorspaceacademy@universite-paris-saclay.fr<\/a><\/p>\n\n\n\n<p class=\"has-white-background-color has-background\" style=\"font-size:17px\">Il est possible de participer \u00e0 cette \u00e9cole d\u2019\u00e9t\u00e9 en pr\u00e9sentiel (places limit\u00e9es \u00e0 30 participant.e.s) ou \u00e0 distance. <br><br>Les candidat\u00b7es s\u00e9lectionn\u00e9\u00b7es pour une participation en pr\u00e9sentiel seront log\u00e9\u00b7es dans un h\u00e9bergement en chambre twin (2 par chambre) du lundi soir au vendredi matin. Vos frais d&rsquo;h\u00e9bergement et de restauration seront pris en charge. Si votre candidature est s\u00e9lectionn\u00e9e, une caution de 50 \u20ac vous sera demand\u00e9e et restitu\u00e9e \u00e0 l&rsquo;issue du s\u00e9jour. La caution sera encaiss\u00e9e pour les \u00e9tudiant\u00b7es qui s&rsquo;engageraient \u00e0 participer et ne viendraient finalement pas sans raison majeure.<br><br>Les candidat\u00b7es souhaitant participer \u00e0 la Junior Space Academy en pr\u00e9sentiel qui ne seraient pas retenu\u00b7es faute de place, seront prioritaires pour la participation \u00e0 distance.<\/p>\n\n\n\n<div style=\"height:20px\" aria-hidden=\"true\" class=\"wp-block-spacer\"><\/div>\n\n\n\n<h3 class=\"wp-block-heading\">Programme<\/h3>\n\n\n\n<p class=\"has-medium-font-size\"><strong>Programme en pr\u00e9sentiel<\/strong><\/p>\n\n\n\n<ul class=\"wp-block-list has-medium-font-size\">\n<li>Lundi 16 juin&nbsp;\u2013 <strong>Guyancourt&nbsp;<\/strong>: Gestion de projets et intervention sur le th\u00e8me des Nanosats<\/li>\n\n\n\n<li>Mardi 17 juin&nbsp;\u2013 <strong>Observatoire de Meudon<\/strong>&nbsp;: interventions sur les th\u00e8mes Astrophysique spatiale, plan\u00e9tologie, lanceurs<\/li>\n\n\n\n<li>Mercredi 18 juin \u2013 <strong>Sorbonne Universit\u00e9<\/strong>&nbsp;: Interventions sur les th\u00e8mes Chimie, cosmo-chimie et droit<\/li>\n\n\n\n<li>Jeudi 19 juin \u2013 <strong>Universit\u00e9 de Cr\u00e9teil<\/strong>&nbsp;: Interventions sur les th\u00e8mes de l\u2019observation de la terre&nbsp;et l\u2019instrumentation<\/li>\n\n\n\n<li>Vendredi 20 Juin&nbsp;&#8211; <strong>Salon du Bourget<\/strong>&nbsp;: Rencontre des acteurs de l\u2019innovation puis visite libre<\/li>\n<\/ul>\n\n\n\n<p class=\"has-medium-font-size\"><strong>Programme \u00e0 distance<\/strong><\/p>\n\n\n\n<p class=\"has-medium-font-size\">Du lundi au jeudi, l\u2019ensemble des pr\u00e9sentations (hors visites de laboratoires) seront accessibles en distanciel.<\/p>\n\n\n\n\n\t<div  class=\"tribe-block tribe-block__events-link\" >\n\t\t<div class=\"tribe-events tribe-common\">\n\t\t\t<div class=\"tribe-events-c-subscribe-dropdown__container\">\n\t\t\t\t<div class=\"tribe-events-c-subscribe-dropdown\">\n\t\t\t\t\t<div class=\"tribe-common-c-btn-border tribe-events-c-subscribe-dropdown__button\">\n\t\t\t\t\t\t<svg\n\t class=\"tribe-common-c-svgicon tribe-common-c-svgicon--cal-export tribe-events-c-subscribe-dropdown__export-icon\" \taria-hidden=\"true\"\n\tviewBox=\"0 0 23 17\"\n\txmlns=\"http:\/\/www.w3.org\/2000\/svg\"\n>\n\t<path fill-rule=\"evenodd\" clip-rule=\"evenodd\" d=\"M.128.896V16.13c0 .211.145.383.323.383h15.354c.179 0 .323-.172.323-.383V.896c0-.212-.144-.383-.323-.383H.451C.273.513.128.684.128.896Zm16 6.742h-.901V4.679H1.009v10.729h14.218v-3.336h.901V7.638ZM1.01 1.614h14.218v2.058H1.009V1.614Z\" \/>\n\t<path d=\"M20.5 9.846H8.312M18.524 6.953l2.89 2.909-2.855 2.855\" stroke-width=\"1.2\" stroke-linecap=\"round\" stroke-linejoin=\"round\"\/>\n<\/svg>\n\t\t\t\t\t\t<button\n\t\t\t\t\t\t\tclass=\"tribe-events-c-subscribe-dropdown__button-text\"\n\t\t\t\t\t\t\taria-expanded=\"false\"\n\t\t\t\t\t\t\taria-controls=\"tribe-events-subscribe-dropdown-content\"\n\t\t\t\t\t\t\taria-label=\"Afficher les liens permettant d\u2019ajouter des \u00e9v\u00e8nements \u00e0 votre calendrier\"\n\t\t\t\t\t\t>\n\t\t\t\t\t\t\tAjouter au calendrier\t\t\t\t\t\t<\/button>\n\t\t\t\t\t\t<svg\n\t class=\"tribe-common-c-svgicon tribe-common-c-svgicon--caret-down tribe-events-c-subscribe-dropdown__button-icon\" \taria-hidden=\"true\"\n\tviewBox=\"0 0 10 7\"\n\txmlns=\"http:\/\/www.w3.org\/2000\/svg\"\n>\n\t<path fill-rule=\"evenodd\" clip-rule=\"evenodd\" d=\"M1.008.609L5 4.6 8.992.61l.958.958L5 6.517.05 1.566l.958-.958z\" class=\"tribe-common-c-svgicon__svg-fill\"\/>\n<\/svg>\n\t\t\t\t\t<\/div>\n\t\t\t\t\t<div id=\"tribe-events-subscribe-dropdown-content\" class=\"tribe-events-c-subscribe-dropdown__content\">\n\t\t\t\t\t\t<ul class=\"tribe-events-c-subscribe-dropdown__list\">\n\t\t\t\t\t\t\t\t\t\t\t\t\t\t\t<li class=\"tribe-events-c-subscribe-dropdown__list-item tribe-events-c-subscribe-dropdown__list-item--gcal\">\n\t\t\t\t\t\t\t\t\t<a\n\t\t\t\t\t\t\t\t\t\thref=\"https:\/\/www.google.com\/calendar\/event?action=TEMPLATE&#038;dates=20250616T000000\/20250620T235959&#038;text=La%20Junior%20Space%20Academy%20revient%20en%202025%20pour%20sa%202e%20%C3%A9dition%20%21&#038;details=%3Chr+class%3D%22wp-block-separator+has-alpha-channel-opacity%22%2F%3E%3Cdetails+class%3D%22wp-block-details+has-medium-font-size%22%3E%3Csummary%3E%26gt%3B%26gt%3B%26gt%3B+Click+here+for+the+english+version%3C%2Fsummary%3E%3Cp+class%3D%22has-medium-font-size%22%3EThe+%C3%8Ele-de-France+Space+Academy+is+going+to+organize+the+second+edition+of+its+%22Junior+Space+Academy%22+summer+school%2C+dedicated+to+providing+an+overview+of+what+the+Space+sector+and+the+related+degrees+in+%C3%8Ele-de-France+have+to+offer%2C+from+Monday+June+16%3Csup%3Eth%3C%2Fsup%3E+to+June+20%3Csup%3Eth%3C%2Fsup%3E+2025%2C+near+Paris+for+Bachelor%E2%80%99s+student+%28from+L1+to+L3%29.%3C%2Fp%3E+%3Cdiv+class%3D%22wp-block-columns+are-vertically-aligned-center%22%3E%3Cdiv+class%3D%22wp-block-column+is-vertically-aligned-center%22%3E%3Chr+class%3D%22wp-block-separator+has-alpha-channel-opacity%22%2F%3E%3Cdiv+style%3D%22height%3A10px%22+aria-hidden%3D%22true%22+class%3D%22wp-block-spacer%22%3E%3C%2Fdiv%3E%3Cp+class%3D%22has-text-align-center+has-medium-font-size%22%3E%3Cstrong%3ESummer+school%3Cbr+%2F%3EJunior+Space+Academy%3Cbr+%2F%3Efrom+monday+june+16+th+to+june+20th+2025%3Cbr+%2F%3Enear+Paris%3C%3C%2Fstrong%3E%3C%2Fp%3E%3C%2Fdiv%3E%3C%2Fdiv%3E%3C%2Fdetails%3E%28Voir+toute+la+description+de+%C3%A9v%C3%A8nement+ici%C2%A0%3A+https%3A%2F%2Facademiespatiale.fr%2Findex.php%2Fevent%2Fla-junior-space-academy-revient-en-2025-pour-sa-2e-edition%2F%29&#038;trp=false&#038;ctz=Europe\/Paris&#038;sprop=website:https:\/\/academiespatiale.fr\"\n\t\t\t\t\t\t\t\t\t\tclass=\"tribe-events-c-subscribe-dropdown__list-item-link\"\n\t\t\t\t\t\t\t\t\t\ttarget=\"_blank\"\n\t\t\t\t\t\t\t\t\t\trel=\"noopener noreferrer nofollow noindex\"\n\t\t\t\t\t\t\t\t\t>\n\t\t\t\t\t\t\t\t\t\tGoogle Agenda\t\t\t\t\t\t\t\t\t<\/a>\n\t\t\t\t\t\t\t\t<\/li>\n\t\t\t\t\t\t\t\t\t\t\t\t\t\t\t<li class=\"tribe-events-c-subscribe-dropdown__list-item tribe-events-c-subscribe-dropdown__list-item--ical\">\n\t\t\t\t\t\t\t\t\t<a\n\t\t\t\t\t\t\t\t\t\thref=\"\"\n\t\t\t\t\t\t\t\t\t\tclass=\"tribe-events-c-subscribe-dropdown__list-item-link\"\n\t\t\t\t\t\t\t\t\t\ttarget=\"_blank\"\n\t\t\t\t\t\t\t\t\t\trel=\"noopener noreferrer nofollow noindex\"\n\t\t\t\t\t\t\t\t\t>\n\t\t\t\t\t\t\t\t\t\tiCalendar\t\t\t\t\t\t\t\t\t<\/a>\n\t\t\t\t\t\t\t\t<\/li>\n\t\t\t\t\t\t\t\t\t\t\t\t\t\t\t<li class=\"tribe-events-c-subscribe-dropdown__list-item tribe-events-c-subscribe-dropdown__list-item--outlook-365\">\n\t\t\t\t\t\t\t\t\t<a\n\t\t\t\t\t\t\t\t\t\thref=\"\"\n\t\t\t\t\t\t\t\t\t\tclass=\"tribe-events-c-subscribe-dropdown__list-item-link\"\n\t\t\t\t\t\t\t\t\t\ttarget=\"_blank\"\n\t\t\t\t\t\t\t\t\t\trel=\"noopener noreferrer nofollow noindex\"\n\t\t\t\t\t\t\t\t\t>\n\t\t\t\t\t\t\t\t\t\tOutlook 365\t\t\t\t\t\t\t\t\t<\/a>\n\t\t\t\t\t\t\t\t<\/li>\n\t\t\t\t\t\t\t\t\t\t\t\t\t\t\t<li class=\"tribe-events-c-subscribe-dropdown__list-item tribe-events-c-subscribe-dropdown__list-item--outlook-live\">\n\t\t\t\t\t\t\t\t\t<a\n\t\t\t\t\t\t\t\t\t\thref=\"\"\n\t\t\t\t\t\t\t\t\t\tclass=\"tribe-events-c-subscribe-dropdown__list-item-link\"\n\t\t\t\t\t\t\t\t\t\ttarget=\"_blank\"\n\t\t\t\t\t\t\t\t\t\trel=\"noopener noreferrer nofollow noindex\"\n\t\t\t\t\t\t\t\t\t>\n\t\t\t\t\t\t\t\t\t\tOutlook Live\t\t\t\t\t\t\t\t\t<\/a>\n\t\t\t\t\t\t\t\t<\/li>\n\t\t\t\t\t\t\t\t\t\t\t\t\t<\/ul>\n\t\t\t\t\t<\/div>\n\t\t\t\t<\/div>\n\t\t\t<\/div>\n\t\t<\/div>\n\t<\/div>\n\n","protected":false},"excerpt":{"rendered":"<p>L&rsquo;Acad\u00e9mie Spatiale d&rsquo;Ile-de-France organise la deuxi\u00e8me \u00e9dition de son \u00e9cole d&rsquo;\u00e9t\u00e9 \u00ab&nbsp;Junior Space Academy&nbsp;\u00bb du lundi 16 Juin au vendredi 20 Juin 2025, pr\u00e8s de Paris. L\u2019objectif de cette \u00e9cole est de pr\u00e9senter les m\u00e9tiers du domaine spatial et l&rsquo;offre de formation associ\u00e9e, en \u00cele-de-France aux &nbsp;\u00e9tudiantes et aux \u00e9tudiants [&hellip;]<\/p>\n","protected":false},"author":1,"featured_media":4166,"template":"","meta":{"_monsterinsights_skip_tracking":false,"_monsterinsights_sitenote_active":false,"_monsterinsights_sitenote_note":"","_monsterinsights_sitenote_category":0,"_EventAllDay":true,"_EventTimezone":"Europe\/Paris","_EventStartDate":"2025-06-16 00:00:00","_EventEndDate":"2025-06-20 23:59:59","_EventStartDateUTC":"2025-06-15 22:00:00","_EventEndDateUTC":"2025-06-20 21:59:59","_EventShowMap":false,"_EventShowMapLink":false,"_EventURL":"","_EventCost":"","_EventCostDescription":"","_EventCurrencySymbol":"\u20ac","_EventCurrencyCode":"EUR","_EventCurrencyPosition":"suffix","_EventDateTimeSeparator":" : ","_EventTimeRangeSeparator":"-","_EventOrganizerID":[],"_EventVenueID":[],"_OrganizerEmail":"","_OrganizerPhone":"","_OrganizerWebsite":"","_VenueAddress":"","_VenueCity":"","_VenueCountry":"","_VenueProvince":"","_VenueState":"","_VenueZip":"","_VenuePhone":"","_VenueURL":"","_VenueStateProvince":"","_VenueLat":"","_VenueLng":"","_VenueShowMap":false,"_VenueShowMapLink":false,"_tribe_events_status":"","_tribe_events_status_reason":"","footnotes":""},"tags":[],"tribe_events_cat":[],"class_list":["post-4167","tribe_events","type-tribe_events","status-publish","has-post-thumbnail","hentry"],"aioseo_notices":[],"_links":{"self":[{"href":"https:\/\/academiespatiale.fr\/index.php\/wp-json\/wp\/v2\/tribe_events\/4167","targetHints":{"allow":["GET"]}}],"collection":[{"href":"https:\/\/academiespatiale.fr\/index.php\/wp-json\/wp\/v2\/tribe_events"}],"about":[{"href":"https:\/\/academiespatiale.fr\/index.php\/wp-json\/wp\/v2\/types\/tribe_events"}],"author":[{"embeddable":true,"href":"https:\/\/academiespatiale.fr\/index.php\/wp-json\/wp\/v2\/users\/1"}],"version-history":[{"count":5,"href":"https:\/\/academiespatiale.fr\/index.php\/wp-json\/wp\/v2\/tribe_events\/4167\/revisions"}],"predecessor-version":[{"id":4566,"href":"https:\/\/academiespatiale.fr\/index.php\/wp-json\/wp\/v2\/tribe_events\/4167\/revisions\/4566"}],"wp:featuredmedia":[{"embeddable":true,"href":"https:\/\/academiespatiale.fr\/index.php\/wp-json\/wp\/v2\/media\/4166"}],"wp:attachment":[{"href":"https:\/\/academiespatiale.fr\/index.php\/wp-json\/wp\/v2\/media?parent=4167"}],"wp:term":[{"taxonomy":"post_tag","embeddable":true,"href":"https:\/\/academiespatiale.fr\/index.php\/wp-json\/wp\/v2\/tags?post=4167"},{"taxonomy":"tribe_events_cat","embeddable":true,"href":"https:\/\/academiespatiale.fr\/index.php\/wp-json\/wp\/v2\/tribe_events_cat?post=4167"}],"curies":[{"name":"wp","href":"https:\/\/api.w.org\/{rel}","templated":true}]}}