{"id":3846,"date":"2025-03-28T16:48:12","date_gmt":"2025-03-28T15:48:12","guid":{"rendered":"https:\/\/academiespatiale.fr\/?post_type=tribe_events&#038;p=3846"},"modified":"2025-03-28T16:49:32","modified_gmt":"2025-03-28T15:49:32","slug":"festival-science-infuze-3-jours-pour-faire-le-plein-de-sciences","status":"publish","type":"tribe_events","link":"https:\/\/academiespatiale.fr\/index.php\/event\/festival-science-infuze-3-jours-pour-faire-le-plein-de-sciences\/","title":{"rendered":"Festival Science InFuze \u2013 3 jours pour faire le plein de sciences"},"content":{"rendered":"<div  class=\"tribe-events-schedule tribe-clearfix\" >\n\t<p class=\"tribe-events-schedule__datetime\">\n\t\t<span class=\"tribe-events-schedule__date tribe-events-schedule__date--start\">\n\t\t\t29 mars 2025\t\t<\/span>\n\n\t\t\t\t\t<span class=\"tribe-events-schedule__separator tribe-events-schedule__separator--date\">\n\t\t\t\t : \t\t\t<\/span>\n\t\t\t<span class=\"tribe-events-schedule__time tribe-events-schedule__time--start\">\n\t\t\t\t10h00\t\t\t<\/span>\n\t\t\n\t\t\t\t\t\t\t\t\t<span class=\"tribe-events-schedule__separator tribe-events-schedule__separator--time\">\n\t\t\t\t\t&#8211;\t\t\t\t<\/span>\n\t\t\t\n\t\t\t\t\t\t\t<span class=\"tribe-events-schedule__date tribe-events-schedule__date--end\">\n\t\t\t\t\t31 mars 2025\t\t\t\t<\/span>\n\n\t\t\t\t\t\t\t\t\t<span class=\"tribe-events-schedule__separator tribe-events-schedule__separator--date\">\n\t\t\t\t\t\t : \t\t\t\t\t<\/span>\n\t\t\t\t\t<span class=\"tribe-events-schedule__time tribe-events-schedule__time--end\">\n\t\t\t\t\t\t19h00\t\t\t\t\t<\/span>\n\t\t\t\t\n\t\t\t\n\t\t\t\t\t\t<\/p>\n<\/div>\n\n\n\n<p class=\"has-medium-font-size\"><strong>Apr\u00e8s le succ\u00e8s de Stars\u2019up \u00e9v\u00e8nement d\u00e9di\u00e9 aux sciences spatiales, le Hangar Y et la ville de Meudon accueille sa petite s\u0153ur, Science inFuZe du 29 au 31 mars 2025 : un festival d\u00e9di\u00e9 \u00e0 la promotion des carri\u00e8res scientifiques, technologiques, d\u2019ing\u00e9nierie et de math\u00e9matiques.<\/strong><\/p>\n\n\n\n<p class=\"has-medium-font-size\">Avec pour ambition de sensibiliser un large public, et plus particuli\u00e8rement les jeunes filles, \u00e0 l\u2019importance des carri\u00e8res scientifiques, ce festival se positionne comme un \u00e9v\u00e9nement cl\u00e9 pour relever les d\u00e9fis, du d\u00e9ficit de vocations scientifiques chez nos jeunes, de la diversit\u00e9 et de l\u2019inclusion dans les m\u00e9tiers du futur, de la recherche et de l\u2019innovation en France.<\/p>\n\n\n\n<div style=\"height:20px\" aria-hidden=\"true\" class=\"wp-block-spacer\"><\/div>\n\n\n\n<p class=\"has-text-align-center has-medium-font-size\"><strong>Retrouvez l&rsquo;Acad\u00e9mie Spatiale d&rsquo;IDF, partenaire de cet \u00e9v\u00e8nement !<\/strong><\/p>\n\n\n\n<div style=\"height:20px\" aria-hidden=\"true\" class=\"wp-block-spacer\"><\/div>\n\n\n\n<div class=\"wp-block-columns is-layout-flex wp-container-core-columns-is-layout-28f84493 wp-block-columns-is-layout-flex\">\n<div class=\"wp-block-column is-layout-flow wp-block-column-is-layout-flow\">\n<p class=\"has-text-align-center has-medium-font-size\"><strong>29, 30 &amp; 31 mars 2025<\/strong><br>Hangar Y<br>9 av. de Trivaux, Meudon<\/p>\n\n\n\n<div class=\"wp-block-columns is-layout-flex wp-container-core-columns-is-layout-28f84493 wp-block-columns-is-layout-flex\">\n<div class=\"wp-block-column is-layout-flow wp-block-column-is-layout-flow\">\n<p class=\"has-text-align-center has-medium-font-size\"><strong>Samedi &amp; Dimanche<br><\/strong>Le Festival <br>\u2192 Grand Public \u2190<\/p>\n<\/div>\n\n\n\n<div class=\"wp-block-column is-layout-flow wp-block-column-is-layout-flow\">\n<p class=\"has-text-align-center has-medium-font-size\"><strong>Lundi<\/strong><br>Think Tank<br>\u2192 Pros &amp; \u00e9coles \u2190<\/p>\n<\/div>\n<\/div>\n\n\n\n<p class=\"has-text-align-center has-medium-font-size\">Gratuit, sur inscription<\/p>\n<\/div>\n\n\n\n<div class=\"wp-block-column is-layout-flow wp-block-column-is-layout-flow\">\n<figure class=\"wp-block-image size-full\"><img loading=\"lazy\" decoding=\"async\" width=\"400\" height=\"400\" src=\"https:\/\/academiespatiale.fr\/wp-content\/uploads\/2025\/03\/science_in_fuze_logo.jpeg\" alt=\"\" class=\"wp-image-3837\" srcset=\"https:\/\/academiespatiale.fr\/wp-content\/uploads\/2025\/03\/science_in_fuze_logo.jpeg 400w, https:\/\/academiespatiale.fr\/wp-content\/uploads\/2025\/03\/science_in_fuze_logo-300x300.jpeg 300w, https:\/\/academiespatiale.fr\/wp-content\/uploads\/2025\/03\/science_in_fuze_logo-150x150.jpeg 150w\" sizes=\"auto, (max-width: 400px) 100vw, 400px\" \/><\/figure>\n<\/div>\n<\/div>\n\n\n\n<p class=\"has-white-background-color has-background has-medium-font-size\">INFOS<br>\u2192 <a href=\"https:\/\/scienceinfuze.com\/\" target=\"_blank\" rel=\"noopener\" title=\"\">Festival Science Infuze, Osons les sciences | Accueil<\/a><br>INSCRIPTION OBLIGATOIRE<br>\u2192 <a href=\"https:\/\/scienceinfuze.com\/billetterie\/\" target=\"_blank\" rel=\"noopener\" title=\"\">Billetterie &#8211; Festival Science inFuZe<\/a><\/p>\n\n\n\n<hr class=\"wp-block-separator has-alpha-channel-opacity\"\/>\n\n\n\n<div style=\"height:20px\" aria-hidden=\"true\" class=\"wp-block-spacer\"><\/div>\n\n\n\n<div class=\"wp-block-columns is-layout-flex wp-container-core-columns-is-layout-28f84493 wp-block-columns-is-layout-flex\">\n<div class=\"wp-block-column is-layout-flow wp-block-column-is-layout-flow\">\n<h4 class=\"wp-block-heading\">29 &amp; 30 mars<\/h4>\n\n\n\n<p class=\"has-medium-font-size\"><strong>Journ\u00e9es Grand Public<\/strong><\/p>\n\n\n\n<p class=\"has-medium-font-size\"><strong>Bien plus qu&rsquo;un \u00e9v\u00e8nement scientifique, le Hangar Y vibrera tout au long du week-end au rythme du festival Science Infuze !<\/strong><\/p>\n\n\n\n<p class=\"has-medium-font-size\">\u2192 <a href=\"https:\/\/scienceinfuze.com\/programme-festival\/\" target=\"_blank\" rel=\"noopener\" title=\"\">Programme du Festival &#8211; Festival Science inFuZe<\/a><\/p>\n\n\n\n<p class=\"has-medium-font-size\">Des rencontres inspirantes avec des pros et des chercheurs&nbsp;: Entrepreneurs, scientifiques, innovateurs\u2026 Ceux qui font avancer le monde seront l\u00e0 pour&nbsp;partager leur passion et donner envie d\u2019oser la science&nbsp;!<\/p>\n\n\n\n<p class=\"has-medium-font-size\">Des animations et spectacles scientifiques&nbsp;: Parce que la science, c\u2019est aussi&nbsp;du show et des surprises&nbsp;!<\/p>\n<\/div>\n\n\n\n<div class=\"wp-block-column is-layout-flow wp-block-column-is-layout-flow\">\n<h4 class=\"wp-block-heading\">31 mars<\/h4>\n\n\n\n<p class=\"has-medium-font-size\"><strong>Think Tank pour les pros et les \u00e9coles<\/strong><\/p>\n\n\n\n<p class=\"has-medium-font-size\"><strong>Une journ\u00e9e de r\u00e9flexion et d\u2019engagement \u00e0 l\u2019action face aux d\u00e9fis \u00e0 relever<\/strong><\/p>\n\n\n\n<p class=\"has-medium-font-size\">\u2192 <a href=\"https:\/\/scienceinfuze.com\/think-tank-colloque\/\" target=\"_blank\" rel=\"noopener\" title=\"\">Think Tank Colloque &#8211; Festival Science inFuZe<\/a><\/p>\n\n\n\n<p class=\"has-medium-font-size\">La journ\u00e9e du lundi 31 mars regroupera des \u00e9tudiants, des associations, des entreprises, des startups, des chercheurs et des enseignants et s\u2019articulera autour de 3 temps forts :<\/p>\n\n\n\n<ul class=\"wp-block-list\">\n<li class=\"has-medium-font-size\">Un colloque en collaboration avec la chaire de Dauphine-PSL Femmes &amp; Science et l\u2019association Femmes &amp; Sciences<\/li>\n\n\n\n<li class=\"has-medium-font-size\">Un&nbsp;<a href=\"https:\/\/scienceinfuze.com\/hackathon\/\">Hackathon<\/a>&nbsp;r\u00e9unissant 300 \u00e9tudiants organis\u00e9 par Hussar Academy pour innover, recruter et networker<\/li>\n\n\n\n<li class=\"has-medium-font-size\">Des tables de r\u00e9flexions th\u00e9matiques priv\u00e9es multiprofils afin de contribuer \u00e0 un projet de l\u2019Acad\u00e9mie des Sciences sur l\u2019Ecole<\/li>\n<\/ul>\n<\/div>\n<\/div>\n\n\n\n\n<div  class=\"tribe-block tribe-block__venue tribe-clearfix\" >\n\t\n\t\t\n\t<\/div>\n\n\n\n\n\t<div  class=\"tribe-block tribe-block__events-link\" >\n\t\t<div class=\"tribe-events tribe-common\">\n\t\t\t<div class=\"tribe-events-c-subscribe-dropdown__container\">\n\t\t\t\t<div class=\"tribe-events-c-subscribe-dropdown\">\n\t\t\t\t\t<div class=\"tribe-common-c-btn-border tribe-events-c-subscribe-dropdown__button\">\n\t\t\t\t\t\t<svg\n\t class=\"tribe-common-c-svgicon tribe-common-c-svgicon--cal-export tribe-events-c-subscribe-dropdown__export-icon\" \taria-hidden=\"true\"\n\tviewBox=\"0 0 23 17\"\n\txmlns=\"http:\/\/www.w3.org\/2000\/svg\"\n>\n\t<path fill-rule=\"evenodd\" clip-rule=\"evenodd\" d=\"M.128.896V16.13c0 .211.145.383.323.383h15.354c.179 0 .323-.172.323-.383V.896c0-.212-.144-.383-.323-.383H.451C.273.513.128.684.128.896Zm16 6.742h-.901V4.679H1.009v10.729h14.218v-3.336h.901V7.638ZM1.01 1.614h14.218v2.058H1.009V1.614Z\" \/>\n\t<path d=\"M20.5 9.846H8.312M18.524 6.953l2.89 2.909-2.855 2.855\" stroke-width=\"1.2\" stroke-linecap=\"round\" stroke-linejoin=\"round\"\/>\n<\/svg>\n\t\t\t\t\t\t<button\n\t\t\t\t\t\t\tclass=\"tribe-events-c-subscribe-dropdown__button-text\"\n\t\t\t\t\t\t\taria-expanded=\"false\"\n\t\t\t\t\t\t\taria-controls=\"tribe-events-subscribe-dropdown-content\"\n\t\t\t\t\t\t\taria-label=\"Afficher les liens permettant d\u2019ajouter des \u00e9v\u00e8nements \u00e0 votre calendrier\"\n\t\t\t\t\t\t>\n\t\t\t\t\t\t\tAjouter au calendrier\t\t\t\t\t\t<\/button>\n\t\t\t\t\t\t<svg\n\t class=\"tribe-common-c-svgicon tribe-common-c-svgicon--caret-down tribe-events-c-subscribe-dropdown__button-icon\" \taria-hidden=\"true\"\n\tviewBox=\"0 0 10 7\"\n\txmlns=\"http:\/\/www.w3.org\/2000\/svg\"\n>\n\t<path fill-rule=\"evenodd\" clip-rule=\"evenodd\" d=\"M1.008.609L5 4.6 8.992.61l.958.958L5 6.517.05 1.566l.958-.958z\" class=\"tribe-common-c-svgicon__svg-fill\"\/>\n<\/svg>\n\t\t\t\t\t<\/div>\n\t\t\t\t\t<div id=\"tribe-events-subscribe-dropdown-content\" class=\"tribe-events-c-subscribe-dropdown__content\">\n\t\t\t\t\t\t<ul class=\"tribe-events-c-subscribe-dropdown__list\">\n\t\t\t\t\t\t\t\t\t\t\t\t\t\t\t<li class=\"tribe-events-c-subscribe-dropdown__list-item tribe-events-c-subscribe-dropdown__list-item--gcal\">\n\t\t\t\t\t\t\t\t\t<a\n\t\t\t\t\t\t\t\t\t\thref=\"https:\/\/www.google.com\/calendar\/event?action=TEMPLATE&#038;dates=20250329T100000\/20250331T190000&#038;text=Festival%20Science%20InFuze%20%E2%80%93%203%20jours%20pour%20faire%20le%20plein%20de%20sciences&#038;details=%3Cp+class%3D%22has-medium-font-size%22%3E%3Cstrong%3EApr%C3%A8s+le+succ%C3%A8s+de+Stars%E2%80%99up+%C3%A9v%C3%A8nement+d%C3%A9di%C3%A9+aux+sciences+spatiales%2C+le+Hangar+Y+et+la+ville+de+Meudon+accueille+sa+petite+s%C5%93ur%2C+Science+inFuZe+du+29+au+31+mars+2025+%3A+un+festival+d%C3%A9di%C3%A9+%C3%A0+la+promotion+des+carri%C3%A8res+scientifiques%2C+technologiques%2C+d%E2%80%99ing%C3%A9nierie+et+de+math%C3%A9matiques.%3C%2Fstrong%3E%3C%2Fp%3E+%3Cp+class%3D%22has-medium-font-size%22%3EAvec+pour+ambition+de+sensibiliser+un+large+public%2C+et+plus+particuli%C3%A8rement+les+jeunes+filles%2C+%C3%A0+l%E2%80%99importance+des+carri%C3%A8res+scientifiques%2C+ce+festival+se+positionne+comme+un+%C3%A9v%C3%A9nement+cl%C3%A9+pour+relever+les+d%C3%A9fis%2C+du+d%C3%A9ficit+de+vocations+scientifiques+chez+nos+jeunes%2C+de+la+diversit%C3%A9+et+de+l%E2%80%99inclusion+dans+les+m%C3%A9tiers+du+futur%2C+de+la+recherche+et+de+l%E2%80%99innovation+en+France.%3C%2Fp%3E+%3Cdiv+style%3D%22height%3A20px%22+aria-hidden%3D%22true%22+class%3D%22wp-block-spacer%22%3E%3C%2Fdiv%3E%3Cp+class%3D%22has-text-align-center+has-medium-font-size%22%3E%3Cstrong%3ERetrouvez+l%27Acad%C3%A9mie+Spatiale+d%27IDF%2C+partenaire+de+cet+%C3%A9v%C3%A8nement+%21%3C%2Fstrong%3E%3C%2Fp%3E%28Voir+toute+la+description+de+%C3%A9v%C3%A8nement+ici%C2%A0%3A+https%3A%2F%2Facademiespatiale.fr%2Findex.php%2Fevent%2Ffestival-science-infuze-3-jours-pour-faire-le-plein-de-sciences%2F%29&#038;trp=false&#038;ctz=Europe\/Paris&#038;sprop=website:https:\/\/academiespatiale.fr\"\n\t\t\t\t\t\t\t\t\t\tclass=\"tribe-events-c-subscribe-dropdown__list-item-link\"\n\t\t\t\t\t\t\t\t\t\ttarget=\"_blank\"\n\t\t\t\t\t\t\t\t\t\trel=\"noopener noreferrer nofollow noindex\"\n\t\t\t\t\t\t\t\t\t>\n\t\t\t\t\t\t\t\t\t\tGoogle Agenda\t\t\t\t\t\t\t\t\t<\/a>\n\t\t\t\t\t\t\t\t<\/li>\n\t\t\t\t\t\t\t\t\t\t\t\t\t\t\t<li class=\"tribe-events-c-subscribe-dropdown__list-item tribe-events-c-subscribe-dropdown__list-item--ical\">\n\t\t\t\t\t\t\t\t\t<a\n\t\t\t\t\t\t\t\t\t\thref=\"\"\n\t\t\t\t\t\t\t\t\t\tclass=\"tribe-events-c-subscribe-dropdown__list-item-link\"\n\t\t\t\t\t\t\t\t\t\ttarget=\"_blank\"\n\t\t\t\t\t\t\t\t\t\trel=\"noopener noreferrer nofollow noindex\"\n\t\t\t\t\t\t\t\t\t>\n\t\t\t\t\t\t\t\t\t\tiCalendar\t\t\t\t\t\t\t\t\t<\/a>\n\t\t\t\t\t\t\t\t<\/li>\n\t\t\t\t\t\t\t\t\t\t\t\t\t\t\t<li class=\"tribe-events-c-subscribe-dropdown__list-item tribe-events-c-subscribe-dropdown__list-item--outlook-365\">\n\t\t\t\t\t\t\t\t\t<a\n\t\t\t\t\t\t\t\t\t\thref=\"\"\n\t\t\t\t\t\t\t\t\t\tclass=\"tribe-events-c-subscribe-dropdown__list-item-link\"\n\t\t\t\t\t\t\t\t\t\ttarget=\"_blank\"\n\t\t\t\t\t\t\t\t\t\trel=\"noopener noreferrer nofollow noindex\"\n\t\t\t\t\t\t\t\t\t>\n\t\t\t\t\t\t\t\t\t\tOutlook 365\t\t\t\t\t\t\t\t\t<\/a>\n\t\t\t\t\t\t\t\t<\/li>\n\t\t\t\t\t\t\t\t\t\t\t\t\t\t\t<li class=\"tribe-events-c-subscribe-dropdown__list-item tribe-events-c-subscribe-dropdown__list-item--outlook-live\">\n\t\t\t\t\t\t\t\t\t<a\n\t\t\t\t\t\t\t\t\t\thref=\"\"\n\t\t\t\t\t\t\t\t\t\tclass=\"tribe-events-c-subscribe-dropdown__list-item-link\"\n\t\t\t\t\t\t\t\t\t\ttarget=\"_blank\"\n\t\t\t\t\t\t\t\t\t\trel=\"noopener noreferrer nofollow noindex\"\n\t\t\t\t\t\t\t\t\t>\n\t\t\t\t\t\t\t\t\t\tOutlook Live\t\t\t\t\t\t\t\t\t<\/a>\n\t\t\t\t\t\t\t\t<\/li>\n\t\t\t\t\t\t\t\t\t\t\t\t\t<\/ul>\n\t\t\t\t\t<\/div>\n\t\t\t\t<\/div>\n\t\t\t<\/div>\n\t\t<\/div>\n\t<\/div>\n\n","protected":false},"excerpt":{"rendered":"<p>Apr\u00e8s le succ\u00e8s de Stars\u2019up \u00e9v\u00e8nement d\u00e9di\u00e9 aux sciences spatiales, le Hangar Y et la ville de Meudon accueille sa petite s\u0153ur, Science inFuZe du 29 au 31 mars 2025 : un festival d\u00e9di\u00e9 \u00e0 la promotion des carri\u00e8res scientifiques, technologiques, d\u2019ing\u00e9nierie et de math\u00e9matiques. Avec pour ambition de sensibiliser [&hellip;]<\/p>\n","protected":false},"author":1,"featured_media":3835,"template":"","meta":{"_monsterinsights_skip_tracking":false,"_monsterinsights_sitenote_active":false,"_monsterinsights_sitenote_note":"","_monsterinsights_sitenote_category":0,"_EventAllDay":false,"_EventTimezone":"Europe\/Paris","_EventStartDate":"2025-03-29 10:00:00","_EventEndDate":"2025-03-31 19:00:00","_EventStartDateUTC":"2025-03-29 09:00:00","_EventEndDateUTC":"2025-03-31 17:00:00","_EventShowMap":false,"_EventShowMapLink":false,"_EventURL":"","_EventCost":"","_EventCostDescription":"","_EventCurrencySymbol":"\u20ac","_EventCurrencyCode":"EUR","_EventCurrencyPosition":"suffix","_EventDateTimeSeparator":" : ","_EventTimeRangeSeparator":"-","_EventOrganizerID":[],"_EventVenueID":[],"_OrganizerEmail":"","_OrganizerPhone":"","_OrganizerWebsite":"","_VenueAddress":"","_VenueCity":"","_VenueCountry":"","_VenueProvince":"","_VenueState":"","_VenueZip":"","_VenuePhone":"","_VenueURL":"","_VenueStateProvince":"","_VenueLat":"","_VenueLng":"","_VenueShowMap":false,"_VenueShowMapLink":false,"_tribe_events_status":"","_tribe_events_status_reason":"","footnotes":""},"tags":[],"tribe_events_cat":[],"class_list":["post-3846","tribe_events","type-tribe_events","status-publish","has-post-thumbnail","hentry"],"aioseo_notices":[],"_links":{"self":[{"href":"https:\/\/academiespatiale.fr\/index.php\/wp-json\/wp\/v2\/tribe_events\/3846","targetHints":{"allow":["GET"]}}],"collection":[{"href":"https:\/\/academiespatiale.fr\/index.php\/wp-json\/wp\/v2\/tribe_events"}],"about":[{"href":"https:\/\/academiespatiale.fr\/index.php\/wp-json\/wp\/v2\/types\/tribe_events"}],"author":[{"embeddable":true,"href":"https:\/\/academiespatiale.fr\/index.php\/wp-json\/wp\/v2\/users\/1"}],"version-history":[{"count":4,"href":"https:\/\/academiespatiale.fr\/index.php\/wp-json\/wp\/v2\/tribe_events\/3846\/revisions"}],"predecessor-version":[{"id":3850,"href":"https:\/\/academiespatiale.fr\/index.php\/wp-json\/wp\/v2\/tribe_events\/3846\/revisions\/3850"}],"wp:featuredmedia":[{"embeddable":true,"href":"https:\/\/academiespatiale.fr\/index.php\/wp-json\/wp\/v2\/media\/3835"}],"wp:attachment":[{"href":"https:\/\/academiespatiale.fr\/index.php\/wp-json\/wp\/v2\/media?parent=3846"}],"wp:term":[{"taxonomy":"post_tag","embeddable":true,"href":"https:\/\/academiespatiale.fr\/index.php\/wp-json\/wp\/v2\/tags?post=3846"},{"taxonomy":"tribe_events_cat","embeddable":true,"href":"https:\/\/academiespatiale.fr\/index.php\/wp-json\/wp\/v2\/tribe_events_cat?post=3846"}],"curies":[{"name":"wp","href":"https:\/\/api.w.org\/{rel}","templated":true}]}}