{"id":3659,"date":"2025-03-03T12:26:59","date_gmt":"2025-03-03T11:26:59","guid":{"rendered":"https:\/\/academiespatiale.fr\/?post_type=tribe_events&#038;p=3659"},"modified":"2025-03-04T16:07:51","modified_gmt":"2025-03-04T15:07:51","slug":"seminaire-le-new-space-dans-les-yvelines-quelles-opportunites-industrielles","status":"publish","type":"tribe_events","link":"https:\/\/academiespatiale.fr\/index.php\/event\/seminaire-le-new-space-dans-les-yvelines-quelles-opportunites-industrielles\/","title":{"rendered":"[S\u00c9MINAIRE] Le New Space dans les Yvelines : quelles opportunit\u00e9s industrielles ?"},"content":{"rendered":"<div  class=\"tribe-events-schedule tribe-clearfix\" >\n\t<p class=\"tribe-events-schedule__datetime\">\n\t\t<span class=\"tribe-events-schedule__date tribe-events-schedule__date--start\">\n\t\t\t3 avril 2025\t\t<\/span>\n\n\t\t\t\t\t<span class=\"tribe-events-schedule__separator tribe-events-schedule__separator--date\">\n\t\t\t\t : \t\t\t<\/span>\n\t\t\t<span class=\"tribe-events-schedule__time tribe-events-schedule__time--start\">\n\t\t\t\t14h00\t\t\t<\/span>\n\t\t\n\t\t\t\t\t\t\t\t\t<span class=\"tribe-events-schedule__separator tribe-events-schedule__separator--time\">\n\t\t\t\t\t&#8211;\t\t\t\t<\/span>\n\t\t\t\n\t\t\t\t\t\t\t<span class=\"tribe-events-schedule__time tribe-events-schedule__time--end\">\n\t\t\t\t\t17h00\t\t\t\t<\/span>\n\t\t\t\n\t\t\t\t\t\t<\/p>\n<\/div>\n\n\n\n<p class=\"has-medium-font-size\">La <strong>Direction Contrats, \u00e9tudes et prospectives du Conseil d\u00e9partemental des Yvelines<\/strong> et le <strong>LIMEEP-PS<\/strong> de l\u2019Universit\u00e9 de Versailles Saint Quentin, organise conjointement, en partenariat avec l\u2019Acad\u00e9mie Spatiale d\u2019Ile-de-France, un s\u00e9minaire intitul\u00e9 \u00ab\u00a0Le New Space dans les Yvelines : quelles opportunit\u00e9s industrielles ?<\/p>\n\n\n\n<div class=\"wp-block-columns is-layout-flex wp-container-core-columns-is-layout-28f84493 wp-block-columns-is-layout-flex\">\n<div class=\"wp-block-column is-vertically-aligned-center is-layout-flow wp-block-column-is-layout-flow\">\n<hr class=\"wp-block-separator has-alpha-channel-opacity\" style=\"margin-top:var(--wp--preset--spacing--60);margin-bottom:var(--wp--preset--spacing--60)\"\/>\n\n\n\n<p class=\"has-text-align-center has-medium-font-size\"><strong>Le New Space dans les Yvelines : quelles opportunit\u00e9s industrielles ?<\/strong><\/p>\n\n\n\n<p class=\"has-text-align-center has-medium-font-size\"><strong>Jeudi 3 avril<br>de 14h \u00e0 17h<\/strong><br><br>Conseil d\u00e9partemental<br>Salle Georges B\u00e9niz\u00e9, B\u00e2timent Alpha<br>11, avenue du Centre<br>78280 Guyancourt<\/p>\n\n\n\n<p class=\"has-text-align-center\"><strong>Sur inscription<br><\/strong>Merci de confirmer votre pr\u00e9sence \u00e0&nbsp;:&nbsp;<br><a href=\"mailto:etudes.territoriales@yvelines.fr\" target=\"_blank\" rel=\"noopener\" title=\"\"><strong>etudes.territoriales@yvelines.fr<\/strong><\/a><\/p>\n\n\n\n<p class=\"has-text-align-center\"><strong>En visioconf\u00e9rence<br><\/strong><a href=\"https:\/\/teams.microsoft.com\/l\/meetup-join\/19%3ameeting_NmMwNjY3N2MtZmQ2Mi00MzBhLTgwZDctY2M3NWVmY2RlN2U3%40thread.v2\/0?context=%7b%22Tid%22%3a%22664e593e-7c2c-4eb4-a2b7-2d718fe623dd%22%2c%22Oid%22%3a%22d5303b74-324c-4f34-90fa-1abec1c99b48%22%7d\" target=\"_blank\" rel=\"noreferrer noopener\"><strong>Rejoignez la r\u00e9union<\/strong><\/a><br>ID de r\u00e9union : 368 153 960 212<br>Code secret : Sq6oR9nu<\/p>\n\n\n\n<hr class=\"wp-block-separator has-alpha-channel-opacity\"\/>\n<\/div>\n\n\n\n<div class=\"wp-block-column is-layout-flow wp-block-column-is-layout-flow\">\n<figure class=\"wp-block-image size-large\"><img loading=\"lazy\" decoding=\"async\" width=\"492\" height=\"1024\" src=\"https:\/\/academiespatiale.fr\/wp-content\/uploads\/2025\/03\/1735683332787-492x1024.jpg\" alt=\"\" class=\"wp-image-3656\" style=\"aspect-ratio:3\/4;object-fit:cover\" srcset=\"https:\/\/academiespatiale.fr\/wp-content\/uploads\/2025\/03\/1735683332787-492x1024.jpg 492w, https:\/\/academiespatiale.fr\/wp-content\/uploads\/2025\/03\/1735683332787-144x300.jpg 144w, https:\/\/academiespatiale.fr\/wp-content\/uploads\/2025\/03\/1735683332787-768x1598.jpg 768w, https:\/\/academiespatiale.fr\/wp-content\/uploads\/2025\/03\/1735683332787-738x1536.jpg 738w, https:\/\/academiespatiale.fr\/wp-content\/uploads\/2025\/03\/1735683332787-984x2048.jpg 984w, https:\/\/academiespatiale.fr\/wp-content\/uploads\/2025\/03\/1735683332787.jpg 1170w\" sizes=\"auto, (max-width: 492px) 100vw, 492px\" \/><figcaption class=\"wp-element-caption\">\u00a9 UVSQ-sat NG \/ LATMOS<\/figcaption><\/figure>\n<\/div>\n<\/div>\n\n\n\n<p class=\"has-medium-font-size\">Depuis quelque 25 ann\u00e9es, la cr\u00e9ation d\u2019entreprises telles que Space X et Blue Origin, associ\u00e9es \u00e0 l\u2019apparition de nouveaux types de lanceurs, la mise sur le march\u00e9 de nouveaux types de satellites tels que les \u00ab&nbsp;Cub sat&nbsp;\u00bb et autres \u00ab&nbsp;constellations&nbsp;\u00bb, l\u2019\u00e9mergence de nouvelles utilisations de l\u2019espace astrophysique (t\u00e9l\u00e9communications, observation du changement climatique, s\u00e9curit\u00e9 militaire, entre autres applications) marquent l\u2019av\u00e8nement d\u2019une \u00ab nouvelle \u00e8re \u00bb de la conqu\u00eate spatiale, souvent qualifi\u00e9e de \u00ab&nbsp;New Space&nbsp;\u00bb. <\/p>\n\n\n\n<p class=\"has-medium-font-size\">Cette conf\u00e9rence sera l\u2019occasion de pr\u00e9senter et d\u2019\u00e9changer sur&nbsp;:<\/p>\n\n\n\n<ul class=\"wp-block-list has-medium-font-size\">\n<li>Les opportunit\u00e9s de d\u00e9veloppement pour les Yvelines, qui b\u00e9n\u00e9ficie d\u2019un \u00e9cosyst\u00e8me riche en acteurs industriels et en \u00e9tablissements de R&amp;D dans ce domaine.<\/li>\n\n\n\n<li>Les d\u00e9fis environnementaux et les enjeux de souverainet\u00e9\u00a0technologique et militaire li\u00e9s \u00e0 ce secteur d\u2019activit\u00e9.<\/li>\n\n\n\n<li class=\"has-medium-font-size\">Les enjeux du New Space sous ses multiples dimensions\u00a0: formation, recherche, entrepreneuriat, industrie&#8230;<\/li>\n<\/ul>\n\n\n\n<h2 class=\"wp-block-heading\">Programme<\/h2>\n\n\n\n<p class=\"has-medium-font-size\">14 h : <em>L\u2019essor de l\u2019industrie spatiale : entre enjeux environnementaux et rivalit\u00e9s technologiques<\/em> par <strong>Ilyas Sadki-Caill\u00e9<\/strong> (Etudiant en Master \u00ab Gestion des territoires, des risques et de l\u2019environnement)<\/p>\n\n\n\n<p class=\"has-medium-font-size\">14h30 : <em>Le New Space dans les Yvelines : dynamiques d\u2019implantation, enjeux de durabilit\u00e9 et souverainet\u00e9 nationale<\/em> par <strong>Alexine Herbillon<\/strong> (Charg\u00e9e d\u2019\u00e9tudes, Platform One)<\/p>\n\n\n\n<p><em>15h \u2013 pause<\/em><\/p>\n\n\n\n<p class=\"has-medium-font-size\">15h15 : <em>L\u2019Acad\u00e9mie spatiale, une articulation entre les mondes industriel et acad\u00e9mique<\/em> par <strong>Philippe Keckhut<\/strong> (Directeur scientifique, Acad\u00e9mie spatiale d\u2019Ile-de-France) :<\/p>\n\n\n\n<p class=\"has-medium-font-size\">15h45 : <em>Structures de formation, entrepreneuriat, processus de la cr\u00e9ation d\u2019entreprises dans le New Space<\/em> par <strong>Thomas Garnier<\/strong> (Ing\u00e9nieur de recherche LATMOS, Co-responsable du M2 Newspace, Universit\u00e9 Paris-Saclay)<\/p>\n\n\n\n<p class=\"has-medium-font-size\">16h15 : <em>Synergies entre acteurs du spatial vue de la Plateforme d\u2019Int\u00e9gration et de Tests de l\u2019OVSQ<\/em> par <strong>Pierre Maso<\/strong> (Ing\u00e9nieur CNRS, Directeur technique de l\u2019OVSQ)<\/p>\n\n\n\n<div style=\"height:50px\" aria-hidden=\"true\" class=\"wp-block-spacer\"><\/div>\n\n\n\n\n<div  class=\"tribe-block tribe-block__venue tribe-clearfix tribe-block__venue--has-map\" >\n\t\n\t\n<div class=\"tribe-block__venue__meta\">\n\t<div class=\"tribe-block__venue__name\">\n\t\t<h3>Conseil d\u00e9partemental<\/h3>\n\t<\/div>\n\n\t\n\t\t\t\t\t\t<address class=\"tribe-block__venue__address\">\n\t\t\t\t<span class=\"tribe-address\">\n\n<span class=\"tribe-street-address\">11, avenue du centre<\/span>\n\t\n\t\t<br>\n\t\t<span class=\"tribe-locality\">Guyancourt<\/span><span class=\"tribe-delimiter\">,<\/span>\n\n\n\t<span class=\"tribe-postal-code\">78280<\/span>\n\n\n<\/span>\n\n\t\t\t\t\t\t\t\t\t<a class=\"tribe-events-gmap\" href=\"https:\/\/maps.google.com\/maps?f=q&#038;source=s_q&#038;hl=en&#038;geocode=&#038;q=11%2C+avenue+du+centre+Guyancourt+78280\" title=\"Cliquez pour voir une carte Google Map\" target=\"_blank\" rel=\"noreferrer noopener\">+ Google Map<\/a>\t\t\t\t\t\t\t<\/address>\n\t\t\n\t\t\n\t\t\t\n\t<\/div>\n\t\n<div class=\"tribe-block__venue__map\">\n\t\n<iframe loading=\"lazy\"\n  title=\"L\u2018iframe Google maps affichant l\u2019adresse \u00e0 Conseil d\u00e9partemental\"\n  aria-label=\"Plan des lieux\"\n  width=\"310px\"\n  height=\"256px\"\n  frameborder=\"0\" style=\"border:0\"\n  src=\"https:\/\/www.google.com\/maps\/embed\/v1\/place?key=AIzaSyDNsicAsP6-VuGtAb1O9riI3oc_NOb7IOU&#038;q=11%2C+avenue+du+centre+Guyancourt+78280+&#038;zoom=10\" allowfullscreen>\n<\/iframe>\n<\/div>\n\n\t<\/div>\n\n\n\n<figure class=\"wp-block-image size-large\"><img loading=\"lazy\" decoding=\"async\" width=\"1024\" height=\"576\" src=\"https:\/\/academiespatiale.fr\/wp-content\/uploads\/2025\/03\/1732237686291-1024x576.jpg\" alt=\"\" class=\"wp-image-3664\" srcset=\"https:\/\/academiespatiale.fr\/wp-content\/uploads\/2025\/03\/1732237686291-1024x576.jpg 1024w, https:\/\/academiespatiale.fr\/wp-content\/uploads\/2025\/03\/1732237686291-300x169.jpg 300w, https:\/\/academiespatiale.fr\/wp-content\/uploads\/2025\/03\/1732237686291-768x432.jpg 768w, https:\/\/academiespatiale.fr\/wp-content\/uploads\/2025\/03\/1732237686291-1536x864.jpg 1536w, https:\/\/academiespatiale.fr\/wp-content\/uploads\/2025\/03\/1732237686291.jpg 2048w\" sizes=\"auto, (max-width: 1024px) 100vw, 1024px\" \/><figcaption class=\"wp-element-caption\">\u00a9 UVSQ-Sat NG \/ LATMOS<\/figcaption><\/figure>\n\n\n\t<div  class=\"tribe-block tribe-block__events-link\" >\n\t\t<div class=\"tribe-events tribe-common\">\n\t\t\t<div class=\"tribe-events-c-subscribe-dropdown__container\">\n\t\t\t\t<div class=\"tribe-events-c-subscribe-dropdown\">\n\t\t\t\t\t<div class=\"tribe-common-c-btn-border tribe-events-c-subscribe-dropdown__button\">\n\t\t\t\t\t\t<svg\n\t class=\"tribe-common-c-svgicon tribe-common-c-svgicon--cal-export tribe-events-c-subscribe-dropdown__export-icon\" \taria-hidden=\"true\"\n\tviewBox=\"0 0 23 17\"\n\txmlns=\"http:\/\/www.w3.org\/2000\/svg\"\n>\n\t<path fill-rule=\"evenodd\" clip-rule=\"evenodd\" d=\"M.128.896V16.13c0 .211.145.383.323.383h15.354c.179 0 .323-.172.323-.383V.896c0-.212-.144-.383-.323-.383H.451C.273.513.128.684.128.896Zm16 6.742h-.901V4.679H1.009v10.729h14.218v-3.336h.901V7.638ZM1.01 1.614h14.218v2.058H1.009V1.614Z\" \/>\n\t<path d=\"M20.5 9.846H8.312M18.524 6.953l2.89 2.909-2.855 2.855\" stroke-width=\"1.2\" stroke-linecap=\"round\" stroke-linejoin=\"round\"\/>\n<\/svg>\n\t\t\t\t\t\t<button\n\t\t\t\t\t\t\tclass=\"tribe-events-c-subscribe-dropdown__button-text\"\n\t\t\t\t\t\t\taria-expanded=\"false\"\n\t\t\t\t\t\t\taria-controls=\"tribe-events-subscribe-dropdown-content\"\n\t\t\t\t\t\t\taria-label=\"Afficher les liens permettant d\u2019ajouter des \u00e9v\u00e8nements \u00e0 votre calendrier\"\n\t\t\t\t\t\t>\n\t\t\t\t\t\t\tAjouter au calendrier\t\t\t\t\t\t<\/button>\n\t\t\t\t\t\t<svg\n\t class=\"tribe-common-c-svgicon tribe-common-c-svgicon--caret-down tribe-events-c-subscribe-dropdown__button-icon\" \taria-hidden=\"true\"\n\tviewBox=\"0 0 10 7\"\n\txmlns=\"http:\/\/www.w3.org\/2000\/svg\"\n>\n\t<path fill-rule=\"evenodd\" clip-rule=\"evenodd\" d=\"M1.008.609L5 4.6 8.992.61l.958.958L5 6.517.05 1.566l.958-.958z\" class=\"tribe-common-c-svgicon__svg-fill\"\/>\n<\/svg>\n\t\t\t\t\t<\/div>\n\t\t\t\t\t<div id=\"tribe-events-subscribe-dropdown-content\" class=\"tribe-events-c-subscribe-dropdown__content\">\n\t\t\t\t\t\t<ul class=\"tribe-events-c-subscribe-dropdown__list\">\n\t\t\t\t\t\t\t\t\t\t\t\t\t\t\t<li class=\"tribe-events-c-subscribe-dropdown__list-item tribe-events-c-subscribe-dropdown__list-item--gcal\">\n\t\t\t\t\t\t\t\t\t<a\n\t\t\t\t\t\t\t\t\t\thref=\"https:\/\/www.google.com\/calendar\/event?action=TEMPLATE&#038;dates=20250403T140000\/20250403T170000&#038;text=%5BS%C3%89MINAIRE%5D%20Le%20New%20Space%20dans%20les%20Yvelines%20%3A%20quelles%20opportunit%C3%A9s%20industrielles%20%3F&#038;details=%3Cp+class%3D%22has-medium-font-size%22%3ELa+%3Cstrong%3EDirection+Contrats%2C+%C3%A9tudes+et+prospectives+du+Conseil+d%C3%A9partemental+des+Yvelines%3C%2Fstrong%3E+et+le+%3Cstrong%3ELIMEEP-PS%3C%2Fstrong%3E+de+l%E2%80%99Universit%C3%A9+de+Versailles+Saint+Quentin%2C+organise+conjointement%2C+en+partenariat+avec+l%E2%80%99Acad%C3%A9mie+Spatiale+d%E2%80%99Ile-de-France%2C+un+s%C3%A9minaire+intitul%C3%A9+%22Le+New+Space+dans+les+Yvelines+%3A+quelles+opportunit%C3%A9s+industrielles+%3F%3C%2Fp%3E+%3Cdiv+class%3D%22wp-block-columns%22%3E%3Cdiv+class%3D%22wp-block-column+is-vertically-aligned-center%22%3E%3Chr+class%3D%22wp-block-separator+has-alpha-channel-opacity%22+style%3D%22margin-top%3Avar%28--wp--preset--spacing--60%29%3Bmargin-bottom%3Avar%28--wp--preset--spacing--60%29%22%2F%3E%3Cp+class%3D%22has-text-align-center+has-medium-font-size%22%3E%3Cstrong%3ELe+New+Space+dans+les+Yvelines+%3A+quelles+opportunit%C3%A9s+industrielles+%3F%3C%2Fstrong%3E%3C%2Fp%3E+%3Cp+class%3D%22has-text-align-center+has-medium-font-size%22%3E%3Cstrong%3EJeudi+3+avril%3Cbr+%2F%3Ede+14h+%C3%A0+17h%3C%2Fstrong%3E%3Cbr+%2F%3E%3Cbr+%2F%3EConseil+d%C3%A9partemental%3Cbr+%2F%3ESalle+Georges+B%C3%A9niz%C3%A9%2C+B%C3%A2timent+Alpha%3Cbr+%2F%3E11%2C+avenue+d%3C%2Fp%3E%3C%2Fdiv%3E%3C%2Fdiv%3E%28Voir+toute+la+description+de+%C3%A9v%C3%A8nement+ici%C2%A0%3A+https%3A%2F%2Facademiespatiale.fr%2Findex.php%2Fevent%2Fseminaire-le-new-space-dans-les-yvelines-quelles-opportunites-industrielles%2F%29&#038;location=Conseil%20d\u00e9partemental,%2011,%20avenue%20du%20centre,%20Guyancourt,%2078280&#038;trp=false&#038;ctz=Europe\/Paris&#038;sprop=website:https:\/\/academiespatiale.fr\"\n\t\t\t\t\t\t\t\t\t\tclass=\"tribe-events-c-subscribe-dropdown__list-item-link\"\n\t\t\t\t\t\t\t\t\t\ttarget=\"_blank\"\n\t\t\t\t\t\t\t\t\t\trel=\"noopener noreferrer nofollow noindex\"\n\t\t\t\t\t\t\t\t\t>\n\t\t\t\t\t\t\t\t\t\tGoogle Agenda\t\t\t\t\t\t\t\t\t<\/a>\n\t\t\t\t\t\t\t\t<\/li>\n\t\t\t\t\t\t\t\t\t\t\t\t\t\t\t<li class=\"tribe-events-c-subscribe-dropdown__list-item tribe-events-c-subscribe-dropdown__list-item--ical\">\n\t\t\t\t\t\t\t\t\t<a\n\t\t\t\t\t\t\t\t\t\thref=\"\"\n\t\t\t\t\t\t\t\t\t\tclass=\"tribe-events-c-subscribe-dropdown__list-item-link\"\n\t\t\t\t\t\t\t\t\t\ttarget=\"_blank\"\n\t\t\t\t\t\t\t\t\t\trel=\"noopener noreferrer nofollow noindex\"\n\t\t\t\t\t\t\t\t\t>\n\t\t\t\t\t\t\t\t\t\tiCalendar\t\t\t\t\t\t\t\t\t<\/a>\n\t\t\t\t\t\t\t\t<\/li>\n\t\t\t\t\t\t\t\t\t\t\t\t\t\t\t<li class=\"tribe-events-c-subscribe-dropdown__list-item tribe-events-c-subscribe-dropdown__list-item--outlook-365\">\n\t\t\t\t\t\t\t\t\t<a\n\t\t\t\t\t\t\t\t\t\thref=\"\"\n\t\t\t\t\t\t\t\t\t\tclass=\"tribe-events-c-subscribe-dropdown__list-item-link\"\n\t\t\t\t\t\t\t\t\t\ttarget=\"_blank\"\n\t\t\t\t\t\t\t\t\t\trel=\"noopener noreferrer nofollow noindex\"\n\t\t\t\t\t\t\t\t\t>\n\t\t\t\t\t\t\t\t\t\tOutlook 365\t\t\t\t\t\t\t\t\t<\/a>\n\t\t\t\t\t\t\t\t<\/li>\n\t\t\t\t\t\t\t\t\t\t\t\t\t\t\t<li class=\"tribe-events-c-subscribe-dropdown__list-item tribe-events-c-subscribe-dropdown__list-item--outlook-live\">\n\t\t\t\t\t\t\t\t\t<a\n\t\t\t\t\t\t\t\t\t\thref=\"\"\n\t\t\t\t\t\t\t\t\t\tclass=\"tribe-events-c-subscribe-dropdown__list-item-link\"\n\t\t\t\t\t\t\t\t\t\ttarget=\"_blank\"\n\t\t\t\t\t\t\t\t\t\trel=\"noopener noreferrer nofollow noindex\"\n\t\t\t\t\t\t\t\t\t>\n\t\t\t\t\t\t\t\t\t\tOutlook Live\t\t\t\t\t\t\t\t\t<\/a>\n\t\t\t\t\t\t\t\t<\/li>\n\t\t\t\t\t\t\t\t\t\t\t\t\t<\/ul>\n\t\t\t\t\t<\/div>\n\t\t\t\t<\/div>\n\t\t\t<\/div>\n\t\t<\/div>\n\t<\/div>\n\n","protected":false},"excerpt":{"rendered":"<p>La Direction Contrats, \u00e9tudes et prospectives du Conseil d\u00e9partemental des Yvelines et le LIMEEP-PS de l\u2019Universit\u00e9 de Versailles Saint Quentin, organise conjointement, en partenariat avec l\u2019Acad\u00e9mie Spatiale d\u2019Ile-de-France, un s\u00e9minaire intitul\u00e9 \u00ab\u00a0Le New Space dans les Yvelines : quelles opportunit\u00e9s industrielles ? Le New Space dans les Yvelines : quelles [&hellip;]<\/p>\n","protected":false},"author":1,"featured_media":3657,"template":"","meta":{"_monsterinsights_skip_tracking":false,"_monsterinsights_sitenote_active":false,"_monsterinsights_sitenote_note":"","_monsterinsights_sitenote_category":0,"_EventAllDay":false,"_EventTimezone":"Europe\/Paris","_EventStartDate":"2025-04-03 14:00:00","_EventEndDate":"2025-04-03 17:00:00","_EventStartDateUTC":"2025-04-03 12:00:00","_EventEndDateUTC":"2025-04-03 15:00:00","_EventShowMap":false,"_EventShowMapLink":false,"_EventURL":"","_EventCost":"","_EventCostDescription":"","_EventCurrencySymbol":"\u20ac","_EventCurrencyCode":"EUR","_EventCurrencyPosition":"suffix","_EventDateTimeSeparator":" : ","_EventTimeRangeSeparator":"-","_EventOrganizerID":[],"_EventVenueID":[3660],"_OrganizerEmail":"","_OrganizerPhone":"","_OrganizerWebsite":"","_VenueAddress":"","_VenueCity":"","_VenueCountry":"","_VenueProvince":"","_VenueState":"","_VenueZip":"","_VenuePhone":"","_VenueURL":"","_VenueStateProvince":"","_VenueLat":"","_VenueLng":"","_VenueShowMap":false,"_VenueShowMapLink":false,"_tribe_events_status":"","_tribe_events_status_reason":"","footnotes":""},"tags":[],"tribe_events_cat":[],"class_list":["post-3659","tribe_events","type-tribe_events","status-publish","has-post-thumbnail","hentry"],"aioseo_notices":[],"_links":{"self":[{"href":"https:\/\/academiespatiale.fr\/index.php\/wp-json\/wp\/v2\/tribe_events\/3659","targetHints":{"allow":["GET"]}}],"collection":[{"href":"https:\/\/academiespatiale.fr\/index.php\/wp-json\/wp\/v2\/tribe_events"}],"about":[{"href":"https:\/\/academiespatiale.fr\/index.php\/wp-json\/wp\/v2\/types\/tribe_events"}],"author":[{"embeddable":true,"href":"https:\/\/academiespatiale.fr\/index.php\/wp-json\/wp\/v2\/users\/1"}],"version-history":[{"count":3,"href":"https:\/\/academiespatiale.fr\/index.php\/wp-json\/wp\/v2\/tribe_events\/3659\/revisions"}],"predecessor-version":[{"id":3678,"href":"https:\/\/academiespatiale.fr\/index.php\/wp-json\/wp\/v2\/tribe_events\/3659\/revisions\/3678"}],"wp:featuredmedia":[{"embeddable":true,"href":"https:\/\/academiespatiale.fr\/index.php\/wp-json\/wp\/v2\/media\/3657"}],"wp:attachment":[{"href":"https:\/\/academiespatiale.fr\/index.php\/wp-json\/wp\/v2\/media?parent=3659"}],"wp:term":[{"taxonomy":"post_tag","embeddable":true,"href":"https:\/\/academiespatiale.fr\/index.php\/wp-json\/wp\/v2\/tags?post=3659"},{"taxonomy":"tribe_events_cat","embeddable":true,"href":"https:\/\/academiespatiale.fr\/index.php\/wp-json\/wp\/v2\/tribe_events_cat?post=3659"}],"curies":[{"name":"wp","href":"https:\/\/api.w.org\/{rel}","templated":true}]}}