{"id":3634,"date":"2025-02-28T12:16:01","date_gmt":"2025-02-28T11:16:01","guid":{"rendered":"https:\/\/academiespatiale.fr\/?post_type=tribe_events&#038;p=3634"},"modified":"2025-02-28T17:45:06","modified_gmt":"2025-02-28T16:45:06","slug":"3634","status":"publish","type":"tribe_events","link":"https:\/\/academiespatiale.fr\/index.php\/event\/3634\/","title":{"rendered":"[WEBINAIRE ENTREPRISES] Acad\u00e9mie Spatiale IDF"},"content":{"rendered":"<div  class=\"tribe-events-schedule tribe-clearfix\" >\n\t<p class=\"tribe-events-schedule__datetime\">\n\t\t<span class=\"tribe-events-schedule__date tribe-events-schedule__date--start\">\n\t\t\t28 mars 2025\t\t<\/span>\n\n\t\t\t\t\t<span class=\"tribe-events-schedule__separator tribe-events-schedule__separator--date\">\n\t\t\t\t : \t\t\t<\/span>\n\t\t\t<span class=\"tribe-events-schedule__time tribe-events-schedule__time--start\">\n\t\t\t\t16h00\t\t\t<\/span>\n\t\t\n\t\t\t\t\t\t\t\t\t<span class=\"tribe-events-schedule__separator tribe-events-schedule__separator--time\">\n\t\t\t\t\t&#8211;\t\t\t\t<\/span>\n\t\t\t\n\t\t\t\t\t\t\t<span class=\"tribe-events-schedule__time tribe-events-schedule__time--end\">\n\t\t\t\t\t17h00\t\t\t\t<\/span>\n\t\t\t\n\t\t\t\t\t\t<\/p>\n<\/div>\n\n\n\n<p class=\"has-medium-font-size\">Nous avons le plaisir de vous annoncer notre webinaire d\u00e9di\u00e9 aux entreprises. Cet \u00e9v\u00e9nement sera l\u2019occasion d\u2019\u00e9changer avec les acteurs de l\u2019industrie spatiale sur leurs besoins en comp\u00e9tences, en lien avec les formations et les m\u00e9tiers d\u2019avenir du secteur.<\/p>\n\n\n\n<div class=\"wp-block-columns are-vertically-aligned-center is-layout-flex wp-container-core-columns-is-layout-28f84493 wp-block-columns-is-layout-flex\">\n<div class=\"wp-block-column is-vertically-aligned-center is-layout-flow wp-block-column-is-layout-flow\">\n<hr class=\"wp-block-separator has-alpha-channel-opacity\"\/>\n\n\n\n<p class=\"has-text-align-center has-medium-font-size\"><strong>Vendredi 28 mars<br><\/strong>de 16h \u00e0 17h<\/p>\n\n\n\n<p class=\"has-text-align-center has-medium-font-size\">&gt;&gt;&gt; <a href=\"https:\/\/uvsq-fr.zoom.us\/j\/93453235616?pwd=sk0UtKLw6NgDtyBKwWO2coTvO8e9fm.1\" target=\"_blank\" rel=\"noopener\" title=\"\">LIEN ZOOM<\/a> &lt;&lt;&lt;<\/p>\n\n\n\n<hr class=\"wp-block-separator has-alpha-channel-opacity\"\/>\n<\/div>\n\n\n\n<div class=\"wp-block-column is-vertically-aligned-center is-layout-flow wp-block-column-is-layout-flow\">\n<figure class=\"wp-block-image size-full\"><img loading=\"lazy\" decoding=\"async\" width=\"750\" height=\"500\" src=\"https:\/\/academiespatiale.fr\/wp-content\/uploads\/2025\/02\/Webinaire_entreprise_28mars2025.png\" alt=\"\" class=\"wp-image-3630\" srcset=\"https:\/\/academiespatiale.fr\/wp-content\/uploads\/2025\/02\/Webinaire_entreprise_28mars2025.png 750w, https:\/\/academiespatiale.fr\/wp-content\/uploads\/2025\/02\/Webinaire_entreprise_28mars2025-300x200.png 300w, https:\/\/academiespatiale.fr\/wp-content\/uploads\/2025\/02\/Webinaire_entreprise_28mars2025-360x240.png 360w\" sizes=\"auto, (max-width: 750px) 100vw, 750px\" \/><\/figure>\n<\/div>\n<\/div>\n\n\n\n<p class=\"has-medium-font-size\" id=\"block-c73c449a-6fab-4572-9f3d-a16cfebf72e6\">Parmi les sujets qui seront abord\u00e9s au cours des discussions :<\/p>\n\n\n\n<ul id=\"block-f1106837-42a5-458e-933b-39a5cbbf9c54\" class=\"wp-block-list\">\n<li class=\"has-medium-font-size\">Faciliter l&rsquo;acc\u00e8s aux stages, notamment pour les \u00e9l\u00e8ves de lyc\u00e9es professionnels<\/li>\n\n\n\n<li class=\"has-medium-font-size\">Mettre en place des colorations spatiales dans les formations IUT \/ BTS<\/li>\n\n\n\n<li class=\"has-medium-font-size\">Cr\u00e9er des films inspirants \u00e0 destinations des \u00e9l\u00e8ves et \u00e9tudiant\u00b7es<\/li>\n\n\n\n<li class=\"has-medium-font-size\">Participer \u00e0 des salons m\u00e9tiers et orientations<\/li>\n<\/ul>\n\n\n\n<p class=\"has-medium-font-size\" id=\"block-8b6021a2-55e5-4a79-9dbd-b3cadd2f9056\">Ce webinaire sera une opportunit\u00e9 d&rsquo;engager des actions concr\u00e8tes afin de cr\u00e9er des passerelles entre les universit\u00e9s, les \u00e9tablissements de formations et les entreprises du secteur spatial.<\/p>\n\n\n\n<figure class=\"wp-block-image size-large\"><img loading=\"lazy\" decoding=\"async\" width=\"1024\" height=\"72\" src=\"https:\/\/academiespatiale.fr\/wp-content\/uploads\/2024\/05\/Frise_logosCMA-HDD-1024x72.png\" alt=\"\" class=\"wp-image-1001\" srcset=\"https:\/\/academiespatiale.fr\/wp-content\/uploads\/2024\/05\/Frise_logosCMA-HDD-1024x72.png 1024w, https:\/\/academiespatiale.fr\/wp-content\/uploads\/2024\/05\/Frise_logosCMA-HDD-300x21.png 300w, https:\/\/academiespatiale.fr\/wp-content\/uploads\/2024\/05\/Frise_logosCMA-HDD-768x54.png 768w, https:\/\/academiespatiale.fr\/wp-content\/uploads\/2024\/05\/Frise_logosCMA-HDD-1536x108.png 1536w, https:\/\/academiespatiale.fr\/wp-content\/uploads\/2024\/05\/Frise_logosCMA-HDD-2048x143.png 2048w\" sizes=\"auto, (max-width: 1024px) 100vw, 1024px\" \/><\/figure>\n\n\n\n<div style=\"height:20px\" aria-hidden=\"true\" class=\"wp-block-spacer\"><\/div>\n\n\n<div  class=\"tribe-block tribe-block__event-website\" >\n\t<a\n\t\thref=\"https:\/\/uvsq-fr.zoom.us\/j\/93453235616?pwd=sk0UtKLw6NgDtyBKwWO2coTvO8e9fm.1#success\"\n\t\ttarget=\"_self\"\n\t\t\t>\n\t\tLIEN ZOOM\t<\/a>\n<\/div>\n\n\n\t<div  class=\"tribe-block tribe-block__events-link\" >\n\t\t<div class=\"tribe-events tribe-common\">\n\t\t\t<div class=\"tribe-events-c-subscribe-dropdown__container\">\n\t\t\t\t<div class=\"tribe-events-c-subscribe-dropdown\">\n\t\t\t\t\t<div class=\"tribe-common-c-btn-border tribe-events-c-subscribe-dropdown__button\">\n\t\t\t\t\t\t<svg\n\t class=\"tribe-common-c-svgicon tribe-common-c-svgicon--cal-export tribe-events-c-subscribe-dropdown__export-icon\" \taria-hidden=\"true\"\n\tviewBox=\"0 0 23 17\"\n\txmlns=\"http:\/\/www.w3.org\/2000\/svg\"\n>\n\t<path fill-rule=\"evenodd\" clip-rule=\"evenodd\" d=\"M.128.896V16.13c0 .211.145.383.323.383h15.354c.179 0 .323-.172.323-.383V.896c0-.212-.144-.383-.323-.383H.451C.273.513.128.684.128.896Zm16 6.742h-.901V4.679H1.009v10.729h14.218v-3.336h.901V7.638ZM1.01 1.614h14.218v2.058H1.009V1.614Z\" \/>\n\t<path d=\"M20.5 9.846H8.312M18.524 6.953l2.89 2.909-2.855 2.855\" stroke-width=\"1.2\" stroke-linecap=\"round\" stroke-linejoin=\"round\"\/>\n<\/svg>\n\t\t\t\t\t\t<button\n\t\t\t\t\t\t\tclass=\"tribe-events-c-subscribe-dropdown__button-text\"\n\t\t\t\t\t\t\taria-expanded=\"false\"\n\t\t\t\t\t\t\taria-controls=\"tribe-events-subscribe-dropdown-content\"\n\t\t\t\t\t\t\taria-label=\"Afficher les liens permettant d\u2019ajouter des \u00e9v\u00e8nements \u00e0 votre calendrier\"\n\t\t\t\t\t\t>\n\t\t\t\t\t\t\tAjouter au calendrier\t\t\t\t\t\t<\/button>\n\t\t\t\t\t\t<svg\n\t class=\"tribe-common-c-svgicon tribe-common-c-svgicon--caret-down tribe-events-c-subscribe-dropdown__button-icon\" \taria-hidden=\"true\"\n\tviewBox=\"0 0 10 7\"\n\txmlns=\"http:\/\/www.w3.org\/2000\/svg\"\n>\n\t<path fill-rule=\"evenodd\" clip-rule=\"evenodd\" d=\"M1.008.609L5 4.6 8.992.61l.958.958L5 6.517.05 1.566l.958-.958z\" class=\"tribe-common-c-svgicon__svg-fill\"\/>\n<\/svg>\n\t\t\t\t\t<\/div>\n\t\t\t\t\t<div id=\"tribe-events-subscribe-dropdown-content\" class=\"tribe-events-c-subscribe-dropdown__content\">\n\t\t\t\t\t\t<ul class=\"tribe-events-c-subscribe-dropdown__list\">\n\t\t\t\t\t\t\t\t\t\t\t\t\t\t\t<li class=\"tribe-events-c-subscribe-dropdown__list-item tribe-events-c-subscribe-dropdown__list-item--gcal\">\n\t\t\t\t\t\t\t\t\t<a\n\t\t\t\t\t\t\t\t\t\thref=\"https:\/\/www.google.com\/calendar\/event?action=TEMPLATE&#038;dates=20250328T160000\/20250328T170000&#038;text=%5BWEBINAIRE%20ENTREPRISES%5D%20Acad%C3%A9mie%20Spatiale%20IDF&#038;details=%3Cp+class%3D%22has-medium-font-size%22%3ENous+avons+le+plaisir+de+vous+annoncer+notre+webinaire+d%C3%A9di%C3%A9+aux+entreprises.+Cet+%C3%A9v%C3%A9nement+sera+l%E2%80%99occasion+d%E2%80%99%C3%A9changer+avec+les+acteurs+de+l%E2%80%99industrie+spatiale+sur+leurs+besoins+en+comp%C3%A9tences%2C+en+lien+avec+les+formations+et+les+m%C3%A9tiers+d%E2%80%99avenir+du+secteur.%3C%2Fp%3E+%3Cdiv+class%3D%22wp-block-columns+are-vertically-aligned-center%22%3E%3Cdiv+class%3D%22wp-block-column+is-vertically-aligned-center%22%3E%3Chr+class%3D%22wp-block-separator+has-alpha-channel-opacity%22%2F%3E%3Cp+class%3D%22has-text-align-center+has-medium-font-size%22%3E%3Cstrong%3EVendredi+28+mars%3Cbr+%2F%3E%3C%2Fstrong%3Ede+16h+%C3%A0+17h%3C%2Fp%3E+%3Cp+class%3D%22has-text-align-center+has-medium-font-size%22%3E%26gt%3B%26gt%3B%26gt%3B+%3Ca+href%3D%22https%3A%2F%2Fuvsq-fr.zoom.us%2Fj%2F93453235616%3Fpwd%3Dsk0UtKLw6NgDtyBKwWO2coTvO8e9fm.1%22+target%3D%22_blank%22+rel%3D%22noopener%22+title%3D%22%22%3ELIEN+ZOOM%3C%2Fa%3E+%26lt%3B%26lt%3B%26lt%3B%3C%2Fp%3E+%3Chr+class%3D%22wp-block-separator+has-alpha-channel-opacity%22%2F%3E%3C%2Fdiv%3E%3Cdiv+class%3D%22wp-block-column+is-vertically-aligned-center%22%3E%3Cfigure+class%3D%22wp-block-image+%3C%2Fdiv%3E%3C%2Fdiv%3E%28Voir+toute+la+description+de+%C3%A9v%C3%A8nement+ici%C2%A0%3A+https%3A%2F%2Facademiespatiale.fr%2Findex.php%2Fevent%2F3634%2F%29&#038;trp=false&#038;ctz=Europe\/Paris&#038;sprop=website:https:\/\/academiespatiale.fr\"\n\t\t\t\t\t\t\t\t\t\tclass=\"tribe-events-c-subscribe-dropdown__list-item-link\"\n\t\t\t\t\t\t\t\t\t\ttarget=\"_blank\"\n\t\t\t\t\t\t\t\t\t\trel=\"noopener noreferrer nofollow noindex\"\n\t\t\t\t\t\t\t\t\t>\n\t\t\t\t\t\t\t\t\t\tGoogle Agenda\t\t\t\t\t\t\t\t\t<\/a>\n\t\t\t\t\t\t\t\t<\/li>\n\t\t\t\t\t\t\t\t\t\t\t\t\t\t\t<li class=\"tribe-events-c-subscribe-dropdown__list-item tribe-events-c-subscribe-dropdown__list-item--ical\">\n\t\t\t\t\t\t\t\t\t<a\n\t\t\t\t\t\t\t\t\t\thref=\"\"\n\t\t\t\t\t\t\t\t\t\tclass=\"tribe-events-c-subscribe-dropdown__list-item-link\"\n\t\t\t\t\t\t\t\t\t\ttarget=\"_blank\"\n\t\t\t\t\t\t\t\t\t\trel=\"noopener noreferrer nofollow noindex\"\n\t\t\t\t\t\t\t\t\t>\n\t\t\t\t\t\t\t\t\t\tiCalendar\t\t\t\t\t\t\t\t\t<\/a>\n\t\t\t\t\t\t\t\t<\/li>\n\t\t\t\t\t\t\t\t\t\t\t\t\t\t\t<li class=\"tribe-events-c-subscribe-dropdown__list-item tribe-events-c-subscribe-dropdown__list-item--outlook-365\">\n\t\t\t\t\t\t\t\t\t<a\n\t\t\t\t\t\t\t\t\t\thref=\"\"\n\t\t\t\t\t\t\t\t\t\tclass=\"tribe-events-c-subscribe-dropdown__list-item-link\"\n\t\t\t\t\t\t\t\t\t\ttarget=\"_blank\"\n\t\t\t\t\t\t\t\t\t\trel=\"noopener noreferrer nofollow noindex\"\n\t\t\t\t\t\t\t\t\t>\n\t\t\t\t\t\t\t\t\t\tOutlook 365\t\t\t\t\t\t\t\t\t<\/a>\n\t\t\t\t\t\t\t\t<\/li>\n\t\t\t\t\t\t\t\t\t\t\t\t\t\t\t<li class=\"tribe-events-c-subscribe-dropdown__list-item tribe-events-c-subscribe-dropdown__list-item--outlook-live\">\n\t\t\t\t\t\t\t\t\t<a\n\t\t\t\t\t\t\t\t\t\thref=\"\"\n\t\t\t\t\t\t\t\t\t\tclass=\"tribe-events-c-subscribe-dropdown__list-item-link\"\n\t\t\t\t\t\t\t\t\t\ttarget=\"_blank\"\n\t\t\t\t\t\t\t\t\t\trel=\"noopener noreferrer nofollow noindex\"\n\t\t\t\t\t\t\t\t\t>\n\t\t\t\t\t\t\t\t\t\tOutlook Live\t\t\t\t\t\t\t\t\t<\/a>\n\t\t\t\t\t\t\t\t<\/li>\n\t\t\t\t\t\t\t\t\t\t\t\t\t<\/ul>\n\t\t\t\t\t<\/div>\n\t\t\t\t<\/div>\n\t\t\t<\/div>\n\t\t<\/div>\n\t<\/div>\n\n","protected":false},"excerpt":{"rendered":"<p>Nous avons le plaisir de vous annoncer notre webinaire d\u00e9di\u00e9 aux entreprises. Cet \u00e9v\u00e9nement sera l\u2019occasion d\u2019\u00e9changer avec les acteurs de l\u2019industrie spatiale sur leurs besoins en comp\u00e9tences, en lien avec les formations et les m\u00e9tiers d\u2019avenir du secteur. Vendredi 28 marsde 16h \u00e0 17h &gt;&gt;&gt; LIEN ZOOM &lt;&lt;&lt; Parmi [&hellip;]<\/p>\n","protected":false},"author":1,"featured_media":3630,"template":"","meta":{"_monsterinsights_skip_tracking":false,"_monsterinsights_sitenote_active":false,"_monsterinsights_sitenote_note":"","_monsterinsights_sitenote_category":0,"_EventAllDay":false,"_EventTimezone":"Europe\/Paris","_EventStartDate":"2025-03-28 16:00:00","_EventEndDate":"2025-03-28 17:00:00","_EventStartDateUTC":"2025-03-28 15:00:00","_EventEndDateUTC":"2025-03-28 16:00:00","_EventShowMap":false,"_EventShowMapLink":false,"_EventURL":"https:\/\/uvsq-fr.zoom.us\/j\/93453235616?pwd=sk0UtKLw6NgDtyBKwWO2coTvO8e9fm.1#success","_EventCost":"","_EventCostDescription":"","_EventCurrencySymbol":"\u20ac","_EventCurrencyCode":"EUR","_EventCurrencyPosition":"suffix","_EventDateTimeSeparator":" : ","_EventTimeRangeSeparator":"-","_EventOrganizerID":[3635],"_EventVenueID":[],"_OrganizerEmail":"","_OrganizerPhone":"","_OrganizerWebsite":"","_VenueAddress":"","_VenueCity":"","_VenueCountry":"","_VenueProvince":"","_VenueState":"","_VenueZip":"","_VenuePhone":"","_VenueURL":"","_VenueStateProvince":"","_VenueLat":"","_VenueLng":"","_VenueShowMap":false,"_VenueShowMapLink":false,"_tribe_events_status":"","_tribe_events_status_reason":"","footnotes":""},"tags":[],"tribe_events_cat":[],"class_list":["post-3634","tribe_events","type-tribe_events","status-publish","has-post-thumbnail","hentry"],"aioseo_notices":[],"_links":{"self":[{"href":"https:\/\/academiespatiale.fr\/index.php\/wp-json\/wp\/v2\/tribe_events\/3634","targetHints":{"allow":["GET"]}}],"collection":[{"href":"https:\/\/academiespatiale.fr\/index.php\/wp-json\/wp\/v2\/tribe_events"}],"about":[{"href":"https:\/\/academiespatiale.fr\/index.php\/wp-json\/wp\/v2\/types\/tribe_events"}],"author":[{"embeddable":true,"href":"https:\/\/academiespatiale.fr\/index.php\/wp-json\/wp\/v2\/users\/1"}],"version-history":[{"count":6,"href":"https:\/\/academiespatiale.fr\/index.php\/wp-json\/wp\/v2\/tribe_events\/3634\/revisions"}],"predecessor-version":[{"id":3652,"href":"https:\/\/academiespatiale.fr\/index.php\/wp-json\/wp\/v2\/tribe_events\/3634\/revisions\/3652"}],"wp:featuredmedia":[{"embeddable":true,"href":"https:\/\/academiespatiale.fr\/index.php\/wp-json\/wp\/v2\/media\/3630"}],"wp:attachment":[{"href":"https:\/\/academiespatiale.fr\/index.php\/wp-json\/wp\/v2\/media?parent=3634"}],"wp:term":[{"taxonomy":"post_tag","embeddable":true,"href":"https:\/\/academiespatiale.fr\/index.php\/wp-json\/wp\/v2\/tags?post=3634"},{"taxonomy":"tribe_events_cat","embeddable":true,"href":"https:\/\/academiespatiale.fr\/index.php\/wp-json\/wp\/v2\/tribe_events_cat?post=3634"}],"curies":[{"name":"wp","href":"https:\/\/api.w.org\/{rel}","templated":true}]}}