{"id":3624,"date":"2025-02-28T11:10:07","date_gmt":"2025-02-28T10:10:07","guid":{"rendered":"https:\/\/academiespatiale.fr\/?post_type=tribe_events&#038;p=3624"},"modified":"2025-02-28T11:10:07","modified_gmt":"2025-02-28T10:10:07","slug":"seminaire-superrotation-in-planetary-atmospheres","status":"publish","type":"tribe_events","link":"https:\/\/academiespatiale.fr\/index.php\/event\/seminaire-superrotation-in-planetary-atmospheres\/","title":{"rendered":"[S\u00e9minaire] Superrotation in planetary atmospheres"},"content":{"rendered":"<div  class=\"tribe-events-schedule tribe-clearfix\" >\n\t<p class=\"tribe-events-schedule__datetime\">\n\t\t<span class=\"tribe-events-schedule__date tribe-events-schedule__date--start\">\n\t\t\t11 mars 2025\t\t<\/span>\n\n\t\t\t\t\t<span class=\"tribe-events-schedule__separator tribe-events-schedule__separator--date\">\n\t\t\t\t : \t\t\t<\/span>\n\t\t\t<span class=\"tribe-events-schedule__time tribe-events-schedule__time--start\">\n\t\t\t\t11h00\t\t\t<\/span>\n\t\t\n\t\t\t\t\t\t\t\t\t<span class=\"tribe-events-schedule__separator tribe-events-schedule__separator--time\">\n\t\t\t\t\t&#8211;\t\t\t\t<\/span>\n\t\t\t\n\t\t\t\t\t\t\t<span class=\"tribe-events-schedule__time tribe-events-schedule__time--end\">\n\t\t\t\t\t13h00\t\t\t\t<\/span>\n\t\t\t\n\t\t\t\t\t\t<\/p>\n<\/div>\n\n\n\n<div class=\"wp-block-columns is-layout-flex wp-container-core-columns-is-layout-28f84493 wp-block-columns-is-layout-flex\">\n<div class=\"wp-block-column is-layout-flow wp-block-column-is-layout-flow\">\n<p class=\"has-medium-font-size\"><strong>Geoffrey Vallis<\/strong>, professeur au d\u00e9partement de math\u00e9matiques de l&rsquo;Universit\u00e9 d&rsquo;Exeter, pr\u00e9sente un s\u00e9minaire intitul\u00e9 :<\/p>\n\n\n\n<p class=\"has-medium-font-size\"><strong>\u00ab\u00a0Superrotation in planetary atmospheres\u00a0\u00bb<\/strong><\/p>\n\n\n\n<p class=\"has-medium-font-size\">\ud83d\udcc5 <strong>Date<\/strong> : mardi 11 mars 2025 \u00e0 11h<br>\ud83d\udd17 <strong>Place :<\/strong> LMD, 4, place Jussieu, Amphith\u00e9\u00e2tre Charpak, tour 22, RDC<\/p>\n<\/div>\n\n\n\n<div class=\"wp-block-column is-layout-flow wp-block-column-is-layout-flow\"><div class=\"wp-block-image\">\n<figure class=\"aligncenter size-full is-resized\"><img loading=\"lazy\" decoding=\"async\" width=\"411\" height=\"387\" src=\"https:\/\/academiespatiale.fr\/wp-content\/uploads\/2025\/02\/Geoffrey-vallis.jpg\" alt=\"\" class=\"wp-image-3625\" style=\"width:289px;height:auto\" srcset=\"https:\/\/academiespatiale.fr\/wp-content\/uploads\/2025\/02\/Geoffrey-vallis.jpg 411w, https:\/\/academiespatiale.fr\/wp-content\/uploads\/2025\/02\/Geoffrey-vallis-300x282.jpg 300w\" sizes=\"auto, (max-width: 411px) 100vw, 411px\" \/><\/figure>\n<\/div><\/div>\n<\/div>\n\n\n\n<p class=\"has-white-background-color has-background has-medium-font-size\">Plus d&rsquo;infos : <a href=\"https:\/\/www.ipsl.fr\/seminaire\/superrotation-in-planetary-atmospheres\/\">Superrotation in Planetary Atmospheres \u2013 Institut Pierre-Simon Laplace<\/a><\/p>\n\n\n<div  class=\"tribe-block tribe-block__venue tribe-clearfix tribe-block__venue--has-map\" >\n\t\n\t\n<div class=\"tribe-block__venue__meta\">\n\t<div class=\"tribe-block__venue__name\">\n\t\t<h3>Campus Pierre et Marie Curie &#8211; Sorbonne Universit\u00e9<\/h3>\n\t<\/div>\n\n\t\n\t\t\t\t\t\t<address class=\"tribe-block__venue__address\">\n\t\t\t\t<span class=\"tribe-address\">\n\n<span class=\"tribe-street-address\">4 place Jussieu<\/span>\n\t\n\t\t<br>\n\t\t<span class=\"tribe-locality\">Paris<\/span><span class=\"tribe-delimiter\">,<\/span>\n\n\n\t<span class=\"tribe-postal-code\">75005<\/span>\n\n\t<span class=\"tribe-country-name\">France<\/span>\n\n<\/span>\n\n\t\t\t\t\t\t\t\t\t<a class=\"tribe-events-gmap\" href=\"https:\/\/maps.google.com\/maps?f=q&#038;source=s_q&#038;hl=en&#038;geocode=&#038;q=4+place+Jussieu+Paris+75005+France\" title=\"Cliquez pour voir une carte Google Map\" target=\"_blank\" rel=\"noreferrer noopener\">+ Google Map<\/a>\t\t\t\t\t\t\t<\/address>\n\t\t\n\t\t\n\t\t\t\n\t<\/div>\n\t\n<div class=\"tribe-block__venue__map\">\n\t\n<iframe loading=\"lazy\"\n  title=\"L\u2018iframe Google maps affichant l\u2019adresse \u00e0 Campus Pierre et Marie Curie &#8211; Sorbonne Universit\u00e9\"\n  aria-label=\"Plan des lieux\"\n  width=\"310px\"\n  height=\"256px\"\n  frameborder=\"0\" style=\"border:0\"\n  src=\"https:\/\/www.google.com\/maps\/embed\/v1\/place?key=AIzaSyDNsicAsP6-VuGtAb1O9riI3oc_NOb7IOU&#038;q=4+place+Jussieu+Paris+75005+France+&#038;zoom=10\" allowfullscreen>\n<\/iframe>\n<\/div>\n\n\t<\/div>\n\n\n<div  class=\"tribe-block tribe-block__event-website\" >\n\t<a\n\t\thref=\"https:\/\/www.ipsl.fr\/seminaire\/superrotation-in-planetary-atmospheres\/\"\n\t\ttarget=\"_self\"\n\t\t\t>\n\t\tInfos\t<\/a>\n<\/div>\n\n\n\t<div  class=\"tribe-block tribe-block__events-link\" >\n\t\t<div class=\"tribe-events tribe-common\">\n\t\t\t<div class=\"tribe-events-c-subscribe-dropdown__container\">\n\t\t\t\t<div class=\"tribe-events-c-subscribe-dropdown\">\n\t\t\t\t\t<div class=\"tribe-common-c-btn-border tribe-events-c-subscribe-dropdown__button\">\n\t\t\t\t\t\t<svg\n\t class=\"tribe-common-c-svgicon tribe-common-c-svgicon--cal-export tribe-events-c-subscribe-dropdown__export-icon\" \taria-hidden=\"true\"\n\tviewBox=\"0 0 23 17\"\n\txmlns=\"http:\/\/www.w3.org\/2000\/svg\"\n>\n\t<path fill-rule=\"evenodd\" clip-rule=\"evenodd\" d=\"M.128.896V16.13c0 .211.145.383.323.383h15.354c.179 0 .323-.172.323-.383V.896c0-.212-.144-.383-.323-.383H.451C.273.513.128.684.128.896Zm16 6.742h-.901V4.679H1.009v10.729h14.218v-3.336h.901V7.638ZM1.01 1.614h14.218v2.058H1.009V1.614Z\" \/>\n\t<path d=\"M20.5 9.846H8.312M18.524 6.953l2.89 2.909-2.855 2.855\" stroke-width=\"1.2\" stroke-linecap=\"round\" stroke-linejoin=\"round\"\/>\n<\/svg>\n\t\t\t\t\t\t<button\n\t\t\t\t\t\t\tclass=\"tribe-events-c-subscribe-dropdown__button-text\"\n\t\t\t\t\t\t\taria-expanded=\"false\"\n\t\t\t\t\t\t\taria-controls=\"tribe-events-subscribe-dropdown-content\"\n\t\t\t\t\t\t\taria-label=\"Afficher les liens permettant d\u2019ajouter des \u00e9v\u00e8nements \u00e0 votre calendrier\"\n\t\t\t\t\t\t>\n\t\t\t\t\t\t\tAjouter au calendrier\t\t\t\t\t\t<\/button>\n\t\t\t\t\t\t<svg\n\t class=\"tribe-common-c-svgicon tribe-common-c-svgicon--caret-down tribe-events-c-subscribe-dropdown__button-icon\" \taria-hidden=\"true\"\n\tviewBox=\"0 0 10 7\"\n\txmlns=\"http:\/\/www.w3.org\/2000\/svg\"\n>\n\t<path fill-rule=\"evenodd\" clip-rule=\"evenodd\" d=\"M1.008.609L5 4.6 8.992.61l.958.958L5 6.517.05 1.566l.958-.958z\" class=\"tribe-common-c-svgicon__svg-fill\"\/>\n<\/svg>\n\t\t\t\t\t<\/div>\n\t\t\t\t\t<div id=\"tribe-events-subscribe-dropdown-content\" class=\"tribe-events-c-subscribe-dropdown__content\">\n\t\t\t\t\t\t<ul class=\"tribe-events-c-subscribe-dropdown__list\">\n\t\t\t\t\t\t\t\t\t\t\t\t\t\t\t<li class=\"tribe-events-c-subscribe-dropdown__list-item tribe-events-c-subscribe-dropdown__list-item--gcal\">\n\t\t\t\t\t\t\t\t\t<a\n\t\t\t\t\t\t\t\t\t\thref=\"https:\/\/www.google.com\/calendar\/event?action=TEMPLATE&#038;dates=20250311T110000\/20250311T130000&#038;text=%5BS%C3%A9minaire%5D%20Superrotation%20in%20planetary%20atmospheres&#038;details=%3Cdiv+class%3D%22wp-block-columns%22%3E%3Cdiv+class%3D%22wp-block-column%22%3E%3Cp+class%3D%22has-medium-font-size%22%3E%3Cstrong%3EGeoffrey+Vallis%3C%2Fstrong%3E%2C+professeur+au+d%C3%A9partement+de+math%C3%A9matiques+de+l%27Universit%C3%A9+d%27Exeter%2C+pr%C3%A9sente+un+s%C3%A9minaire+intitul%C3%A9+%3A%3C%2Fp%3E+%3Cp+class%3D%22has-medium-font-size%22%3E%3Cstrong%3E%C2%AB%C2%A0Superrotation+in+planetary+atmospheres%C2%A0%C2%BB%3C%2Fstrong%3E%3C%2Fp%3E+%3Cp+class%3D%22has-medium-font-size%22%3E%F0%9F%93%85+%3Cstrong%3EDate%3C%2Fstrong%3E+%3A+mardi+11+mars+2025+%C3%A0+11h%3Cbr+%2F%3E%F0%9F%94%97+%3Cstrong%3EPlace+%3A%3C%2Fstrong%3E+LMD%2C+4%2C+place+Jussieu%2C+Amphith%C3%A9%C3%A2tre+Charpak%2C+tour+22%2C+RDC%3C%2Fp%3E+%3C%2Fdiv%3E%3Cdiv+class%3D%22wp-block-column%22%3E%3Cfigure+class%3D%22wp-block-image+aligncenter+size-full+is-resized%22%3E%3Cimg+src%3D%22https%3A%2F%2Facademiespatiale.fr%2Fwp-content%2Fuploads%2F2025%2F02%2FGeoffrey-vallis.jpg%22+alt%3D%22%22+class%3D%22wp-image-3625%22+style%3D%22width%3A289px%3Bheight%3Aauto%22%2F%3E%3C%2Ffigure%3E%3C%2Fdiv%3E%3C%2Fdiv%3E%3Cp+class%3D%22has-white-background-color+has-background+has-medium-font-size%22%3EPlus+d%27infos+%3A+%3Ca+href%3D%22https%3A%2F%2Fwww.ipsl.fr%2Fseminaire%2Fsuperrotation-in-planetary-atmospheres%2F%22%3ESuperrotation%3C%2Fa%3E%3C%2Fp%3E%28Voir+toute+la+description+de+%C3%A9v%C3%A8nement+ici%C2%A0%3A+https%3A%2F%2Facademiespatiale.fr%2Findex.php%2Fevent%2Fseminaire-superrotation-in-planetary-atmospheres%2F%29&#038;location=Campus%20Pierre%20et%20Marie%20Curie%20&#8211;%20Sorbonne%20Universit\u00e9,%204%20place%20Jussieu,%20Paris,%2075005,%20France&#038;trp=false&#038;ctz=Europe\/Paris&#038;sprop=website:https:\/\/academiespatiale.fr\"\n\t\t\t\t\t\t\t\t\t\tclass=\"tribe-events-c-subscribe-dropdown__list-item-link\"\n\t\t\t\t\t\t\t\t\t\ttarget=\"_blank\"\n\t\t\t\t\t\t\t\t\t\trel=\"noopener noreferrer nofollow noindex\"\n\t\t\t\t\t\t\t\t\t>\n\t\t\t\t\t\t\t\t\t\tGoogle Agenda\t\t\t\t\t\t\t\t\t<\/a>\n\t\t\t\t\t\t\t\t<\/li>\n\t\t\t\t\t\t\t\t\t\t\t\t\t\t\t<li class=\"tribe-events-c-subscribe-dropdown__list-item tribe-events-c-subscribe-dropdown__list-item--ical\">\n\t\t\t\t\t\t\t\t\t<a\n\t\t\t\t\t\t\t\t\t\thref=\"\"\n\t\t\t\t\t\t\t\t\t\tclass=\"tribe-events-c-subscribe-dropdown__list-item-link\"\n\t\t\t\t\t\t\t\t\t\ttarget=\"_blank\"\n\t\t\t\t\t\t\t\t\t\trel=\"noopener noreferrer nofollow noindex\"\n\t\t\t\t\t\t\t\t\t>\n\t\t\t\t\t\t\t\t\t\tiCalendar\t\t\t\t\t\t\t\t\t<\/a>\n\t\t\t\t\t\t\t\t<\/li>\n\t\t\t\t\t\t\t\t\t\t\t\t\t\t\t<li class=\"tribe-events-c-subscribe-dropdown__list-item tribe-events-c-subscribe-dropdown__list-item--outlook-365\">\n\t\t\t\t\t\t\t\t\t<a\n\t\t\t\t\t\t\t\t\t\thref=\"\"\n\t\t\t\t\t\t\t\t\t\tclass=\"tribe-events-c-subscribe-dropdown__list-item-link\"\n\t\t\t\t\t\t\t\t\t\ttarget=\"_blank\"\n\t\t\t\t\t\t\t\t\t\trel=\"noopener noreferrer nofollow noindex\"\n\t\t\t\t\t\t\t\t\t>\n\t\t\t\t\t\t\t\t\t\tOutlook 365\t\t\t\t\t\t\t\t\t<\/a>\n\t\t\t\t\t\t\t\t<\/li>\n\t\t\t\t\t\t\t\t\t\t\t\t\t\t\t<li class=\"tribe-events-c-subscribe-dropdown__list-item tribe-events-c-subscribe-dropdown__list-item--outlook-live\">\n\t\t\t\t\t\t\t\t\t<a\n\t\t\t\t\t\t\t\t\t\thref=\"\"\n\t\t\t\t\t\t\t\t\t\tclass=\"tribe-events-c-subscribe-dropdown__list-item-link\"\n\t\t\t\t\t\t\t\t\t\ttarget=\"_blank\"\n\t\t\t\t\t\t\t\t\t\trel=\"noopener noreferrer nofollow noindex\"\n\t\t\t\t\t\t\t\t\t>\n\t\t\t\t\t\t\t\t\t\tOutlook Live\t\t\t\t\t\t\t\t\t<\/a>\n\t\t\t\t\t\t\t\t<\/li>\n\t\t\t\t\t\t\t\t\t\t\t\t\t<\/ul>\n\t\t\t\t\t<\/div>\n\t\t\t\t<\/div>\n\t\t\t<\/div>\n\t\t<\/div>\n\t<\/div>\n\n\n\n\n<p><\/p>\n","protected":false},"excerpt":{"rendered":"<p>Geoffrey Vallis, professeur au d\u00e9partement de math\u00e9matiques de l&rsquo;Universit\u00e9 d&rsquo;Exeter, pr\u00e9sente un s\u00e9minaire intitul\u00e9 : \u00ab\u00a0Superrotation in planetary atmospheres\u00a0\u00bb \ud83d\udcc5 Date : mardi 11 mars 2025 \u00e0 11h\ud83d\udd17 Place : LMD, 4, place Jussieu, Amphith\u00e9\u00e2tre Charpak, tour 22, RDC Plus d&rsquo;infos : Superrotation in Planetary Atmospheres \u2013 Institut Pierre-Simon Laplace<\/p>\n","protected":false},"author":1,"featured_media":3626,"template":"","meta":{"_monsterinsights_skip_tracking":false,"_monsterinsights_sitenote_active":false,"_monsterinsights_sitenote_note":"","_monsterinsights_sitenote_category":0,"_EventAllDay":false,"_EventTimezone":"Europe\/Paris","_EventStartDate":"2025-03-11 11:00:00","_EventEndDate":"2025-03-11 13:00:00","_EventStartDateUTC":"2025-03-11 10:00:00","_EventEndDateUTC":"2025-03-11 12:00:00","_EventShowMap":false,"_EventShowMapLink":false,"_EventURL":"https:\/\/www.ipsl.fr\/seminaire\/superrotation-in-planetary-atmospheres\/","_EventCost":"","_EventCostDescription":"","_EventCurrencySymbol":"\u20ac","_EventCurrencyCode":"EUR","_EventCurrencyPosition":"suffix","_EventDateTimeSeparator":" : ","_EventTimeRangeSeparator":"-","_EventOrganizerID":[],"_EventVenueID":[771],"_OrganizerEmail":"","_OrganizerPhone":"","_OrganizerWebsite":"","_VenueAddress":"","_VenueCity":"","_VenueCountry":"","_VenueProvince":"","_VenueState":"","_VenueZip":"","_VenuePhone":"","_VenueURL":"","_VenueStateProvince":"","_VenueLat":"","_VenueLng":"","_VenueShowMap":false,"_VenueShowMapLink":false,"_tribe_events_status":"","_tribe_events_status_reason":"","footnotes":""},"tags":[],"tribe_events_cat":[],"class_list":["post-3624","tribe_events","type-tribe_events","status-publish","has-post-thumbnail","hentry"],"aioseo_notices":[],"_links":{"self":[{"href":"https:\/\/academiespatiale.fr\/index.php\/wp-json\/wp\/v2\/tribe_events\/3624","targetHints":{"allow":["GET"]}}],"collection":[{"href":"https:\/\/academiespatiale.fr\/index.php\/wp-json\/wp\/v2\/tribe_events"}],"about":[{"href":"https:\/\/academiespatiale.fr\/index.php\/wp-json\/wp\/v2\/types\/tribe_events"}],"author":[{"embeddable":true,"href":"https:\/\/academiespatiale.fr\/index.php\/wp-json\/wp\/v2\/users\/1"}],"version-history":[{"count":1,"href":"https:\/\/academiespatiale.fr\/index.php\/wp-json\/wp\/v2\/tribe_events\/3624\/revisions"}],"predecessor-version":[{"id":3627,"href":"https:\/\/academiespatiale.fr\/index.php\/wp-json\/wp\/v2\/tribe_events\/3624\/revisions\/3627"}],"wp:featuredmedia":[{"embeddable":true,"href":"https:\/\/academiespatiale.fr\/index.php\/wp-json\/wp\/v2\/media\/3626"}],"wp:attachment":[{"href":"https:\/\/academiespatiale.fr\/index.php\/wp-json\/wp\/v2\/media?parent=3624"}],"wp:term":[{"taxonomy":"post_tag","embeddable":true,"href":"https:\/\/academiespatiale.fr\/index.php\/wp-json\/wp\/v2\/tags?post=3624"},{"taxonomy":"tribe_events_cat","embeddable":true,"href":"https:\/\/academiespatiale.fr\/index.php\/wp-json\/wp\/v2\/tribe_events_cat?post=3624"}],"curies":[{"name":"wp","href":"https:\/\/api.w.org\/{rel}","templated":true}]}}