{"id":3564,"date":"2025-02-26T12:12:19","date_gmt":"2025-02-26T11:12:19","guid":{"rendered":"https:\/\/academiespatiale.fr\/?post_type=tribe_events&#038;p=3564"},"modified":"2025-03-12T10:33:17","modified_gmt":"2025-03-12T09:33:17","slug":"3564","status":"publish","type":"tribe_events","link":"https:\/\/academiespatiale.fr\/index.php\/event\/3564\/","title":{"rendered":"Lancement en direct d&rsquo;UVSQ-SAT NG"},"content":{"rendered":"<div  class=\"tribe-events-schedule tribe-clearfix\" >\n\t<p class=\"tribe-events-schedule__datetime\">\n\t\t<span class=\"tribe-events-schedule__date tribe-events-schedule__date--start\">\n\t\t\t15 mars 2025\t\t<\/span>\n\n\t\t\t\t\t<span class=\"tribe-events-schedule__separator tribe-events-schedule__separator--date\">\n\t\t\t\t : \t\t\t<\/span>\n\t\t\t<span class=\"tribe-events-schedule__time tribe-events-schedule__time--start\">\n\t\t\t\t7h00\t\t\t<\/span>\n\t\t\n\t\t\t\t\t\t\t\t\t<span class=\"tribe-events-schedule__separator tribe-events-schedule__separator--time\">\n\t\t\t\t\t&#8211;\t\t\t\t<\/span>\n\t\t\t\n\t\t\t\t\t\t\t<span class=\"tribe-events-schedule__time tribe-events-schedule__time--end\">\n\t\t\t\t\t13h30\t\t\t\t<\/span>\n\t\t\t\n\t\t\t\t\t\t<\/p>\n<\/div>\n\n\n\n<p class=\"has-medium-font-size\"><strong>UVSQ-SAT NG est un satellite con\u00e7u pour observer la Terre et les gaz \u00e0 effet de serre depuis l&rsquo;espace.  sera lanc\u00e9 \u00e0 bord d&rsquo;une fus\u00e9e Falcon 9 de Space X qui d\u00e9collera de la base de Vandenberg en Californie, le 15 mars 2025 \u00e0 7h39.<\/strong><\/p>\n\n\n\n<p class=\"has-medium-font-size\">La mise en oeuvre de ce satellite est le r\u00e9sultat d&rsquo;une collaboration \u00e9troite entre le LATMOS, l&rsquo;OVSQ, des industriels (ACRI-ST, GAMECA, ADRELYS, ISISPACE, GOMSPACE, SDR, etc.) et la communaut\u00e9 des radioamateurs (AMSAT-F, F6KRK,, etc.).<\/p>\n\n\n\n<div class=\"wp-block-columns is-layout-flex wp-container-core-columns-is-layout-28f84493 wp-block-columns-is-layout-flex\">\n<div class=\"wp-block-column is-vertically-aligned-center is-layout-flow wp-block-column-is-layout-flow\">\n<hr class=\"wp-block-separator has-alpha-channel-opacity\" style=\"margin-top:var(--wp--preset--spacing--50);margin-bottom:var(--wp--preset--spacing--50)\"\/>\n\n\n\n<p class=\"has-text-align-center has-medium-font-size\"><strong>Samedi 15 mars 2025<br>de 7h \u00e0 13h30 puis 22h<\/strong><\/p>\n\n\n\n<p class=\"has-text-align-center has-medium-font-size\">OVSQ, Amphi M\u00e9gie<br>11, boulevard d&rsquo;Alembert<br>Guyancourt<\/p>\n\n\n\n<p class=\"has-text-align-center has-medium-font-size\">Entr\u00e9e gratuite<br><strong><a href=\"https:\/\/www.uvsq.fr\/lancement-imminent-duvsq-sat-ng\" target=\"_blank\" rel=\"noopener\" title=\"\">Inscription obligatoire ! <br><\/a><\/strong><br>Pourquoi tant de reports ?<br>Ce lancement est tributaires de celui des missions NASA PUNCH et SPHERE (pr\u00e9c\u00e9dent UVSQ-Sat) qui a \u00e9t\u00e9 repouss\u00e9 suite \u00e0 de mauvaises conditions m\u00e9t\u00e9orologiques.<br><br>Vous pouvez suivre la programmation SPACE X ici :&nbsp;<a href=\"https:\/\/nextspaceflight.com\/launches\/agency\/upcoming\/1\/\" target=\"_blank\" rel=\"noreferrer noopener\">https:\/\/nextspaceflight.com\/launches\/agency\/upcoming\/1\/<\/a>&nbsp;(heure de Paris). UVSQ-Sat est embarqu\u00e9 sur la fus\u00e9e Falcon 9 Block 5 | Transporter 13, d\u00e9part de Vanderberg.<\/p>\n\n\n\n<hr class=\"wp-block-separator has-alpha-channel-opacity\"\/>\n<\/div>\n\n\n\n<div class=\"wp-block-column is-layout-flow wp-block-column-is-layout-flow\"><div class=\"wp-block-image\">\n<figure class=\"aligncenter size-large is-resized\"><a href=\"https:\/\/www.uvsq.fr\/lancement-imminent-duvsq-sat-ng\" target=\"_blank\" rel=\" noreferrer noopener\"><img loading=\"lazy\" decoding=\"async\" width=\"724\" height=\"1024\" src=\"https:\/\/academiespatiale.fr\/wp-content\/uploads\/2025\/02\/UVSQ-SAT-NG-Plaquette-2025V2_Page_1-724x1024.jpg\" alt=\"\" class=\"wp-image-3554\" style=\"width:361px;height:auto\" srcset=\"https:\/\/academiespatiale.fr\/wp-content\/uploads\/2025\/02\/UVSQ-SAT-NG-Plaquette-2025V2_Page_1-724x1024.jpg 724w, https:\/\/academiespatiale.fr\/wp-content\/uploads\/2025\/02\/UVSQ-SAT-NG-Plaquette-2025V2_Page_1-212x300.jpg 212w, https:\/\/academiespatiale.fr\/wp-content\/uploads\/2025\/02\/UVSQ-SAT-NG-Plaquette-2025V2_Page_1-768x1086.jpg 768w, https:\/\/academiespatiale.fr\/wp-content\/uploads\/2025\/02\/UVSQ-SAT-NG-Plaquette-2025V2_Page_1-1086x1536.jpg 1086w, https:\/\/academiespatiale.fr\/wp-content\/uploads\/2025\/02\/UVSQ-SAT-NG-Plaquette-2025V2_Page_1-1448x2048.jpg 1448w, https:\/\/academiespatiale.fr\/wp-content\/uploads\/2025\/02\/UVSQ-SAT-NG-Plaquette-2025V2_Page_1.jpg 1629w\" sizes=\"auto, (max-width: 724px) 100vw, 724px\" \/><\/a><\/figure>\n<\/div><\/div>\n<\/div>\n\n\n\n<p class=\"has-white-background-color has-background has-medium-font-size\">INFOS &amp; INSCRIPTIONS<br>\u2192 <a href=\"https:\/\/www.uvsq.fr\/lancement-imminent-duvsq-sat-ng\" target=\"_blank\" rel=\"noopener\" title=\"\">Lancement imminent d&rsquo;UVSQ-SAT NG &#8211; UVSQ<\/a><br>Cette page est mise \u00e0 jour en temps r\u00e9el, consultez l\u00e0 avant de vous d\u00e9placer.<\/p>\n\n\n\n<h2 class=\"wp-block-heading\">Programme<\/h2>\n\n\n\n<p><em>7h Accueil<\/em><\/p>\n\n\n\n<p><strong>7h20 Ouverture de la journ\u00e9e<\/strong><br>Pr\u00e9sentation de l&rsquo;Acad\u00e9mie Spatiale Ile-de-France<br>Explication du d\u00e9roul\u00e9 du lancement par S\u00e9bastien Durand<\/p>\n\n\n\n<p><strong>7h39 DIRECT<\/strong><br>Lancement du satellite UVSQ-SAT NG avec Falcon 9 &#8211;&nbsp; Transporter 13<br>Direct avec la base militaire de Vandenberg en Californie avec&nbsp;Mustapha Meftah<\/p>\n\n\n\n<p><strong>8h15 Discours<\/strong><br>Film de pr\u00e9sentation de la mission spatiale UVSQ-SAT NG<br>Pr\u00e9sentation de la mission UVSQ-SAT NG avec&nbsp;Andr\u00e9-Jean Vieau et Cannelle Clavier<\/p>\n\n\n\n<p><strong>9h39 DIRECT<br>Ejection du satellite \u00e0 une altitude de 600 km<\/strong><\/p>\n\n\n\n<p><em>10h30 Pause caf\u00e9<\/em><\/p>\n\n\n\n<p><strong>10h50&nbsp;Programme spatial,<\/strong> un atout essentiel pour le climat avec Philippe Ciais<br>Cr\u00e9ativit\u00e9 et innovation dans le territoire avec Yannick Avelino<\/p>\n\n\n\n<p><strong>11h25 Droit spatial et enjeux juridiques<\/strong> avec Philippe Achilleas : \u00ab La loi des op\u00e9rations spatiales et ses enjeux \u00bb<br><strong>11h35 M\u00e9decine et spatial <\/strong>avec Jean-Paul Carta :&nbsp;\u00ab Un v\u00eatement connect\u00e9 r\u00e9volutionnaire au service de la sant\u00e9 et des astronautes \u00bb<br><strong>11h45 Recherche et \u00e9ducation<\/strong> avec Alain Sarkissian :&nbsp;\u00ab Pr\u00e9sentation du programme \u2018Space Ready\u2019 et des aspects p\u00e9dagogiques mis en \u0153uvre autour du programme Uvsq-Sat NG \u00bb<br><strong>12h Table ronde<\/strong> :&nbsp;\u00ab&nbsp;Comment les Yvelines et l&rsquo;\u00cele-de-France restent des acteurs cl\u00e9s de la course spatiale&nbsp;\u00bb avec&nbsp;Jean-Luc Poupat, Antoine Mangin, Philippe Keckhut.<\/p>\n\n\n\n<p><em>12h30 D\u00e9jeuner<\/em><\/p>\n\n\n\n<p><strong>13h30 Premi\u00e8re r\u00e9ception des donn\u00e9es du satellite<\/strong>&nbsp;&#8211; T\u00e9l\u00e9chargement des donn\u00e9es par le LATMOS&nbsp;<br>Visite de la Plateforme d&rsquo;int\u00e9gration et de tests et du mur d&rsquo;images<\/p>\n\n\n\n<p><strong>22h Deuxi\u00e8me passage du satellite<\/strong><\/p>\n\n\n<div  class=\"tribe-block tribe-block__venue tribe-clearfix\" >\n\t\n\t\n<div class=\"tribe-block__venue__meta\">\n\t<div class=\"tribe-block__venue__name\">\n\t\t<h3>Amphi G\u00e9rard M\u00e9gie<\/h3>\n\t<\/div>\n\n\t\n\t\t\t\t\t\t<address class=\"tribe-block__venue__address\">\n\t\t\t\t<span class=\"tribe-address\">\n\n<span class=\"tribe-street-address\">11 boulevard d\u2019Alembert<\/span>\n\t\n\t\t<br>\n\t\t<span class=\"tribe-locality\">Guyancourt<\/span><span class=\"tribe-delimiter\">,<\/span>\n\n\n\t<span class=\"tribe-postal-code\">78280<\/span>\n\n\t<span class=\"tribe-country-name\">France<\/span>\n\n<\/span>\n\n\t\t\t\t\t\t\t<\/address>\n\t\t\n\t\t\n\t\t\t\n\t<\/div>\n\t\n\t<\/div>\n\n\n<div  class=\"tribe-block tribe-block__event-website\" >\n\t<a\n\t\thref=\"https:\/\/www.uvsq.fr\/lancement-imminent-duvsq-sat-ng\"\n\t\ttarget=\"_self\"\n\t\t\t>\n\t\tINFOS &amp; INSCRIPTIONS\t<\/a>\n<\/div>\n\n\n\t<div  class=\"tribe-block tribe-block__events-link\" >\n\t\t<div class=\"tribe-events tribe-common\">\n\t\t\t<div class=\"tribe-events-c-subscribe-dropdown__container\">\n\t\t\t\t<div class=\"tribe-events-c-subscribe-dropdown\">\n\t\t\t\t\t<div class=\"tribe-common-c-btn-border tribe-events-c-subscribe-dropdown__button\">\n\t\t\t\t\t\t<svg\n\t class=\"tribe-common-c-svgicon tribe-common-c-svgicon--cal-export tribe-events-c-subscribe-dropdown__export-icon\" \taria-hidden=\"true\"\n\tviewBox=\"0 0 23 17\"\n\txmlns=\"http:\/\/www.w3.org\/2000\/svg\"\n>\n\t<path fill-rule=\"evenodd\" clip-rule=\"evenodd\" d=\"M.128.896V16.13c0 .211.145.383.323.383h15.354c.179 0 .323-.172.323-.383V.896c0-.212-.144-.383-.323-.383H.451C.273.513.128.684.128.896Zm16 6.742h-.901V4.679H1.009v10.729h14.218v-3.336h.901V7.638ZM1.01 1.614h14.218v2.058H1.009V1.614Z\" \/>\n\t<path d=\"M20.5 9.846H8.312M18.524 6.953l2.89 2.909-2.855 2.855\" stroke-width=\"1.2\" stroke-linecap=\"round\" stroke-linejoin=\"round\"\/>\n<\/svg>\n\t\t\t\t\t\t<button\n\t\t\t\t\t\t\tclass=\"tribe-events-c-subscribe-dropdown__button-text\"\n\t\t\t\t\t\t\taria-expanded=\"false\"\n\t\t\t\t\t\t\taria-controls=\"tribe-events-subscribe-dropdown-content\"\n\t\t\t\t\t\t\taria-label=\"Afficher les liens permettant d\u2019ajouter des \u00e9v\u00e8nements \u00e0 votre calendrier\"\n\t\t\t\t\t\t>\n\t\t\t\t\t\t\tAjouter au calendrier\t\t\t\t\t\t<\/button>\n\t\t\t\t\t\t<svg\n\t class=\"tribe-common-c-svgicon tribe-common-c-svgicon--caret-down tribe-events-c-subscribe-dropdown__button-icon\" \taria-hidden=\"true\"\n\tviewBox=\"0 0 10 7\"\n\txmlns=\"http:\/\/www.w3.org\/2000\/svg\"\n>\n\t<path fill-rule=\"evenodd\" clip-rule=\"evenodd\" d=\"M1.008.609L5 4.6 8.992.61l.958.958L5 6.517.05 1.566l.958-.958z\" class=\"tribe-common-c-svgicon__svg-fill\"\/>\n<\/svg>\n\t\t\t\t\t<\/div>\n\t\t\t\t\t<div id=\"tribe-events-subscribe-dropdown-content\" class=\"tribe-events-c-subscribe-dropdown__content\">\n\t\t\t\t\t\t<ul class=\"tribe-events-c-subscribe-dropdown__list\">\n\t\t\t\t\t\t\t\t\t\t\t\t\t\t\t<li class=\"tribe-events-c-subscribe-dropdown__list-item tribe-events-c-subscribe-dropdown__list-item--gcal\">\n\t\t\t\t\t\t\t\t\t<a\n\t\t\t\t\t\t\t\t\t\thref=\"https:\/\/www.google.com\/calendar\/event?action=TEMPLATE&#038;dates=20250315T070000\/20250315T133000&#038;text=Lancement%20en%20direct%20d%26rsquo%3BUVSQ-SAT%20NG&#038;details=%3Cp+class%3D%22has-medium-font-size%22%3E%3Cstrong%3EUVSQ-SAT+NG+est+un+satellite+con%C3%A7u+pour+observer+la+Terre+et+les+gaz+%C3%A0+effet+de+serre+depuis+l%27espace.++sera+lanc%C3%A9+%C3%A0+bord+d%27une+fus%C3%A9e+Falcon+9+de+Space+X+qui+d%C3%A9collera+de+la+base+de+Vandenberg+en+Californie%2C+le+15+mars+2025+%C3%A0+7h39.%3C%2Fstrong%3E%3C%2Fp%3E+%3Cp+class%3D%22has-medium-font-size%22%3ELa+mise+en+oeuvre+de+ce+satellite+est+le+r%C3%A9sultat+d%27une+collaboration+%C3%A9troite+entre+le+LATMOS%2C+l%27OVSQ%2C+des+industriels+%28ACRI-ST%2C+GAMECA%2C+ADRELYS%2C+ISISPACE%2C+GOMSPACE%2C+SDR%2C+etc.%29+et+la+communaut%C3%A9+des+radioamateurs+%28AMSAT-F%2C+F6KRK%2C%2C+etc.%29.%3C%2Fp%3E+%3Cdiv+class%3D%22wp-block-columns%22%3E%3Cdiv+class%3D%22wp-block-column+is-vertically-aligned-center%22%3E%3Chr+class%3D%22wp-block-separator+has-alpha-channel-opacity%22+style%3D%22margin-top%3Avar%28--wp--preset--spacing--50%29%3Bmargin-bottom%3Avar%28--wp--preset--spacing--50%29%22%2F%3E%3Cp+class%3D%22has-text-align-center+has-medium-font-size%22%3E%3Cstrong%3ESamedi+15+mars+2025%3Cbr+%2F%3Ede+7h+%C3%A0+13h30+puis+22h%3C%2Fstrong%3E%3C%2Fp%3E+%3Cp+class%3D%22has-text-align-center+has-medium-f%3C%2Fdiv%3E%3C%2Fdiv%3E%28Voir+toute+la+description+de+%C3%A9v%C3%A8nement+ici%C2%A0%3A+https%3A%2F%2Facademiespatiale.fr%2Findex.php%2Fevent%2F3564%2F%29&#038;location=Amphi%20G\u00e9rard%20M\u00e9gie,%2011%20boulevard%20d\u2019Alembert,%20Guyancourt,%2078280,%20France&#038;trp=false&#038;ctz=Europe\/Paris&#038;sprop=website:https:\/\/academiespatiale.fr\"\n\t\t\t\t\t\t\t\t\t\tclass=\"tribe-events-c-subscribe-dropdown__list-item-link\"\n\t\t\t\t\t\t\t\t\t\ttarget=\"_blank\"\n\t\t\t\t\t\t\t\t\t\trel=\"noopener noreferrer nofollow noindex\"\n\t\t\t\t\t\t\t\t\t>\n\t\t\t\t\t\t\t\t\t\tGoogle Agenda\t\t\t\t\t\t\t\t\t<\/a>\n\t\t\t\t\t\t\t\t<\/li>\n\t\t\t\t\t\t\t\t\t\t\t\t\t\t\t<li class=\"tribe-events-c-subscribe-dropdown__list-item tribe-events-c-subscribe-dropdown__list-item--ical\">\n\t\t\t\t\t\t\t\t\t<a\n\t\t\t\t\t\t\t\t\t\thref=\"\"\n\t\t\t\t\t\t\t\t\t\tclass=\"tribe-events-c-subscribe-dropdown__list-item-link\"\n\t\t\t\t\t\t\t\t\t\ttarget=\"_blank\"\n\t\t\t\t\t\t\t\t\t\trel=\"noopener noreferrer nofollow noindex\"\n\t\t\t\t\t\t\t\t\t>\n\t\t\t\t\t\t\t\t\t\tiCalendar\t\t\t\t\t\t\t\t\t<\/a>\n\t\t\t\t\t\t\t\t<\/li>\n\t\t\t\t\t\t\t\t\t\t\t\t\t\t\t<li class=\"tribe-events-c-subscribe-dropdown__list-item tribe-events-c-subscribe-dropdown__list-item--outlook-365\">\n\t\t\t\t\t\t\t\t\t<a\n\t\t\t\t\t\t\t\t\t\thref=\"\"\n\t\t\t\t\t\t\t\t\t\tclass=\"tribe-events-c-subscribe-dropdown__list-item-link\"\n\t\t\t\t\t\t\t\t\t\ttarget=\"_blank\"\n\t\t\t\t\t\t\t\t\t\trel=\"noopener noreferrer nofollow noindex\"\n\t\t\t\t\t\t\t\t\t>\n\t\t\t\t\t\t\t\t\t\tOutlook 365\t\t\t\t\t\t\t\t\t<\/a>\n\t\t\t\t\t\t\t\t<\/li>\n\t\t\t\t\t\t\t\t\t\t\t\t\t\t\t<li class=\"tribe-events-c-subscribe-dropdown__list-item tribe-events-c-subscribe-dropdown__list-item--outlook-live\">\n\t\t\t\t\t\t\t\t\t<a\n\t\t\t\t\t\t\t\t\t\thref=\"\"\n\t\t\t\t\t\t\t\t\t\tclass=\"tribe-events-c-subscribe-dropdown__list-item-link\"\n\t\t\t\t\t\t\t\t\t\ttarget=\"_blank\"\n\t\t\t\t\t\t\t\t\t\trel=\"noopener noreferrer nofollow noindex\"\n\t\t\t\t\t\t\t\t\t>\n\t\t\t\t\t\t\t\t\t\tOutlook Live\t\t\t\t\t\t\t\t\t<\/a>\n\t\t\t\t\t\t\t\t<\/li>\n\t\t\t\t\t\t\t\t\t\t\t\t\t<\/ul>\n\t\t\t\t\t<\/div>\n\t\t\t\t<\/div>\n\t\t\t<\/div>\n\t\t<\/div>\n\t<\/div>\n\n","protected":false},"excerpt":{"rendered":"<p>UVSQ-SAT NG est un satellite con\u00e7u pour observer la Terre et les gaz \u00e0 effet de serre depuis l&rsquo;espace. sera lanc\u00e9 \u00e0 bord d&rsquo;une fus\u00e9e Falcon 9 de Space X qui d\u00e9collera de la base de Vandenberg en Californie, le 15 mars 2025 \u00e0 7h39. La mise en oeuvre de [&hellip;]<\/p>\n","protected":false},"author":1,"featured_media":3573,"template":"","meta":{"_monsterinsights_skip_tracking":false,"_monsterinsights_sitenote_active":false,"_monsterinsights_sitenote_note":"","_monsterinsights_sitenote_category":0,"_EventAllDay":false,"_EventTimezone":"Europe\/Paris","_EventStartDate":"2025-03-15 07:00:00","_EventEndDate":"2025-03-15 13:30:00","_EventStartDateUTC":"2025-03-15 06:00:00","_EventEndDateUTC":"2025-03-15 12:30:00","_EventShowMap":false,"_EventShowMapLink":false,"_EventURL":"https:\/\/www.uvsq.fr\/lancement-imminent-duvsq-sat-ng","_EventCost":"","_EventCostDescription":"","_EventCurrencySymbol":"\u20ac","_EventCurrencyCode":"EUR","_EventCurrencyPosition":"suffix","_EventDateTimeSeparator":" : ","_EventTimeRangeSeparator":"-","_EventOrganizerID":[],"_EventVenueID":[1066],"_OrganizerEmail":"","_OrganizerPhone":"","_OrganizerWebsite":"","_VenueAddress":"","_VenueCity":"","_VenueCountry":"","_VenueProvince":"","_VenueState":"","_VenueZip":"","_VenuePhone":"","_VenueURL":"","_VenueStateProvince":"","_VenueLat":"","_VenueLng":"","_VenueShowMap":false,"_VenueShowMapLink":false,"_tribe_events_status":"","_tribe_events_status_reason":"","footnotes":""},"tags":[],"tribe_events_cat":[],"class_list":["post-3564","tribe_events","type-tribe_events","status-publish","has-post-thumbnail","hentry"],"aioseo_notices":[],"_links":{"self":[{"href":"https:\/\/academiespatiale.fr\/index.php\/wp-json\/wp\/v2\/tribe_events\/3564","targetHints":{"allow":["GET"]}}],"collection":[{"href":"https:\/\/academiespatiale.fr\/index.php\/wp-json\/wp\/v2\/tribe_events"}],"about":[{"href":"https:\/\/academiespatiale.fr\/index.php\/wp-json\/wp\/v2\/types\/tribe_events"}],"author":[{"embeddable":true,"href":"https:\/\/academiespatiale.fr\/index.php\/wp-json\/wp\/v2\/users\/1"}],"version-history":[{"count":9,"href":"https:\/\/academiespatiale.fr\/index.php\/wp-json\/wp\/v2\/tribe_events\/3564\/revisions"}],"predecessor-version":[{"id":3746,"href":"https:\/\/academiespatiale.fr\/index.php\/wp-json\/wp\/v2\/tribe_events\/3564\/revisions\/3746"}],"wp:featuredmedia":[{"embeddable":true,"href":"https:\/\/academiespatiale.fr\/index.php\/wp-json\/wp\/v2\/media\/3573"}],"wp:attachment":[{"href":"https:\/\/academiespatiale.fr\/index.php\/wp-json\/wp\/v2\/media?parent=3564"}],"wp:term":[{"taxonomy":"post_tag","embeddable":true,"href":"https:\/\/academiespatiale.fr\/index.php\/wp-json\/wp\/v2\/tags?post=3564"},{"taxonomy":"tribe_events_cat","embeddable":true,"href":"https:\/\/academiespatiale.fr\/index.php\/wp-json\/wp\/v2\/tribe_events_cat?post=3564"}],"curies":[{"name":"wp","href":"https:\/\/api.w.org\/{rel}","templated":true}]}}