{"id":3271,"date":"2025-02-06T12:48:35","date_gmt":"2025-02-06T11:48:35","guid":{"rendered":"https:\/\/academiespatiale.fr\/?post_type=tribe_events&#038;p=3271"},"modified":"2025-02-07T18:19:48","modified_gmt":"2025-02-07T17:19:48","slug":"conference-role-des-nuages-sur-le-rechauffement-climatique","status":"publish","type":"tribe_events","link":"https:\/\/academiespatiale.fr\/index.php\/event\/conference-role-des-nuages-sur-le-rechauffement-climatique\/","title":{"rendered":"[Conf\u00e9rence &#8211; ONERA] R\u00f4le des nuages sur le r\u00e9chauffement climatique"},"content":{"rendered":"<div  class=\"tribe-events-schedule tribe-clearfix\" >\n\t<p class=\"tribe-events-schedule__datetime\">\n\t\t<span class=\"tribe-events-schedule__date tribe-events-schedule__date--start\">\n\t\t\t18 f\u00e9vrier 2025\t\t<\/span>\n\n\t\t\t\t\t<span class=\"tribe-events-schedule__separator tribe-events-schedule__separator--date\">\n\t\t\t\t : \t\t\t<\/span>\n\t\t\t<span class=\"tribe-events-schedule__time tribe-events-schedule__time--start\">\n\t\t\t\t14h00\t\t\t<\/span>\n\t\t\n\t\t\t\t\t\t\t\t\t<span class=\"tribe-events-schedule__separator tribe-events-schedule__separator--time\">\n\t\t\t\t\t&#8211;\t\t\t\t<\/span>\n\t\t\t\n\t\t\t\t\t\t\t<span class=\"tribe-events-schedule__time tribe-events-schedule__time--end\">\n\t\t\t\t\t15h00\t\t\t\t<\/span>\n\t\t\t\n\t\t\t\t\t\t<\/p>\n<\/div>\n\n\n\n<p class=\"has-medium-font-size\">Dans le cadre de son cycle de conf\u00e9rences sur des sujets ayant trait au domaine a\u00e9rospatial, la direction scientifique de l&rsquo;ONERA accueillera Sandrine Bony, acad\u00e9micienne, du Laboratoire de M\u00e9t\u00e9orologie Dynamique (LMD) du CNRS\/Sorbonne Universit\u00e9, pour une conf\u00e9rence sur le r\u00f4le des nuages dans le changement climatique. <\/p>\n\n\n\n<p class=\"has-medium-font-size\">La conf\u00e9rence est ouverte \u00e0 tous et toutes, si inscription avant le 15 f\u00e9vrier.<\/p>\n\n\n\n<div class=\"wp-block-columns is-layout-flex wp-container-core-columns-is-layout-28f84493 wp-block-columns-is-layout-flex\">\n<div class=\"wp-block-column is-vertically-aligned-center is-layout-flow wp-block-column-is-layout-flow\">\n<hr class=\"wp-block-separator has-alpha-channel-opacity\"\/>\n\n\n\n<p class=\"has-text-align-center has-medium-font-size\"><strong>Le r\u00f4le des nuages dans le rechauffement climatique, avanc\u00e9es et nouvelles questions<\/strong><\/p>\n\n\n\n<p class=\"has-text-align-center has-medium-font-size\">Mardi 18 f\u00e9vrier 2025 &#8211; 14h<br>ONERA &#8211; Salle Marcel-Pierre<br>6, chemin de la Vauve aux Granges, Palaiseau<\/p>\n\n\n\n<p class=\"has-text-align-center has-medium-font-size\">Gratuit, sur inscription<\/p>\n\n\n\n<hr class=\"wp-block-separator has-alpha-channel-opacity\"\/>\n<\/div>\n\n\n\n<div class=\"wp-block-column is-layout-flow wp-block-column-is-layout-flow\">\n<figure class=\"wp-block-image size-large is-resized\"><a href=\"https:\/\/www.onera.fr\/fr\/agenda\/sandrine-bony-le-role-des-nuages-dans-le-changement-climatique-avancees-et-nouvelles-questions\" target=\"_blank\" rel=\" noreferrer noopener\"><img loading=\"lazy\" decoding=\"async\" width=\"724\" height=\"1024\" src=\"https:\/\/academiespatiale.fr\/wp-content\/uploads\/2025\/02\/Aerospacelabconference_fev2025-724x1024.png\" alt=\"\" class=\"wp-image-3264\" style=\"width:348px;height:auto\" srcset=\"https:\/\/academiespatiale.fr\/wp-content\/uploads\/2025\/02\/Aerospacelabconference_fev2025-724x1024.png 724w, https:\/\/academiespatiale.fr\/wp-content\/uploads\/2025\/02\/Aerospacelabconference_fev2025-212x300.png 212w, https:\/\/academiespatiale.fr\/wp-content\/uploads\/2025\/02\/Aerospacelabconference_fev2025-768x1086.png 768w, https:\/\/academiespatiale.fr\/wp-content\/uploads\/2025\/02\/Aerospacelabconference_fev2025.png 800w\" sizes=\"auto, (max-width: 724px) 100vw, 724px\" \/><\/a><\/figure>\n<\/div>\n<\/div>\n\n\n\n<p>Les nuages jouent un r\u00f4le fondamental dans le climat. Depuis les d\u00e9buts de la mod\u00e9lisation climatique, la r\u00e9ponse des nuages \u00e0 un r\u00e9chauffement global est une source d&rsquo;incertitude consid\u00e9rable pour les projections du changement climatique. Nous expliquerons les raisons de cette incertitude, puis pr\u00e9senterons quelques avanc\u00e9es r\u00e9centes. Notamment, nous montrerons comment une meilleure compr\u00e9hension de la physique du climat combin\u00e9e \u00e0 de nouvelles observations et de nouveaux mod\u00e8les a permis de r\u00e9duire quelques incertitudes cl\u00e9, tout en soulevant de nouvelles questions.<\/p>\n\n\n\n<p class=\"has-background-color-background-color has-background has-medium-font-size\">MODALIT\u00c9S D&rsquo;INSCRIPTION<br><br>Merci de vous inscrire aupr\u00e8s de&nbsp;<a href=\"mailto:dsg-secretariat@onera.fr?subject=%5BASL%20Conf%5D%20-%20Xavier%20Waintal%20%3A%20Tensor%20Networks%20Will%20Save%20The%20Day%20Where%20Quantum%20Computers%20Might%20Fail\" target=\"_blank\" rel=\"noopener\" title=\"\">dsg-secretariat@onera.fr<\/a>&nbsp;au plus tard trois jours avant la date de la conf\u00e9rence, en pr\u00e9cisant en objet [ASLConf &#8211; Acc\u00e8s] et en fournissant les informations suivantes : nom, pr\u00e9nom, date et lieu de naissance, soci\u00e9t\u00e9 ou organisation, fonction, n\u00b0 CNI ou n\u00b0 passeport. Pour les ressortissants \u00e9trangers, y compris de l&rsquo;Union europ\u00e9enne, faire cette d\u00e9marche deux semaines \u00e0 l&rsquo;avance, en ajoutant un scan du passeport.<\/p>\n\n\n\n<p class=\"has-background-color-background-color has-background has-medium-font-size\">PLUS D&rsquo;INFOS<br>\u2192 <a href=\"https:\/\/www.onera.fr\/fr\/agenda\/sandrine-bony-le-role-des-nuages-dans-le-changement-climatique-avancees-et-nouvelles-questions\" target=\"_blank\" rel=\"noopener\" title=\"\">Sandrine Bony : Le r\u00f4le des nuages dans le changement climatique | ONERA<\/a><\/p>\n\n\n<div  class=\"tribe-block tribe-block__organizer__details tribe-clearfix\" >\n\t<div class=\"tribe-block__organizer__title\">\n\t\t<h3>ONERA<\/h3>\n\t<\/div>\n\t\t\t\t<p class=\"tribe-block__organizer__website\"><a href=\"https:\/\/www.onera.fr\/fr\" target=\"_blank\" rel=\"noopener noreferrer\">Voir le site Organisateur<\/a><\/p>\n\t\t<\/div>\n\n\n<div  class=\"tribe-block tribe-block__venue tribe-clearfix tribe-block__venue--has-map\" >\n\t\n\t\n<div class=\"tribe-block__venue__meta\">\n\t<div class=\"tribe-block__venue__name\">\n\t\t<h3>ONERA<\/h3>\n\t<\/div>\n\n\t\n\t\t\t\t\t\t<address class=\"tribe-block__venue__address\">\n\t\t\t\t<span class=\"tribe-address\">\n\n<span class=\"tribe-street-address\">6, chemin de la Vauve aux Granges<\/span>\n\t\n\t\t<br>\n\t\t<span class=\"tribe-locality\">Palaiseau<\/span><span class=\"tribe-delimiter\">,<\/span>\n\n\n\t<span class=\"tribe-postal-code\">91123<\/span>\n\n\n<\/span>\n\n\t\t\t\t\t\t\t\t\t<a class=\"tribe-events-gmap\" href=\"https:\/\/maps.google.com\/maps?f=q&#038;source=s_q&#038;hl=en&#038;geocode=&#038;q=6%2C+chemin+de+la+Vauve+aux+Granges+Palaiseau+91123\" title=\"Cliquez pour voir une carte Google Map\" target=\"_blank\" rel=\"noreferrer noopener\">+ Google Map<\/a>\t\t\t\t\t\t\t<\/address>\n\t\t\n\t\t\n\t\t\t\t\t<span class=\"tribe-block__venue__website\"><a href=\"https:\/\/www.onera.fr\/fr\/centres\/palaiseau\" target=\"_self\" rel=\"external\">Voir Lieu site web<\/a><\/span><br \/>\n\t\t\t\n\t<\/div>\n\t\n<div class=\"tribe-block__venue__map\">\n\t\n<iframe loading=\"lazy\"\n  title=\"L\u2018iframe Google maps affichant l\u2019adresse \u00e0 ONERA\"\n  aria-label=\"Plan des lieux\"\n  width=\"310px\"\n  height=\"256px\"\n  frameborder=\"0\" style=\"border:0\"\n  src=\"https:\/\/www.google.com\/maps\/embed\/v1\/place?key=AIzaSyDNsicAsP6-VuGtAb1O9riI3oc_NOb7IOU&#038;q=6%2C+chemin+de+la+Vauve+aux+Granges+Palaiseau+91123+&#038;zoom=10\" allowfullscreen>\n<\/iframe>\n<\/div>\n\n\t<\/div>\n\n\n<div  class=\"tribe-block tribe-block__event-website\" >\n\t<a\n\t\thref=\"https:\/\/www.onera.fr\/fr\/centres\/palaiseau\"\n\t\ttarget=\"_self\"\n\t\t\t>\n\t\tD\u00e9tails &amp; inscriptions\t<\/a>\n<\/div>\n\n\n\t<div  class=\"tribe-block tribe-block__events-link\" >\n\t\t<div class=\"tribe-events tribe-common\">\n\t\t\t<div class=\"tribe-events-c-subscribe-dropdown__container\">\n\t\t\t\t<div class=\"tribe-events-c-subscribe-dropdown\">\n\t\t\t\t\t<div class=\"tribe-common-c-btn-border tribe-events-c-subscribe-dropdown__button\">\n\t\t\t\t\t\t<svg\n\t class=\"tribe-common-c-svgicon tribe-common-c-svgicon--cal-export tribe-events-c-subscribe-dropdown__export-icon\" \taria-hidden=\"true\"\n\tviewBox=\"0 0 23 17\"\n\txmlns=\"http:\/\/www.w3.org\/2000\/svg\"\n>\n\t<path fill-rule=\"evenodd\" clip-rule=\"evenodd\" d=\"M.128.896V16.13c0 .211.145.383.323.383h15.354c.179 0 .323-.172.323-.383V.896c0-.212-.144-.383-.323-.383H.451C.273.513.128.684.128.896Zm16 6.742h-.901V4.679H1.009v10.729h14.218v-3.336h.901V7.638ZM1.01 1.614h14.218v2.058H1.009V1.614Z\" \/>\n\t<path d=\"M20.5 9.846H8.312M18.524 6.953l2.89 2.909-2.855 2.855\" stroke-width=\"1.2\" stroke-linecap=\"round\" stroke-linejoin=\"round\"\/>\n<\/svg>\n\t\t\t\t\t\t<button\n\t\t\t\t\t\t\tclass=\"tribe-events-c-subscribe-dropdown__button-text\"\n\t\t\t\t\t\t\taria-expanded=\"false\"\n\t\t\t\t\t\t\taria-controls=\"tribe-events-subscribe-dropdown-content\"\n\t\t\t\t\t\t\taria-label=\"Afficher les liens permettant d\u2019ajouter des \u00e9v\u00e8nements \u00e0 votre calendrier\"\n\t\t\t\t\t\t>\n\t\t\t\t\t\t\tAjouter au calendrier\t\t\t\t\t\t<\/button>\n\t\t\t\t\t\t<svg\n\t class=\"tribe-common-c-svgicon tribe-common-c-svgicon--caret-down tribe-events-c-subscribe-dropdown__button-icon\" \taria-hidden=\"true\"\n\tviewBox=\"0 0 10 7\"\n\txmlns=\"http:\/\/www.w3.org\/2000\/svg\"\n>\n\t<path fill-rule=\"evenodd\" clip-rule=\"evenodd\" d=\"M1.008.609L5 4.6 8.992.61l.958.958L5 6.517.05 1.566l.958-.958z\" class=\"tribe-common-c-svgicon__svg-fill\"\/>\n<\/svg>\n\t\t\t\t\t<\/div>\n\t\t\t\t\t<div id=\"tribe-events-subscribe-dropdown-content\" class=\"tribe-events-c-subscribe-dropdown__content\">\n\t\t\t\t\t\t<ul class=\"tribe-events-c-subscribe-dropdown__list\">\n\t\t\t\t\t\t\t\t\t\t\t\t\t\t\t<li class=\"tribe-events-c-subscribe-dropdown__list-item tribe-events-c-subscribe-dropdown__list-item--gcal\">\n\t\t\t\t\t\t\t\t\t<a\n\t\t\t\t\t\t\t\t\t\thref=\"https:\/\/www.google.com\/calendar\/event?action=TEMPLATE&#038;dates=20250218T140000\/20250218T150000&#038;text=%5BConf%C3%A9rence%20%26%238211%3B%20ONERA%5D%20R%C3%B4le%20des%20nuages%20sur%20le%20r%C3%A9chauffement%20climatique&#038;details=%3Cp+class%3D%22has-medium-font-size%22%3EDans+le+cadre+de+son+cycle+de+conf%C3%A9rences+sur+des+sujets+ayant+trait+au+domaine+a%C3%A9rospatial%2C+la+direction+scientifique+de+l%27ONERA+accueillera+Sandrine+Bony%2C+acad%C3%A9micienne%2C+du+Laboratoire+de+M%C3%A9t%C3%A9orologie+Dynamique+%28LMD%29+du+CNRS%2FSorbonne+Universit%C3%A9%2C+pour+une+conf%C3%A9rence+sur+le+r%C3%B4le+des+nuages+dans+le+changement+climatique.+%3C%2Fp%3E+%3Cp+class%3D%22has-medium-font-size%22%3ELa+conf%C3%A9rence+est+ouverte+%C3%A0+tous+et+toutes%2C+si+inscription+avant+le+15+f%C3%A9vrier.%3C%2Fp%3E+%3Cdiv+class%3D%22wp-block-columns%22%3E%3Cdiv+class%3D%22wp-block-column+is-vertically-aligned-center%22%3E%3Chr+class%3D%22wp-block-separator+has-alpha-channel-opacity%22%2F%3E%3Cp+class%3D%22has-text-align-center+has-medium-font-size%22%3E%3Cstrong%3ELe+r%C3%B4le+des+nuages+dans+le+rechauffement+climatique%2C+avanc%C3%A9es+et+nouvelles+questions%3C%2Fstrong%3E%3C%2Fp%3E+%3Cp+class%3D%22has-text-align-center+has-medium-font-size%22%3EMardi+18+f%C3%A9vrier+2025+-+14h%3Cbr+%2F%3EONERA+-+Salle+Marcel-Pierre%3Cbr+%2F%3E6%2C+chemin+de+la+Vauve+aux+Granges%2C+Palaiseau%3C%2Fp%3E+%3Cp+class%3D%22h%3C%2Fdiv%3E%3C%2Fdiv%3E%28Voir+toute+la+description+de+%C3%A9v%C3%A8nement+ici%C2%A0%3A+https%3A%2F%2Facademiespatiale.fr%2Findex.php%2Fevent%2Fconference-role-des-nuages-sur-le-rechauffement-climatique%2F%29&#038;location=ONERA,%206,%20chemin%20de%20la%20Vauve%20aux%20Granges,%20Palaiseau,%2091123&#038;trp=false&#038;ctz=Europe\/Paris&#038;sprop=website:https:\/\/academiespatiale.fr\"\n\t\t\t\t\t\t\t\t\t\tclass=\"tribe-events-c-subscribe-dropdown__list-item-link\"\n\t\t\t\t\t\t\t\t\t\ttarget=\"_blank\"\n\t\t\t\t\t\t\t\t\t\trel=\"noopener noreferrer nofollow noindex\"\n\t\t\t\t\t\t\t\t\t>\n\t\t\t\t\t\t\t\t\t\tGoogle Agenda\t\t\t\t\t\t\t\t\t<\/a>\n\t\t\t\t\t\t\t\t<\/li>\n\t\t\t\t\t\t\t\t\t\t\t\t\t\t\t<li class=\"tribe-events-c-subscribe-dropdown__list-item tribe-events-c-subscribe-dropdown__list-item--ical\">\n\t\t\t\t\t\t\t\t\t<a\n\t\t\t\t\t\t\t\t\t\thref=\"\"\n\t\t\t\t\t\t\t\t\t\tclass=\"tribe-events-c-subscribe-dropdown__list-item-link\"\n\t\t\t\t\t\t\t\t\t\ttarget=\"_blank\"\n\t\t\t\t\t\t\t\t\t\trel=\"noopener noreferrer nofollow noindex\"\n\t\t\t\t\t\t\t\t\t>\n\t\t\t\t\t\t\t\t\t\tiCalendar\t\t\t\t\t\t\t\t\t<\/a>\n\t\t\t\t\t\t\t\t<\/li>\n\t\t\t\t\t\t\t\t\t\t\t\t\t\t\t<li class=\"tribe-events-c-subscribe-dropdown__list-item tribe-events-c-subscribe-dropdown__list-item--outlook-365\">\n\t\t\t\t\t\t\t\t\t<a\n\t\t\t\t\t\t\t\t\t\thref=\"\"\n\t\t\t\t\t\t\t\t\t\tclass=\"tribe-events-c-subscribe-dropdown__list-item-link\"\n\t\t\t\t\t\t\t\t\t\ttarget=\"_blank\"\n\t\t\t\t\t\t\t\t\t\trel=\"noopener noreferrer nofollow noindex\"\n\t\t\t\t\t\t\t\t\t>\n\t\t\t\t\t\t\t\t\t\tOutlook 365\t\t\t\t\t\t\t\t\t<\/a>\n\t\t\t\t\t\t\t\t<\/li>\n\t\t\t\t\t\t\t\t\t\t\t\t\t\t\t<li class=\"tribe-events-c-subscribe-dropdown__list-item tribe-events-c-subscribe-dropdown__list-item--outlook-live\">\n\t\t\t\t\t\t\t\t\t<a\n\t\t\t\t\t\t\t\t\t\thref=\"\"\n\t\t\t\t\t\t\t\t\t\tclass=\"tribe-events-c-subscribe-dropdown__list-item-link\"\n\t\t\t\t\t\t\t\t\t\ttarget=\"_blank\"\n\t\t\t\t\t\t\t\t\t\trel=\"noopener noreferrer nofollow noindex\"\n\t\t\t\t\t\t\t\t\t>\n\t\t\t\t\t\t\t\t\t\tOutlook Live\t\t\t\t\t\t\t\t\t<\/a>\n\t\t\t\t\t\t\t\t<\/li>\n\t\t\t\t\t\t\t\t\t\t\t\t\t<\/ul>\n\t\t\t\t\t<\/div>\n\t\t\t\t<\/div>\n\t\t\t<\/div>\n\t\t<\/div>\n\t<\/div>\n\n","protected":false},"excerpt":{"rendered":"<p>Dans le cadre de son cycle de conf\u00e9rences sur des sujets ayant trait au domaine a\u00e9rospatial, la direction scientifique de l&rsquo;ONERA accueillera Sandrine Bony, acad\u00e9micienne, du Laboratoire de M\u00e9t\u00e9orologie Dynamique (LMD) du CNRS\/Sorbonne Universit\u00e9, pour une conf\u00e9rence sur le r\u00f4le des nuages dans le changement climatique. La conf\u00e9rence est ouverte [&hellip;]<\/p>\n","protected":false},"author":1,"featured_media":3266,"template":"","meta":{"_monsterinsights_skip_tracking":false,"_monsterinsights_sitenote_active":false,"_monsterinsights_sitenote_note":"","_monsterinsights_sitenote_category":0,"_EventAllDay":false,"_EventTimezone":"Europe\/Paris","_EventStartDate":"2025-02-18 14:00:00","_EventEndDate":"2025-02-18 15:00:00","_EventStartDateUTC":"2025-02-18 13:00:00","_EventEndDateUTC":"2025-02-18 14:00:00","_EventShowMap":false,"_EventShowMapLink":false,"_EventURL":"https:\/\/www.onera.fr\/fr\/centres\/palaiseau","_EventCost":"","_EventCostDescription":"","_EventCurrencySymbol":"\u20ac","_EventCurrencyCode":"EUR","_EventCurrencyPosition":"suffix","_EventDateTimeSeparator":" : ","_EventTimeRangeSeparator":"-","_EventOrganizerID":[3272],"_EventVenueID":[3275],"_OrganizerEmail":"","_OrganizerPhone":"","_OrganizerWebsite":"","_VenueAddress":"","_VenueCity":"","_VenueCountry":"","_VenueProvince":"","_VenueState":"","_VenueZip":"","_VenuePhone":"","_VenueURL":"","_VenueStateProvince":"","_VenueLat":"","_VenueLng":"","_VenueShowMap":false,"_VenueShowMapLink":false,"_tribe_events_status":"","_tribe_events_status_reason":"","footnotes":""},"tags":[],"tribe_events_cat":[],"class_list":["post-3271","tribe_events","type-tribe_events","status-publish","has-post-thumbnail","hentry"],"aioseo_notices":[],"_links":{"self":[{"href":"https:\/\/academiespatiale.fr\/index.php\/wp-json\/wp\/v2\/tribe_events\/3271","targetHints":{"allow":["GET"]}}],"collection":[{"href":"https:\/\/academiespatiale.fr\/index.php\/wp-json\/wp\/v2\/tribe_events"}],"about":[{"href":"https:\/\/academiespatiale.fr\/index.php\/wp-json\/wp\/v2\/types\/tribe_events"}],"author":[{"embeddable":true,"href":"https:\/\/academiespatiale.fr\/index.php\/wp-json\/wp\/v2\/users\/1"}],"version-history":[{"count":5,"href":"https:\/\/academiespatiale.fr\/index.php\/wp-json\/wp\/v2\/tribe_events\/3271\/revisions"}],"predecessor-version":[{"id":3319,"href":"https:\/\/academiespatiale.fr\/index.php\/wp-json\/wp\/v2\/tribe_events\/3271\/revisions\/3319"}],"wp:featuredmedia":[{"embeddable":true,"href":"https:\/\/academiespatiale.fr\/index.php\/wp-json\/wp\/v2\/media\/3266"}],"wp:attachment":[{"href":"https:\/\/academiespatiale.fr\/index.php\/wp-json\/wp\/v2\/media?parent=3271"}],"wp:term":[{"taxonomy":"post_tag","embeddable":true,"href":"https:\/\/academiespatiale.fr\/index.php\/wp-json\/wp\/v2\/tags?post=3271"},{"taxonomy":"tribe_events_cat","embeddable":true,"href":"https:\/\/academiespatiale.fr\/index.php\/wp-json\/wp\/v2\/tribe_events_cat?post=3271"}],"curies":[{"name":"wp","href":"https:\/\/api.w.org\/{rel}","templated":true}]}}