{"id":10662,"date":"2026-09-04T17:52:07","date_gmt":"2026-09-04T15:52:07","guid":{"rendered":"https:\/\/academiespatiale.fr\/?post_type=tribe_events&#038;p=10662"},"modified":"2026-09-04T17:58:22","modified_gmt":"2026-09-04T15:58:22","slug":"partenaire-officiel-sommet-international-sur-lespace","status":"publish","type":"tribe_events","link":"https:\/\/academiespatiale.fr\/index.php\/event\/partenaire-officiel-sommet-international-sur-lespace\/","title":{"rendered":"[Partenaire officiel] Sommet international sur l&rsquo;espace"},"content":{"rendered":"<div  class=\"tribe-events-schedule tribe-clearfix\" >\n\t<p class=\"tribe-events-schedule__datetime\">\n\t\t<span class=\"tribe-events-schedule__date tribe-events-schedule__date--start\">\n\t\t\t9 septembre\t\t<\/span>\n\n\t\t\t\t\t<span class=\"tribe-events-schedule__separator tribe-events-schedule__separator--date\">\n\t\t\t\t : \t\t\t<\/span>\n\t\t\t<span class=\"tribe-events-schedule__time tribe-events-schedule__time--start\">\n\t\t\t\t14h00\t\t\t<\/span>\n\t\t\n\t\t\t\t\t\t\t\t\t<span class=\"tribe-events-schedule__separator tribe-events-schedule__separator--time\">\n\t\t\t\t\t&#8211;\t\t\t\t<\/span>\n\t\t\t\n\t\t\t\t\t\t\t<span class=\"tribe-events-schedule__date tribe-events-schedule__date--end\">\n\t\t\t\t\t10 septembre\t\t\t\t<\/span>\n\n\t\t\t\t\t\t\t\t\t<span class=\"tribe-events-schedule__separator tribe-events-schedule__separator--date\">\n\t\t\t\t\t\t : \t\t\t\t\t<\/span>\n\t\t\t\t\t<span class=\"tribe-events-schedule__time tribe-events-schedule__time--end\">\n\t\t\t\t\t\t18h00\t\t\t\t\t<\/span>\n\t\t\t\t\n\t\t\t\n\t\t\t\t\t\t<\/p>\n<\/div>\n\n\n\n<div class=\"wp-block-cover is-light\" style=\"padding-top:var(--wp--preset--spacing--80);padding-right:var(--wp--preset--spacing--80);padding-bottom:var(--wp--preset--spacing--80);padding-left:var(--wp--preset--spacing--80)\"><span aria-hidden=\"true\" class=\"wp-block-cover__background has-white-background-color has-background-dim-100 has-background-dim\"><\/span><div class=\"wp-block-cover__inner-container is-layout-constrained wp-container-core-cover-is-layout-3ae6a1a4 wp-block-cover-is-layout-constrained\">\n<p class=\"wp-block-paragraph\"><strong>Les 9 et 10 septembre 2026, se tiendra au Grand Palais \u00e0 Paris, le premier Sommet international sur l\u2019espace. \u00c0 l\u2019initiative du Pr\u00e9sident de la R\u00e9publique, cet \u00e9v\u00e8nement r\u00e9unira la communaut\u00e9 spatiale mondiale, notamment des chefs d\u2019\u00c9tat et de gouvernement du monde entier, des repr\u00e9sentant\u00b7es d\u2019organisations internationales, des parlementaires, des scientifiques, des militaires et des astonautes.<\/strong><\/p>\n\n\n\n<p class=\"wp-block-paragraph\"><strong>L\u2019Acad\u00e9mie Spatiale d\u2019\u00cele-de-France a \u00e9t\u00e9 choisie pour faire partie des huit&nbsp;<a href=\"https:\/\/www.diplomatie.gouv.fr\/fr\/priorites-et-actions\/grands-dossiers\/le-sommet-international-sur-l-espace\/les-partenaires-du-sommet-international-sur-l-espace\" target=\"_blank\" rel=\"noopener\">partenaires officiels&nbsp;<\/a>du Sommet international sur l\u2019espace.&nbsp;<\/strong>Cette reconnaissance souligne notre r\u00f4le dans la structuration, l\u2019am\u00e9lioration et la diffusion des formations du secteur spatial en \u00cele-de-France, ainsi que nos liens \u00e9troits avec sa communaut\u00e9 \u00e9tudiante, notamment \u00e0 travers notre soutien aux associations \u00e9tudiantes.<\/p>\n\n\n\n<figure class=\"wp-block-image alignwide size-large\"><a href=\"https:\/\/academiespatiale.fr\/index.php\/formations\/programmes-pedagogiques\/infos-orientation\/sommet-international-espace\/\" target=\"_blank\" rel=\" noopener\"><img loading=\"lazy\" decoding=\"async\" width=\"1024\" height=\"512\" src=\"https:\/\/academiespatiale.fr\/wp-content\/uploads\/2026\/09\/1788425191784-1024x512.jpeg\" alt=\"\" class=\"wp-image-10595\" srcset=\"https:\/\/academiespatiale.fr\/wp-content\/uploads\/2026\/09\/1788425191784-1024x512.jpeg 1024w, https:\/\/academiespatiale.fr\/wp-content\/uploads\/2026\/09\/1788425191784-300x150.jpeg 300w, https:\/\/academiespatiale.fr\/wp-content\/uploads\/2026\/09\/1788425191784-768x384.jpeg 768w, https:\/\/academiespatiale.fr\/wp-content\/uploads\/2026\/09\/1788425191784.jpeg 1280w\" sizes=\"auto, (max-width: 1024px) 100vw, 1024px\" \/><\/a><\/figure>\n\n\n\n<div class=\"wp-block-columns alignwide is-layout-flex wp-container-core-columns-is-layout-7387b849 wp-block-columns-is-layout-flex\">\n<div class=\"wp-block-column is-layout-flow wp-block-column-is-layout-flow\">\n<div class=\"wp-block-buttons alignwide is-content-justification-center is-layout-flex wp-container-core-buttons-is-layout-3e41869c wp-block-buttons-is-layout-flex\">\n<div style=\"--wp--block-button--width: 50;\" class=\"wp-block-button is-style-outline has-custom-width wp-block-button__width wp-block-button__width-50 is-style-outline--1\"><a class=\"wp-block-button__link wp-element-button\" href=\"https:\/\/www.diplomatie.gouv.fr\/fr\/priorites-et-actions\/grands-dossiers\/le-sommet-international-sur-l-espace\" target=\"_blank\" rel=\"noopener\"><strong>Page officielle<\/strong> &#8211; Programme et infos pratiques<\/a><\/div>\n<\/div>\n<\/div>\n<\/div>\n\n\n\n<p class=\"has-background-color-background-color has-background wp-block-paragraph\">Plus d&rsquo;infos sur le sommet et les initiatives port\u00e9es par l&rsquo;Acad\u00e9mie<br>\u2192 <a href=\"https:\/\/academiespatiale.fr\/index.php\/formations\/programmes-pedagogiques\/infos-orientation\/sommet-international-espace\/\">Sommet international sur l\u2019espace \/ International Space Summit &#8211; Acad\u00e9mie Spatiale d&rsquo;\u00cele-de-France<\/a><\/p>\n<\/div><\/div>\n\n\n\t<div  class=\"tribe-block tribe-block__events-link\" >\n\t\t<div class=\"tribe-events tribe-common\">\n\t\t\t<div class=\"tribe-events-c-subscribe-dropdown__container\">\n\t\t\t\t<div class=\"tribe-events-c-subscribe-dropdown\">\n\t\t\t\t\t<div class=\"tribe-common-c-btn-border tribe-events-c-subscribe-dropdown__button\">\n\t\t\t\t\t\t<svg\n\t class=\"tribe-common-c-svgicon tribe-common-c-svgicon--cal-export tribe-events-c-subscribe-dropdown__export-icon\" \taria-hidden=\"true\"\n\tviewBox=\"0 0 23 17\"\n\txmlns=\"http:\/\/www.w3.org\/2000\/svg\"\n>\n\t<path fill-rule=\"evenodd\" clip-rule=\"evenodd\" d=\"M.128.896V16.13c0 .211.145.383.323.383h15.354c.179 0 .323-.172.323-.383V.896c0-.212-.144-.383-.323-.383H.451C.273.513.128.684.128.896Zm16 6.742h-.901V4.679H1.009v10.729h14.218v-3.336h.901V7.638ZM1.01 1.614h14.218v2.058H1.009V1.614Z\" \/>\n\t<path d=\"M20.5 9.846H8.312M18.524 6.953l2.89 2.909-2.855 2.855\" stroke-width=\"1.2\" stroke-linecap=\"round\" stroke-linejoin=\"round\"\/>\n<\/svg>\n\t\t\t\t\t\t<button\n\t\t\t\t\t\t\tclass=\"tribe-events-c-subscribe-dropdown__button-text\"\n\t\t\t\t\t\t\taria-expanded=\"false\"\n\t\t\t\t\t\t\taria-controls=\"tribe-events-subscribe-dropdown-content\"\n\t\t\t\t\t\t\taria-label=\"Afficher les liens permettant d\u2019ajouter des \u00e9v\u00e8nements \u00e0 votre calendrier\"\n\t\t\t\t\t\t>\n\t\t\t\t\t\t\tAjouter au calendrier\t\t\t\t\t\t<\/button>\n\t\t\t\t\t\t<svg\n\t class=\"tribe-common-c-svgicon tribe-common-c-svgicon--caret-down tribe-events-c-subscribe-dropdown__button-icon\" \taria-hidden=\"true\"\n\tviewBox=\"0 0 10 7\"\n\txmlns=\"http:\/\/www.w3.org\/2000\/svg\"\n>\n\t<path fill-rule=\"evenodd\" clip-rule=\"evenodd\" d=\"M1.008.609L5 4.6 8.992.61l.958.958L5 6.517.05 1.566l.958-.958z\" class=\"tribe-common-c-svgicon__svg-fill\"\/>\n<\/svg>\n\t\t\t\t\t<\/div>\n\t\t\t\t\t<div id=\"tribe-events-subscribe-dropdown-content\" class=\"tribe-events-c-subscribe-dropdown__content\">\n\t\t\t\t\t\t<ul class=\"tribe-events-c-subscribe-dropdown__list\">\n\t\t\t\t\t\t\t\t\t\t\t\t\t\t\t<li class=\"tribe-events-c-subscribe-dropdown__list-item tribe-events-c-subscribe-dropdown__list-item--gcal\">\n\t\t\t\t\t\t\t\t\t<a\n\t\t\t\t\t\t\t\t\t\thref=\"https:\/\/www.google.com\/calendar\/event?action=TEMPLATE&#038;dates=20260909T140000\/20260910T180000&#038;text=%5BPartenaire%20officiel%5D%20Sommet%20international%20sur%20l%26rsquo%3Bespace&#038;details=%3Cdiv+class%3D%22wp-block-cover+is-light%22+style%3D%22padding-top%3Avar%28--wp--preset--spacing--80%29%3Bpadding-right%3Avar%28--wp--preset--spacing--80%29%3Bpadding-bottom%3Avar%28--wp--preset--spacing--80%29%3Bpadding-left%3Avar%28--wp--preset--spacing--80%29%22%3E%3Cspan+aria-hidden%3D%22true%22+class%3D%22wp-block-cover__background+has-white-background-color+has-background-dim-100+has-background-dim%22%3E%3C%2Fspan%3E%3Cdiv+class%3D%22wp-block-cover__inner-container%22%3E%3Cp%3E%3Cstrong%3ELes+9+et+10+septembre+2026%2C+se+tiendra+au+Grand+Palais+%C3%A0+Paris%2C+le+premier+Sommet+international+sur+l%E2%80%99espace.+%C3%80+l%E2%80%99initiative+du+Pr%C3%A9sident+de+la+R%C3%A9publique%2C+cet+%C3%A9v%C3%A8nement+r%C3%A9unira+la+communaut%C3%A9+spatiale+mondiale%2C+notamment+des+chefs+d%E2%80%99%C3%89tat+et+de+gouvernement+du+monde+entier%2C+des+repr%C3%A9sentant%C2%B7es+d%E2%80%99organisations+internationales%2C+des+parlementaires%2C+des+scientifiques%2C+des+militaires+et+des+astonautes.%3C%2Fstrong%3E%3C%2Fp%3E+%3Cp%3E%3Cstrong%3EL%E2%80%99Acad%C3%A9mie+Spatiale+d%E2%80%99%C3%8Ele-de-France+a+%C3%A9t%C3%A9+choisie+pour+faire+partie+des+huit%26nbsp%3B%3Ca+href%3D%22https%3A%2F%2Fwww.diplomatie.gouv.fr%2F%3C%2Fstrong%3E%3C%2Fp%3E%3C%2Fdiv%3E%3C%2Fdiv%3E%28Voir+toute+la+description+de+%C3%A9v%C3%A8nement+ici%C2%A0%3A+https%3A%2F%2Facademiespatiale.fr%2Findex.php%2Fevent%2Fpartenaire-officiel-sommet-international-sur-lespace%2F%29&#038;trp=false&#038;ctz=Europe\/Paris&#038;sprop=website:https:\/\/academiespatiale.fr\"\n\t\t\t\t\t\t\t\t\t\tclass=\"tribe-events-c-subscribe-dropdown__list-item-link\"\n\t\t\t\t\t\t\t\t\t\ttarget=\"_blank\"\n\t\t\t\t\t\t\t\t\t\trel=\"noopener noreferrer nofollow noindex\"\n\t\t\t\t\t\t\t\t\t>\n\t\t\t\t\t\t\t\t\t\tGoogle Agenda\t\t\t\t\t\t\t\t\t<\/a>\n\t\t\t\t\t\t\t\t<\/li>\n\t\t\t\t\t\t\t\t\t\t\t\t\t\t\t<li class=\"tribe-events-c-subscribe-dropdown__list-item tribe-events-c-subscribe-dropdown__list-item--ical\">\n\t\t\t\t\t\t\t\t\t<a\n\t\t\t\t\t\t\t\t\t\thref=\"\"\n\t\t\t\t\t\t\t\t\t\tclass=\"tribe-events-c-subscribe-dropdown__list-item-link\"\n\t\t\t\t\t\t\t\t\t\ttarget=\"_blank\"\n\t\t\t\t\t\t\t\t\t\trel=\"noopener noreferrer nofollow noindex\"\n\t\t\t\t\t\t\t\t\t>\n\t\t\t\t\t\t\t\t\t\tiCalendar\t\t\t\t\t\t\t\t\t<\/a>\n\t\t\t\t\t\t\t\t<\/li>\n\t\t\t\t\t\t\t\t\t\t\t\t\t\t\t<li class=\"tribe-events-c-subscribe-dropdown__list-item tribe-events-c-subscribe-dropdown__list-item--outlook-365\">\n\t\t\t\t\t\t\t\t\t<a\n\t\t\t\t\t\t\t\t\t\thref=\"\"\n\t\t\t\t\t\t\t\t\t\tclass=\"tribe-events-c-subscribe-dropdown__list-item-link\"\n\t\t\t\t\t\t\t\t\t\ttarget=\"_blank\"\n\t\t\t\t\t\t\t\t\t\trel=\"noopener noreferrer nofollow noindex\"\n\t\t\t\t\t\t\t\t\t>\n\t\t\t\t\t\t\t\t\t\tOutlook 365\t\t\t\t\t\t\t\t\t<\/a>\n\t\t\t\t\t\t\t\t<\/li>\n\t\t\t\t\t\t\t\t\t\t\t\t\t\t\t<li class=\"tribe-events-c-subscribe-dropdown__list-item tribe-events-c-subscribe-dropdown__list-item--outlook-live\">\n\t\t\t\t\t\t\t\t\t<a\n\t\t\t\t\t\t\t\t\t\thref=\"\"\n\t\t\t\t\t\t\t\t\t\tclass=\"tribe-events-c-subscribe-dropdown__list-item-link\"\n\t\t\t\t\t\t\t\t\t\ttarget=\"_blank\"\n\t\t\t\t\t\t\t\t\t\trel=\"noopener noreferrer nofollow noindex\"\n\t\t\t\t\t\t\t\t\t>\n\t\t\t\t\t\t\t\t\t\tOutlook Live\t\t\t\t\t\t\t\t\t<\/a>\n\t\t\t\t\t\t\t\t<\/li>\n\t\t\t\t\t\t\t\t\t\t\t\t\t<\/ul>\n\t\t\t\t\t<\/div>\n\t\t\t\t<\/div>\n\t\t\t<\/div>\n\t\t<\/div>\n\t<\/div>\n\n\n\n\n<p class=\"wp-block-paragraph\"><\/p>\n","protected":false},"excerpt":{"rendered":"","protected":false},"author":1,"featured_media":10644,"template":"","meta":{"_monsterinsights_skip_tracking":false,"_EventAllDay":false,"_EventTimezone":"Europe\/Paris","_EventStartDate":"2026-09-09 14:00:00","_EventEndDate":"2026-09-10 18:00:00","_EventStartDateUTC":"2026-09-09 12:00:00","_EventEndDateUTC":"2026-09-10 16:00:00","_EventShowMap":false,"_EventShowMapLink":false,"_EventURL":"","_EventCost":"","_EventCostDescription":"","_EventCurrencySymbol":"\u20ac","_EventCurrencyCode":"EUR","_EventCurrencyPosition":"suffix","_EventDateTimeSeparator":" : ","_EventTimeRangeSeparator":"-","_EventOrganizerID":[],"_EventVenueID":[],"_OrganizerEmail":"","_OrganizerPhone":"","_OrganizerWebsite":"","_VenueAddress":"","_VenueCity":"","_VenueCountry":"","_VenueProvince":"","_VenueState":"","_VenueZip":"","_VenuePhone":"","_VenueURL":"","_VenueStateProvince":"","_VenueLat":"","_VenueLng":"","_VenueShowMap":false,"_VenueShowMapLink":false,"_tribe_events_status":"","_tribe_events_status_reason":"","footnotes":""},"tags":[],"tribe_events_cat":[19],"class_list":["post-10662","tribe_events","type-tribe_events","status-publish","has-post-thumbnail","hentry","tribe_events_cat-conference","cat_conference"],"aioseo_notices":[],"aioseo_head":"\n\t\t<!-- All in One SEO 5.0.1.1 - aioseo.com -->\n\t<meta name=\"description\" content=\"Les 9 et 10 septembre 2026, se tiendra au Grand Palais \u00e0 Paris, le premier Sommet international sur l\u2019espace. \u00c0 l\u2019initiative du Pr\u00e9sident de la R\u00e9publique, cet \u00e9v\u00e8nement r\u00e9unira la communaut\u00e9 spatiale mondiale, notamment des chefs d\u2019\u00c9tat et de gouvernement du monde entier, des repr\u00e9sentant\u00b7es d\u2019organisations internationales, des parlementaires, des scientifiques, des militaires et des\" \/>\n\t<meta name=\"robots\" content=\"max-image-preview:large\" \/>\n\t<meta name=\"author\" content=\"Acad\u00e9mie Spatiale\"\/>\n\t<link rel=\"canonical\" href=\"https:\/\/academiespatiale.fr\/index.php\/event\/partenaire-officiel-sommet-international-sur-lespace\/\" \/>\n\t<meta name=\"generator\" content=\"All in One SEO (AIOSEO) 5.0.1.1\" \/>\n\t\t<meta property=\"og:locale\" content=\"fr_FR\" \/>\n\t\t<meta property=\"og:site_name\" content=\"Acad\u00e9mie Spatiale d&#039;\u00cele-de-France - Ensemble pour un nouvel espace durable pour tous et toutes\" \/>\n\t\t<meta property=\"og:type\" content=\"article\" \/>\n\t\t<meta property=\"og:title\" content=\"[Partenaire officiel] Sommet international sur l\u2019espace - Acad\u00e9mie Spatiale d&#039;\u00cele-de-France\" \/>\n\t\t<meta property=\"og:description\" content=\"Les 9 et 10 septembre 2026, se tiendra au Grand Palais \u00e0 Paris, le premier Sommet international sur l\u2019espace. \u00c0 l\u2019initiative du Pr\u00e9sident de la R\u00e9publique, cet \u00e9v\u00e8nement r\u00e9unira la communaut\u00e9 spatiale mondiale, notamment des chefs d\u2019\u00c9tat et de gouvernement du monde entier, des repr\u00e9sentant\u00b7es d\u2019organisations internationales, des parlementaires, des scientifiques, des militaires et des\" \/>\n\t\t<meta property=\"og:url\" content=\"https:\/\/academiespatiale.fr\/index.php\/event\/partenaire-officiel-sommet-international-sur-lespace\/\" \/>\n\t\t<meta property=\"og:image\" content=\"https:\/\/academiespatiale.fr\/wp-content\/uploads\/2026\/09\/Sommet-Inter-Espace_2026.png\" \/>\n\t\t<meta property=\"og:image:secure_url\" content=\"https:\/\/academiespatiale.fr\/wp-content\/uploads\/2026\/09\/Sommet-Inter-Espace_2026.png\" \/>\n\t\t<meta property=\"og:image:width\" content=\"750\" \/>\n\t\t<meta property=\"og:image:height\" content=\"500\" \/>\n\t\t<meta property=\"article:published_time\" content=\"2026-09-04T15:52:07+00:00\" \/>\n\t\t<meta property=\"article:modified_time\" content=\"2026-09-04T15:58:22+00:00\" \/>\n\t\t<meta property=\"article:publisher\" content=\"https:\/\/www.facebook.com\/people\/Acadmie-Spatiale-dle-de-France\/61560696669781\/\" \/>\n\t\t<meta name=\"twitter:card\" content=\"summary_large_image\" \/>\n\t\t<meta name=\"twitter:site\" content=\"@Ac_Spatiale\" \/>\n\t\t<meta name=\"twitter:title\" content=\"[Partenaire officiel] Sommet international sur l\u2019espace - Acad\u00e9mie Spatiale d&#039;\u00cele-de-France\" \/>\n\t\t<meta name=\"twitter:description\" content=\"Les 9 et 10 septembre 2026, se tiendra au Grand Palais \u00e0 Paris, le premier Sommet international sur l\u2019espace. \u00c0 l\u2019initiative du Pr\u00e9sident de la R\u00e9publique, cet \u00e9v\u00e8nement r\u00e9unira la communaut\u00e9 spatiale mondiale, notamment des chefs d\u2019\u00c9tat et de gouvernement du monde entier, des repr\u00e9sentant\u00b7es d\u2019organisations internationales, des parlementaires, des scientifiques, des militaires et des\" \/>\n\t\t<meta name=\"twitter:creator\" content=\"@Ac_Spatiale\" \/>\n\t\t<meta name=\"twitter:image\" content=\"https:\/\/academiespatiale.fr\/wp-content\/uploads\/2026\/09\/Sommet-Inter-Espace_2026.png\" \/>\n\t\t<script type=\"application\/ld+json\" class=\"aioseo-schema\">\n\t\t\t{\"@context\":\"https:\\\/\\\/schema.org\",\"@graph\":[{\"@type\":\"BreadcrumbList\",\"@id\":\"https:\\\/\\\/academiespatiale.fr\\\/index.php\\\/event\\\/partenaire-officiel-sommet-international-sur-lespace\\\/#breadcrumblist\",\"itemListElement\":[{\"@type\":\"ListItem\",\"@id\":\"https:\\\/\\\/academiespatiale.fr#listItem\",\"position\":1,\"name\":\"Home\",\"item\":\"https:\\\/\\\/academiespatiale.fr\",\"nextItem\":{\"@type\":\"ListItem\",\"@id\":\"https:\\\/\\\/academiespatiale.fr\\\/index.php\\\/events\\\/#listItem\",\"name\":\"\\u00c9v\\u00e8nements\"}},{\"@type\":\"ListItem\",\"@id\":\"https:\\\/\\\/academiespatiale.fr\\\/index.php\\\/events\\\/#listItem\",\"position\":2,\"name\":\"\\u00c9v\\u00e8nements\",\"item\":\"https:\\\/\\\/academiespatiale.fr\\\/index.php\\\/events\\\/\",\"nextItem\":{\"@type\":\"ListItem\",\"@id\":\"https:\\\/\\\/academiespatiale.fr\\\/index.php\\\/events\\\/categorie\\\/conference\\\/#listItem\",\"name\":\"Conf\\u00e9rence\"},\"previousItem\":{\"@type\":\"ListItem\",\"@id\":\"https:\\\/\\\/academiespatiale.fr#listItem\",\"name\":\"Home\"}},{\"@type\":\"ListItem\",\"@id\":\"https:\\\/\\\/academiespatiale.fr\\\/index.php\\\/events\\\/categorie\\\/conference\\\/#listItem\",\"position\":3,\"name\":\"Conf\\u00e9rence\",\"item\":\"https:\\\/\\\/academiespatiale.fr\\\/index.php\\\/events\\\/categorie\\\/conference\\\/\",\"nextItem\":{\"@type\":\"ListItem\",\"@id\":\"https:\\\/\\\/academiespatiale.fr\\\/index.php\\\/event\\\/partenaire-officiel-sommet-international-sur-lespace\\\/#listItem\",\"name\":\"[Partenaire officiel] Sommet international sur l&rsquo;espace\"},\"previousItem\":{\"@type\":\"ListItem\",\"@id\":\"https:\\\/\\\/academiespatiale.fr\\\/index.php\\\/events\\\/#listItem\",\"name\":\"\\u00c9v\\u00e8nements\"}},{\"@type\":\"ListItem\",\"@id\":\"https:\\\/\\\/academiespatiale.fr\\\/index.php\\\/event\\\/partenaire-officiel-sommet-international-sur-lespace\\\/#listItem\",\"position\":4,\"name\":\"[Partenaire officiel] Sommet international sur l&rsquo;espace\",\"previousItem\":{\"@type\":\"ListItem\",\"@id\":\"https:\\\/\\\/academiespatiale.fr\\\/index.php\\\/events\\\/categorie\\\/conference\\\/#listItem\",\"name\":\"Conf\\u00e9rence\"}}]},{\"@type\":\"Organization\",\"@id\":\"https:\\\/\\\/academiespatiale.fr\\\/#organization\",\"name\":\"academiespatiale.fr\",\"description\":\"Ensemble pour un nouvel espace durable pour tous et toutes\",\"url\":\"https:\\\/\\\/academiespatiale.fr\\\/\",\"logo\":{\"@type\":\"ImageObject\",\"url\":\"https:\\\/\\\/academiespatiale.fr\\\/wp-content\\\/uploads\\\/2026\\\/03\\\/ASIDF-Fr2030_logo_compact_RVB.png\",\"@id\":\"https:\\\/\\\/academiespatiale.fr\\\/index.php\\\/event\\\/partenaire-officiel-sommet-international-sur-lespace\\\/#organizationLogo\",\"width\":1716,\"height\":473},\"image\":{\"@id\":\"https:\\\/\\\/academiespatiale.fr\\\/index.php\\\/event\\\/partenaire-officiel-sommet-international-sur-lespace\\\/#organizationLogo\"},\"sameAs\":[\"https:\\\/\\\/www.facebook.com\\\/people\\\/Acadmie-Spatiale-dle-de-France\\\/61560696669781\\\/\",\"https:\\\/\\\/x.com\\\/Ac_Spatiale\",\"https:\\\/\\\/www.instagram.com\\\/academie_spatiale\\\/\",\"https:\\\/\\\/www.linkedin.com\\\/company\\\/academie-spatiale-ile-de-france\\\/\"]},{\"@type\":\"Person\",\"@id\":\"https:\\\/\\\/academiespatiale.fr\\\/index.php\\\/author\\\/academiespatiale-fr\\\/#author\",\"url\":\"https:\\\/\\\/academiespatiale.fr\\\/index.php\\\/author\\\/academiespatiale-fr\\\/\",\"name\":\"Acad\\u00e9mie Spatiale\",\"image\":{\"@type\":\"ImageObject\",\"@id\":\"https:\\\/\\\/academiespatiale.fr\\\/index.php\\\/event\\\/partenaire-officiel-sommet-international-sur-lespace\\\/#authorImage\",\"url\":\"https:\\\/\\\/secure.gravatar.com\\\/avatar\\\/b8c278e938957e0409fe4c924c42e4584982f9e44f5269988c79fe11689bce58?s=96&d=mm&r=g\",\"width\":96,\"height\":96,\"caption\":\"Acad\\u00e9mie Spatiale\"}},{\"@type\":\"WebPage\",\"@id\":\"https:\\\/\\\/academiespatiale.fr\\\/index.php\\\/event\\\/partenaire-officiel-sommet-international-sur-lespace\\\/#webpage\",\"url\":\"https:\\\/\\\/academiespatiale.fr\\\/index.php\\\/event\\\/partenaire-officiel-sommet-international-sur-lespace\\\/\",\"name\":\"[Partenaire officiel] Sommet international sur l\\u2019espace - Acad\\u00e9mie Spatiale d'\\u00cele-de-France\",\"description\":\"Les 9 et 10 septembre 2026, se tiendra au Grand Palais \\u00e0 Paris, le premier Sommet international sur l\\u2019espace. \\u00c0 l\\u2019initiative du Pr\\u00e9sident de la R\\u00e9publique, cet \\u00e9v\\u00e8nement r\\u00e9unira la communaut\\u00e9 spatiale mondiale, notamment des chefs d\\u2019\\u00c9tat et de gouvernement du monde entier, des repr\\u00e9sentant\\u00b7es d\\u2019organisations internationales, des parlementaires, des scientifiques, des militaires et des\",\"inLanguage\":\"fr-FR\",\"isPartOf\":{\"@id\":\"https:\\\/\\\/academiespatiale.fr\\\/#website\"},\"breadcrumb\":{\"@id\":\"https:\\\/\\\/academiespatiale.fr\\\/index.php\\\/event\\\/partenaire-officiel-sommet-international-sur-lespace\\\/#breadcrumblist\"},\"author\":{\"@id\":\"https:\\\/\\\/academiespatiale.fr\\\/index.php\\\/author\\\/academiespatiale-fr\\\/#author\"},\"creator\":{\"@id\":\"https:\\\/\\\/academiespatiale.fr\\\/index.php\\\/author\\\/academiespatiale-fr\\\/#author\"},\"image\":{\"@type\":\"ImageObject\",\"url\":\"https:\\\/\\\/academiespatiale.fr\\\/wp-content\\\/uploads\\\/2026\\\/09\\\/Sommet-Inter-Espace_2026.png\",\"@id\":\"https:\\\/\\\/academiespatiale.fr\\\/index.php\\\/event\\\/partenaire-officiel-sommet-international-sur-lespace\\\/#mainImage\",\"width\":750,\"height\":500},\"primaryImageOfPage\":{\"@id\":\"https:\\\/\\\/academiespatiale.fr\\\/index.php\\\/event\\\/partenaire-officiel-sommet-international-sur-lespace\\\/#mainImage\"},\"datePublished\":\"2026-09-04T17:52:07+02:00\",\"dateModified\":\"2026-09-04T17:58:22+02:00\"},{\"@type\":\"WebSite\",\"@id\":\"https:\\\/\\\/academiespatiale.fr\\\/#website\",\"url\":\"https:\\\/\\\/academiespatiale.fr\\\/\",\"name\":\"academiespatiale.fr\",\"description\":\"Ensemble pour un nouvel espace durable pour tous et toutes\",\"inLanguage\":\"fr-FR\",\"publisher\":{\"@id\":\"https:\\\/\\\/academiespatiale.fr\\\/#organization\"}}]}\n\t\t<\/script>\n\t\t<!-- All in One SEO -->\n\n","aioseo_head_json":{"title":"[Partenaire officiel] Sommet international sur l\u2019espace - Acad\u00e9mie Spatiale d'\u00cele-de-France","description":"Les 9 et 10 septembre 2026, se tiendra au Grand Palais \u00e0 Paris, le premier Sommet international sur l\u2019espace. \u00c0 l\u2019initiative du Pr\u00e9sident de la R\u00e9publique, cet \u00e9v\u00e8nement r\u00e9unira la communaut\u00e9 spatiale mondiale, notamment des chefs d\u2019\u00c9tat et de gouvernement du monde entier, des repr\u00e9sentant\u00b7es d\u2019organisations internationales, des parlementaires, des scientifiques, des militaires et des","canonical_url":"https:\/\/academiespatiale.fr\/index.php\/event\/partenaire-officiel-sommet-international-sur-lespace\/","robots":"max-image-preview:large","keywords":"","webmasterTools":{"miscellaneous":""},"schema":{"@context":"https:\/\/schema.org","@graph":[{"@type":"BreadcrumbList","@id":"https:\/\/academiespatiale.fr\/index.php\/event\/partenaire-officiel-sommet-international-sur-lespace\/#breadcrumblist","itemListElement":[{"@type":"ListItem","@id":"https:\/\/academiespatiale.fr#listItem","position":1,"name":"Home","item":"https:\/\/academiespatiale.fr","nextItem":{"@type":"ListItem","@id":"https:\/\/academiespatiale.fr\/index.php\/events\/#listItem","name":"\u00c9v\u00e8nements"}},{"@type":"ListItem","@id":"https:\/\/academiespatiale.fr\/index.php\/events\/#listItem","position":2,"name":"\u00c9v\u00e8nements","item":"https:\/\/academiespatiale.fr\/index.php\/events\/","nextItem":{"@type":"ListItem","@id":"https:\/\/academiespatiale.fr\/index.php\/events\/categorie\/conference\/#listItem","name":"Conf\u00e9rence"},"previousItem":{"@type":"ListItem","@id":"https:\/\/academiespatiale.fr#listItem","name":"Home"}},{"@type":"ListItem","@id":"https:\/\/academiespatiale.fr\/index.php\/events\/categorie\/conference\/#listItem","position":3,"name":"Conf\u00e9rence","item":"https:\/\/academiespatiale.fr\/index.php\/events\/categorie\/conference\/","nextItem":{"@type":"ListItem","@id":"https:\/\/academiespatiale.fr\/index.php\/event\/partenaire-officiel-sommet-international-sur-lespace\/#listItem","name":"[Partenaire officiel] Sommet international sur l&rsquo;espace"},"previousItem":{"@type":"ListItem","@id":"https:\/\/academiespatiale.fr\/index.php\/events\/#listItem","name":"\u00c9v\u00e8nements"}},{"@type":"ListItem","@id":"https:\/\/academiespatiale.fr\/index.php\/event\/partenaire-officiel-sommet-international-sur-lespace\/#listItem","position":4,"name":"[Partenaire officiel] Sommet international sur l&rsquo;espace","previousItem":{"@type":"ListItem","@id":"https:\/\/academiespatiale.fr\/index.php\/events\/categorie\/conference\/#listItem","name":"Conf\u00e9rence"}}]},{"@type":"Organization","@id":"https:\/\/academiespatiale.fr\/#organization","name":"academiespatiale.fr","description":"Ensemble pour un nouvel espace durable pour tous et toutes","url":"https:\/\/academiespatiale.fr\/","logo":{"@type":"ImageObject","url":"https:\/\/academiespatiale.fr\/wp-content\/uploads\/2026\/03\/ASIDF-Fr2030_logo_compact_RVB.png","@id":"https:\/\/academiespatiale.fr\/index.php\/event\/partenaire-officiel-sommet-international-sur-lespace\/#organizationLogo","width":1716,"height":473},"image":{"@id":"https:\/\/academiespatiale.fr\/index.php\/event\/partenaire-officiel-sommet-international-sur-lespace\/#organizationLogo"},"sameAs":["https:\/\/www.facebook.com\/people\/Acadmie-Spatiale-dle-de-France\/61560696669781\/","https:\/\/x.com\/Ac_Spatiale","https:\/\/www.instagram.com\/academie_spatiale\/","https:\/\/www.linkedin.com\/company\/academie-spatiale-ile-de-france\/"]},{"@type":"Person","@id":"https:\/\/academiespatiale.fr\/index.php\/author\/academiespatiale-fr\/#author","url":"https:\/\/academiespatiale.fr\/index.php\/author\/academiespatiale-fr\/","name":"Acad\u00e9mie Spatiale","image":{"@type":"ImageObject","@id":"https:\/\/academiespatiale.fr\/index.php\/event\/partenaire-officiel-sommet-international-sur-lespace\/#authorImage","url":"https:\/\/secure.gravatar.com\/avatar\/b8c278e938957e0409fe4c924c42e4584982f9e44f5269988c79fe11689bce58?s=96&d=mm&r=g","width":96,"height":96,"caption":"Acad\u00e9mie Spatiale"}},{"@type":"WebPage","@id":"https:\/\/academiespatiale.fr\/index.php\/event\/partenaire-officiel-sommet-international-sur-lespace\/#webpage","url":"https:\/\/academiespatiale.fr\/index.php\/event\/partenaire-officiel-sommet-international-sur-lespace\/","name":"[Partenaire officiel] Sommet international sur l\u2019espace - Acad\u00e9mie Spatiale d'\u00cele-de-France","description":"Les 9 et 10 septembre 2026, se tiendra au Grand Palais \u00e0 Paris, le premier Sommet international sur l\u2019espace. \u00c0 l\u2019initiative du Pr\u00e9sident de la R\u00e9publique, cet \u00e9v\u00e8nement r\u00e9unira la communaut\u00e9 spatiale mondiale, notamment des chefs d\u2019\u00c9tat et de gouvernement du monde entier, des repr\u00e9sentant\u00b7es d\u2019organisations internationales, des parlementaires, des scientifiques, des militaires et des","inLanguage":"fr-FR","isPartOf":{"@id":"https:\/\/academiespatiale.fr\/#website"},"breadcrumb":{"@id":"https:\/\/academiespatiale.fr\/index.php\/event\/partenaire-officiel-sommet-international-sur-lespace\/#breadcrumblist"},"author":{"@id":"https:\/\/academiespatiale.fr\/index.php\/author\/academiespatiale-fr\/#author"},"creator":{"@id":"https:\/\/academiespatiale.fr\/index.php\/author\/academiespatiale-fr\/#author"},"image":{"@type":"ImageObject","url":"https:\/\/academiespatiale.fr\/wp-content\/uploads\/2026\/09\/Sommet-Inter-Espace_2026.png","@id":"https:\/\/academiespatiale.fr\/index.php\/event\/partenaire-officiel-sommet-international-sur-lespace\/#mainImage","width":750,"height":500},"primaryImageOfPage":{"@id":"https:\/\/academiespatiale.fr\/index.php\/event\/partenaire-officiel-sommet-international-sur-lespace\/#mainImage"},"datePublished":"2026-09-04T17:52:07+02:00","dateModified":"2026-09-04T17:58:22+02:00"},{"@type":"WebSite","@id":"https:\/\/academiespatiale.fr\/#website","url":"https:\/\/academiespatiale.fr\/","name":"academiespatiale.fr","description":"Ensemble pour un nouvel espace durable pour tous et toutes","inLanguage":"fr-FR","publisher":{"@id":"https:\/\/academiespatiale.fr\/#organization"}}]},"og:locale":"fr_FR","og:site_name":"Acad\u00e9mie Spatiale d'\u00cele-de-France - Ensemble pour un nouvel espace durable pour tous et toutes","og:type":"article","og:title":"[Partenaire officiel] Sommet international sur l\u2019espace - Acad\u00e9mie Spatiale d'\u00cele-de-France","og:description":"Les 9 et 10 septembre 2026, se tiendra au Grand Palais \u00e0 Paris, le premier Sommet international sur l\u2019espace. \u00c0 l\u2019initiative du Pr\u00e9sident de la R\u00e9publique, cet \u00e9v\u00e8nement r\u00e9unira la communaut\u00e9 spatiale mondiale, notamment des chefs d\u2019\u00c9tat et de gouvernement du monde entier, des repr\u00e9sentant\u00b7es d\u2019organisations internationales, des parlementaires, des scientifiques, des militaires et des","og:url":"https:\/\/academiespatiale.fr\/index.php\/event\/partenaire-officiel-sommet-international-sur-lespace\/","og:image":"https:\/\/academiespatiale.fr\/wp-content\/uploads\/2026\/09\/Sommet-Inter-Espace_2026.png","og:image:secure_url":"https:\/\/academiespatiale.fr\/wp-content\/uploads\/2026\/09\/Sommet-Inter-Espace_2026.png","og:image:width":750,"og:image:height":500,"article:published_time":"2026-09-04T15:52:07+00:00","article:modified_time":"2026-09-04T15:58:22+00:00","article:publisher":"https:\/\/www.facebook.com\/people\/Acadmie-Spatiale-dle-de-France\/61560696669781\/","twitter:card":"summary_large_image","twitter:site":"@Ac_Spatiale","twitter:title":"[Partenaire officiel] Sommet international sur l\u2019espace - Acad\u00e9mie Spatiale d'\u00cele-de-France","twitter:description":"Les 9 et 10 septembre 2026, se tiendra au Grand Palais \u00e0 Paris, le premier Sommet international sur l\u2019espace. \u00c0 l\u2019initiative du Pr\u00e9sident de la R\u00e9publique, cet \u00e9v\u00e8nement r\u00e9unira la communaut\u00e9 spatiale mondiale, notamment des chefs d\u2019\u00c9tat et de gouvernement du monde entier, des repr\u00e9sentant\u00b7es d\u2019organisations internationales, des parlementaires, des scientifiques, des militaires et des","twitter:creator":"@Ac_Spatiale","twitter:image":"https:\/\/academiespatiale.fr\/wp-content\/uploads\/2026\/09\/Sommet-Inter-Espace_2026.png"},"aioseo_meta_data":{"post_id":"10662","title":null,"description":null,"keywords":null,"keyphrases":{"focus":{"keyphrase":"","score":0,"analysis":{"keyphraseInTitle":{"score":0,"maxScore":9,"error":1}}},"additional":[]},"primary_term":null,"canonical_url":null,"og_title":null,"og_description":null,"og_object_type":"default","og_image_type":"default","og_image_url":null,"og_image_width":null,"og_image_height":null,"og_image_custom_url":null,"og_image_custom_fields":null,"og_video":"","og_custom_url":null,"og_article_section":null,"og_article_tags":null,"twitter_use_og":false,"twitter_card":"default","twitter_image_type":"default","twitter_image_url":null,"twitter_image_custom_url":null,"twitter_image_custom_fields":null,"twitter_title":null,"twitter_description":null,"schema":{"blockGraphs":[],"customGraphs":[],"default":{"data":{"Article":[],"Course":[],"Dataset":[],"FAQPage":[],"Movie":[],"Person":[],"Product":[],"ProductReview":[],"Car":[],"Recipe":[],"Service":[],"SoftwareApplication":[],"WebPage":[]},"graphName":"WebPage","isEnabled":true},"graphs":[]},"schema_type":"default","schema_type_options":null,"pillar_content":false,"robots_default":true,"robots_noindex":false,"robots_noarchive":false,"robots_nosnippet":false,"robots_nofollow":false,"robots_noimageindex":false,"robots_noodp":false,"robots_notranslate":false,"robots_max_snippet":"-1","robots_max_videopreview":"-1","robots_max_imagepreview":"large","priority":null,"frequency":"default","local_seo":null,"breadcrumb_settings":null,"limit_modified_date":false,"ai":{"faqs":[],"keyPoints":[],"schemas":[],"titles":[],"descriptions":[],"socialPosts":{"email":{"subject":"","preview":"","content":""},"linkedin":[],"twitter":[],"facebook":[],"instagram":[]}},"created":"2026-09-04 15:48:58","updated":"2026-09-04 15:59:09","seo_analyzer_scan_date":null,"focus_keyword":null,"additional_keywords":null,"truseo_locale":null},"aioseo_breadcrumb":"<div class=\"aioseo-breadcrumbs\"><span class=\"aioseo-breadcrumb\">\n\t\t\t<a href=\"https:\/\/academiespatiale.fr\" title=\"Home\">Home<\/a>\n\t\t<\/span><span class=\"aioseo-breadcrumb-separator\">&raquo;<\/span><span class=\"aioseo-breadcrumb\">\n\t\t\t<a href=\"https:\/\/academiespatiale.fr\/index.php\/events\/\" title=\"\u00c9v\u00e8nements\">\u00c9v\u00e8nements<\/a>\n\t\t<\/span><span class=\"aioseo-breadcrumb-separator\">&raquo;<\/span><span class=\"aioseo-breadcrumb\">\n\t\t\t<a href=\"https:\/\/academiespatiale.fr\/index.php\/events\/categorie\/conference\/\" title=\"Conf\u00e9rence\">Conf\u00e9rence<\/a>\n\t\t<\/span><span class=\"aioseo-breadcrumb-separator\">&raquo;<\/span><span class=\"aioseo-breadcrumb\">\n\t\t\t[Partenaire officiel] Sommet international sur l\u2019espace\n\t\t<\/span><\/div>","aioseo_breadcrumb_json":[{"label":"Home","link":"https:\/\/academiespatiale.fr"},{"label":"\u00c9v\u00e8nements","link":"https:\/\/academiespatiale.fr\/index.php\/events\/"},{"label":"Conf\u00e9rence","link":"https:\/\/academiespatiale.fr\/index.php\/events\/categorie\/conference\/"},{"label":"[Partenaire officiel] Sommet international sur l&rsquo;espace","link":"https:\/\/academiespatiale.fr\/index.php\/event\/partenaire-officiel-sommet-international-sur-lespace\/"}],"_links":{"self":[{"href":"https:\/\/academiespatiale.fr\/index.php\/wp-json\/wp\/v2\/tribe_events\/10662","targetHints":{"allow":["GET"]}}],"collection":[{"href":"https:\/\/academiespatiale.fr\/index.php\/wp-json\/wp\/v2\/tribe_events"}],"about":[{"href":"https:\/\/academiespatiale.fr\/index.php\/wp-json\/wp\/v2\/types\/tribe_events"}],"author":[{"embeddable":true,"href":"https:\/\/academiespatiale.fr\/index.php\/wp-json\/wp\/v2\/users\/1"}],"version-history":[{"count":4,"href":"https:\/\/academiespatiale.fr\/index.php\/wp-json\/wp\/v2\/tribe_events\/10662\/revisions"}],"predecessor-version":[{"id":10668,"href":"https:\/\/academiespatiale.fr\/index.php\/wp-json\/wp\/v2\/tribe_events\/10662\/revisions\/10668"}],"wp:featuredmedia":[{"embeddable":true,"href":"https:\/\/academiespatiale.fr\/index.php\/wp-json\/wp\/v2\/media\/10644"}],"wp:attachment":[{"href":"https:\/\/academiespatiale.fr\/index.php\/wp-json\/wp\/v2\/media?parent=10662"}],"wp:term":[{"taxonomy":"post_tag","embeddable":true,"href":"https:\/\/academiespatiale.fr\/index.php\/wp-json\/wp\/v2\/tags?post=10662"},{"taxonomy":"tribe_events_cat","embeddable":true,"href":"https:\/\/academiespatiale.fr\/index.php\/wp-json\/wp\/v2\/tribe_events_cat?post=10662"}],"curies":[{"name":"wp","href":"https:\/\/api.w.org\/{rel}","templated":true}]}}