{"id":8435,"date":"2026-03-10T11:26:39","date_gmt":"2026-03-10T10:26:39","guid":{"rendered":"https:\/\/academiespatiale.fr\/?page_id=8435"},"modified":"2026-03-16T14:57:52","modified_gmt":"2026-03-16T13:57:52","slug":"ecospace","status":"publish","type":"page","link":"https:\/\/academiespatiale.fr\/index.php\/formations\/infos-orientation\/ecospace\/","title":{"rendered":"ECOSPACE &#8211; D\u00e9couverte de l\u2019univers spatial \u00e0 l\u2019IUT de Mantes-en-Yvelines"},"content":{"rendered":"\n<div class=\"wp-block-columns alignfull has-text-color has-link-color wp-elements-8422e2a85d9f2e5605b7dd2ae54b3e54 is-layout-flex wp-container-core-columns-is-layout-e94c545b wp-block-columns-is-layout-flex\" style=\"color:#b1b1b1;margin-top:-25px;margin-bottom:20px;padding-top:0;padding-right:0;padding-bottom:0;padding-left:60px;font-size:15px\">\n<div class=\"wp-block-column has-text-color has-link-color wp-elements-32661c60388d2123b0bf1683c717c484 is-layout-flow wp-block-column-is-layout-flow\" style=\"color:#a1a1a1;padding-top:0;padding-bottom:0;font-size:15px;font-style:normal;font-weight:100;flex-basis:100%\"><div class=\"aioseo-breadcrumbs\"><span class=\"aioseo-breadcrumb\">\n\t\t\t<a href=\"https:\/\/academiespatiale.fr\" title=\"Home\">Home<\/a>\n\t\t<\/span><span class=\"aioseo-breadcrumb-separator\">&raquo;<\/span><span class=\"aioseo-breadcrumb\">\n\t\t\t<a href=\"https:\/\/academiespatiale.fr\/index.php\/formations\/\" title=\"Formations &amp; m\u00e9tiers\">Formations &amp; m\u00e9tiers<\/a>\n\t\t<\/span><span class=\"aioseo-breadcrumb-separator\">&raquo;<\/span><span class=\"aioseo-breadcrumb\">\n\t\t\t<a href=\"https:\/\/academiespatiale.fr\/index.php\/formations\/infos-orientation\/\" title=\"Infos &amp; orientation\">Infos &amp; orientation<\/a>\n\t\t<\/span><span class=\"aioseo-breadcrumb-separator\">&raquo;<\/span><span class=\"aioseo-breadcrumb\">\n\t\t\tECOSPACE \u2013 D\u00e9couverte de l\u2019univers spatial \u00e0 l\u2019IUT de Mantes-en-Yvelines\n\t\t<\/span><\/div><\/div>\n<\/div>\n\n\n\n<div class=\"wp-block-columns alignwide is-layout-flex wp-container-core-columns-is-layout-28f84493 wp-block-columns-is-layout-flex\">\n<div class=\"wp-block-column is-layout-flow wp-block-column-is-layout-flow\">\n<p><strong>L&rsquo;\u00c9cole de printemps du spatial \u00ab&nbsp;ECOSPACE&nbsp;\u00bb est un colloque et un \u00e9v\u00e8nement scientifique co-organis\u00e9e, depuis 2025, par l&rsquo;IUT de Mantes-en-Yvelines, le LATMOS et l&rsquo;Acad\u00e9mie Spatiale. Cet \u00e9v\u00e8nement sur deux jours est d\u00e9di\u00e9e aux enjeux et aux avanc\u00e9es du domaine spatial : sciences, \u00e9conomie, technologie, droit et g\u00e9opolitique<\/strong>.<\/p>\n\n\n\n<p>Durant deux jours, les participant\u00b7es ont l&rsquo;opportunit\u00e9 d&rsquo;assister \u00e0 des conf\u00e9rences, de prendre part \u00e0 des ateliers pratiques et de participer \u00e0 des workshops anim\u00e9s par des expertes et des experts reconnu\u00b7es. L&rsquo;ambition d&rsquo;ECOSPACE est de renforcer les connaissances des participant\u00b7es mais aussi de susciter des vocations et d&rsquo;inspirer la prochaine g\u00e9n\u00e9ration de professionnel\u00b7les du secteur.Retour en image de l&rsquo;\u00e9dition 2025.<\/p>\n<\/div>\n<\/div>\n\n\n\n<div class=\"wp-block-cover alignfull is-repeated\" style=\"min-height:256px;aspect-ratio:unset;\"><div class=\"wp-block-cover__image-background wp-image-8438 size-large is-repeated\" style=\"background-position:50% 50%;background-image:url(https:\/\/academiespatiale.fr\/wp-content\/uploads\/2026\/03\/Banniere-ECOSPACE-2026-1024x292.jpg)\"><\/div><span aria-hidden=\"true\" class=\"wp-block-cover__background has-background-dim-80 has-background-dim\" style=\"background-color:#5f4e5e\"><\/span><div class=\"wp-block-cover__inner-container is-layout-constrained wp-block-cover-is-layout-constrained\">\n<h1 class=\"wp-block-heading has-text-align-center\">ECOSPACE revient en 2026 !<\/h1>\n\n\n\n<p class=\"has-text-align-center\"><strong>Jeudi 26 et vendredi 27 mars<\/strong><\/p>\n<\/div><\/div>\n\n\n\n<div class=\"wp-block-columns alignwide is-layout-flex wp-container-core-columns-is-layout-28f84493 wp-block-columns-is-layout-flex\">\n<div class=\"wp-block-column is-vertically-aligned-center is-layout-flow wp-block-column-is-layout-flow\" style=\"flex-basis:66.66%\">\n<hr class=\"wp-block-separator has-alpha-channel-opacity\" style=\"margin-top:var(--wp--preset--spacing--70);margin-bottom:var(--wp--preset--spacing--70)\"\/>\n\n\n\n<p class=\"has-text-align-center\"><strong>ECOSPACE 2026 <br>L&rsquo;\u00e9cosyst\u00e8me spatial<\/strong><\/p>\n\n\n\n<p class=\"has-text-align-center\">Jeudi 26 et vendredi 27 mars <\/p>\n\n\n\n<p class=\"has-text-align-center\" style=\"font-size:15px\">IUT de Mantes-en-Yvelines<br>7, rue Jean Ho\u00ebt<br>78200, Mantes-la-Jolie<\/p>\n\n\n\n<hr class=\"wp-block-separator has-alpha-channel-opacity\" style=\"margin-top:var(--wp--preset--spacing--70);margin-bottom:var(--wp--preset--spacing--70)\"\/>\n\n\n\n<p class=\"has-text-align-center\"><strong>Soir\u00e9e \u00ab&nbsp;Ciel ouvert&nbsp;\u00bb pour le grand public <br><\/strong>Vendredi 27 mars<br>\u00e0 partir de 20h<em><br><\/em><br><em>D\u00e9couverte \u00e0 l&rsquo;oeil nu ou au t\u00e9l\u00e9scope des constellations, <\/em><br><em>de la lune, Saturne, etc.<\/em><\/p>\n\n\n\n<hr class=\"wp-block-separator has-alpha-channel-opacity\" style=\"margin-top:var(--wp--preset--spacing--70);margin-bottom:var(--wp--preset--spacing--70)\"\/>\n<\/div>\n\n\n\n<div class=\"wp-block-column is-layout-flow wp-block-column-is-layout-flow\" style=\"flex-basis:33.33%\">\n<figure data-wp-context=\"{&quot;imageId&quot;:&quot;69ee2299d67d7&quot;}\" data-wp-interactive=\"core\/image\" data-wp-key=\"69ee2299d67d7\" class=\"wp-block-image size-large wp-lightbox-container\"><img loading=\"lazy\" decoding=\"async\" width=\"724\" height=\"1024\" data-wp-class--hide=\"state.isContentHidden\" data-wp-class--show=\"state.isContentVisible\" data-wp-init=\"callbacks.setButtonStyles\" data-wp-on--click=\"actions.showLightbox\" data-wp-on--load=\"callbacks.setButtonStyles\" data-wp-on-window--resize=\"callbacks.setButtonStyles\" src=\"https:\/\/academiespatiale.fr\/wp-content\/uploads\/2026\/03\/ECOSPACE-2026-LEcosysteme-Spatial-affiche-inscription-724x1024.png\" alt=\"\" class=\"wp-image-8609\" srcset=\"https:\/\/academiespatiale.fr\/wp-content\/uploads\/2026\/03\/ECOSPACE-2026-LEcosysteme-Spatial-affiche-inscription-724x1024.png 724w, https:\/\/academiespatiale.fr\/wp-content\/uploads\/2026\/03\/ECOSPACE-2026-LEcosysteme-Spatial-affiche-inscription-212x300.png 212w, https:\/\/academiespatiale.fr\/wp-content\/uploads\/2026\/03\/ECOSPACE-2026-LEcosysteme-Spatial-affiche-inscription-768x1086.png 768w, https:\/\/academiespatiale.fr\/wp-content\/uploads\/2026\/03\/ECOSPACE-2026-LEcosysteme-Spatial-affiche-inscription-1086x1536.png 1086w, https:\/\/academiespatiale.fr\/wp-content\/uploads\/2026\/03\/ECOSPACE-2026-LEcosysteme-Spatial-affiche-inscription.png 1414w\" sizes=\"auto, (max-width: 724px) 100vw, 724px\" \/><button\n\t\t\tclass=\"lightbox-trigger\"\n\t\t\ttype=\"button\"\n\t\t\taria-haspopup=\"dialog\"\n\t\t\taria-label=\"Agrandir\"\n\t\t\tdata-wp-init=\"callbacks.initTriggerButton\"\n\t\t\tdata-wp-on--click=\"actions.showLightbox\"\n\t\t\tdata-wp-style--right=\"state.imageButtonRight\"\n\t\t\tdata-wp-style--top=\"state.imageButtonTop\"\n\t\t>\n\t\t\t<svg xmlns=\"http:\/\/www.w3.org\/2000\/svg\" width=\"12\" height=\"12\" fill=\"none\" viewBox=\"0 0 12 12\">\n\t\t\t\t<path fill=\"#fff\" d=\"M2 0a2 2 0 0 0-2 2v2h1.5V2a.5.5 0 0 1 .5-.5h2V0H2Zm2 10.5H2a.5.5 0 0 1-.5-.5V8H0v2a2 2 0 0 0 2 2h2v-1.5ZM8 12v-1.5h2a.5.5 0 0 0 .5-.5V8H12v2a2 2 0 0 1-2 2H8Zm2-12a2 2 0 0 1 2 2v2h-1.5V2a.5.5 0 0 0-.5-.5H8V0h2Z\" \/>\n\t\t\t<\/svg>\n\t\t<\/button><\/figure>\n<\/div>\n<\/div>\n\n\n\n<p style=\"border-width:1px;padding-top:var(--wp--preset--spacing--70);padding-right:var(--wp--preset--spacing--70);padding-bottom:var(--wp--preset--spacing--70);padding-left:var(--wp--preset--spacing--70)\"><strong>APPEL \u00c0 PARTICIPATION &#8211; Exposition Hall \u00ab Projets et Recherches \u00bb<br><\/strong>Pr\u00e9sentations des travaux de recherche ouvert aux doctorantes, doctorants, jeunes chercheur\u00b7euses et \u00e9tudiant\u00b7es ayant un lien avec le spatial.<br><br>Date limite de d\u00e9pot : vendredi 20 mars 2026 <br>Les r\u00e9sum\u00e9s sont \u00e0 d\u00e9poser sur : <a href=\"mailto:mantesrecherche@uvsq.fr\" target=\"_blank\" rel=\"noopener\" title=\"\">mantesrecherche@uvsq.fr<\/a> <em><br><\/em><br><strong>&gt;&gt;&gt; <a href=\"https:\/\/academiespatiale.fr\/wp-content\/uploads\/2026\/03\/Programme-Mission-ECOSPACE-2026-VF-V4.bis_.pdf\" target=\"_blank\" rel=\"noopener\" title=\"\">D\u00e9tails et template de l&rsquo;abstract \u00e0 suivre<\/a><\/strong><br><br><em>Les travaux s\u00e9lectionn\u00e9s par la commission scientifique seront publi\u00e9s dans le 2<sup>e<\/sup> num\u00e9ro Mantes Recherche &#8211; collection HAL.<\/em><\/p>\n\n\n\n<hr class=\"wp-block-separator has-alpha-channel-opacity\"\/>\n\n\n\n<h4 class=\"wp-block-heading has-text-align-center\"><strong>Programme<\/strong><\/h4>\n\n\n\n<hr class=\"wp-block-separator has-alpha-channel-opacity\"\/>\n\n\n\n<div class=\"wp-block-columns alignwide is-layout-flex wp-container-core-columns-is-layout-28f84493 wp-block-columns-is-layout-flex\">\n<div class=\"wp-block-column is-layout-flow wp-block-column-is-layout-flow\" style=\"border-width:1px;padding-top:var(--wp--preset--spacing--70);padding-right:var(--wp--preset--spacing--70);padding-bottom:var(--wp--preset--spacing--70);padding-left:var(--wp--preset--spacing--70)\">\n<p><strong>JEUDI 26 MARS<\/strong><\/p>\n\n\n\n<ul class=\"wp-block-list\">\n<li><strong>9h00<\/strong> \u2192 Ouverture<\/li>\n\n\n\n<li><strong>9h30<\/strong> \u2192 Conf\u00e9rence \u00ab&nbsp;Introduction et d\u00e9couverte du spatial&nbsp;\u00bb<\/li>\n<\/ul>\n\n\n\n<p><em>10h15 &#8211; 10h30 \u2192 pause<\/em><\/p>\n\n\n\n<ul class=\"wp-block-list\">\n<li><strong>10h30<\/strong> \u2192 Conf\u00e9rence \u00ab&nbsp;Les lanceurs Ariane (&#8230;)&nbsp;\u00bb<\/li>\n\n\n\n<li><strong>11h15<\/strong> \u2192 Conf\u00e9rence \u00ab&nbsp;Pr\u00e9sentation de la mission Dragonfly&nbsp;\u00bb<\/li>\n\n\n\n<li><strong>12h00<\/strong> \u2192 Conf\u00e9rence \u00ab Pr\u00e9sentation des ouvrages : nanosatellites, cubesats de l&rsquo;\u00e8re NewSpace (&#8230;)&nbsp;\u00bb<\/li>\n<\/ul>\n\n\n\n<p><em>12h45 &#8211; 13h45 \u2192 pause d\u00e9jeuner<\/em><\/p>\n\n\n\n<ul class=\"wp-block-list\">\n<li><strong>14h00<\/strong> \u2192 Conf\u00e9rences \u00ab&nbsp;Puissance, coop\u00e9ration et r\u00e9gulation : les nouveaux \u00e9quilibres du spatial europ\u00e9en&nbsp;\u00bb\n<ul class=\"wp-block-list\">\n<li>Conf. 1 \u00ab&nbsp;Les biens communs de l&rsquo;espace : l&rsquo;ultime fronti\u00e8re ?&nbsp;\u00bb<\/li>\n\n\n\n<li>Conf. 2 \u00ab&nbsp;Vers un champion europ\u00e9en du spatial ? Analyse strat\u00e9gique de la fusion Airbus &#8211; Thal\u00e8s &#8211; Leonardo&nbsp;\u00bb<\/li>\n<\/ul>\n<\/li>\n\n\n\n<li><strong>15h15<\/strong> \u2192 Table ronde de pr\u00e9sentation des m\u00e9tiers de l&rsquo;espace<\/li>\n<\/ul>\n\n\n\n<p><em>16h30 &#8211; 16h45 \u2192 pause<\/em><\/p>\n\n\n\n<ul class=\"wp-block-list\">\n<li><strong>16h45<\/strong> \u2192 Exposition dans le Hall Projets et recherches : pr\u00e9sentations des travaux de jeunes chercheur\u00b7euses<\/li>\n\n\n\n<li><strong>17h30 \u2192 Jury de s\u00e9lection et remise de prix<\/strong><\/li>\n<\/ul>\n<\/div>\n\n\n\n<div class=\"wp-block-column is-layout-flow wp-block-column-is-layout-flow\" style=\"border-width:1px;padding-top:var(--wp--preset--spacing--70);padding-right:var(--wp--preset--spacing--70);padding-bottom:var(--wp--preset--spacing--70);padding-left:var(--wp--preset--spacing--70)\">\n<p><strong>VENDREDI 27 MARS<\/strong><\/p>\n\n\n\n<ul class=\"wp-block-list\">\n<li><strong>9h30<\/strong> \u2192 Retour sur la premi\u00e8re journ\u00e9e en photos et vid\u00e9os<\/li>\n\n\n\n<li><strong>10h00<\/strong> \u2192 Cin\u00e9-D\u00e9bat \u00ab Space Bus \u00bb<\/li>\n\n\n\n<li><strong>11h00<\/strong> \u2192 Conf\u00e9rence \u00ab Le Spatial \u00bb petites histoires, faits marquants, avenir<br><\/li>\n<\/ul>\n\n\n\n<p><em>12h00 &#8211; 13h30 \u2192 pause d\u00e9jeuner<\/em><\/p>\n\n\n\n<ul class=\"wp-block-list\">\n<li><strong>13h30 <\/strong>\u2192 Ateliers \u00ab Space Bus \u00bb\n<ul class=\"wp-block-list\">\n<li>\u00ab Conqu\u00eate spatiale \u00bb<\/li>\n\n\n\n<li>\u00ab Syst\u00e8me solaire \u00e0 l\u2019\u00e9chelle de taille \u00bb<\/li>\n\n\n\n<li>\u00ab Observation solaire et Lumi\u00e8re \u00bb<\/li>\n\n\n\n<li>\u00ab M\u00e9t\u00e9orites \u00bb<\/li>\n\n\n\n<li>\u00ab Constellations \u00bb<\/li>\n<\/ul>\n<\/li>\n<\/ul>\n\n\n\n<ul class=\"wp-block-list\">\n<li><strong>17h00 &#8211; 18h00<\/strong> \u2192 Cl\u00f4ture<\/li>\n<\/ul>\n\n\n\n<ul class=\"wp-block-list\">\n<li><strong>20h00 \u2192 Soir\u00e9e Ciel ouvert pour le grand public : d\u00e9couverte \u00e0 l&rsquo;oeil nu ou au t\u00e9l\u00e9scope des constellations, de la lune, Saturne, etc.<\/strong><\/li>\n<\/ul>\n<\/div>\n<\/div>\n\n\n\n<h4 class=\"wp-block-heading has-text-align-center\">&gt;&gt;&gt; <a href=\"https:\/\/academiespatiale.fr\/wp-content\/uploads\/2026\/03\/Programme-Mission-ECOSPACE-2026-VF-V4.bis_.pdf\" target=\"_blank\" rel=\"noopener\" title=\"\">T\u00e9l\u00e9charger le programme complet<\/a> &lt;&lt;&lt;<\/h4>\n\n\n\n<div style=\"height:20px\" aria-hidden=\"true\" class=\"wp-block-spacer\"><\/div>\n\n\n\n<div data-wp-interactive=\"core\/file\" class=\"wp-block-file aligncenter\"><object data-wp-bind--hidden=\"!state.hasPdfPreview\" hidden class=\"wp-block-file__embed\" data=\"https:\/\/academiespatiale.fr\/wp-content\/uploads\/2026\/03\/Programme-Mission-ECOSPACE-2026.pdf\" type=\"application\/pdf\" style=\"width:100%;height:600px\" aria-label=\"Contenu embarqu\u00e9 Programme Mission ECOSPACE 2026.\"><\/object><a id=\"wp-block-file--media-d6049680-5654-40a9-85b4-91b33054446e\" href=\"https:\/\/academiespatiale.fr\/wp-content\/uploads\/2026\/03\/Programme-Mission-ECOSPACE-2026.pdf\">Programme Mission ECOSPACE 2026<\/a><a href=\"https:\/\/academiespatiale.fr\/wp-content\/uploads\/2026\/03\/Programme-Mission-ECOSPACE-2026.pdf\" class=\"wp-block-file__button wp-element-button\" download aria-describedby=\"wp-block-file--media-d6049680-5654-40a9-85b4-91b33054446e\">T\u00e9l\u00e9charger le programme complet<\/a><\/div>\n\n\n\n<hr class=\"wp-block-separator has-alpha-channel-opacity\" style=\"margin-top:var(--wp--preset--spacing--70);margin-bottom:var(--wp--preset--spacing--70)\"\/>\n\n\n\n<div class=\"wp-block-columns alignwide is-layout-flex wp-container-core-columns-is-layout-28f84493 wp-block-columns-is-layout-flex\">\n<div class=\"wp-block-column is-layout-flow wp-block-column-is-layout-flow\" style=\"flex-basis:100%\">\n<p class=\"has-background-color-background-color has-background\">Contact<br>\u2192 Halima Ghorbel : halima.ghorbel-feki [at] uvsq.fr<br>\u2192 Guillaume Martin : guillaume.martin [at] uvsq.fr<\/p>\n<\/div>\n<\/div>\n\n\n\n<hr class=\"wp-block-separator has-alpha-channel-opacity\"\/>\n\n\n\n<div class=\"wp-block-columns are-vertically-aligned-bottom is-layout-flex wp-container-core-columns-is-layout-28f84493 wp-block-columns-is-layout-flex\">\n<div class=\"wp-block-column is-vertically-aligned-bottom is-layout-flow wp-block-column-is-layout-flow\">\n<p>Juin 2025<br><strong>R\u00e9trospective de la 1<sup>re<\/sup> \u00e9dition<\/strong><\/p>\n\n\n\n<figure class=\"wp-block-image size-full\"><a href=\"https:\/\/academiespatiale.fr\/index.php\/formations\/infos-orientation\/ecospace-2025-decouverte-de-lunivers-spatial-a-liut-de-mantes-en-yvelines\/\"><img loading=\"lazy\" decoding=\"async\" width=\"750\" height=\"500\" src=\"https:\/\/academiespatiale.fr\/wp-content\/uploads\/2025\/07\/ECOSPACE2025_photo2.png\" alt=\"\" class=\"wp-image-5429\" srcset=\"https:\/\/academiespatiale.fr\/wp-content\/uploads\/2025\/07\/ECOSPACE2025_photo2.png 750w, https:\/\/academiespatiale.fr\/wp-content\/uploads\/2025\/07\/ECOSPACE2025_photo2-300x200.png 300w, https:\/\/academiespatiale.fr\/wp-content\/uploads\/2025\/07\/ECOSPACE2025_photo2-360x240.png 360w\" sizes=\"auto, (max-width: 750px) 100vw, 750px\" \/><\/a><\/figure>\n<\/div>\n\n\n\n<div class=\"wp-block-column is-vertically-aligned-bottom is-layout-flow wp-block-column-is-layout-flow\">\n<figure class=\"wp-block-embed is-type-video is-provider-youtube wp-block-embed-youtube wp-embed-aspect-9-16 wp-has-aspect-ratio\"><div class=\"wp-block-embed__wrapper\">\n<iframe loading=\"lazy\" title=\"ECOSPACE 2025 : Science, Partage, Avenir \ud83d\ude80\" width=\"563\" height=\"1000\" src=\"https:\/\/www.youtube.com\/embed\/9MLCcSQ_P3s?feature=oembed\" frameborder=\"0\" allow=\"accelerometer; autoplay; clipboard-write; encrypted-media; gyroscope; picture-in-picture; web-share\" referrerpolicy=\"strict-origin-when-cross-origin\" allowfullscreen><\/iframe>\n<\/div><\/figure>\n<\/div>\n<\/div>\n\n\n\n<hr class=\"wp-block-separator has-alpha-channel-opacity\" style=\"margin-top:var(--wp--preset--spacing--70);margin-bottom:var(--wp--preset--spacing--70)\"\/>\n\n\n\n<figure class=\"wp-block-gallery alignfull has-nested-images columns-5 is-cropped wp-block-gallery-1 is-layout-flex wp-block-gallery-is-layout-flex\">\n<figure class=\"wp-block-image size-large\"><img loading=\"lazy\" decoding=\"async\" width=\"1024\" height=\"683\" data-id=\"8446\" src=\"https:\/\/academiespatiale.fr\/wp-content\/uploads\/2026\/03\/54608797455_d81939676e_o-1024x683.jpg\" alt=\"\" class=\"wp-image-8446\" srcset=\"https:\/\/academiespatiale.fr\/wp-content\/uploads\/2026\/03\/54608797455_d81939676e_o-1024x683.jpg 1024w, https:\/\/academiespatiale.fr\/wp-content\/uploads\/2026\/03\/54608797455_d81939676e_o-300x200.jpg 300w, https:\/\/academiespatiale.fr\/wp-content\/uploads\/2026\/03\/54608797455_d81939676e_o-768x512.jpg 768w, https:\/\/academiespatiale.fr\/wp-content\/uploads\/2026\/03\/54608797455_d81939676e_o-1536x1024.jpg 1536w, https:\/\/academiespatiale.fr\/wp-content\/uploads\/2026\/03\/54608797455_d81939676e_o-2048x1365.jpg 2048w, https:\/\/academiespatiale.fr\/wp-content\/uploads\/2026\/03\/54608797455_d81939676e_o-360x240.jpg 360w\" sizes=\"auto, (max-width: 1024px) 100vw, 1024px\" \/><\/figure>\n\n\n\n<figure class=\"wp-block-image size-large\"><img loading=\"lazy\" decoding=\"async\" width=\"1024\" height=\"683\" data-id=\"8451\" src=\"https:\/\/academiespatiale.fr\/wp-content\/uploads\/2026\/03\/54608490606_4fd1d91bf2_o-1024x683.jpg\" alt=\"\" class=\"wp-image-8451\" srcset=\"https:\/\/academiespatiale.fr\/wp-content\/uploads\/2026\/03\/54608490606_4fd1d91bf2_o-1024x683.jpg 1024w, https:\/\/academiespatiale.fr\/wp-content\/uploads\/2026\/03\/54608490606_4fd1d91bf2_o-300x200.jpg 300w, https:\/\/academiespatiale.fr\/wp-content\/uploads\/2026\/03\/54608490606_4fd1d91bf2_o-768x512.jpg 768w, https:\/\/academiespatiale.fr\/wp-content\/uploads\/2026\/03\/54608490606_4fd1d91bf2_o-1536x1024.jpg 1536w, https:\/\/academiespatiale.fr\/wp-content\/uploads\/2026\/03\/54608490606_4fd1d91bf2_o-2048x1365.jpg 2048w, https:\/\/academiespatiale.fr\/wp-content\/uploads\/2026\/03\/54608490606_4fd1d91bf2_o-360x240.jpg 360w\" sizes=\"auto, (max-width: 1024px) 100vw, 1024px\" \/><\/figure>\n\n\n\n<figure class=\"wp-block-image size-large\"><img loading=\"lazy\" decoding=\"async\" width=\"1024\" height=\"683\" data-id=\"8449\" src=\"https:\/\/academiespatiale.fr\/wp-content\/uploads\/2026\/03\/54607615712_f98a70f644_o-1024x683.jpg\" alt=\"\" class=\"wp-image-8449\" srcset=\"https:\/\/academiespatiale.fr\/wp-content\/uploads\/2026\/03\/54607615712_f98a70f644_o-1024x683.jpg 1024w, https:\/\/academiespatiale.fr\/wp-content\/uploads\/2026\/03\/54607615712_f98a70f644_o-300x200.jpg 300w, https:\/\/academiespatiale.fr\/wp-content\/uploads\/2026\/03\/54607615712_f98a70f644_o-768x512.jpg 768w, https:\/\/academiespatiale.fr\/wp-content\/uploads\/2026\/03\/54607615712_f98a70f644_o-1536x1024.jpg 1536w, https:\/\/academiespatiale.fr\/wp-content\/uploads\/2026\/03\/54607615712_f98a70f644_o-2048x1365.jpg 2048w, https:\/\/academiespatiale.fr\/wp-content\/uploads\/2026\/03\/54607615712_f98a70f644_o-360x240.jpg 360w\" sizes=\"auto, (max-width: 1024px) 100vw, 1024px\" \/><\/figure>\n\n\n\n<figure class=\"wp-block-image size-large\"><img loading=\"lazy\" decoding=\"async\" width=\"1024\" height=\"683\" data-id=\"8484\" src=\"https:\/\/academiespatiale.fr\/wp-content\/uploads\/2026\/03\/54608490656_90875f2030_o-1-1024x683.jpg\" alt=\"\" class=\"wp-image-8484\" srcset=\"https:\/\/academiespatiale.fr\/wp-content\/uploads\/2026\/03\/54608490656_90875f2030_o-1-1024x683.jpg 1024w, https:\/\/academiespatiale.fr\/wp-content\/uploads\/2026\/03\/54608490656_90875f2030_o-1-300x200.jpg 300w, https:\/\/academiespatiale.fr\/wp-content\/uploads\/2026\/03\/54608490656_90875f2030_o-1-768x512.jpg 768w, https:\/\/academiespatiale.fr\/wp-content\/uploads\/2026\/03\/54608490656_90875f2030_o-1-1536x1024.jpg 1536w, https:\/\/academiespatiale.fr\/wp-content\/uploads\/2026\/03\/54608490656_90875f2030_o-1-2048x1365.jpg 2048w, https:\/\/academiespatiale.fr\/wp-content\/uploads\/2026\/03\/54608490656_90875f2030_o-1-360x240.jpg 360w\" sizes=\"auto, (max-width: 1024px) 100vw, 1024px\" \/><\/figure>\n\n\n\n<figure class=\"wp-block-image size-large\"><img loading=\"lazy\" decoding=\"async\" width=\"1024\" height=\"683\" data-id=\"8447\" src=\"https:\/\/academiespatiale.fr\/wp-content\/uploads\/2026\/03\/54608687089_68771a4f9d_o-1024x683.jpg\" alt=\"\" class=\"wp-image-8447\" srcset=\"https:\/\/academiespatiale.fr\/wp-content\/uploads\/2026\/03\/54608687089_68771a4f9d_o-1024x683.jpg 1024w, https:\/\/academiespatiale.fr\/wp-content\/uploads\/2026\/03\/54608687089_68771a4f9d_o-300x200.jpg 300w, https:\/\/academiespatiale.fr\/wp-content\/uploads\/2026\/03\/54608687089_68771a4f9d_o-768x512.jpg 768w, https:\/\/academiespatiale.fr\/wp-content\/uploads\/2026\/03\/54608687089_68771a4f9d_o-1536x1024.jpg 1536w, https:\/\/academiespatiale.fr\/wp-content\/uploads\/2026\/03\/54608687089_68771a4f9d_o-2048x1365.jpg 2048w, https:\/\/academiespatiale.fr\/wp-content\/uploads\/2026\/03\/54608687089_68771a4f9d_o-360x240.jpg 360w\" sizes=\"auto, (max-width: 1024px) 100vw, 1024px\" \/><\/figure>\n<\/figure>\n\n\n\n<div style=\"height:50px\" aria-hidden=\"true\" class=\"wp-block-spacer\"><\/div>\n\n\n\n<p><\/p>\n","protected":false},"excerpt":{"rendered":"<p>L&rsquo;\u00c9cole de printemps du spatial \u00ab&nbsp;ECOSPACE&nbsp;\u00bb est un colloque et un \u00e9v\u00e8nement scientifique co-organis\u00e9e, depuis 2025, par l&rsquo;IUT de Mantes-en-Yvelines, le LATMOS et l&rsquo;Acad\u00e9mie Spatiale. Cet \u00e9v\u00e8nement sur deux jours est d\u00e9di\u00e9e aux enjeux et aux avanc\u00e9es du domaine spatial : sciences, \u00e9conomie, technologie, droit et g\u00e9opolitique. Durant deux jours, [&hellip;]<\/p>\n","protected":false},"author":1,"featured_media":0,"parent":8066,"menu_order":0,"comment_status":"closed","ping_status":"closed","template":"","meta":{"_monsterinsights_skip_tracking":false,"_monsterinsights_sitenote_active":false,"_monsterinsights_sitenote_note":"","_monsterinsights_sitenote_category":0,"_EventAllDay":false,"_EventTimezone":"","_EventStartDate":"","_EventEndDate":"","_EventStartDateUTC":"","_EventEndDateUTC":"","_EventShowMap":false,"_EventShowMapLink":false,"_EventURL":"","_EventCost":"","_EventCostDescription":"","_EventCurrencySymbol":"","_EventCurrencyCode":"","_EventCurrencyPosition":"","_EventDateTimeSeparator":"","_EventTimeRangeSeparator":"","_EventOrganizerID":[],"_EventVenueID":[],"_OrganizerEmail":"","_OrganizerPhone":"","_OrganizerWebsite":"","_VenueAddress":"","_VenueCity":"","_VenueCountry":"","_VenueProvince":"","_VenueState":"","_VenueZip":"","_VenuePhone":"","_VenueURL":"","_VenueStateProvince":"","_VenueLat":"","_VenueLng":"","_VenueShowMap":false,"_VenueShowMapLink":false,"footnotes":""},"class_list":["post-8435","page","type-page","status-publish","hentry"],"aioseo_notices":[],"_links":{"self":[{"href":"https:\/\/academiespatiale.fr\/index.php\/wp-json\/wp\/v2\/pages\/8435","targetHints":{"allow":["GET"]}}],"collection":[{"href":"https:\/\/academiespatiale.fr\/index.php\/wp-json\/wp\/v2\/pages"}],"about":[{"href":"https:\/\/academiespatiale.fr\/index.php\/wp-json\/wp\/v2\/types\/page"}],"author":[{"embeddable":true,"href":"https:\/\/academiespatiale.fr\/index.php\/wp-json\/wp\/v2\/users\/1"}],"replies":[{"embeddable":true,"href":"https:\/\/academiespatiale.fr\/index.php\/wp-json\/wp\/v2\/comments?post=8435"}],"version-history":[{"count":38,"href":"https:\/\/academiespatiale.fr\/index.php\/wp-json\/wp\/v2\/pages\/8435\/revisions"}],"predecessor-version":[{"id":8610,"href":"https:\/\/academiespatiale.fr\/index.php\/wp-json\/wp\/v2\/pages\/8435\/revisions\/8610"}],"up":[{"embeddable":true,"href":"https:\/\/academiespatiale.fr\/index.php\/wp-json\/wp\/v2\/pages\/8066"}],"wp:attachment":[{"href":"https:\/\/academiespatiale.fr\/index.php\/wp-json\/wp\/v2\/media?parent=8435"}],"curies":[{"name":"wp","href":"https:\/\/api.w.org\/{rel}","templated":true}]}}