{"id":6964,"date":"2025-12-17T15:45:59","date_gmt":"2025-12-17T14:45:59","guid":{"rendered":"https:\/\/academiespatiale.fr\/?page_id=6964"},"modified":"2026-03-11T19:00:43","modified_gmt":"2026-03-11T18:00:43","slug":"hackathon-actinspace","status":"publish","type":"page","link":"https:\/\/academiespatiale.fr\/index.php\/formations\/formations-innovantes\/hackathon-actinspace\/","title":{"rendered":"Hackathon ActInSpace &#8211; 24H pour relever les d\u00e9fis du CNES et de l&rsquo;ESA"},"content":{"rendered":"\n<div class=\"wp-block-columns alignfull has-text-color has-link-color wp-elements-8422e2a85d9f2e5605b7dd2ae54b3e54 is-layout-flex wp-container-core-columns-is-layout-e94c545b wp-block-columns-is-layout-flex\" style=\"color:#b1b1b1;margin-top:-25px;margin-bottom:20px;padding-top:0;padding-right:0;padding-bottom:0;padding-left:60px;font-size:15px\">\n<div class=\"wp-block-column has-text-color has-link-color wp-elements-32661c60388d2123b0bf1683c717c484 is-layout-flow wp-block-column-is-layout-flow\" style=\"color:#a1a1a1;padding-top:0;padding-bottom:0;font-size:15px;font-style:normal;font-weight:100;flex-basis:100%\"><div class=\"aioseo-breadcrumbs\"><span class=\"aioseo-breadcrumb\">\n\t\t\t<a href=\"https:\/\/academiespatiale.fr\" title=\"Home\">Home<\/a>\n\t\t<\/span><span class=\"aioseo-breadcrumb-separator\">&raquo;<\/span><span class=\"aioseo-breadcrumb\">\n\t\t\t<a href=\"https:\/\/academiespatiale.fr\/index.php\/formations\/\" title=\"Formations &amp; m\u00e9tiers\">Formations &amp; m\u00e9tiers<\/a>\n\t\t<\/span><span class=\"aioseo-breadcrumb-separator\">&raquo;<\/span><span class=\"aioseo-breadcrumb\">\n\t\t\t<a href=\"https:\/\/academiespatiale.fr\/index.php\/formations\/formations-innovantes\/\" title=\"Formations innovantes\">Formations innovantes<\/a>\n\t\t<\/span><span class=\"aioseo-breadcrumb-separator\">&raquo;<\/span><span class=\"aioseo-breadcrumb\">\n\t\t\tHackathon ActInSpace \u2013 24H pour relever les d\u00e9fis du CNES et de l\u2019ESA\n\t\t<\/span><\/div><\/div>\n<\/div>\n\n\n\n<div class=\"wp-block-columns alignwide is-layout-flex wp-container-core-columns-is-layout-28f84493 wp-block-columns-is-layout-flex\">\n<div class=\"wp-block-column is-layout-flow wp-block-column-is-layout-flow\" style=\"flex-basis:100%\">\n<p><strong>Lanc\u00e9 en 2014 par le CNES et coorganis\u00e9e avec l&rsquo;ESA depuis 2016, ActInSpace est un concours international d\u00e9di\u00e9 aux applications spatiales et \u00e0 la cr\u00e9ation de startups. Il revient en 2026 pour sa 6e \u00e9dition. Premi\u00e8re \u00e9tape r\u00e9gionale pour toutes les \u00e9quipes : 24H de hackathon les 30 et 31 janvier 2026.<\/strong><\/p>\n<\/div>\n<\/div>\n\n\n\n<div class=\"wp-block-columns alignwide are-vertically-aligned-center is-layout-flex wp-container-core-columns-is-layout-28f84493 wp-block-columns-is-layout-flex\">\n<div class=\"wp-block-column is-vertically-aligned-center is-layout-flow wp-block-column-is-layout-flow\">\n<ul class=\"wp-block-list\">\n<li><strong>30 &amp; 31 janvier 2026 \u2192 Finale r\u00e9gionale<br><\/strong>24h pour innover : hackathon simultan\u00e9 dans chaque ville h\u00f4te<\/li>\n<\/ul>\n\n\n\n<ul class=\"wp-block-list\">\n<li><strong>1e &amp; 2 avril 2026 \u2192 Demi-finales et finales nationale et internationales \u00e0 Bordeaux<br><\/strong>C\u00e9r\u00e9monie de remise des prix, annonce des r\u00e9sultats (laur\u00e9ats nationaux, laur\u00e9ats europ\u00e9ens, prix sp\u00e9ciaux), soir\u00e9e de Gala.<\/li>\n<\/ul>\n\n\n\n<div style=\"height:10px\" aria-hidden=\"true\" class=\"wp-block-spacer\"><\/div>\n\n\n\n<p>ActInSpace est organis\u00e9 tous les 2 ans en simultan\u00e9 et dans le monde entier par des acteurs locaux. IncubAlliance Paris-Saclay et l\u2019Acad\u00e9mie Spatiale d\u2019\u00cele-de-France coorganisent cette ann\u00e9e une \u00e9dition r\u00e9gionale \u00e0 Paris-Saclay : Station Atlante, ville de Massy.<\/p>\n<\/div>\n\n\n\n<div class=\"wp-block-column is-vertically-aligned-center is-layout-flow wp-block-column-is-layout-flow\">\n<figure class=\"wp-block-embed is-type-video is-provider-youtube wp-block-embed-youtube wp-embed-aspect-16-9 wp-has-aspect-ratio\" style=\"margin-right:var(--wp--preset--spacing--50);margin-left:var(--wp--preset--spacing--50)\"><div class=\"wp-block-embed__wrapper\">\n<iframe loading=\"lazy\" title=\"Trailer ActInSpace 2026\" width=\"750\" height=\"422\" src=\"https:\/\/www.youtube.com\/embed\/hNalAG-aj9w?start=1&#038;feature=oembed\" frameborder=\"0\" allow=\"accelerometer; autoplay; clipboard-write; encrypted-media; gyroscope; picture-in-picture; web-share\" referrerpolicy=\"strict-origin-when-cross-origin\" allowfullscreen><\/iframe>\n<\/div><\/figure>\n<\/div>\n<\/div>\n\n\n\n<hr class=\"wp-block-separator has-alpha-channel-opacity\" style=\"margin-top:var(--wp--preset--spacing--70);margin-bottom:var(--wp--preset--spacing--70)\"\/>\n\n\n\n<h4 class=\"wp-block-heading has-text-align-center\">Retour sur la finale r\u00e9gionale Paris-Saclay \u00e0 Massy<\/h4>\n\n\n\n<figure class=\"wp-block-embed is-type-video is-provider-youtube wp-block-embed-youtube wp-embed-aspect-16-9 wp-has-aspect-ratio\"><div class=\"wp-block-embed__wrapper\">\n<iframe loading=\"lazy\" title=\"Hackathon - Act in Space\" width=\"750\" height=\"422\" src=\"https:\/\/www.youtube.com\/embed\/VoG2fPQeFTg?feature=oembed\" frameborder=\"0\" allow=\"accelerometer; autoplay; clipboard-write; encrypted-media; gyroscope; picture-in-picture; web-share\" referrerpolicy=\"strict-origin-when-cross-origin\" allowfullscreen><\/iframe>\n<\/div><\/figure>\n\n\n\n<hr class=\"wp-block-separator has-alpha-channel-opacity\" style=\"margin-top:var(--wp--preset--spacing--70);margin-bottom:var(--wp--preset--spacing--70)\"\/>\n\n\n\n<div style=\"height:10px\" aria-hidden=\"true\" class=\"wp-block-spacer\"><\/div>\n\n\n\n<div class=\"wp-block-columns alignwide is-layout-flex wp-container-core-columns-is-layout-28f84493 wp-block-columns-is-layout-flex\">\n<div class=\"wp-block-column is-vertically-aligned-center is-layout-flow wp-block-column-is-layout-flow\" style=\"flex-basis:66.66%\">\n<h4 class=\"wp-block-heading\">Pr\u00e9sentation de la finale r\u00e9gionale \u00e0 Paris-Saclay<\/h4>\n\n\n\n<p>L&rsquo;\u00e9dition locale \u00e0 Paris-Saclay est co-organis\u00e9e par l&rsquo;<strong>Acad\u00e9mie Spatiale d&rsquo;\u00cele-de-France<\/strong> et <strong>IncubAlliance Paris-Saclay<\/strong>, incubateur de la recherche publique et expert de l\u2019entrepreneuriat deeptech.<\/p>\n\n\n\n<ul class=\"wp-block-list\">\n<li><strong>Mi-janvier 2026 : ActInSpace Warm-Up<br><\/strong>Rencontre entre les participant\u00b7es avant le d\u00e9but de la comp\u00e9tition officielle.<br>Objectif : poser des questions sur l&rsquo;\u00e9v\u00e9nement, en particulier sur les d\u00e9fis, rencontrer les organisateurs, les organisatrices et les entra\u00eeneurs locaux.<\/li>\n\n\n\n<li><strong>Vendredi 30 janvier, 13h \u2013 15h : Lancement de l\u2019\u00e9v\u00e9nement.<br><\/strong>Discours de bienvenue en direct ou enregistr\u00e9 dans tous les pays et rappel des r\u00e8gles de la comp\u00e9tition. Rencontre avec les entraineurs locaux. Finalisation des \u00e9quipes.<\/li>\n\n\n\n<li><strong>Vendredi 30 janvier, 15h au samedi 31 janvier, 15h : Hackathon<br><\/strong>24 heures en \u00e9quipe autour d\u2019un sujet d\u00e9fini, avec le soutien d\u2019expert\u00b7es mondiaux et locaux.<\/li>\n\n\n\n<li><strong>Samedi 31 janvier 10h \u2013 13h : Session de formation au pitch<br><\/strong>5 min de pitch \/ 5 min de questions r\u00e9ponses avec des expert\u00b7es locaux pour se former.<\/li>\n\n\n\n<li><strong>Samedi 31 janvier, 16h : Pitch officiel<br><\/strong>Chaque \u00e9quipe pitch devant un jury local durant 8 min selon la pr\u00e9sentation officielle d\u2019ActInSpace<\/li>\n\n\n\n<li><strong>Samedi 31 janvier, 17h : Remise des prix<br><\/strong>Annonce des r\u00e9sultats, retour \u00e0 chaque \u00e9quipe et cocktail<\/li>\n<\/ul>\n<\/div>\n\n\n\n<div class=\"wp-block-column is-layout-flow wp-block-column-is-layout-flow\" style=\"flex-basis:33.33%\"><div class=\"wp-block-image\">\n<figure class=\"aligncenter size-large is-resized\"><a href=\"https:\/\/actinspace.org\/\" target=\"_blank\" rel=\" noreferrer noopener\"><img loading=\"lazy\" decoding=\"async\" width=\"724\" height=\"1024\" src=\"https:\/\/academiespatiale.fr\/wp-content\/uploads\/2025\/12\/Poster-RGB-AIS-2026_light-724x1024.jpg\" alt=\"\" class=\"wp-image-6963\" style=\"aspect-ratio:0.7070371054847122;width:397px;height:auto\" srcset=\"https:\/\/academiespatiale.fr\/wp-content\/uploads\/2025\/12\/Poster-RGB-AIS-2026_light-724x1024.jpg 724w, https:\/\/academiespatiale.fr\/wp-content\/uploads\/2025\/12\/Poster-RGB-AIS-2026_light-212x300.jpg 212w, https:\/\/academiespatiale.fr\/wp-content\/uploads\/2025\/12\/Poster-RGB-AIS-2026_light-768x1086.jpg 768w, https:\/\/academiespatiale.fr\/wp-content\/uploads\/2025\/12\/Poster-RGB-AIS-2026_light.jpg 1000w\" sizes=\"auto, (max-width: 724px) 100vw, 724px\" \/><\/a><\/figure>\n<\/div><\/div>\n<\/div>\n\n\n\n<h4 class=\"wp-block-heading\">Objectifs du concours<\/h4>\n\n\n\n<ul class=\"wp-block-list\">\n<li>D\u00e9velopper l&rsquo;utilisation des donn\u00e9es et des applications spatiales au b\u00e9n\u00e9fice de la Terre et de l&rsquo;Humanit\u00e9.<\/li>\n\n\n\n<li>Stimuler l&rsquo;esprit d&rsquo;entreprise chez les jeunes et favoriser la cr\u00e9ation de startups.<\/li>\n\n\n\n<li>D\u00e9montrer que le secteur spatial a le potentiel de contribuer \u00e0 la croissance sociale et \u00e9conomique au sens large, au-del\u00e0 de la port\u00e9e du secteur spatial lui-m\u00eame.<\/li>\n\n\n\n<li>Favoriser la collaboration entre les entreprises sp\u00e9cifiques au secteur et celles qui ne le sont pas.<\/li>\n\n\n\n<li>Combler le foss\u00e9 entre la soci\u00e9t\u00e9 civile et les agences spatiales, notamment pour rendre les licences de brevets plus transparentes.<\/li>\n<\/ul>\n\n\n\n<h4 class=\"wp-block-heading\">Modalit\u00e9s de participation<\/h4>\n\n\n\n<p>Le concours est ouvert \u00e0 toute personne physique majeure ayant une activit\u00e9 ou r\u00e9sidant dans le pays des sites organisateurs ou toute personne morale de droit priv\u00e9 d\u00e8s lors qu\u2019elle est repr\u00e9sent\u00e9e par une personne physique.<\/p>\n\n\n\n<p>Les participants peuvent cr\u00e9er leur propre \u00e9quipe ou rejoindre une \u00e9quipe existante, selon les modalit\u00e9s suivantes : <\/p>\n\n\n\n<ul class=\"wp-block-list\">\n<li>2 \u00e0 5 personnes par \u00e9quipe,<\/li>\n\n\n\n<li>\u00c9quipe mixte encourag\u00e9e avec des profils et des sp\u00e9cialit\u00e9s diff\u00e9rents.\n<ul class=\"wp-block-list\">\n<li>Exemple : \u00e9tudiants de 1\u00e8re \/ 3\u00e8me ann\u00e9e ; mix \u00e9tudiants \/ professionnels.<\/li>\n<\/ul>\n<\/li>\n<\/ul>\n\n\n\n<p>Choix libre des sujets parmi un lot de d\u00e9fis spatiaux propos\u00e9s.<\/p>\n\n\n\n<ul class=\"wp-block-list\">\n<li>Le choix du sujet doit \u00eatre inscrit en ligne.<\/li>\n\n\n\n<li>Plusieurs \u00e9quipes peuvent choisir de r\u00e9fl\u00e9chir sur le m\u00eame d\u00e9fi spatial.<\/li>\n<\/ul>\n\n\n\n<p>Les laur\u00e9at\u00b7es locaux et nationaux doivent \u00eatre en mesure de venir en France pour les demi-finales et finales. A noter : les frais de voyage de l&rsquo;\u00e9quipe gagnante de Paris-Saclay pour les demi-finales et finales internationales \u00e0 Bordeaux seront pris en charge IncubAlliance Paris-Saclay et l\u2019Acad\u00e9mie Spatiale d\u2019\u00cele-de-France. Le CNES prendra en charge l&rsquo;h\u00e9bergement pour 3 nuits. Aucun autre frais ne sera rembours\u00e9.<\/p>\n\n\n\n<div class=\"wp-block-columns alignwide is-layout-flex wp-container-core-columns-is-layout-28f84493 wp-block-columns-is-layout-flex\">\n<div class=\"wp-block-column is-layout-flow wp-block-column-is-layout-flow\" style=\"flex-basis:100%\">\n<p class=\"has-background-color-background-color has-background\">Site officiel<br>\u2192 <a href=\"https:\/\/actinspace.org\/\" target=\"_blank\" rel=\"noopener\" title=\"\">ActInSpace || An international innovation contest lead by CNES and ESA<\/a><\/p>\n<\/div>\n<\/div>\n\n\n\n<div style=\"height:100px\" aria-hidden=\"true\" class=\"wp-block-spacer\"><\/div>\n","protected":false},"excerpt":{"rendered":"<p>Lanc\u00e9 en 2014 par le CNES et coorganis\u00e9e avec l&rsquo;ESA depuis 2016, ActInSpace est un concours international d\u00e9di\u00e9 aux applications spatiales et \u00e0 la cr\u00e9ation de startups. Il revient en 2026 pour sa 6e \u00e9dition. Premi\u00e8re \u00e9tape r\u00e9gionale pour toutes les \u00e9quipes : 24H de hackathon les 30 et 31 [&hellip;]<\/p>\n","protected":false},"author":1,"featured_media":6965,"parent":6131,"menu_order":0,"comment_status":"closed","ping_status":"closed","template":"","meta":{"_monsterinsights_skip_tracking":false,"_monsterinsights_sitenote_active":false,"_monsterinsights_sitenote_note":"","_monsterinsights_sitenote_category":0,"_EventAllDay":false,"_EventTimezone":"","_EventStartDate":"","_EventEndDate":"","_EventStartDateUTC":"","_EventEndDateUTC":"","_EventShowMap":false,"_EventShowMapLink":false,"_EventURL":"","_EventCost":"","_EventCostDescription":"","_EventCurrencySymbol":"","_EventCurrencyCode":"","_EventCurrencyPosition":"","_EventDateTimeSeparator":"","_EventTimeRangeSeparator":"","_EventOrganizerID":[],"_EventVenueID":[],"_OrganizerEmail":"","_OrganizerPhone":"","_OrganizerWebsite":"","_VenueAddress":"","_VenueCity":"","_VenueCountry":"","_VenueProvince":"","_VenueState":"","_VenueZip":"","_VenuePhone":"","_VenueURL":"","_VenueStateProvince":"","_VenueLat":"","_VenueLng":"","_VenueShowMap":false,"_VenueShowMapLink":false,"footnotes":""},"class_list":["post-6964","page","type-page","status-publish","has-post-thumbnail","hentry"],"aioseo_notices":[],"_links":{"self":[{"href":"https:\/\/academiespatiale.fr\/index.php\/wp-json\/wp\/v2\/pages\/6964","targetHints":{"allow":["GET"]}}],"collection":[{"href":"https:\/\/academiespatiale.fr\/index.php\/wp-json\/wp\/v2\/pages"}],"about":[{"href":"https:\/\/academiespatiale.fr\/index.php\/wp-json\/wp\/v2\/types\/page"}],"author":[{"embeddable":true,"href":"https:\/\/academiespatiale.fr\/index.php\/wp-json\/wp\/v2\/users\/1"}],"replies":[{"embeddable":true,"href":"https:\/\/academiespatiale.fr\/index.php\/wp-json\/wp\/v2\/comments?post=6964"}],"version-history":[{"count":41,"href":"https:\/\/academiespatiale.fr\/index.php\/wp-json\/wp\/v2\/pages\/6964\/revisions"}],"predecessor-version":[{"id":8585,"href":"https:\/\/academiespatiale.fr\/index.php\/wp-json\/wp\/v2\/pages\/6964\/revisions\/8585"}],"up":[{"embeddable":true,"href":"https:\/\/academiespatiale.fr\/index.php\/wp-json\/wp\/v2\/pages\/6131"}],"wp:featuredmedia":[{"embeddable":true,"href":"https:\/\/academiespatiale.fr\/index.php\/wp-json\/wp\/v2\/media\/6965"}],"wp:attachment":[{"href":"https:\/\/academiespatiale.fr\/index.php\/wp-json\/wp\/v2\/media?parent=6964"}],"curies":[{"name":"wp","href":"https:\/\/api.w.org\/{rel}","templated":true}]}}