{"id":67,"date":"2024-03-28T17:56:27","date_gmt":"2024-03-28T16:56:27","guid":{"rendered":"https:\/\/academiespatiale.fr\/?page_id=67"},"modified":"2026-03-02T15:05:45","modified_gmt":"2026-03-02T14:05:45","slug":"ao","status":"publish","type":"page","link":"https:\/\/academiespatiale.fr\/index.php\/recherche\/ao\/","title":{"rendered":"Appels d&rsquo;offres"},"content":{"rendered":"\n<div class=\"wp-block-columns alignfull has-text-color has-link-color wp-elements-8422e2a85d9f2e5605b7dd2ae54b3e54 is-layout-flex wp-container-core-columns-is-layout-e94c545b wp-block-columns-is-layout-flex\" style=\"color:#b1b1b1;margin-top:-25px;margin-bottom:20px;padding-top:0;padding-right:0;padding-bottom:0;padding-left:60px;font-size:15px\">\n<div class=\"wp-block-column has-text-color has-link-color wp-elements-32661c60388d2123b0bf1683c717c484 is-layout-flow wp-block-column-is-layout-flow\" style=\"color:#a1a1a1;padding-top:0;padding-bottom:0;font-size:15px;font-style:normal;font-weight:100;flex-basis:100%\"><div class=\"aioseo-breadcrumbs\"><span class=\"aioseo-breadcrumb\">\n\t\t\t<a href=\"https:\/\/academiespatiale.fr\" title=\"Home\">Home<\/a>\n\t\t<\/span><span class=\"aioseo-breadcrumb-separator\">&raquo;<\/span><span class=\"aioseo-breadcrumb\">\n\t\t\t<a href=\"https:\/\/academiespatiale.fr\/index.php\/recherche\/\" title=\"Recherche\">Recherche<\/a>\n\t\t<\/span><span class=\"aioseo-breadcrumb-separator\">&raquo;<\/span><span class=\"aioseo-breadcrumb\">\n\t\t\tAppels d\u2019offres\n\t\t<\/span><\/div><\/div>\n<\/div>\n\n\n\n<div class=\"wp-block-columns alignwide is-layout-flex wp-container-core-columns-is-layout-28f84493 wp-block-columns-is-layout-flex\">\n<div class=\"wp-block-column is-layout-flow wp-block-column-is-layout-flow\" style=\"border-width:1px;border-radius:20px;padding-top:var(--wp--preset--spacing--50);padding-right:var(--wp--preset--spacing--50);padding-bottom:var(--wp--preset--spacing--50);padding-left:var(--wp--preset--spacing--50)\">\n<div style=\"height:10px\" aria-hidden=\"true\" class=\"wp-block-spacer\"><\/div>\n\n\n\n<h4 class=\"wp-block-heading has-text-align-center has-text-color has-link-color wp-elements-2f1c863b8564f9e972ab981877e202ed\" style=\"color:#18528e\">Vous \u00eates un\u00b7e \u00e9tudiant\u00b7e<\/h4>\n\n\n\n<hr class=\"wp-block-separator has-alpha-channel-opacity\"\/>\n\n\n\n<div class=\"wp-block-buttons is-content-justification-center is-layout-flex wp-container-core-buttons-is-layout-a89b3969 wp-block-buttons-is-layout-flex\">\n<div class=\"wp-block-button has-custom-width wp-block-button__width-75\"><a class=\"wp-block-button__link has-background wp-element-button\" href=\"https:\/\/academiespatiale.fr\/index.php\/etudiants\/ao-mobilites\/\" style=\"background-color:#18528e\">Bourses de mobilit\u00e9s internationales<\/a><\/div>\n<\/div>\n\n\n\n<div style=\"height:5px\" aria-hidden=\"true\" class=\"wp-block-spacer\"><\/div>\n\n\n\n<p class=\"has-text-align-center has-small-font-size\">L&rsquo;appel \u00e0 candidatures pour les bourses de mobilit\u00e9s internationales est adress\u00e9 aux \u00e9tudiantes et \u00e9tudiants \u00e9trangers qui int\u00e8greront l\u2019Acad\u00e9mie Spatiale (mobilit\u00e9 entrante) et pour des s\u00e9jours \u00e0 l\u2019\u00e9tranger des \u00e9tudiant\u00b7es de l\u2019acad\u00e9mie (mobilit\u00e9 sortante).<\/p>\n\n\n\n<div style=\"height:10px\" aria-hidden=\"true\" class=\"wp-block-spacer\"><\/div>\n\n\n\n<p class=\"has-text-align-center\">DATE LIMITE<\/p>\n\n\n\n<p class=\"has-text-align-center\"><s>&gt;&gt; 30 octobre 2025 &lt;&lt;<br>&gt;&gt; 30 janvier 2026 &lt;&lt;<br><\/s>&gt;&gt; 31 mai 2026 &lt;&lt;<\/p>\n\n\n\n<div style=\"height:10px\" aria-hidden=\"true\" class=\"wp-block-spacer\"><\/div>\n\n\n\n<hr class=\"wp-block-separator has-alpha-channel-opacity\"\/>\n\n\n\n<div class=\"wp-block-buttons is-content-justification-center is-layout-flex wp-container-core-buttons-is-layout-a89b3969 wp-block-buttons-is-layout-flex\">\n<div class=\"wp-block-button has-custom-width wp-block-button__width-75\"><a class=\"wp-block-button__link has-background wp-element-button\" href=\"https:\/\/academiespatiale.fr\/index.php\/ao\/allocations-doctorales-et-postdoctorales\/\" style=\"background-color:#18528e\">Allocations doctorales et postdoctorales<\/a><\/div>\n<\/div>\n\n\n\n<div style=\"height:5px\" aria-hidden=\"true\" class=\"wp-block-spacer\"><\/div>\n\n\n\n<p class=\"has-text-align-center has-small-font-size\">L&rsquo;appel \u00e0 candidature pour les allocations de recherche doctorale et postdoctorale est address\u00e9 aux \u00e9tudiantes et \u00e9tudiants de toutes nationalit\u00e9s.<\/p>\n\n\n\n<div style=\"height:10px\" aria-hidden=\"true\" class=\"wp-block-spacer\"><\/div>\n\n\n\n<p class=\"has-text-align-center\">2025 : appel clotur\u00e9<\/p>\n<\/div>\n\n\n\n<div class=\"wp-block-column is-layout-flow wp-block-column-is-layout-flow\" style=\"border-width:1px;border-radius:20px;padding-top:var(--wp--preset--spacing--50);padding-right:var(--wp--preset--spacing--50);padding-bottom:var(--wp--preset--spacing--50);padding-left:var(--wp--preset--spacing--50)\">\n<div style=\"height:10px\" aria-hidden=\"true\" class=\"wp-block-spacer\"><\/div>\n\n\n\n<h4 class=\"wp-block-heading has-text-align-center has-text-color has-link-color wp-elements-f805d5e40a2f91a8ea5a40721576ddc7\" style=\"color:#8d130f\">Vous portez un projet<\/h4>\n\n\n\n<hr class=\"wp-block-separator has-alpha-channel-opacity\"\/>\n\n\n\n<div class=\"wp-block-buttons is-content-justification-center is-layout-flex wp-container-core-buttons-is-layout-a89b3969 wp-block-buttons-is-layout-flex\">\n<div class=\"wp-block-button has-custom-width wp-block-button__width-75\"><a class=\"wp-block-button__link has-background wp-element-button\" href=\"https:\/\/academiespatiale.fr\/index.php\/appels-doffres\/ao-apprentissages\/\" style=\"background-color:#8d130f\">Appel \u00e0 projets apprentissages<\/a><\/div>\n<\/div>\n\n\n\n<div style=\"height:5px\" aria-hidden=\"true\" class=\"wp-block-spacer\"><\/div>\n\n\n\n<p class=\"has-text-align-center has-small-font-size\">L&rsquo;appel \u00e0 projets (AAP) concerne le financement des apprentissages r\u00e9alis\u00e9s dans les laboratoires rattach\u00e9s aux \u00e9tablissements publics partenaires de l\u2019Acad\u00e9mie Spatiale et propose de financer le salaire des apprentis et apprenties, les co\u00fbts de formation restant \u00e0 la charge des \u00e9quipes des laboratoires laur\u00e9ates.<\/p>\n\n\n\n<div style=\"height:10px\" aria-hidden=\"true\" class=\"wp-block-spacer\"><\/div>\n\n\n\n<p class=\"has-text-align-center\">DATE LIMITE<\/p>\n\n\n\n<p class=\"has-text-align-center\">&gt;&gt; 24 mars 2026 &lt;&lt;<\/p>\n\n\n\n<div style=\"height:10px\" aria-hidden=\"true\" class=\"wp-block-spacer\"><\/div>\n\n\n\n<hr class=\"wp-block-separator has-alpha-channel-opacity\"\/>\n\n\n\n<div class=\"wp-block-buttons is-content-justification-center is-layout-flex wp-container-core-buttons-is-layout-a89b3969 wp-block-buttons-is-layout-flex\">\n<div class=\"wp-block-button has-custom-width wp-block-button__width-75\"><a class=\"wp-block-button__link has-background wp-element-button\" href=\"https:\/\/academiespatiale.fr\/index.php\/appels-doffres\/ao-theses\/\" style=\"background-color:#8d130f\">Appel \u00e0 projets th\u00e8ses<\/a><\/div>\n<\/div>\n\n\n\n<div style=\"height:5px\" aria-hidden=\"true\" class=\"wp-block-spacer\"><\/div>\n\n\n\n<p class=\"has-text-align-center has-small-font-size\">L&rsquo;appel \u00e0 projets (AAP) de financements d\u2019allocations de recherche doctorales pour s\u2019adresse aux chercheurs, chercheuses, enseignantes-chercheuses et enseignants-chercheurs des laboratoires rattach\u00e9s aux \u00e9tablissements publics partenaires de l\u2019Acad\u00e9mie Spatiale.<\/p>\n\n\n\n<div style=\"height:10px\" aria-hidden=\"true\" class=\"wp-block-spacer\"><\/div>\n\n\n\n<p class=\"has-text-align-center\">2025 : appel clotur\u00e9<\/p>\n<\/div>\n<\/div>\n\n\n\n<div style=\"height:25px\" aria-hidden=\"true\" class=\"wp-block-spacer\"><\/div>\n\n\n\n<hr class=\"wp-block-separator has-alpha-channel-opacity\"\/>\n\n\n\n<p class=\"has-text-align-center\">&gt;&gt;&gt; Voir tous les articles de la cat\u00e9gorie <a href=\"https:\/\/academiespatiale.fr\/index.php\/category\/appels-offres\/\" title=\"\">Appels d&rsquo;offres<\/a> &lt;&lt;&lt;<\/p>\n\n\n\n<hr class=\"wp-block-separator has-alpha-channel-opacity\"\/>\n\n\n<ul class=\"wp-block-latest-posts__list is-grid columns-4 has-dates alignwide wp-block-latest-posts\"><li><div class=\"wp-block-latest-posts__featured-image\"><img loading=\"lazy\" decoding=\"async\" width=\"300\" height=\"200\" src=\"https:\/\/academiespatiale.fr\/wp-content\/uploads\/2024\/09\/AAP_projets-apprentissages-300x200.png\" class=\"attachment-medium size-medium wp-post-image\" alt=\"\" style=\"\" srcset=\"https:\/\/academiespatiale.fr\/wp-content\/uploads\/2024\/09\/AAP_projets-apprentissages-300x200.png 300w, https:\/\/academiespatiale.fr\/wp-content\/uploads\/2024\/09\/AAP_projets-apprentissages-360x240.png 360w, https:\/\/academiespatiale.fr\/wp-content\/uploads\/2024\/09\/AAP_projets-apprentissages.png 750w\" sizes=\"auto, (max-width: 300px) 100vw, 300px\" \/><\/div><a class=\"wp-block-latest-posts__post-title\" href=\"https:\/\/academiespatiale.fr\/index.php\/2026\/03\/02\/appel-a-projets-2026-n1-financement-des-allocations-dapprentissage\/\">Appel \u00e0 projets 2026 n\u00b01 : financement des allocations d\u2019apprentissage<\/a><time datetime=\"2026-03-02T14:47:37+01:00\" class=\"wp-block-latest-posts__post-date\">2 mars 2026<\/time><\/li>\n<li><div class=\"wp-block-latest-posts__featured-image\"><img loading=\"lazy\" decoding=\"async\" width=\"300\" height=\"200\" src=\"https:\/\/academiespatiale.fr\/wp-content\/uploads\/2024\/11\/AAP_projets-doctoraux-300x200.png\" class=\"attachment-medium size-medium wp-post-image\" alt=\"\" style=\"\" srcset=\"https:\/\/academiespatiale.fr\/wp-content\/uploads\/2024\/11\/AAP_projets-doctoraux-300x200.png 300w, https:\/\/academiespatiale.fr\/wp-content\/uploads\/2024\/11\/AAP_projets-doctoraux-360x240.png 360w, https:\/\/academiespatiale.fr\/wp-content\/uploads\/2024\/11\/AAP_projets-doctoraux.png 750w\" sizes=\"auto, (max-width: 300px) 100vw, 300px\" \/><\/div><a class=\"wp-block-latest-posts__post-title\" href=\"https:\/\/academiespatiale.fr\/index.php\/2025\/12\/16\/aap-2026-2028-financements-dallocations-de-recherche-doctorales\/\">AAP 2026-2028 : financements d\u2019allocations de recherche doctorales<\/a><time datetime=\"2025-12-16T16:01:01+01:00\" class=\"wp-block-latest-posts__post-date\">16 d\u00e9cembre 2025<\/time><\/li>\n<li><div class=\"wp-block-latest-posts__featured-image\"><img loading=\"lazy\" decoding=\"async\" width=\"300\" height=\"200\" src=\"https:\/\/academiespatiale.fr\/wp-content\/uploads\/2025\/10\/AAP_stage_OIPSIA2_oct2025-300x200.png\" class=\"attachment-medium size-medium wp-post-image\" alt=\"\" style=\"\" srcset=\"https:\/\/academiespatiale.fr\/wp-content\/uploads\/2025\/10\/AAP_stage_OIPSIA2_oct2025-300x200.png 300w, https:\/\/academiespatiale.fr\/wp-content\/uploads\/2025\/10\/AAP_stage_OIPSIA2_oct2025-360x240.png 360w, https:\/\/academiespatiale.fr\/wp-content\/uploads\/2025\/10\/AAP_stage_OIPSIA2_oct2025.png 750w\" sizes=\"auto, (max-width: 300px) 100vw, 300px\" \/><\/div><a class=\"wp-block-latest-posts__post-title\" href=\"https:\/\/academiespatiale.fr\/index.php\/2025\/10\/17\/appel-a-projet-oi-psia2-financements-de-stage\/\">Appel \u00e0 projet OI PSIA2 &#8211; Financements de stage<\/a><time datetime=\"2025-10-17T17:51:53+02:00\" class=\"wp-block-latest-posts__post-date\">17 octobre 2025<\/time><\/li>\n<li><div class=\"wp-block-latest-posts__featured-image\"><img loading=\"lazy\" decoding=\"async\" width=\"300\" height=\"200\" src=\"https:\/\/academiespatiale.fr\/wp-content\/uploads\/2024\/11\/AAC_mobilites-internationales-300x200.png\" class=\"attachment-medium size-medium wp-post-image\" alt=\"\" style=\"\" srcset=\"https:\/\/academiespatiale.fr\/wp-content\/uploads\/2024\/11\/AAC_mobilites-internationales-300x200.png 300w, https:\/\/academiespatiale.fr\/wp-content\/uploads\/2024\/11\/AAC_mobilites-internationales-360x240.png 360w, https:\/\/academiespatiale.fr\/wp-content\/uploads\/2024\/11\/AAC_mobilites-internationales.png 750w\" sizes=\"auto, (max-width: 300px) 100vw, 300px\" \/><\/div><a class=\"wp-block-latest-posts__post-title\" href=\"https:\/\/academiespatiale.fr\/index.php\/2025\/07\/08\/appel-a-candidatures-2026-bourses-de-mobilites-internationales\/\">Appel \u00e0 candidatures 2025\/2026 : bourses de mobilit\u00e9s internationales<\/a><time datetime=\"2025-07-08T17:08:36+02:00\" class=\"wp-block-latest-posts__post-date\">8 juillet 2025<\/time><\/li>\n<li><div class=\"wp-block-latest-posts__featured-image\"><img loading=\"lazy\" decoding=\"async\" width=\"300\" height=\"200\" src=\"https:\/\/academiespatiale.fr\/wp-content\/uploads\/2024\/09\/AAP_projets-apprentissages-300x200.png\" class=\"attachment-medium size-medium wp-post-image\" alt=\"\" style=\"\" srcset=\"https:\/\/academiespatiale.fr\/wp-content\/uploads\/2024\/09\/AAP_projets-apprentissages-300x200.png 300w, https:\/\/academiespatiale.fr\/wp-content\/uploads\/2024\/09\/AAP_projets-apprentissages-360x240.png 360w, https:\/\/academiespatiale.fr\/wp-content\/uploads\/2024\/09\/AAP_projets-apprentissages.png 750w\" sizes=\"auto, (max-width: 300px) 100vw, 300px\" \/><\/div><a class=\"wp-block-latest-posts__post-title\" href=\"https:\/\/academiespatiale.fr\/index.php\/2025\/06\/16\/appel-a-projets-2025-n2-financement-des-allocations-dapprentissage\/\">Appel \u00e0 projets 2025 n\u00b02 : financement des allocations d&rsquo;apprentissage<\/a><time datetime=\"2025-06-16T16:54:47+02:00\" class=\"wp-block-latest-posts__post-date\">16 juin 2025<\/time><\/li>\n<li><div class=\"wp-block-latest-posts__featured-image\"><img loading=\"lazy\" decoding=\"async\" width=\"300\" height=\"200\" src=\"https:\/\/academiespatiale.fr\/wp-content\/uploads\/2024\/09\/AAP_projets-apprentissages-300x200.png\" class=\"attachment-medium size-medium wp-post-image\" alt=\"\" style=\"\" srcset=\"https:\/\/academiespatiale.fr\/wp-content\/uploads\/2024\/09\/AAP_projets-apprentissages-300x200.png 300w, https:\/\/academiespatiale.fr\/wp-content\/uploads\/2024\/09\/AAP_projets-apprentissages-360x240.png 360w, https:\/\/academiespatiale.fr\/wp-content\/uploads\/2024\/09\/AAP_projets-apprentissages.png 750w\" sizes=\"auto, (max-width: 300px) 100vw, 300px\" \/><\/div><a class=\"wp-block-latest-posts__post-title\" href=\"https:\/\/academiespatiale.fr\/index.php\/2025\/02\/21\/appel-a-projets-2025-financement-des-apprentissages-recherche\/\">Appel \u00e0 projets 2025 : financement des apprentissages recherche<\/a><time datetime=\"2025-02-21T15:45:43+01:00\" class=\"wp-block-latest-posts__post-date\">21 f\u00e9vrier 2025<\/time><\/li>\n<li><div class=\"wp-block-latest-posts__featured-image\"><img loading=\"lazy\" decoding=\"async\" width=\"300\" height=\"200\" src=\"https:\/\/academiespatiale.fr\/wp-content\/uploads\/2024\/11\/AAP_projets-doctoraux-300x200.png\" class=\"attachment-medium size-medium wp-post-image\" alt=\"\" style=\"\" srcset=\"https:\/\/academiespatiale.fr\/wp-content\/uploads\/2024\/11\/AAP_projets-doctoraux-300x200.png 300w, https:\/\/academiespatiale.fr\/wp-content\/uploads\/2024\/11\/AAP_projets-doctoraux-360x240.png 360w, https:\/\/academiespatiale.fr\/wp-content\/uploads\/2024\/11\/AAP_projets-doctoraux.png 750w\" sizes=\"auto, (max-width: 300px) 100vw, 300px\" \/><\/div><a class=\"wp-block-latest-posts__post-title\" href=\"https:\/\/academiespatiale.fr\/index.php\/2024\/11\/21\/aap-2025-2028-allocations-doctorales\/\">AAP 2025-2028 : financements d&rsquo;allocations de recherche doctorales<\/a><time datetime=\"2024-11-21T16:47:04+01:00\" class=\"wp-block-latest-posts__post-date\">21 novembre 2024<\/time><\/li>\n<li><div class=\"wp-block-latest-posts__featured-image\"><img loading=\"lazy\" decoding=\"async\" width=\"300\" height=\"200\" src=\"https:\/\/academiespatiale.fr\/wp-content\/uploads\/2024\/11\/AAC_mobilites-internationales-300x200.png\" class=\"attachment-medium size-medium wp-post-image\" alt=\"\" style=\"\" srcset=\"https:\/\/academiespatiale.fr\/wp-content\/uploads\/2024\/11\/AAC_mobilites-internationales-300x200.png 300w, https:\/\/academiespatiale.fr\/wp-content\/uploads\/2024\/11\/AAC_mobilites-internationales-360x240.png 360w, https:\/\/academiespatiale.fr\/wp-content\/uploads\/2024\/11\/AAC_mobilites-internationales.png 750w\" sizes=\"auto, (max-width: 300px) 100vw, 300px\" \/><\/div><a class=\"wp-block-latest-posts__post-title\" href=\"https:\/\/academiespatiale.fr\/index.php\/2024\/11\/05\/appel-a-candidatures-2025-mobilites-internationales\/\">Appel \u00e0 candidatures 2025 : bourses de mobilit\u00e9s internationales<\/a><time datetime=\"2024-11-05T15:40:44+01:00\" class=\"wp-block-latest-posts__post-date\">5 novembre 2024<\/time><\/li>\n<\/ul>\n\n\n<div style=\"height:10px\" aria-hidden=\"true\" class=\"wp-block-spacer\"><\/div>\n\n\n\n<hr class=\"wp-block-separator has-alpha-channel-opacity\"\/>\n\n\n\n<figure class=\"wp-block-image alignwide size-large\"><img loading=\"lazy\" decoding=\"async\" width=\"1024\" height=\"72\" src=\"https:\/\/academiespatiale.fr\/wp-content\/uploads\/2024\/05\/Frise_logosCMA-HD-1024x72.png\" alt=\"\" class=\"wp-image-997\" srcset=\"https:\/\/academiespatiale.fr\/wp-content\/uploads\/2024\/05\/Frise_logosCMA-HD-1024x72.png 1024w, https:\/\/academiespatiale.fr\/wp-content\/uploads\/2024\/05\/Frise_logosCMA-HD-300x21.png 300w, https:\/\/academiespatiale.fr\/wp-content\/uploads\/2024\/05\/Frise_logosCMA-HD-768x54.png 768w, https:\/\/academiespatiale.fr\/wp-content\/uploads\/2024\/05\/Frise_logosCMA-HD-1536x108.png 1536w, https:\/\/academiespatiale.fr\/wp-content\/uploads\/2024\/05\/Frise_logosCMA-HD-2048x143.png 2048w\" sizes=\"auto, (max-width: 1024px) 100vw, 1024px\" \/><\/figure>\n\n\n\n<div style=\"height:100px\" aria-hidden=\"true\" class=\"wp-block-spacer\"><\/div>\n\n\n\n<div class=\"wp-block-columns alignfull has-text-color has-link-color wp-elements-8422e2a85d9f2e5605b7dd2ae54b3e54 is-layout-flex wp-container-core-columns-is-layout-e94c545b wp-block-columns-is-layout-flex\" style=\"color:#b1b1b1;margin-top:-25px;margin-bottom:20px;padding-top:0;padding-right:0;padding-bottom:0;padding-left:60px;font-size:15px\">\n<div class=\"wp-block-column has-text-color has-link-color wp-elements-32661c60388d2123b0bf1683c717c484 is-layout-flow wp-block-column-is-layout-flow\" style=\"color:#a1a1a1;padding-top:0;padding-bottom:0;font-size:15px;font-style:normal;font-weight:100;flex-basis:100%\"><div class=\"aioseo-breadcrumbs\"><span class=\"aioseo-breadcrumb\">\n\t\t\t<a href=\"https:\/\/academiespatiale.fr\" title=\"Home\">Home<\/a>\n\t\t<\/span><span class=\"aioseo-breadcrumb-separator\">&raquo;<\/span><span class=\"aioseo-breadcrumb\">\n\t\t\t<a href=\"https:\/\/academiespatiale.fr\/index.php\/recherche\/\" title=\"Recherche\">Recherche<\/a>\n\t\t<\/span><span class=\"aioseo-breadcrumb-separator\">&raquo;<\/span><span class=\"aioseo-breadcrumb\">\n\t\t\tAppels d\u2019offres\n\t\t<\/span><\/div><\/div>\n<\/div>\n","protected":false},"excerpt":{"rendered":"<p>Vous \u00eates un\u00b7e \u00e9tudiant\u00b7e L&rsquo;appel \u00e0 candidatures pour les bourses de mobilit\u00e9s internationales est adress\u00e9 aux \u00e9tudiantes et \u00e9tudiants \u00e9trangers qui int\u00e8greront l\u2019Acad\u00e9mie Spatiale (mobilit\u00e9 entrante) et pour des s\u00e9jours \u00e0 l\u2019\u00e9tranger des \u00e9tudiant\u00b7es de l\u2019acad\u00e9mie (mobilit\u00e9 sortante). DATE LIMITE &gt;&gt; 30 octobre 2025 &lt;&lt;&gt;&gt; 30 janvier 2026 &lt;&lt;&gt;&gt; 31 [&hellip;]<\/p>\n","protected":false},"author":1,"featured_media":0,"parent":2656,"menu_order":0,"comment_status":"closed","ping_status":"closed","template":"","meta":{"_monsterinsights_skip_tracking":false,"_monsterinsights_sitenote_active":false,"_monsterinsights_sitenote_note":"","_monsterinsights_sitenote_category":0,"_EventAllDay":false,"_EventTimezone":"","_EventStartDate":"","_EventEndDate":"","_EventStartDateUTC":"","_EventEndDateUTC":"","_EventShowMap":false,"_EventShowMapLink":false,"_EventURL":"","_EventCost":"","_EventCostDescription":"","_EventCurrencySymbol":"","_EventCurrencyCode":"","_EventCurrencyPosition":"","_EventDateTimeSeparator":"","_EventTimeRangeSeparator":"","_EventOrganizerID":[],"_EventVenueID":[],"_OrganizerEmail":"","_OrganizerPhone":"","_OrganizerWebsite":"","_VenueAddress":"","_VenueCity":"","_VenueCountry":"","_VenueProvince":"","_VenueState":"","_VenueZip":"","_VenuePhone":"","_VenueURL":"","_VenueStateProvince":"","_VenueLat":"","_VenueLng":"","_VenueShowMap":false,"_VenueShowMapLink":false,"footnotes":""},"class_list":["post-67","page","type-page","status-publish","hentry"],"aioseo_notices":[],"_links":{"self":[{"href":"https:\/\/academiespatiale.fr\/index.php\/wp-json\/wp\/v2\/pages\/67","targetHints":{"allow":["GET"]}}],"collection":[{"href":"https:\/\/academiespatiale.fr\/index.php\/wp-json\/wp\/v2\/pages"}],"about":[{"href":"https:\/\/academiespatiale.fr\/index.php\/wp-json\/wp\/v2\/types\/page"}],"author":[{"embeddable":true,"href":"https:\/\/academiespatiale.fr\/index.php\/wp-json\/wp\/v2\/users\/1"}],"replies":[{"embeddable":true,"href":"https:\/\/academiespatiale.fr\/index.php\/wp-json\/wp\/v2\/comments?post=67"}],"version-history":[{"count":81,"href":"https:\/\/academiespatiale.fr\/index.php\/wp-json\/wp\/v2\/pages\/67\/revisions"}],"predecessor-version":[{"id":8326,"href":"https:\/\/academiespatiale.fr\/index.php\/wp-json\/wp\/v2\/pages\/67\/revisions\/8326"}],"up":[{"embeddable":true,"href":"https:\/\/academiespatiale.fr\/index.php\/wp-json\/wp\/v2\/pages\/2656"}],"wp:attachment":[{"href":"https:\/\/academiespatiale.fr\/index.php\/wp-json\/wp\/v2\/media?parent=67"}],"curies":[{"name":"wp","href":"https:\/\/api.w.org\/{rel}","templated":true}]}}