{"id":663,"date":"2024-04-16T17:30:46","date_gmt":"2024-04-16T15:30:46","guid":{"rendered":"https:\/\/academiespatiale.fr\/?page_id=663"},"modified":"2026-08-14T17:52:33","modified_gmt":"2026-08-14T15:52:33","slug":"ao-mobilites","status":"publish","type":"page","link":"https:\/\/academiespatiale.fr\/index.php\/recherche\/ao\/ao-mobilites\/","title":{"rendered":"Bourses de mobilit\u00e9 internationale : appel &amp; r\u00e9sultats"},"content":{"rendered":"\n<div class=\"wp-block-columns alignfull has-text-color has-link-color wp-elements-1 is-layout-flex wp-container-core-columns-is-layout-6a5cf6e4 wp-block-columns-is-layout-flex\" style=\"color:#b1b1b1;margin-top:-25px;margin-bottom:20px;padding-top:0;padding-right:0;padding-bottom:0;padding-left:60px;font-size:15px\">\n<div class=\"wp-block-column has-text-color has-link-color wp-elements-2 is-layout-flow wp-block-column-is-layout-flow\" style=\"color:#a1a1a1;padding-top:0;padding-bottom:0;font-size:15px;font-style:normal;font-weight:100;flex-basis:100%\"><div class=\"wp-block-aioseo-breadcrumbs\"><div class=\"aioseo-breadcrumbs\"><span class=\"aioseo-breadcrumb\">\n\t\t\t<a href=\"https:\/\/academiespatiale.fr\" title=\"Home\">Home<\/a>\n\t\t<\/span><span class=\"aioseo-breadcrumb-separator\">&raquo;<\/span><span class=\"aioseo-breadcrumb\">\n\t\t\t<a href=\"https:\/\/academiespatiale.fr\/index.php\/recherche\/\" title=\"Recherche\">Recherche<\/a>\n\t\t<\/span><span class=\"aioseo-breadcrumb-separator\">&raquo;<\/span><span class=\"aioseo-breadcrumb\">\n\t\t\t<a href=\"https:\/\/academiespatiale.fr\/index.php\/recherche\/ao\/\" title=\"Appels d\u2019offres\">Appels d\u2019offres<\/a>\n\t\t<\/span><span class=\"aioseo-breadcrumb-separator\">&raquo;<\/span><span class=\"aioseo-breadcrumb\">\n\t\t\tBourses de mobilit\u00e9 internationale : appel &amp; r\u00e9sultats\n\t\t<\/span><\/div><\/div><\/div>\n<\/div>\n\n\n\n<div class=\"wp-block-columns is-layout-flex wp-container-core-columns-is-layout-7387b849 wp-block-columns-is-layout-flex\">\n<div class=\"wp-block-column is-layout-flow wp-block-column-is-layout-flow\" style=\"flex-basis:66.66%\">\n<p class=\"wp-block-paragraph\">Les bourses de mobilit\u00e9 internationale sont attribu\u00e9es pour des projets d\u2019\u00e9tude d\u2019une ann\u00e9e ou un semestre acad\u00e9mique et sont destin\u00e9es aux \u00e9tudiant\u00b7es \u00e9trangers qui souhaitent int\u00e9grer les formations en master de l\u2019Acad\u00e9mie Spatiale d\u2019\u00cele-de-France ainsi qu&rsquo;aux \u00e9tudiant\u00b7es de l\u2019acad\u00e9mie qui souhaitent effectuer des stages \u00e0 l\u2019\u00e9tranger.<\/p>\n\n\n\n<p class=\"wp-block-paragraph\"><em>International mobility scholarships are awarded for study projects lasting one academic year or one academic semester. They are intended for international students wishing to enrol in the master\u2019s programmes of the Acad\u00e9mie Spatiale d\u2019\u00cele-de-France, as well as for students of the academy who wish to carry out internships abroad.<\/em><\/p>\n\n\n\n<hr class=\"wp-block-separator has-alpha-channel-opacity\"\/>\n\n\n\n<div style=\"height:10px\" aria-hidden=\"true\" class=\"wp-block-spacer\"><\/div>\n\n\n\n<p class=\"wp-block-paragraph\">Pour toutes questions <em>\/ for any questions<\/em>: <a href=\"mailto:mobility@academiespatiale.fr\" target=\"_blank\" rel=\"noreferrer noopener\">mobility@academiespatiale.fr<\/a><\/p>\n\n\n\n<hr class=\"wp-block-separator has-alpha-channel-opacity\"\/>\n<\/div>\n\n\n\n<div class=\"wp-block-column is-layout-flow wp-block-column-is-layout-flow\" style=\"flex-basis:33.33%\">\n<figure class=\"wp-block-image size-large\"><img loading=\"lazy\" decoding=\"async\" width=\"683\" height=\"1024\" src=\"https:\/\/academiespatiale.fr\/wp-content\/uploads\/2025\/04\/pexels-lara-jameson-8828610-683x1024.jpg\" alt=\"\" class=\"wp-image-4186\" srcset=\"https:\/\/academiespatiale.fr\/wp-content\/uploads\/2025\/04\/pexels-lara-jameson-8828610-683x1024.jpg 683w, https:\/\/academiespatiale.fr\/wp-content\/uploads\/2025\/04\/pexels-lara-jameson-8828610-200x300.jpg 200w, https:\/\/academiespatiale.fr\/wp-content\/uploads\/2025\/04\/pexels-lara-jameson-8828610-768x1152.jpg 768w, https:\/\/academiespatiale.fr\/wp-content\/uploads\/2025\/04\/pexels-lara-jameson-8828610-1024x1536.jpg 1024w, https:\/\/academiespatiale.fr\/wp-content\/uploads\/2025\/04\/pexels-lara-jameson-8828610-1365x2048.jpg 1365w, https:\/\/academiespatiale.fr\/wp-content\/uploads\/2025\/04\/pexels-lara-jameson-8828610-scaled.jpg 1707w\" sizes=\"auto, (max-width: 683px) 100vw, 683px\" \/><\/figure>\n<\/div>\n<\/div>\n\n\n\n<h2 class=\"wp-block-heading\">Appel en cours<\/h2>\n\n\n\n<div class=\"wp-block-columns is-layout-flex wp-container-core-columns-is-layout-7387b849 wp-block-columns-is-layout-flex\">\n<div class=\"wp-block-column is-layout-flow wp-block-column-is-layout-flow\">\n<p class=\"wp-block-paragraph\">Dates limites : <br>\u2192 1<sup>er<\/sup> appel : 30 octobre 2026<br>\u2192 2<sup>e<\/sup> appel : 29 janvier 2027<br>\u2192 3<sup>e<\/sup> appel : 28 mai 2027<\/p>\n<\/div>\n\n\n\n<div class=\"wp-block-column is-layout-flow wp-block-column-is-layout-flow\">\n<p class=\"wp-block-paragraph\"><em>Deadlines:<br>\u2192 1st call: 30 October 2026<br>\u2192 2nd call: 29 January 2027<br>\u2192 3rd call: 28 May 2027<\/em><\/p>\n<\/div>\n<\/div>\n\n\n<ul class=\"wp-block-latest-posts__list has-dates wp-block-latest-posts is-layout-flow wp-block-latest-posts-is-layout-flow\"><li><div class=\"wp-block-latest-posts__featured-image alignleft\"><img loading=\"lazy\" decoding=\"async\" width=\"300\" height=\"200\" src=\"https:\/\/academiespatiale.fr\/wp-content\/uploads\/2024\/11\/AAC_mobilites-internationales-300x200.png\" class=\"attachment-medium size-medium wp-post-image\" alt=\"\" style=\"\" srcset=\"https:\/\/academiespatiale.fr\/wp-content\/uploads\/2024\/11\/AAC_mobilites-internationales-300x200.png 300w, https:\/\/academiespatiale.fr\/wp-content\/uploads\/2024\/11\/AAC_mobilites-internationales-360x240.png 360w, https:\/\/academiespatiale.fr\/wp-content\/uploads\/2024\/11\/AAC_mobilites-internationales.png 750w\" sizes=\"auto, (max-width: 300px) 100vw, 300px\" \/><\/div><a class=\"wp-block-latest-posts__post-title\" href=\"https:\/\/academiespatiale.fr\/index.php\/2026\/07\/10\/appel-a-candidatures-2026-2027-bourses-de-mobilites-internationales\/\">Appel \u00e0 candidatures 2026\/2027 : bourses de mobilit\u00e9s internationales<\/a><time datetime=\"2026-07-10T11:00:54+02:00\" class=\"wp-block-latest-posts__post-date\">10 juillet 2026<\/time><div class=\"wp-block-latest-posts__post-full-content\"><nav style=\"color:#9d9d9d;margin-top:-40px;margin-bottom:20px;--separator: &quot;\/&quot;\" class=\"wp-elements-3 wp-block-breadcrumbs has-text-color has-small-font-size\" aria-label=\"Fil d\u2019Ariane\"><ol><li><a href=\"https:\/\/academiespatiale.fr\/\">Accueil<\/a><\/li><li><a href=\"https:\/\/academiespatiale.fr\/index.php\/category\/appels-offres\/\">Appels d&#039;offres<\/a><\/li><li><a href=\"https:\/\/academiespatiale.fr\/index.php\/category\/appels-offres\/aac-mobility\/\">AAC mobilit\u00e9s<\/a><\/li><li><span aria-current=\"page\">Appel \u00e0 candidatures 2026\/2027 : bourses de mobilit\u00e9s internationales<\/span><\/li><\/ol><\/nav>\n\n\n<details class=\"wp-block-details has-text-color has-link-color wp-elements-4 is-layout-flow wp-block-details-is-layout-flow\" style=\"color:#959595\"><summary>&gt;&gt;&gt; click here for the English version<\/summary>\n<p class=\"wp-block-paragraph\">As part of the CMA France 2030 project \u00ab\u00a0Space Academy of Ile-de-France\u00a0\u00bb (The Space Academy of Ile-de-France), which coordinates 8 space-related training institutes in Ile-de-France (UPS, SU, ONERA, UPC, UPEC, UVSQ, IPP, PSL), we are pleased to announce the<strong>&nbsp;call for application for international mobility grants. This aims foreign students joining the space academy (incoming mobility) and students of the academy willing to study abroad (outgoing mobility)<\/strong>. These international mobility grants (up to \u20ac1200\/month) are awarded for study projects lasting one academic year or semester in a Space Academy training and internships for space-related research projects in a laboratory of a partner of the academy (for foreign students) or abroad.<\/p>\n\n\n\n<div class=\"wp-block-columns is-layout-flex wp-container-core-columns-is-layout-7387b849 wp-block-columns-is-layout-flex\">\n<div class=\"wp-block-column is-layout-flow wp-block-column-is-layout-flow\">\n<div data-wp-interactive=\"core\/file\" class=\"wp-block-file aligncenter\"><object data-wp-bind--hidden=\"!state.hasPdfPreview\" hidden class=\"wp-block-file__embed\" data=\"https:\/\/academiespatiale.fr\/wp-content\/uploads\/2026\/07\/SPACE-IDF-IntMobility-Incoming2027-Call_final_060726.pdf\" type=\"application\/pdf\" style=\"width:100%;height:200px\" aria-label=\"Contenu embarqu\u00e9 SPACE-IDF-IntMobility-Incoming2027-Call_final_060726.\"><\/object><a id=\"wp-block-file--media-0ce2ea35-63a8-48b3-9711-bcef429b958f\" href=\"https:\/\/academiespatiale.fr\/wp-content\/uploads\/2026\/07\/SPACE-IDF-IntMobility-Incoming2027-Call_final_060726.pdf\">SPACE-IDF-IntMobility-Incoming2027-Call_final_060726<\/a><a href=\"https:\/\/academiespatiale.fr\/wp-content\/uploads\/2026\/07\/SPACE-IDF-IntMobility-Incoming2027-Call_final_060726.pdf\" class=\"wp-block-file__button wp-element-button\" download aria-describedby=\"wp-block-file--media-0ce2ea35-63a8-48b3-9711-bcef429b958f\">Incoming call<\/a><\/div>\n<\/div>\n\n\n\n<div class=\"wp-block-column is-vertically-aligned-center is-layout-flow wp-block-column-is-layout-flow\">\n<p class=\"has-text-align-center wp-block-paragraph\">&lt;-  Description  -&gt;<\/p>\n<\/div>\n\n\n\n<div class=\"wp-block-column is-layout-flow wp-block-column-is-layout-flow\">\n<div data-wp-interactive=\"core\/file\" class=\"wp-block-file aligncenter\"><object data-wp-bind--hidden=\"!state.hasPdfPreview\" hidden class=\"wp-block-file__embed\" data=\"https:\/\/academiespatiale.fr\/wp-content\/uploads\/2026\/07\/SPACE-IDF-IntMobility-Outgoing2027-Call_final_060726.pdf\" type=\"application\/pdf\" style=\"width:100%;height:200px\" aria-label=\"Contenu embarqu\u00e9 SPACE-IDF-IntMobility-Outgoing2027-Call_final_060726.\"><\/object><a id=\"wp-block-file--media-332fa23e-2b1d-4d77-8d90-cdca543fa3f7\" href=\"https:\/\/academiespatiale.fr\/wp-content\/uploads\/2026\/07\/SPACE-IDF-IntMobility-Outgoing2027-Call_final_060726.pdf\">SPACE-IDF-IntMobility-Outgoing2027-Call_final_060726<\/a><a href=\"https:\/\/academiespatiale.fr\/wp-content\/uploads\/2026\/07\/SPACE-IDF-IntMobility-Outgoing2027-Call_final_060726.pdf\" class=\"wp-block-file__button wp-element-button\" download aria-describedby=\"wp-block-file--media-332fa23e-2b1d-4d77-8d90-cdca543fa3f7\">Outgoing call<\/a><\/div>\n<\/div>\n<\/div>\n\n\n\n<hr class=\"wp-block-separator has-alpha-channel-opacity\"\/>\n\n\n\n<div class=\"wp-block-columns is-layout-flex wp-container-core-columns-is-layout-7387b849 wp-block-columns-is-layout-flex\">\n<div class=\"wp-block-column is-vertically-aligned-center is-layout-flow wp-block-column-is-layout-flow\" style=\"flex-basis:33.33%\">\n<div class=\"wp-block-file aligncenter\"><a id=\"wp-block-file--media-7e4d2174-93f9-445f-b029-b66810e318ea\" href=\"https:\/\/academiespatiale.fr\/wp-content\/uploads\/2026\/07\/SPACE-IDF-IntMobility-Incoming2027-Form_StudentName_final_060726.docx\">SPACE-IDF-IntMobility-Incoming2027-Form_StudentName_final_060726<\/a><a href=\"https:\/\/academiespatiale.fr\/wp-content\/uploads\/2026\/07\/SPACE-IDF-IntMobility-Incoming2027-Form_StudentName_final_060726.docx\" class=\"wp-block-file__button wp-element-button\" download aria-describedby=\"wp-block-file--media-7e4d2174-93f9-445f-b029-b66810e318ea\">Incoming form<\/a><\/div>\n\n\n\n<div class=\"wp-block-file aligncenter\"><a id=\"wp-block-file--media-99053c33-6043-4a2f-9a85-32ca5f461062\" href=\"https:\/\/academiespatiale.fr\/wp-content\/uploads\/2026\/07\/SPACE-IDF-IntMobility-Outgoing2027-Form_StudentName_final_060726.docx\">SPACE-IDF-IntMobility-Outgoing2027-Form_StudentName_final_060726<\/a><a href=\"https:\/\/academiespatiale.fr\/wp-content\/uploads\/2026\/07\/SPACE-IDF-IntMobility-Outgoing2027-Form_StudentName_final_060726.docx\" class=\"wp-block-file__button wp-element-button\" download aria-describedby=\"wp-block-file--media-99053c33-6043-4a2f-9a85-32ca5f461062\">Outgoing form<\/a><\/div>\n<\/div>\n\n\n\n<div class=\"wp-block-column is-layout-flow wp-block-column-is-layout-flow\" style=\"flex-basis:66.66%\">\n<p class=\"wp-block-paragraph\">For each application, fill in one of the attached forms and send it to the following address&nbsp;:<br><a href=\"mailto:mobility@academiespatiale.fr\" target=\"_blank\" rel=\"noopener\" title=\"\"><strong>mobility@academiespatiale.fr<\/strong><\/a><br><strong>Before one of the following deadlines: 30 october 2026 \/ 29 january 2027 \/ 28 may 2027<\/strong><\/p>\n<\/div>\n<\/div>\n\n\n\n<p class=\"has-text-align-right wp-block-paragraph\">Any further information ?<br><a href=\"mailto:mobility@academiespatiale.fr\" target=\"_blank\" rel=\"noopener\" title=\"\">mobility@academiespatiale.fr<\/a><\/p>\n<\/details>\n\n\n\n<hr class=\"wp-block-separator has-alpha-channel-opacity\"\/>\n\n\n\n<p class=\"wp-block-paragraph\">Dans le cadre du projet CMA France 2030 \u00ab\u00a0<strong>Acad\u00e9mie Spatiale d&rsquo;Ile-de-France<\/strong>\u00a0\u00bb coordonnant 8 \u00e9tablissements franciliens\u00a0(UPS, SU, ONERA, UPC, UPEC, UVSQ, IPP, PSL)\u00a0sur la formation dans le domaine du spatial, nous avons le plaisir de vous annoncer l&rsquo;<strong>appel \u00e0 candidatures 2026\/2027 pour les mobilit\u00e9s internationales. Il s&rsquo;adresse aux \u00e9tudiantes et \u00e9tudiants \u00e9trangers qui int\u00e8greront l&rsquo;Acad\u00e9mie Spatiale (mobilit\u00e9 entrante) ainsi qu&rsquo;aux \u00e9tudiantes et \u00e9tudiants de l&rsquo;Acad\u00e9mie souhaitant effectuer un s\u00e9jour \u00e0 l&rsquo;\u00e9tranger (mobilit\u00e9 sortante)<\/strong>. Ces bourses de mobilit\u00e9 internationale (jusqu&rsquo;\u00e0 1200\u20ac par mois) sont attribu\u00e9es pour des projets d&rsquo;\u00e9tude d&rsquo;une ann\u00e9e ou un semestre acad\u00e9mique dans une formation de l&rsquo;Acad\u00e9mie Spatiale et pour des stages de recherche li\u00e9s au domaine spatial dans un laboratoire de l&rsquo;acad\u00e9mie (pour les \u00e9trangers) ou \u00e0 l&rsquo;\u00e9tranger.\u00a0<\/p>\n\n\n\n<div class=\"wp-block-columns is-layout-flex wp-container-core-columns-is-layout-7387b849 wp-block-columns-is-layout-flex\">\n<div class=\"wp-block-column is-layout-flow wp-block-column-is-layout-flow\">\n<div data-wp-interactive=\"core\/file\" class=\"wp-block-file aligncenter\"><object data-wp-bind--hidden=\"!state.hasPdfPreview\" hidden class=\"wp-block-file__embed\" data=\"https:\/\/academiespatiale.fr\/wp-content\/uploads\/2026\/07\/SPACE-IDF-IntMobility-Incoming2027-Call_final_060726.pdf\" type=\"application\/pdf\" style=\"width:100%;height:200px\" aria-label=\"Contenu embarqu\u00e9 SPACE-IDF-IntMobility-Incoming2027-Call_final_060726.\"><\/object><a id=\"wp-block-file--media-f7c5d578-5651-418c-93ba-0d05e5b4d428\" href=\"https:\/\/academiespatiale.fr\/wp-content\/uploads\/2026\/07\/SPACE-IDF-IntMobility-Incoming2027-Call_final_060726.pdf\">SPACE-IDF-IntMobility-Incoming2027-Call_final_060726<\/a><a href=\"https:\/\/academiespatiale.fr\/wp-content\/uploads\/2026\/07\/SPACE-IDF-IntMobility-Incoming2027-Call_final_060726.pdf\" class=\"wp-block-file__button wp-element-button\" download aria-describedby=\"wp-block-file--media-f7c5d578-5651-418c-93ba-0d05e5b4d428\">Incoming call<\/a><\/div>\n<\/div>\n\n\n\n<div class=\"wp-block-column is-vertically-aligned-center is-layout-flow wp-block-column-is-layout-flow\">\n<p class=\"has-text-align-center wp-block-paragraph\">&lt;-  Textes de cadrage  -&gt;<\/p>\n<\/div>\n\n\n\n<div class=\"wp-block-column is-layout-flow wp-block-column-is-layout-flow\">\n<div data-wp-interactive=\"core\/file\" class=\"wp-block-file aligncenter\"><object data-wp-bind--hidden=\"!state.hasPdfPreview\" hidden class=\"wp-block-file__embed\" data=\"https:\/\/academiespatiale.fr\/wp-content\/uploads\/2026\/07\/SPACE-IDF-IntMobility-Outgoing2027-Call_final_060726.pdf\" type=\"application\/pdf\" style=\"width:100%;height:200px\" aria-label=\"Contenu embarqu\u00e9 SPACE-IDF-IntMobility-Outgoing2027-Call_final_060726.\"><\/object><a id=\"wp-block-file--media-7a6c938d-cc1d-4367-a9a9-7d8cde478921\" href=\"https:\/\/academiespatiale.fr\/wp-content\/uploads\/2026\/07\/SPACE-IDF-IntMobility-Outgoing2027-Call_final_060726.pdf\">SPACE-IDF-IntMobility-Outgoing2027-Call_final_060726<\/a><a href=\"https:\/\/academiespatiale.fr\/wp-content\/uploads\/2026\/07\/SPACE-IDF-IntMobility-Outgoing2027-Call_final_060726.pdf\" class=\"wp-block-file__button wp-element-button\" download aria-describedby=\"wp-block-file--media-7a6c938d-cc1d-4367-a9a9-7d8cde478921\">Outgoing call<\/a><\/div>\n<\/div>\n<\/div>\n\n\n\n<hr class=\"wp-block-separator has-alpha-channel-opacity\"\/>\n\n\n\n<div class=\"wp-block-columns is-layout-flex wp-container-core-columns-is-layout-7387b849 wp-block-columns-is-layout-flex\">\n<div class=\"wp-block-column is-vertically-aligned-center is-layout-flow wp-block-column-is-layout-flow\" style=\"flex-basis:33.33%\">\n<div class=\"wp-block-file aligncenter\"><a id=\"wp-block-file--media-e2bcb6c8-dcd2-4578-b793-2615cddc71ea\" href=\"https:\/\/academiespatiale.fr\/wp-content\/uploads\/2026\/07\/SPACE-IDF-IntMobility-Incoming2027-Form_StudentName_final_060726.docx\">SPACE-IDF-IntMobility-Incoming2027-Form_StudentName_final_060726<\/a><a href=\"https:\/\/academiespatiale.fr\/wp-content\/uploads\/2026\/07\/SPACE-IDF-IntMobility-Incoming2027-Form_StudentName_final_060726.docx\" class=\"wp-block-file__button wp-element-button\" download aria-describedby=\"wp-block-file--media-e2bcb6c8-dcd2-4578-b793-2615cddc71ea\">Incoming form<\/a><\/div>\n\n\n\n<div class=\"wp-block-file aligncenter\"><a id=\"wp-block-file--media-c5d0d80f-1aef-488c-9aea-5ef9967df396\" href=\"https:\/\/academiespatiale.fr\/wp-content\/uploads\/2026\/07\/SPACE-IDF-IntMobility-Outgoing2027-Form_StudentName_final_060726.docx\">SPACE-IDF-IntMobility-Outgoing2027-Form_StudentName_final_060726<\/a><a href=\"https:\/\/academiespatiale.fr\/wp-content\/uploads\/2026\/07\/SPACE-IDF-IntMobility-Outgoing2027-Form_StudentName_final_060726.docx\" class=\"wp-block-file__button wp-element-button\" download aria-describedby=\"wp-block-file--media-c5d0d80f-1aef-488c-9aea-5ef9967df396\">Outgoing form<\/a><\/div>\n<\/div>\n\n\n\n<div class=\"wp-block-column is-layout-flow wp-block-column-is-layout-flow\" style=\"flex-basis:66.66%\">\n<p class=\"wp-block-paragraph\">Pour chaque candidature, il faut remplir l&rsquo;un de ces formulaires et l&rsquo;envoyer \u00e0 l\u2019adresse suivante : <br><a href=\"mailto:mobility@academiespatiale.fr\" target=\"_blank\" rel=\"noopener\" title=\"\"><strong>mobility@academiespatiale.fr<\/strong><\/a><br><strong>Au plus tard <\/strong>avant l\u2019une des dates limites suivantes : 30 octobre 2026 \/ 29 janvier 2027 \/ 28 mai 2027<\/p>\n<\/div>\n<\/div>\n\n\n\n<p class=\"has-text-align-right wp-block-paragraph\">Besoin de pr\u00e9cisions compl\u00e9mentaires ?<br><a href=\"mailto:mobility@academiespatiale.fr\">mobility@academiespatiale.fr<\/a><\/p>\n<\/div><\/li>\n<\/ul>\n\n\n<hr class=\"wp-block-separator has-alpha-channel-opacity\"\/>\n\n\n\n<div style=\"height:20px\" aria-hidden=\"true\" class=\"wp-block-spacer\"><\/div>\n\n\n\n<h2 class=\"wp-block-heading\">R\u00e9sultat<\/h2>\n\n\n\n<p class=\"wp-block-paragraph\">Liste des bourses de mobilit\u00e9s internationales labellis\u00e9es et soutenues par l\u2019Acad\u00e9mie Spatiale.<\/p>\n\n\n\n<div style=\"height:20px\" aria-hidden=\"true\" class=\"wp-block-spacer\"><\/div>\n\n\n\n<h3 class=\"wp-block-heading\">2026\/2027<\/h3>\n\n\n\n<p class=\"has-text-align-left wp-block-paragraph\" style=\"text-transform:uppercase\">Mobilit\u00e9 entrante<\/p>\n\n\n\n<p class=\"wp-block-paragraph\"><strong>Sorbonne Universit\u00e9 (SU)<br><\/strong>S\u00e9jour d&rsquo;\u00e9tude de septembre 2026 \u00e0 juin 2027<br><em>Thapa Narayan &#8211; Mobilit\u00e9 entrante (N\u00e9pal)<\/em><\/p>\n\n\n\n<p class=\"wp-block-paragraph\"><strong>Sorbonne Universit\u00e9 (SU)<br><\/strong>S\u00e9jour d&rsquo;\u00e9tude de septembre 2026 \u00e0 juin 2027<br><em>Dao Thi Nhung &#8211; Mobilit\u00e9 entrante (Vietnam)<\/em><\/p>\n\n\n\n<p class=\"wp-block-paragraph\"><strong>Universit\u00e9 Paris Est Cr\u00e9teil (UPEC)<\/strong><br>S\u00e9jour d&rsquo;\u00e9tude de septembre 2026 \u00e0 juin 2027<br><em>Serge Kinifo &#8211; Mobilit\u00e9 entrante (B\u00e9nin)<\/em><\/p>\n\n\n\n<p class=\"wp-block-paragraph\"><strong>Universit\u00e9 Paris Saclay (UPS)<\/strong><br>S\u00e9jour d&rsquo;\u00e9tude de septembre 2026 \u00e0 juin 2027<br><em>Djianketou Pabame Emmanuel &#8211; Mobilit\u00e9 entrante (Tchad)<\/em><\/p>\n\n\n\n<hr class=\"wp-block-separator has-alpha-channel-opacity\" style=\"margin-top:var(--wp--preset--spacing--70);margin-bottom:var(--wp--preset--spacing--70)\"\/>\n\n\n\n<h3 class=\"wp-block-heading\">2025\/2026<\/h3>\n\n\n\n<p class=\"has-text-align-left wp-block-paragraph\" style=\"text-transform:uppercase\">Mobilit\u00e9 entrante<\/p>\n\n\n\n<p class=\"wp-block-paragraph\"><strong>Paris Sciences Lettres (PSL)<\/strong><br>S\u00e9jour d&rsquo;\u00e9tude de septembre 2025 \u00e0 juin 2026<br><em>Nisrine Bakaev &#8211; Mobilit\u00e9 entrante (Liban)<\/em><\/p>\n\n\n\n<p class=\"wp-block-paragraph\"><strong>Paris Sciences Lettres (PSL)<\/strong><br>S\u00e9jour d&rsquo;\u00e9tude de septembre 2025 \u00e0 juin 2026<br><em>Maria Chavolla-Zamora &#8211; Mobilit\u00e9 entrante (Mexique)<\/em><\/p>\n\n\n\n<p class=\"wp-block-paragraph\"><strong>Paris Sciences Lettres (PSL)<\/strong><br>S\u00e9jour d&rsquo;\u00e9tude de septembre 2025 \u00e0 juin 2026<br><em>Tomas Formanek &#8211; Mobilit\u00e9 entrante (R\u00e9publique Tch\u00e8que)<\/em><\/p>\n\n\n\n<p class=\"wp-block-paragraph\"><strong>Paris Sciences Lettres (PSL)<\/strong><br>S\u00e9jour d&rsquo;\u00e9tude de septembre 2025 \u00e0 juin 2026<br><em>Niazi Muhammad-Shaheer &#8211; Mobilit\u00e9 entrante (Pakistan)<\/em><\/p>\n\n\n\n<p class=\"wp-block-paragraph\"><strong>Paris Sciences Lettres (PSL)<\/strong><br>S\u00e9jour d&rsquo;\u00e9tude de septembre 2025 \u00e0 juin 2026<br><em>Alexandra Chiritescu &#8211; Mobilit\u00e9 entrante (Roumanie)<\/em><\/p>\n\n\n\n<p class=\"wp-block-paragraph\"><strong>Paris Sciences Lettres (PSL)<\/strong><br>Stage, dates non pr\u00e9cis\u00e9es<br><em>Saimum Omar Sayeed &#8211; Mobilit\u00e9 entrante (Cor\u00e9e du Sud)<\/em><\/p>\n\n\n\n<p class=\"wp-block-paragraph\"><strong>Paris Sciences Lettres (PSL)<\/strong><br>S\u00e9jour d&rsquo;\u00e9tude de septembre 2025 \u00e0 juin 2026<br><em>Ion Sorin &#8211; Mobilit\u00e9 entrante (Roumanie)<\/em><\/p>\n\n\n\n<p class=\"wp-block-paragraph\"><strong>Paris Sciences Lettres (PSL)<\/strong><br>S\u00e9jour d&rsquo;\u00e9tude de septembre 2025 \u00e0 juin 2026<br><em>Michael Syrus &#8211; Mobilit\u00e9 entrante (Inde)<\/em><\/p>\n\n\n\n<p class=\"wp-block-paragraph\"><strong>Sorbonne Universit\u00e9 (SU)<br><\/strong>Stage de mai \u00e0 juillet 2025<br><em>Mehta Kanisha &#8211; Mobilit\u00e9 entrante (Inde)<\/em><\/p>\n\n\n\n<p class=\"wp-block-paragraph\"><strong>Sorbonne Universit\u00e9 (SU)<br><\/strong>Stage de septembre \u00e0 novembre 2025<br><em>Hiraga Kenshin &#8211; Mobilit\u00e9 entrante (Japon)<\/em><\/p>\n\n\n\n<p class=\"wp-block-paragraph\"><strong>Sorbonne Universit\u00e9 (SU)<br><\/strong>Stage de mai \u00e0 juillet 2025<br><em>Gami Suryaprakash &#8211; Mobilit\u00e9 entrante (Inde)<\/em><\/p>\n\n\n\n<p class=\"wp-block-paragraph\"><strong>Sorbonne Universit\u00e9 (SU)<br><\/strong>S\u00e9jour d&rsquo;\u00e9tude de septembre 2025 \u00e0 juin 2026<br><em>Anail Peres Lontsi Kenne &#8211; Mobilit\u00e9 entrante (Cameroun)<\/em><\/p>\n\n\n\n<p class=\"wp-block-paragraph\"><strong>Sorbonne Universit\u00e9 (SU)<br><\/strong>Stage de janvier \u00e0 mai 2026<br><em>Mehta Kanisha &#8211; Mobilit\u00e9 entrante (Inde)<\/em><\/p>\n\n\n\n<p class=\"wp-block-paragraph\"><strong>Sorbonne Universit\u00e9 (SU)<br><\/strong>Stage de janvier \u00e0 mai 2026<br><em>Gami Suryaprakash &#8211; Mobilit\u00e9 entrante (Inde)<\/em><\/p>\n\n\n\n<p class=\"wp-block-paragraph\"><strong>Universit\u00e9 Paris Cit\u00e9 (UPCit\u00e9)<\/strong><br>S\u00e9jour d&rsquo;\u00e9tude de septembre \u00e0 juin 2026<br><em>Patil Anish &#8211; Mobilit\u00e9 entrante (Inde)<\/em><\/p>\n\n\n\n<p class=\"wp-block-paragraph\"><strong>Universit\u00e9 Paris Cit\u00e9 (UPCit\u00e9)<\/strong><br>S\u00e9jour d&rsquo;\u00e9tude de septembre 2025 \u00e0 juin 2026<br><em>Omaima Dridi &#8211; Mobilit\u00e9 entrante (Tunisie)<\/em><\/p>\n\n\n\n<p class=\"wp-block-paragraph\"><strong>Universit\u00e9 Paris Cit\u00e9 (UPCit\u00e9)<\/strong><br>S\u00e9jour d&rsquo;\u00e9tude de septembre 2025 \u00e0 juin 2026<br><em>Razak Tchatchibara &#8211; Mobilit\u00e9 entrante (Togo)<\/em><\/p>\n\n\n\n<p class=\"wp-block-paragraph\"><strong>Universit\u00e9 Paris Cit\u00e9 (UPCit\u00e9)<\/strong><br>S\u00e9jour d&rsquo;\u00e9tude de septembre 2025 \u00e0 juin 2026<br><em>Sabrina Ounis &#8211; Mobilit\u00e9 entrante (Alg\u00e9rie)<\/em><\/p>\n\n\n\n<p class=\"wp-block-paragraph\"><strong>Universit\u00e9 Paris Est Cr\u00e9teil (UPEC)<\/strong><br>S\u00e9jour d&rsquo;\u00e9tude de septembre 2025 \u00e0 juin 2026<br><em>Nguyen Ngoc-Chuong &#8211; Mobilit\u00e9 entrante (Vietnam)<\/em><\/p>\n\n\n\n<p class=\"wp-block-paragraph\"><strong>Universit\u00e9 Paris Est Cr\u00e9teil (UPEC)<\/strong><br>S\u00e9jour d&rsquo;\u00e9tude de septembre 2025 \u00e0 juin 2026<br><em>Sirine Hamdi &#8211; Mobilit\u00e9 entrante (Tunisie)<\/em><\/p>\n\n\n\n<p class=\"wp-block-paragraph\"><strong>Universit\u00e9 Paris Est Cr\u00e9teil (UPEC)<\/strong><br>S\u00e9jour d&rsquo;\u00e9tude de septembre 2025 \u00e0 juin 2026<br><em>Sui Chenhaoyuan &#8211; Mobilit\u00e9 entrante (Chine)<\/em><\/p>\n\n\n\n<p class=\"wp-block-paragraph\"><strong>Universit\u00e9 Paris Saclay (UPS)<\/strong><br>S\u00e9jour d&rsquo;\u00e9tude de septembre 2025 \u00e0 juin 2026<br><em>Maurice Ngoma &#8211; Mobilit\u00e9 entrante (Russie)<\/em><\/p>\n\n\n\n<p class=\"wp-block-paragraph\"><strong>Universit\u00e9 Paris Saclay (UPS)<\/strong><br>S\u00e9jour d&rsquo;\u00e9tude de septembre 2025 \u00e0 juin 2026<br><em>Ibrahima Niang &#8211; Mobilit\u00e9 entrante (S\u00e9n\u00e9gal)<\/em><\/p>\n\n\n\n<p class=\"wp-block-paragraph\"><strong>Universit\u00e9 Paris Saclay (UPS)<\/strong><br>S\u00e9jour d&rsquo;\u00e9tude de septembre 2025 \u00e0 juin 2026<br><em>William Bartolini &#8211; Mobilit\u00e9 entrante (Italie)<\/em><\/p>\n\n\n\n<p class=\"wp-block-paragraph\"><strong>Universit\u00e9 Paris Saclay (UPS)<\/strong><br>S\u00e9jour d&rsquo;\u00e9tude de septembre 2025 \u00e0 juin 2026<br><em>Pathak Kalpit &#8211; Mobilit\u00e9 entrante (Inde)<\/em><\/p>\n\n\n\n<p class=\"wp-block-paragraph\"><strong>Universit\u00e9 Versailles Saint-Quentin-en-Yvelines (UVSQ)<\/strong><br>Stage en octobre 2025<br><em>Yan Ma &#8211; Mobilit\u00e9 entrante (Chine)<\/em><\/p>\n\n\n\n<p class=\"wp-block-paragraph\"><strong>Universit\u00e9 Versailles Saint-Quentin-en-Yvelines (UVSQ)<\/strong><br>S\u00e9jour d&rsquo;\u00e9tude de septembre 2025 \u00e0 janvier 2026<br><em>Ayoub Khattoum &#8211; Mobilit\u00e9 entrante (Maroc)<\/em><\/p>\n\n\n\n<p class=\"wp-block-paragraph\"><strong>Universit\u00e9 Versailles Saint-Quentin-en-Yvelines (UVSQ)<\/strong><br>S\u00e9jour d&rsquo;\u00e9tude de septembre 2025 \u00e0 juin 2026<br><em>Ayoub Er Rabehy &#8211; Mobilit\u00e9 entrante (Maroc)<\/em><\/p>\n\n\n\n<p class=\"wp-block-paragraph\"><strong>Universit\u00e9 Versailles Saint-Quentin-en-Yvelines (UVSQ)<\/strong><br>S\u00e9jour d&rsquo;\u00e9tude de septembre 2025 \u00e0 juin 2026<br><em>Achraf Ouamam &#8211; Mobilit\u00e9 entrante (Maroc)<\/em><\/p>\n\n\n\n<p class=\"wp-block-paragraph\"><strong>Universit\u00e9 Versailles Saint-Quentin-en-Yvelines (UVSQ)<\/strong><br>S\u00e9jour d&rsquo;\u00e9tude de septembre 2025 \u00e0 juin 2026<br><em>Chaimae Tahir &#8211; Mobilit\u00e9 entrante (Maroc)<\/em><\/p>\n\n\n\n<div style=\"height:30px\" aria-hidden=\"true\" class=\"wp-block-spacer\"><\/div>\n\n\n\n<p class=\"has-text-align-center wp-block-paragraph\" style=\"text-transform:uppercase\">Mobilit\u00e9s sortante<\/p>\n\n\n\n<p class=\"wp-block-paragraph\"><strong>Institut Polytechnique de Paris (IPP)<\/strong><br>Stage de mai 2025 \u00e0 ao\u00fbt 2025<br><em>Benoit Keryer &#8211; Mobilit\u00e9 sortante (USA)<\/em><\/p>\n\n\n\n<p class=\"wp-block-paragraph\"><strong>Paris Sciences Lettres (PSL)<\/strong><br>Stage de mars 2025 \u00e0 juin 2025<br><em>Valentin Etienne &#8211; Mobilit\u00e9 sortante (Br\u00e9sil)<\/em><\/p>\n\n\n\n<p class=\"wp-block-paragraph\"><strong>Universit\u00e9 Paris Cit\u00e9 (UPCit\u00e9)<\/strong><br>Stage de mars \u00e0 juin 2025<br><em>Gaspard Costa-Allanic &#8211; Mobilit\u00e9 sortante (Vietnam)<\/em><\/p>\n\n\n\n<p class=\"wp-block-paragraph\"><strong>Universit\u00e9 Paris Cit\u00e9 (UPCit\u00e9)<\/strong><br>Stage de mars \u00e0 juillet 2026<br><em>Thibault Chardon &#8211; Mobilit\u00e9 sortante (Pays-bas)<\/em><\/p>\n\n\n\n<p class=\"wp-block-paragraph\"><strong>Universit\u00e9 Paris Saclay (UPS)<\/strong><br>Stage de mars \u00e0 juillet 2025<br><em>Sarah Ferro-Milon &#8211; Mobilit\u00e9 sortante (USA)<\/em><\/p>\n\n\n\n<p class=\"wp-block-paragraph\"><strong>Universit\u00e9 Paris Saclay (UPS)<\/strong><br>Stage de mars \u00e0 avril 2026<br><em>Alexandra Rousseau &#8211; Mobilit\u00e9 sortante (USA)<\/em><\/p>\n\n\n\n<p class=\"wp-block-paragraph\"><strong>Universit\u00e9 Versailles Saint-Quentin-en-Yvelines (UVSQ)<\/strong><br>Stage de juin \u00e0 septembre 2025<br><em>Candice Corgeron &#8211; Mobilit\u00e9 sortante (Arm\u00e9nie)<\/em><\/p>\n\n\n\n<hr class=\"wp-block-separator has-alpha-channel-opacity\" style=\"margin-top:var(--wp--preset--spacing--70);margin-bottom:var(--wp--preset--spacing--70)\"\/>\n\n\n\n<h3 class=\"wp-block-heading\">2024\/2025<\/h3>\n\n\n\n<p class=\"has-text-align-left wp-block-paragraph\" style=\"text-transform:uppercase\">Mobilit\u00e9 entrante<\/p>\n\n\n\n<p class=\"wp-block-paragraph\"><strong>Master 2 SPACE &#8211; Universit\u00e9 Paris-Est Cr\u00e9teil (UPEC)<br><\/strong>Avril \u00e0 septembre 2025, University of Science and Technology of Hanoi <br><em>Kiem Lien Do Thi &#8211; Mobilit\u00e9 entrante (Hanoi, Vietnam)<\/em><\/p>\n\n\n\n<p class=\"wp-block-paragraph\"><strong>Licence Physique &#8211; Universit\u00e9 Paris Sciences &amp; Lettres (PSL) <br><\/strong>Septembre 2024 \u00e0 juillet 2025, Jamia Millia Islamia <br><em>Mishra Shaunak &#8211; Mobilit\u00e9 entrante (New Delhi, India)<\/em><\/p>\n\n\n\n<p class=\"wp-block-paragraph\"><strong>Licence Physique &#8211; Universit\u00e9 Paris Sciences &amp; Lettres (PSL) <br><\/strong>Universidad de las Americas Publa <br><em>Maria Chavollaza &#8211; Mobilit\u00e9 entrante (Mexico, Mexique)<\/em><\/p>\n\n\n\n<p class=\"wp-block-paragraph\"><strong>Licence Physique &#8211; Universit\u00e9 Paris Sciences &amp; Lettres (PSL) <br><\/strong>Septembre 2024 \u00e0 juillet 2025, Institute of Atmospheric Physics, Czech Academy of Sciences <br><em>Tom\u00e1\u0161 Form\u00e1nek &#8211; Mobilit\u00e9 entrante (R\u00e9publique tch\u00e8que)<\/em><\/p>\n\n\n\n<div style=\"height:30px\" aria-hidden=\"true\" class=\"wp-block-spacer\"><\/div>\n\n\n\n<p class=\"has-text-align-left wp-block-paragraph\" style=\"text-transform:uppercase\">Mobilit\u00e9s sortante<\/p>\n\n\n\n<p class=\"wp-block-paragraph\"><strong>Master 2 IRT &#8211; Universit\u00e9 Paris Sciences &amp; Lettres (PSL<\/strong>)<br>Septembre 2024 \u00e0 juillet 2025, Korea Astronomy and Space Science Institute<br><em>Paloma Thevenet &#8211; Mobilit\u00e9 sortante (Cor\u00e9e du Sud)<\/em><\/p>\n\n\n\n<p class=\"wp-block-paragraph\"><strong>Master 2 FRS \u2013 Sorbonne Universit\u00e9 (SU)<br><\/strong>6 mois en 2024, Universit\u00e9 de Tokyo<br><em>Aude Barton &#8211; Mobilit\u00e9 sortante (Tokyo, Japon)<\/em><\/p>\n\n\n\n<p class=\"wp-block-paragraph\"><strong>Master 1 Cursus Master Ing\u00e9nierie Physique &#8211; Sorbonne Universit\u00e9 (SU)<\/strong><br>2 mois en 2024, Istituto di Astrofisica e Planetologia Spaziali<br><em>Lucie Jonkisz &#8211; Mobilit\u00e9 sortante<\/em> <em>(Italie)<\/em><\/p>\n\n\n\n<p class=\"wp-block-paragraph\"><strong>Ing\u00e9nieur Polytechnicien &#8211; Institut Polytechnique de Paris (IPP)<\/strong><br>Mars \u00e0 juillet 2024, University of New South Wales<br><em>Yani Ait-Ammar &#8211; Mobilit\u00e9 sortante (Canberra, Australie)<\/em><\/p>\n\n\n\n<p class=\"wp-block-paragraph\"><strong>Ing\u00e9nieur Polytechnicien &#8211; Institut Polytechnique de Paris (IPP)<\/strong><br>Avril \u00e0 juillet 2024, Universit\u00e9 de Kanazawa<br><em>Pierre Chabanne Garcia &#8211; Mobilit\u00e9 sortante (Japon)<\/em><\/p>\n\n\n\n<p class=\"wp-block-paragraph\"><strong>Ing\u00e9nieur Polytechnicien &#8211; Institut Polytechnique de Paris (IPP)<\/strong><br>Avril \u00e0 ao\u00fbt 2024, Princeton Plasma Physics Laboratory, National Lab<br><em>Matthieu Couturier &#8211; Mobilit\u00e9 sortante (USA)<\/em><\/p>\n\n\n\n<hr class=\"wp-block-separator has-alpha-channel-opacity\"\/>\n\n\n\n<p class=\"wp-block-paragraph\"><\/p>\n\n\n\n<figure class=\"wp-block-image alignwide size-full\"><img loading=\"lazy\" decoding=\"async\" width=\"14840\" height=\"1039\" src=\"https:\/\/academiespatiale.fr\/wp-content\/uploads\/2024\/05\/Frise_logosCMA-HD.png\" alt=\"\" class=\"wp-image-997\" srcset=\"https:\/\/academiespatiale.fr\/wp-content\/uploads\/2024\/05\/Frise_logosCMA-HD.png 14840w, https:\/\/academiespatiale.fr\/wp-content\/uploads\/2024\/05\/Frise_logosCMA-HD-300x21.png 300w, https:\/\/academiespatiale.fr\/wp-content\/uploads\/2024\/05\/Frise_logosCMA-HD-1024x72.png 1024w, https:\/\/academiespatiale.fr\/wp-content\/uploads\/2024\/05\/Frise_logosCMA-HD-768x54.png 768w, https:\/\/academiespatiale.fr\/wp-content\/uploads\/2024\/05\/Frise_logosCMA-HD-1536x108.png 1536w, https:\/\/academiespatiale.fr\/wp-content\/uploads\/2024\/05\/Frise_logosCMA-HD-2048x143.png 2048w\" sizes=\"auto, (max-width: 14840px) 100vw, 14840px\" \/><\/figure>\n\n\n\n<div style=\"height:100px\" aria-hidden=\"true\" class=\"wp-block-spacer\"><\/div>\n\n\n\n<div class=\"wp-block-columns alignfull has-text-color has-link-color wp-elements-5 is-layout-flex wp-container-core-columns-is-layout-6a5cf6e4 wp-block-columns-is-layout-flex\" style=\"color:#b1b1b1;margin-top:-25px;margin-bottom:20px;padding-top:0;padding-right:0;padding-bottom:0;padding-left:60px;font-size:15px\">\n<div class=\"wp-block-column has-text-color has-link-color wp-elements-6 is-layout-flow wp-block-column-is-layout-flow\" style=\"color:#a1a1a1;padding-top:0;padding-bottom:0;font-size:15px;font-style:normal;font-weight:100;flex-basis:100%\"><div class=\"wp-block-aioseo-breadcrumbs\"><div class=\"aioseo-breadcrumbs\"><span class=\"aioseo-breadcrumb\">\n\t\t\t<a href=\"https:\/\/academiespatiale.fr\" title=\"Home\">Home<\/a>\n\t\t<\/span><span class=\"aioseo-breadcrumb-separator\">&raquo;<\/span><span class=\"aioseo-breadcrumb\">\n\t\t\t<a href=\"https:\/\/academiespatiale.fr\/index.php\/recherche\/\" title=\"Recherche\">Recherche<\/a>\n\t\t<\/span><span class=\"aioseo-breadcrumb-separator\">&raquo;<\/span><span class=\"aioseo-breadcrumb\">\n\t\t\t<a href=\"https:\/\/academiespatiale.fr\/index.php\/recherche\/ao\/\" title=\"Appels d\u2019offres\">Appels d\u2019offres<\/a>\n\t\t<\/span><span class=\"aioseo-breadcrumb-separator\">&raquo;<\/span><span class=\"aioseo-breadcrumb\">\n\t\t\tBourses de mobilit\u00e9 internationale : appel &amp; r\u00e9sultats\n\t\t<\/span><\/div><\/div><\/div>\n<\/div>\n","protected":false},"excerpt":{"rendered":"<p>Les bourses de mobilit\u00e9 internationale sont attribu\u00e9es pour des projets d\u2019\u00e9tude d\u2019une ann\u00e9e ou un semestre acad\u00e9mique et sont destin\u00e9es aux \u00e9tudiant\u00b7es \u00e9trangers qui souhaitent int\u00e9grer les formations en master de l\u2019Acad\u00e9mie Spatiale d\u2019\u00cele-de-France ainsi qu&rsquo;aux \u00e9tudiant\u00b7es de l\u2019acad\u00e9mie qui souhaitent effectuer des stages \u00e0 l\u2019\u00e9tranger. International mobility scholarships are [&hellip;]<\/p>\n","protected":false},"author":1,"featured_media":3437,"parent":67,"menu_order":0,"comment_status":"closed","ping_status":"closed","template":"","meta":{"_monsterinsights_skip_tracking":false,"_EventAllDay":false,"_EventTimezone":"","_EventStartDate":"","_EventEndDate":"","_EventStartDateUTC":"","_EventEndDateUTC":"","_EventShowMap":false,"_EventShowMapLink":false,"_EventURL":"","_EventCost":"","_EventCostDescription":"","_EventCurrencySymbol":"","_EventCurrencyCode":"","_EventCurrencyPosition":"","_EventDateTimeSeparator":"","_EventTimeRangeSeparator":"","_EventOrganizerID":[],"_EventVenueID":[],"_OrganizerEmail":"","_OrganizerPhone":"","_OrganizerWebsite":"","_VenueAddress":"","_VenueCity":"","_VenueCountry":"","_VenueProvince":"","_VenueState":"","_VenueZip":"","_VenuePhone":"","_VenueURL":"","_VenueStateProvince":"","_VenueLat":"","_VenueLng":"","_VenueShowMap":false,"_VenueShowMapLink":false,"footnotes":""},"class_list":["post-663","page","type-page","status-publish","has-post-thumbnail","hentry"],"aioseo_notices":[],"aioseo_head":"\n\t\t<!-- All in One SEO 5.0.1.1 - aioseo.com -->\n\t<meta name=\"description\" content=\"Les bourses de mobilit\u00e9 internationale sont attribu\u00e9es pour des projets d\u2019\u00e9tude d\u2019une ann\u00e9e ou un semestre acad\u00e9mique et sont destin\u00e9es aux \u00e9tudiant\u00b7es \u00e9trangers qui souhaitent int\u00e9grer les formations en master de l\u2019Acad\u00e9mie Spatiale d\u2019\u00cele-de-France ainsi qu&#039;aux \u00e9tudiant\u00b7es de l\u2019acad\u00e9mie qui souhaitent effectuer des stages \u00e0 l\u2019\u00e9tranger. International mobility scholarships are awarded for study projects lasting\" \/>\n\t<meta name=\"robots\" content=\"max-image-preview:large\" \/>\n\t<link rel=\"canonical\" href=\"https:\/\/academiespatiale.fr\/index.php\/recherche\/ao\/ao-mobilites\/\" \/>\n\t<meta name=\"generator\" content=\"All in One SEO (AIOSEO) 5.0.1.1\" \/>\n\t\t<meta property=\"og:locale\" content=\"fr_FR\" \/>\n\t\t<meta property=\"og:site_name\" content=\"Acad\u00e9mie Spatiale d&#039;\u00cele-de-France - Ensemble pour un nouvel espace durable pour tous et toutes\" \/>\n\t\t<meta property=\"og:type\" content=\"article\" \/>\n\t\t<meta property=\"og:title\" content=\"Bourses de mobilit\u00e9 internationale : appel &amp; r\u00e9sultats - Acad\u00e9mie Spatiale d&#039;\u00cele-de-France\" \/>\n\t\t<meta property=\"og:description\" content=\"Les bourses de mobilit\u00e9 internationale sont attribu\u00e9es pour des projets d\u2019\u00e9tude d\u2019une ann\u00e9e ou un semestre acad\u00e9mique et sont destin\u00e9es aux \u00e9tudiant\u00b7es \u00e9trangers qui souhaitent int\u00e9grer les formations en master de l\u2019Acad\u00e9mie Spatiale d\u2019\u00cele-de-France ainsi qu&#039;aux \u00e9tudiant\u00b7es de l\u2019acad\u00e9mie qui souhaitent effectuer des stages \u00e0 l\u2019\u00e9tranger. International mobility scholarships are awarded for study projects lasting\" \/>\n\t\t<meta property=\"og:url\" content=\"https:\/\/academiespatiale.fr\/index.php\/recherche\/ao\/ao-mobilites\/\" \/>\n\t\t<meta property=\"og:image\" content=\"https:\/\/academiespatiale.fr\/wp-content\/uploads\/2024\/11\/AAC_mobilites-internationales.png\" \/>\n\t\t<meta property=\"og:image:secure_url\" content=\"https:\/\/academiespatiale.fr\/wp-content\/uploads\/2024\/11\/AAC_mobilites-internationales.png\" \/>\n\t\t<meta property=\"og:image:width\" content=\"750\" \/>\n\t\t<meta property=\"og:image:height\" content=\"500\" \/>\n\t\t<meta property=\"article:published_time\" content=\"2024-04-16T15:30:46+00:00\" \/>\n\t\t<meta property=\"article:modified_time\" content=\"2026-08-14T15:52:33+00:00\" \/>\n\t\t<meta property=\"article:publisher\" content=\"https:\/\/www.facebook.com\/people\/Acadmie-Spatiale-dle-de-France\/61560696669781\/\" \/>\n\t\t<meta name=\"twitter:card\" content=\"summary_large_image\" \/>\n\t\t<meta name=\"twitter:site\" content=\"@Ac_Spatiale\" \/>\n\t\t<meta name=\"twitter:title\" content=\"Bourses de mobilit\u00e9 internationale : appel &amp; r\u00e9sultats - Acad\u00e9mie Spatiale d&#039;\u00cele-de-France\" \/>\n\t\t<meta name=\"twitter:description\" content=\"Les bourses de mobilit\u00e9 internationale sont attribu\u00e9es pour des projets d\u2019\u00e9tude d\u2019une ann\u00e9e ou un semestre acad\u00e9mique et sont destin\u00e9es aux \u00e9tudiant\u00b7es \u00e9trangers qui souhaitent int\u00e9grer les formations en master de l\u2019Acad\u00e9mie Spatiale d\u2019\u00cele-de-France ainsi qu&#039;aux \u00e9tudiant\u00b7es de l\u2019acad\u00e9mie qui souhaitent effectuer des stages \u00e0 l\u2019\u00e9tranger. International mobility scholarships are awarded for study projects lasting\" \/>\n\t\t<meta name=\"twitter:creator\" content=\"@Ac_Spatiale\" \/>\n\t\t<meta name=\"twitter:image\" content=\"https:\/\/academiespatiale.fr\/wp-content\/uploads\/2024\/11\/AAC_mobilites-internationales.png\" \/>\n\t\t<script type=\"application\/ld+json\" class=\"aioseo-schema\">\n\t\t\t{\"@context\":\"https:\\\/\\\/schema.org\",\"@graph\":[{\"@type\":\"BreadcrumbList\",\"@id\":\"https:\\\/\\\/academiespatiale.fr\\\/index.php\\\/recherche\\\/ao\\\/ao-mobilites\\\/#breadcrumblist\",\"itemListElement\":[{\"@type\":\"ListItem\",\"@id\":\"https:\\\/\\\/academiespatiale.fr#listItem\",\"position\":1,\"name\":\"Home\",\"item\":\"https:\\\/\\\/academiespatiale.fr\",\"nextItem\":{\"@type\":\"ListItem\",\"@id\":\"https:\\\/\\\/academiespatiale.fr\\\/index.php\\\/recherche\\\/#listItem\",\"name\":\"Recherche\"}},{\"@type\":\"ListItem\",\"@id\":\"https:\\\/\\\/academiespatiale.fr\\\/index.php\\\/recherche\\\/#listItem\",\"position\":2,\"name\":\"Recherche\",\"item\":\"https:\\\/\\\/academiespatiale.fr\\\/index.php\\\/recherche\\\/\",\"nextItem\":{\"@type\":\"ListItem\",\"@id\":\"https:\\\/\\\/academiespatiale.fr\\\/index.php\\\/recherche\\\/ao\\\/#listItem\",\"name\":\"Appels d&rsquo;offres\"},\"previousItem\":{\"@type\":\"ListItem\",\"@id\":\"https:\\\/\\\/academiespatiale.fr#listItem\",\"name\":\"Home\"}},{\"@type\":\"ListItem\",\"@id\":\"https:\\\/\\\/academiespatiale.fr\\\/index.php\\\/recherche\\\/ao\\\/#listItem\",\"position\":3,\"name\":\"Appels d&rsquo;offres\",\"item\":\"https:\\\/\\\/academiespatiale.fr\\\/index.php\\\/recherche\\\/ao\\\/\",\"nextItem\":{\"@type\":\"ListItem\",\"@id\":\"https:\\\/\\\/academiespatiale.fr\\\/index.php\\\/recherche\\\/ao\\\/ao-mobilites\\\/#listItem\",\"name\":\"Bourses de mobilit\\u00e9 internationale : appel &amp; r\\u00e9sultats\"},\"previousItem\":{\"@type\":\"ListItem\",\"@id\":\"https:\\\/\\\/academiespatiale.fr\\\/index.php\\\/recherche\\\/#listItem\",\"name\":\"Recherche\"}},{\"@type\":\"ListItem\",\"@id\":\"https:\\\/\\\/academiespatiale.fr\\\/index.php\\\/recherche\\\/ao\\\/ao-mobilites\\\/#listItem\",\"position\":4,\"name\":\"Bourses de mobilit\\u00e9 internationale : appel &amp; r\\u00e9sultats\",\"previousItem\":{\"@type\":\"ListItem\",\"@id\":\"https:\\\/\\\/academiespatiale.fr\\\/index.php\\\/recherche\\\/ao\\\/#listItem\",\"name\":\"Appels d&rsquo;offres\"}}]},{\"@type\":\"Organization\",\"@id\":\"https:\\\/\\\/academiespatiale.fr\\\/#organization\",\"name\":\"academiespatiale.fr\",\"description\":\"Ensemble pour un nouvel espace durable pour tous et toutes\",\"url\":\"https:\\\/\\\/academiespatiale.fr\\\/\",\"logo\":{\"@type\":\"ImageObject\",\"url\":\"https:\\\/\\\/academiespatiale.fr\\\/wp-content\\\/uploads\\\/2026\\\/03\\\/ASIDF-Fr2030_logo_compact_RVB.png\",\"@id\":\"https:\\\/\\\/academiespatiale.fr\\\/index.php\\\/recherche\\\/ao\\\/ao-mobilites\\\/#organizationLogo\",\"width\":1716,\"height\":473},\"image\":{\"@id\":\"https:\\\/\\\/academiespatiale.fr\\\/index.php\\\/recherche\\\/ao\\\/ao-mobilites\\\/#organizationLogo\"},\"sameAs\":[\"https:\\\/\\\/www.facebook.com\\\/people\\\/Acadmie-Spatiale-dle-de-France\\\/61560696669781\\\/\",\"https:\\\/\\\/x.com\\\/Ac_Spatiale\",\"https:\\\/\\\/www.instagram.com\\\/academie_spatiale\\\/\",\"https:\\\/\\\/www.linkedin.com\\\/company\\\/academie-spatiale-ile-de-france\\\/\"]},{\"@type\":\"WebPage\",\"@id\":\"https:\\\/\\\/academiespatiale.fr\\\/index.php\\\/recherche\\\/ao\\\/ao-mobilites\\\/#webpage\",\"url\":\"https:\\\/\\\/academiespatiale.fr\\\/index.php\\\/recherche\\\/ao\\\/ao-mobilites\\\/\",\"name\":\"Bourses de mobilit\\u00e9 internationale : appel & r\\u00e9sultats - Acad\\u00e9mie Spatiale d'\\u00cele-de-France\",\"description\":\"Les bourses de mobilit\\u00e9 internationale sont attribu\\u00e9es pour des projets d\\u2019\\u00e9tude d\\u2019une ann\\u00e9e ou un semestre acad\\u00e9mique et sont destin\\u00e9es aux \\u00e9tudiant\\u00b7es \\u00e9trangers qui souhaitent int\\u00e9grer les formations en master de l\\u2019Acad\\u00e9mie Spatiale d\\u2019\\u00cele-de-France ainsi qu'aux \\u00e9tudiant\\u00b7es de l\\u2019acad\\u00e9mie qui souhaitent effectuer des stages \\u00e0 l\\u2019\\u00e9tranger. International mobility scholarships are awarded for study projects lasting\",\"inLanguage\":\"fr-FR\",\"isPartOf\":{\"@id\":\"https:\\\/\\\/academiespatiale.fr\\\/#website\"},\"breadcrumb\":{\"@id\":\"https:\\\/\\\/academiespatiale.fr\\\/index.php\\\/recherche\\\/ao\\\/ao-mobilites\\\/#breadcrumblist\"},\"image\":{\"@type\":\"ImageObject\",\"url\":\"https:\\\/\\\/academiespatiale.fr\\\/wp-content\\\/uploads\\\/2024\\\/11\\\/AAC_mobilites-internationales.png\",\"@id\":\"https:\\\/\\\/academiespatiale.fr\\\/index.php\\\/recherche\\\/ao\\\/ao-mobilites\\\/#mainImage\",\"width\":750,\"height\":500},\"primaryImageOfPage\":{\"@id\":\"https:\\\/\\\/academiespatiale.fr\\\/index.php\\\/recherche\\\/ao\\\/ao-mobilites\\\/#mainImage\"},\"datePublished\":\"2024-04-16T17:30:46+02:00\",\"dateModified\":\"2026-08-14T17:52:33+02:00\"},{\"@type\":\"WebSite\",\"@id\":\"https:\\\/\\\/academiespatiale.fr\\\/#website\",\"url\":\"https:\\\/\\\/academiespatiale.fr\\\/\",\"name\":\"academiespatiale.fr\",\"description\":\"Ensemble pour un nouvel espace durable pour tous et toutes\",\"inLanguage\":\"fr-FR\",\"publisher\":{\"@id\":\"https:\\\/\\\/academiespatiale.fr\\\/#organization\"}}]}\n\t\t<\/script>\n\t\t<!-- All in One SEO -->\n\n","aioseo_head_json":{"title":"Bourses de mobilit\u00e9 internationale : appel & r\u00e9sultats - Acad\u00e9mie Spatiale d'\u00cele-de-France","description":"Les bourses de mobilit\u00e9 internationale sont attribu\u00e9es pour des projets d\u2019\u00e9tude d\u2019une ann\u00e9e ou un semestre acad\u00e9mique et sont destin\u00e9es aux \u00e9tudiant\u00b7es \u00e9trangers qui souhaitent int\u00e9grer les formations en master de l\u2019Acad\u00e9mie Spatiale d\u2019\u00cele-de-France ainsi qu'aux \u00e9tudiant\u00b7es de l\u2019acad\u00e9mie qui souhaitent effectuer des stages \u00e0 l\u2019\u00e9tranger. International mobility scholarships are awarded for study projects lasting","canonical_url":"https:\/\/academiespatiale.fr\/index.php\/recherche\/ao\/ao-mobilites\/","robots":"max-image-preview:large","keywords":"","webmasterTools":{"miscellaneous":""},"schema":{"@context":"https:\/\/schema.org","@graph":[{"@type":"BreadcrumbList","@id":"https:\/\/academiespatiale.fr\/index.php\/recherche\/ao\/ao-mobilites\/#breadcrumblist","itemListElement":[{"@type":"ListItem","@id":"https:\/\/academiespatiale.fr#listItem","position":1,"name":"Home","item":"https:\/\/academiespatiale.fr","nextItem":{"@type":"ListItem","@id":"https:\/\/academiespatiale.fr\/index.php\/recherche\/#listItem","name":"Recherche"}},{"@type":"ListItem","@id":"https:\/\/academiespatiale.fr\/index.php\/recherche\/#listItem","position":2,"name":"Recherche","item":"https:\/\/academiespatiale.fr\/index.php\/recherche\/","nextItem":{"@type":"ListItem","@id":"https:\/\/academiespatiale.fr\/index.php\/recherche\/ao\/#listItem","name":"Appels d&rsquo;offres"},"previousItem":{"@type":"ListItem","@id":"https:\/\/academiespatiale.fr#listItem","name":"Home"}},{"@type":"ListItem","@id":"https:\/\/academiespatiale.fr\/index.php\/recherche\/ao\/#listItem","position":3,"name":"Appels d&rsquo;offres","item":"https:\/\/academiespatiale.fr\/index.php\/recherche\/ao\/","nextItem":{"@type":"ListItem","@id":"https:\/\/academiespatiale.fr\/index.php\/recherche\/ao\/ao-mobilites\/#listItem","name":"Bourses de mobilit\u00e9 internationale : appel &amp; r\u00e9sultats"},"previousItem":{"@type":"ListItem","@id":"https:\/\/academiespatiale.fr\/index.php\/recherche\/#listItem","name":"Recherche"}},{"@type":"ListItem","@id":"https:\/\/academiespatiale.fr\/index.php\/recherche\/ao\/ao-mobilites\/#listItem","position":4,"name":"Bourses de mobilit\u00e9 internationale : appel &amp; r\u00e9sultats","previousItem":{"@type":"ListItem","@id":"https:\/\/academiespatiale.fr\/index.php\/recherche\/ao\/#listItem","name":"Appels d&rsquo;offres"}}]},{"@type":"Organization","@id":"https:\/\/academiespatiale.fr\/#organization","name":"academiespatiale.fr","description":"Ensemble pour un nouvel espace durable pour tous et toutes","url":"https:\/\/academiespatiale.fr\/","logo":{"@type":"ImageObject","url":"https:\/\/academiespatiale.fr\/wp-content\/uploads\/2026\/03\/ASIDF-Fr2030_logo_compact_RVB.png","@id":"https:\/\/academiespatiale.fr\/index.php\/recherche\/ao\/ao-mobilites\/#organizationLogo","width":1716,"height":473},"image":{"@id":"https:\/\/academiespatiale.fr\/index.php\/recherche\/ao\/ao-mobilites\/#organizationLogo"},"sameAs":["https:\/\/www.facebook.com\/people\/Acadmie-Spatiale-dle-de-France\/61560696669781\/","https:\/\/x.com\/Ac_Spatiale","https:\/\/www.instagram.com\/academie_spatiale\/","https:\/\/www.linkedin.com\/company\/academie-spatiale-ile-de-france\/"]},{"@type":"WebPage","@id":"https:\/\/academiespatiale.fr\/index.php\/recherche\/ao\/ao-mobilites\/#webpage","url":"https:\/\/academiespatiale.fr\/index.php\/recherche\/ao\/ao-mobilites\/","name":"Bourses de mobilit\u00e9 internationale : appel & r\u00e9sultats - Acad\u00e9mie Spatiale d'\u00cele-de-France","description":"Les bourses de mobilit\u00e9 internationale sont attribu\u00e9es pour des projets d\u2019\u00e9tude d\u2019une ann\u00e9e ou un semestre acad\u00e9mique et sont destin\u00e9es aux \u00e9tudiant\u00b7es \u00e9trangers qui souhaitent int\u00e9grer les formations en master de l\u2019Acad\u00e9mie Spatiale d\u2019\u00cele-de-France ainsi qu'aux \u00e9tudiant\u00b7es de l\u2019acad\u00e9mie qui souhaitent effectuer des stages \u00e0 l\u2019\u00e9tranger. International mobility scholarships are awarded for study projects lasting","inLanguage":"fr-FR","isPartOf":{"@id":"https:\/\/academiespatiale.fr\/#website"},"breadcrumb":{"@id":"https:\/\/academiespatiale.fr\/index.php\/recherche\/ao\/ao-mobilites\/#breadcrumblist"},"image":{"@type":"ImageObject","url":"https:\/\/academiespatiale.fr\/wp-content\/uploads\/2024\/11\/AAC_mobilites-internationales.png","@id":"https:\/\/academiespatiale.fr\/index.php\/recherche\/ao\/ao-mobilites\/#mainImage","width":750,"height":500},"primaryImageOfPage":{"@id":"https:\/\/academiespatiale.fr\/index.php\/recherche\/ao\/ao-mobilites\/#mainImage"},"datePublished":"2024-04-16T17:30:46+02:00","dateModified":"2026-08-14T17:52:33+02:00"},{"@type":"WebSite","@id":"https:\/\/academiespatiale.fr\/#website","url":"https:\/\/academiespatiale.fr\/","name":"academiespatiale.fr","description":"Ensemble pour un nouvel espace durable pour tous et toutes","inLanguage":"fr-FR","publisher":{"@id":"https:\/\/academiespatiale.fr\/#organization"}}]},"og:locale":"fr_FR","og:site_name":"Acad\u00e9mie Spatiale d'\u00cele-de-France - Ensemble pour un nouvel espace durable pour tous et toutes","og:type":"article","og:title":"Bourses de mobilit\u00e9 internationale : appel &amp; r\u00e9sultats - Acad\u00e9mie Spatiale d'\u00cele-de-France","og:description":"Les bourses de mobilit\u00e9 internationale sont attribu\u00e9es pour des projets d\u2019\u00e9tude d\u2019une ann\u00e9e ou un semestre acad\u00e9mique et sont destin\u00e9es aux \u00e9tudiant\u00b7es \u00e9trangers qui souhaitent int\u00e9grer les formations en master de l\u2019Acad\u00e9mie Spatiale d\u2019\u00cele-de-France ainsi qu'aux \u00e9tudiant\u00b7es de l\u2019acad\u00e9mie qui souhaitent effectuer des stages \u00e0 l\u2019\u00e9tranger. International mobility scholarships are awarded for study projects lasting","og:url":"https:\/\/academiespatiale.fr\/index.php\/recherche\/ao\/ao-mobilites\/","og:image":"https:\/\/academiespatiale.fr\/wp-content\/uploads\/2024\/11\/AAC_mobilites-internationales.png","og:image:secure_url":"https:\/\/academiespatiale.fr\/wp-content\/uploads\/2024\/11\/AAC_mobilites-internationales.png","og:image:width":"750","og:image:height":"500","article:published_time":"2024-04-16T15:30:46+00:00","article:modified_time":"2026-08-14T15:52:33+00:00","article:publisher":"https:\/\/www.facebook.com\/people\/Acadmie-Spatiale-dle-de-France\/61560696669781\/","twitter:card":"summary_large_image","twitter:site":"@Ac_Spatiale","twitter:title":"Bourses de mobilit\u00e9 internationale : appel &amp; r\u00e9sultats - Acad\u00e9mie Spatiale d'\u00cele-de-France","twitter:description":"Les bourses de mobilit\u00e9 internationale sont attribu\u00e9es pour des projets d\u2019\u00e9tude d\u2019une ann\u00e9e ou un semestre acad\u00e9mique et sont destin\u00e9es aux \u00e9tudiant\u00b7es \u00e9trangers qui souhaitent int\u00e9grer les formations en master de l\u2019Acad\u00e9mie Spatiale d\u2019\u00cele-de-France ainsi qu'aux \u00e9tudiant\u00b7es de l\u2019acad\u00e9mie qui souhaitent effectuer des stages \u00e0 l\u2019\u00e9tranger. International mobility scholarships are awarded for study projects lasting","twitter:creator":"@Ac_Spatiale","twitter:image":"https:\/\/academiespatiale.fr\/wp-content\/uploads\/2024\/11\/AAC_mobilites-internationales.png"},"aioseo_meta_data":{"post_id":"663","title":null,"description":null,"keywords":null,"keyphrases":{"focus":{"keyphrase":"","score":0,"analysis":{"keyphraseInTitle":{"score":0,"maxScore":9,"error":1}}},"additional":[]},"primary_term":null,"canonical_url":null,"og_title":null,"og_description":null,"og_object_type":"default","og_image_type":"featured","og_image_url":"https:\/\/academiespatiale.fr\/wp-content\/uploads\/2024\/11\/AAC_mobilites-internationales.png","og_image_width":"750","og_image_height":"500","og_image_custom_url":null,"og_image_custom_fields":null,"og_video":"","og_custom_url":null,"og_article_section":null,"og_article_tags":null,"twitter_use_og":false,"twitter_card":"default","twitter_image_type":"default","twitter_image_url":null,"twitter_image_custom_url":null,"twitter_image_custom_fields":null,"twitter_title":null,"twitter_description":null,"schema":{"blockGraphs":[],"customGraphs":[],"default":{"data":{"Article":[],"Course":[],"Dataset":[],"FAQPage":[],"Movie":[],"Person":[],"Product":[],"ProductReview":[],"Car":[],"Recipe":[],"Service":[],"SoftwareApplication":[],"WebPage":[]},"graphName":"WebPage","isEnabled":true},"graphs":[]},"schema_type":"default","schema_type_options":null,"pillar_content":false,"robots_default":true,"robots_noindex":false,"robots_noarchive":false,"robots_nosnippet":false,"robots_nofollow":false,"robots_noimageindex":false,"robots_noodp":false,"robots_notranslate":false,"robots_max_snippet":"-1","robots_max_videopreview":"-1","robots_max_imagepreview":"large","priority":null,"frequency":"default","local_seo":null,"breadcrumb_settings":null,"limit_modified_date":false,"ai":{"faqs":[],"keyPoints":[],"schemas":[],"titles":[],"descriptions":[],"socialPosts":{"email":{"subject":"","preview":"","content":""},"linkedin":[],"twitter":[],"facebook":[],"instagram":[]}},"created":"2024-04-16 15:30:47","updated":"2026-08-15 08:43:12","seo_analyzer_scan_date":null,"focus_keyword":null,"additional_keywords":null,"truseo_locale":null},"aioseo_breadcrumb":"<div class=\"aioseo-breadcrumbs\"><span class=\"aioseo-breadcrumb\">\n\t\t\t<a href=\"https:\/\/academiespatiale.fr\" title=\"Home\">Home<\/a>\n\t\t<\/span><span class=\"aioseo-breadcrumb-separator\">&raquo;<\/span><span class=\"aioseo-breadcrumb\">\n\t\t\t<a href=\"https:\/\/academiespatiale.fr\/index.php\/recherche\/\" title=\"Recherche\">Recherche<\/a>\n\t\t<\/span><span class=\"aioseo-breadcrumb-separator\">&raquo;<\/span><span class=\"aioseo-breadcrumb\">\n\t\t\t<a href=\"https:\/\/academiespatiale.fr\/index.php\/recherche\/ao\/\" title=\"Appels d\u2019offres\">Appels d\u2019offres<\/a>\n\t\t<\/span><span class=\"aioseo-breadcrumb-separator\">&raquo;<\/span><span class=\"aioseo-breadcrumb\">\n\t\t\tBourses de mobilit\u00e9 internationale : appel &amp; r\u00e9sultats\n\t\t<\/span><\/div>","aioseo_breadcrumb_json":[{"label":"Home","link":"https:\/\/academiespatiale.fr"},{"label":"Recherche","link":"https:\/\/academiespatiale.fr\/index.php\/recherche\/"},{"label":"Appels d&rsquo;offres","link":"https:\/\/academiespatiale.fr\/index.php\/recherche\/ao\/"},{"label":"Bourses de mobilit\u00e9 internationale : appel &amp; r\u00e9sultats","link":"https:\/\/academiespatiale.fr\/index.php\/recherche\/ao\/ao-mobilites\/"}],"_links":{"self":[{"href":"https:\/\/academiespatiale.fr\/index.php\/wp-json\/wp\/v2\/pages\/663","targetHints":{"allow":["GET"]}}],"collection":[{"href":"https:\/\/academiespatiale.fr\/index.php\/wp-json\/wp\/v2\/pages"}],"about":[{"href":"https:\/\/academiespatiale.fr\/index.php\/wp-json\/wp\/v2\/types\/page"}],"author":[{"embeddable":true,"href":"https:\/\/academiespatiale.fr\/index.php\/wp-json\/wp\/v2\/users\/1"}],"replies":[{"embeddable":true,"href":"https:\/\/academiespatiale.fr\/index.php\/wp-json\/wp\/v2\/comments?post=663"}],"version-history":[{"count":59,"href":"https:\/\/academiespatiale.fr\/index.php\/wp-json\/wp\/v2\/pages\/663\/revisions"}],"predecessor-version":[{"id":10315,"href":"https:\/\/academiespatiale.fr\/index.php\/wp-json\/wp\/v2\/pages\/663\/revisions\/10315"}],"up":[{"embeddable":true,"href":"https:\/\/academiespatiale.fr\/index.php\/wp-json\/wp\/v2\/pages\/67"}],"wp:featuredmedia":[{"embeddable":true,"href":"https:\/\/academiespatiale.fr\/index.php\/wp-json\/wp\/v2\/media\/3437"}],"wp:attachment":[{"href":"https:\/\/academiespatiale.fr\/index.php\/wp-json\/wp\/v2\/media?parent=663"}],"curies":[{"name":"wp","href":"https:\/\/api.w.org\/{rel}","templated":true}]}}