{"id":65,"date":"2024-03-28T17:55:57","date_gmt":"2024-03-28T16:55:57","guid":{"rendered":"https:\/\/academiespatiale.fr\/?page_id=65"},"modified":"2026-02-19T16:40:23","modified_gmt":"2026-02-19T15:40:23","slug":"formations","status":"publish","type":"page","link":"https:\/\/academiespatiale.fr\/index.php\/formations\/","title":{"rendered":"Formations &amp; m\u00e9tiers"},"content":{"rendered":"\n<div class=\"wp-block-columns alignfull has-text-color has-link-color wp-elements-8422e2a85d9f2e5605b7dd2ae54b3e54 is-layout-flex wp-container-core-columns-is-layout-e94c545b wp-block-columns-is-layout-flex\" style=\"color:#b1b1b1;margin-top:-25px;margin-bottom:20px;padding-top:0;padding-right:0;padding-bottom:0;padding-left:60px;font-size:15px\">\n<div class=\"wp-block-column has-text-color has-link-color wp-elements-32661c60388d2123b0bf1683c717c484 is-layout-flow wp-block-column-is-layout-flow\" style=\"color:#a1a1a1;padding-top:0;padding-bottom:0;font-size:15px;font-style:normal;font-weight:100;flex-basis:100%\"><div class=\"aioseo-breadcrumbs\"><span class=\"aioseo-breadcrumb\">\n\t\t\t<a href=\"https:\/\/academiespatiale.fr\" title=\"Home\">Home<\/a>\n\t\t<\/span><span class=\"aioseo-breadcrumb-separator\">&raquo;<\/span><span class=\"aioseo-breadcrumb\">\n\t\t\tFormations &amp; m\u00e9tiers\n\t\t<\/span><\/div><\/div>\n<\/div>\n\n\n\n<div class=\"wp-block-columns alignwide is-layout-flex wp-container-core-columns-is-layout-28f84493 wp-block-columns-is-layout-flex\">\n<div class=\"wp-block-column is-vertically-aligned-top is-layout-flow wp-block-column-is-layout-flow\" style=\"flex-basis:50%\">\n<p class=\"has-background-color-background-color has-background\">Explorez nos ressources \u00e9ducatives : les formations \u00e0 l\u2019ann\u00e9e, des offres de stages, des \u00e9coles th\u00e9matiques et des outils pratiques pour vous accompagner dans votre parcours.<\/p>\n\n\n\n<figure class=\"wp-block-image size-large\"><img loading=\"lazy\" decoding=\"async\" width=\"1024\" height=\"540\" src=\"https:\/\/academiespatiale.fr\/wp-content\/uploads\/2025\/01\/pexels-diimejii-2325729-extrait-1024x540.jpg\" alt=\"\" class=\"wp-image-2831\" style=\"aspect-ratio:16\/9;object-fit:cover\" srcset=\"https:\/\/academiespatiale.fr\/wp-content\/uploads\/2025\/01\/pexels-diimejii-2325729-extrait-1024x540.jpg 1024w, https:\/\/academiespatiale.fr\/wp-content\/uploads\/2025\/01\/pexels-diimejii-2325729-extrait-300x158.jpg 300w, https:\/\/academiespatiale.fr\/wp-content\/uploads\/2025\/01\/pexels-diimejii-2325729-extrait-768x405.jpg 768w, https:\/\/academiespatiale.fr\/wp-content\/uploads\/2025\/01\/pexels-diimejii-2325729-extrait-1536x810.jpg 1536w, https:\/\/academiespatiale.fr\/wp-content\/uploads\/2025\/01\/pexels-diimejii-2325729-extrait-2048x1080.jpg 2048w\" sizes=\"auto, (max-width: 1024px) 100vw, 1024px\" \/><\/figure>\n<\/div>\n\n\n\n<div class=\"wp-block-column is-layout-flow wp-block-column-is-layout-flow\" style=\"flex-basis:50%\">\n<p>SOMMAIRE<\/p>\n\n\n\n<ul style=\"font-size:15px\" class=\"wp-block-list\">\n<li><a style=\"font-weight: bold;\" href=\"https:\/\/academiespatiale.fr\/index.php\/formations\/trouver-une-formation\/\" title=\"\">Trouver la formation qui vous correspond<\/a><\/li>\n<\/ul>\n\n\n\n<ul style=\"font-size:15px\" class=\"wp-block-list\">\n<li><a href=\"https:\/\/academiespatiale.fr\/index.php\/formations\/formations-innovantes\/\" title=\"\"><strong>Formations innovantes<\/strong><\/a> : \u00e9coles th\u00e9matiques, MOOCs, hackathons et autres challenges<\/li>\n\n\n\n<li><strong><a href=\"https:\/\/academiespatiale.fr\/index.php\/formations\/infos-orientation\/\" title=\"\">Infos &amp; orientation<\/a><\/strong> : programmes d&rsquo;informations et pr\u00e9sences sur les salons<\/li>\n\n\n\n<li><strong><a href=\"https:\/\/academiespatiale.fr\/index.php\/formations\/infos-orientation\/\" title=\"\">Visites et stages de terrain<\/a><\/strong> : en France et \u00e0 l&rsquo;international<\/li>\n<\/ul>\n\n\n\n<ul style=\"font-size:15px\" class=\"wp-block-list\">\n<li><strong><a href=\"https:\/\/academiespatiale.fr\/index.php\/formations\/offres-de-stages\/\" title=\"\">Offres de stage, apprentissage et emploi<\/a><\/strong><\/li>\n<\/ul>\n\n\n\n<ul style=\"font-size:15px\" class=\"wp-block-list\">\n<li><strong><a href=\"https:\/\/academiespatiale.fr\/index.php\/my-job-glasses\/\" title=\"\">\u00c9changer avec nos \u00e9tudiantes et \u00e9tudiants ambassadeurs<\/a><\/strong><\/li>\n<\/ul>\n\n\n\n<ul style=\"font-size:15px\" class=\"wp-block-list\">\n<li><strong><a href=\"https:\/\/academiespatiale.fr\/index.php\/ressources\/\" title=\"\">Ressources<\/a><\/strong><\/li>\n<\/ul>\n\n\n\n<ul style=\"font-size:15px\" class=\"wp-block-list\">\n<li><strong><a href=\"https:\/\/academiespatiale.fr\/index.php\/category\/formations\/\" title=\"\">Actualit\u00e9s \u00ab&nbsp;Formations&nbsp;\u00bb<\/a><\/strong><\/li>\n<\/ul>\n<\/div>\n<\/div>\n\n\n\n<div class=\"wp-block-cover alignfull is-light\" style=\"min-height:465px;aspect-ratio:unset;\"><span aria-hidden=\"true\" class=\"wp-block-cover__background has-background-dim-100 has-background-dim\" style=\"background-color:#ffffff\"><\/span><div class=\"wp-block-cover__inner-container is-layout-flow wp-block-cover-is-layout-flow\">\n<div class=\"wp-block-cover alignwide\"><img loading=\"lazy\" decoding=\"async\" width=\"1024\" height=\"683\" class=\"wp-block-cover__image-background wp-image-2816\" alt=\"\" src=\"https:\/\/academiespatiale.fr\/wp-content\/uploads\/2025\/01\/pexels-pixabay-267885-1-1024x683.jpg\" data-object-fit=\"cover\" srcset=\"https:\/\/academiespatiale.fr\/wp-content\/uploads\/2025\/01\/pexels-pixabay-267885-1-1024x683.jpg 1024w, https:\/\/academiespatiale.fr\/wp-content\/uploads\/2025\/01\/pexels-pixabay-267885-1-300x200.jpg 300w, https:\/\/academiespatiale.fr\/wp-content\/uploads\/2025\/01\/pexels-pixabay-267885-1-768x512.jpg 768w, https:\/\/academiespatiale.fr\/wp-content\/uploads\/2025\/01\/pexels-pixabay-267885-1-1536x1024.jpg 1536w, https:\/\/academiespatiale.fr\/wp-content\/uploads\/2025\/01\/pexels-pixabay-267885-1-2048x1365.jpg 2048w, https:\/\/academiespatiale.fr\/wp-content\/uploads\/2025\/01\/pexels-pixabay-267885-1-360x240.jpg 360w\" sizes=\"auto, (max-width: 1024px) 100vw, 1024px\" \/><span aria-hidden=\"true\" class=\"wp-block-cover__background has-background-dim\"><\/span><div class=\"wp-block-cover__inner-container is-layout-flow wp-block-cover-is-layout-flow\">\n<h2 class=\"wp-block-heading has-text-align-center has-white-color has-text-color has-link-color wp-elements-962b0a54480cfacec44e18a6c4922e31\" style=\"font-size:32px\">Trouvez la formation qui vous correspond<\/h2>\n\n\n\n<p class=\"has-text-align-center has-white-color has-text-color\" style=\"font-size:17px\">Explorez le r\u00e9pertoire des formations propos\u00e9es par l&rsquo;Acad\u00e9mie Spatiale et ses partenaires. <br>Du bac au doctorat, femme ou homme, sciences ou autres disciplines : le spatial ouvre ses portes \u00e0 tous les talents !<\/p>\n\n\n\n<div class=\"wp-block-buttons is-content-justification-center is-layout-flex wp-container-core-buttons-is-layout-a89b3969 wp-block-buttons-is-layout-flex\">\n<div class=\"wp-block-button is-style-fill\"><a class=\"wp-block-button__link has-white-color has-accent-background-color has-text-color has-background has-link-color wp-element-button\" href=\"https:\/\/academiespatiale.fr\/index.php\/formations\/trouver-une-formation\/\"><strong>Voir les formations<\/strong><\/a><\/div>\n<\/div>\n<\/div><\/div>\n<\/div><\/div>\n\n\n\n<div style=\"height:50px\" aria-hidden=\"true\" class=\"wp-block-spacer\"><\/div>\n\n\n\n<div class=\"wp-block-group alignwide\"><div class=\"wp-block-group__inner-container is-layout-constrained wp-block-group-is-layout-constrained\">\n<div class=\"wp-block-columns is-layout-flex wp-container-core-columns-is-layout-643ced6b wp-block-columns-is-layout-flex\">\n<div class=\"wp-block-column is-layout-flow wp-block-column-is-layout-flow\" style=\"flex-basis:40%\">\n<div class=\"wp-block-cover\" style=\"border-radius:0px;padding-top:32px;padding-right:32px;padding-bottom:32px;padding-left:32px;min-height:100%;aspect-ratio:unset;\"><img loading=\"lazy\" decoding=\"async\" width=\"1920\" height=\"2560\" class=\"wp-block-cover__image-background wp-image-2779\" alt=\"\" src=\"https:\/\/academiespatiale.fr\/wp-content\/uploads\/2025\/01\/ESAworkshop_photo-visite5-scaled.jpg\" style=\"object-position:70% 48%\" data-object-fit=\"cover\" data-object-position=\"70% 48%\" srcset=\"https:\/\/academiespatiale.fr\/wp-content\/uploads\/2025\/01\/ESAworkshop_photo-visite5-scaled.jpg 1920w, https:\/\/academiespatiale.fr\/wp-content\/uploads\/2025\/01\/ESAworkshop_photo-visite5-225x300.jpg 225w, https:\/\/academiespatiale.fr\/wp-content\/uploads\/2025\/01\/ESAworkshop_photo-visite5-768x1024.jpg 768w, https:\/\/academiespatiale.fr\/wp-content\/uploads\/2025\/01\/ESAworkshop_photo-visite5-1152x1536.jpg 1152w, https:\/\/academiespatiale.fr\/wp-content\/uploads\/2025\/01\/ESAworkshop_photo-visite5-1536x2048.jpg 1536w\" sizes=\"auto, (max-width: 1920px) 100vw, 1920px\" \/><span aria-hidden=\"true\" class=\"wp-block-cover__background has-accent-background-color has-background-dim-70 has-background-dim\"><\/span><div class=\"wp-block-cover__inner-container is-layout-constrained wp-container-core-cover-is-layout-1a1c0e64 wp-block-cover-is-layout-constrained\">\n<div class=\"wp-block-buttons is-content-justification-center is-layout-flex wp-container-core-buttons-is-layout-a89b3969 wp-block-buttons-is-layout-flex\">\n<div class=\"wp-block-button\"><a class=\"wp-block-button__link has-accent-color has-white-background-color has-text-color has-background has-link-color has-border-color has-white-border-color has-medium-font-size has-custom-font-size wp-element-button\" href=\"https:\/\/academiespatiale.fr\/index.php\/formations\/formations-innovantes\/\" style=\"border-width:2px;font-style:normal;font-weight:100\"><strong>Formations innovantes<\/strong><br><em>\u00c9cole d&rsquo;\u00e9t\u00e9, hackathon, MOOC<\/em><\/a><\/div>\n<\/div>\n\n\n\n<div class=\"wp-block-buttons is-content-justification-center is-layout-flex wp-container-core-buttons-is-layout-a89b3969 wp-block-buttons-is-layout-flex\">\n<div class=\"wp-block-button\"><a class=\"wp-block-button__link has-accent-color has-white-background-color has-text-color has-background has-link-color has-border-color has-white-border-color has-medium-font-size has-custom-font-size wp-element-button\" href=\"https:\/\/academiespatiale.fr\/index.php\/formations\/infos-orientation\/\" style=\"border-width:2px;font-style:normal;font-weight:100\"><strong>Infos &amp; orientation<\/strong><br><em>Programmes &amp; salons<\/em><\/a><\/div>\n<\/div>\n\n\n\n<div class=\"wp-block-buttons is-content-justification-center is-layout-flex wp-container-core-buttons-is-layout-a89b3969 wp-block-buttons-is-layout-flex\">\n<div class=\"wp-block-button\"><a class=\"wp-block-button__link has-accent-color has-white-background-color has-text-color has-background has-link-color has-border-color has-white-border-color has-medium-font-size has-custom-font-size wp-element-button\" href=\"https:\/\/academiespatiale.fr\/index.php\/formations\/visites-stages-terrain\/\" style=\"border-width:2px;font-style:normal;font-weight:100\"><strong>Visites et stages de terrain<\/strong><br><em>En France et \u00e0 l&rsquo;international<\/em><\/a><\/div>\n<\/div>\n<\/div><\/div>\n<\/div>\n\n\n\n<div class=\"wp-block-column is-layout-flow wp-container-core-column-is-layout-9f77543f wp-block-column-is-layout-flow\">\n<div class=\"wp-block-group\"><div class=\"wp-block-group__inner-container is-layout-constrained wp-container-core-group-is-layout-92b9201d wp-block-group-is-layout-constrained\">\n<p class=\"has-text-align-left has-accent-color has-text-color has-link-color has-small-font-size wp-elements-9451b31f8ba4aa515755bb43a844b996\" style=\"font-style:normal;font-weight:600;text-transform:uppercase\">Programmes \u00e0 venir<\/p>\n\n\n\n<h3 class=\"wp-block-heading has-black-color has-text-color has-link-color wp-elements-33fe1f78cfb11421e309b333f0f27c61\">Restez inform\u00e9\u00b7e et inscrivez-vous !<\/h3>\n\n\n\n<p class=\"has-text-align-left\" style=\"margin-right:0;margin-left:0\">Ne manquez pas nos prochaines sessions : explorez les programmes \u00e0 venir, d\u00e9couvrez les th\u00e9matiques, et r\u00e9servez votre place pour participer \u00e0 une exp\u00e9rience dans l&rsquo;univers du spatial.<\/p>\n<\/div><\/div>\n\n\n\n<div class=\"wp-block-group\"><div class=\"wp-block-group__inner-container is-layout-constrained wp-container-core-group-is-layout-92b9201d wp-block-group-is-layout-constrained\">\n<p class=\"has-text-align-left has-accent-color has-text-color has-link-color has-small-font-size wp-elements-da29c1c4397928ee1d771a3b21023784\" style=\"font-style:normal;font-weight:600;text-transform:uppercase\">\u00c9v\u00e8nements pass\u00e9s<\/p>\n\n\n\n<h3 class=\"wp-block-heading has-black-color has-text-color has-link-color wp-elements-f32359313bd0b2e7e25006bde8f97d74\">Retour sur les \u00e9ditions pass\u00e9es<\/h3>\n\n\n\n<p class=\"has-text-align-left\" style=\"margin-right:0;margin-left:0\">Une opportunit\u00e9 de mieux comprendre nos offres et de vous projeter dans une prochaine \u00e9dition.<\/p>\n<\/div><\/div>\n<\/div>\n<\/div>\n<\/div><\/div>\n\n\n\n<div style=\"height:50px\" aria-hidden=\"true\" class=\"wp-block-spacer\"><\/div>\n\n\n\n<div class=\"wp-block-columns alignwide is-layout-flex wp-container-core-columns-is-layout-28f84493 wp-block-columns-is-layout-flex\">\n<div class=\"wp-block-column is-layout-flow wp-block-column-is-layout-flow\" style=\"flex-basis:60%\">\n<div class=\"wp-block-group has-background\" style=\"border-radius:0px;background-color:#f9f8f7;padding-top:var(--wp--preset--spacing--70);padding-right:var(--wp--preset--spacing--70);padding-bottom:var(--wp--preset--spacing--70);padding-left:var(--wp--preset--spacing--70)\"><div class=\"wp-block-group__inner-container is-layout-constrained wp-container-core-group-is-layout-ae744a23 wp-block-group-is-layout-constrained\">\n<div class=\"wp-block-group is-content-justification-space-between is-layout-flex wp-container-core-group-is-layout-9366075c wp-block-group-is-layout-flex\">\n<div class=\"wp-block-group\"><div class=\"wp-block-group__inner-container is-layout-constrained wp-container-core-group-is-layout-92b9201d wp-block-group-is-layout-constrained\">\n<div class=\"wp-block-columns is-layout-flex wp-container-core-columns-is-layout-28f84493 wp-block-columns-is-layout-flex\">\n<div class=\"wp-block-column is-layout-flow wp-block-column-is-layout-flow\" style=\"flex-basis:66.66%\">\n<h2 class=\"wp-block-heading\">Nos offres de stage, apprentissage, mission doctorale et emploi<\/h2>\n\n\n\n<p>Envie de d\u00e9couvrir le domaine spatiale ou de vous perfectionner ? Consultez les offres propos\u00e9es l&rsquo;Acad\u00e9mie Spatiale ou par nos partenaires, accessibles \u00e0 tous les niveaux.<\/p>\n<\/div>\n\n\n\n<div class=\"wp-block-column is-vertically-aligned-center is-layout-flow wp-block-column-is-layout-flow\" style=\"flex-basis:33.33%\">\n<div class=\"wp-block-buttons is-content-justification-right is-layout-flex wp-container-core-buttons-is-layout-d445cf74 wp-block-buttons-is-layout-flex\">\n<div class=\"wp-block-button\"><a class=\"wp-block-button__link has-accent-background-color has-background wp-element-button\" href=\"https:\/\/academiespatiale.fr\/index.php\/formations\/offres-de-stages\/\">Voir les offres de stages<\/a><\/div>\n<\/div>\n<\/div>\n<\/div>\n<\/div><\/div>\n<\/div>\n<\/div><\/div>\n\n\n\n<div class=\"wp-block-group has-background\" style=\"border-radius:0px;background-color:#f9f8f7;padding-top:var(--wp--preset--spacing--70);padding-right:var(--wp--preset--spacing--70);padding-bottom:var(--wp--preset--spacing--70);padding-left:var(--wp--preset--spacing--70)\"><div class=\"wp-block-group__inner-container is-layout-constrained wp-container-core-group-is-layout-ae744a23 wp-block-group-is-layout-constrained\">\n<div class=\"wp-block-group is-content-justification-left is-layout-flex wp-container-core-group-is-layout-bc8e6f51 wp-block-group-is-layout-flex\">\n<div class=\"wp-block-group\"><div class=\"wp-block-group__inner-container is-layout-constrained wp-container-core-group-is-layout-92b9201d wp-block-group-is-layout-constrained\">\n<div class=\"wp-block-columns is-layout-flex wp-container-core-columns-is-layout-28f84493 wp-block-columns-is-layout-flex\">\n<div class=\"wp-block-column is-layout-flow wp-block-column-is-layout-flow\" style=\"flex-basis:66.66%\">\n<h2 class=\"wp-block-heading\">Ressources<\/h2>\n\n\n\n<p>Articles, podcasts et autres documents utiles pour explorer l&rsquo;univers spatiale et enrichir vos connaissance.<\/p>\n<\/div>\n\n\n\n<div class=\"wp-block-column is-vertically-aligned-center is-layout-flow wp-block-column-is-layout-flow\" style=\"flex-basis:33.33%\">\n<div class=\"wp-block-buttons is-content-justification-right is-layout-flex wp-container-core-buttons-is-layout-d445cf74 wp-block-buttons-is-layout-flex\">\n<div class=\"wp-block-button\"><a class=\"wp-block-button__link has-accent-background-color has-background wp-element-button\" href=\"https:\/\/academiespatiale.fr\/index.php\/ressources\/\">Voir les ressources<\/a><\/div>\n<\/div>\n<\/div>\n<\/div>\n<\/div><\/div>\n<\/div>\n<\/div><\/div>\n<\/div>\n\n\n\n<div class=\"wp-block-column is-layout-flow wp-block-column-is-layout-flow\" style=\"flex-basis:40%\">\n<div class=\"wp-block-cover\" style=\"min-height:523px;aspect-ratio:unset;\"><img loading=\"lazy\" decoding=\"async\" width=\"873\" height=\"1018\" class=\"wp-block-cover__image-background wp-image-4094\" alt=\"\" src=\"https:\/\/academiespatiale.fr\/wp-content\/uploads\/2025\/04\/image-2.png\" style=\"object-position:52% 0%\" data-object-fit=\"cover\" data-object-position=\"52% 0%\" srcset=\"https:\/\/academiespatiale.fr\/wp-content\/uploads\/2025\/04\/image-2.png 873w, https:\/\/academiespatiale.fr\/wp-content\/uploads\/2025\/04\/image-2-257x300.png 257w, https:\/\/academiespatiale.fr\/wp-content\/uploads\/2025\/04\/image-2-768x896.png 768w\" sizes=\"auto, (max-width: 873px) 100vw, 873px\" \/><span aria-hidden=\"true\" class=\"wp-block-cover__background has-background-dim-70 has-background-dim\" style=\"background-color:#18528e\"><\/span><div class=\"wp-block-cover__inner-container is-layout-flow wp-block-cover-is-layout-flow\">\n<h2 class=\"wp-block-heading has-text-align-center has-white-color has-text-color has-link-color has-large-font-size wp-elements-6fa1cddf7186d9de2e61744ce24509a6\">Rencontrez nos \u00e9tudiantes et \u00e9tudiants ambassadeurs <\/h2>\n\n\n\n<p class=\"has-text-align-center has-white-color has-text-color has-link-color wp-elements-037768f5e7fbe6bad12164951a59433e\">Master, doctorat ou d&rsquo;\u00e9cole d&rsquo;ing\u00e9nieur<br>Astrophysique, droit, pharmacologie, IA, etc.<\/p>\n\n\n\n<div class=\"wp-block-buttons is-content-justification-center is-layout-flex wp-container-core-buttons-is-layout-a89b3969 wp-block-buttons-is-layout-flex\">\n<div class=\"wp-block-button is-style-outline is-style-outline--1\"><a class=\"wp-block-button__link has-white-color has-text-color has-link-color wp-element-button\" href=\"https:\/\/academiespatiale.fr\/index.php\/my-job-glasses\/\" style=\"border-width:2px\">My Job Glasses \u00ab&nbsp;Entre jeune&nbsp;\u00bb<\/a><\/div>\n<\/div>\n<\/div><\/div>\n<\/div>\n<\/div>\n\n\n\n<div style=\"height:10px\" aria-hidden=\"true\" class=\"wp-block-spacer\"><\/div>\n\n\n\n<div style=\"height:50px\" aria-hidden=\"true\" class=\"wp-block-spacer\"><\/div>\n\n\n\n<hr class=\"wp-block-separator has-alpha-channel-opacity\"\/>\n\n\n\n<h2 class=\"wp-block-heading has-text-align-center\">Les derni\u00e8res actualit\u00e9s \u00ab\u00a0formations\u00a0\u00bb<\/h2>\n\n\n\n<p class=\"has-text-align-center\">\u2192 <a href=\"https:\/\/academiespatiale.fr\/index.php\/category\/formations\/\">Cliquez ici pour voir toute l&rsquo;actualit\u00e9 \u00ab\u00a0formations\u00a0\u00bb<\/a> \u2190<\/p>\n\n\n\n<div style=\"height:30px\" aria-hidden=\"true\" class=\"wp-block-spacer\"><\/div>\n\n\n<ul class=\"wp-block-latest-posts__list is-grid columns-3 has-dates alignwide wp-block-latest-posts\"><li><div class=\"wp-block-latest-posts__featured-image aligncenter\"><a href=\"https:\/\/academiespatiale.fr\/index.php\/2026\/04\/21\/ouverture-des-candidatures-space-executive-school\/\" aria-label=\"Ouverture des candidatures &#8211; Space Executive School\"><img loading=\"lazy\" decoding=\"async\" width=\"300\" height=\"200\" src=\"https:\/\/academiespatiale.fr\/wp-content\/uploads\/2026\/04\/SPACE-EXECUTIVE-SCHOOL-royaumont-2026-300x200.png\" class=\"attachment-medium size-medium wp-post-image\" alt=\"\" style=\"max-width:300px;max-height:300px;\" srcset=\"https:\/\/academiespatiale.fr\/wp-content\/uploads\/2026\/04\/SPACE-EXECUTIVE-SCHOOL-royaumont-2026-300x200.png 300w, https:\/\/academiespatiale.fr\/wp-content\/uploads\/2026\/04\/SPACE-EXECUTIVE-SCHOOL-royaumont-2026-360x240.png 360w, https:\/\/academiespatiale.fr\/wp-content\/uploads\/2026\/04\/SPACE-EXECUTIVE-SCHOOL-royaumont-2026.png 750w\" sizes=\"auto, (max-width: 300px) 100vw, 300px\" \/><\/a><\/div><a class=\"wp-block-latest-posts__post-title\" href=\"https:\/\/academiespatiale.fr\/index.php\/2026\/04\/21\/ouverture-des-candidatures-space-executive-school\/\">Ouverture des candidatures &#8211; Space Executive School<\/a><time datetime=\"2026-04-21T11:15:32+02:00\" class=\"wp-block-latest-posts__post-date\">21 avril 2026<\/time><\/li>\n<li><div class=\"wp-block-latest-posts__featured-image aligncenter\"><a href=\"https:\/\/academiespatiale.fr\/index.php\/2026\/03\/27\/iut-de-mantes-lancement-de-la-specialite-spatiale\/\" aria-label=\"IUT de Mantes &#8211; Lancement de la sp\u00e9cialit\u00e9 Spatiale\"><img loading=\"lazy\" decoding=\"async\" width=\"300\" height=\"200\" src=\"https:\/\/academiespatiale.fr\/wp-content\/uploads\/2026\/03\/IUT-Mantes_lancement-specialite-spatiale_2026-300x200.png\" class=\"attachment-medium size-medium wp-post-image\" alt=\"\" style=\"max-width:300px;max-height:300px;\" srcset=\"https:\/\/academiespatiale.fr\/wp-content\/uploads\/2026\/03\/IUT-Mantes_lancement-specialite-spatiale_2026-300x200.png 300w, https:\/\/academiespatiale.fr\/wp-content\/uploads\/2026\/03\/IUT-Mantes_lancement-specialite-spatiale_2026-360x240.png 360w, https:\/\/academiespatiale.fr\/wp-content\/uploads\/2026\/03\/IUT-Mantes_lancement-specialite-spatiale_2026.png 750w\" sizes=\"auto, (max-width: 300px) 100vw, 300px\" \/><\/a><\/div><a class=\"wp-block-latest-posts__post-title\" href=\"https:\/\/academiespatiale.fr\/index.php\/2026\/03\/27\/iut-de-mantes-lancement-de-la-specialite-spatiale\/\">IUT de Mantes &#8211; Lancement de la sp\u00e9cialit\u00e9 Spatiale<\/a><time datetime=\"2026-03-27T11:42:28+01:00\" class=\"wp-block-latest-posts__post-date\">27 mars 2026<\/time><\/li>\n<li><div class=\"wp-block-latest-posts__featured-image aligncenter\"><a href=\"https:\/\/academiespatiale.fr\/index.php\/2026\/03\/26\/ouverture-des-inscriptions-ecole-dete-build-your-own-satellite-in-5-days-juin-2026\/\" aria-label=\"Registration now open: \u00ab\u00a0Build Your Own Satellite in 5 Days\u00a0\u00bb summer school &#8211; June 2026\"><img loading=\"lazy\" decoding=\"async\" width=\"300\" height=\"200\" src=\"https:\/\/academiespatiale.fr\/wp-content\/uploads\/2026\/03\/Ecole-ete_build-your-own-satellite_upec_juin2026-300x200.png\" class=\"attachment-medium size-medium wp-post-image\" alt=\"\" style=\"max-width:300px;max-height:300px;\" srcset=\"https:\/\/academiespatiale.fr\/wp-content\/uploads\/2026\/03\/Ecole-ete_build-your-own-satellite_upec_juin2026-300x200.png 300w, https:\/\/academiespatiale.fr\/wp-content\/uploads\/2026\/03\/Ecole-ete_build-your-own-satellite_upec_juin2026-360x240.png 360w, https:\/\/academiespatiale.fr\/wp-content\/uploads\/2026\/03\/Ecole-ete_build-your-own-satellite_upec_juin2026.png 750w\" sizes=\"auto, (max-width: 300px) 100vw, 300px\" \/><\/a><\/div><a class=\"wp-block-latest-posts__post-title\" href=\"https:\/\/academiespatiale.fr\/index.php\/2026\/03\/26\/ouverture-des-inscriptions-ecole-dete-build-your-own-satellite-in-5-days-juin-2026\/\">Registration now open: \u00ab\u00a0Build Your Own Satellite in 5 Days\u00a0\u00bb summer school &#8211; June 2026<\/a><time datetime=\"2026-03-26T12:06:39+01:00\" class=\"wp-block-latest-posts__post-date\">26 mars 2026<\/time><\/li>\n<li><div class=\"wp-block-latest-posts__featured-image aligncenter\"><a href=\"https:\/\/academiespatiale.fr\/index.php\/2026\/03\/11\/le-master-2-biospace-xpert-ouvre-ses-inscriptions\/\" aria-label=\"Le Master 2 BioSpace-Xpert ouvre ses inscriptions !\"><img loading=\"lazy\" decoding=\"async\" width=\"300\" height=\"200\" src=\"https:\/\/academiespatiale.fr\/wp-content\/uploads\/2026\/03\/Inscription-master-2-biospace-xpert_2026-300x200.png\" class=\"attachment-medium size-medium wp-post-image\" alt=\"\" style=\"max-width:300px;max-height:300px;\" srcset=\"https:\/\/academiespatiale.fr\/wp-content\/uploads\/2026\/03\/Inscription-master-2-biospace-xpert_2026-300x200.png 300w, https:\/\/academiespatiale.fr\/wp-content\/uploads\/2026\/03\/Inscription-master-2-biospace-xpert_2026-360x240.png 360w, https:\/\/academiespatiale.fr\/wp-content\/uploads\/2026\/03\/Inscription-master-2-biospace-xpert_2026.png 750w\" sizes=\"auto, (max-width: 300px) 100vw, 300px\" \/><\/a><\/div><a class=\"wp-block-latest-posts__post-title\" href=\"https:\/\/academiespatiale.fr\/index.php\/2026\/03\/11\/le-master-2-biospace-xpert-ouvre-ses-inscriptions\/\">Le Master 2 BioSpace-Xpert ouvre ses inscriptions !<\/a><time datetime=\"2026-03-11T19:42:23+01:00\" class=\"wp-block-latest-posts__post-date\">11 mars 2026<\/time><\/li>\n<li><div class=\"wp-block-latest-posts__featured-image aligncenter\"><a href=\"https:\/\/academiespatiale.fr\/index.php\/2026\/03\/11\/appel-a-participation-ecospace-travaux-de-recherche\/\" aria-label=\"Appel \u00e0 participation ECOSPACE &#8211; Travaux de recherche\"><img loading=\"lazy\" decoding=\"async\" width=\"300\" height=\"200\" src=\"https:\/\/academiespatiale.fr\/wp-content\/uploads\/2026\/03\/ECOSPACE_IUTmantes_appel-participation-300x200.png\" class=\"attachment-medium size-medium wp-post-image\" alt=\"\" style=\"max-width:300px;max-height:300px;\" srcset=\"https:\/\/academiespatiale.fr\/wp-content\/uploads\/2026\/03\/ECOSPACE_IUTmantes_appel-participation-300x200.png 300w, https:\/\/academiespatiale.fr\/wp-content\/uploads\/2026\/03\/ECOSPACE_IUTmantes_appel-participation-360x240.png 360w, https:\/\/academiespatiale.fr\/wp-content\/uploads\/2026\/03\/ECOSPACE_IUTmantes_appel-participation.png 750w\" sizes=\"auto, (max-width: 300px) 100vw, 300px\" \/><\/a><\/div><a class=\"wp-block-latest-posts__post-title\" href=\"https:\/\/academiespatiale.fr\/index.php\/2026\/03\/11\/appel-a-participation-ecospace-travaux-de-recherche\/\">Appel \u00e0 participation ECOSPACE &#8211; Travaux de recherche<\/a><time datetime=\"2026-03-11T17:21:50+01:00\" class=\"wp-block-latest-posts__post-date\">11 mars 2026<\/time><\/li>\n<li><div class=\"wp-block-latest-posts__featured-image aligncenter\"><a href=\"https:\/\/academiespatiale.fr\/index.php\/2026\/03\/06\/webinaire-de-presentation-du-master-2-dast-droit-spatial-le-17-mars-2026\/\" aria-label=\"Webinaire de pr\u00e9sentation du Master 2 DAST &#8211; Droit spatial &#8211; Le 17 mars 2026\"><img loading=\"lazy\" decoding=\"async\" width=\"300\" height=\"200\" src=\"https:\/\/academiespatiale.fr\/wp-content\/uploads\/2026\/03\/M2DAST_Webinaire-presentation-2026-300x200.png\" class=\"attachment-medium size-medium wp-post-image\" alt=\"\" style=\"max-width:300px;max-height:300px;\" srcset=\"https:\/\/academiespatiale.fr\/wp-content\/uploads\/2026\/03\/M2DAST_Webinaire-presentation-2026-300x200.png 300w, https:\/\/academiespatiale.fr\/wp-content\/uploads\/2026\/03\/M2DAST_Webinaire-presentation-2026-360x240.png 360w, https:\/\/academiespatiale.fr\/wp-content\/uploads\/2026\/03\/M2DAST_Webinaire-presentation-2026.png 750w\" sizes=\"auto, (max-width: 300px) 100vw, 300px\" \/><\/a><\/div><a class=\"wp-block-latest-posts__post-title\" href=\"https:\/\/academiespatiale.fr\/index.php\/2026\/03\/06\/webinaire-de-presentation-du-master-2-dast-droit-spatial-le-17-mars-2026\/\">Webinaire de pr\u00e9sentation du Master 2 DAST &#8211; Droit spatial &#8211; Le 17 mars 2026<\/a><time datetime=\"2026-03-06T15:39:39+01:00\" class=\"wp-block-latest-posts__post-date\">6 mars 2026<\/time><\/li>\n<\/ul>","protected":false},"excerpt":{"rendered":"<p>Explorez nos ressources \u00e9ducatives : les formations \u00e0 l\u2019ann\u00e9e, des offres de stages, des \u00e9coles th\u00e9matiques et des outils pratiques pour vous accompagner dans votre parcours. SOMMAIRE Programmes \u00e0 venir Restez inform\u00e9\u00b7e et inscrivez-vous ! Ne manquez pas nos prochaines sessions : explorez les programmes \u00e0 venir, d\u00e9couvrez les th\u00e9matiques, [&hellip;]<\/p>\n","protected":false},"author":1,"featured_media":0,"parent":0,"menu_order":0,"comment_status":"closed","ping_status":"closed","template":"","meta":{"_monsterinsights_skip_tracking":false,"_monsterinsights_sitenote_active":false,"_monsterinsights_sitenote_note":"","_monsterinsights_sitenote_category":0,"_EventAllDay":false,"_EventTimezone":"","_EventStartDate":"","_EventEndDate":"","_EventStartDateUTC":"","_EventEndDateUTC":"","_EventShowMap":false,"_EventShowMapLink":false,"_EventURL":"","_EventCost":"","_EventCostDescription":"","_EventCurrencySymbol":"","_EventCurrencyCode":"","_EventCurrencyPosition":"","_EventDateTimeSeparator":"","_EventTimeRangeSeparator":"","_EventOrganizerID":[],"_EventVenueID":[],"_OrganizerEmail":"","_OrganizerPhone":"","_OrganizerWebsite":"","_VenueAddress":"","_VenueCity":"","_VenueCountry":"","_VenueProvince":"","_VenueState":"","_VenueZip":"","_VenuePhone":"","_VenueURL":"","_VenueStateProvince":"","_VenueLat":"","_VenueLng":"","_VenueShowMap":false,"_VenueShowMapLink":false,"footnotes":""},"class_list":["post-65","page","type-page","status-publish","hentry"],"aioseo_notices":[],"_links":{"self":[{"href":"https:\/\/academiespatiale.fr\/index.php\/wp-json\/wp\/v2\/pages\/65","targetHints":{"allow":["GET"]}}],"collection":[{"href":"https:\/\/academiespatiale.fr\/index.php\/wp-json\/wp\/v2\/pages"}],"about":[{"href":"https:\/\/academiespatiale.fr\/index.php\/wp-json\/wp\/v2\/types\/page"}],"author":[{"embeddable":true,"href":"https:\/\/academiespatiale.fr\/index.php\/wp-json\/wp\/v2\/users\/1"}],"replies":[{"embeddable":true,"href":"https:\/\/academiespatiale.fr\/index.php\/wp-json\/wp\/v2\/comments?post=65"}],"version-history":[{"count":138,"href":"https:\/\/academiespatiale.fr\/index.php\/wp-json\/wp\/v2\/pages\/65\/revisions"}],"predecessor-version":[{"id":8212,"href":"https:\/\/academiespatiale.fr\/index.php\/wp-json\/wp\/v2\/pages\/65\/revisions\/8212"}],"wp:attachment":[{"href":"https:\/\/academiespatiale.fr\/index.php\/wp-json\/wp\/v2\/media?parent=65"}],"curies":[{"name":"wp","href":"https:\/\/api.w.org\/{rel}","templated":true}]}}