{"id":61,"date":"2024-03-28T17:53:18","date_gmt":"2024-03-28T16:53:18","guid":{"rendered":"https:\/\/academiespatiale.fr\/?page_id=61"},"modified":"2026-04-13T14:47:57","modified_gmt":"2026-04-13T12:47:57","slug":"a-propos","status":"publish","type":"page","link":"https:\/\/academiespatiale.fr\/index.php\/a-propos\/","title":{"rendered":"\u00c0 propos de l&rsquo;Acad\u00e9mie Spatiale d&rsquo;IDF"},"content":{"rendered":"\n<div class=\"wp-block-columns alignfull has-text-color has-link-color wp-elements-8422e2a85d9f2e5605b7dd2ae54b3e54 is-layout-flex wp-container-core-columns-is-layout-e94c545b wp-block-columns-is-layout-flex\" style=\"color:#b1b1b1;margin-top:-25px;margin-bottom:20px;padding-top:0;padding-right:0;padding-bottom:0;padding-left:60px;font-size:15px\">\n<div class=\"wp-block-column has-text-color has-link-color wp-elements-32661c60388d2123b0bf1683c717c484 is-layout-flow wp-block-column-is-layout-flow\" style=\"color:#a1a1a1;padding-top:0;padding-bottom:0;font-size:15px;font-style:normal;font-weight:100;flex-basis:100%\"><div class=\"aioseo-breadcrumbs\"><span class=\"aioseo-breadcrumb\">\n\t\t\t<a href=\"https:\/\/academiespatiale.fr\" title=\"Home\">Home<\/a>\n\t\t<\/span><span class=\"aioseo-breadcrumb-separator\">&raquo;<\/span><span class=\"aioseo-breadcrumb\">\n\t\t\t\u00c0 propos de l\u2019Acad\u00e9mie Spatiale d\u2019IDF\n\t\t<\/span><\/div><\/div>\n<\/div>\n\n\n\n<div class=\"wp-block-columns is-layout-flex wp-container-core-columns-is-layout-28f84493 wp-block-columns-is-layout-flex\">\n<div class=\"wp-block-column is-layout-flow wp-block-column-is-layout-flow\" style=\"flex-basis:66.66%\">\n<figure class=\"wp-block-image size-full is-style-default\"><img loading=\"lazy\" decoding=\"async\" width=\"4208\" height=\"1746\" src=\"https:\/\/academiespatiale.fr\/wp-content\/uploads\/2024\/07\/Accueil_06.png\" alt=\"\" class=\"wp-image-1399\" style=\"aspect-ratio:16\/9;object-fit:cover\" srcset=\"https:\/\/academiespatiale.fr\/wp-content\/uploads\/2024\/07\/Accueil_06.png 4208w, https:\/\/academiespatiale.fr\/wp-content\/uploads\/2024\/07\/Accueil_06-300x124.png 300w, https:\/\/academiespatiale.fr\/wp-content\/uploads\/2024\/07\/Accueil_06-1024x425.png 1024w, https:\/\/academiespatiale.fr\/wp-content\/uploads\/2024\/07\/Accueil_06-768x319.png 768w, https:\/\/academiespatiale.fr\/wp-content\/uploads\/2024\/07\/Accueil_06-1536x637.png 1536w, https:\/\/academiespatiale.fr\/wp-content\/uploads\/2024\/07\/Accueil_06-2048x850.png 2048w\" sizes=\"auto, (max-width: 4208px) 100vw, 4208px\" \/><\/figure>\n<\/div>\n\n\n\n<div class=\"wp-block-column is-layout-flow wp-block-column-is-layout-flow\" style=\"flex-basis:33.33%\">\n<ul style=\"font-size:15px\" class=\"wp-block-list\">\n<li><a href=\"https:\/\/academiespatiale.fr\/index.php\/a-propos\/qui-sommes-nous\/\" title=\"\"><strong>Qui sommes-nous ?<\/strong><\/a><\/li>\n\n\n\n<li><strong><a href=\"https:\/\/academiespatiale.fr\/index.php\/a-propos\/france-2030\/\" title=\"\">Plan d&rsquo;investissement France 2030<\/a><\/strong><\/li>\n\n\n\n<li><strong><a href=\"https:\/\/academiespatiale.fr\/index.php\/a-propos\/actions\/\" title=\"\">Nos actions <\/a><\/strong><\/li>\n\n\n\n<li><strong><a href=\"https:\/\/academiespatiale.fr\/index.php\/a-propos\/porteurs-projet\/\" title=\"\">Les huit \u00e9tablissements porteurs du projet<\/a><\/strong><\/li>\n\n\n\n<li><a href=\"https:\/\/academiespatiale.fr\/index.php\/a-propos\/partenariats\/\" title=\"\"><strong>Nos partenaires<\/strong><\/a><\/li>\n\n\n\n<li><strong><a href=\"https:\/\/academiespatiale.fr\/index.php\/a-propos\/partenariats\/\" title=\"\">Projets associ\u00e9s<\/a><\/strong><\/li>\n\n\n\n<li><strong><a href=\"https:\/\/academiespatiale.fr\/index.php\/a-propos\/egalite-des-chances\/\" title=\"\">\u00c9galit\u00e9 des chances<\/a><\/strong><\/li>\n\n\n\n<li><strong><a href=\"https:\/\/academiespatiale.fr\/index.php\/a-propos\/logos\/\" title=\"\">Logo<\/a><\/strong><\/li>\n<\/ul>\n<\/div>\n<\/div>\n\n\n\n<div class=\"wp-block-cover alignfull is-light\" style=\"min-height:465px;aspect-ratio:unset;\"><span aria-hidden=\"true\" class=\"wp-block-cover__background has-background-dim-100 has-background-dim\" style=\"background-color:#ffffff\"><\/span><div class=\"wp-block-cover__inner-container is-layout-flow wp-block-cover-is-layout-flow\">\n<div class=\"wp-block-cover alignwide\"><img loading=\"lazy\" decoding=\"async\" width=\"2045\" height=\"589\" class=\"wp-block-cover__image-background wp-image-4661 size-full\" alt=\"\" src=\"https:\/\/academiespatiale.fr\/wp-content\/uploads\/2025\/05\/Banniere_05.png\" data-object-fit=\"cover\" srcset=\"https:\/\/academiespatiale.fr\/wp-content\/uploads\/2025\/05\/Banniere_05.png 2045w, https:\/\/academiespatiale.fr\/wp-content\/uploads\/2025\/05\/Banniere_05-300x86.png 300w, https:\/\/academiespatiale.fr\/wp-content\/uploads\/2025\/05\/Banniere_05-1024x295.png 1024w, https:\/\/academiespatiale.fr\/wp-content\/uploads\/2025\/05\/Banniere_05-768x221.png 768w, https:\/\/academiespatiale.fr\/wp-content\/uploads\/2025\/05\/Banniere_05-1536x442.png 1536w\" sizes=\"auto, (max-width: 2045px) 100vw, 2045px\" \/><span aria-hidden=\"true\" class=\"wp-block-cover__background has-background-dim\" style=\"background-color:#233355\"><\/span><div class=\"wp-block-cover__inner-container is-layout-flow wp-block-cover-is-layout-flow\">\n<h2 class=\"wp-block-heading has-text-align-center has-white-color has-text-color has-link-color wp-elements-33c141759dc31d2f4a62ee3934e1207a\" style=\"font-size:32px\">  <em>\u00ab&nbsp;Prendre toute notre part \u00e0 la nouvelle aventure spatiale&nbsp;\u00bb <\/em><\/h2>\n\n\n\n<p class=\"has-text-align-center has-medium-font-size\"><strong><em>&#8211; France2030, objectif n\u00b09<\/em> <\/strong><\/p>\n\n\n\n<p class=\"has-text-align-center has-white-color has-text-color\" style=\"font-size:17px\">L\u2019Acad\u00e9mie Spatiale d\u2019\u00cele-de-France, laur\u00e9ate du plan d&rsquo;investissement France 2030, est un projet d\u00e9di\u00e9 \u00e0 toutes celles et ceux qui r\u00eavent de travailler dans le domaine spatial.<\/p>\n\n\n\n<p class=\"has-text-align-center has-white-color has-text-color\" style=\"font-size:17px\"> Ses objectifs sont de f\u00e9d\u00e9rer, am\u00e9liorer et diffuser les activit\u00e9s de formation du secteur spatial en IDF, <br>ainsi qu&rsquo;\u00e0 sensibiliser les jeunes \u00e0 la diversit\u00e9 des m\u00e9tiers du secteur spatial et \u00e0 b\u00e2tir une communaut\u00e9 formateurs\/employeurs.<\/p>\n\n\n\n<div class=\"wp-block-buttons is-horizontal is-content-justification-center is-layout-flex wp-container-core-buttons-is-layout-ecd33c62 wp-block-buttons-is-layout-flex\">\n<div class=\"wp-block-button is-style-fill\"><a class=\"wp-block-button__link has-white-color has-accent-background-color has-text-color has-background has-link-color wp-element-button\" href=\"https:\/\/academiespatiale.fr\/index.php\/a-propos\/qui-sommes-nous\/\"><strong>Qui sommes-nous ?<\/strong><\/a><\/div>\n\n\n\n<div class=\"wp-block-button is-style-fill\"><a class=\"wp-block-button__link has-white-color has-accent-background-color has-text-color has-background has-link-color wp-element-button\" href=\"https:\/\/academiespatiale.fr\/index.php\/a-propos\/france-2030\/\"><strong>France 2030<\/strong><\/a><\/div>\n\n\n\n<div class=\"wp-block-button is-style-fill\"><a class=\"wp-block-button__link has-white-color has-accent-background-color has-text-color has-background has-link-color wp-element-button\" href=\"https:\/\/academiespatiale.fr\/index.php\/a-propos\/actions\/\"><strong>Nos actions<\/strong><\/a><\/div>\n<\/div>\n<\/div><\/div>\n<\/div><\/div>\n\n\n\n<div class=\"wp-block-columns alignwide is-layout-flex wp-container-core-columns-is-layout-28f84493 wp-block-columns-is-layout-flex\">\n<div class=\"wp-block-column is-layout-flow wp-block-column-is-layout-flow\" style=\"flex-basis:100%\">\n<p class=\"has-background-color-background-color has-background\" style=\"font-size:15px\">PUBLICATION : P. Keckhut, H. Chepfer and al., <strong>Space Academy of \u00cele-de-France: Evolution of taught courses and educational practices in the space domain facing new emerging professions<\/strong>, 5th Symposium on Space Educational Activities, April 2026, Munich (Germany) \u2192 <a href=\"https:\/\/academiespatiale.fr\/wp-content\/uploads\/2026\/02\/Academie-Spatiale-SSEA26_all.pdf\" target=\"_blank\" rel=\"noopener\" title=\"\">\u00e0 lire ici \/ read here <\/a><\/p>\n<\/div>\n<\/div>\n\n\n\n<div class=\"wp-block-group alignwide\"><div class=\"wp-block-group__inner-container is-layout-constrained wp-block-group-is-layout-constrained\">\n<div class=\"wp-block-columns is-layout-flex wp-container-core-columns-is-layout-643ced6b wp-block-columns-is-layout-flex\">\n<div class=\"wp-block-column is-layout-flow wp-block-column-is-layout-flow\" style=\"flex-basis:40%\">\n<div class=\"wp-block-cover\" style=\"border-radius:0px;padding-top:32px;padding-right:32px;padding-bottom:32px;padding-left:32px;min-height:100%;aspect-ratio:unset;\"><img loading=\"lazy\" decoding=\"async\" width=\"1024\" height=\"1009\" class=\"wp-block-cover__image-background wp-image-242 size-large\" alt=\"\" src=\"https:\/\/academiespatiale.fr\/wp-content\/uploads\/2024\/04\/Batiment-sorbonneU-1-1024x1009.jpg\" data-object-fit=\"cover\" srcset=\"https:\/\/academiespatiale.fr\/wp-content\/uploads\/2024\/04\/Batiment-sorbonneU-1-1024x1009.jpg 1024w, https:\/\/academiespatiale.fr\/wp-content\/uploads\/2024\/04\/Batiment-sorbonneU-1-300x296.jpg 300w, https:\/\/academiespatiale.fr\/wp-content\/uploads\/2024\/04\/Batiment-sorbonneU-1-768x757.jpg 768w, https:\/\/academiespatiale.fr\/wp-content\/uploads\/2024\/04\/Batiment-sorbonneU-1-1536x1514.jpg 1536w, https:\/\/academiespatiale.fr\/wp-content\/uploads\/2024\/04\/Batiment-sorbonneU-1.jpg 2000w\" sizes=\"auto, (max-width: 1024px) 100vw, 1024px\" \/><span aria-hidden=\"true\" class=\"wp-block-cover__background has-background-dim-70 has-background-dim\" style=\"background-color:#18528e\"><\/span><div class=\"wp-block-cover__inner-container is-layout-constrained wp-container-core-cover-is-layout-1a1c0e64 wp-block-cover-is-layout-constrained\">\n<div class=\"wp-block-buttons is-content-justification-center is-layout-flex wp-container-core-buttons-is-layout-a89b3969 wp-block-buttons-is-layout-flex\">\n<div class=\"wp-block-button\"><a class=\"wp-block-button__link has-white-background-color has-text-color has-background has-link-color has-border-color has-white-border-color has-medium-font-size has-custom-font-size wp-element-button\" href=\"https:\/\/academiespatiale.fr\/index.php\/a-propos\/porteurs-projet\/\" style=\"border-width:2px;color:#18528e;font-style:normal;font-weight:800\">Porteurs du projet<\/a><\/div>\n<\/div>\n\n\n\n<hr class=\"wp-block-separator has-alpha-channel-opacity\"\/>\n\n\n\n<div class=\"wp-block-buttons is-content-justification-center is-layout-flex wp-container-core-buttons-is-layout-a89b3969 wp-block-buttons-is-layout-flex\">\n<div class=\"wp-block-button\"><a class=\"wp-block-button__link has-white-background-color has-text-color has-background has-link-color has-border-color has-white-border-color has-medium-font-size has-custom-font-size wp-element-button\" href=\"https:\/\/academiespatiale.fr\/index.php\/a-propos\/partenariats\/\" style=\"border-width:2px;color:#18528e;font-style:normal;font-weight:100\">Nos partenaires<\/a><\/div>\n<\/div>\n<\/div><\/div>\n<\/div>\n\n\n\n<div class=\"wp-block-column is-layout-flow wp-container-core-column-is-layout-9f77543f wp-block-column-is-layout-flow\">\n<div class=\"wp-block-group\"><div class=\"wp-block-group__inner-container is-layout-constrained wp-container-core-group-is-layout-92b9201d wp-block-group-is-layout-constrained\">\n<p class=\"has-text-align-left has-accent-color has-text-color has-link-color has-small-font-size wp-elements-3495bc7cc73ce52a4f1c7e92532fb783\" style=\"font-style:normal;font-weight:600;text-transform:uppercase\">Les porteurs du projet Acad\u00e9mie Spatiale<\/p>\n\n\n\n<h3 class=\"wp-block-heading has-black-color has-text-color has-link-color wp-elements-27cc7e023449282a08604077bf12ded0\"><a href=\"https:\/\/academiespatiale.fr\/index.php\/a-propos\/porteurs-projet\/\" title=\"\">Huit \u00e9tablissement d&rsquo;enseignement sup\u00e9rieur et de recherche<\/a><\/h3>\n\n\n\n<p class=\"has-text-align-left\" style=\"margin-right:0;margin-left:0\">L\u2019Acad\u00e9mie Spatiale d\u2019\u00cele-de-France est port\u00e9e par huit \u00e9tablissements d\u2019enseignement sup\u00e9rieur et de recherche franciliens : Universit\u00e9 Paris-Saclay, Sorbonne Universit\u00e9, Universit\u00e9 PSL, Universit\u00e9 Paris Cit\u00e9, UPEC, Institut Polytechnique de Paris, ONERA et UVSQ.<\/p>\n<\/div><\/div>\n\n\n\n<div class=\"wp-block-group\"><div class=\"wp-block-group__inner-container is-layout-constrained wp-container-core-group-is-layout-92b9201d wp-block-group-is-layout-constrained\">\n<p class=\"has-text-align-left has-accent-color has-text-color has-link-color has-small-font-size wp-elements-5e24f1f7f0aa8758ceedb0e62d27b5d3\" style=\"font-style:normal;font-weight:600;text-transform:uppercase\">NOS PARTENAIRES<\/p>\n\n\n\n<h3 class=\"wp-block-heading has-black-color has-text-color has-link-color wp-elements-0bee1c5f43263c3b035fdc28f7b05061\"><a href=\"https:\/\/academiespatiale.fr\/index.php\/a-propos\/partenariats\/\" title=\"\">Soutien et collaboration<\/a><\/h3>\n\n\n\n<p class=\"has-text-align-left\" style=\"margin-right:0;margin-left:0\">Nous sommes soutenus par un vaste r\u00e9seau de partenaires institutionnels, industriels, associatifs et d\u2019organismes de formation. Ces collaborations strat\u00e9giques renforcent les ressources et les opportunit\u00e9s gr\u00e2ce auxquelles nous pouvons inspirer et former la prochaine g\u00e9n\u00e9ration de professionnels du spatial.<\/p>\n<\/div><\/div>\n<\/div>\n<\/div>\n<\/div><\/div>\n\n\n\n<figure class=\"wp-block-image alignwide size-full\"><img loading=\"lazy\" decoding=\"async\" width=\"20875\" height=\"1462\" src=\"https:\/\/academiespatiale.fr\/wp-content\/uploads\/2024\/05\/Frise_logosCMA-HDD.png\" alt=\"\" class=\"wp-image-1001\" srcset=\"https:\/\/academiespatiale.fr\/wp-content\/uploads\/2024\/05\/Frise_logosCMA-HDD.png 20875w, https:\/\/academiespatiale.fr\/wp-content\/uploads\/2024\/05\/Frise_logosCMA-HDD-300x21.png 300w, https:\/\/academiespatiale.fr\/wp-content\/uploads\/2024\/05\/Frise_logosCMA-HDD-1024x72.png 1024w, https:\/\/academiespatiale.fr\/wp-content\/uploads\/2024\/05\/Frise_logosCMA-HDD-768x54.png 768w, https:\/\/academiespatiale.fr\/wp-content\/uploads\/2024\/05\/Frise_logosCMA-HDD-1536x108.png 1536w, https:\/\/academiespatiale.fr\/wp-content\/uploads\/2024\/05\/Frise_logosCMA-HDD-2048x143.png 2048w\" sizes=\"auto, (max-width: 20875px) 100vw, 20875px\" \/><\/figure>\n\n\n\n<div style=\"height:50px\" aria-hidden=\"true\" class=\"wp-block-spacer\"><\/div>\n\n\n\n<div class=\"wp-block-columns alignwide is-layout-flex wp-container-core-columns-is-layout-28f84493 wp-block-columns-is-layout-flex\">\n<div class=\"wp-block-column is-layout-flow wp-block-column-is-layout-flow\" style=\"flex-basis:60%\">\n<div class=\"wp-block-group has-background\" style=\"border-radius:0px;background-color:#f9f8f7;padding-top:var(--wp--preset--spacing--70);padding-right:var(--wp--preset--spacing--70);padding-bottom:var(--wp--preset--spacing--70);padding-left:var(--wp--preset--spacing--70)\"><div class=\"wp-block-group__inner-container is-layout-constrained wp-container-core-group-is-layout-ae744a23 wp-block-group-is-layout-constrained\">\n<div class=\"wp-block-group is-content-justification-left is-layout-flex wp-container-core-group-is-layout-bc8e6f51 wp-block-group-is-layout-flex\">\n<div class=\"wp-block-group\"><div class=\"wp-block-group__inner-container is-layout-constrained wp-container-core-group-is-layout-92b9201d wp-block-group-is-layout-constrained\">\n<div class=\"wp-block-columns is-layout-flex wp-container-core-columns-is-layout-28f84493 wp-block-columns-is-layout-flex\">\n<div class=\"wp-block-column is-layout-flow wp-block-column-is-layout-flow\" style=\"flex-basis:66.66%\">\n<h2 class=\"wp-block-heading\">Projets associ\u00e9s<\/h2>\n\n\n\n<p>L\u2019Acad\u00e9mie Spatiale d\u2019IDF est un projet de 90 millions d\u2019euros, port\u00e9 par huit \u00e9tablissements d\u2019enseignement sup\u00e9rieur et de recherche, qui a pu favoriser l\u2019\u00e9mergence de projets internationaux.<\/p>\n<\/div>\n\n\n\n<div class=\"wp-block-column is-vertically-aligned-center is-layout-flow wp-block-column-is-layout-flow\" style=\"flex-basis:33.33%\">\n<div class=\"wp-block-buttons is-content-justification-right is-layout-flex wp-container-core-buttons-is-layout-d445cf74 wp-block-buttons-is-layout-flex\">\n<div class=\"wp-block-button\"><a class=\"wp-block-button__link has-accent-background-color has-background wp-element-button\" href=\"https:\/\/academiespatiale.fr\/index.php\/a-propos\/projets-obtenus\/\">D\u00e9couvrir les projets<\/a><\/div>\n<\/div>\n<\/div>\n<\/div>\n<\/div><\/div>\n<\/div>\n<\/div><\/div>\n\n\n\n<div class=\"wp-block-group has-background\" style=\"border-radius:0px;background-color:#f9f8f7;padding-top:var(--wp--preset--spacing--70);padding-right:var(--wp--preset--spacing--70);padding-bottom:var(--wp--preset--spacing--70);padding-left:var(--wp--preset--spacing--70)\"><div class=\"wp-block-group__inner-container is-layout-constrained wp-container-core-group-is-layout-ae744a23 wp-block-group-is-layout-constrained\">\n<div class=\"wp-block-group is-content-justification-space-between is-layout-flex wp-container-core-group-is-layout-9366075c wp-block-group-is-layout-flex\">\n<div class=\"wp-block-group\"><div class=\"wp-block-group__inner-container is-layout-constrained wp-container-core-group-is-layout-92b9201d wp-block-group-is-layout-constrained\">\n<div class=\"wp-block-columns is-layout-flex wp-container-core-columns-is-layout-28f84493 wp-block-columns-is-layout-flex\">\n<div class=\"wp-block-column is-layout-flow wp-block-column-is-layout-flow\" style=\"flex-basis:66.66%\">\n<h2 class=\"wp-block-heading\">LOGO<\/h2>\n\n\n\n<p>T\u00e9l\u00e9charger les logotypes de l&rsquo;Acad\u00e9mie Spatiale d&rsquo;\u00cele-de-France.<\/p>\n<\/div>\n\n\n\n<div class=\"wp-block-column is-vertically-aligned-center is-layout-flow wp-block-column-is-layout-flow\" style=\"flex-basis:33.33%\">\n<div class=\"wp-block-buttons is-content-justification-right is-layout-flex wp-container-core-buttons-is-layout-d445cf74 wp-block-buttons-is-layout-flex\">\n<div class=\"wp-block-button\"><a class=\"wp-block-button__link has-accent-background-color has-background wp-element-button\" href=\"https:\/\/academiespatiale.fr\/index.php\/a-propos\/logos\/\">Voir les logos<\/a><\/div>\n<\/div>\n<\/div>\n<\/div>\n<\/div><\/div>\n<\/div>\n<\/div><\/div>\n<\/div>\n\n\n\n<div class=\"wp-block-column is-layout-flow wp-block-column-is-layout-flow\" style=\"flex-basis:40%\">\n<div class=\"wp-block-cover\" style=\"min-height:523px;aspect-ratio:unset;\"><img loading=\"lazy\" decoding=\"async\" width=\"655\" height=\"1024\" class=\"wp-block-cover__image-background wp-image-8182 size-large\" alt=\"\" src=\"https:\/\/academiespatiale.fr\/wp-content\/uploads\/2026\/02\/Fondvertical_elles-font-espace-655x1024.jpg\" data-object-fit=\"cover\" srcset=\"https:\/\/academiespatiale.fr\/wp-content\/uploads\/2026\/02\/Fondvertical_elles-font-espace-655x1024.jpg 655w, https:\/\/academiespatiale.fr\/wp-content\/uploads\/2026\/02\/Fondvertical_elles-font-espace-192x300.jpg 192w, https:\/\/academiespatiale.fr\/wp-content\/uploads\/2026\/02\/Fondvertical_elles-font-espace-768x1200.jpg 768w, https:\/\/academiespatiale.fr\/wp-content\/uploads\/2026\/02\/Fondvertical_elles-font-espace-983x1536.jpg 983w, https:\/\/academiespatiale.fr\/wp-content\/uploads\/2026\/02\/Fondvertical_elles-font-espace-1311x2048.jpg 1311w, https:\/\/academiespatiale.fr\/wp-content\/uploads\/2026\/02\/Fondvertical_elles-font-espace-scaled.jpg 1638w\" sizes=\"auto, (max-width: 655px) 100vw, 655px\" \/><span aria-hidden=\"true\" class=\"wp-block-cover__background has-accent-background-color has-background-dim-30 has-background-dim\"><\/span><div class=\"wp-block-cover__inner-container is-layout-flow wp-block-cover-is-layout-flow\">\n<h2 class=\"wp-block-heading has-text-align-center has-white-color has-text-color has-link-color has-large-font-size wp-elements-96277744361c04688b63cb2532c40b22\">\u00c9galit\u00e9 des chances<\/h2>\n\n\n\n<p class=\"has-text-align-center\">L\u2019Acad\u00e9mie Spatiale d\u2019\u00cele-de-France s\u2019engage \u00e0 promouvoir des formations dans le domaine spatial inclusives, \u00e9quitables et accessibles \u00e0 tous et toutes.<\/p>\n\n\n\n<div class=\"wp-block-buttons is-content-justification-center is-layout-flex wp-container-core-buttons-is-layout-a89b3969 wp-block-buttons-is-layout-flex\">\n<div class=\"wp-block-button is-style-outline is-style-outline--1\"><a class=\"wp-block-button__link has-white-color has-text-color has-link-color wp-element-button\" href=\"https:\/\/academiespatiale.fr\/index.php\/a-propos\/egalite-des-chances\/\" style=\"border-width:2px\">Voir nos actions, objectifs et ressources<\/a><\/div>\n<\/div>\n<\/div><\/div>\n<\/div>\n<\/div>\n\n\n\n<div style=\"height:10px\" aria-hidden=\"true\" class=\"wp-block-spacer\"><\/div>\n\n\n\n<div style=\"height:50px\" aria-hidden=\"true\" class=\"wp-block-spacer\"><\/div>\n\n\n\n<hr class=\"wp-block-separator has-alpha-channel-opacity\"\/>\n\n\n\n<h2 class=\"wp-block-heading has-text-align-center\">Les derni\u00e8res actualit\u00e9s<\/h2>\n\n\n\n<p class=\"has-text-align-center\">\u2192 <a href=\"https:\/\/academiespatiale.fr\/index.php\/actualites\/\" title=\"\">Cliquez ici pour voir toute les actualit\u00e9s<\/a> \u2190<\/p>\n\n\n\n<div style=\"height:30px\" aria-hidden=\"true\" class=\"wp-block-spacer\"><\/div>\n\n\n<ul class=\"wp-block-latest-posts__list is-grid columns-4 has-dates alignwide wp-block-latest-posts\"><li><div class=\"wp-block-latest-posts__featured-image aligncenter\"><a href=\"https:\/\/academiespatiale.fr\/index.php\/2026\/04\/23\/inscription-on-the-moon-again-juin-2026\/\" aria-label=\"Inscription &#8211; On the Moon Again, juin 2026\"><img loading=\"lazy\" decoding=\"async\" width=\"300\" height=\"200\" src=\"https:\/\/academiespatiale.fr\/wp-content\/uploads\/2026\/04\/On-the-moon-again-inscription-300x200.png\" class=\"attachment-medium size-medium wp-post-image\" alt=\"\" style=\"max-width:300px;max-height:300px;\" srcset=\"https:\/\/academiespatiale.fr\/wp-content\/uploads\/2026\/04\/On-the-moon-again-inscription-300x200.png 300w, https:\/\/academiespatiale.fr\/wp-content\/uploads\/2026\/04\/On-the-moon-again-inscription-360x240.png 360w, https:\/\/academiespatiale.fr\/wp-content\/uploads\/2026\/04\/On-the-moon-again-inscription.png 750w\" sizes=\"auto, (max-width: 300px) 100vw, 300px\" \/><\/a><\/div><a class=\"wp-block-latest-posts__post-title\" href=\"https:\/\/academiespatiale.fr\/index.php\/2026\/04\/23\/inscription-on-the-moon-again-juin-2026\/\">Inscription &#8211; On the Moon Again, juin 2026<\/a><time datetime=\"2026-04-23T16:31:59+02:00\" class=\"wp-block-latest-posts__post-date\">23 avril 2026<\/time><\/li>\n<li><div class=\"wp-block-latest-posts__featured-image aligncenter\"><a href=\"https:\/\/academiespatiale.fr\/index.php\/2026\/04\/21\/ouverture-des-candidatures-space-executive-school\/\" aria-label=\"Ouverture des candidatures &#8211; Space Executive School\"><img loading=\"lazy\" decoding=\"async\" width=\"300\" height=\"200\" src=\"https:\/\/academiespatiale.fr\/wp-content\/uploads\/2026\/04\/SPACE-EXECUTIVE-SCHOOL-royaumont-2026-300x200.png\" class=\"attachment-medium size-medium wp-post-image\" alt=\"\" style=\"max-width:300px;max-height:300px;\" srcset=\"https:\/\/academiespatiale.fr\/wp-content\/uploads\/2026\/04\/SPACE-EXECUTIVE-SCHOOL-royaumont-2026-300x200.png 300w, https:\/\/academiespatiale.fr\/wp-content\/uploads\/2026\/04\/SPACE-EXECUTIVE-SCHOOL-royaumont-2026-360x240.png 360w, https:\/\/academiespatiale.fr\/wp-content\/uploads\/2026\/04\/SPACE-EXECUTIVE-SCHOOL-royaumont-2026.png 750w\" sizes=\"auto, (max-width: 300px) 100vw, 300px\" \/><\/a><\/div><a class=\"wp-block-latest-posts__post-title\" href=\"https:\/\/academiespatiale.fr\/index.php\/2026\/04\/21\/ouverture-des-candidatures-space-executive-school\/\">Ouverture des candidatures &#8211; Space Executive School<\/a><time datetime=\"2026-04-21T11:15:32+02:00\" class=\"wp-block-latest-posts__post-date\">21 avril 2026<\/time><\/li>\n<li><div class=\"wp-block-latest-posts__featured-image aligncenter\"><a href=\"https:\/\/academiespatiale.fr\/index.php\/2026\/04\/20\/retour-sur-linauguration-de-lantenne-bande-s-sylvie-au-sirta\/\" aria-label=\"Retour sur l&rsquo;inauguration de l&rsquo;antenne bande S Sylvie au SIRTA\"><img loading=\"lazy\" decoding=\"async\" width=\"300\" height=\"200\" src=\"https:\/\/academiespatiale.fr\/wp-content\/uploads\/2026\/04\/Inauguration_bandeS_sirta_palaiseau_avril2026_retour-300x200.png\" class=\"attachment-medium size-medium wp-post-image\" alt=\"\" style=\"max-width:300px;max-height:300px;\" srcset=\"https:\/\/academiespatiale.fr\/wp-content\/uploads\/2026\/04\/Inauguration_bandeS_sirta_palaiseau_avril2026_retour-300x200.png 300w, https:\/\/academiespatiale.fr\/wp-content\/uploads\/2026\/04\/Inauguration_bandeS_sirta_palaiseau_avril2026_retour-360x240.png 360w, https:\/\/academiespatiale.fr\/wp-content\/uploads\/2026\/04\/Inauguration_bandeS_sirta_palaiseau_avril2026_retour.png 750w\" sizes=\"auto, (max-width: 300px) 100vw, 300px\" \/><\/a><\/div><a class=\"wp-block-latest-posts__post-title\" href=\"https:\/\/academiespatiale.fr\/index.php\/2026\/04\/20\/retour-sur-linauguration-de-lantenne-bande-s-sylvie-au-sirta\/\">Retour sur l&rsquo;inauguration de l&rsquo;antenne bande S Sylvie au SIRTA<\/a><time datetime=\"2026-04-20T16:52:20+02:00\" class=\"wp-block-latest-posts__post-date\">20 avril 2026<\/time><\/li>\n<li><div class=\"wp-block-latest-posts__featured-image aligncenter\"><a href=\"https:\/\/academiespatiale.fr\/index.php\/2026\/04\/13\/lespace-accessible-a-toutes-et-tous-retour-sur-le-lancement-reussi-de-lacademie-spatiale-a-lupec\/\" aria-label=\"L\u2019espace accessible \u00e0 toutes et tous : retour sur le lancement r\u00e9ussi de l\u2019Acad\u00e9mie Spatiale \u00e0 l\u2019UPEC\"><img loading=\"lazy\" decoding=\"async\" width=\"300\" height=\"200\" src=\"https:\/\/academiespatiale.fr\/wp-content\/uploads\/2026\/04\/Seminaire_lancement-Academie-Upec_fev2026_retour-300x200.png\" class=\"attachment-medium size-medium wp-post-image\" alt=\"\" style=\"max-width:300px;max-height:300px;\" srcset=\"https:\/\/academiespatiale.fr\/wp-content\/uploads\/2026\/04\/Seminaire_lancement-Academie-Upec_fev2026_retour-300x200.png 300w, https:\/\/academiespatiale.fr\/wp-content\/uploads\/2026\/04\/Seminaire_lancement-Academie-Upec_fev2026_retour-360x240.png 360w, https:\/\/academiespatiale.fr\/wp-content\/uploads\/2026\/04\/Seminaire_lancement-Academie-Upec_fev2026_retour.png 750w\" sizes=\"auto, (max-width: 300px) 100vw, 300px\" \/><\/a><\/div><a class=\"wp-block-latest-posts__post-title\" href=\"https:\/\/academiespatiale.fr\/index.php\/2026\/04\/13\/lespace-accessible-a-toutes-et-tous-retour-sur-le-lancement-reussi-de-lacademie-spatiale-a-lupec\/\">L\u2019espace accessible \u00e0 toutes et tous : retour sur le lancement r\u00e9ussi de l\u2019Acad\u00e9mie Spatiale \u00e0 l\u2019UPEC<\/a><time datetime=\"2026-04-13T18:32:55+02:00\" class=\"wp-block-latest-posts__post-date\">13 avril 2026<\/time><\/li>\n<li><div class=\"wp-block-latest-posts__featured-image aligncenter\"><a href=\"https:\/\/academiespatiale.fr\/index.php\/2026\/04\/03\/participez-a-linauguration-de-lantenne-bande-s-observatoire-du-sirta\/\" aria-label=\"Participez \u00e0 l&rsquo;inauguration de l&rsquo;antenne Bande S &#8211; Observatoire du SIRTA\"><img loading=\"lazy\" decoding=\"async\" width=\"300\" height=\"200\" src=\"https:\/\/academiespatiale.fr\/wp-content\/uploads\/2026\/04\/Inauguration_bandeS_sirta_palaiseau_avril2026-300x200.png\" class=\"attachment-medium size-medium wp-post-image\" alt=\"\" style=\"max-width:300px;max-height:300px;\" srcset=\"https:\/\/academiespatiale.fr\/wp-content\/uploads\/2026\/04\/Inauguration_bandeS_sirta_palaiseau_avril2026-300x200.png 300w, https:\/\/academiespatiale.fr\/wp-content\/uploads\/2026\/04\/Inauguration_bandeS_sirta_palaiseau_avril2026-360x240.png 360w, https:\/\/academiespatiale.fr\/wp-content\/uploads\/2026\/04\/Inauguration_bandeS_sirta_palaiseau_avril2026.png 750w\" sizes=\"auto, (max-width: 300px) 100vw, 300px\" \/><\/a><\/div><a class=\"wp-block-latest-posts__post-title\" href=\"https:\/\/academiespatiale.fr\/index.php\/2026\/04\/03\/participez-a-linauguration-de-lantenne-bande-s-observatoire-du-sirta\/\">Participez \u00e0 l&rsquo;inauguration de l&rsquo;antenne Bande S &#8211; Observatoire du SIRTA<\/a><time datetime=\"2026-04-03T16:33:38+02:00\" class=\"wp-block-latest-posts__post-date\">3 avril 2026<\/time><\/li>\n<li><div class=\"wp-block-latest-posts__featured-image aligncenter\"><a href=\"https:\/\/academiespatiale.fr\/index.php\/2026\/04\/01\/en-direct-contact-depuis-la-station-spatiale-international-avec-lastronaute-sophie-adenot\/\" aria-label=\"[En direct] Contact depuis la Station Spatiale International avec l&rsquo;astronaute Sophie Adenot\"><img loading=\"lazy\" decoding=\"async\" width=\"300\" height=\"200\" src=\"https:\/\/academiespatiale.fr\/wp-content\/uploads\/2026\/04\/Adenot_Direct_ISS_UPSaclay_ASIDF_OVSQ-300x200.png\" class=\"attachment-medium size-medium wp-post-image\" alt=\"\" style=\"max-width:300px;max-height:300px;\" srcset=\"https:\/\/academiespatiale.fr\/wp-content\/uploads\/2026\/04\/Adenot_Direct_ISS_UPSaclay_ASIDF_OVSQ-300x200.png 300w, https:\/\/academiespatiale.fr\/wp-content\/uploads\/2026\/04\/Adenot_Direct_ISS_UPSaclay_ASIDF_OVSQ-360x240.png 360w, https:\/\/academiespatiale.fr\/wp-content\/uploads\/2026\/04\/Adenot_Direct_ISS_UPSaclay_ASIDF_OVSQ.png 750w\" sizes=\"auto, (max-width: 300px) 100vw, 300px\" \/><\/a><\/div><a class=\"wp-block-latest-posts__post-title\" href=\"https:\/\/academiespatiale.fr\/index.php\/2026\/04\/01\/en-direct-contact-depuis-la-station-spatiale-international-avec-lastronaute-sophie-adenot\/\">[En direct] Contact depuis la Station Spatiale International avec l&rsquo;astronaute Sophie Adenot<\/a><time datetime=\"2026-04-01T17:44:02+02:00\" class=\"wp-block-latest-posts__post-date\">1 avril 2026<\/time><\/li>\n<li><div class=\"wp-block-latest-posts__featured-image aligncenter\"><a href=\"https:\/\/academiespatiale.fr\/index.php\/2026\/03\/27\/iut-de-mantes-lancement-de-la-specialite-spatiale\/\" aria-label=\"IUT de Mantes &#8211; Lancement de la sp\u00e9cialit\u00e9 Spatiale\"><img loading=\"lazy\" decoding=\"async\" width=\"300\" height=\"200\" src=\"https:\/\/academiespatiale.fr\/wp-content\/uploads\/2026\/03\/IUT-Mantes_lancement-specialite-spatiale_2026-300x200.png\" class=\"attachment-medium size-medium wp-post-image\" alt=\"\" style=\"max-width:300px;max-height:300px;\" srcset=\"https:\/\/academiespatiale.fr\/wp-content\/uploads\/2026\/03\/IUT-Mantes_lancement-specialite-spatiale_2026-300x200.png 300w, https:\/\/academiespatiale.fr\/wp-content\/uploads\/2026\/03\/IUT-Mantes_lancement-specialite-spatiale_2026-360x240.png 360w, https:\/\/academiespatiale.fr\/wp-content\/uploads\/2026\/03\/IUT-Mantes_lancement-specialite-spatiale_2026.png 750w\" sizes=\"auto, (max-width: 300px) 100vw, 300px\" \/><\/a><\/div><a class=\"wp-block-latest-posts__post-title\" href=\"https:\/\/academiespatiale.fr\/index.php\/2026\/03\/27\/iut-de-mantes-lancement-de-la-specialite-spatiale\/\">IUT de Mantes &#8211; Lancement de la sp\u00e9cialit\u00e9 Spatiale<\/a><time datetime=\"2026-03-27T11:42:28+01:00\" class=\"wp-block-latest-posts__post-date\">27 mars 2026<\/time><\/li>\n<li><div class=\"wp-block-latest-posts__featured-image aligncenter\"><a href=\"https:\/\/academiespatiale.fr\/index.php\/2026\/03\/26\/ouverture-des-inscriptions-ecole-dete-build-your-own-satellite-in-5-days-juin-2026\/\" aria-label=\"Registration now open: \u00ab\u00a0Build Your Own Satellite in 5 Days\u00a0\u00bb summer school &#8211; June 2026\"><img loading=\"lazy\" decoding=\"async\" width=\"300\" height=\"200\" src=\"https:\/\/academiespatiale.fr\/wp-content\/uploads\/2026\/03\/Ecole-ete_build-your-own-satellite_upec_juin2026-300x200.png\" class=\"attachment-medium size-medium wp-post-image\" alt=\"\" style=\"max-width:300px;max-height:300px;\" srcset=\"https:\/\/academiespatiale.fr\/wp-content\/uploads\/2026\/03\/Ecole-ete_build-your-own-satellite_upec_juin2026-300x200.png 300w, https:\/\/academiespatiale.fr\/wp-content\/uploads\/2026\/03\/Ecole-ete_build-your-own-satellite_upec_juin2026-360x240.png 360w, https:\/\/academiespatiale.fr\/wp-content\/uploads\/2026\/03\/Ecole-ete_build-your-own-satellite_upec_juin2026.png 750w\" sizes=\"auto, (max-width: 300px) 100vw, 300px\" \/><\/a><\/div><a class=\"wp-block-latest-posts__post-title\" href=\"https:\/\/academiespatiale.fr\/index.php\/2026\/03\/26\/ouverture-des-inscriptions-ecole-dete-build-your-own-satellite-in-5-days-juin-2026\/\">Registration now open: \u00ab\u00a0Build Your Own Satellite in 5 Days\u00a0\u00bb summer school &#8211; June 2026<\/a><time datetime=\"2026-03-26T12:06:39+01:00\" class=\"wp-block-latest-posts__post-date\">26 mars 2026<\/time><\/li>\n<li><div class=\"wp-block-latest-posts__featured-image aligncenter\"><a href=\"https:\/\/academiespatiale.fr\/index.php\/2026\/03\/11\/le-master-2-biospace-xpert-ouvre-ses-inscriptions\/\" aria-label=\"Le Master 2 BioSpace-Xpert ouvre ses inscriptions !\"><img loading=\"lazy\" decoding=\"async\" width=\"300\" height=\"200\" src=\"https:\/\/academiespatiale.fr\/wp-content\/uploads\/2026\/03\/Inscription-master-2-biospace-xpert_2026-300x200.png\" class=\"attachment-medium size-medium wp-post-image\" alt=\"\" style=\"max-width:300px;max-height:300px;\" srcset=\"https:\/\/academiespatiale.fr\/wp-content\/uploads\/2026\/03\/Inscription-master-2-biospace-xpert_2026-300x200.png 300w, https:\/\/academiespatiale.fr\/wp-content\/uploads\/2026\/03\/Inscription-master-2-biospace-xpert_2026-360x240.png 360w, https:\/\/academiespatiale.fr\/wp-content\/uploads\/2026\/03\/Inscription-master-2-biospace-xpert_2026.png 750w\" sizes=\"auto, (max-width: 300px) 100vw, 300px\" \/><\/a><\/div><a class=\"wp-block-latest-posts__post-title\" href=\"https:\/\/academiespatiale.fr\/index.php\/2026\/03\/11\/le-master-2-biospace-xpert-ouvre-ses-inscriptions\/\">Le Master 2 BioSpace-Xpert ouvre ses inscriptions !<\/a><time datetime=\"2026-03-11T19:42:23+01:00\" class=\"wp-block-latest-posts__post-date\">11 mars 2026<\/time><\/li>\n<li><div class=\"wp-block-latest-posts__featured-image aligncenter\"><a href=\"https:\/\/academiespatiale.fr\/index.php\/2026\/03\/11\/appel-a-participation-ecospace-travaux-de-recherche\/\" aria-label=\"Appel \u00e0 participation ECOSPACE &#8211; Travaux de recherche\"><img loading=\"lazy\" decoding=\"async\" width=\"300\" height=\"200\" src=\"https:\/\/academiespatiale.fr\/wp-content\/uploads\/2026\/03\/ECOSPACE_IUTmantes_appel-participation-300x200.png\" class=\"attachment-medium size-medium wp-post-image\" alt=\"\" style=\"max-width:300px;max-height:300px;\" srcset=\"https:\/\/academiespatiale.fr\/wp-content\/uploads\/2026\/03\/ECOSPACE_IUTmantes_appel-participation-300x200.png 300w, https:\/\/academiespatiale.fr\/wp-content\/uploads\/2026\/03\/ECOSPACE_IUTmantes_appel-participation-360x240.png 360w, https:\/\/academiespatiale.fr\/wp-content\/uploads\/2026\/03\/ECOSPACE_IUTmantes_appel-participation.png 750w\" sizes=\"auto, (max-width: 300px) 100vw, 300px\" \/><\/a><\/div><a class=\"wp-block-latest-posts__post-title\" href=\"https:\/\/academiespatiale.fr\/index.php\/2026\/03\/11\/appel-a-participation-ecospace-travaux-de-recherche\/\">Appel \u00e0 participation ECOSPACE &#8211; Travaux de recherche<\/a><time datetime=\"2026-03-11T17:21:50+01:00\" class=\"wp-block-latest-posts__post-date\">11 mars 2026<\/time><\/li>\n<li><div class=\"wp-block-latest-posts__featured-image aligncenter\"><a href=\"https:\/\/academiespatiale.fr\/index.php\/2026\/03\/09\/presse-le-parisien\/\" aria-label=\"[Presse] Le Parisien &#8211; Votre porte vers l&rsquo;espace\"><img loading=\"lazy\" decoding=\"async\" width=\"300\" height=\"200\" src=\"https:\/\/academiespatiale.fr\/wp-content\/uploads\/2026\/03\/PRESSE_article-le-parisien_fev2026-300x200.png\" class=\"attachment-medium size-medium wp-post-image\" alt=\"\" style=\"max-width:300px;max-height:300px;\" srcset=\"https:\/\/academiespatiale.fr\/wp-content\/uploads\/2026\/03\/PRESSE_article-le-parisien_fev2026-300x200.png 300w, https:\/\/academiespatiale.fr\/wp-content\/uploads\/2026\/03\/PRESSE_article-le-parisien_fev2026-360x240.png 360w, https:\/\/academiespatiale.fr\/wp-content\/uploads\/2026\/03\/PRESSE_article-le-parisien_fev2026.png 750w\" sizes=\"auto, (max-width: 300px) 100vw, 300px\" \/><\/a><\/div><a class=\"wp-block-latest-posts__post-title\" href=\"https:\/\/academiespatiale.fr\/index.php\/2026\/03\/09\/presse-le-parisien\/\">[Presse] Le Parisien &#8211; Votre porte vers l&rsquo;espace<\/a><time datetime=\"2026-03-09T15:28:41+01:00\" class=\"wp-block-latest-posts__post-date\">9 mars 2026<\/time><\/li>\n<li><div class=\"wp-block-latest-posts__featured-image aligncenter\"><a href=\"https:\/\/academiespatiale.fr\/index.php\/2026\/03\/06\/webinaire-de-presentation-du-master-2-dast-droit-spatial-le-17-mars-2026\/\" aria-label=\"Webinaire de pr\u00e9sentation du Master 2 DAST &#8211; Droit spatial &#8211; Le 17 mars 2026\"><img loading=\"lazy\" decoding=\"async\" width=\"300\" height=\"200\" src=\"https:\/\/academiespatiale.fr\/wp-content\/uploads\/2026\/03\/M2DAST_Webinaire-presentation-2026-300x200.png\" class=\"attachment-medium size-medium wp-post-image\" alt=\"\" style=\"max-width:300px;max-height:300px;\" srcset=\"https:\/\/academiespatiale.fr\/wp-content\/uploads\/2026\/03\/M2DAST_Webinaire-presentation-2026-300x200.png 300w, https:\/\/academiespatiale.fr\/wp-content\/uploads\/2026\/03\/M2DAST_Webinaire-presentation-2026-360x240.png 360w, https:\/\/academiespatiale.fr\/wp-content\/uploads\/2026\/03\/M2DAST_Webinaire-presentation-2026.png 750w\" sizes=\"auto, (max-width: 300px) 100vw, 300px\" \/><\/a><\/div><a class=\"wp-block-latest-posts__post-title\" href=\"https:\/\/academiespatiale.fr\/index.php\/2026\/03\/06\/webinaire-de-presentation-du-master-2-dast-droit-spatial-le-17-mars-2026\/\">Webinaire de pr\u00e9sentation du Master 2 DAST &#8211; Droit spatial &#8211; Le 17 mars 2026<\/a><time datetime=\"2026-03-06T15:39:39+01:00\" class=\"wp-block-latest-posts__post-date\">6 mars 2026<\/time><\/li>\n<\/ul>","protected":false},"excerpt":{"rendered":"<p>PUBLICATION : P. Keckhut, H. Chepfer and al., Space Academy of \u00cele-de-France: Evolution of taught courses and educational practices in the space domain facing new emerging professions, 5th Symposium on Space Educational Activities, April 2026, Munich (Germany) \u2192 \u00e0 lire ici \/ read here Les porteurs du projet Acad\u00e9mie Spatiale [&hellip;]<\/p>\n","protected":false},"author":1,"featured_media":0,"parent":0,"menu_order":0,"comment_status":"closed","ping_status":"closed","template":"","meta":{"_monsterinsights_skip_tracking":false,"_monsterinsights_sitenote_active":false,"_monsterinsights_sitenote_note":"","_monsterinsights_sitenote_category":0,"_EventAllDay":false,"_EventTimezone":"","_EventStartDate":"","_EventEndDate":"","_EventStartDateUTC":"","_EventEndDateUTC":"","_EventShowMap":false,"_EventShowMapLink":false,"_EventURL":"","_EventCost":"","_EventCostDescription":"","_EventCurrencySymbol":"","_EventCurrencyCode":"","_EventCurrencyPosition":"","_EventDateTimeSeparator":"","_EventTimeRangeSeparator":"","_EventOrganizerID":[],"_EventVenueID":[],"_OrganizerEmail":"","_OrganizerPhone":"","_OrganizerWebsite":"","_VenueAddress":"","_VenueCity":"","_VenueCountry":"","_VenueProvince":"","_VenueState":"","_VenueZip":"","_VenuePhone":"","_VenueURL":"","_VenueStateProvince":"","_VenueLat":"","_VenueLng":"","_VenueShowMap":false,"_VenueShowMapLink":false,"footnotes":""},"class_list":["post-61","page","type-page","status-publish","hentry"],"aioseo_notices":[],"_links":{"self":[{"href":"https:\/\/academiespatiale.fr\/index.php\/wp-json\/wp\/v2\/pages\/61","targetHints":{"allow":["GET"]}}],"collection":[{"href":"https:\/\/academiespatiale.fr\/index.php\/wp-json\/wp\/v2\/pages"}],"about":[{"href":"https:\/\/academiespatiale.fr\/index.php\/wp-json\/wp\/v2\/types\/page"}],"author":[{"embeddable":true,"href":"https:\/\/academiespatiale.fr\/index.php\/wp-json\/wp\/v2\/users\/1"}],"replies":[{"embeddable":true,"href":"https:\/\/academiespatiale.fr\/index.php\/wp-json\/wp\/v2\/comments?post=61"}],"version-history":[{"count":89,"href":"https:\/\/academiespatiale.fr\/index.php\/wp-json\/wp\/v2\/pages\/61\/revisions"}],"predecessor-version":[{"id":8886,"href":"https:\/\/academiespatiale.fr\/index.php\/wp-json\/wp\/v2\/pages\/61\/revisions\/8886"}],"wp:attachment":[{"href":"https:\/\/academiespatiale.fr\/index.php\/wp-json\/wp\/v2\/media?parent=61"}],"curies":[{"name":"wp","href":"https:\/\/api.w.org\/{rel}","templated":true}]}}