{"id":5810,"date":"2025-09-23T12:01:19","date_gmt":"2025-09-23T10:01:19","guid":{"rendered":"https:\/\/academiespatiale.fr\/?page_id=5810"},"modified":"2026-02-20T16:31:52","modified_gmt":"2026-02-20T15:31:52","slug":"hackathon-definspace-2025","status":"publish","type":"page","link":"https:\/\/academiespatiale.fr\/index.php\/formations\/formations-innovantes\/hackathon-definspace-2025\/","title":{"rendered":"Hackathon DefInSpace 2025 &#8211; 24h pour imaginer la d\u00e9fense spatiale de demain"},"content":{"rendered":"\n<div class=\"wp-block-columns alignfull has-text-color has-link-color wp-elements-8422e2a85d9f2e5605b7dd2ae54b3e54 is-layout-flex wp-container-core-columns-is-layout-e94c545b wp-block-columns-is-layout-flex\" style=\"color:#b1b1b1;margin-top:-25px;margin-bottom:20px;padding-top:0;padding-right:0;padding-bottom:0;padding-left:60px;font-size:15px\">\n<div class=\"wp-block-column has-text-color has-link-color wp-elements-32661c60388d2123b0bf1683c717c484 is-layout-flow wp-block-column-is-layout-flow\" style=\"color:#a1a1a1;padding-top:0;padding-bottom:0;font-size:15px;font-style:normal;font-weight:100;flex-basis:100%\"><div class=\"aioseo-breadcrumbs\"><span class=\"aioseo-breadcrumb\">\n\t\t\t<a href=\"https:\/\/academiespatiale.fr\" title=\"Home\">Home<\/a>\n\t\t<\/span><span class=\"aioseo-breadcrumb-separator\">&raquo;<\/span><span class=\"aioseo-breadcrumb\">\n\t\t\t<a href=\"https:\/\/academiespatiale.fr\/index.php\/formations\/\" title=\"Formations &amp; m\u00e9tiers\">Formations &amp; m\u00e9tiers<\/a>\n\t\t<\/span><span class=\"aioseo-breadcrumb-separator\">&raquo;<\/span><span class=\"aioseo-breadcrumb\">\n\t\t\t<a href=\"https:\/\/academiespatiale.fr\/index.php\/formations\/formations-innovantes\/\" title=\"Formations innovantes\">Formations innovantes<\/a>\n\t\t<\/span><span class=\"aioseo-breadcrumb-separator\">&raquo;<\/span><span class=\"aioseo-breadcrumb\">\n\t\t\tHackathon DefInSpace 2025 \u2013 24h pour imaginer la d\u00e9fense spatiale de demain\n\t\t<\/span><\/div><\/div>\n<\/div>\n\n\n\n<div class=\"wp-block-columns alignwide is-layout-flex wp-container-core-columns-is-layout-28f84493 wp-block-columns-is-layout-flex\">\n<div class=\"wp-block-column is-layout-flow wp-block-column-is-layout-flow\" style=\"flex-basis:100%\">\n<p><strong>DefInSpace est un hackathon cr\u00e9\u00e9 par le Commandement de l&rsquo;Espace (CDE) dont l&rsquo;objectif est d&rsquo;imaginer des solutions pour la d\u00e9fense spatiale de demain. Pour sa 4e \u00e9dition, l&rsquo;Acad\u00e9mie Spatiale d&rsquo;\u00cele-de-France devient organisateur local : l&rsquo;\u00e9v\u00e8nement se d\u00e9roulera du vendredi 10 au samedi 11 octobre 2025 \u00e0 l&rsquo;IUT de Mantes-en-Yvelines puis le 28 novembre \u00e0 Paris pour la Grande Finale.<\/strong><\/p>\n<\/div>\n<\/div>\n\n\n\n<figure class=\"wp-block-image alignwide size-large\"><a href=\"https:\/\/www.definspace.fr\/\" target=\"_blank\" rel=\" noreferrer noopener\"><img loading=\"lazy\" decoding=\"async\" width=\"1024\" height=\"325\" src=\"https:\/\/academiespatiale.fr\/wp-content\/uploads\/2025\/08\/RS-DIS-Mantes-banniere-1024x325.jpg\" alt=\"\" class=\"wp-image-5719\" srcset=\"https:\/\/academiespatiale.fr\/wp-content\/uploads\/2025\/08\/RS-DIS-Mantes-banniere-1024x325.jpg 1024w, https:\/\/academiespatiale.fr\/wp-content\/uploads\/2025\/08\/RS-DIS-Mantes-banniere-300x95.jpg 300w, https:\/\/academiespatiale.fr\/wp-content\/uploads\/2025\/08\/RS-DIS-Mantes-banniere-768x244.jpg 768w, https:\/\/academiespatiale.fr\/wp-content\/uploads\/2025\/08\/RS-DIS-Mantes-banniere.jpg 1418w\" sizes=\"auto, (max-width: 1024px) 100vw, 1024px\" \/><\/a><\/figure>\n\n\n\n<div style=\"height:50px\" aria-hidden=\"true\" class=\"wp-block-spacer\"><\/div>\n\n\n\n<hr class=\"wp-block-separator has-alpha-channel-opacity\"\/>\n\n\n\n<div style=\"height:20px\" aria-hidden=\"true\" class=\"wp-block-spacer\"><\/div>\n\n\n\n<h3 class=\"wp-block-heading alignwide\">La Grande Finale &#8211; 28 novembre 2025<\/h3>\n\n\n\n<div class=\"wp-block-columns alignwide is-layout-flex wp-container-core-columns-is-layout-6363dd37 wp-block-columns-is-layout-flex\" style=\"border-width:1px;padding-top:var(--wp--preset--spacing--80);padding-right:var(--wp--preset--spacing--80);padding-bottom:var(--wp--preset--spacing--80);padding-left:var(--wp--preset--spacing--80)\">\n<div class=\"wp-block-column is-layout-flow wp-block-column-is-layout-flow\">\n<p class=\"has-text-align-center\"><strong>[EN DIRECT]<br>Victoire pour l&rsquo;\u00e9quipe de CentraleSup\u00e9lec<\/strong><\/p>\n\n\n\n<div class=\"wp-block-columns is-layout-flex wp-container-core-columns-is-layout-cf05694f wp-block-columns-is-layout-flex\">\n<div class=\"wp-block-column is-vertically-aligned-center is-layout-flow wp-block-column-is-layout-flow\">\n<p class=\"has-text-align-center\">L&rsquo;\u00e9quipe de CentraleSup\u00e9lec \u00ab&nbsp;Les Shadocks&nbsp;\u00bb gagne le challenge technique !<\/p>\n\n\n\n<p class=\"has-text-align-center\">D\u00e9j\u00e0 class\u00e9 n\u00b01 lors de notre \u00e9dition locale organis\u00e9e \u00e0 l&rsquo;IUT de Mantes-en-Yvelines, l&rsquo;\u00e9quipe Les Shadocks vient de remporter la Grande Finale du hackathon du Commandement de l&rsquo;Espace<\/p>\n\n\n\n<p class=\"has-text-align-center\">Toutes nos f\u00e9licitations aux cinq \u00e9tudiant\u00b7es de CentraleSup\u00e9lec !<\/p>\n<\/div>\n\n\n\n<div class=\"wp-block-column is-layout-flow wp-block-column-is-layout-flow\">\n<figure class=\"wp-block-image size-large\"><img loading=\"lazy\" decoding=\"async\" width=\"1024\" height=\"768\" src=\"https:\/\/academiespatiale.fr\/wp-content\/uploads\/2025\/11\/Grande-Finale_Gagant-Technique_Shadocks-1024x768.jpeg\" alt=\"\" class=\"wp-image-6552\" srcset=\"https:\/\/academiespatiale.fr\/wp-content\/uploads\/2025\/11\/Grande-Finale_Gagant-Technique_Shadocks-1024x768.jpeg 1024w, https:\/\/academiespatiale.fr\/wp-content\/uploads\/2025\/11\/Grande-Finale_Gagant-Technique_Shadocks-300x225.jpeg 300w, https:\/\/academiespatiale.fr\/wp-content\/uploads\/2025\/11\/Grande-Finale_Gagant-Technique_Shadocks-768x576.jpeg 768w, https:\/\/academiespatiale.fr\/wp-content\/uploads\/2025\/11\/Grande-Finale_Gagant-Technique_Shadocks.jpeg 1440w\" sizes=\"auto, (max-width: 1024px) 100vw, 1024px\" \/><\/figure>\n<\/div>\n<\/div>\n<\/div>\n<\/div>\n\n\n\n<div class=\"wp-block-columns alignwide is-layout-flex wp-container-core-columns-is-layout-28f84493 wp-block-columns-is-layout-flex\">\n<div class=\"wp-block-column is-layout-flow wp-block-column-is-layout-flow\" style=\"flex-basis:100%\">\n<p>Apr\u00e8s 24h d\u2019effervescence, les 25 \u00e9quipes demi-finalistes se retrouvent le vendredi 28 novembre \u00e0 Paris pour continuer l\u2019aventure DefInSpace 2025. Leur mission&nbsp;? D\u00e9fendre leurs projets devant un jury d\u2019expert\u00b7es du spatial, de la d\u00e9fense et de l\u2019innovation, autour du th\u00e8me : la surveillance vid\u00e9o temps r\u00e9el depuis l\u2019orbite basse.<\/p>\n\n\n\n<p>DefInSpace 2025 en quelques chiffres :<\/p>\n\n\n\n<ul class=\"wp-block-list\">\n<li>4 pays<\/li>\n\n\n\n<li>12 organisations locales, dont celle de l&rsquo;Acad\u00e9mie Spatiale \u00e0 l&rsquo;IUT de Mantes-en-Yvelines<\/li>\n\n\n\n<li>406 \u00e9tudiantes et \u00e9tudiants inscrits<\/li>\n\n\n\n<li>72 \u00e9quipes en lice<\/li>\n\n\n\n<li>25 \u00e9quip\u00e9s qualifi\u00e9es pour les demi-finales, dont 8 \u00e9quipes de l&rsquo;Acad\u00e9mie Spatiales<\/li>\n<\/ul>\n<\/div>\n<\/div>\n\n\n\n<div class=\"wp-block-columns alignwide is-layout-flex wp-container-core-columns-is-layout-28f84493 wp-block-columns-is-layout-flex\">\n<div class=\"wp-block-column is-layout-flow wp-block-column-is-layout-flow\" style=\"flex-basis:100%\">\n<p class=\"has-background-color-background-color has-background\"><strong>RETOUR EN IMAGE<br><\/strong>L&rsquo;album photo de la Grande Finale 2026 est disponible sur le site de DefInSpace<br>\u2192 <a href=\"https:\/\/www.definspace.fr\/phototh%C3%A8que-1\">PHOTOTH\u00c8QUE | DefInSpace 2025<\/a><\/p>\n<\/div>\n<\/div>\n\n\n\n<hr class=\"wp-block-separator has-alpha-channel-opacity\"\/>\n\n\n\n<div class=\"wp-block-group alignwide\"><div class=\"wp-block-group__inner-container is-layout-constrained wp-block-group-is-layout-constrained\">\n<h3 class=\"wp-block-heading\">Cap sur la Grande Finale<\/h3>\n\n\n\n<p>&nbsp;Les 10 et 11 octobre 2025, plus de&nbsp;300 participant\u00b7es&nbsp;en France et \u00e0 l\u2019international ont relev\u00e9 le d\u00e9fi DefInSpace lors d\u2019un week-end intense en cr\u00e9ativit\u00e9 et innovation. \u00c0 l\u2019issue de cette phase,&nbsp;<strong>25 \u00e9quipes demi-finalistes<\/strong>&nbsp;ont \u00e9t\u00e9 s\u00e9lectionn\u00e9es pour poursuivre l\u2019aventure&#8230; <\/p>\n\n\n\n<p>Les \u00e9quipes demi-finalistes se retrouveront pour la&nbsp;Grande Finale du hackathon DefInSpace, le 28 novembre 2025 \u00e0 Paris, afin de pr\u00e9senter leurs projets devant un jury d\u2019experts du spatial et de la d\u00e9fense.<\/p>\n\n\n\n<p><strong>\u00c0 l&rsquo;IUT de Mantes-en-Yvelines, lors de l&rsquo;\u00e9dition Yvelinoise du hackathon organis\u00e9e par l&rsquo;Acad\u00e9mie Spatiale d&rsquo;\u00cele-de-France, huits \u00e9quipes ont \u00e9t\u00e9 qualifi\u00e9es : cinq ont r\u00e9pondu au d\u00e9fi technique et trois au d\u00e9fi g\u00e9n\u00e9ral. Au total, ce sont donc 37 \u00e9tudiantes et \u00e9tudiants qui pr\u00e9senteront leur projet lors de la Grande Finale le 28 novembre 2025 \u00e0 Paris !<\/strong><\/p>\n<\/div><\/div>\n\n\n\n<div style=\"height:20px\" aria-hidden=\"true\" class=\"wp-block-spacer\"><\/div>\n\n\n\n<div class=\"wp-block-group alignwide\" style=\"border-width:1px;padding-top:var(--wp--preset--spacing--80);padding-right:var(--wp--preset--spacing--80);padding-bottom:var(--wp--preset--spacing--80);padding-left:var(--wp--preset--spacing--80)\"><div class=\"wp-block-group__inner-container is-layout-constrained wp-container-core-group-is-layout-10bc4538 wp-block-group-is-layout-constrained\">\n<div class=\"wp-block-columns is-layout-flex wp-container-core-columns-is-layout-cf05694f wp-block-columns-is-layout-flex\">\n<div class=\"wp-block-column is-layout-flow wp-block-column-is-layout-flow\" style=\"flex-basis:33.33%\">\n<p>RETOUR DE PRESSE<\/p>\n\n\n\n<figure class=\"wp-block-embed aligncenter is-type-video is-provider-youtube wp-block-embed-youtube wp-embed-aspect-16-9 wp-has-aspect-ratio\"><div class=\"wp-block-embed__wrapper\">\n<iframe loading=\"lazy\" title=\"DefInSpace 2025 \u00e0 l\u2019IUT de Mantes \u2013 Les \u00e9tudiants et \u00e9tudiantes de l\u2019UVSQ rel\u00e8vent le d\u00e9fi spatial \ud83d\ude80\" width=\"750\" height=\"422\" src=\"https:\/\/www.youtube.com\/embed\/imosBFUN-i0?feature=oembed\" frameborder=\"0\" allow=\"accelerometer; autoplay; clipboard-write; encrypted-media; gyroscope; picture-in-picture; web-share\" referrerpolicy=\"strict-origin-when-cross-origin\" allowfullscreen><\/iframe>\n<\/div><\/figure>\n\n\n<div class=\"wp-block-image is-style-default\">\n<figure class=\"aligncenter size-full is-resized\"><a href=\"https:\/\/lagazette-yvelines.fr\/wp-content\/uploads\/PDF\/2025\/GAZETTE-42-L1510-N455.pdf\" target=\"_blank\" rel=\" noreferrer noopener\"><img loading=\"lazy\" decoding=\"async\" width=\"1523\" height=\"1083\" src=\"https:\/\/academiespatiale.fr\/wp-content\/uploads\/2025\/10\/gazette-velines_definspace_octo2025_2.jpeg\" alt=\"\" class=\"wp-image-6253\" style=\"width:392px;height:auto\" srcset=\"https:\/\/academiespatiale.fr\/wp-content\/uploads\/2025\/10\/gazette-velines_definspace_octo2025_2.jpeg 1523w, https:\/\/academiespatiale.fr\/wp-content\/uploads\/2025\/10\/gazette-velines_definspace_octo2025_2-300x213.jpeg 300w, https:\/\/academiespatiale.fr\/wp-content\/uploads\/2025\/10\/gazette-velines_definspace_octo2025_2-1024x728.jpeg 1024w, https:\/\/academiespatiale.fr\/wp-content\/uploads\/2025\/10\/gazette-velines_definspace_octo2025_2-768x546.jpeg 768w\" sizes=\"auto, (max-width: 1523px) 100vw, 1523px\" \/><\/a><\/figure>\n<\/div><\/div>\n\n\n\n<div class=\"wp-block-column is-layout-flow wp-block-column-is-layout-flow\" style=\"flex-basis:66.66%\">\n<p>Vid\u00e9o<\/p>\n\n\n\n<ul class=\"wp-block-list\">\n<li><strong>UVSQ<\/strong><br>\u2192 <a href=\"https:\/\/secure-web.cisco.com\/1ggnPF6yqanzhjP4n0Cy9Dz55-JiZ3tqvFWNc0XWNeiR7_Eg1h_eMV6NC2v0RW3JyHXMbulsQOxdVktf6SCiT0ZqLpTfCSd2vKMW43AsokGXhkV5cwgBotSzZodbCAQmsMOrIXFAFAg8zmLE0Nipte1KiwldEmr0AZr8OPs_oz3CiWBWFIb123PI43PjlTGYkW5_9LjNBs_POYD5PXRa-ZBCuPHVHXCgTlSzJ9pNNXcbT6RTkC0tUbbJ7Bh4LD38TdkXmLSRg0WcRV7Od6ZAObaz1xdUoqxQmdmqVRL_OqPyaGCdBS7mPxPTi9INNqzAY3oWyd7HmWvZQfU2yn3hISwtMQXvT1kpxwhaVXLTSUiF39vcDLoeaBcCyQLR9ooP4iR6DVSYOhCc_wug-1ssfucJh930cAlU-I7uS3hJ217vjL5zCxMuTfZ0OqH7JHvqUawOGcOZI5wxxy6RWqiR1xg\/https%3A%2F%2Fyoutu.be%2FimosBFUN-i0\" target=\"_blank\" rel=\"noreferrer noopener\">Youtube : DefInSpace 2025 \u00e0 l\u2019IUT de Mantes<\/a><\/li>\n<\/ul>\n\n\n\n<ul class=\"wp-block-list\">\n<li><strong>TV78<\/strong>&nbsp;\u00e0 1min55 jusqu&rsquo;\u00e0 3min54<br>\u2192 <a href=\"https:\/\/tv78.com\/le-7-8-samuel-paty-hackathon-luvsq-vacances-culturelles\/\" target=\"_blank\" rel=\"noreferrer noopener\">Le 7\/8 &#8211; Hackathon \u00e0 l&rsquo;UVSQ<\/a><\/li>\n<\/ul>\n\n\n\n<div style=\"height:10px\" aria-hidden=\"true\" class=\"wp-block-spacer\"><\/div>\n\n\n\n<p>Articles<\/p>\n\n\n\n<ul class=\"wp-block-list\">\n<li><strong>Gazette des Yvelines<\/strong><br>\u2192&nbsp;<a href=\"https:\/\/lagazette-yvelines.fr\/wp-content\/uploads\/PDF\/2025\/GAZETTE-42-L1510-N455.pdf\" target=\"_blank\" rel=\"noreferrer noopener\">Actualit\u00e9 \u00ab&nbsp;Durant une journ\u00e9e, l&rsquo;avenir de l&rsquo;Espace se jouait dans cet IUT&nbsp;\u00bb p.6<\/a><\/li>\n<\/ul>\n\n\n\n<ul class=\"wp-block-list\">\n<li><strong>Mesinfos<\/strong>, la semaine de l&rsquo;Ile-de-France<br>\u2192 <a href=\"https:\/\/secure-web.cisco.com\/1THOt93GiDFZV6atKZA4C__kSZJpChhhNu1IC70qFrUfMEVHXDY2h3AyJk1Gpn9QEqeJdDIuKTxD6gBok6m5s-HQxGqG8Nx29ErIOMqfChQ3vU_-1r24vqqErbNfeYVOvuHQc766XTuZhb-CLivV15aVAhoDIOEx2i6idZ10q4xre0TxZMdubtXF5-r7o3jTL0NK8dUm9Mb0-i2mW3KaVfbPe3OKsrp9UwxDWyhlBPbv-D_RU1KBk7QofrlpJ13ag6SIeu5hzT05ymKdozGPc9J_RMm0S8l43TCSm8HWPsoWE7WD9E4ohwlz3YokuG6bRHuBNTjshrp-l_3TIGRNa5yJY5ZFjpTu4NqJc5yuusr-V37g9pV_PqzW8aluiB3ejA-nfYXeVqtCjQySy7Y19JJNe4AYS9dwFfjYTwx1h3Lxb571CDB3LJay6wNMGNP9rpfZguxUhoSBGsZBUSkz-VA\/https%3A%2F%2Fmesinfos.fr%2F78200-mantes-la-jolie%2Fdefinspace-un-hackathon-de-24h-pour-imaginer-la-defense-spatiale-de-demain-230923.html\" target=\"_blank\" rel=\"noreferrer noopener\">DefInSpace, un hackathon de 24h pour imaginer la d\u00e9fense spatiale de demain<\/a><\/li>\n<\/ul>\n<\/div>\n<\/div>\n<\/div><\/div>\n\n\n\n<div style=\"height:30px\" aria-hidden=\"true\" class=\"wp-block-spacer\"><\/div>\n\n\n\n<h3 class=\"wp-block-heading alignwide\">Hackathon 24h<\/h3>\n\n\n\n<hr class=\"wp-block-separator has-alpha-channel-opacity\"\/>\n\n\n\n<p class=\"has-text-align-center\"><strong>Du vendredi 10 octobre au samedi 11 octobre 2025 (nuit comprise)<\/strong><br>IUT de Mantes-en-Yvelines <\/p>\n\n\n\n<hr class=\"wp-block-separator has-alpha-channel-opacity\"\/>\n\n\n\n<div class=\"wp-block-columns alignwide is-layout-flex wp-container-core-columns-is-layout-cf05694f wp-block-columns-is-layout-flex\">\n<div class=\"wp-block-column is-vertically-aligned-top is-layout-flow wp-block-column-is-layout-flow\" style=\"flex-basis:33.33%\">\n<p class=\"has-text-align-center has-background-color-background-color has-background\">DefInSpace 2025<br><br><strong>INSCRIVEZ-VOUS D\u00c8S MAINTENANT<br><\/strong>\u2192 <a href=\"https:\/\/yp.events\/a44b7188-4f69-41d5-82a9-ff1ad8a9f9fe\/Def-In-Space\" target=\"_blank\" rel=\"noopener\" title=\"\">Inscription<\/a> \u2190<\/p>\n\n\n\n<p class=\"has-text-align-center has-background-color-background-color has-background\">\u2192 <a href=\"https:\/\/academiespatiale.fr\/wp-content\/uploads\/2025\/09\/DIS-2025-FR-GUIDE-PARTICIPANT.pdf\" target=\"_blank\" rel=\"noopener\" title=\"\">GUIDE PARTICIPANT<\/a> \u2190<\/p>\n\n\n\n<p class=\"has-text-align-center has-background-color-background-color has-background\" style=\"font-size:13px\">Rejoignez le serveur Discord <br><a href=\"https:\/\/www.definspace.fr\/_files\/ugd\/0a234b_992358ff333048a984dca4a268860dda.pdf\">GUIDE DISCORD FR<\/a><br><a href=\"https:\/\/www.definspace.fr\/en\/_files\/ugd\/0a234b_e4ba82ed9a1f4891ba5ed6814b16092a.pdf\" target=\"_blank\" rel=\"noopener\" title=\"\">GUIDE DISCORD EN<\/a><\/p>\n<\/div>\n\n\n\n<div class=\"wp-block-column is-vertically-aligned-center is-layout-flow wp-block-column-is-layout-flow\" style=\"flex-basis:66.66%\">\n<p>Ce hackathon de 24 heures r\u00e9unira des \u00e9quipes d&rsquo;\u00e9tudiant\u00b7es et de jeunes en France et \u00e0 l&rsquo;international, pour imaginer des solutions innovantes dans le domaine de la d\u00e9fense spatiale. Il combine d\u00e9fi, collaboration et cr\u00e9ativit\u00e9 pour fa\u00e7onner la s\u00e9curit\u00e9 dans l&rsquo;espace de demain. <\/p>\n\n\n\n<p>DefInSpace se d\u00e9roule simultan\u00e9ment dans diff\u00e9rents lieux port\u00e9s par des organisateurs locaux ainsi qu\u2019en ligne sur Discord. L\u2019Acad\u00e9mie Spatiale d\u2019\u00cele-de-France en est l\u2019un des organisateurs et accueillera une session dans les locaux de l\u2019IUT de Mantes-en-Yvelines.<\/p>\n\n\n\n<p>SITE OFFICIEL<br>\u2192 <a href=\"https:\/\/www.definspace.fr\/\">DefInSpace 2025 | Hackathon de d\u00e9fense spatiale<\/a><\/p>\n<\/div>\n<\/div>\n\n\n\n<h5 class=\"wp-block-heading has-text-align-center\">Merci \u00e0 nos sponsors !<br><a href=\"https:\/\/www.acri-st.fr\/fr\/\" target=\"_blank\" rel=\"noopener\" title=\"\">ACRI-ST<\/a>, <a href=\"https:\/\/www.eutelsat.com\/fr\" target=\"_blank\" rel=\"noopener\" title=\"\">EUTELSAT<\/a>, <a href=\"https:\/\/www.cegelec-projets-espace.com\/\" target=\"_blank\" rel=\"noopener\" title=\"\">CEGELEC PROJETS ESPACE<\/a> &amp; <a href=\"https:\/\/www.yvelines.fr\/\" target=\"_blank\" rel=\"noopener\" title=\"\">LE D\u00c9PARTEMENT DES YVELINES<\/a><\/h5>\n\n\n\n<figure class=\"wp-block-image size-large\"><img loading=\"lazy\" decoding=\"async\" width=\"1024\" height=\"240\" src=\"https:\/\/academiespatiale.fr\/wp-content\/uploads\/2025\/10\/Sponsors-DIS-Mantes-v02-1024x240.jpg\" alt=\"\" class=\"wp-image-6067\" srcset=\"https:\/\/academiespatiale.fr\/wp-content\/uploads\/2025\/10\/Sponsors-DIS-Mantes-v02-1024x240.jpg 1024w, https:\/\/academiespatiale.fr\/wp-content\/uploads\/2025\/10\/Sponsors-DIS-Mantes-v02-300x70.jpg 300w, https:\/\/academiespatiale.fr\/wp-content\/uploads\/2025\/10\/Sponsors-DIS-Mantes-v02-768x180.jpg 768w, https:\/\/academiespatiale.fr\/wp-content\/uploads\/2025\/10\/Sponsors-DIS-Mantes-v02-1536x360.jpg 1536w, https:\/\/academiespatiale.fr\/wp-content\/uploads\/2025\/10\/Sponsors-DIS-Mantes-v02.jpg 1920w\" sizes=\"auto, (max-width: 1024px) 100vw, 1024px\" \/><\/figure>\n\n\n\n<div style=\"height:10px\" aria-hidden=\"true\" class=\"wp-block-spacer\"><\/div>\n\n\n\n<hr class=\"wp-block-separator has-alpha-channel-opacity\"\/>\n\n\n\n<div style=\"height:10px\" aria-hidden=\"true\" class=\"wp-block-spacer\"><\/div>\n\n\n\n<div class=\"wp-block-group alignwide\" style=\"border-width:1px;padding-top:var(--wp--preset--spacing--80);padding-right:var(--wp--preset--spacing--80);padding-bottom:var(--wp--preset--spacing--80);padding-left:var(--wp--preset--spacing--80)\"><div class=\"wp-block-group__inner-container is-layout-constrained wp-container-core-group-is-layout-10bc4538 wp-block-group-is-layout-constrained\">\n<div class=\"wp-block-columns is-layout-flex wp-container-core-columns-is-layout-c18c890d wp-block-columns-is-layout-flex\" style=\"border-style:none;border-width:0px;padding-top:0;padding-right:0;padding-bottom:0;padding-left:0\">\n<div class=\"wp-block-column is-layout-flow wp-block-column-is-layout-flow\" style=\"flex-basis:33.33%\">\n<p>COMMUNIQU\u00c9 DE PRESSE<\/p>\n\n\n\n<div data-wp-interactive=\"core\/file\" class=\"wp-block-file\"><object data-wp-bind--hidden=\"!state.hasPdfPreview\" hidden class=\"wp-block-file__embed\" data=\"https:\/\/academiespatiale.fr\/wp-content\/uploads\/2025\/10\/CP-Hackathon-DefinSpace-Mantes.pdf\" type=\"application\/pdf\" style=\"width:100%;height:200px\" aria-label=\"Contenu embarqu\u00e9 CP-Hackathon-DefinSpace-Mantes.\"><\/object><a id=\"wp-block-file--media-1cd514e5-595a-49a6-969d-faf424450cf9\" href=\"https:\/\/academiespatiale.fr\/wp-content\/uploads\/2025\/10\/CP-Hackathon-DefinSpace-Mantes.pdf\">CP-Hackathon-DefinSpace-Mantes<\/a><a href=\"https:\/\/academiespatiale.fr\/wp-content\/uploads\/2025\/10\/CP-Hackathon-DefinSpace-Mantes.pdf\" class=\"wp-block-file__button wp-element-button\" download aria-describedby=\"wp-block-file--media-1cd514e5-595a-49a6-969d-faf424450cf9\">T\u00e9l\u00e9charger<\/a><\/div>\n<\/div>\n\n\n\n<div class=\"wp-block-column is-layout-flow wp-block-column-is-layout-flow\" style=\"flex-basis:66.66%\">\n<p>PRESSE<\/p>\n\n\n\n<p>Les m\u00e9dias sont cordialement invit\u00e9s \u00e0 assister \u00e0 l&rsquo;\u00e9v\u00e9nement et \u00e0 rencontrer les participant\u00b7es, les organisateurs, les organisatrices et les partenaires. Une c\u00e9r\u00e9monie de remise des prix aura lieu le 11 octobre 2025 \u00e0 18h30, en pr\u00e9sence de personnalit\u00e9s du secteur spatial.<\/p>\n\n\n\n<p style=\"font-size:15px\">CONTACT PRESSE<br><strong>Alice Gronier<br><\/strong><em>Charg\u00e9e de communication \u00e0 l&rsquo;Acad\u00e9mie Spatiale d&rsquo;IDF<\/em><br>alice.gronier@academiespatiale.fr<br>01 80 28 52 47<\/p>\n<\/div>\n<\/div>\n<\/div><\/div>\n\n\n\n<div style=\"height:30px\" aria-hidden=\"true\" class=\"wp-block-spacer\"><\/div>\n\n\n\n<hr class=\"wp-block-separator has-alpha-channel-opacity\"\/>\n\n\n\n<h3 class=\"wp-block-heading has-text-align-left\">Th\u00e9matique : surveillance vid\u00e9o temps r\u00e9el depuis l&rsquo;orbite basse<\/h3>\n\n\n\n<p>Le retour des conflits de haute intensit\u00e9 pose la question de la place centrale du renseignement, fonction critique permettant d&rsquo;obtenir une appr\u00e9ciation autonome et continuellement \u00ab&nbsp;rafra\u00eechie&nbsp;\u00bb de la situation pour anticiper les \u00e9v\u00e8nements.<\/p>\n\n\n\n<p>Pour 2025, DefInSpace vous invite \u00e0 repenser et \u00e0 innover autour de la surveillance temps r\u00e9el&#8230;<\/p>\n\n\n\n<div data-wp-interactive=\"core\/file\" class=\"wp-block-file\"><object data-wp-bind--hidden=\"!state.hasPdfPreview\" hidden class=\"wp-block-file__embed\" data=\"https:\/\/academiespatiale.fr\/wp-content\/uploads\/2025\/08\/Thematique-DIS-2025.pdf\" type=\"application\/pdf\" style=\"width:100%;height:450px\" aria-label=\"Contenu embarqu\u00e9 Thematique - DIS 2025.\"><\/object><a id=\"wp-block-file--media-096e9969-b5c0-4a4a-bcf3-0728b1ddecf2\" href=\"https:\/\/academiespatiale.fr\/wp-content\/uploads\/2025\/08\/Thematique-DIS-2025.pdf\">Thematique &#8211; DIS 2025<\/a><a href=\"https:\/\/academiespatiale.fr\/wp-content\/uploads\/2025\/08\/Thematique-DIS-2025.pdf\" class=\"wp-block-file__button wp-element-button\" download aria-describedby=\"wp-block-file--media-096e9969-b5c0-4a4a-bcf3-0728b1ddecf2\">T\u00e9l\u00e9charger<\/a><\/div>\n\n\n\n<div style=\"height:20px\" aria-hidden=\"true\" class=\"wp-block-spacer\"><\/div>\n\n\n\n<hr class=\"wp-block-separator has-alpha-channel-opacity\"\/>\n\n\n\n<div style=\"height:30px\" aria-hidden=\"true\" class=\"wp-block-spacer\"><\/div>\n\n\n\n<h3 class=\"wp-block-heading\">Au programme<\/h3>\n\n\n\n<p class=\"has-text-align-left\"><strong>Deux d\u00e9fis : 1 technique &amp; 1 g\u00e9n\u00e9raliste<\/strong><br>(\u00e0 r\u00e9soudre en 24 heures)<\/p>\n\n\n\n<div class=\"wp-block-columns alignwide is-layout-flex wp-container-core-columns-is-layout-28f84493 wp-block-columns-is-layout-flex\">\n<div class=\"wp-block-column is-layout-flow wp-block-column-is-layout-flow\" style=\"flex-basis:100%\">\n<div class=\"wp-block-columns is-layout-flex wp-container-core-columns-is-layout-28f84493 wp-block-columns-is-layout-flex\">\n<div class=\"wp-block-column is-vertically-aligned-center is-layout-flow wp-block-column-is-layout-flow\">\n<p>Les participantes et les participants se r\u00e9partissent en \u00e9quipes de 2 \u00e0 5 personnes et pr\u00e9senteront leur solution devant un jury \u00e0 l&rsquo;issue des 24h qui leur sont impartis.<\/p>\n\n\n\n<p>D\u00e8s l&rsquo;automne, un webinaire pr\u00e9sentera l&rsquo;\u00e9v\u00e8nement du Commandement De l&rsquo;Espace puis deux bootcamps seront organis\u00e9s pour vous pr\u00e9parer aux enjeux de la comp\u00e9tition.<\/p>\n\n\n\n<p>Les \u00e9quipes s\u00e9lectionn\u00e9es s&rsquo;affronterons lors de la Grande Finale \u00e0 Paris. Les \u00e9quipes laur\u00e9ates de DefInSpace seront \u00e9lues lors de cette Grande Finale et gagneront un voyage pour le Port Spatial Europ\u00e9en de Kourou en Guyane.<\/p>\n<\/div>\n\n\n\n<div class=\"wp-block-column is-layout-flow wp-block-column-is-layout-flow\">\n<figure data-wp-context=\"{&quot;imageId&quot;:&quot;69f33653555c8&quot;}\" data-wp-interactive=\"core\/image\" data-wp-key=\"69f33653555c8\" class=\"wp-block-image size-large wp-lightbox-container\"><img loading=\"lazy\" decoding=\"async\" width=\"1024\" height=\"681\" data-wp-class--hide=\"state.isContentHidden\" data-wp-class--show=\"state.isContentVisible\" data-wp-init=\"callbacks.setButtonStyles\" data-wp-on--click=\"actions.showLightbox\" data-wp-on--load=\"callbacks.setButtonStyles\" data-wp-on-window--resize=\"callbacks.setButtonStyles\" src=\"https:\/\/academiespatiale.fr\/wp-content\/uploads\/2025\/07\/DefInSpace_Grande-finale-2023-1-1024x681.png\" alt=\"\" class=\"wp-image-5469\" srcset=\"https:\/\/academiespatiale.fr\/wp-content\/uploads\/2025\/07\/DefInSpace_Grande-finale-2023-1-1024x681.png 1024w, https:\/\/academiespatiale.fr\/wp-content\/uploads\/2025\/07\/DefInSpace_Grande-finale-2023-1-300x200.png 300w, https:\/\/academiespatiale.fr\/wp-content\/uploads\/2025\/07\/DefInSpace_Grande-finale-2023-1-768x511.png 768w, https:\/\/academiespatiale.fr\/wp-content\/uploads\/2025\/07\/DefInSpace_Grande-finale-2023-1-1536x1022.png 1536w, https:\/\/academiespatiale.fr\/wp-content\/uploads\/2025\/07\/DefInSpace_Grande-finale-2023-1-2048x1362.png 2048w, https:\/\/academiespatiale.fr\/wp-content\/uploads\/2025\/07\/DefInSpace_Grande-finale-2023-1-360x240.png 360w\" sizes=\"auto, (max-width: 1024px) 100vw, 1024px\" \/><button\n\t\t\tclass=\"lightbox-trigger\"\n\t\t\ttype=\"button\"\n\t\t\taria-haspopup=\"dialog\"\n\t\t\taria-label=\"Agrandir\"\n\t\t\tdata-wp-init=\"callbacks.initTriggerButton\"\n\t\t\tdata-wp-on--click=\"actions.showLightbox\"\n\t\t\tdata-wp-style--right=\"state.imageButtonRight\"\n\t\t\tdata-wp-style--top=\"state.imageButtonTop\"\n\t\t>\n\t\t\t<svg xmlns=\"http:\/\/www.w3.org\/2000\/svg\" width=\"12\" height=\"12\" fill=\"none\" viewBox=\"0 0 12 12\">\n\t\t\t\t<path fill=\"#fff\" d=\"M2 0a2 2 0 0 0-2 2v2h1.5V2a.5.5 0 0 1 .5-.5h2V0H2Zm2 10.5H2a.5.5 0 0 1-.5-.5V8H0v2a2 2 0 0 0 2 2h2v-1.5ZM8 12v-1.5h2a.5.5 0 0 0 .5-.5V8H12v2a2 2 0 0 1-2 2H8Zm2-12a2 2 0 0 1 2 2v2h-1.5V2a.5.5 0 0 0-.5-.5H8V0h2Z\" \/>\n\t\t\t<\/svg>\n\t\t<\/button><figcaption class=\"wp-element-caption\">Grande finale 2023 \u00a9 Arm\u00e9e de l&rsquo;Air et de l&rsquo;Espace<\/figcaption><\/figure>\n<\/div>\n<\/div>\n<\/div>\n<\/div>\n\n\n\n<div style=\"height:10px\" aria-hidden=\"true\" class=\"wp-block-spacer\"><\/div>\n\n\n\n<figure class=\"wp-block-image size-large\"><img loading=\"lazy\" decoding=\"async\" width=\"1024\" height=\"341\" src=\"https:\/\/academiespatiale.fr\/wp-content\/uploads\/2025\/08\/Hackathon-de-defense-spatiale-Sponsors-1024x341.jpg\" alt=\"\" class=\"wp-image-5803\" srcset=\"https:\/\/academiespatiale.fr\/wp-content\/uploads\/2025\/08\/Hackathon-de-defense-spatiale-Sponsors-1024x341.jpg 1024w, https:\/\/academiespatiale.fr\/wp-content\/uploads\/2025\/08\/Hackathon-de-defense-spatiale-Sponsors-300x100.jpg 300w, https:\/\/academiespatiale.fr\/wp-content\/uploads\/2025\/08\/Hackathon-de-defense-spatiale-Sponsors-768x256.jpg 768w, https:\/\/academiespatiale.fr\/wp-content\/uploads\/2025\/08\/Hackathon-de-defense-spatiale-Sponsors-1536x512.jpg 1536w, https:\/\/academiespatiale.fr\/wp-content\/uploads\/2025\/08\/Hackathon-de-defense-spatiale-Sponsors.jpg 1837w\" sizes=\"auto, (max-width: 1024px) 100vw, 1024px\" \/><\/figure>\n\n\n\n<div style=\"height:10px\" aria-hidden=\"true\" class=\"wp-block-spacer\"><\/div>\n\n\n\n<hr class=\"wp-block-separator has-alpha-channel-opacity\"\/>\n\n\n\n<div style=\"height:30px\" aria-hidden=\"true\" class=\"wp-block-spacer\"><\/div>\n\n\n\n<h3 class=\"wp-block-heading\">R\u00e9trospective de l&rsquo;\u00e9dition 2023<\/h3>\n\n\n\n<p style=\"font-size:15px\">Voir la r\u00e9trospective 2023 : <a href=\"https:\/\/www.definspace.fr\/definspace2023\" target=\"_blank\" rel=\"noopener\" title=\"\">DefInSpace 2025 | Archives<\/a><\/p>\n\n\n\n<p>Les sujets du Hackathon DefInSpace 2023 portaient sur les constellations dans le contexte de la mise en service des constellations IRIS2 et Kuiper sur la base de la constellation OneWeb d&rsquo;Eutelsat :<\/p>\n\n\n\n<ul class=\"wp-block-list\">\n<li>Challenge g\u00e9n\u00e9raliste : enjeux politiques, juridiques, \u00e9conomiques, s\u00e9curitaires, diplomatiques&#8230; d&rsquo;une future constellation afin d&rsquo;encourager l&rsquo;\u00e9mergence d&rsquo;une inter-op\u00e9rabilit\u00e9 duale entre les diff\u00e9rentes constellations (t\u00e9l\u00e9com, observation, CNSS, etc.).<\/li>\n\n\n\n<li>Challenge technique : b\u00e9n\u00e9fices que pourrait tirer le minist\u00e8re des Arm\u00e9es des constellations spatiales.<\/li>\n<\/ul>\n\n\n\n<div class=\"wp-block-columns is-layout-flex wp-container-core-columns-is-layout-28f84493 wp-block-columns-is-layout-flex\">\n<div class=\"wp-block-column is-layout-flow wp-block-column-is-layout-flow\">\n<p>Sujet g\u00e9n\u00e9raliste 2023<\/p>\n\n\n\n<div data-wp-interactive=\"core\/file\" class=\"wp-block-file\"><object data-wp-bind--hidden=\"!state.hasPdfPreview\" hidden class=\"wp-block-file__embed\" data=\"https:\/\/academiespatiale.fr\/wp-content\/uploads\/2025\/08\/Challenge-Generaliste-DIS-2023.pdf\" type=\"application\/pdf\" style=\"width:100%;height:200px\" aria-label=\"Contenu embarqu\u00e9 Challenge Ge\u0301ne\u0301raliste - DIS 2023.\"><\/object><a id=\"wp-block-file--media-417e3bd3-2b07-406a-8807-be1922cc9ef7\" href=\"https:\/\/academiespatiale.fr\/wp-content\/uploads\/2025\/08\/Challenge-Generaliste-DIS-2023.pdf\">Challenge Ge\u0301ne\u0301raliste &#8211; DIS 2023<\/a><a href=\"https:\/\/academiespatiale.fr\/wp-content\/uploads\/2025\/08\/Challenge-Generaliste-DIS-2023.pdf\" class=\"wp-block-file__button wp-element-button\" download aria-describedby=\"wp-block-file--media-417e3bd3-2b07-406a-8807-be1922cc9ef7\">T\u00e9l\u00e9charger<\/a><\/div>\n<\/div>\n\n\n\n<div class=\"wp-block-column is-layout-flow wp-block-column-is-layout-flow\">\n<p>Sujet technique 2023<\/p>\n\n\n\n<div data-wp-interactive=\"core\/file\" class=\"wp-block-file\"><object data-wp-bind--hidden=\"!state.hasPdfPreview\" hidden class=\"wp-block-file__embed\" data=\"https:\/\/academiespatiale.fr\/wp-content\/uploads\/2025\/08\/Challenge-Technique-DIS-2023.pdf.png.pdf\" type=\"application\/pdf\" style=\"width:100%;height:200px\" aria-label=\"Contenu embarqu\u00e9 Challenge Technique - DIS 2023.pdf.png.\"><\/object><a id=\"wp-block-file--media-55d8e0ab-6d23-4cbe-9a50-cf09edcf6a1f\" href=\"https:\/\/academiespatiale.fr\/wp-content\/uploads\/2025\/08\/Challenge-Technique-DIS-2023.pdf.png.pdf\">Challenge Technique &#8211; DIS 2023.pdf.png<\/a><a href=\"https:\/\/academiespatiale.fr\/wp-content\/uploads\/2025\/08\/Challenge-Technique-DIS-2023.pdf.png.pdf\" class=\"wp-block-file__button wp-element-button\" download aria-describedby=\"wp-block-file--media-55d8e0ab-6d23-4cbe-9a50-cf09edcf6a1f\">T\u00e9l\u00e9charger<\/a><\/div>\n<\/div>\n<\/div>\n\n\n\n<p><\/p>\n","protected":false},"excerpt":{"rendered":"<p>DefInSpace est un hackathon cr\u00e9\u00e9 par le Commandement de l&rsquo;Espace (CDE) dont l&rsquo;objectif est d&rsquo;imaginer des solutions pour la d\u00e9fense spatiale de demain. Pour sa 4e \u00e9dition, l&rsquo;Acad\u00e9mie Spatiale d&rsquo;\u00cele-de-France devient organisateur local : l&rsquo;\u00e9v\u00e8nement se d\u00e9roulera du vendredi 10 au samedi 11 octobre 2025 \u00e0 l&rsquo;IUT de Mantes-en-Yvelines puis [&hellip;]<\/p>\n","protected":false},"author":1,"featured_media":6063,"parent":6131,"menu_order":0,"comment_status":"closed","ping_status":"closed","template":"","meta":{"_monsterinsights_skip_tracking":false,"_monsterinsights_sitenote_active":false,"_monsterinsights_sitenote_note":"","_monsterinsights_sitenote_category":0,"_EventAllDay":false,"_EventTimezone":"","_EventStartDate":"","_EventEndDate":"","_EventStartDateUTC":"","_EventEndDateUTC":"","_EventShowMap":false,"_EventShowMapLink":false,"_EventURL":"","_EventCost":"","_EventCostDescription":"","_EventCurrencySymbol":"","_EventCurrencyCode":"","_EventCurrencyPosition":"","_EventDateTimeSeparator":"","_EventTimeRangeSeparator":"","_EventOrganizerID":[],"_EventVenueID":[],"_OrganizerEmail":"","_OrganizerPhone":"","_OrganizerWebsite":"","_VenueAddress":"","_VenueCity":"","_VenueCountry":"","_VenueProvince":"","_VenueState":"","_VenueZip":"","_VenuePhone":"","_VenueURL":"","_VenueStateProvince":"","_VenueLat":"","_VenueLng":"","_VenueShowMap":false,"_VenueShowMapLink":false,"footnotes":""},"class_list":["post-5810","page","type-page","status-publish","has-post-thumbnail","hentry"],"aioseo_notices":[],"_links":{"self":[{"href":"https:\/\/academiespatiale.fr\/index.php\/wp-json\/wp\/v2\/pages\/5810","targetHints":{"allow":["GET"]}}],"collection":[{"href":"https:\/\/academiespatiale.fr\/index.php\/wp-json\/wp\/v2\/pages"}],"about":[{"href":"https:\/\/academiespatiale.fr\/index.php\/wp-json\/wp\/v2\/types\/page"}],"author":[{"embeddable":true,"href":"https:\/\/academiespatiale.fr\/index.php\/wp-json\/wp\/v2\/users\/1"}],"replies":[{"embeddable":true,"href":"https:\/\/academiespatiale.fr\/index.php\/wp-json\/wp\/v2\/comments?post=5810"}],"version-history":[{"count":92,"href":"https:\/\/academiespatiale.fr\/index.php\/wp-json\/wp\/v2\/pages\/5810\/revisions"}],"predecessor-version":[{"id":8232,"href":"https:\/\/academiespatiale.fr\/index.php\/wp-json\/wp\/v2\/pages\/5810\/revisions\/8232"}],"up":[{"embeddable":true,"href":"https:\/\/academiespatiale.fr\/index.php\/wp-json\/wp\/v2\/pages\/6131"}],"wp:featuredmedia":[{"embeddable":true,"href":"https:\/\/academiespatiale.fr\/index.php\/wp-json\/wp\/v2\/media\/6063"}],"wp:attachment":[{"href":"https:\/\/academiespatiale.fr\/index.php\/wp-json\/wp\/v2\/media?parent=5810"}],"curies":[{"name":"wp","href":"https:\/\/api.w.org\/{rel}","templated":true}]}}