{"id":5374,"date":"2025-07-11T15:49:29","date_gmt":"2025-07-11T13:49:29","guid":{"rendered":"https:\/\/academiespatiale.fr\/?page_id=5374"},"modified":"2026-02-20T16:33:04","modified_gmt":"2026-02-20T15:33:04","slug":"ecospace-2025-decouverte-de-lunivers-spatial-a-liut-de-mantes-en-yvelines","status":"publish","type":"page","link":"https:\/\/academiespatiale.fr\/index.php\/formations\/infos-orientation\/ecospace-2025-decouverte-de-lunivers-spatial-a-liut-de-mantes-en-yvelines\/","title":{"rendered":"ECOSPACE 2025 : d\u00e9couverte de l&rsquo;univers spatial \u00e0 l&rsquo;IUT de Mantes-en-Yvelines"},"content":{"rendered":"\n<div class=\"wp-block-columns alignfull has-text-color has-link-color wp-elements-8422e2a85d9f2e5605b7dd2ae54b3e54 is-layout-flex wp-container-core-columns-is-layout-e94c545b wp-block-columns-is-layout-flex\" style=\"color:#b1b1b1;margin-top:-25px;margin-bottom:20px;padding-top:0;padding-right:0;padding-bottom:0;padding-left:60px;font-size:15px\">\n<div class=\"wp-block-column has-text-color has-link-color wp-elements-32661c60388d2123b0bf1683c717c484 is-layout-flow wp-block-column-is-layout-flow\" style=\"color:#a1a1a1;padding-top:0;padding-bottom:0;font-size:15px;font-style:normal;font-weight:100;flex-basis:100%\"><div class=\"aioseo-breadcrumbs\"><span class=\"aioseo-breadcrumb\">\n\t\t\t<a href=\"https:\/\/academiespatiale.fr\" title=\"Home\">Home<\/a>\n\t\t<\/span><span class=\"aioseo-breadcrumb-separator\">&raquo;<\/span><span class=\"aioseo-breadcrumb\">\n\t\t\t<a href=\"https:\/\/academiespatiale.fr\/index.php\/formations\/\" title=\"Formations &amp; m\u00e9tiers\">Formations &amp; m\u00e9tiers<\/a>\n\t\t<\/span><span class=\"aioseo-breadcrumb-separator\">&raquo;<\/span><span class=\"aioseo-breadcrumb\">\n\t\t\t<a href=\"https:\/\/academiespatiale.fr\/index.php\/formations\/infos-orientation\/\" title=\"Infos &amp; orientation\">Infos &amp; orientation<\/a>\n\t\t<\/span><span class=\"aioseo-breadcrumb-separator\">&raquo;<\/span><span class=\"aioseo-breadcrumb\">\n\t\t\tECOSPACE 2025 : d\u00e9couverte de l\u2019univers spatial \u00e0 l\u2019IUT de Mantes-en-Yvelines\n\t\t<\/span><\/div><\/div>\n<\/div>\n\n\n\n<p><strong>Les 20 et 21 juin 2025, l\u2019IUT de Mantes-en-Yvelines, le LATMOS et l&rsquo;Acad\u00e9mie Spatiale ont co-organis\u00e9 l&rsquo;\u00e9cole d&rsquo;\u00e9t\u00e9 ECOSPACE 2025, d\u00e9di\u00e9e aux avanc\u00e9es scientifiques, \u00e9conomiques et technologiques dans le domaine spatial. <\/strong><\/p>\n\n\n\n<p>Deux journ\u00e9es ouvertes \u00e0 tous et toutes les passionn\u00e9\u00b7es de l&rsquo;espace &#8211; grand public, \u00e9l\u00e8ves et \u00e9tudiant\u00b7es de tous niveaux &#8211; durant lesquels les participant\u00b7es ont eu l&rsquo;occasion d&rsquo;assister \u00e0 des conf\u00e9rences, des ateliers pratiques et des workshops anim\u00e9s par des expertes et des experts du domaine.<\/p>\n\n\n\n<hr class=\"wp-block-separator has-alpha-channel-opacity\"\/>\n\n\n\n<div style=\"height:20px\" aria-hidden=\"true\" class=\"wp-block-spacer\"><\/div>\n\n\n\n<div class=\"wp-block-columns alignwide are-vertically-aligned-center is-layout-flex wp-container-core-columns-is-layout-28f84493 wp-block-columns-is-layout-flex\">\n<div class=\"wp-block-column is-vertically-aligned-center is-layout-flow wp-block-column-is-layout-flow\">\n<p>L&rsquo;IUT de Mantes-en-Yvelines, qui forme des \u00e9tudiant\u00b7es en BUT g\u00e9nie civil, g\u00e9nie industriel, g\u00e9nie m\u00e9canique ou en encore en gestion des entreprises et des administrations, s&rsquo;est tourn\u00e9 pendant ces deux jours vers la th\u00e9matique spatiale :<\/p>\n\n\n\n<ul class=\"wp-block-list\">\n<li>Formations et m\u00e9tiers du spatial<\/li>\n\n\n\n<li>Technologies spatiale et missions d&rsquo;exploration<\/li>\n\n\n\n<li>Plan\u00e9tologie : \u00e9tude des plan\u00e8tes, com\u00e8tes et exoplan\u00e8tes<\/li>\n\n\n\n<li>Caract\u00e9ristiques et la dynamique du syst\u00e8me solaire<\/li>\n\n\n\n<li>Enjeux scientifiques de la recherche de vie extra-terrestre ou d\u2019un monde habitable<\/li>\n\n\n\n<li>G\u00e9opolitique de l\u2019espace extra-atmosph\u00e9rique<\/li>\n\n\n\n<li>Economie du Spatial<\/li>\n<\/ul>\n\n\n\n<div style=\"height:10px\" aria-hidden=\"true\" class=\"wp-block-spacer\"><\/div>\n\n\n\n<p>Cet \u00e9v\u00e8nement a \u00e9galement constitu\u00e9 une premi\u00e8re \u00e9tape vers le projet de cr\u00e9ation d&rsquo;un p\u00f4le Recherche et la mise en place de nouvelles formations autour du spatial \u00e0 l&rsquo;IUT de Mantes.<\/p>\n<\/div>\n\n\n\n<div class=\"wp-block-column is-vertically-aligned-center is-layout-flow wp-block-column-is-layout-flow\">\n<p class=\"has-text-align-center has-small-font-size\"><em>&gt; Cliquez pour afficher &lt;<\/em><\/p>\n\n\n\n<figure class=\"wp-block-gallery has-nested-images columns-default is-cropped wp-block-gallery-1 is-layout-flex wp-block-gallery-is-layout-flex\">\n<figure data-wp-context=\"{&quot;imageId&quot;:&quot;69ee341709a48&quot;}\" data-wp-interactive=\"core\/image\" data-wp-key=\"69ee341709a48\" class=\"wp-block-image size-large wp-lightbox-container\"><img loading=\"lazy\" decoding=\"async\" width=\"1024\" height=\"683\" data-wp-class--hide=\"state.isContentHidden\" data-wp-class--show=\"state.isContentVisible\" data-wp-init=\"callbacks.setButtonStyles\" data-wp-on--click=\"actions.showLightbox\" data-wp-on--load=\"callbacks.setButtonStyles\" data-wp-on-window--resize=\"callbacks.setButtonStyles\" data-id=\"5378\" src=\"https:\/\/academiespatiale.fr\/wp-content\/uploads\/2025\/07\/54607615772_98b3911a14_o-1024x683.jpg\" alt=\"\" class=\"wp-image-5378\" srcset=\"https:\/\/academiespatiale.fr\/wp-content\/uploads\/2025\/07\/54607615772_98b3911a14_o-1024x683.jpg 1024w, https:\/\/academiespatiale.fr\/wp-content\/uploads\/2025\/07\/54607615772_98b3911a14_o-300x200.jpg 300w, https:\/\/academiespatiale.fr\/wp-content\/uploads\/2025\/07\/54607615772_98b3911a14_o-768x512.jpg 768w, https:\/\/academiespatiale.fr\/wp-content\/uploads\/2025\/07\/54607615772_98b3911a14_o-1536x1024.jpg 1536w, https:\/\/academiespatiale.fr\/wp-content\/uploads\/2025\/07\/54607615772_98b3911a14_o-2048x1365.jpg 2048w, https:\/\/academiespatiale.fr\/wp-content\/uploads\/2025\/07\/54607615772_98b3911a14_o-360x240.jpg 360w\" sizes=\"auto, (max-width: 1024px) 100vw, 1024px\" \/><button\n\t\t\tclass=\"lightbox-trigger\"\n\t\t\ttype=\"button\"\n\t\t\taria-haspopup=\"dialog\"\n\t\t\taria-label=\"Agrandir\"\n\t\t\tdata-wp-init=\"callbacks.initTriggerButton\"\n\t\t\tdata-wp-on--click=\"actions.showLightbox\"\n\t\t\tdata-wp-style--right=\"state.imageButtonRight\"\n\t\t\tdata-wp-style--top=\"state.imageButtonTop\"\n\t\t>\n\t\t\t<svg xmlns=\"http:\/\/www.w3.org\/2000\/svg\" width=\"12\" height=\"12\" fill=\"none\" viewBox=\"0 0 12 12\">\n\t\t\t\t<path fill=\"#fff\" d=\"M2 0a2 2 0 0 0-2 2v2h1.5V2a.5.5 0 0 1 .5-.5h2V0H2Zm2 10.5H2a.5.5 0 0 1-.5-.5V8H0v2a2 2 0 0 0 2 2h2v-1.5ZM8 12v-1.5h2a.5.5 0 0 0 .5-.5V8H12v2a2 2 0 0 1-2 2H8Zm2-12a2 2 0 0 1 2 2v2h-1.5V2a.5.5 0 0 0-.5-.5H8V0h2Z\" \/>\n\t\t\t<\/svg>\n\t\t<\/button><\/figure>\n\n\n\n<figure data-wp-context=\"{&quot;imageId&quot;:&quot;69ee341709f8c&quot;}\" data-wp-interactive=\"core\/image\" data-wp-key=\"69ee341709f8c\" class=\"wp-block-image size-large wp-lightbox-container\"><img loading=\"lazy\" decoding=\"async\" width=\"1024\" height=\"683\" data-wp-class--hide=\"state.isContentHidden\" data-wp-class--show=\"state.isContentVisible\" data-wp-init=\"callbacks.setButtonStyles\" data-wp-on--click=\"actions.showLightbox\" data-wp-on--load=\"callbacks.setButtonStyles\" data-wp-on-window--resize=\"callbacks.setButtonStyles\" data-id=\"5379\" src=\"https:\/\/academiespatiale.fr\/wp-content\/uploads\/2025\/07\/54608490656_90875f2030_o-1024x683.jpg\" alt=\"\" class=\"wp-image-5379\" srcset=\"https:\/\/academiespatiale.fr\/wp-content\/uploads\/2025\/07\/54608490656_90875f2030_o-1024x683.jpg 1024w, https:\/\/academiespatiale.fr\/wp-content\/uploads\/2025\/07\/54608490656_90875f2030_o-300x200.jpg 300w, https:\/\/academiespatiale.fr\/wp-content\/uploads\/2025\/07\/54608490656_90875f2030_o-768x512.jpg 768w, https:\/\/academiespatiale.fr\/wp-content\/uploads\/2025\/07\/54608490656_90875f2030_o-1536x1024.jpg 1536w, https:\/\/academiespatiale.fr\/wp-content\/uploads\/2025\/07\/54608490656_90875f2030_o-2048x1365.jpg 2048w, https:\/\/academiespatiale.fr\/wp-content\/uploads\/2025\/07\/54608490656_90875f2030_o-360x240.jpg 360w\" sizes=\"auto, (max-width: 1024px) 100vw, 1024px\" \/><button\n\t\t\tclass=\"lightbox-trigger\"\n\t\t\ttype=\"button\"\n\t\t\taria-haspopup=\"dialog\"\n\t\t\taria-label=\"Agrandir\"\n\t\t\tdata-wp-init=\"callbacks.initTriggerButton\"\n\t\t\tdata-wp-on--click=\"actions.showLightbox\"\n\t\t\tdata-wp-style--right=\"state.imageButtonRight\"\n\t\t\tdata-wp-style--top=\"state.imageButtonTop\"\n\t\t>\n\t\t\t<svg xmlns=\"http:\/\/www.w3.org\/2000\/svg\" width=\"12\" height=\"12\" fill=\"none\" viewBox=\"0 0 12 12\">\n\t\t\t\t<path fill=\"#fff\" d=\"M2 0a2 2 0 0 0-2 2v2h1.5V2a.5.5 0 0 1 .5-.5h2V0H2Zm2 10.5H2a.5.5 0 0 1-.5-.5V8H0v2a2 2 0 0 0 2 2h2v-1.5ZM8 12v-1.5h2a.5.5 0 0 0 .5-.5V8H12v2a2 2 0 0 1-2 2H8Zm2-12a2 2 0 0 1 2 2v2h-1.5V2a.5.5 0 0 0-.5-.5H8V0h2Z\" \/>\n\t\t\t<\/svg>\n\t\t<\/button><\/figure>\n\n\n\n<figure data-wp-context=\"{&quot;imageId&quot;:&quot;69ee34170a478&quot;}\" data-wp-interactive=\"core\/image\" data-wp-key=\"69ee34170a478\" class=\"wp-block-image size-large wp-lightbox-container\"><img loading=\"lazy\" decoding=\"async\" width=\"1024\" height=\"683\" data-wp-class--hide=\"state.isContentHidden\" data-wp-class--show=\"state.isContentVisible\" data-wp-init=\"callbacks.setButtonStyles\" data-wp-on--click=\"actions.showLightbox\" data-wp-on--load=\"callbacks.setButtonStyles\" data-wp-on-window--resize=\"callbacks.setButtonStyles\" data-id=\"5415\" src=\"https:\/\/academiespatiale.fr\/wp-content\/uploads\/2025\/07\/54608687089_68771a4f9d_o-1024x683.jpg\" alt=\"\" class=\"wp-image-5415\" srcset=\"https:\/\/academiespatiale.fr\/wp-content\/uploads\/2025\/07\/54608687089_68771a4f9d_o-1024x683.jpg 1024w, https:\/\/academiespatiale.fr\/wp-content\/uploads\/2025\/07\/54608687089_68771a4f9d_o-300x200.jpg 300w, https:\/\/academiespatiale.fr\/wp-content\/uploads\/2025\/07\/54608687089_68771a4f9d_o-768x512.jpg 768w, https:\/\/academiespatiale.fr\/wp-content\/uploads\/2025\/07\/54608687089_68771a4f9d_o-1536x1024.jpg 1536w, https:\/\/academiespatiale.fr\/wp-content\/uploads\/2025\/07\/54608687089_68771a4f9d_o-2048x1365.jpg 2048w, https:\/\/academiespatiale.fr\/wp-content\/uploads\/2025\/07\/54608687089_68771a4f9d_o-360x240.jpg 360w\" sizes=\"auto, (max-width: 1024px) 100vw, 1024px\" \/><button\n\t\t\tclass=\"lightbox-trigger\"\n\t\t\ttype=\"button\"\n\t\t\taria-haspopup=\"dialog\"\n\t\t\taria-label=\"Agrandir\"\n\t\t\tdata-wp-init=\"callbacks.initTriggerButton\"\n\t\t\tdata-wp-on--click=\"actions.showLightbox\"\n\t\t\tdata-wp-style--right=\"state.imageButtonRight\"\n\t\t\tdata-wp-style--top=\"state.imageButtonTop\"\n\t\t>\n\t\t\t<svg xmlns=\"http:\/\/www.w3.org\/2000\/svg\" width=\"12\" height=\"12\" fill=\"none\" viewBox=\"0 0 12 12\">\n\t\t\t\t<path fill=\"#fff\" d=\"M2 0a2 2 0 0 0-2 2v2h1.5V2a.5.5 0 0 1 .5-.5h2V0H2Zm2 10.5H2a.5.5 0 0 1-.5-.5V8H0v2a2 2 0 0 0 2 2h2v-1.5ZM8 12v-1.5h2a.5.5 0 0 0 .5-.5V8H12v2a2 2 0 0 1-2 2H8Zm2-12a2 2 0 0 1 2 2v2h-1.5V2a.5.5 0 0 0-.5-.5H8V0h2Z\" \/>\n\t\t\t<\/svg>\n\t\t<\/button><\/figure>\n\n\n\n<figure data-wp-context=\"{&quot;imageId&quot;:&quot;69ee34170a981&quot;}\" data-wp-interactive=\"core\/image\" data-wp-key=\"69ee34170a981\" class=\"wp-block-image size-large wp-lightbox-container\"><img loading=\"lazy\" decoding=\"async\" width=\"1024\" height=\"683\" data-wp-class--hide=\"state.isContentHidden\" data-wp-class--show=\"state.isContentVisible\" data-wp-init=\"callbacks.setButtonStyles\" data-wp-on--click=\"actions.showLightbox\" data-wp-on--load=\"callbacks.setButtonStyles\" data-wp-on-window--resize=\"callbacks.setButtonStyles\" data-id=\"5377\" src=\"https:\/\/academiespatiale.fr\/wp-content\/uploads\/2025\/07\/54608490606_4fd1d91bf2_o-1024x683.jpg\" alt=\"\" class=\"wp-image-5377\" srcset=\"https:\/\/academiespatiale.fr\/wp-content\/uploads\/2025\/07\/54608490606_4fd1d91bf2_o-1024x683.jpg 1024w, https:\/\/academiespatiale.fr\/wp-content\/uploads\/2025\/07\/54608490606_4fd1d91bf2_o-300x200.jpg 300w, https:\/\/academiespatiale.fr\/wp-content\/uploads\/2025\/07\/54608490606_4fd1d91bf2_o-768x512.jpg 768w, https:\/\/academiespatiale.fr\/wp-content\/uploads\/2025\/07\/54608490606_4fd1d91bf2_o-1536x1024.jpg 1536w, https:\/\/academiespatiale.fr\/wp-content\/uploads\/2025\/07\/54608490606_4fd1d91bf2_o-2048x1365.jpg 2048w, https:\/\/academiespatiale.fr\/wp-content\/uploads\/2025\/07\/54608490606_4fd1d91bf2_o-360x240.jpg 360w\" sizes=\"auto, (max-width: 1024px) 100vw, 1024px\" \/><button\n\t\t\tclass=\"lightbox-trigger\"\n\t\t\ttype=\"button\"\n\t\t\taria-haspopup=\"dialog\"\n\t\t\taria-label=\"Agrandir\"\n\t\t\tdata-wp-init=\"callbacks.initTriggerButton\"\n\t\t\tdata-wp-on--click=\"actions.showLightbox\"\n\t\t\tdata-wp-style--right=\"state.imageButtonRight\"\n\t\t\tdata-wp-style--top=\"state.imageButtonTop\"\n\t\t>\n\t\t\t<svg xmlns=\"http:\/\/www.w3.org\/2000\/svg\" width=\"12\" height=\"12\" fill=\"none\" viewBox=\"0 0 12 12\">\n\t\t\t\t<path fill=\"#fff\" d=\"M2 0a2 2 0 0 0-2 2v2h1.5V2a.5.5 0 0 1 .5-.5h2V0H2Zm2 10.5H2a.5.5 0 0 1-.5-.5V8H0v2a2 2 0 0 0 2 2h2v-1.5ZM8 12v-1.5h2a.5.5 0 0 0 .5-.5V8H12v2a2 2 0 0 1-2 2H8Zm2-12a2 2 0 0 1 2 2v2h-1.5V2a.5.5 0 0 0-.5-.5H8V0h2Z\" \/>\n\t\t\t<\/svg>\n\t\t<\/button><\/figure>\n\n\n\n<figure data-wp-context=\"{&quot;imageId&quot;:&quot;69ee34170adff&quot;}\" data-wp-interactive=\"core\/image\" data-wp-key=\"69ee34170adff\" class=\"wp-block-image size-large wp-lightbox-container\"><img loading=\"lazy\" decoding=\"async\" width=\"1024\" height=\"683\" data-wp-class--hide=\"state.isContentHidden\" data-wp-class--show=\"state.isContentVisible\" data-wp-init=\"callbacks.setButtonStyles\" data-wp-on--click=\"actions.showLightbox\" data-wp-on--load=\"callbacks.setButtonStyles\" data-wp-on-window--resize=\"callbacks.setButtonStyles\" data-id=\"5376\" src=\"https:\/\/academiespatiale.fr\/wp-content\/uploads\/2025\/07\/54608797455_d81939676e_o-1024x683.jpg\" alt=\"\" class=\"wp-image-5376\" srcset=\"https:\/\/academiespatiale.fr\/wp-content\/uploads\/2025\/07\/54608797455_d81939676e_o-1024x683.jpg 1024w, https:\/\/academiespatiale.fr\/wp-content\/uploads\/2025\/07\/54608797455_d81939676e_o-300x200.jpg 300w, https:\/\/academiespatiale.fr\/wp-content\/uploads\/2025\/07\/54608797455_d81939676e_o-768x512.jpg 768w, https:\/\/academiespatiale.fr\/wp-content\/uploads\/2025\/07\/54608797455_d81939676e_o-1536x1024.jpg 1536w, https:\/\/academiespatiale.fr\/wp-content\/uploads\/2025\/07\/54608797455_d81939676e_o-2048x1365.jpg 2048w, https:\/\/academiespatiale.fr\/wp-content\/uploads\/2025\/07\/54608797455_d81939676e_o-360x240.jpg 360w\" sizes=\"auto, (max-width: 1024px) 100vw, 1024px\" \/><button\n\t\t\tclass=\"lightbox-trigger\"\n\t\t\ttype=\"button\"\n\t\t\taria-haspopup=\"dialog\"\n\t\t\taria-label=\"Agrandir\"\n\t\t\tdata-wp-init=\"callbacks.initTriggerButton\"\n\t\t\tdata-wp-on--click=\"actions.showLightbox\"\n\t\t\tdata-wp-style--right=\"state.imageButtonRight\"\n\t\t\tdata-wp-style--top=\"state.imageButtonTop\"\n\t\t>\n\t\t\t<svg xmlns=\"http:\/\/www.w3.org\/2000\/svg\" width=\"12\" height=\"12\" fill=\"none\" viewBox=\"0 0 12 12\">\n\t\t\t\t<path fill=\"#fff\" d=\"M2 0a2 2 0 0 0-2 2v2h1.5V2a.5.5 0 0 1 .5-.5h2V0H2Zm2 10.5H2a.5.5 0 0 1-.5-.5V8H0v2a2 2 0 0 0 2 2h2v-1.5ZM8 12v-1.5h2a.5.5 0 0 0 .5-.5V8H12v2a2 2 0 0 1-2 2H8Zm2-12a2 2 0 0 1 2 2v2h-1.5V2a.5.5 0 0 0-.5-.5H8V0h2Z\" \/>\n\t\t\t<\/svg>\n\t\t<\/button><\/figure>\n<\/figure>\n\n\n\n<p class=\"has-small-font-size\">\u00a9 UVSQ<\/p>\n\n\n\n<div style=\"height:10px\" aria-hidden=\"true\" class=\"wp-block-spacer\"><\/div>\n\n\n\n<p class=\"has-background-color-background-color has-background\">Album photos de l&rsquo;\u00e9v\u00e8nement :<br>\u2192 <a href=\"https:\/\/www.flickr.com\/photos\/uvsq\/albums\/72177720327048851\/\" target=\"_blank\" rel=\"noopener\" title=\"\">Universit\u00e9 d&rsquo;\u00e9t\u00e9 SPATIALE \u00e0 l&rsquo;IUT de Mantes &#8211; ECOSPACE 2025 | Flickr<\/a><\/p>\n<\/div>\n<\/div>\n\n\n\n<p>Encadr\u00e9s par des chercheurs et des chercheuses du LATMOS (Laboratoire Atmosph\u00e8res et Observations Spatiales) et des professionnel\u00b7les de l&rsquo;association SpaceBus, ce fut pour de nombreux coll\u00e9giens, coll\u00e9giennes et \u00e9tudiant\u00b7es, une exp\u00e9rience enrichissante qui a, peut-\u00eatre, r\u00e9v\u00e9l\u00e9 de futures carri\u00e8res dans le spatiale.<\/p>\n\n\n\n<p>Au programme : <\/p>\n\n\n\n<ul class=\"wp-block-list\">\n<li>Conf\u00e9rences pr\u00e9sent\u00e9es par des chercheurs et des chercheuses<\/li>\n\n\n\n<li>Cin\u00e9-d\u00e9bat et soir\u00e9e d&rsquo;observation astronomique \u00ab&nbsp;Ciel Ouvert&nbsp;\u00bb<\/li>\n\n\n\n<li>Ateliers ludiques et pratiques anim\u00e9s par SpaceBus<\/li>\n\n\n\n<li>Session posters des doctorants + remise de prix scientifique<\/li>\n<\/ul>\n\n\n\n<hr class=\"wp-block-separator has-alpha-channel-opacity\"\/>\n\n\n\n<div class=\"wp-block-columns alignwide are-vertically-aligned-top is-layout-flex wp-container-core-columns-is-layout-28f84493 wp-block-columns-is-layout-flex\">\n<div class=\"wp-block-column is-vertically-aligned-top is-layout-flow wp-block-column-is-layout-flow\" style=\"flex-basis:33.33%\">\n<p class=\"has-text-align-center\" style=\"margin-top:var(--wp--preset--spacing--20);margin-bottom:var(--wp--preset--spacing--20)\">AFFICHE<\/p>\n\n\n\n<p class=\"has-text-align-center has-small-font-size\" style=\"margin-top:var(--wp--preset--spacing--20);margin-bottom:var(--wp--preset--spacing--20)\"><em>&gt; Cliquez pour afficher &lt;<\/em><\/p>\n\n\n\n<figure data-wp-context=\"{&quot;imageId&quot;:&quot;69ee34170b576&quot;}\" data-wp-interactive=\"core\/image\" data-wp-key=\"69ee34170b576\" class=\"wp-block-image size-large wp-lightbox-container\"><img loading=\"lazy\" decoding=\"async\" width=\"728\" height=\"1024\" data-wp-class--hide=\"state.isContentHidden\" data-wp-class--show=\"state.isContentVisible\" data-wp-init=\"callbacks.setButtonStyles\" data-wp-on--click=\"actions.showLightbox\" data-wp-on--load=\"callbacks.setButtonStyles\" data-wp-on-window--resize=\"callbacks.setButtonStyles\" src=\"https:\/\/academiespatiale.fr\/wp-content\/uploads\/2025\/07\/Affiche_Ecospace-728x1024.png\" alt=\"\" class=\"wp-image-5412\" srcset=\"https:\/\/academiespatiale.fr\/wp-content\/uploads\/2025\/07\/Affiche_Ecospace-728x1024.png 728w, https:\/\/academiespatiale.fr\/wp-content\/uploads\/2025\/07\/Affiche_Ecospace-213x300.png 213w, https:\/\/academiespatiale.fr\/wp-content\/uploads\/2025\/07\/Affiche_Ecospace.png 730w\" sizes=\"auto, (max-width: 728px) 100vw, 728px\" \/><button\n\t\t\tclass=\"lightbox-trigger\"\n\t\t\ttype=\"button\"\n\t\t\taria-haspopup=\"dialog\"\n\t\t\taria-label=\"Agrandir\"\n\t\t\tdata-wp-init=\"callbacks.initTriggerButton\"\n\t\t\tdata-wp-on--click=\"actions.showLightbox\"\n\t\t\tdata-wp-style--right=\"state.imageButtonRight\"\n\t\t\tdata-wp-style--top=\"state.imageButtonTop\"\n\t\t>\n\t\t\t<svg xmlns=\"http:\/\/www.w3.org\/2000\/svg\" width=\"12\" height=\"12\" fill=\"none\" viewBox=\"0 0 12 12\">\n\t\t\t\t<path fill=\"#fff\" d=\"M2 0a2 2 0 0 0-2 2v2h1.5V2a.5.5 0 0 1 .5-.5h2V0H2Zm2 10.5H2a.5.5 0 0 1-.5-.5V8H0v2a2 2 0 0 0 2 2h2v-1.5ZM8 12v-1.5h2a.5.5 0 0 0 .5-.5V8H12v2a2 2 0 0 1-2 2H8Zm2-12a2 2 0 0 1 2 2v2h-1.5V2a.5.5 0 0 0-.5-.5H8V0h2Z\" \/>\n\t\t\t<\/svg>\n\t\t<\/button><\/figure>\n<\/div>\n\n\n\n<div class=\"wp-block-column is-vertically-aligned-top is-layout-flow wp-block-column-is-layout-flow\" style=\"flex-basis:66.66%\">\n<p class=\"has-text-align-center\" style=\"margin-top:var(--wp--preset--spacing--20);margin-bottom:var(--wp--preset--spacing--20)\">PROGRAMME<\/p>\n\n\n\n<p class=\"has-text-align-center has-small-font-size\" style=\"margin-top:var(--wp--preset--spacing--20);margin-bottom:var(--wp--preset--spacing--20)\"><em>&gt; Cliquez pour afficher &lt;<\/em><\/p>\n\n\n\n<figure data-wp-context=\"{&quot;imageId&quot;:&quot;69ee34170bb3e&quot;}\" data-wp-interactive=\"core\/image\" data-wp-key=\"69ee34170bb3e\" class=\"wp-block-image size-large wp-lightbox-container\"><img loading=\"lazy\" decoding=\"async\" width=\"1024\" height=\"722\" data-wp-class--hide=\"state.isContentHidden\" data-wp-class--show=\"state.isContentVisible\" data-wp-init=\"callbacks.setButtonStyles\" data-wp-on--click=\"actions.showLightbox\" data-wp-on--load=\"callbacks.setButtonStyles\" data-wp-on-window--resize=\"callbacks.setButtonStyles\" src=\"https:\/\/academiespatiale.fr\/wp-content\/uploads\/2025\/07\/Programme_Ecospace-1024x722.png\" alt=\"\" class=\"wp-image-5410\" srcset=\"https:\/\/academiespatiale.fr\/wp-content\/uploads\/2025\/07\/Programme_Ecospace-1024x722.png 1024w, https:\/\/academiespatiale.fr\/wp-content\/uploads\/2025\/07\/Programme_Ecospace-300x212.png 300w, https:\/\/academiespatiale.fr\/wp-content\/uploads\/2025\/07\/Programme_Ecospace-768x542.png 768w, https:\/\/academiespatiale.fr\/wp-content\/uploads\/2025\/07\/Programme_Ecospace-1536x1083.png 1536w, https:\/\/academiespatiale.fr\/wp-content\/uploads\/2025\/07\/Programme_Ecospace.png 1557w\" sizes=\"auto, (max-width: 1024px) 100vw, 1024px\" \/><button\n\t\t\tclass=\"lightbox-trigger\"\n\t\t\ttype=\"button\"\n\t\t\taria-haspopup=\"dialog\"\n\t\t\taria-label=\"Agrandir\"\n\t\t\tdata-wp-init=\"callbacks.initTriggerButton\"\n\t\t\tdata-wp-on--click=\"actions.showLightbox\"\n\t\t\tdata-wp-style--right=\"state.imageButtonRight\"\n\t\t\tdata-wp-style--top=\"state.imageButtonTop\"\n\t\t>\n\t\t\t<svg xmlns=\"http:\/\/www.w3.org\/2000\/svg\" width=\"12\" height=\"12\" fill=\"none\" viewBox=\"0 0 12 12\">\n\t\t\t\t<path fill=\"#fff\" d=\"M2 0a2 2 0 0 0-2 2v2h1.5V2a.5.5 0 0 1 .5-.5h2V0H2Zm2 10.5H2a.5.5 0 0 1-.5-.5V8H0v2a2 2 0 0 0 2 2h2v-1.5ZM8 12v-1.5h2a.5.5 0 0 0 .5-.5V8H12v2a2 2 0 0 1-2 2H8Zm2-12a2 2 0 0 1 2 2v2h-1.5V2a.5.5 0 0 0-.5-.5H8V0h2Z\" \/>\n\t\t\t<\/svg>\n\t\t<\/button><\/figure>\n<\/div>\n<\/div>\n\n\n\n<hr class=\"wp-block-separator has-alpha-channel-opacity\"\/>\n\n\n\n<p>L&rsquo;\u00e9v\u00e8nement a regroup\u00e9 150 \u00e9l\u00e8ves de coll\u00e8ges et 60 \u00e9tudiantes et \u00e9tudiants ainsi qu&rsquo;une trentaine d&rsquo;enseignant\u00b7es \/ chercheurs \/ chercheuses \/ BIATSS. Ces rencontres ont permis aux jeunes de mieux comprendre les enjeux scientifiques d\u2019aujourd\u2019hui et de poser leurs questions \u00e0 des professionnel\u00b7les et expert\u00b7es du secteur.<\/p>\n\n\n\n<p><strong>Un \u00e9v\u00e8nement organis\u00e9 par <a href=\"https:\/\/www.linkedin.com\/in\/halima-ghorbel-98581563\/\"><\/a>Halima Ghorbel et rendu possible gr\u00e2ce \u00e0 l&rsquo;IUT de Mantes en Yvelines, l&rsquo;UVSQ, le LATMOS et l&rsquo;Acad\u00e9mie Spatiale d&rsquo;\u00cele-de-France.<\/strong><\/p>\n\n\n\n<p class=\"has-background-color-background-color has-background\">Page officiel<br>\u2192 <a href=\"https:\/\/www.iut-mantes.uvsq.fr\/ecospace-2025-deux-jours-pour-decouvrir-lunivers-spatial-a-liut-de-mantes-en-yvelines\" target=\"_blank\" rel=\"noopener\" title=\"\">ECOSPACE 2025 : deux jours pour d\u00e9couvrir l\u2019univers spatial \u00e0 l\u2019IUT de Mantes-en-Yvelines &#8211; IUT Mantes<\/a><\/p>\n\n\n\n<div class=\"wp-block-columns is-layout-flex wp-container-core-columns-is-layout-28f84493 wp-block-columns-is-layout-flex\">\n<div class=\"wp-block-column is-layout-flow wp-block-column-is-layout-flow\"><\/div>\n\n\n\n<div class=\"wp-block-column is-layout-flow wp-block-column-is-layout-flow\"><\/div>\n<\/div>\n\n\n\n<div class=\"wp-block-columns alignwide are-vertically-aligned-center is-layout-flex wp-container-core-columns-is-layout-28f84493 wp-block-columns-is-layout-flex\">\n<div class=\"wp-block-column is-vertically-aligned-center is-layout-flow wp-block-column-is-layout-flow\"><div class=\"wp-block-image\">\n<figure class=\"aligncenter size-large is-resized\"><a href=\"https:\/\/www.iut-mantes.uvsq.fr\/\" target=\"_blank\" rel=\" noreferrer noopener\"><img loading=\"lazy\" decoding=\"async\" width=\"1024\" height=\"273\" src=\"https:\/\/academiespatiale.fr\/wp-content\/uploads\/2025\/07\/IUT-Mantes-1024x273.jpg\" alt=\"\" class=\"wp-image-5401\" style=\"width:auto;height:100px\" srcset=\"https:\/\/academiespatiale.fr\/wp-content\/uploads\/2025\/07\/IUT-Mantes-1024x273.jpg 1024w, https:\/\/academiespatiale.fr\/wp-content\/uploads\/2025\/07\/IUT-Mantes-300x80.jpg 300w, https:\/\/academiespatiale.fr\/wp-content\/uploads\/2025\/07\/IUT-Mantes-768x204.jpg 768w, https:\/\/academiespatiale.fr\/wp-content\/uploads\/2025\/07\/IUT-Mantes-1536x409.jpg 1536w, https:\/\/academiespatiale.fr\/wp-content\/uploads\/2025\/07\/IUT-Mantes-2048x545.jpg 2048w\" sizes=\"auto, (max-width: 1024px) 100vw, 1024px\" \/><\/a><\/figure>\n<\/div><\/div>\n\n\n\n<div class=\"wp-block-column is-vertically-aligned-center is-layout-flow wp-block-column-is-layout-flow\"><div class=\"wp-block-image\">\n<figure class=\"aligncenter size-large is-resized\"><a href=\"https:\/\/latmos.ipsl.fr\/fr\/\" target=\"_blank\" rel=\" noreferrer noopener\"><img loading=\"lazy\" decoding=\"async\" width=\"1024\" height=\"445\" src=\"https:\/\/academiespatiale.fr\/wp-content\/uploads\/2025\/07\/LATMOS-LOGO_bleu_tight-1-1024x445.png\" alt=\"\" class=\"wp-image-5400\" style=\"width:auto;height:100px\" srcset=\"https:\/\/academiespatiale.fr\/wp-content\/uploads\/2025\/07\/LATMOS-LOGO_bleu_tight-1-1024x445.png 1024w, https:\/\/academiespatiale.fr\/wp-content\/uploads\/2025\/07\/LATMOS-LOGO_bleu_tight-1-300x130.png 300w, https:\/\/academiespatiale.fr\/wp-content\/uploads\/2025\/07\/LATMOS-LOGO_bleu_tight-1-768x334.png 768w, https:\/\/academiespatiale.fr\/wp-content\/uploads\/2025\/07\/LATMOS-LOGO_bleu_tight-1-1536x667.png 1536w, https:\/\/academiespatiale.fr\/wp-content\/uploads\/2025\/07\/LATMOS-LOGO_bleu_tight-1-2048x890.png 2048w\" sizes=\"auto, (max-width: 1024px) 100vw, 1024px\" \/><\/a><\/figure>\n<\/div><\/div>\n\n\n\n<div class=\"wp-block-column is-vertically-aligned-center is-layout-flow wp-block-column-is-layout-flow\"><div class=\"wp-block-image\">\n<figure class=\"aligncenter size-full is-resized\"><img loading=\"lazy\" decoding=\"async\" width=\"605\" height=\"145\" src=\"https:\/\/academiespatiale.fr\/wp-content\/uploads\/2025\/02\/Logo_Ac.Spatiale_France2030-1.png\" alt=\"\" class=\"wp-image-3579\" style=\"width:auto;height:100px\" srcset=\"https:\/\/academiespatiale.fr\/wp-content\/uploads\/2025\/02\/Logo_Ac.Spatiale_France2030-1.png 605w, https:\/\/academiespatiale.fr\/wp-content\/uploads\/2025\/02\/Logo_Ac.Spatiale_France2030-1-300x72.png 300w\" sizes=\"auto, (max-width: 605px) 100vw, 605px\" \/><\/figure>\n<\/div><\/div>\n<\/div>\n","protected":false},"excerpt":{"rendered":"<p>Les 20 et 21 juin 2025, l\u2019IUT de Mantes-en-Yvelines, le LATMOS et l&rsquo;Acad\u00e9mie Spatiale ont co-organis\u00e9 l&rsquo;\u00e9cole d&rsquo;\u00e9t\u00e9 ECOSPACE 2025, d\u00e9di\u00e9e aux avanc\u00e9es scientifiques, \u00e9conomiques et technologiques dans le domaine spatial. Deux journ\u00e9es ouvertes \u00e0 tous et toutes les passionn\u00e9\u00b7es de l&rsquo;espace &#8211; grand public, \u00e9l\u00e8ves et \u00e9tudiant\u00b7es de tous [&hellip;]<\/p>\n","protected":false},"author":1,"featured_media":5429,"parent":8066,"menu_order":0,"comment_status":"closed","ping_status":"closed","template":"","meta":{"_monsterinsights_skip_tracking":false,"_monsterinsights_sitenote_active":false,"_monsterinsights_sitenote_note":"","_monsterinsights_sitenote_category":0,"_EventAllDay":false,"_EventTimezone":"","_EventStartDate":"","_EventEndDate":"","_EventStartDateUTC":"","_EventEndDateUTC":"","_EventShowMap":false,"_EventShowMapLink":false,"_EventURL":"","_EventCost":"","_EventCostDescription":"","_EventCurrencySymbol":"","_EventCurrencyCode":"","_EventCurrencyPosition":"","_EventDateTimeSeparator":"","_EventTimeRangeSeparator":"","_EventOrganizerID":[],"_EventVenueID":[],"_OrganizerEmail":"","_OrganizerPhone":"","_OrganizerWebsite":"","_VenueAddress":"","_VenueCity":"","_VenueCountry":"","_VenueProvince":"","_VenueState":"","_VenueZip":"","_VenuePhone":"","_VenueURL":"","_VenueStateProvince":"","_VenueLat":"","_VenueLng":"","_VenueShowMap":false,"_VenueShowMapLink":false,"footnotes":""},"class_list":["post-5374","page","type-page","status-publish","has-post-thumbnail","hentry"],"aioseo_notices":[],"_links":{"self":[{"href":"https:\/\/academiespatiale.fr\/index.php\/wp-json\/wp\/v2\/pages\/5374","targetHints":{"allow":["GET"]}}],"collection":[{"href":"https:\/\/academiespatiale.fr\/index.php\/wp-json\/wp\/v2\/pages"}],"about":[{"href":"https:\/\/academiespatiale.fr\/index.php\/wp-json\/wp\/v2\/types\/page"}],"author":[{"embeddable":true,"href":"https:\/\/academiespatiale.fr\/index.php\/wp-json\/wp\/v2\/users\/1"}],"replies":[{"embeddable":true,"href":"https:\/\/academiespatiale.fr\/index.php\/wp-json\/wp\/v2\/comments?post=5374"}],"version-history":[{"count":41,"href":"https:\/\/academiespatiale.fr\/index.php\/wp-json\/wp\/v2\/pages\/5374\/revisions"}],"predecessor-version":[{"id":8069,"href":"https:\/\/academiespatiale.fr\/index.php\/wp-json\/wp\/v2\/pages\/5374\/revisions\/8069"}],"up":[{"embeddable":true,"href":"https:\/\/academiespatiale.fr\/index.php\/wp-json\/wp\/v2\/pages\/8066"}],"wp:featuredmedia":[{"embeddable":true,"href":"https:\/\/academiespatiale.fr\/index.php\/wp-json\/wp\/v2\/media\/5429"}],"wp:attachment":[{"href":"https:\/\/academiespatiale.fr\/index.php\/wp-json\/wp\/v2\/media?parent=5374"}],"curies":[{"name":"wp","href":"https:\/\/api.w.org\/{rel}","templated":true}]}}