{"id":5134,"date":"2025-06-25T11:49:14","date_gmt":"2025-06-25T09:49:14","guid":{"rendered":"https:\/\/academiespatiale.fr\/?page_id=5134"},"modified":"2026-02-20T16:35:09","modified_gmt":"2026-02-20T15:35:09","slug":"stage-terrain-simo-stage-dinitiation-aux-methodes-dobservations-ohp-ovsq","status":"publish","type":"page","link":"https:\/\/academiespatiale.fr\/index.php\/formations\/visites-stages-terrain\/stage-terrain-simo-stage-dinitiation-aux-methodes-dobservations-ohp-ovsq\/","title":{"rendered":"Stage terrain SIMO : Stage d&rsquo;Initiation aux M\u00e9thodes d&rsquo;Observations &#8211; OHP \/ OVSQ"},"content":{"rendered":"\n<div class=\"wp-block-columns alignfull has-text-color has-link-color wp-elements-8422e2a85d9f2e5605b7dd2ae54b3e54 is-layout-flex wp-container-core-columns-is-layout-e94c545b wp-block-columns-is-layout-flex\" style=\"color:#b1b1b1;margin-top:-25px;margin-bottom:20px;padding-top:0;padding-right:0;padding-bottom:0;padding-left:60px;font-size:15px\">\n<div class=\"wp-block-column has-text-color has-link-color wp-elements-32661c60388d2123b0bf1683c717c484 is-layout-flow wp-block-column-is-layout-flow\" style=\"color:#a1a1a1;padding-top:0;padding-bottom:0;font-size:15px;font-style:normal;font-weight:100;flex-basis:100%\"><div class=\"aioseo-breadcrumbs\"><span class=\"aioseo-breadcrumb\">\n\t\t\t<a href=\"https:\/\/academiespatiale.fr\" title=\"Home\">Home<\/a>\n\t\t<\/span><span class=\"aioseo-breadcrumb-separator\">&raquo;<\/span><span class=\"aioseo-breadcrumb\">\n\t\t\t<a href=\"https:\/\/academiespatiale.fr\/index.php\/formations\/\" title=\"Formations &amp; m\u00e9tiers\">Formations &amp; m\u00e9tiers<\/a>\n\t\t<\/span><span class=\"aioseo-breadcrumb-separator\">&raquo;<\/span><span class=\"aioseo-breadcrumb\">\n\t\t\t<a href=\"https:\/\/academiespatiale.fr\/index.php\/formations\/visites-stages-terrain\/\" title=\"Visites et stages terrain\">Visites et stages terrain<\/a>\n\t\t<\/span><span class=\"aioseo-breadcrumb-separator\">&raquo;<\/span><span class=\"aioseo-breadcrumb\">\n\t\t\tStage terrain SIMO : Stage d\u2019Initiation aux M\u00e9thodes d\u2019Observations \u2013 OHP \/ OVSQ\n\t\t<\/span><\/div><\/div>\n<\/div>\n\n\n\n<p>Situ\u00e9 \u00e0 l&rsquo;Observatoire de Haute Provence (OHP), le stage SIMO a \u00e9t\u00e9 cr\u00e9\u00e9 en 1997 sous l&rsquo;impulsion de Gerard M\u00e9gie, ancien pr\u00e9sident du CNRS et cr\u00e9ateur de l&rsquo;IPSL, qui souhaitait proposer aux \u00e9tudiant\u00b7es de l&rsquo;\u00cele-de-France de sortir sur le terrain et d&rsquo;avoir une exp\u00e9rience en lien avec les instruments de leur discipline. <\/p>\n\n\n\n<figure class=\"wp-block-embed is-type-video is-provider-youtube wp-block-embed-youtube wp-embed-aspect-16-9 wp-has-aspect-ratio\"><div class=\"wp-block-embed__wrapper\">\n<iframe loading=\"lazy\" title=\"Le Stage d&#039;Initiation aux M\u00e9thodes d&#039;Observations \u00e0 l&#039;Observatoire de Haute Provence avec l&#039;OVSQ\" width=\"750\" height=\"422\" src=\"https:\/\/www.youtube.com\/embed\/t2IDyvt-aV8?feature=oembed\" frameborder=\"0\" allow=\"accelerometer; autoplay; clipboard-write; encrypted-media; gyroscope; picture-in-picture; web-share\" referrerpolicy=\"strict-origin-when-cross-origin\" allowfullscreen><\/iframe>\n<\/div><\/figure>\n\n\n\n<div style=\"height:20px\" aria-hidden=\"true\" class=\"wp-block-spacer\"><\/div>\n\n\n\n<p>Ce stage terrain est propos\u00e9 aux \u00e9tudiantes et \u00e9tudiants des Masters : <\/p>\n\n\n\n<ul class=\"wp-block-list\">\n<li>Recherche en Physique &#8211; Aix Marseilles Universit\u00e9<\/li>\n\n\n\n<li>Environnement atmosph\u00e9rique et changement climatique &#8211; Sorbonne Universit\u00e9<\/li>\n\n\n\n<li><strong>FRS : Fundamental of Remote Sensing &#8211; UPCit\u00e9 (IPGP) \/ Sorbonne Universit\u00e9<\/strong><\/li>\n\n\n\n<li><strong>PES : Plan\u00e9tologie et Exploration Spatiale  &#8211; Universit\u00e9 Paris-Saclay \/ Universit\u00e9 PSL (Observatoire de Paris) \/ Sorbonne Universit\u00e9 \/ UVSQ<\/strong><\/li>\n\n\n\n<li>Arctic Studies &#8211; UVSQ<\/li>\n\n\n\n<li><strong>NewSpace, enjeux du spatial et nouvelles applications&nbsp;&#8211; Universit\u00e9 Paris-Saclay \/ UVSQ<\/strong><\/li>\n\n\n\n<li><strong>MSc&amp;T in Space Business Strategy &#8211; Universit\u00e9 Paris-Saclay \/ CentraleSup\u00e9lec<\/strong><\/li>\n<\/ul>\n\n\n\n<p>Durant 3 \u00e0 4 jours \u00e0 l&rsquo;automne, les \u00e9tudiant\u00b7es d\u00e9couvrent en petits groupes les instruments d&rsquo;astronomie et de sondage de l&rsquo;atmosph\u00e8re et assistent \u00e0 une s\u00e9rie d&rsquo;expos\u00e9s sur les dispositifs exp\u00e9rimentaux et les m\u00e9thodes de mesures en astronomie et en physique de l\u2019atmosph\u00e8re.<\/p>\n\n\n\n<div class=\"wp-block-columns are-vertically-aligned-center is-layout-flex wp-container-core-columns-is-layout-28f84493 wp-block-columns-is-layout-flex\">\n<div class=\"wp-block-column is-vertically-aligned-center is-layout-flow wp-block-column-is-layout-flow\">\n<p>Des s\u00e9ances pratiques sont propos\u00e9es sur les outils Lidar, SAOZ, analyseurs de gaz \u00e0 effet de serre, etc. Elles permettent aux \u00e9tudiant\u00b7es d\u2019observer par eux-m\u00eames la composition de l\u2019atmosph\u00e8re in-situ et leurs permettent de se familiariser \u00e0 ces techniques et \u00e0 leur utilit\u00e9 scientifique. <\/p>\n\n\n\n<p>La nuit, les \u00e9tudiant\u22c5es ont \u00e0 leur disposition les t\u00e9lescopes de 80 cm et de 120 cm pour l\u2019observation des plan\u00e8tes et l\u2019acquisition d\u2019images d\u2019objets remarquables (plan\u00e8tes, n\u00e9buleuses, galaxies, etc.).<\/p>\n<\/div>\n\n\n\n<div class=\"wp-block-column is-vertically-aligned-center is-layout-flow wp-block-column-is-layout-flow\">\n<figure class=\"wp-block-image size-full\"><img loading=\"lazy\" decoding=\"async\" width=\"1024\" height=\"1024\" src=\"https:\/\/academiespatiale.fr\/wp-content\/uploads\/2025\/06\/Galaxie-NGC-891-observee-par-les-etudiants-SIMO-a-laide-du-telescope-de-80-cm.png\" alt=\"\" class=\"wp-image-5136\" srcset=\"https:\/\/academiespatiale.fr\/wp-content\/uploads\/2025\/06\/Galaxie-NGC-891-observee-par-les-etudiants-SIMO-a-laide-du-telescope-de-80-cm.png 1024w, https:\/\/academiespatiale.fr\/wp-content\/uploads\/2025\/06\/Galaxie-NGC-891-observee-par-les-etudiants-SIMO-a-laide-du-telescope-de-80-cm-300x300.png 300w, https:\/\/academiespatiale.fr\/wp-content\/uploads\/2025\/06\/Galaxie-NGC-891-observee-par-les-etudiants-SIMO-a-laide-du-telescope-de-80-cm-150x150.png 150w, https:\/\/academiespatiale.fr\/wp-content\/uploads\/2025\/06\/Galaxie-NGC-891-observee-par-les-etudiants-SIMO-a-laide-du-telescope-de-80-cm-768x768.png 768w\" sizes=\"auto, (max-width: 1024px) 100vw, 1024px\" \/><figcaption class=\"wp-element-caption\">La galaxie NGC 891 observ\u00e9e par les \u00e9tudiants SIMO \u00e0 l\u2019aide du t\u00e9lescope de 80 cm.<\/figcaption><\/figure>\n<\/div>\n<\/div>\n\n\n\n<p class=\"has-background-color-background-color has-background\">Plus d&rsquo;infos <br>\u2192 <a href=\"https:\/\/www.ovsq.uvsq.fr\/simo-1\">Stage d&rsquo;Initiation aux M\u00e9thodes d&rsquo;Observations (SIMO) &#8211; Observatoire de Versailles Saint-Quentin-en-Yvelines &#8211; OVSQ<\/a><br>\u2192 <a href=\"https:\/\/www.master-planeto.universite-paris-saclay.fr\/?page_id=99\">UE 14 \u2013 Stage d\u2019initiation aux m\u00e9thodes d\u2019observation (SIMO) \u2013 Master Planetologie et Exploration Spatiale<\/a><\/p>\n\n\n\n<div style=\"height:20px\" aria-hidden=\"true\" class=\"wp-block-spacer\"><\/div>\n\n\n\n<figure class=\"wp-block-image alignwide size-large\"><img loading=\"lazy\" decoding=\"async\" width=\"1024\" height=\"155\" src=\"https:\/\/academiespatiale.fr\/wp-content\/uploads\/2025\/06\/Organigramme_SPACEIDF_2025juin-1024x155.png\" alt=\"\" class=\"wp-image-5135\" srcset=\"https:\/\/academiespatiale.fr\/wp-content\/uploads\/2025\/06\/Organigramme_SPACEIDF_2025juin-1024x155.png 1024w, https:\/\/academiespatiale.fr\/wp-content\/uploads\/2025\/06\/Organigramme_SPACEIDF_2025juin-300x46.png 300w, https:\/\/academiespatiale.fr\/wp-content\/uploads\/2025\/06\/Organigramme_SPACEIDF_2025juin-768x117.png 768w, https:\/\/academiespatiale.fr\/wp-content\/uploads\/2025\/06\/Organigramme_SPACEIDF_2025juin.png 1325w\" sizes=\"auto, (max-width: 1024px) 100vw, 1024px\" \/><\/figure>\n\n\n\n<div style=\"height:100px\" aria-hidden=\"true\" class=\"wp-block-spacer\"><\/div>\n\n\n\n<div class=\"wp-block-columns alignfull has-text-color has-link-color wp-elements-8422e2a85d9f2e5605b7dd2ae54b3e54 is-layout-flex wp-container-core-columns-is-layout-e94c545b wp-block-columns-is-layout-flex\" style=\"color:#b1b1b1;margin-top:-25px;margin-bottom:20px;padding-top:0;padding-right:0;padding-bottom:0;padding-left:60px;font-size:15px\">\n<div class=\"wp-block-column has-text-color has-link-color wp-elements-32661c60388d2123b0bf1683c717c484 is-layout-flow wp-block-column-is-layout-flow\" style=\"color:#a1a1a1;padding-top:0;padding-bottom:0;font-size:15px;font-style:normal;font-weight:100;flex-basis:100%\"><div class=\"aioseo-breadcrumbs\"><span class=\"aioseo-breadcrumb\">\n\t\t\t<a href=\"https:\/\/academiespatiale.fr\" title=\"Home\">Home<\/a>\n\t\t<\/span><span class=\"aioseo-breadcrumb-separator\">&raquo;<\/span><span class=\"aioseo-breadcrumb\">\n\t\t\t<a href=\"https:\/\/academiespatiale.fr\/index.php\/formations\/\" title=\"Formations &amp; m\u00e9tiers\">Formations &amp; m\u00e9tiers<\/a>\n\t\t<\/span><span class=\"aioseo-breadcrumb-separator\">&raquo;<\/span><span class=\"aioseo-breadcrumb\">\n\t\t\t<a href=\"https:\/\/academiespatiale.fr\/index.php\/formations\/visites-stages-terrain\/\" title=\"Visites et stages terrain\">Visites et stages terrain<\/a>\n\t\t<\/span><span class=\"aioseo-breadcrumb-separator\">&raquo;<\/span><span class=\"aioseo-breadcrumb\">\n\t\t\tStage terrain SIMO : Stage d\u2019Initiation aux M\u00e9thodes d\u2019Observations \u2013 OHP \/ OVSQ\n\t\t<\/span><\/div><\/div>\n<\/div>\n","protected":false},"excerpt":{"rendered":"<p>Situ\u00e9 \u00e0 l&rsquo;Observatoire de Haute Provence (OHP), le stage SIMO a \u00e9t\u00e9 cr\u00e9\u00e9 en 1997 sous l&rsquo;impulsion de Gerard M\u00e9gie, ancien pr\u00e9sident du CNRS et cr\u00e9ateur de l&rsquo;IPSL, qui souhaitait proposer aux \u00e9tudiant\u00b7es de l&rsquo;\u00cele-de-France de sortir sur le terrain et d&rsquo;avoir une exp\u00e9rience en lien avec les instruments de [&hellip;]<\/p>\n","protected":false},"author":1,"featured_media":5146,"parent":8093,"menu_order":0,"comment_status":"closed","ping_status":"closed","template":"","meta":{"_monsterinsights_skip_tracking":false,"_monsterinsights_sitenote_active":false,"_monsterinsights_sitenote_note":"","_monsterinsights_sitenote_category":0,"_EventAllDay":false,"_EventTimezone":"","_EventStartDate":"","_EventEndDate":"","_EventStartDateUTC":"","_EventEndDateUTC":"","_EventShowMap":false,"_EventShowMapLink":false,"_EventURL":"","_EventCost":"","_EventCostDescription":"","_EventCurrencySymbol":"","_EventCurrencyCode":"","_EventCurrencyPosition":"","_EventDateTimeSeparator":"","_EventTimeRangeSeparator":"","_EventOrganizerID":[],"_EventVenueID":[],"_OrganizerEmail":"","_OrganizerPhone":"","_OrganizerWebsite":"","_VenueAddress":"","_VenueCity":"","_VenueCountry":"","_VenueProvince":"","_VenueState":"","_VenueZip":"","_VenuePhone":"","_VenueURL":"","_VenueStateProvince":"","_VenueLat":"","_VenueLng":"","_VenueShowMap":false,"_VenueShowMapLink":false,"footnotes":""},"class_list":["post-5134","page","type-page","status-publish","has-post-thumbnail","hentry"],"aioseo_notices":[],"_links":{"self":[{"href":"https:\/\/academiespatiale.fr\/index.php\/wp-json\/wp\/v2\/pages\/5134","targetHints":{"allow":["GET"]}}],"collection":[{"href":"https:\/\/academiespatiale.fr\/index.php\/wp-json\/wp\/v2\/pages"}],"about":[{"href":"https:\/\/academiespatiale.fr\/index.php\/wp-json\/wp\/v2\/types\/page"}],"author":[{"embeddable":true,"href":"https:\/\/academiespatiale.fr\/index.php\/wp-json\/wp\/v2\/users\/1"}],"replies":[{"embeddable":true,"href":"https:\/\/academiespatiale.fr\/index.php\/wp-json\/wp\/v2\/comments?post=5134"}],"version-history":[{"count":11,"href":"https:\/\/academiespatiale.fr\/index.php\/wp-json\/wp\/v2\/pages\/5134\/revisions"}],"predecessor-version":[{"id":7158,"href":"https:\/\/academiespatiale.fr\/index.php\/wp-json\/wp\/v2\/pages\/5134\/revisions\/7158"}],"up":[{"embeddable":true,"href":"https:\/\/academiespatiale.fr\/index.php\/wp-json\/wp\/v2\/pages\/8093"}],"wp:featuredmedia":[{"embeddable":true,"href":"https:\/\/academiespatiale.fr\/index.php\/wp-json\/wp\/v2\/media\/5146"}],"wp:attachment":[{"href":"https:\/\/academiespatiale.fr\/index.php\/wp-json\/wp\/v2\/media?parent=5134"}],"curies":[{"name":"wp","href":"https:\/\/api.w.org\/{rel}","templated":true}]}}