{"id":4640,"date":"2025-09-23T17:16:27","date_gmt":"2025-09-23T15:16:27","guid":{"rendered":"https:\/\/academiespatiale.fr\/?page_id=4640"},"modified":"2026-02-13T14:39:11","modified_gmt":"2026-02-13T13:39:11","slug":"les-doctorants","status":"publish","type":"page","link":"https:\/\/academiespatiale.fr\/index.php\/recherche\/les-doctorants\/","title":{"rendered":"Les doctorantes et doctorants"},"content":{"rendered":"\n<div class=\"wp-block-columns alignfull has-text-color has-link-color wp-elements-8422e2a85d9f2e5605b7dd2ae54b3e54 is-layout-flex wp-container-core-columns-is-layout-e94c545b wp-block-columns-is-layout-flex\" style=\"color:#b1b1b1;margin-top:-25px;margin-bottom:20px;padding-top:0;padding-right:0;padding-bottom:0;padding-left:60px;font-size:15px\">\n<div class=\"wp-block-column has-text-color has-link-color wp-elements-32661c60388d2123b0bf1683c717c484 is-layout-flow wp-block-column-is-layout-flow\" style=\"color:#a1a1a1;padding-top:0;padding-bottom:0;font-size:15px;font-style:normal;font-weight:100;flex-basis:100%\"><div class=\"aioseo-breadcrumbs\"><span class=\"aioseo-breadcrumb\">\n\t\t\t<a href=\"https:\/\/academiespatiale.fr\" title=\"Home\">Home<\/a>\n\t\t<\/span><span class=\"aioseo-breadcrumb-separator\">&raquo;<\/span><span class=\"aioseo-breadcrumb\">\n\t\t\t<a href=\"https:\/\/academiespatiale.fr\/index.php\/recherche\/\" title=\"Recherche\">Recherche<\/a>\n\t\t<\/span><span class=\"aioseo-breadcrumb-separator\">&raquo;<\/span><span class=\"aioseo-breadcrumb\">\n\t\t\tLes doctorantes et doctorants\n\t\t<\/span><\/div><\/div>\n<\/div>\n\n\n\n<div class=\"wp-block-columns alignwide is-layout-flex wp-container-core-columns-is-layout-28f84493 wp-block-columns-is-layout-flex\">\n<div class=\"wp-block-column is-layout-flow wp-block-column-is-layout-flow\" style=\"flex-basis:100%\">\n<p class=\"has-text-align-center\" style=\"font-size:15px\"><em>Conform\u00e9ment au R\u00e8glement G\u00e9n\u00e9ral sur la Protection des Donn\u00e9es (RGPD), chap. III, article 12, les doctorant\u00b7es ont \u00e9t\u00e9 inform\u00e9s du traitement de leurs donn\u00e9es personnelles sur le carnet de recherche, de la finalit\u00e9 de ce traitement, ainsi que de leur droit de rectification (article 16) et de leur droit \u00e0 l\u2019effacement (article 17). Pour toute demande de rectification et d\u2019effacement, merci de bien vouloir nous contacter \u00e0 l\u2019adresse \u00e9lectronique&nbsp;:&nbsp;contact@academiespatiale.fr.<\/em><\/p>\n\n\n\n<hr class=\"wp-block-separator has-alpha-channel-opacity\"\/>\n<\/div>\n<\/div>\n\n\n\n<div class=\"wp-block-columns alignwide is-layout-flex wp-container-core-columns-is-layout-28f84493 wp-block-columns-is-layout-flex\">\n<div class=\"wp-block-column has-white-color has-white-background-color has-text-color has-background has-link-color wp-elements-e7c87bc3e86628421eff6211c026dda6 is-layout-flow wp-block-column-is-layout-flow\" style=\"padding-top:0;padding-right:0;padding-bottom:0;padding-left:0;flex-basis:66.66%\">\n<div class=\"wp-block-cover\" style=\"padding-top:0;padding-right:var(--wp--preset--spacing--70);padding-bottom:0;padding-left:var(--wp--preset--spacing--70)\"><img loading=\"lazy\" decoding=\"async\" width=\"1024\" height=\"683\" class=\"wp-block-cover__image-background wp-image-7935 size-large\" alt=\"\" src=\"https:\/\/academiespatiale.fr\/wp-content\/uploads\/2026\/02\/pexels-fauxels-3183150-1024x683.jpg\" data-object-fit=\"cover\" srcset=\"https:\/\/academiespatiale.fr\/wp-content\/uploads\/2026\/02\/pexels-fauxels-3183150-1024x683.jpg 1024w, https:\/\/academiespatiale.fr\/wp-content\/uploads\/2026\/02\/pexels-fauxels-3183150-300x200.jpg 300w, https:\/\/academiespatiale.fr\/wp-content\/uploads\/2026\/02\/pexels-fauxels-3183150-768x513.jpg 768w, https:\/\/academiespatiale.fr\/wp-content\/uploads\/2026\/02\/pexels-fauxels-3183150-1536x1025.jpg 1536w, https:\/\/academiespatiale.fr\/wp-content\/uploads\/2026\/02\/pexels-fauxels-3183150-2048x1367.jpg 2048w, https:\/\/academiespatiale.fr\/wp-content\/uploads\/2026\/02\/pexels-fauxels-3183150-360x240.jpg 360w\" sizes=\"auto, (max-width: 1024px) 100vw, 1024px\" \/><span aria-hidden=\"true\" class=\"wp-block-cover__background has-accent-background-color has-background-dim-80 has-background-dim\"><\/span><div class=\"wp-block-cover__inner-container is-layout-constrained wp-container-core-cover-is-layout-65ba0868 wp-block-cover-is-layout-constrained\">\n<h4 class=\"wp-block-heading has-text-align-center\">Groupe de travail<br>Jeunes chercheurs et chercheuses<\/h4>\n\n\n\n<p class=\"has-text-align-center\" style=\"font-size:15px\"><strong>Tout au long de l\u2019ann\u00e9e, l\u2019Acad\u00e9mie Spatiale d\u2019\u00cele-de-France propose un groupe de travail mensuel interdisciplinaire d\u00e9di\u00e9 aux jeunes chercheurs et chercheuses impliqu\u00e9\u00b7es dans les th\u00e9matiques du spatial.<\/strong> <\/p>\n\n\n\n<div class=\"wp-block-buttons is-content-justification-center is-layout-flex wp-container-core-buttons-is-layout-a89b3969 wp-block-buttons-is-layout-flex\">\n<div class=\"wp-block-button\"><a class=\"wp-block-button__link has-black-color has-white-background-color has-text-color has-background has-link-color has-text-align-center has-custom-font-size wp-element-button\" href=\"https:\/\/academiespatiale.fr\/index.php\/recherche\/les-doctorants\/groupe-travail-jeunes-chercheurs-chercheuses\/\" style=\"font-size:15px\"><strong>Rejoindre le groupe de travail<\/strong><\/a><\/div>\n<\/div>\n<\/div><\/div>\n<\/div>\n\n\n\n<div class=\"wp-block-column has-background-color-background-color has-background is-layout-flow wp-block-column-is-layout-flow\" style=\"padding-top:var(--wp--preset--spacing--60);padding-right:var(--wp--preset--spacing--60);padding-bottom:var(--wp--preset--spacing--60);padding-left:var(--wp--preset--spacing--60);flex-basis:33.33%\">\n<h4 class=\"wp-block-heading\">AO th\u00e8ses<\/h4>\n\n\n\n<p>Vous \u00eates un\u00b7e \u00e9tudiant\u00b7e<br>\u2192 <a href=\"https:\/\/academiespatiale.fr\/index.php\/ao\/allocations-doctorales-et-postdoctorales\/\">Appel \u00e0 candidature pour les allocations doctorales et postdoctorales <\/a><\/p>\n\n\n\n<p>Vous portez un projet<br>\u2192 <a href=\"https:\/\/academiespatiale.fr\/index.php\/ao\/ao-theses\/\">Appel \u00e0 projets doctoraux<\/a><\/p>\n\n\n\n<p style=\"font-size:15px\">Pour toutes questions :&nbsp;<a href=\"mailto:theses@academiespatiale.fr\" target=\"_blank\" rel=\"noreferrer noopener\">theses@academiespatiale.fr<\/a><\/p>\n<\/div>\n<\/div>\n\n\n\n<div class=\"wp-block-cover alignwide has-parallax is-repeated\" style=\"min-height:222px;aspect-ratio:unset;\"><div class=\"wp-block-cover__image-background wp-image-5782 size-full has-parallax is-repeated\" style=\"background-position:50% 50%;background-image:url(https:\/\/academiespatiale.fr\/wp-content\/uploads\/2025\/09\/Ambassadeurs_2025.jpg)\"><\/div><span aria-hidden=\"true\" class=\"wp-block-cover__background has-background-dim-70 has-background-dim\" style=\"background-color:#003761\"><\/span><div class=\"wp-block-cover__inner-container is-layout-constrained wp-block-cover-is-layout-constrained\">\n<p class=\"has-text-align-center\" style=\"font-size:15px\"><strong>Tu es un\/une \u00e9l\u00e8ve de coll\u00e8ge, lyc\u00e9e ou du sup\u00e9rieur ? Trouve ton orientation en discutant avec d\u2019autres jeunes !<br>Avec&nbsp;<em>My Job Glasses \u00ab&nbsp;Entre Jeunes&nbsp;\u00bb<\/em>, profite de l\u2019exp\u00e9rience de celles et ceux qui ont d\u00e9j\u00e0 trouv\u00e9 leur voie.<\/strong><\/p>\n\n\n\n<div class=\"wp-block-buttons is-content-justification-center is-layout-flex wp-container-core-buttons-is-layout-a89b3969 wp-block-buttons-is-layout-flex\">\n<div class=\"wp-block-button\"><a class=\"wp-block-button__link has-black-color has-white-background-color has-text-color has-background has-link-color has-custom-font-size wp-element-button\" href=\"https:\/\/academiespatiale.fr\/index.php\/my-job-glasses\/\" style=\"font-size:15px\"><strong>Rencontre nos \u00e9tudiantes et \u00e9tudiants ambassadeurs<\/strong><\/a><\/div>\n<\/div>\n<\/div><\/div>\n\n\n\n<hr class=\"wp-block-separator has-alpha-channel-opacity\"\/>\n\n\n\n<div style=\"height:30px\" aria-hidden=\"true\" class=\"wp-block-spacer\"><\/div>\n\n\n\n<h4 class=\"wp-block-heading alignfull\" style=\"padding-right:var(--wp--preset--spacing--80);padding-left:var(--wp--preset--spacing--80)\">Doctorantes et doctorants financ\u00e9s par l&rsquo;Acad\u00e9mie Spatiale pour 2024-2027<\/h4>\n\n\n\n<div class=\"wp-block-columns alignfull is-layout-flex wp-container-core-columns-is-layout-28f84493 wp-block-columns-is-layout-flex\">\n<div class=\"wp-block-column is-layout-flow wp-block-column-is-layout-flow\" style=\"flex-basis:100%\">\n<p style=\"padding-right:var(--wp--preset--spacing--80);padding-left:var(--wp--preset--spacing--80)\"><a href=\"https:\/\/academiespatiale.fr\/index.php\/my-job-glasses\/\" title=\"\">MJG : \u00e9tudiant\u00b7e ambassadeur participant au programme de discussion \u00ab&nbsp;Entre jeunes&nbsp;\u00bb MyJobGlasses<\/a><\/p>\n<\/div>\n<\/div>\n\n\n\n<figure class=\"wp-block-table alignfull is-style-stripes has-small-font-size\" style=\"padding-right:var(--wp--preset--spacing--80);padding-left:var(--wp--preset--spacing--80);font-style:normal;font-weight:300;text-transform:none\"><table><thead><tr><th class=\"has-text-align-center\" data-align=\"center\">Plus d&rsquo;infos<\/th><th class=\"has-text-align-center\" data-align=\"center\">Type de financement<\/th><th class=\"has-text-align-center\" data-align=\"center\">Nom de l&rsquo;\u00e9tudiant\u00b7e<\/th><th class=\"has-text-align-center\" data-align=\"center\">Sujet<\/th><th class=\"has-text-align-center\" data-align=\"center\">Formation ou ED<\/th><th class=\"has-text-align-center\" data-align=\"center\">\u00c9tablissement<\/th><th class=\"has-text-align-center\" data-align=\"center\">Laboratoire<\/th><th class=\"has-text-align-center\" data-align=\"center\">Nom de l&rsquo;encadrant\u00b7e<\/th><\/tr><\/thead><tbody><tr><td class=\"has-text-align-center\" data-align=\"center\"><a href=\"https:\/\/www.myjobglasses.com\/professionals\/67d958dc558a060015ffbd72-aishabibi-academie-spatiale?widget_id=67e2644744a52c00151b4e22\" target=\"_blank\" rel=\"noopener\" title=\"\"><strong>MJG<\/strong><\/a><\/td><td class=\"has-text-align-center\" data-align=\"center\">Th\u00e8se<\/td><td class=\"has-text-align-center\" data-align=\"center\"><strong>Aishabibi ASIMBEKOVA<\/strong><\/td><td class=\"has-text-align-center\" data-align=\"center\">1200 meteor showers: investigating their validity and implications for the Near-Earth environment<\/td><td class=\"has-text-align-center\" data-align=\"center\">\u00c9cole doctorale ED127 (AAIF) : Astronomie et Astrophysique d\u2019\u00cele-de-France<\/td><td class=\"has-text-align-center\" data-align=\"center\">Universit\u00e9 PSL<\/td><td class=\"has-text-align-center\" data-align=\"center\">IMCCE<\/td><td class=\"has-text-align-center\" data-align=\"center\">J\u00e9r\u00e9mie Vaubaillon<\/td><\/tr><tr><td class=\"has-text-align-center\" data-align=\"center\"><a href=\"https:\/\/www.myjobglasses.com\/professionals\/67d958de558a060015ffbd92-karen-academie-spatiale?widget_id=67e2644744a52c00151b4e22\" target=\"_blank\" rel=\"noopener\" title=\"\"><strong>MJG<\/strong><\/a><\/td><td class=\"has-text-align-center\" data-align=\"center\">Th\u00e8se<\/td><td class=\"has-text-align-center\" data-align=\"center\"><strong>Karen Barchetti<\/strong><\/td><td class=\"has-text-align-center\" data-align=\"center\">Toward the prevention of space-induced vascular aging: modulation of inflammation and drug metabolism<\/td><td class=\"has-text-align-center\" data-align=\"center\">\u00c9cole doctorale ED563 (MTCI) : M\u00e9dicament, Toxicologie, Chimie, Imageries<\/td><td class=\"has-text-align-center\" data-align=\"center\">UPCit\u00e9<\/td><td class=\"has-text-align-center\" data-align=\"center\">PPARC<\/td><td class=\"has-text-align-center\" data-align=\"center\">Pierre Boutouyerie<\/td><\/tr><tr><td class=\"has-text-align-center\" data-align=\"center\"><\/td><td class=\"has-text-align-center\" data-align=\"center\">Th\u00e8se<\/td><td class=\"has-text-align-center\" data-align=\"center\"><strong>Jean Barron<\/strong><\/td><td class=\"has-text-align-center\" data-align=\"center\">Etude de Mercure avec un lidar \u00e0 forme d\u2019onde<\/td><td class=\"has-text-align-center\" data-align=\"center\">\u00c9cole doctorale ED579 (SMEMAG) : Sciences M\u00e9caniques et \u00c9nerg\u00e9tiques, Mat\u00e9riaux et G\u00e9osciences<\/td><td class=\"has-text-align-center\" data-align=\"center\">Universit\u00e9 Paris-Saclay<\/td><td class=\"has-text-align-center\" data-align=\"center\">GEOPS<\/td><td class=\"has-text-align-center\" data-align=\"center\">Fr\u00e9d\u00e9ric Schmidt<\/td><\/tr><tr><td class=\"has-text-align-center\" data-align=\"center\"><\/td><td class=\"has-text-align-center\" data-align=\"center\">Th\u00e8se<\/td><td class=\"has-text-align-center\" data-align=\"center\"><strong>Gabriel Belouze<\/strong><\/td><td class=\"has-text-align-center\" data-align=\"center\">Apprentissage profond appliqu\u00e9 aux donn\u00e9es de t\u00e9l\u00e9d\u00e9tection radar et optique pour la cartographie \u00e0 haute r\u00e9solution de la hauteur et de la biomasse des for\u00eats europ\u00e9ennes depuis 1984<\/td><td class=\"has-text-align-center\" data-align=\"center\">\u00c9cole doctorale ED129 (SEIF) : Sciences de l\u2019Environnement d\u2019\u00cele-de-France<\/td><td class=\"has-text-align-center\" data-align=\"center\">Universit\u00e9 Paris-Saclay<\/td><td class=\"has-text-align-center\" data-align=\"center\">LSCE<\/td><td class=\"has-text-align-center\" data-align=\"center\">Philippe Ciais<\/td><\/tr><tr><td class=\"has-text-align-center\" data-align=\"center\"><\/td><td class=\"has-text-align-center\" data-align=\"center\">Th\u00e8se<\/td><td class=\"has-text-align-center\" data-align=\"center\"><strong>Erwan Cherier<\/strong><\/td><td class=\"has-text-align-center\" data-align=\"center\">Etude de la dynamique turbulente des \u00e9lectrons du vent solaire \u00e0 l\u2019aide des sondes Parker Solar Probe et Solar Orbiter<\/td><td class=\"has-text-align-center\" data-align=\"center\">\u00c9cole doctorale ED127 (AAIF) : Astronomie et Astrophysique d\u2019\u00cele-de-France<\/td><td class=\"has-text-align-center\" data-align=\"center\">Sorbonne Universit\u00e9<\/td><td class=\"has-text-align-center\" data-align=\"center\">LESIA<\/td><td class=\"has-text-align-center\" data-align=\"center\">Arnaud Zaslavsky<\/td><\/tr><tr><td class=\"has-text-align-center\" data-align=\"center\"><\/td><td class=\"has-text-align-center\" data-align=\"center\">Th\u00e8se<\/td><td class=\"has-text-align-center\" data-align=\"center\"><strong>Marius Dahuron<\/strong><\/td><td class=\"has-text-align-center\" data-align=\"center\">Etude des interactions nuages-a\u00e9rosols-pr\u00e9cipitation-rayonnement<br>&nbsp;\u00c0 partir des observations collect\u00e9es par la mission spatiale EarthCare<\/td><td class=\"has-text-align-center\" data-align=\"center\">\u00c9cole doctorale ED129 (SEIF) : Sciences de l\u2019Environnement d\u2019\u00cele-de-France<\/td><td class=\"has-text-align-center\" data-align=\"center\">Sorbonne Universit\u00e9<\/td><td class=\"has-text-align-center\" data-align=\"center\">LMD<\/td><td class=\"has-text-align-center\" data-align=\"center\">H\u00e9l\u00e8ne Chepfer<\/td><\/tr><tr><td class=\"has-text-align-center\" data-align=\"center\"><\/td><td class=\"has-text-align-center\" data-align=\"center\">Th\u00e8se<\/td><td class=\"has-text-align-center\" data-align=\"center\"><strong>Matthieu Dellavalle<\/strong><\/td><td class=\"has-text-align-center\" data-align=\"center\">Vers un simulateur end-to-end de MISCROSCOPE-2<\/td><td class=\"has-text-align-center\" data-align=\"center\">\u00c9cole doctorale ED564 (PIF) : Physique en \u00eele-de-France<\/td><td class=\"has-text-align-center\" data-align=\"center\">ONERA<\/td><td class=\"has-text-align-center\" data-align=\"center\">ONERA, DPHY<\/td><td class=\"has-text-align-center\" data-align=\"center\">Jo\u00ebm Berge<\/td><\/tr><tr><td class=\"has-text-align-center\" data-align=\"center\"><strong><a href=\"https:\/\/www.myjobglasses.com\/professionals\/67d958dd558a060015ffbd78-justine-academie-spatiale?widget_id=67e2644744a52c00151b4e22\" target=\"_blank\" rel=\"noopener\" title=\"\">MJG<\/a><\/strong><\/td><td class=\"has-text-align-center\" data-align=\"center\">Th\u00e8se<\/td><td class=\"has-text-align-center\" data-align=\"center\"><strong>Justine Dousset<\/strong><\/td><td class=\"has-text-align-center\" data-align=\"center\">Contribution au r\u00e9gime juridique des partenariats public-priv\u00e9 dans le cadre du programme spatial europ\u00e9en <\/td><td class=\"has-text-align-center\" data-align=\"center\">\u00c9cole doctorale ED630 (DEM) : Droit, \u00c9conomie, Management<\/td><td class=\"has-text-align-center\" data-align=\"center\">Universit\u00e9 Paris-Saclay<\/td><td class=\"has-text-align-center\" data-align=\"center\">IDEST<\/td><td class=\"has-text-align-center\" data-align=\"center\">Philippe Achilleas<\/td><\/tr><tr><td class=\"has-text-align-center\" data-align=\"center\"><\/td><td class=\"has-text-align-center\" data-align=\"center\">Th\u00e8se<\/td><td class=\"has-text-align-center\" data-align=\"center\"><strong>Elena Grosso<\/strong><\/td><td class=\"has-text-align-center\" data-align=\"center\">Robust and scalable interferometric phase linking for Earth deformation monitoring with SAR satellite image time-series<\/td><td class=\"has-text-align-center\" data-align=\"center\">\u00c9cole doctorale ED432 (SMI) : Sciences des M\u00e9tiers de l\u2019Ing\u00e9nieur<\/td><td class=\"has-text-align-center\" data-align=\"center\">ONERA<\/td><td class=\"has-text-align-center\" data-align=\"center\">ONERA, DEMR<\/td><td class=\"has-text-align-center\" data-align=\"center\">Fr\u00e9d\u00e9ric Brigui<\/td><\/tr><tr><td class=\"has-text-align-center\" data-align=\"center\"><\/td><td class=\"has-text-align-center\" data-align=\"center\">Th\u00e8se<\/td><td class=\"has-text-align-center\" data-align=\"center\"><strong>No\u00e9mie El Bez-Sebastien<\/strong><\/td><td class=\"has-text-align-center\" data-align=\"center\">&nbsp;Min\u00e9ralogie et propri\u00e9t\u00e9s photom\u00e9triques des satellites de Mars et d\u2019ast\u00e9ro\u00efdes primordiaux en support \u00e0 la mission Mars Moon eXploration (MMX) de la JAXA&nbsp;<\/td><td class=\"has-text-align-center\" data-align=\"center\">\u00c9cole doctorale ED127 (AAIF) : Astronomie et Astrophysique d\u2019\u00cele-de-France<\/td><td class=\"has-text-align-center\" data-align=\"center\">UPCit\u00e9<\/td><td class=\"has-text-align-center\" data-align=\"center\">LESIA<\/td><td class=\"has-text-align-center\" data-align=\"center\">Sonia Fornasier<\/td><\/tr><tr><td class=\"has-text-align-center\" data-align=\"center\"><\/td><td class=\"has-text-align-center\" data-align=\"center\">Th\u00e8se<\/td><td class=\"has-text-align-center\" data-align=\"center\"><strong>Corentin Feray<\/strong><\/td><td class=\"has-text-align-center\" data-align=\"center\">Etude de l&rsquo;impact des sources de variabilit\u00e9 sur la caract\u00e9risation min\u00e9ralogique des sols par imagerie hyperspectrale<\/td><td class=\"has-text-align-center\" data-align=\"center\">\u00c9cole doctorale ED560 (STEP\u2019UP) : Sciences de la Terre et de l\u2019Environnement et Physique de l\u2019Univers de Paris<\/td><td class=\"has-text-align-center\" data-align=\"center\">UPCit\u00e9<\/td><td class=\"has-text-align-center\" data-align=\"center\">IPGP<\/td><td class=\"has-text-align-center\" data-align=\"center\">St\u00e9phane Jacquemoud<\/td><\/tr><tr><td class=\"has-text-align-center\" data-align=\"center\"><\/td><td class=\"has-text-align-center\" data-align=\"center\">Th\u00e8se<\/td><td class=\"has-text-align-center\" data-align=\"center\"><strong>Yacine Idouar<\/strong><\/td><td class=\"has-text-align-center\" data-align=\"center\">Conception d\u2019applications de traitement du signal et des images pour les nouveaux syst\u00e8mes sur une puce \u00e0 faible consommation \u00e9nerg\u00e9tique embarqu\u00e9s dans un satellite<\/td><td class=\"has-text-align-center\" data-align=\"center\">\u00c9cole doctorale ED130 (ITE) : Informatique, T\u00e9l\u00e9communications et Electronique<\/td><td class=\"has-text-align-center\" data-align=\"center\">Sorbonne Universit\u00e9<\/td><td class=\"has-text-align-center\" data-align=\"center\">LIP6<\/td><td class=\"has-text-align-center\" data-align=\"center\">Lionel Lacassagne<\/td><\/tr><tr><td class=\"has-text-align-center\" data-align=\"center\"><a href=\"https:\/\/www.myjobglasses.com\/professionals\/67d958df558a060015ffbdb3-sirine-academie-spatiale?widget_id=67e2644744a52c00151b4e22\" target=\"_blank\" rel=\"noopener\" title=\"\"><strong>MJG<\/strong><\/a><\/td><td class=\"has-text-align-center\" data-align=\"center\">Th\u00e8se<\/td><td class=\"has-text-align-center\" data-align=\"center\"><strong>Sirine Kharfi<\/strong><\/td><td class=\"has-text-align-center\" data-align=\"center\">D\u00e9veloppement de mod\u00e8les hybrides RANS \/ LES pour la simulation num\u00e9rique d\u2019\u00e9coulements r\u00e9actifs \u00e0 haute pression. Application \u00e0 la propulsion cryotechnique spatiale<\/td><td class=\"has-text-align-center\" data-align=\"center\">\u00c9cole doctorale ED579 (SMEMAG) : Sciences M\u00e9caniques et \u00c9nerg\u00e9tiques, Mat\u00e9riaux et G\u00e9osciences<\/td><td class=\"has-text-align-center\" data-align=\"center\">Universit\u00e9 Paris-Saclay<\/td><td class=\"has-text-align-center\" data-align=\"center\">EM2C<\/td><td class=\"has-text-align-center\" data-align=\"center\">Thomas Schmitt<\/td><\/tr><tr><td class=\"has-text-align-center\" data-align=\"center\"><a href=\"https:\/\/www.myjobglasses.com\/professionals\/67d958e0558a060015ffbdbf-michele-academie-spatiale?widget_id=67e2644744a52c00151b4e22\" target=\"_blank\" rel=\"noopener\" title=\"\"><strong>MJG<\/strong><\/a><\/td><td class=\"has-text-align-center\" data-align=\"center\">Th\u00e8se<\/td><td class=\"has-text-align-center\" data-align=\"center\"><strong>Michele Lissoni<\/strong><\/td><td class=\"has-text-align-center\" data-align=\"center\">Propri\u00e9t\u00e9s spectrales de la surface de Mercure gr\u00e2ce \u00e0 l&rsquo;apprentissage en profondeur<\/td><td class=\"has-text-align-center\" data-align=\"center\">\u00c9cole doctorale ED127 (AAIF) : Astronomie et Astrophysique d\u2019\u00cele-de-France<\/td><td class=\"has-text-align-center\" data-align=\"center\">Universit\u00e9 PSL<\/td><td class=\"has-text-align-center\" data-align=\"center\">LESIA<\/td><td class=\"has-text-align-center\" data-align=\"center\">Alain Doressoundiram&nbsp;<\/td><\/tr><tr><td class=\"has-text-align-center\" data-align=\"center\"><strong><a href=\"https:\/\/www.myjobglasses.com\/professionals\/67d958dd558a060015ffbd84-ziyu-doctorante-academie-spatiale?widget_id=67e2644744a52c00151b4e22\" target=\"_blank\" rel=\"noopener\" title=\"\">MJG<\/a><\/strong><\/td><td class=\"has-text-align-center\" data-align=\"center\">Th\u00e8se<\/td><td class=\"has-text-align-center\" data-align=\"center\"><strong>Ziyu Liu<\/strong><\/td><td class=\"has-text-align-center\" data-align=\"center\">Propri\u00e9t\u00e9s physiques et dynamiques des ast\u00e9ro\u00efdes avec la mission spatiale Gaia<\/td><td class=\"has-text-align-center\" data-align=\"center\">\u00c9cole doctorale ED127 (AAIF) : Astronomie et Astrophysique d\u2019\u00cele-de-France<\/td><td class=\"has-text-align-center\" data-align=\"center\">Universit\u00e9 PSL<\/td><td class=\"has-text-align-center\" data-align=\"center\">IMCCE<\/td><td class=\"has-text-align-center\" data-align=\"center\">Daniel Hestroffer&nbsp;<\/td><\/tr><tr><td class=\"has-text-align-center\" data-align=\"center\"><a href=\"https:\/\/www.myjobglasses.com\/professionals\/67d958e1558a060015ffbdd9-nicolas-academie-spatiale?widget_id=67e2644744a52c00151b4e22\" target=\"_blank\" rel=\"noopener\" title=\"\"><strong>MJG<\/strong><\/a><\/td><td class=\"has-text-align-center\" data-align=\"center\">Th\u00e8se<\/td><td class=\"has-text-align-center\" data-align=\"center\"><strong>Nicolas Mai<\/strong><\/td><td class=\"has-text-align-center\" data-align=\"center\">Discovery of cluster and protoclusters at z&gt;l.5 with Euclid: cosmology and the study of their galaxy population<\/td><td class=\"has-text-align-center\" data-align=\"center\">\u00c9cole doctorale ED560 (STEP\u2019UP) : Sciences de la Terre et de l\u2019Environnement et Physique de l\u2019Univers de Paris<\/td><td class=\"has-text-align-center\" data-align=\"center\">UPCit\u00e9<\/td><td class=\"has-text-align-center\" data-align=\"center\">APC<\/td><td class=\"has-text-align-center\" data-align=\"center\">Simona Mei<\/td><\/tr><tr><td class=\"has-text-align-center\" data-align=\"center\"><\/td><td class=\"has-text-align-center\" data-align=\"center\">Th\u00e8se<\/td><td class=\"has-text-align-center\" data-align=\"center\"><strong>Cl\u00e9lia Marechal<\/strong><\/td><td class=\"has-text-align-center\" data-align=\"center\">Near-real-time detection and assessment of trans-oceanic tsunamis from space<\/td><td class=\"has-text-align-center\" data-align=\"center\">\u00c9cole doctorale ED560 (STEP\u2019UP) : Sciences de la Terre et de l\u2019Environnement et Physique de l\u2019Univers de Paris<\/td><td class=\"has-text-align-center\" data-align=\"center\">UPCit\u00e9<\/td><td class=\"has-text-align-center\" data-align=\"center\">IPGP<\/td><td class=\"has-text-align-center\" data-align=\"center\">Elvira Astafeyva<\/td><\/tr><tr><td class=\"has-text-align-center\" data-align=\"center\"><a href=\"https:\/\/www.myjobglasses.com\/professionals\/67d958e0558a060015ffbdc5-matthieu-doctorant-latmos-academie-spatiale?widget_id=67e2644744a52c00151b4e22\" target=\"_blank\" rel=\"noopener\" title=\"\"><strong>MJG<\/strong><\/a><\/td><td class=\"has-text-align-center\" data-align=\"center\">Th\u00e8se<\/td><td class=\"has-text-align-center\" data-align=\"center\"><strong>Matthieu Meignin<\/strong><\/td><td class=\"has-text-align-center\" data-align=\"center\">Impact du changement climatique sur les pr\u00e9cipitations globales : IA pour fusionner des observations satellitaires g\u00e9ostationnaires (MSG et MTG) et des constellations hyperfr\u00e9quences (GPM)<\/td><td class=\"has-text-align-center\" data-align=\"center\">\u00c9cole doctorale ED129 (SEIF) : Sciences de l\u2019Environnement d\u2019\u00cele-de-France<\/td><td class=\"has-text-align-center\" data-align=\"center\">UVSQ<\/td><td class=\"has-text-align-center\" data-align=\"center\">LATMOS<\/td><td class=\"has-text-align-center\" data-align=\"center\">C\u00e9cile Mallet<\/td><\/tr><tr><td class=\"has-text-align-center\" data-align=\"center\"><\/td><td class=\"has-text-align-center\" data-align=\"center\">Th\u00e8se<\/td><td class=\"has-text-align-center\" data-align=\"center\"><strong>\u00c9milie Pernet<\/strong><\/td><td class=\"has-text-align-center\" data-align=\"center\">Mod\u00e9lisation spectrale des galaxies primitives int\u00e9grant les processus d\u2019\u00e9toiles binaires : des donn\u00e9es du JWST aux ondes gravitationnelles<\/td><td class=\"has-text-align-center\" data-align=\"center\">\u00c9cole doctorale ED127 (AAIF) : Astronomie et Astrophysique d\u2019\u00cele-de-France<\/td><td class=\"has-text-align-center\" data-align=\"center\">Sorbonne Universit\u00e9<\/td><td class=\"has-text-align-center\" data-align=\"center\">IAP<\/td><td class=\"has-text-align-center\" data-align=\"center\">St\u00e9phane Charlot<\/td><\/tr><tr><td class=\"has-text-align-center\" data-align=\"center\"><\/td><td class=\"has-text-align-center\" data-align=\"center\">Th\u00e8se<\/td><td class=\"has-text-align-center\" data-align=\"center\"><strong>Bilal Rahou<\/strong><\/td><td class=\"has-text-align-center\" data-align=\"center\">R\u00e9seaux de neurones inform\u00e9s par la physique pour la caract\u00e9risation automatique de d\u00e9faut par thermographie infra-rouge laser<\/td><td class=\"has-text-align-center\" data-align=\"center\">\u00c9cole doctorale ED580 (STIC) : Sciences et Technologies de l\u2019Information et de la Communication<\/td><td class=\"has-text-align-center\" data-align=\"center\">ONERA<\/td><td class=\"has-text-align-center\" data-align=\"center\">ONERA, DTIS<\/td><td class=\"has-text-align-center\" data-align=\"center\">Pauline Trouve-Peloux<\/td><\/tr><tr><td class=\"has-text-align-center\" data-align=\"center\"><a href=\"https:\/\/www.myjobglasses.com\/professionals\/67d958db558a060015ffbd54-juan-diego-academie-spatiale?widget_id=67e2644744a52c00151b4e22\" target=\"_blank\" rel=\"noopener\" title=\"\"><strong>MJG<\/strong><\/a><\/td><td class=\"has-text-align-center\" data-align=\"center\">Th\u00e8se<\/td><td class=\"has-text-align-center\" data-align=\"center\"><strong>Juan Diego Ramirez<\/strong><\/td><td class=\"has-text-align-center\" data-align=\"center\">Commande multi-\u00e9chelle sous contraintes, application \u00e0 un v\u00e9hicule de rentr\u00e9e<\/td><td class=\"has-text-align-center\" data-align=\"center\">\u00c9cole doctorale ED580 (STIC) : Sciences et Technologies de l\u2019Information et de la Communication<\/td><td class=\"has-text-align-center\" data-align=\"center\">ONERA<\/td><td class=\"has-text-align-center\" data-align=\"center\">ONERA, DTIS<\/td><td class=\"has-text-align-center\" data-align=\"center\">Ioannis Sarras<\/td><\/tr><tr><td class=\"has-text-align-center\" data-align=\"center\"><a href=\"https:\/\/www.myjobglasses.com\/professionals\/67d958e1558a060015ffbdd3-felipe-academie-spatiale?widget_id=67e2644744a52c00151b4e22\" target=\"_blank\" rel=\"noopener\" title=\"\"><strong>MJG<\/strong><\/a><\/td><td class=\"has-text-align-center\" data-align=\"center\">Th\u00e8se<\/td><td class=\"has-text-align-center\" data-align=\"center\"><strong>Felipe Rizzi<\/strong><\/td><td class=\"has-text-align-center\" data-align=\"center\">Syst\u00e8me de contr\u00f4le d&rsquo;attitude et de guidage fin pour les spectropolarim\u00e8tres UV spatiaux.<\/td><td class=\"has-text-align-center\" data-align=\"center\">\u00c9cole doctorale ED127 (AAIF) : Astronomie et Astrophysique d\u2019\u00cele-de-France<\/td><td class=\"has-text-align-center\" data-align=\"center\">Universit\u00e9 PSL<\/td><td class=\"has-text-align-center\" data-align=\"center\">LESIA<\/td><td class=\"has-text-align-center\" data-align=\"center\">Coralie Neiner<\/td><\/tr><tr><td class=\"has-text-align-center\" data-align=\"center\"><strong><a href=\"https:\/\/www.myjobglasses.com\/professionals\/67d958dc558a060015ffbd6a-valentina-academie-spatiale?widget_id=67e2644744a52c00151b4e22\" target=\"_blank\" rel=\"noopener\" title=\"\">MJG<\/a><\/strong><\/td><td class=\"has-text-align-center\" data-align=\"center\">Th\u00e8se<\/td><td class=\"has-text-align-center\" data-align=\"center\"><strong>Valentina Sangalli<\/strong><\/td><td class=\"has-text-align-center\" data-align=\"center\">Mesurer la formation des galaxies primordiales massives avec le JWST<\/td><td class=\"has-text-align-center\" data-align=\"center\">\u00c9cole doctorale ED127 (AAIF) : Astronomie et Astrophysique d\u2019\u00cele-de-France<\/td><td class=\"has-text-align-center\" data-align=\"center\">Universit\u00e9 Paris-Saclay<\/td><td class=\"has-text-align-center\" data-align=\"center\">IRFU<\/td><td class=\"has-text-align-center\" data-align=\"center\">Benjamin Magnelli<\/td><\/tr><tr><td class=\"has-text-align-center\" data-align=\"center\"><a href=\"https:\/\/www.myjobglasses.com\/professionals\/67d958db558a060015ffbd5a-angele-academie-spatiale?widget_id=67e2644744a52c00151b4e22\" target=\"_blank\" rel=\"noopener\" title=\"\"><strong>MJG<\/strong><\/a><\/td><td class=\"has-text-align-center\" data-align=\"center\">Th\u00e8se<\/td><td class=\"has-text-align-center\" data-align=\"center\"><strong>Ang\u00e8le Syty<\/strong><\/td><td class=\"has-text-align-center\" data-align=\"center\">Caract\u00e9risation des atmosph\u00e8res d&rsquo;exoplan\u00e8tes par les m\u00e9thodes d\u2019apprentissage profond<\/td><td class=\"has-text-align-center\" data-align=\"center\">\u00c9cole doctorale ED127 (AAIF) : Astronomie et Astrophysique d\u2019\u00cele-de-France<\/td><td class=\"has-text-align-center\" data-align=\"center\">Sorbonne Universit\u00e9<\/td><td class=\"has-text-align-center\" data-align=\"center\">IAP<\/td><td class=\"has-text-align-center\" data-align=\"center\">Pierre Drossart<\/td><\/tr><tr><td class=\"has-text-align-center\" data-align=\"center\"><\/td><td class=\"has-text-align-center\" data-align=\"center\">Th\u00e8se<\/td><td class=\"has-text-align-center\" data-align=\"center\"><strong>Hoang Viet Tran<\/strong><\/td><td class=\"has-text-align-center\" data-align=\"center\">Mesure de la polarisation des modes B du fond diffus cosmologique avec la mission satellite LiteBIRD : d\u00e9veloppement de m\u00e9thodes innovantes de traitement des \u00e9missions astrophysique et des effets syst\u00e9matiques<\/td><td class=\"has-text-align-center\" data-align=\"center\">\u00c9cole doctorale ED560 (STEP\u2019UP) : Sciences de la Terre et de l\u2019Environnement et Physique de l\u2019Univers de Paris<\/td><td class=\"has-text-align-center\" data-align=\"center\">UPCit\u00e9<\/td><td class=\"has-text-align-center\" data-align=\"center\">APC<\/td><td class=\"has-text-align-center\" data-align=\"center\">Guillaume Patanchon<\/td><\/tr><tr><td class=\"has-text-align-center\" data-align=\"center\"><\/td><td class=\"has-text-align-center\" data-align=\"center\">Th\u00e8se<\/td><td class=\"has-text-align-center\" data-align=\"center\"><strong>Kai Zenk<\/strong><\/td><td class=\"has-text-align-center\" data-align=\"center\">Astrom\u00e9trie spatiale par corr\u00e9lations angulaires pour des capteurs augment\u00e9s&nbsp;<\/td><td class=\"has-text-align-center\" data-align=\"center\">\u00c9cole doctorale ED127 (AAIF) : Astronomie et Astrophysique d\u2019\u00cele-de-France<\/td><td class=\"has-text-align-center\" data-align=\"center\">Universit\u00e9 PSL<\/td><td class=\"has-text-align-center\" data-align=\"center\">CENSUS\/LESIA<\/td><td class=\"has-text-align-center\" data-align=\"center\">Boris Segret<\/td><\/tr><\/tbody><\/table><\/figure>\n\n\n\n<div style=\"height:100px\" aria-hidden=\"true\" class=\"wp-block-spacer\"><\/div>\n\n\n\n<figure class=\"wp-block-image alignwide size-full\"><img loading=\"lazy\" decoding=\"async\" width=\"14840\" height=\"1039\" src=\"https:\/\/academiespatiale.fr\/wp-content\/uploads\/2024\/04\/Frise_logosCMA-HD.png\" alt=\"\" class=\"wp-image-188\" srcset=\"https:\/\/academiespatiale.fr\/wp-content\/uploads\/2024\/04\/Frise_logosCMA-HD.png 14840w, https:\/\/academiespatiale.fr\/wp-content\/uploads\/2024\/04\/Frise_logosCMA-HD-300x21.png 300w, https:\/\/academiespatiale.fr\/wp-content\/uploads\/2024\/04\/Frise_logosCMA-HD-1024x72.png 1024w, https:\/\/academiespatiale.fr\/wp-content\/uploads\/2024\/04\/Frise_logosCMA-HD-768x54.png 768w, https:\/\/academiespatiale.fr\/wp-content\/uploads\/2024\/04\/Frise_logosCMA-HD-1536x108.png 1536w, https:\/\/academiespatiale.fr\/wp-content\/uploads\/2024\/04\/Frise_logosCMA-HD-2048x143.png 2048w\" sizes=\"auto, (max-width: 14840px) 100vw, 14840px\" \/><\/figure>\n\n\n\n<div style=\"height:100px\" aria-hidden=\"true\" class=\"wp-block-spacer\"><\/div>\n\n\n\n<div class=\"wp-block-columns alignfull has-text-color has-link-color wp-elements-8422e2a85d9f2e5605b7dd2ae54b3e54 is-layout-flex wp-container-core-columns-is-layout-e94c545b wp-block-columns-is-layout-flex\" style=\"color:#b1b1b1;margin-top:-25px;margin-bottom:20px;padding-top:0;padding-right:0;padding-bottom:0;padding-left:60px;font-size:15px\">\n<div class=\"wp-block-column has-text-color has-link-color wp-elements-32661c60388d2123b0bf1683c717c484 is-layout-flow wp-block-column-is-layout-flow\" style=\"color:#a1a1a1;padding-top:0;padding-bottom:0;font-size:15px;font-style:normal;font-weight:100;flex-basis:100%\"><div class=\"aioseo-breadcrumbs\"><span class=\"aioseo-breadcrumb\">\n\t\t\t<a href=\"https:\/\/academiespatiale.fr\" title=\"Home\">Home<\/a>\n\t\t<\/span><span class=\"aioseo-breadcrumb-separator\">&raquo;<\/span><span class=\"aioseo-breadcrumb\">\n\t\t\t<a href=\"https:\/\/academiespatiale.fr\/index.php\/recherche\/\" title=\"Recherche\">Recherche<\/a>\n\t\t<\/span><span class=\"aioseo-breadcrumb-separator\">&raquo;<\/span><span class=\"aioseo-breadcrumb\">\n\t\t\tLes doctorantes et doctorants\n\t\t<\/span><\/div><\/div>\n<\/div>\n","protected":false},"excerpt":{"rendered":"<p>Conform\u00e9ment au R\u00e8glement G\u00e9n\u00e9ral sur la Protection des Donn\u00e9es (RGPD), chap. III, article 12, les doctorant\u00b7es ont \u00e9t\u00e9 inform\u00e9s du traitement de leurs donn\u00e9es personnelles sur le carnet de recherche, de la finalit\u00e9 de ce traitement, ainsi que de leur droit de rectification (article 16) et de leur droit \u00e0 [&hellip;]<\/p>\n","protected":false},"author":1,"featured_media":0,"parent":2656,"menu_order":0,"comment_status":"closed","ping_status":"closed","template":"","meta":{"_monsterinsights_skip_tracking":false,"_monsterinsights_sitenote_active":false,"_monsterinsights_sitenote_note":"","_monsterinsights_sitenote_category":0,"_EventAllDay":false,"_EventTimezone":"","_EventStartDate":"","_EventEndDate":"","_EventStartDateUTC":"","_EventEndDateUTC":"","_EventShowMap":false,"_EventShowMapLink":false,"_EventURL":"","_EventCost":"","_EventCostDescription":"","_EventCurrencySymbol":"","_EventCurrencyCode":"","_EventCurrencyPosition":"","_EventDateTimeSeparator":"","_EventTimeRangeSeparator":"","_EventOrganizerID":[],"_EventVenueID":[],"_OrganizerEmail":"","_OrganizerPhone":"","_OrganizerWebsite":"","_VenueAddress":"","_VenueCity":"","_VenueCountry":"","_VenueProvince":"","_VenueState":"","_VenueZip":"","_VenuePhone":"","_VenueURL":"","_VenueStateProvince":"","_VenueLat":"","_VenueLng":"","_VenueShowMap":false,"_VenueShowMapLink":false,"footnotes":""},"class_list":["post-4640","page","type-page","status-publish","hentry"],"aioseo_notices":[],"_links":{"self":[{"href":"https:\/\/academiespatiale.fr\/index.php\/wp-json\/wp\/v2\/pages\/4640","targetHints":{"allow":["GET"]}}],"collection":[{"href":"https:\/\/academiespatiale.fr\/index.php\/wp-json\/wp\/v2\/pages"}],"about":[{"href":"https:\/\/academiespatiale.fr\/index.php\/wp-json\/wp\/v2\/types\/page"}],"author":[{"embeddable":true,"href":"https:\/\/academiespatiale.fr\/index.php\/wp-json\/wp\/v2\/users\/1"}],"replies":[{"embeddable":true,"href":"https:\/\/academiespatiale.fr\/index.php\/wp-json\/wp\/v2\/comments?post=4640"}],"version-history":[{"count":75,"href":"https:\/\/academiespatiale.fr\/index.php\/wp-json\/wp\/v2\/pages\/4640\/revisions"}],"predecessor-version":[{"id":8008,"href":"https:\/\/academiespatiale.fr\/index.php\/wp-json\/wp\/v2\/pages\/4640\/revisions\/8008"}],"up":[{"embeddable":true,"href":"https:\/\/academiespatiale.fr\/index.php\/wp-json\/wp\/v2\/pages\/2656"}],"wp:attachment":[{"href":"https:\/\/academiespatiale.fr\/index.php\/wp-json\/wp\/v2\/media?parent=4640"}],"curies":[{"name":"wp","href":"https:\/\/api.w.org\/{rel}","templated":true}]}}