{"id":3409,"date":"2025-02-12T14:55:04","date_gmt":"2025-02-12T13:55:04","guid":{"rendered":"https:\/\/academiespatiale.fr\/?page_id=3409"},"modified":"2025-12-19T17:18:24","modified_gmt":"2025-12-19T16:18:24","slug":"allocations-doctorales-et-postdoctorales","status":"publish","type":"page","link":"https:\/\/academiespatiale.fr\/index.php\/recherche\/ao\/allocations-doctorales-et-postdoctorales\/","title":{"rendered":"Allocations doctorales et postdoctorales"},"content":{"rendered":"\n<div class=\"wp-block-columns alignfull has-text-color has-link-color wp-elements-8422e2a85d9f2e5605b7dd2ae54b3e54 is-layout-flex wp-container-core-columns-is-layout-e94c545b wp-block-columns-is-layout-flex\" style=\"color:#b1b1b1;margin-top:-25px;margin-bottom:20px;padding-top:0;padding-right:0;padding-bottom:0;padding-left:60px;font-size:15px\">\n<div class=\"wp-block-column has-text-color has-link-color wp-elements-32661c60388d2123b0bf1683c717c484 is-layout-flow wp-block-column-is-layout-flow\" style=\"color:#a1a1a1;padding-top:0;padding-bottom:0;font-size:15px;font-style:normal;font-weight:100;flex-basis:100%\"><div class=\"aioseo-breadcrumbs\"><span class=\"aioseo-breadcrumb\">\n\t\t\t<a href=\"https:\/\/academiespatiale.fr\" title=\"Home\">Home<\/a>\n\t\t<\/span><span class=\"aioseo-breadcrumb-separator\">&raquo;<\/span><span class=\"aioseo-breadcrumb\">\n\t\t\t<a href=\"https:\/\/academiespatiale.fr\/index.php\/recherche\/\" title=\"Recherche\">Recherche<\/a>\n\t\t<\/span><span class=\"aioseo-breadcrumb-separator\">&raquo;<\/span><span class=\"aioseo-breadcrumb\">\n\t\t\t<a href=\"https:\/\/academiespatiale.fr\/index.php\/recherche\/ao\/\" title=\"Appels d\u2019offres\">Appels d\u2019offres<\/a>\n\t\t<\/span><span class=\"aioseo-breadcrumb-separator\">&raquo;<\/span><span class=\"aioseo-breadcrumb\">\n\t\t\tAllocations doctorales et postdoctorales\n\t\t<\/span><\/div><\/div>\n<\/div>\n\n\n\n<div class=\"wp-block-columns is-layout-flex wp-container-core-columns-is-layout-28f84493 wp-block-columns-is-layout-flex\">\n<div class=\"wp-block-column is-vertically-aligned-center is-layout-flow wp-block-column-is-layout-flow\" style=\"flex-basis:50%\">\n<p>Les allocations de recherche doctorale et posdoctorale sont destin\u00e9es aux \u00e9tudiantes et \u00e9tudiants de toutes nationalit\u00e9s.<\/p>\n\n\n\n<hr class=\"wp-block-separator has-alpha-channel-opacity\"\/>\n\n\n\n<div style=\"height:10px\" aria-hidden=\"true\" class=\"wp-block-spacer\"><\/div>\n\n\n\n<p>Pour toutes questions : <a href=\"mailto:theses@academiespatiale.fr\" target=\"_blank\" rel=\"noreferrer noopener\">theses@academiespatiale.fr<\/a><\/p>\n\n\n\n<hr class=\"wp-block-separator has-alpha-channel-opacity\"\/>\n<\/div>\n\n\n\n<div class=\"wp-block-column is-layout-flow wp-block-column-is-layout-flow\" style=\"flex-basis:50%\">\n<figure class=\"wp-block-image size-large\"><img loading=\"lazy\" decoding=\"async\" width=\"1024\" height=\"683\" src=\"https:\/\/academiespatiale.fr\/wp-content\/uploads\/2025\/04\/pexels-karolina-grabowska-8106655-1024x683.jpg\" alt=\"\" class=\"wp-image-4204\" srcset=\"https:\/\/academiespatiale.fr\/wp-content\/uploads\/2025\/04\/pexels-karolina-grabowska-8106655-1024x683.jpg 1024w, https:\/\/academiespatiale.fr\/wp-content\/uploads\/2025\/04\/pexels-karolina-grabowska-8106655-300x200.jpg 300w, https:\/\/academiespatiale.fr\/wp-content\/uploads\/2025\/04\/pexels-karolina-grabowska-8106655-768x512.jpg 768w, https:\/\/academiespatiale.fr\/wp-content\/uploads\/2025\/04\/pexels-karolina-grabowska-8106655-1536x1024.jpg 1536w, https:\/\/academiespatiale.fr\/wp-content\/uploads\/2025\/04\/pexels-karolina-grabowska-8106655-2048x1365.jpg 2048w, https:\/\/academiespatiale.fr\/wp-content\/uploads\/2025\/04\/pexels-karolina-grabowska-8106655-360x240.jpg 360w\" sizes=\"auto, (max-width: 1024px) 100vw, 1024px\" \/><\/figure>\n<\/div>\n<\/div>\n\n\n\n<div style=\"height:30px\" aria-hidden=\"true\" class=\"wp-block-spacer\"><\/div>\n\n\n\n<h2 class=\"wp-block-heading\">Appel clotur\u00e9 &#8211; 2025<\/h2>\n\n\n<ul class=\"wp-block-latest-posts__list has-dates wp-block-latest-posts\"><li><div class=\"wp-block-latest-posts__featured-image alignleft\"><img loading=\"lazy\" decoding=\"async\" width=\"300\" height=\"200\" src=\"https:\/\/academiespatiale.fr\/wp-content\/uploads\/2025\/02\/AAC_doctorats-postdoc_CNES-300x200.png\" class=\"attachment-medium size-medium wp-post-image\" alt=\"\" style=\"\" srcset=\"https:\/\/academiespatiale.fr\/wp-content\/uploads\/2025\/02\/AAC_doctorats-postdoc_CNES-300x200.png 300w, https:\/\/academiespatiale.fr\/wp-content\/uploads\/2025\/02\/AAC_doctorats-postdoc_CNES-360x240.png 360w, https:\/\/academiespatiale.fr\/wp-content\/uploads\/2025\/02\/AAC_doctorats-postdoc_CNES.png 750w\" sizes=\"auto, (max-width: 300px) 100vw, 300px\" \/><\/div><a class=\"wp-block-latest-posts__post-title\" href=\"https:\/\/academiespatiale.fr\/index.php\/2025\/02\/12\/appel-a-candidatures-2025-doctorats-et-post-doctorats\/\">Appel \u00e0 candidatures 2025 : doctorats et post-doctorats<\/a><time datetime=\"2025-02-12T16:42:03+01:00\" class=\"wp-block-latest-posts__post-date\">12 f\u00e9vrier 2025<\/time><div class=\"wp-block-latest-posts__post-full-content\"><!-- wp:block {\"ref\":7170} \/-->\n\n<!-- wp:columns {\"verticalAlignment\":\"center\"} -->\n<div class=\"wp-block-columns are-vertically-aligned-center\"><!-- wp:column {\"verticalAlignment\":\"center\",\"width\":\"66.66%\"} -->\n<div class=\"wp-block-column is-vertically-aligned-center\" style=\"flex-basis:66.66%\"><!-- wp:paragraph -->\n<p>Le CNES a le plaisir de vous informer de l\u2019ouverture de l&rsquo;appel \u00e0 candidatures 2025 d\u00e8s aujourd\u2019hui.<\/p>\n<!-- \/wp:paragraph --><\/div>\n<!-- \/wp:column -->\n\n<!-- wp:column {\"verticalAlignment\":\"center\",\"width\":\"33.33%\"} -->\n<div class=\"wp-block-column is-vertically-aligned-center\" style=\"flex-basis:33.33%\"><!-- wp:image {\"id\":3333,\"sizeSlug\":\"thumbnail\",\"linkDestination\":\"none\",\"align\":\"right\"} -->\n<figure class=\"wp-block-image alignright size-thumbnail\"><img loading=\"lazy\" decoding=\"async\" width=\"150\" height=\"150\" src=\"https:\/\/academiespatiale.fr\/wp-content\/uploads\/2025\/02\/CNES_transp-150x150.png\" alt=\"\" class=\"wp-image-3333\" srcset=\"https:\/\/academiespatiale.fr\/wp-content\/uploads\/2025\/02\/CNES_transp-150x150.png 150w, https:\/\/academiespatiale.fr\/wp-content\/uploads\/2025\/02\/CNES_transp-300x300.png 300w, https:\/\/academiespatiale.fr\/wp-content\/uploads\/2025\/02\/CNES_transp.png 658w\" sizes=\"auto, (max-width: 150px) 100vw, 150px\" \/><\/figure>\n<!-- \/wp:image --><\/div>\n<!-- \/wp:column --><\/div>\n<!-- \/wp:columns -->\n\n<!-- wp:paragraph -->\n<p>Chaque ann\u00e9e, le CNES attribue plus d\u2019une centaine d\u2019allocations de recherche doctorale et postdoctorale \u00e0 des \u00e9tudiants de toutes nationalit\u00e9s, dans les domaines suivants :<\/p>\n<!-- \/wp:paragraph -->\n\n<!-- wp:list -->\n<ul class=\"wp-block-list\"><!-- wp:list-item -->\n<li>Sciences pour l\u2019ing\u00e9nieur : syst\u00e8mes orbitaux, syst\u00e8mes de transport spatial<\/li>\n<!-- \/wp:list-item -->\n\n<!-- wp:list-item -->\n<li>Sciences utilisatrices des moyens spatiaux : sciences de l\u2019Univers, sciences de la Terre, sciences en micropesanteur<\/li>\n<!-- \/wp:list-item -->\n\n<!-- wp:list-item -->\n<li>Sciences humaines et sociales : juridique, histoire, \u00e9conomie, sociologie, psychologie, etc.<\/li>\n<!-- \/wp:list-item --><\/ul>\n<!-- \/wp:list -->\n\n<!-- wp:paragraph -->\n<p>Le CNES soutient ainsi le d\u00e9veloppement de la formation par la recherche de\u00a0jeunes chercheurs, chercheuses et ing\u00e9nieur\u00b7es dans des domaines d&rsquo;int\u00e9r\u00eat pour le secteur spatial.<\/p>\n<!-- \/wp:paragraph -->\n\n<!-- wp:paragraph {\"align\":\"center\",\"backgroundColor\":\"background_color\"} -->\n<p class=\"has-text-align-center has-background-color-background-color has-background\">\u2192 <a href=\"https:\/\/recrutement.cnes.fr\/fr\/annonces\" target=\"_blank\" rel=\"noreferrer noopener\">D\u00e9couvrez\u00a0les offres de doctorats et post-doctorats<\/a> \u2190<br>(filtrer sur \u00ab\u00a0Contrat\u00a0\u00bb puis \u00ab\u00a0Domaine\u00a0\u00bb)<\/p>\n<!-- \/wp:paragraph -->\n\n<!-- wp:paragraph {\"align\":\"center\"} -->\n<p class=\"has-text-align-center\">Date de limite de r\u00e9ception des candidatures<br>&gt;&gt;&gt; 14 mars 2025 inclus (minuit) &lt;&lt;&lt;<\/p>\n<!-- \/wp:paragraph --><\/div><\/li>\n<\/ul>\n\n\n<hr class=\"wp-block-separator has-alpha-channel-opacity\"\/>\n\n\n\n<div style=\"height:20px\" aria-hidden=\"true\" class=\"wp-block-spacer\"><\/div>\n\n\n\n<h2 class=\"wp-block-heading\">Sujets de th\u00e8se<\/h2>\n\n\n\n<p>Liste des sujets de th\u00e8se labellis\u00e9s et propos\u00e9s par l&rsquo;Acad\u00e9mie Spatiale.<br>Pour plus de renseignement, veuillez-vous rapprocher de l&rsquo;\u00e9cole doctorale concern\u00e9e.<\/p>\n\n\n\n<div style=\"height:20px\" aria-hidden=\"true\" class=\"wp-block-spacer\"><\/div>\n\n\n\n<h3 class=\"wp-block-heading\">2025-2028<\/h3>\n\n\n\n<p style=\"font-size:16px\">(cliquer pour d\u00e9rouler les sujets)<\/p>\n\n\n\n<hr class=\"wp-block-separator has-alpha-channel-opacity is-style-wide\"\/>\n\n\n\n<details class=\"wp-block-details has-medium-font-size is-layout-flow wp-block-details-is-layout-flow\"><summary>\u00c9cole doctorale ED127 (AAIF) : Astronomie et Astrophysique d&rsquo;\u00cele-de-France<\/summary>\n<div style=\"height:20px\" aria-hidden=\"true\" class=\"wp-block-spacer\"><\/div>\n\n\n\n<p style=\"font-size:16px\"><strong>Astrom\u00e9trie fine et de tr\u00e8s haute pr\u00e9cision des ast\u00e9ro\u00efdes g\u00e9ocroiseurs<br><\/strong><em>Sujet de th\u00e8se propos\u00e9 par Damya Souami &#8211; LIRA \/ PSL<br><\/em>\u00c9cole doctorale ED127 (AAIF)<\/p>\n\n\n\n<p style=\"font-size:16px\"><strong>Caliste-3D CZT: d\u00e9veloppement d\u2019une nouvelle g\u00e9n\u00e9ration de spectro-imageur gamma pour r\u00e9pondre au d\u00e9fi de sensibilit\u00e9 des t\u00e9lescopes d\u2019astronomie spatiale dans la bande du MeV.<\/strong><br><em>Sujet de th\u00e8se propos\u00e9 par Remy Le Breton &#8211; CEA \/ DRF \/ IRFU \/ DEDIP \/ UPS<\/em><br>\u00c9cole doctorale ED127 (AAIF)<\/p>\n\n\n\n<p style=\"font-size:16px\"><strong>Caract\u00e9risation de la mati\u00e8re organique d\u2019int\u00e9r\u00eat pr\u00e9biotique des mondes-oc\u00e9ans par GC-MS et Orbitrap : application aux futures missions spatiales<\/strong><br><em>Sujet de th\u00e8se propos\u00e9 par Caroline Freissinet &#8211; LATMOS \/ UVSQ<br><\/em>\u00c9cole doctorale ED127 (AAIF)<\/p>\n\n\n\n<p style=\"font-size:16px\"><strong>Caract\u00e9risation de protoplan\u00e8tes et de plan\u00e8tes avec JWST<\/strong><br><em>Sujet de th\u00e8se propos\u00e9 par Anthony Boccaleti &#8211; LIRA \/ PSL<br><\/em>\u00c9cole doctorale ED127 (AAIF)<\/p>\n\n\n\n<p style=\"font-size:16px\"><strong>Concept d&rsquo;interf\u00e9rom\u00e9trie Mach-Zehnder appliqu\u00e9 \u00e0 la mesure lidar du vent sur Mars et la Terre<\/strong><br><em>Sujet de th\u00e8se propos\u00e9 par Franck Montmessin &#8211; LATMOS \/ UVSQ<br><\/em>\u00c9cole doctorale ED127 (AAIF)<\/p>\n\n\n\n<p style=\"font-size:16px\"><strong>Contraindre la structure interne de Mercure via un mod\u00e8le de rotation avanc\u00e9<\/strong><br><em>Sujet de th\u00e8se propos\u00e9 par Gwena\u00ebl Bou\u00e9 &#8211; LTE \/ SU<br><\/em>\u00c9cole doctorale ED127 (AAIF)<\/p>\n\n\n\n<p style=\"font-size:16px\"><strong>Constraining the AGN-feedback with JWST observations of Brightest Cluster Galaxies<\/strong><br><em>Sujet de th\u00e8se propos\u00e9 par Philippe Salom\u00e9 &#8211; LUX \/ PSL<br><\/em>\u00c9cole doctorale ED127 (AAIF)<\/p>\n\n\n\n<p style=\"font-size:16px\"><strong>Contribution des oc\u00e9ans \u00e0 la g\u00e9odynamique globale<br><\/strong><em>Sujet de th\u00e8se propos\u00e9 par Christian Bizouard &#8211; LTE \/ PSL<br><\/em>\u00c9cole doctorale ED127 (AAIF)<\/p>\n\n\n\n<p style=\"font-size:16px\"><strong>Cosmology with cross-correlation of data: CMB and Euclid observa(ons<\/strong><br><em>Sujet de th\u00e8se propos\u00e9 par Laura Salvati &#8211; IAS \/ UPS<br><\/em>\u00c9cole doctorale ED127 (AAIF)<\/p>\n\n\n\n<p style=\"font-size:16px\"><strong>Dark matter detection with the MICROSCOPE and LISA space missions<br><\/strong><em>Sujet de th\u00e8se propos\u00e9 par Peter Wolf &#8211; LTE \/ PSL <br><\/em>\u00c9cole doctorale ED127 (AAIF)<\/p>\n\n\n\n<p style=\"font-size:16px\"><strong>D\u00e9tection et orbitographie des d\u00e9bris spatiaux : cons\u00e9quences environnementales et g\u00e9opolitique \u00e0 l\u2019\u00e9chelle internationale<\/strong><br><em>Sujet de th\u00e8se propos\u00e9 par Fr\u00e9d\u00e9ric Leriche &#8211; LATMOS \/ UVSQ <br><\/em>\u00c9cole doctorale ED127 (AAIF)<\/p>\n\n\n\n<p style=\"font-size:16px\"><strong>\u00c9tude des performances analytiques de colonnes et d\u2019un analyseur chromatographique ultra-miniaturis\u00e9s bas\u00e9s sur la technologie MEMS, en vue de l\u2019analyse d\u2019\u00e9chantillons plan\u00e9taires<\/strong><br><em>Sujet de th\u00e8se propos\u00e9 par Malak Bigourd &#8211; LATMOS \/ UVSQ<br><\/em>\u00c9cole doctorale ED127 (AAIF)<\/p>\n\n\n\n<p style=\"font-size:16px\"><strong>\u00c9volution des grains interstellaires r\u00e9v\u00e9l\u00e9e par le JWST dans les r\u00e9gions photo-domin\u00e9es<\/strong><br><em>Sujet de th\u00e8se propos\u00e9 par Laurent Verstraete &#8211; IAS \/ UPSL<br><\/em>\u00c9cole doctorale ED127 (AAIF)<\/p>\n\n\n\n<p style=\"font-size:16px\"><strong>Inventaire de la glace d\u2019eau de subsurface par radar \u00e0 p\u00e9n\u00e9tration de sol \u2013 Application \u00e0 Mars et \u00e0 la Lune<\/strong><br><em>Sujet de th\u00e8se propos\u00e9 par Alice Le Gall &#8211; LATMOS \/ UVSQ (SU)<br><\/em>\u00c9cole doctorale ED127 (AAIF)<\/p>\n\n\n\n<p style=\"font-size:16px\"><strong>Investigation of the electron dynamics in Mercury\u2019s magnetosphere: BepiColombo observations and numerical simulations<\/strong><br><em>Sujet de th\u00e8se propos\u00e9 par Fouad Sahraoui &#8211; LPP \/ IPP<br><\/em>\u00c9cole doctorale ED127 (AAIF)<\/p>\n\n\n\n<p style=\"font-size:16px\"><strong>La r\u00e9ponse dynamique de la magn\u00e9tosph\u00e8re de Mercure au for\u00e7age du vent solaire : cons\u00e9quences sur l\u2019acc\u00e9l\u00e9ration des particules charg\u00e9es dans un environnement plan\u00e9taire tellurique<\/strong><br><em>Sujet de th\u00e8se propos\u00e9 par L\u00e9a Griton &#8211; LIRA \/ SU<br><\/em>\u00c9cole doctorale ED127 (AAIF)<\/p>\n\n\n\n<p style=\"font-size:16px\"><strong>L&rsquo;imagerie d&rsquo;exoplan\u00e8tes avec le Roman Space Telescope<\/strong><br><em>Sujet de th\u00e8se propos\u00e9 par Johan Mazoyez &#8211; LIRA \/ PSL<br><\/em>\u00c9cole doctorale ED127 (AAIF)<\/p>\n\n\n\n<p style=\"font-size:16px\"><strong>Mesure de la masse des plan\u00e8tes telluriques froides en combinant les missions spatiales Euclid et Roman<\/strong><br><em>Sujet de th\u00e8se propos\u00e9 par Cl\u00e9ment Ranc &#8211; IAP \/ SU<br><\/em>\u00c9cole doctorale ED127 (AAIF)<\/p>\n\n\n\n<p style=\"font-size:16px\"><strong>Orbitographie des d\u00e9bris spatiaux dans la ceinture g\u00e9ostationnaire par approches m\u00e9taheuristiques ; applications aux observations \u00ab multi-objets \u00bb<\/strong><br><em>Sujet de th\u00e8se propos\u00e9 par Florent Deleflie &#8211; LTE \/ PSL <br><\/em>\u00c9cole doctorale ED127 (AAIF)<\/p>\n\n\n\n<p style=\"font-size:16px\"><strong>Propulseurs Magn\u00e9toplasmadynamiques : Mod\u00e9lisation 3D dans des r\u00e9gimes de fortes puissances<\/strong><br><em>Sujet de th\u00e8se propos\u00e9 par Andrea Ciardi &#8211; LUX \/ SU<br><\/em>\u00c9cole doctorale ED127 (AAIF)<\/p>\n\n\n\n<div style=\"height:20px\" aria-hidden=\"true\" class=\"wp-block-spacer\"><\/div>\n<\/details>\n\n\n\n<hr class=\"wp-block-separator has-alpha-channel-opacity is-style-wide\"\/>\n\n\n\n<details class=\"wp-block-details has-medium-font-size is-layout-flow wp-block-details-is-layout-flow\"><summary>\u00c9cole doctorale ED129 (SEIF) : Sciences de l&rsquo;Environnement d&rsquo;\u00cele-de-France<\/summary>\n<div style=\"height:20px\" aria-hidden=\"true\" class=\"wp-block-spacer\"><\/div>\n\n\n\n<p style=\"font-size:16px\"><strong>Etude de la variation diurne du monoxyde de carbone \u00e0 l&rsquo;aide de mesures par satellite, depuis l\u2019orbite g\u00e9ostationnaire<\/strong><br><em>Sujet de th\u00e8se propos\u00e9 par Cathy Clerbaux &#8211; MONARIS \/ SU<\/em><br>\u00c9cole doctorale ED129 (SEIF)<\/p>\n\n\n\n<p style=\"font-size:16px\"><strong>Mesures de concentrations atmosph\u00e9riques depuis un pseudo-satellite pour l\u2019estimation des\u00e9missions de m\u00e9thane \u00e0 l&rsquo;\u00e9chelle r\u00e9gional<\/strong><br><em>Sujet de th\u00e8se propos\u00e9 par Laurence Croiz\u00e9 &#8211; <\/em>DOTA \/ ONERA<br>\u00c9cole doctorale ED129 (SEIF)<\/p>\n\n\n\n<p style=\"font-size:16px\"><strong>Observation des \u00e9cosyst\u00e8mes aquatiques c\u00f4tiers et des eaux int\u00e9rieures par t\u00e9l\u00e9d\u00e9tection satellitaire hyperspectrale : caract\u00e9risation des sp\u00e9cifications techniques, y compris les aspects d&rsquo;\u00e9talonnage, d&rsquo;une future mission spatiale<\/strong><br><em>Sujet de th\u00e8se propos\u00e9 par Malik Chami &#8211; Lagrange \/ OCA \/ SU<\/em><br>\u00c9cole doctorale ED129 (SEIF)<\/p>\n\n\n\n<p style=\"font-size:16px\"><strong>Observations des gaz traces martiens avec ACS sur la mission Trace Gas Orbiter de l\u2019ESA<\/strong><br><em>Sujet de th\u00e8se propos\u00e9 par Franck Lef\u00e8vre &#8211; LATMOS \/ SU<\/em><br>\u00c9cole doctorale ED129 (SEIF)<\/p>\n\n\n\n<p style=\"font-size:16px\"><strong>Restitution IA du profil d\u2019ozone \u00e0 partir de l\u2019instrument IASI Nouvelle G\u00e9n\u00e9ration<\/strong><br><em>Sujet de th\u00e8se propos\u00e9 par Sarah Safieddine &#8211; LATMOS \/ SU<\/em><br>\u00c9cole doctorale ED129 (SEIF)<\/p>\n\n\n\n<p style=\"font-size:16px\"><strong>T\u00e9l\u00e9d\u00e9tection de la salinit\u00e9 dans l\u2019oc\u00e9an austral : de SMOS \u00e0 CRYORAD<\/strong><br><em>Sujet de th\u00e8se propos\u00e9 par Jacqueline Boutin &#8211; LOCEAN \/ SU<\/em><br>\u00c9cole doctorale ED129 (SEIF)<\/p>\n\n\n\n<p style=\"font-size:16px\"><strong>Vers la d\u00e9tection et la quantification des biosignatures d&rsquo;exoplan\u00e8tes, contenant des mouvements de grande amplitude, \u00e0 l&rsquo;aide de la spectroscopie \u00e0 haute r\u00e9solution, des mod\u00e8les cin\u00e9tiques et de l&rsquo;inversion des spectres mesur\u00e9s par les t\u00e9lescopes spatiaux.<\/strong><br><em>Sujet de th\u00e8se propos\u00e9 par Isabelle Kleiner &#8211; LISA \/ UPC<\/em><br>\u00c9cole doctorale ED129 (SEIF)<\/p>\n\n\n\n<div style=\"height:20px\" aria-hidden=\"true\" class=\"wp-block-spacer\"><\/div>\n<\/details>\n\n\n\n<hr class=\"wp-block-separator has-alpha-channel-opacity is-style-wide\"\/>\n\n\n\n<details class=\"wp-block-details has-medium-font-size is-layout-flow wp-block-details-is-layout-flow\"><summary>\u00c9cole doctorale ED391 (SMAER) : Sciences M\u00e9canique, Acoustique, \u00c9lectronique et Robotique de Paris<\/summary>\n<div style=\"height:20px\" aria-hidden=\"true\" class=\"wp-block-spacer\"><\/div>\n\n\n\n<p style=\"font-size:16px\"><strong>Active mitigation of flame spread in microgravity for spacecraft safety<\/strong><br><em>Sujet de th\u00e8se propos\u00e9 par Guillaume Legros &#8211; Institut d&rsquo;Alembert \/ SU<\/em><br>\u00c9cole doctorale ED391 (SMAER)<\/p>\n\n\n\n<p style=\"font-size:16px\"><strong>Amplificateurs param\u00e9triques via des m\u00e9tasurfaces variables dans le temps pour communications LEO<br><\/strong><em>Sujet de th\u00e8se propos\u00e9 par Theodosios Karamanos &#8211; GEEPS \/ SU<\/em><br>\u00c9cole doctorale ED391 (SMAER)<\/p>\n\n\n\n<div style=\"height:20px\" aria-hidden=\"true\" class=\"wp-block-spacer\"><\/div>\n<\/details>\n\n\n\n<hr class=\"wp-block-separator has-alpha-channel-opacity is-style-wide\"\/>\n\n\n\n<details class=\"wp-block-details has-medium-font-size is-layout-flow wp-block-details-is-layout-flow\"><summary>\u00c9cole doctorale ED531 (SIE) : Sciences, Ing\u00e9nierie et Environnement<\/summary>\n<div style=\"height:20px\" aria-hidden=\"true\" class=\"wp-block-spacer\"><\/div>\n\n\n\n<p style=\"font-size:16px\"><strong>Optimisation de l\u2019extraction et de l\u2019indentification de la mati\u00e8re organique dans des \u00e9chantillons analogues martiens par l&rsquo;instrument MOMA de la mission Exomars \/ Rosalind Franklin 2028.<\/strong><br><em>Sujet de th\u00e8se propos\u00e9 par Herv\u00e9 Cottin &#8211; LISA \/ UPEC<\/em><br>\u00c9cole doctorale ED531 (SIE)<\/p>\n\n\n\n<p style=\"font-size:16px\"><strong>Syst\u00e8me de gestion thermo-\u00e9lectrique pour l\u2019optimisation de l\u2019autonomie \u00e9nerg\u00e9tique des nanosatellites int\u00e9grant les Mat\u00e9riaux \u00e0 Changement de Phase (MCP) et l\u2019Intelligence Artificielle (IA)<\/strong><br><em>Sujet de th\u00e8se propos\u00e9 par Tarek Mandani &#8211; LISSI \/ UPEC<\/em><br>\u00c9cole doctorale ED531 (SIE) &amp; ED532 (MSTIC)<\/p>\n\n\n\n<div style=\"height:20px\" aria-hidden=\"true\" class=\"wp-block-spacer\"><\/div>\n<\/details>\n\n\n\n<hr class=\"wp-block-separator has-alpha-channel-opacity is-style-wide\"\/>\n\n\n\n<details class=\"wp-block-details has-medium-font-size is-layout-flow wp-block-details-is-layout-flow\"><summary>\u00c9cole doctorale ED532 (MSTIC) : Math\u00e9matiques et Sciences et Technologies de l&rsquo;Information et de la Communication<strong>&nbsp;<\/strong><\/summary>\n<div style=\"height:20px\" aria-hidden=\"true\" class=\"wp-block-spacer\"><\/div>\n\n\n\n<p style=\"font-size:16px\"><strong>A Proof-Based Approach for the Modeling and Verification of Spatial Systems<\/strong><br><em>Sujet de th\u00e8se propos\u00e9 par Julien Cervelle &#8211; LACL \/ UPEC<\/em><br>\u00c9cole doctorale ED532 (MSTIC)<\/p>\n\n\n\n<p style=\"font-size:16px\"><strong>Syst\u00e8me de gestion thermo-\u00e9lectrique pour l\u2019optimisation de l\u2019autonomie \u00e9nerg\u00e9tique des nanosatellites int\u00e9grant les Mat\u00e9riaux \u00e0 Changement de Phase (MCP) et l\u2019Intelligence Artificielle (IA)<\/strong><br><em>Sujet de th\u00e8se propos\u00e9 par Tarek Mandani &#8211; LISSI \/ UPEC<\/em><br>\u00c9cole doctorale ED531 (SIE) &amp; ED532 (MSTIC)<\/p>\n\n\n\n<div style=\"height:20px\" aria-hidden=\"true\" class=\"wp-block-spacer\"><\/div>\n<\/details>\n\n\n\n<hr class=\"wp-block-separator has-alpha-channel-opacity is-style-wide\"\/>\n\n\n\n<details class=\"wp-block-details has-medium-font-size is-layout-flow wp-block-details-is-layout-flow\"><summary>\u00c9cole doctorale ED560 (STEP&rsquo;UP) : Sciences de la Terre et de l&rsquo;Environnement et Physique de l&rsquo;Univers de Paris<\/summary>\n<div style=\"height:20px\" aria-hidden=\"true\" class=\"wp-block-spacer\"><\/div>\n\n\n\n<p style=\"font-size:16px\"><strong>Deep Lunar interior seismic inversion with the FarSide Seismic Suite, Chang\u2019E 7 and Apollo seismic data<br><\/strong><em>Sujet de th\u00e8se propos\u00e9 par Philippe Lognonn\u00e9 &#8211; IPGP \/ UPC<\/em><br>\u00c9cole doctorale ED560 (STEP&rsquo;UP)<\/p>\n\n\n\n<p style=\"font-size:16px\"><strong>Formation, \u00e9volution et impact des couples stellaires<\/strong><br><em>Sujet de th\u00e8se propos\u00e9 par Sylvain Chaty &#8211; APC \/ UPC<\/em><br>\u00c9cole doctorale ED560 (STEP&rsquo;UP)<\/p>\n\n\n\n<p style=\"font-size:16px\"><strong>Recherche d&rsquo;ondes gravitationnelles depuis l&rsquo;espace : brouillage des sources<br><\/strong><em>Sujet de th\u00e8se propos\u00e9 par Stanislas Babak &#8211; APC \/ UPC<\/em><br>\u00c9cole doctorale ED560 (STEP&rsquo;UP)<\/p>\n\n\n\n<div style=\"height:20px\" aria-hidden=\"true\" class=\"wp-block-spacer\"><\/div>\n<\/details>\n\n\n\n<hr class=\"wp-block-separator has-alpha-channel-opacity is-style-wide\"\/>\n\n\n\n<details class=\"wp-block-details has-medium-font-size is-layout-flow wp-block-details-is-layout-flow\"><summary>\u00c9cole doctorale ED564 (PIF) : Physique en \u00eele-de-France<\/summary>\n<div style=\"height:20px\" aria-hidden=\"true\" class=\"wp-block-spacer\"><\/div>\n\n\n\n<p style=\"font-size:16px\"><strong>Aerosol &amp; GHG simultaneous measurement to improve satellite validation<\/strong><br><em>Sujet de th\u00e8se propos\u00e9 par Yao Te &#8211; MONARIS \/ SU<br><\/em>\u00c9cole doctorale ED564 (PIF)<\/p>\n\n\n\n<div style=\"height:20px\" aria-hidden=\"true\" class=\"wp-block-spacer\"><\/div>\n<\/details>\n\n\n\n<hr class=\"wp-block-separator has-alpha-channel-opacity is-style-wide\"\/>\n\n\n\n<details class=\"wp-block-details has-medium-font-size is-layout-flow wp-block-details-is-layout-flow\"><summary>\u00c9cole doctorale ED572 (EDOM) : Ondes et Mati\u00e8re<\/summary>\n<div style=\"height:20px\" aria-hidden=\"true\" class=\"wp-block-spacer\"><\/div>\n\n\n\n<p style=\"font-size:16px\"><strong>Fuller\u00e8nes hydrog\u00e9n\u00e9s dans l&rsquo;espace<\/strong><br><em>Sujet de th\u00e8se propos\u00e9 par Ugo Jacovella &#8211; ISMO \/ UPS<br><\/em>\u00c9cole doctorale ED572 (EDOM)<\/p>\n\n\n\n<p style=\"font-size:16px\"><strong>New views of the Sun: how does the composition of the solar atmosphere change, from the equator to the poles?<br><\/strong><em>Sujet de th\u00e8se propos\u00e9 par Eric Buchlin &#8211; IAS \/ UPS<br><\/em>\u00c9cole doctorale ED572 (EDOM)<\/p>\n\n\n\n<div style=\"height:20px\" aria-hidden=\"true\" class=\"wp-block-spacer\"><\/div>\n<\/details>\n\n\n\n<hr class=\"wp-block-separator has-alpha-channel-opacity is-style-wide\"\/>\n\n\n\n<details class=\"wp-block-details has-medium-font-size is-layout-flow wp-block-details-is-layout-flow\"><summary>\u00c9cole doctorale ED573 (INTERFACES) : INTERFACES &#8211; Approches interdisciplinaires \/ fondements, applications et innovation<\/summary>\n<div style=\"height:20px\" aria-hidden=\"true\" class=\"wp-block-spacer\"><\/div>\n\n\n\n<p style=\"font-size:16px\"><strong>Apprentissage par Renforcement S\u00e9curis\u00e9 pour la Planification de Missions Autonomes dans les Services en Orbite<\/strong><br><em>Sujet de th\u00e8se propos\u00e9 par Adam Abdin &#8211; LGI \/ CentraleSup\u00e9lec \/ UPS<\/em><br>\u00c9cole doctorale ED573 (INTERFACES)<\/p>\n\n\n\n<div style=\"height:20px\" aria-hidden=\"true\" class=\"wp-block-spacer\"><\/div>\n<\/details>\n\n\n\n<hr class=\"wp-block-separator has-alpha-channel-opacity is-style-wide\"\/>\n\n\n\n<details class=\"wp-block-details has-medium-font-size is-layout-flow wp-block-details-is-layout-flow\"><summary>\u00c9cole doctorale ED574 (EDMH) : Math\u00e9matiques Hadamard<\/summary>\n<div style=\"height:20px\" aria-hidden=\"true\" class=\"wp-block-spacer\"><\/div>\n\n\n\n<p style=\"font-size:16px\"><strong>Commande optimale sous incertitudes pour le guidage relatif lors d&rsquo;un rendez-vous orbital<\/strong><br><em>Sujet de th\u00e8se propos\u00e9 par Fr\u00e9d\u00e9ric Jean &#8211; UMA \/ ENSTA \/ IPP<\/em><br>\u00c9cole doctorale ED574 (EDMH)<\/p>\n\n\n\n<p style=\"font-size:16px\"><strong>D\u00e9tection pr\u00e9cise spatio-temporelle de diffuseurs permanents et de leurs mouvements relatifs<br><\/strong><em>Sujet de th\u00e8se propos\u00e9 par Carlo De Franchis &#8211; Centre Borelli \/ ENS PS \/ UPS<\/em><br>\u00c9cole doctorale ED574 (EDMH)<\/p>\n\n\n\n<div style=\"height:20px\" aria-hidden=\"true\" class=\"wp-block-spacer\"><\/div>\n<\/details>\n\n\n\n<hr class=\"wp-block-separator has-alpha-channel-opacity is-style-wide\"\/>\n\n\n\n<details class=\"wp-block-details has-medium-font-size is-layout-flow wp-block-details-is-layout-flow\"><summary>\u00c9cole doctorale ED579 (SMEMAG) : Sciences M\u00e9caniques et \u00c9nerg\u00e9tiques, Mat\u00e9riaux et G\u00e9osciences<\/summary>\n<div style=\"height:20px\" aria-hidden=\"true\" class=\"wp-block-spacer\"><\/div>\n\n\n\n<p style=\"font-size:16px\"><strong>Analyse du r\u00f4le des gouttes d\u2019aluminium dans l\u2019acoustique interne d\u2019un moteur \u00e0 propergol solide<br><\/strong><em>Sujet de th\u00e8se propos\u00e9 par <\/em>Aur\u00e9lien Genot<br>\u00c9cole doctorale ED579 (SMEMAG)<\/p>\n\n\n\n<p style=\"font-size:16px;text-transform:none\"><strong>Contr\u00f4le et caract\u00e9risation des phr\u00e9nom\u00e8nes de transition de r\u00e9gime dans les tuy\u00e8res supersoniques \u00e0 double galbe (DBN) par des m\u00e9thodes num\u00e9riques avanc\u00e9es &#8211; Extension du concept DBN aux tuy\u00e8res \u00e0 corps central<\/strong><br>S<em>ujet de th\u00e8se propos\u00e9 par <\/em>Mohamed Sellam &#8211; LMEE \/ UPS<br>\u00c9cole doctorale ED579 (SMEMAG)<\/p>\n\n\n\n<p style=\"font-size:16px\"><strong>\u00c9tude du rayonnement hors-\u00e9quilibre dans les plasmas de recombinaison pour les missions spatiales : application \u00e0 l\u2019entr\u00e9e de la sonde DragonFly dans l\u2019atmosph\u00e8re de Titan<\/strong><br><em>Sujet de th\u00e8se propos\u00e9 par <\/em>Christophe Laux &#8211; EM2C \/ UPS<br>\u00c9cole doctorale ED579 (SMEMAG)<\/p>\n\n\n\n<p style=\"font-size:16px\"><strong>Fabrication des Fils Multifonctionnels L\u00e9gers \u00e0 Hautes Conductivit\u00e9 \u00c9lectrique et R\u00e9sistance M\u00e9canique<br><\/strong><em>Sujet de th\u00e8se propos\u00e9 par <\/em>Jinbo Bai &#8211; LMPS \/ UPS<br>\u00c9cole doctorale ED579 (SMEMAG)<\/p>\n\n\n\n<p style=\"font-size:16px\"><strong>M\u00e9thodologie exp\u00e9rimentale et num\u00e9rique pour la ma\u00eetrise des contraintes r\u00e9siduelles dans les mat\u00e9riaux issus de fabrication additive<\/strong><br><em>Sujet de th\u00e8se propos\u00e9 par <\/em>Maria Tsoutsouva &#8211; DMAS \/ ONERA<br>\u00c9cole doctorale ED579 (SMEMAG)<\/p>\n\n\n\n<div style=\"height:20px\" aria-hidden=\"true\" class=\"wp-block-spacer\"><\/div>\n<\/details>\n\n\n\n<hr class=\"wp-block-separator has-alpha-channel-opacity is-style-wide\"\/>\n\n\n\n<details class=\"wp-block-details has-medium-font-size is-layout-flow wp-block-details-is-layout-flow\"><summary>\u00c9cole doctorale ED580 (STIC) : Sciences et Technologies de l&rsquo;Information et de la Communication<\/summary>\n<div style=\"height:20px\" aria-hidden=\"true\" class=\"wp-block-spacer\"><\/div>\n\n\n\n<p style=\"font-size:16px\"><strong>IA Embarqu\u00e9e Neuro-Symbolique Explicable pour l\u2019\u00c9vitement Autonome des D\u00e9bris Spatiaux<br><\/strong><em>Sujet de th\u00e8se propos\u00e9 par Amar Ramdane-Cherif &#8211; LISV \/ UVSQ<\/em><br>\u00c9cole doctorale ED580 (STIC)<\/p>\n\n\n\n<p style=\"font-size:16px\"><strong>Mod\u00e9lisation de l\u2019atomisation LOX\/m\u00e9thane dans les moteurs-fus\u00e9es par description morphologique combinant exp\u00e9rimentation et simulation<br><\/strong><em>Sujet de th\u00e8se propos\u00e9 par Nicolas Fdida &#8211; DMPE \/ ONERA<\/em><br>\u00c9cole doctorale ED580 (STIC)<\/p>\n\n\n\n<div style=\"height:20px\" aria-hidden=\"true\" class=\"wp-block-spacer\"><\/div>\n<\/details>\n\n\n\n<hr class=\"wp-block-separator has-alpha-channel-opacity is-style-wide\"\/>\n\n\n\n<details class=\"wp-block-details has-medium-font-size is-layout-flow wp-block-details-is-layout-flow\"><summary>\u00c9cole doctorale ED626 (IPP) : Institut Polytechnique de Paris<\/summary>\n<div style=\"height:20px\" aria-hidden=\"true\" class=\"wp-block-spacer\"><\/div>\n\n\n\n<p style=\"font-size:16px\"><strong>\u00c9tude d\u2019un propulseur de Hall fonctionnant \u00e0 l\u2019iode<\/strong><br><em>Sujet de th\u00e8se propos\u00e9 par Benjamin Esteves &#8211; LPP (Safran) \/ IPP<\/em><br>\u00c9cole doctorale ED626 (IPP)<\/p>\n\n\n\n<p style=\"font-size:16px\"><strong>\u00c9tude d\u2019un propulseur plasma de satellite ECRA op\u00e9r\u00e9 \u00e0 l\u2019iode<br><\/strong><em>Sujet de th\u00e8se propos\u00e9 par Victor D\u00e9sangles &#8211; DPHY \/ ONERA<\/em><br>\u00c9cole doctorale ED626 (IPP)<\/p>\n\n\n\n<p style=\"font-size:16px\"><strong>\u00c9tude ph\u00e9nom\u00e9nologique du champ fluctuant de gouvernes \u00e0 grille de lanceur spatial r\u00e9utilisable par simulation num\u00e9rique instationnaire en vue de la d\u00e9finition de concepts aux performances a\u00e9rodynamiques optimales<\/strong><br><em>Sujet de th\u00e8se propos\u00e9 par Pierre-Elie Weiss &#8211; ONERA<\/em><br>\u00c9cole doctorale ED626 (IPP)<\/p>\n\n\n\n<p style=\"font-size:16px\"><strong>Lidar pour la mesure du CH4 dans l\u2019atmosphe\u0300re : inte\u0301re\u0302t ge\u0301ophysique et validation de la mission spatiale MERLIN<\/strong><br><em>Sujet de th\u00e8se propos\u00e9 par Fabien Gilbert &#8211; LMD \/ IPP<\/em><br>\u00c9cole doctorale ED626 (IPP)<\/p>\n\n\n\n<p style=\"font-size:16px\"><strong>Machine-aided spectroscopy of plasma thrusters<\/strong><br><em>Sujet de th\u00e8se propos\u00e9 par Tsanko Tsankov &#8211; LPP \/ IPP<\/em><br>\u00c9cole doctorale ED626 (IPP)<\/p>\n\n\n\n<div style=\"height:20px\" aria-hidden=\"true\" class=\"wp-block-spacer\"><\/div>\n<\/details>\n\n\n\n<hr class=\"wp-block-separator has-alpha-channel-opacity is-style-wide\"\/>\n\n\n\n<details class=\"wp-block-details has-medium-font-size is-layout-flow wp-block-details-is-layout-flow\"><summary>\u00c9cole doctorale ED630 (DEM) : Droit, \u00c9conomie, Management<\/summary>\n<div style=\"height:20px\" aria-hidden=\"true\" class=\"wp-block-spacer\"><\/div>\n\n\n\n<p style=\"font-size:16px\"><strong>D\u00e9veloppement du droit de l&rsquo;espace en Afrique : enjeux, d\u00e9fis et perspectives de coop\u00e9ration avec la France et l&rsquo;Europe<br><\/strong><em>Sujet de th\u00e8se propos\u00e9 par Philippe Achilleas &#8211; IDEST \/ UPS<br><\/em>\u00c9cole doctorale ED630 (DEM)<\/p>\n<\/details>\n\n\n\n<hr class=\"wp-block-separator has-alpha-channel-opacity is-style-wide\"\/>\n\n\n\n<p class=\"has-small-font-size\">Pour plus de renseignement, veuillez-vous rapprocher de l&rsquo;\u00e9cole doctorale concern\u00e9es.<\/p>\n\n\n\n<hr class=\"wp-block-separator has-alpha-channel-opacity\"\/>\n\n\n\n<div style=\"height:50px\" aria-hidden=\"true\" class=\"wp-block-spacer\"><\/div>\n\n\n\n<h3 class=\"wp-block-heading\">2024-2027<\/h3>\n\n\n\n<p style=\"font-size:16px\">(cliquer pour d\u00e9rouler les sujets)<\/p>\n\n\n\n<hr class=\"wp-block-separator has-alpha-channel-opacity is-style-wide\"\/>\n\n\n\n<details class=\"wp-block-details has-medium-font-size is-layout-flow wp-block-details-is-layout-flow\"><summary>\u00c9cole doctorale ED127 (AAIF) : Astronomie et Astrophysique d&rsquo;\u00cele-de-France<\/summary>\n<div style=\"height:20px\" aria-hidden=\"true\" class=\"wp-block-spacer\"><\/div>\n\n\n\n<p style=\"font-size:16px\"><strong>Analyse de la composition des terrains explor\u00e9s par le rover martien NASA Perseverance<\/strong><br><em>Sujet de th\u00e8se propos\u00e9 par Fran\u00e7ois Poulet &#8211; IAS<\/em><br>\u00c9cole doctorale ED127 (AAIF)<\/p>\n\n\n\n<p style=\"font-size:16px\"><strong>Angle-tased correlation in space images forenhanced sensors nanosatelites<\/strong><br><em>Sujet de th\u00e8se propos\u00e9 par Boris Segret &#8211; CENSUS \/ LESIA<\/em><br>\u00c9cole doctorale ED127 (AAIF)<\/p>\n\n\n\n<p style=\"font-size:16px\"><strong>Caliste-3D CZT : d\u00e9veloppement d\u2019un spectro-imageur gamma miniature, monolithique et hybride \u00e0 efficacit\u00e9 am\u00e9lior\u00e9e dans la gamme 100 keV \u00e0 1 MeV et optimis\u00e9 pour la d\u00e9tection de l\u2019effet Compton et la localisation sous-pixel<\/strong><br><em>Sujet de th\u00e8se propos\u00e9 par Remy Le Breton &#8211; CEA \/ DRF \/ IRFU \/ DEDIP<\/em><br>\u00c9cole doctorale ED127 (AAIF)<\/p>\n\n\n\n<p style=\"font-size:16px\"><strong>Caract\u00e9risation des atmosph\u00e8res d&rsquo;exoplan\u00e8tes par les m\u00e9thodes d\u2019apprentissage profond<\/strong><br><em>Sujet de th\u00e8se propos\u00e9 par Pierre Drossart &#8211; IAP<\/em><br>\u00c9cole doctorale ED127 (AAIF)<\/p>\n\n\n\n<p style=\"font-size:16px\"><strong>CheckMet<\/strong><br><em>Sujet de th\u00e8se propos\u00e9 par J\u00e9r\u00e9mie Vaubaillon &#8211; IMCCE<\/em><br>\u00c9cole doctorale ED127 (AAIF)<\/p>\n\n\n\n<p style=\"font-size:16px\"><strong>D\u00e9veloppement instrumental pour la mesure des distorsions spectrales du fond diffus cosmologique<\/strong><br><em>Sujet de th\u00e8se propos\u00e9 par Bruno Maffei &#8211; IAS<\/em><br>\u00c9cole doctorale ED127 (AAIF)<\/p>\n\n\n\n<p style=\"font-size:16px\"><strong>Etude de la dynamique turbulente des \u00e9lectrons du vent solaire \u00e0 l\u2019aide des sondes Parker Solar Probe et Solar Orbiter<\/strong><br><em>Sujet de th\u00e8se propos\u00e9 par Arnaud Zaslavsky &#8211; LESIA<\/em><br>\u00c9cole doctorale ED127 (AAIF)<\/p>\n\n\n\n<p style=\"font-size:16px\"><strong>\u00c9tude de l&rsquo;habitabilit\u00e9 de la surface de Mars avec les exp\u00e9riences spatiales SAM (mission MSL) et MOMA (mission EXOMARS rover)<\/strong><br><em>Sujet de th\u00e8se propos\u00e9 par Cyril Szopa &#8211; LATMOS<\/em><br>\u00c9cole doctorale ED127 (AAIF)<\/p>\n\n\n\n<p style=\"font-size:16px\"><strong>Inventaire de la glace d\u2019eau de subsurface par radar \u00e0 p\u00e9n\u00e9tration de sol \u2013 Application \u00e0 Mars et \u00e0 la Lune<\/strong><br><em>Sujet de th\u00e8se propos\u00e9 par Alice Le Gall &#8211; LATMOS<\/em><br>\u00c9cole doctorale ED127 (AAIF)<\/p>\n\n\n\n<p style=\"font-size:16px\"><strong>Ion and Neutral Energy and Mass Analyzer for M-MATISSE<\/strong><br><em>Sujet de th\u00e8se propos\u00e9 par Fran\u00e7ois Leblanc &#8211; LATMOS<\/em><br>\u00c9cole doctorale ED127 (AAIF)<\/p>\n\n\n\n<p style=\"font-size:16px\"><strong>Mesurer la formation des galaxies primordiales massives avec le JWST<\/strong><br><em>Sujet de th\u00e8se propos\u00e9 par Benjamin Magnelli &#8211; AIM \/ CEA<\/em><br>\u00c9cole doctorale ED127 (AAIF)<\/p>\n\n\n\n<p style=\"font-size:16px\"><strong>Min\u00e9ralogie et propri\u00e9t\u00e9s photom\u00e9triques des satellites de Mars et d\u2019ast\u00e9ro\u00efdes primordiaux en support \u00e0 la mission Mars Moon eXploration (MMX) de la JAXA<\/strong><br><em>Sujet de th\u00e8se propos\u00e9 par Sonia Fornasier &#8211; LESIA<\/em><br>\u00c9cole doctorale ED127 (AAIF)<\/p>\n\n\n\n<p style=\"font-size:16px\"><strong>Mod\u00e9lisation spectrale des galaxies primitives int\u00e9grant les processus d\u2019\u00e9toiles binaires : des donn\u00e9es du JWST aux ondes gravitationnelles<\/strong><br><em>Sujet de th\u00e8se propos\u00e9 par St\u00e9phane Charlot &#8211; IAP<\/em><br>\u00c9cole doctorale ED127 (AAIF)<\/p>\n\n\n\n<p style=\"font-size:16px\"><strong>New cosmological probes for Euclid<\/strong><br><em>Sujet de th\u00e8se propos\u00e9 par Nabila Aghanim &#8211; IAS<\/em><br>\u00c9cole doctorale ED127 (AAIF)<\/p>\n\n\n\n<p style=\"font-size:16px\"><strong>Orbitographie des d\u00e9bris spatiaux dans la ceinture g\u00e9ostationnaire par approches m\u00e9taheuristiques ; applications aux observations \u00ab multi-objets \u00bb<\/strong><br><em>Sujet de th\u00e8se propos\u00e9 par Florent Deleflie &#8211; IMCCE<\/em><br>\u00c9cole doctorale ED127 (AAIF)<\/p>\n\n\n\n<p style=\"font-size:16px\"><strong>Properties of Mercury&rsquo;s plasma environment with BepiColombo<\/strong><br><em>Sujet de th\u00e8se propos\u00e9 par Karine Issautier &#8211; LESIA<\/em><br>\u00c9cole doctorale ED127 (AAIF)<\/p>\n\n\n\n<p style=\"font-size:16px\"><strong>Propri\u00e9t\u00e9s spectrales de la surface de Mercure gr\u00e2ce \u00e0 l&rsquo;apprentissage en profondeur<\/strong><br><em>Sujet de th\u00e8se propos\u00e9 par Alain Doressoundira &#8211; LESIA<\/em><br>\u00c9cole doctorale ED127 (AAIF)<\/p>\n\n\n\n<p style=\"font-size:16px\"><strong>Syst\u00e8me de contr\u00f4le d\u2019attitude et de guidage fin pour les spectropolarim\u00e8tres UV spatiaux<\/strong><br><em>Sujet de th\u00e8se propos\u00e9 par Coralie Neiner<\/em> &#8211; LESIA<br>\u00c9cole doctorale ED127 (AAIF) &amp; EDUSP<\/p>\n\n\n\n<p style=\"font-size:16px\"><strong>Unraveling Asteroids Physical and Dynamical Properties with the Gaia Space Mission<\/strong><br><em>Sujet de th\u00e8se propos\u00e9 par Daniel Hestroffer &#8211; IMCCE<\/em><br>\u00c9cole doctorale ED127 (AAIF)<\/p>\n\n\n\n<p style=\"font-size:16px\"><strong>Utilisation de la coh\u00e9rence pour la d\u00e9tection d\u2019exoplan\u00e8tes avec les t\u00e9lescopes spatiaux Roman et Habitable Worlds Observatory<\/strong><br><em>Sujet de th\u00e8se propos\u00e9 par Johan Mazoyer &#8211; LESIA<\/em><br>\u00c9cole doctorale ED127 (AAIF)<\/p>\n<\/details>\n\n\n\n<hr class=\"wp-block-separator has-alpha-channel-opacity is-style-wide\"\/>\n\n\n\n<details class=\"wp-block-details has-medium-font-size is-layout-flow wp-block-details-is-layout-flow\"><summary>\u00c9cole doctorale ED129 (SEIF) : Sciences de l&rsquo;Environnement d&rsquo;\u00cele-de-France<\/summary>\n<div style=\"height:20px\" aria-hidden=\"true\" class=\"wp-block-spacer\"><\/div>\n\n\n\n<p style=\"font-size:16px\"><strong>Apprentissage profond appliqu\u00e9 aux donn\u00e9es de t\u00e9l\u00e9d\u00e9tection radar et optique pour la cartographie \u00e0 haute r\u00e9solution de la hauteur et de la biomasse des for\u00eats europ\u00e9ennes depuis 1984<\/strong><br><em>Sujet de th\u00e8se propos\u00e9 par Philippe Ciais &#8211; LSCE<\/em><br>\u00c9cole doctorale ED129 (SEIF)<\/p>\n\n\n\n<p style=\"font-size:16px\"><strong>Etude des interactions nuages-a\u00e9rosols-pr\u00e9cipitation-rayonnement \u00e0 partir des observations collect\u00e9es par la mission spatiale EarthCare<\/strong><br><em>Sujet de th\u00e8se propos\u00e9<\/em> <em>par H\u00e9l\u00e8ne Chepfer &#8211; LMD<\/em><br>\u00c9cole doctorale ED129 (SEIF)<\/p>\n\n\n\n<p style=\"font-size:16px\"><strong>Impact du changement climatique sur les pr\u00e9cipitations globales : IA pour fusionner des observations satellitaires g\u00e9ostationnaires (MSG et MTG) et des constellations hyperfr\u00e9quences (GPM)<\/strong> <br><em>Sujet de th\u00e8se propos\u00e9 par C\u00e9cile Mallet &#8211; LATMOS<\/em><br>\u00c9cole doctorale ED129 (SEIF)<\/p>\n\n\n\n<p style=\"font-size:16px\"><strong>Mesures de sections efficace d&rsquo;absorption \u00e0 haute temp\u00e9rature pour les exoplan\u00e8tes chaudes<\/strong><br><em>Sujet de th\u00e8se propos\u00e9 par Olivia Venot &#8211; LISA<\/em><br>\u00c9cole doctorale ED129 (SEIF)<\/p>\n\n\n\n<p style=\"font-size:16px\"><strong>Observations des gaz traces martiens avec ACS sur la mission Trace Gas Orbiter de l\u2019ESA<\/strong><br><em>Sujet de th\u00e8se propos\u00e9 par Franck Lefevre &#8211; LATMOS<\/em><br>\u00c9cole doctorale ED129 (SEIF)<\/p>\n\n\n\n<div style=\"height:20px\" aria-hidden=\"true\" class=\"wp-block-spacer\"><\/div>\n<\/details>\n\n\n\n<hr class=\"wp-block-separator has-alpha-channel-opacity is-style-wide\"\/>\n\n\n\n<details class=\"wp-block-details has-medium-font-size is-layout-flow wp-block-details-is-layout-flow\"><summary>\u00c9cole doctorale ED130 (ITE) : Informatique, T\u00e9l\u00e9communications et Electronique<\/summary>\n<div style=\"height:20px\" aria-hidden=\"true\" class=\"wp-block-spacer\"><\/div>\n\n\n\n<p style=\"font-size:16px\"><strong>Conception d\u2019applications de traitement du signal et des images pour les nouveaux syst\u00e8mes sur une puce \u00e0 faible consommation \u00e9nerg\u00e9tique embarqu\u00e9s dans un satellite<br><\/strong><em>Sujet de th\u00e8se propos\u00e9 par Lionel Lacassagne &#8211; <\/em>LIP6<br>\u00c9cole doctorale ED130 (ITE)<\/p>\n<\/details>\n\n\n\n<hr class=\"wp-block-separator has-alpha-channel-opacity is-style-wide\"\/>\n\n\n\n<details class=\"wp-block-details has-medium-font-size is-layout-flow wp-block-details-is-layout-flow\"><summary>\u00c9cole doctorale ED432 (SMI) : Sciences des M\u00e9tiers de l&rsquo;Ing\u00e9nieur<\/summary>\n<div style=\"height:20px\" aria-hidden=\"true\" class=\"wp-block-spacer\"><\/div>\n\n\n\n<p style=\"font-size:16px\"><strong>Robust and scalable interferometric phase linking for Earth deformation monitoring with SAR satellite image time-series<\/strong><br><em>Sujet de th\u00e8se propos\u00e9 par Fr\u00e9d\u00e9ric Brigui &#8211; DEMR \/ ONERA<br><\/em>\u00c9cole doctorale ED432 (SMI)<\/p>\n<\/details>\n\n\n\n<hr class=\"wp-block-separator has-alpha-channel-opacity is-style-wide\"\/>\n\n\n\n<details class=\"wp-block-details has-medium-font-size is-layout-flow wp-block-details-is-layout-flow\"><summary>\u00c9cole doctorale ED531 (SIE) Sciences, Ing\u00e9nierie et Environnement<\/summary>\n<div style=\"height:20px\" aria-hidden=\"true\" class=\"wp-block-spacer\"><\/div>\n\n\n\n<p style=\"font-size:16px\"><strong>Syst\u00e8me de gestion thermo-\u00e9lectrique pour l\u2019optimisation de l\u2019autonomie \u00e9nerg\u00e9tique des nanosatellites int\u00e9grant les Mat\u00e9riaux \u00e0 Changement de Phase (MCP) et l\u2019Intelligence Artificielle (IA)<\/strong><br><em>Sujet de th\u00e8se propos\u00e9 par Tarek Mandani &#8211; LISSI<\/em><br>\u00c9cole doctorale ED531 (SIE)<\/p>\n<\/details>\n\n\n\n<hr class=\"wp-block-separator has-alpha-channel-opacity is-style-wide\"\/>\n\n\n\n<details class=\"wp-block-details has-medium-font-size is-layout-flow wp-block-details-is-layout-flow\"><summary>\u00c9cole doctorale ED560 (STEP&rsquo;UP) : Sciences de la Terre et de l&rsquo;Environnement et Physique de l&rsquo;Univers de Paris<\/summary>\n<div style=\"height:20px\" aria-hidden=\"true\" class=\"wp-block-spacer\"><\/div>\n\n\n\n<p style=\"font-size:16px\"><strong>Discovery of cluster and protoclusters at 2&gt;1.5 with Euclid: cosmology and the study of their galaxy population<\/strong><br><em>Sujet de th\u00e8se propos\u00e9 par Simona Mei &#8211; APC<\/em><br>\u00c9cole doctorale ED560 (STEP&rsquo;UP)<\/p>\n\n\n\n<p style=\"font-size:16px\"><strong>Etude de l&rsquo;impact des sources de variabilit\u00e9 sur la caract\u00e9risation min\u00e9ralogique des sols par imagerie hyperspectrale<\/strong><br><em>Sujet de th\u00e8se propos\u00e9 par St\u00e9phane Jacquemoud &#8211; IPGP<\/em><br>\u00c9cole doctorale ED560 (STEP&rsquo;UP)<\/p>\n\n\n\n<p style=\"font-size:16px\"><strong>Mesure de la polarisation des modes B du fond diffus cosmologique avec la mission satellite LiteBIRD : d\u00e9veloppement de m\u00e9thodes innovantes de traitement des \u00e9missions astrophysique et des effets syst\u00e9matiques.<\/strong><br><em>Sujet de th\u00e8se propos\u00e9 par Guillaume Patanchon &#8211; APC<\/em><br>\u00c9cole doctorale ED560 (STEP&rsquo;UP)<\/p>\n\n\n\n<p style=\"font-size:16px\"><strong>NC &#8211; Euclid<\/strong><br><em>Sujet de th\u00e8se propos\u00e9 par James Bartlett &#8211; APC<\/em><br>\u00c9cole doctorale ED560 (STEP&rsquo;UP)<\/p>\n\n\n\n<p style=\"font-size:16px\"><strong>Near-real-time detection and assessment of trans-oceanic tsunamis from space<\/strong><br><em>Sujet de th\u00e8se propos\u00e9 par Elvira Astafyeva &#8211; IPGP<\/em><br>\u00c9cole doctorale ED560 (STEP&rsquo;UP)<\/p>\n<\/details>\n\n\n\n<hr class=\"wp-block-separator has-alpha-channel-opacity is-style-wide\"\/>\n\n\n\n<details class=\"wp-block-details has-medium-font-size is-layout-flow wp-block-details-is-layout-flow\"><summary>\u00c9cole doctorale ED563 (MTCI) : M\u00e9dicaments, Toxicologie, Chimie, Imageries<\/summary>\n<div style=\"height:20px\" aria-hidden=\"true\" class=\"wp-block-spacer\"><\/div>\n\n\n\n<p style=\"font-size:16px\"><strong>Toward the prevention of space-induced vascular aging: modulation of inflammation and drug metabolism<\/strong><br><em>Sujet de th\u00e8se propos\u00e9 par Pierre Boutouyrie &#8211; Pharmacologie HEGP, APHP INSERM U970 PARCC team 7<\/em><br>\u00c9cole doctorale ED563 (MTCI)<\/p>\n<\/details>\n\n\n\n<hr class=\"wp-block-separator has-alpha-channel-opacity is-style-wide\"\/>\n\n\n\n<details class=\"wp-block-details has-medium-font-size is-layout-flow wp-block-details-is-layout-flow\"><summary>\u00c9cole doctorale ED564 (PIF) : Physique en \u00eele-de-France<\/summary>\n<div style=\"height:20px\" aria-hidden=\"true\" class=\"wp-block-spacer\"><\/div>\n\n\n\n<p style=\"font-size:16px\"><strong>Vers un simulateur end-to-end de MICROSCOPE-2<br><\/strong><em>Sujet de th\u00e8se propos\u00e9 par Jo\u00ebl Berge &#8211; DPHY \/ ONERA<br><\/em>\u00c9cole doctorale ED564 (PIF)<\/p>\n<\/details>\n\n\n\n<hr class=\"wp-block-separator has-alpha-channel-opacity is-style-wide\"\/>\n\n\n\n<details class=\"wp-block-details has-medium-font-size is-layout-flow wp-block-details-is-layout-flow\"><summary>\u00c9cole doctorale ED575 (EOBE) : Electrical, Optical, Bio-physics and Engineering<\/summary>\n<div style=\"height:20px\" aria-hidden=\"true\" class=\"wp-block-spacer\"><\/div>\n\n\n\n<p style=\"font-size:16px\"><strong>Pistage fin de satellites<\/strong><br><em>Sujet de th\u00e8se propos\u00e9 par Hanae Labriji &#8211; DTIS \/ ONERA<br><\/em>\u00c9cole doctorale ED575 (EOBE)<\/p>\n<\/details>\n\n\n\n<hr class=\"wp-block-separator has-alpha-channel-opacity is-style-wide\"\/>\n\n\n\n<details class=\"wp-block-details has-medium-font-size is-layout-flow wp-block-details-is-layout-flow\"><summary>\u00c9cole doctorale ED579 (SMEMAG) : Sciences M\u00e9caniques et \u00c9nerg\u00e9tiques, Mat\u00e9riaux et G\u00e9osciences<\/summary>\n<div style=\"height:20px\" aria-hidden=\"true\" class=\"wp-block-spacer\"><\/div>\n\n\n\n<p style=\"font-size:16px\"><strong>D\u00e9veloppement de mod\u00e8les hybrides RANS \/ LES pour la simulation num\u00e9rique d\u2019\u00e9coulements r\u00e9actifs \u00e0 haute pression. Application \u00e0 la propulsion cryotechnique spatiale<\/strong><br><em>Sujet de th\u00e8se propos\u00e9 par Thomas Schmitt &#8211; EMC2<\/em><br>\u00c9cole doctorale ED579 (SMEMAG)<\/p>\n\n\n\n<p style=\"font-size:16px\"><strong>\u00c9tude de Mercure avec un lidar \u00e0 forme d\u2019onde (Full-waveform4MERCURY)<\/strong><br><em>Sujet de th\u00e8se propos\u00e9 par Fr\u00e9d\u00e9ric Schmidt &#8211; GEOPS<\/em><br>\u00c9cole doctorale ED579 (SMEMAG)<\/p>\n\n\n\n<p style=\"font-size:16px\"><strong>\u00c9tudes des ph\u00e9nom\u00e8nes de transition de r\u00e9gime dans les tuy\u00e8res supersoniques \u00e0 double galbe &#8211; contr\u00f4le et caract\u00e9risation par des m\u00e9thodes num\u00e9riques avanc\u00e9es<\/strong><br><em>Sujet de th\u00e8se propos\u00e9 par Mohamed Sellam &#8211; LMEE<\/em><br>\u00c9cole doctorale ED579 (SMEMAG)<\/p>\n\n\n\n<p style=\"font-size:16px\"><strong>Mod\u00e9lisation et compr\u00e9hension de la fragilisation par hydrog\u00e8ne d\u2019un inconel 718 grenaill\u00e9 issu de la fabrication additive<\/strong><br><em>Sujet de th\u00e8se propos\u00e9 par Charles Bianchet &#8211; DMAS \/ ONERA<br><\/em>\u00c9cole doctorale ED579 (SMEMAG)<\/p>\n\n\n\n<p style=\"font-size:16px\"><strong>Sur une strat\u00e9gie de couplage modulaire pour le calcul hautes performances de probl\u00e8mes multiphysiques<\/strong><br><em>Sujet de th\u00e8se propos\u00e9 par David Neron &#8211; LMPS<\/em><br>\u00c9cole doctorale ED579 (SMEMAG)<\/p>\n<\/details>\n\n\n\n<hr class=\"wp-block-separator has-alpha-channel-opacity is-style-wide\"\/>\n\n\n\n<details class=\"wp-block-details has-medium-font-size is-layout-flow wp-block-details-is-layout-flow\"><summary>\u00c9cole doctorale ED580 (STIC) : Sciences et Technologies de l&rsquo;Information et de la Communication<\/summary>\n<div style=\"height:20px\" aria-hidden=\"true\" class=\"wp-block-spacer\"><\/div>\n\n\n\n<p style=\"font-size:16px\"><strong>Commande multi-\u00e9chelle sous contraintes, application \u00e0 un v\u00e9hicule de rentr\u00e9e<\/strong><br><em>Sujet de th\u00e8se propos\u00e9 par Ioannis Sarras &#8211; DTIS \/ ONERA<\/em><br>\u00c9cole doctorale ED580 (STIC)<\/p>\n\n\n\n<p style=\"font-size:16px\"><strong>R\u00e9seaux de neurones inform\u00e9s par la physique pour la caract\u00e9risation automatique de d\u00e9faut par thermographie infra-rouge laser<\/strong><br><em>Sujet de th\u00e8se propos\u00e9 par Pauline Trouve-Peloux &#8211; DTIS \/ ONERA<\/em><br>\u00c9cole doctorale ED580 (STIC) &amp; ED468 (MEGEP)<\/p>\n<\/details>\n\n\n\n<hr class=\"wp-block-separator has-alpha-channel-opacity is-style-wide\"\/>\n\n\n\n<details class=\"wp-block-details has-medium-font-size is-layout-flow wp-block-details-is-layout-flow\"><summary>\u00c9cole doctorale ED626 (IPP) : Institut Polytechnique de Paris<\/summary>\n<div style=\"height:20px\" aria-hidden=\"true\" class=\"wp-block-spacer\"><\/div>\n\n\n\n<p style=\"font-size:16px\"><strong>AI-based turbulence modelling for compressible flows in space launcher nozzles<br><\/strong><em>Sujet de th\u00e8se propos\u00e9 par Jaime Vaquero &#8211; DAAA \/ ONERA<\/em><br>\u00c9cole doctorale ED626 (IPP)<\/p>\n\n\n\n<p style=\"font-size:16px\"><strong>Etude d\u2019un propulseur plasma de satellite ECRA op\u00e9r\u00e9 \u00e0 l\u2019iode<\/strong><br><em>Sujet de th\u00e8se propos\u00e9 par Victor Desangles &#8211; DPHY \/ ONERA<\/em><br>\u00c9cole doctorale ED626 (IPP)<\/p>\n<\/details>\n\n\n\n<hr class=\"wp-block-separator has-alpha-channel-opacity is-style-wide\"\/>\n\n\n\n<details class=\"wp-block-details has-medium-font-size is-layout-flow wp-block-details-is-layout-flow\"><summary>\u00c9cole doctorale ED630 (DEM) : Droit, \u00c9conomie, Management<\/summary>\n<div style=\"height:20px\" aria-hidden=\"true\" class=\"wp-block-spacer\"><\/div>\n\n\n\n<p style=\"font-size:16px\"><strong>Contribution au r\u00e9gime juridique des partenariats public-priv\u00e9 dans le cadre du programme spatial europ\u00e9en<\/strong><br><em>Sujet de th\u00e8se propos\u00e9 par Philippe Achilleas &#8211; IDEST<br><\/em>\u00c9cole doctorale ED630 (DEM)<\/p>\n<\/details>\n\n\n\n<hr class=\"wp-block-separator has-alpha-channel-opacity is-style-wide\"\/>\n\n\n\n<p class=\"has-small-font-size\">Pour plus de renseignement, veuillez-vous rapprocher de l&rsquo;\u00e9cole doctorale concern\u00e9es.<\/p>\n\n\n\n<hr class=\"wp-block-separator has-alpha-channel-opacity\"\/>\n\n\n\n<figure class=\"wp-block-image alignwide size-large\"><img loading=\"lazy\" decoding=\"async\" width=\"1024\" height=\"72\" src=\"https:\/\/academiespatiale.fr\/wp-content\/uploads\/2024\/05\/Frise_logosCMA-HD-1024x72.png\" alt=\"\" class=\"wp-image-997\" srcset=\"https:\/\/academiespatiale.fr\/wp-content\/uploads\/2024\/05\/Frise_logosCMA-HD-1024x72.png 1024w, https:\/\/academiespatiale.fr\/wp-content\/uploads\/2024\/05\/Frise_logosCMA-HD-300x21.png 300w, https:\/\/academiespatiale.fr\/wp-content\/uploads\/2024\/05\/Frise_logosCMA-HD-768x54.png 768w, https:\/\/academiespatiale.fr\/wp-content\/uploads\/2024\/05\/Frise_logosCMA-HD-1536x108.png 1536w, https:\/\/academiespatiale.fr\/wp-content\/uploads\/2024\/05\/Frise_logosCMA-HD-2048x143.png 2048w\" sizes=\"auto, (max-width: 1024px) 100vw, 1024px\" \/><\/figure>\n\n\n\n<div style=\"height:100px\" aria-hidden=\"true\" class=\"wp-block-spacer\"><\/div>\n\n\n\n<div class=\"wp-block-columns alignfull has-text-color has-link-color wp-elements-8422e2a85d9f2e5605b7dd2ae54b3e54 is-layout-flex wp-container-core-columns-is-layout-e94c545b wp-block-columns-is-layout-flex\" style=\"color:#b1b1b1;margin-top:-25px;margin-bottom:20px;padding-top:0;padding-right:0;padding-bottom:0;padding-left:60px;font-size:15px\">\n<div class=\"wp-block-column has-text-color has-link-color wp-elements-32661c60388d2123b0bf1683c717c484 is-layout-flow wp-block-column-is-layout-flow\" style=\"color:#a1a1a1;padding-top:0;padding-bottom:0;font-size:15px;font-style:normal;font-weight:100;flex-basis:100%\"><div class=\"aioseo-breadcrumbs\"><span class=\"aioseo-breadcrumb\">\n\t\t\t<a href=\"https:\/\/academiespatiale.fr\" title=\"Home\">Home<\/a>\n\t\t<\/span><span class=\"aioseo-breadcrumb-separator\">&raquo;<\/span><span class=\"aioseo-breadcrumb\">\n\t\t\t<a href=\"https:\/\/academiespatiale.fr\/index.php\/recherche\/\" title=\"Recherche\">Recherche<\/a>\n\t\t<\/span><span class=\"aioseo-breadcrumb-separator\">&raquo;<\/span><span class=\"aioseo-breadcrumb\">\n\t\t\t<a href=\"https:\/\/academiespatiale.fr\/index.php\/recherche\/ao\/\" title=\"Appels d\u2019offres\">Appels d\u2019offres<\/a>\n\t\t<\/span><span class=\"aioseo-breadcrumb-separator\">&raquo;<\/span><span class=\"aioseo-breadcrumb\">\n\t\t\tAllocations doctorales et postdoctorales\n\t\t<\/span><\/div><\/div>\n<\/div>\n","protected":false},"excerpt":{"rendered":"<p>Les allocations de recherche doctorale et posdoctorale sont destin\u00e9es aux \u00e9tudiantes et \u00e9tudiants de toutes nationalit\u00e9s. Pour toutes questions : theses@academiespatiale.fr Appel clotur\u00e9 &#8211; 2025 Sujets de th\u00e8se Liste des sujets de th\u00e8se labellis\u00e9s et propos\u00e9s par l&rsquo;Acad\u00e9mie Spatiale.Pour plus de renseignement, veuillez-vous rapprocher de l&rsquo;\u00e9cole doctorale concern\u00e9e. 2025-2028 (cliquer [&hellip;]<\/p>\n","protected":false},"author":1,"featured_media":0,"parent":67,"menu_order":0,"comment_status":"closed","ping_status":"closed","template":"","meta":{"_monsterinsights_skip_tracking":false,"_monsterinsights_sitenote_active":false,"_monsterinsights_sitenote_note":"","_monsterinsights_sitenote_category":0,"_EventAllDay":false,"_EventTimezone":"","_EventStartDate":"","_EventEndDate":"","_EventStartDateUTC":"","_EventEndDateUTC":"","_EventShowMap":false,"_EventShowMapLink":false,"_EventURL":"","_EventCost":"","_EventCostDescription":"","_EventCurrencySymbol":"","_EventCurrencyCode":"","_EventCurrencyPosition":"","_EventDateTimeSeparator":"","_EventTimeRangeSeparator":"","_EventOrganizerID":[],"_EventVenueID":[],"_OrganizerEmail":"","_OrganizerPhone":"","_OrganizerWebsite":"","_VenueAddress":"","_VenueCity":"","_VenueCountry":"","_VenueProvince":"","_VenueState":"","_VenueZip":"","_VenuePhone":"","_VenueURL":"","_VenueStateProvince":"","_VenueLat":"","_VenueLng":"","_VenueShowMap":false,"_VenueShowMapLink":false,"footnotes":""},"class_list":["post-3409","page","type-page","status-publish","hentry"],"aioseo_notices":[],"_links":{"self":[{"href":"https:\/\/academiespatiale.fr\/index.php\/wp-json\/wp\/v2\/pages\/3409","targetHints":{"allow":["GET"]}}],"collection":[{"href":"https:\/\/academiespatiale.fr\/index.php\/wp-json\/wp\/v2\/pages"}],"about":[{"href":"https:\/\/academiespatiale.fr\/index.php\/wp-json\/wp\/v2\/types\/page"}],"author":[{"embeddable":true,"href":"https:\/\/academiespatiale.fr\/index.php\/wp-json\/wp\/v2\/users\/1"}],"replies":[{"embeddable":true,"href":"https:\/\/academiespatiale.fr\/index.php\/wp-json\/wp\/v2\/comments?post=3409"}],"version-history":[{"count":30,"href":"https:\/\/academiespatiale.fr\/index.php\/wp-json\/wp\/v2\/pages\/3409\/revisions"}],"predecessor-version":[{"id":7236,"href":"https:\/\/academiespatiale.fr\/index.php\/wp-json\/wp\/v2\/pages\/3409\/revisions\/7236"}],"up":[{"embeddable":true,"href":"https:\/\/academiespatiale.fr\/index.php\/wp-json\/wp\/v2\/pages\/67"}],"wp:attachment":[{"href":"https:\/\/academiespatiale.fr\/index.php\/wp-json\/wp\/v2\/media?parent=3409"}],"curies":[{"name":"wp","href":"https:\/\/api.w.org\/{rel}","templated":true}]}}