{"id":2364,"date":"2024-12-03T12:08:29","date_gmt":"2024-12-03T11:08:29","guid":{"rendered":"https:\/\/academiespatiale.fr\/?page_id=2364"},"modified":"2026-03-02T15:06:37","modified_gmt":"2026-03-02T14:06:37","slug":"ressources","status":"publish","type":"page","link":"https:\/\/academiespatiale.fr\/index.php\/formations\/ressources\/","title":{"rendered":"Ressources \/ Resources"},"content":{"rendered":"\n<div class=\"wp-block-columns alignfull has-text-color has-link-color wp-elements-8422e2a85d9f2e5605b7dd2ae54b3e54 is-layout-flex wp-container-core-columns-is-layout-e94c545b wp-block-columns-is-layout-flex\" style=\"color:#b1b1b1;margin-top:-25px;margin-bottom:20px;padding-top:0;padding-right:0;padding-bottom:0;padding-left:60px;font-size:15px\">\n<div class=\"wp-block-column has-text-color has-link-color wp-elements-32661c60388d2123b0bf1683c717c484 is-layout-flow wp-block-column-is-layout-flow\" style=\"color:#a1a1a1;padding-top:0;padding-bottom:0;font-size:15px;font-style:normal;font-weight:100;flex-basis:100%\"><div class=\"aioseo-breadcrumbs\"><span class=\"aioseo-breadcrumb\">\n\t\t\t<a href=\"https:\/\/academiespatiale.fr\" title=\"Home\">Home<\/a>\n\t\t<\/span><span class=\"aioseo-breadcrumb-separator\">&raquo;<\/span><span class=\"aioseo-breadcrumb\">\n\t\t\t<a href=\"https:\/\/academiespatiale.fr\/index.php\/formations\/\" title=\"Formations &amp; m\u00e9tiers\">Formations &amp; m\u00e9tiers<\/a>\n\t\t<\/span><span class=\"aioseo-breadcrumb-separator\">&raquo;<\/span><span class=\"aioseo-breadcrumb\">\n\t\t\tRessources \/ Resources\n\t\t<\/span><\/div><\/div>\n<\/div>\n\n\n\n<div class=\"wp-block-columns alignwide is-layout-flex wp-container-core-columns-is-layout-28f84493 wp-block-columns-is-layout-flex\">\n<div class=\"wp-block-column is-layout-flow wp-block-column-is-layout-flow\" style=\"flex-basis:80%\">\n<div class=\"wp-block-columns is-layout-flex wp-container-core-columns-is-layout-28f84493 wp-block-columns-is-layout-flex\">\n<div class=\"wp-block-column is-layout-flow wp-block-column-is-layout-flow\" style=\"flex-basis:100%\">\n<p><strong>Cette page regroupe des outils et documents pour accompagner les \u00e9tudiantes et les \u00e9tudiants dans leurs parcours. Vous y trouverez des suggestions de livres, articles, podcasts ainsi que des liens utiles pour approfondir vos connaissances sur les th\u00e9matiques spatiales.<\/strong><\/p>\n\n\n\n<p style=\"font-size:15px\"><em>This page brings together tools and documents to support students in their studies. You&rsquo;ll find book suggestions, articles, podcasts and useful links to deepen your knowledge of space-related topics.<\/em><\/p>\n<\/div>\n<\/div>\n\n\n\n<div class=\"wp-block-columns is-layout-flex wp-container-core-columns-is-layout-28f84493 wp-block-columns-is-layout-flex\">\n<div class=\"wp-block-column has-background-color-background-color has-background is-layout-flow wp-block-column-is-layout-flow\" style=\"padding-top:var(--wp--preset--spacing--70);padding-right:var(--wp--preset--spacing--70);padding-bottom:var(--wp--preset--spacing--70);padding-left:var(--wp--preset--spacing--70);flex-basis:66.66%\">\n<p><strong>AGENDA \u2192 <a href=\"https:\/\/academiespatiale.fr\/index.php\/event\/\" title=\"\">voir les \u00e9v\u00e8nements<\/a><\/strong><br><br>N&rsquo;h\u00e9sitez pas \u00e0 consulter r\u00e9guli\u00e8rement l&rsquo;agenda pour d\u00e9couvrir les <strong>s\u00e9minaires <\/strong>et autres <strong>\u00e9v\u00e9nements <\/strong>susceptibles de vous int\u00e9resser, en compl\u00e9ment des ressources propos\u00e9es ici.<\/p>\n<\/div>\n\n\n\n<div class=\"wp-block-column has-background-color-background-color has-background is-layout-flow wp-block-column-is-layout-flow\" style=\"padding-top:var(--wp--preset--spacing--70);padding-right:var(--wp--preset--spacing--70);padding-bottom:var(--wp--preset--spacing--70);padding-left:var(--wp--preset--spacing--70);flex-basis:33.33%\">\n<p style=\"font-size:15px\"><strong><em>CALENDAR <em>\u2192 <a href=\"https:\/\/academiespatiale.fr\/index.php\/event\/\" title=\"\">see events<\/a><\/em><br><\/em><\/strong><br><em>Please consult the agenda regularly to find out about\u00a0<strong>seminars\u00a0<\/strong>and other\u00a0<strong>events\u00a0<\/strong>that may be of interest to you, in addition to the resources offered here.<\/em><br><\/p>\n<\/div>\n<\/div>\n<\/div>\n\n\n\n<div class=\"wp-block-column has-background is-layout-flow wp-container-core-column-is-layout-3140faa6 wp-block-column-is-layout-flow\" style=\"background-color:#470a84;padding-top:var(--wp--preset--spacing--70);padding-right:var(--wp--preset--spacing--70);padding-bottom:var(--wp--preset--spacing--70);padding-left:var(--wp--preset--spacing--70);flex-basis:20%\">\n<p class=\"has-text-align-right has-white-color has-text-color has-link-color wp-elements-e57beb86bffc55163ab73cee26681262\">PODCAST <\/p>\n\n\n\n<p class=\"has-text-align-right has-white-color has-text-color has-link-color wp-elements-19a9f3499a0cdc09671c4f796ab1e250\" style=\"font-size:15px\">D\u00e9couvrez une s\u00e9rie de podcasts mettant en avant les parcours de femmes dans le secteur spatial<\/p>\n\n\n\n<figure class=\"wp-block-image size-full\"><a href=\"https:\/\/academiespatiale.fr\/index.php\/2024\/10\/18\/lancement-officiel-du-podcast-elles-font-lespace\/\" target=\"_blank\" rel=\" noreferrer noopener\"><img loading=\"lazy\" decoding=\"async\" width=\"750\" height=\"500\" src=\"https:\/\/academiespatiale.fr\/wp-content\/uploads\/2024\/10\/Podcast_Elles-font-espace.png\" alt=\"\" class=\"wp-image-2104\" srcset=\"https:\/\/academiespatiale.fr\/wp-content\/uploads\/2024\/10\/Podcast_Elles-font-espace.png 750w, https:\/\/academiespatiale.fr\/wp-content\/uploads\/2024\/10\/Podcast_Elles-font-espace-300x200.png 300w, https:\/\/academiespatiale.fr\/wp-content\/uploads\/2024\/10\/Podcast_Elles-font-espace-360x240.png 360w\" sizes=\"auto, (max-width: 750px) 100vw, 750px\" \/><\/a><\/figure>\n<\/div>\n<\/div>\n\n\n\n<hr class=\"wp-block-separator has-alpha-channel-opacity\" style=\"margin-top:var(--wp--preset--spacing--80);margin-bottom:var(--wp--preset--spacing--80)\"\/>\n\n\n\n<div class=\"wp-block-gutena-tabs alignwide gutena-tabs-block gutena-tabs-block-524359-f5\"><ul class=\"gutena-tabs-tab tab-flex\"><li class=\"gutena-tab-title active\" data-tab=\"1\"><div class=\"gutena-tab-title-content icon-top\"><div class=\"gutena-tab-title-text\"><div><strong>Formations et m\u00e9tiers<\/strong><\/div><\/div><\/div><\/li><li class=\"gutena-tab-title inactive\" data-tab=\"2\"><div class=\"gutena-tab-title-content icon-top\"><div class=\"gutena-tab-title-text\"><div><strong>Droit et g\u00e9opolitique<\/strong><\/div><\/div><\/div><\/li><li class=\"gutena-tab-title inactive\" data-tab=\"3\"><div class=\"gutena-tab-title-content icon-top\"><div class=\"gutena-tab-title-text\"><div><strong>Environnement<\/strong><\/div><\/div><\/div><\/li><li class=\"gutena-tab-title inactive\" data-tab=\"4\"><div class=\"gutena-tab-title-content icon-top\"><div class=\"gutena-tab-title-text\"><div><strong>NewSpace<\/strong><\/div><\/div><\/div><\/li><li class=\"gutena-tab-title inactive\" data-tab=\"5\"><div class=\"gutena-tab-title-content icon-top\"><div class=\"gutena-tab-title-text\"><div><strong>IA<\/strong><\/div><\/div><\/div><\/li><li class=\"gutena-tab-title inactive\" data-tab=\"6\"><div class=\"gutena-tab-title-content icon-top\"><div class=\"gutena-tab-title-text\"><div><strong>T\u00e9l\u00e9d\u00e9tection<\/strong><\/div><\/div><\/div><\/li><li class=\"gutena-tab-title inactive\" data-tab=\"7\"><div class=\"gutena-tab-title-content icon-top\"><div class=\"gutena-tab-title-text\"><div><strong>Astrophysique<\/strong><\/div><\/div><\/div><\/li><\/ul><div class=\"gutena-tabs-content is-layout-flow wp-block-gutena-tabs-is-layout-flow\">\n<div class=\"wp-block-gutena-tab gutena-tab-block gutena-tab-block-ccce37-cf active\" data-tab=\"1\">\n<h3 class=\"wp-block-heading has-text-align-center\" id=\"aioseo-formations-et-metiers\"><strong>Formations et m\u00e9tiers<br><\/strong><em>Training and jobs<\/em><\/h3>\n\n\n\n<div class=\"wp-block-columns is-layout-flex wp-container-core-columns-is-layout-28f84493 wp-block-columns-is-layout-flex\">\n<div class=\"wp-block-column is-layout-flow wp-block-column-is-layout-flow\" style=\"border-width:1px;padding-top:var(--wp--preset--spacing--70);padding-right:var(--wp--preset--spacing--70);padding-bottom:var(--wp--preset--spacing--70);padding-left:var(--wp--preset--spacing--70)\">\n<p>REVUE (FR\/EN)<\/p>\n\n\n<div class=\"wp-block-image\">\n<figure class=\"aligncenter size-medium\"><a href=\"https:\/\/academiespatiale.fr\/index.php\/2024\/11\/29\/aae-lettre-n135-preparer-laerospatiale-de-demain-francais-english\/\"><img loading=\"lazy\" decoding=\"async\" width=\"212\" height=\"300\" src=\"https:\/\/academiespatiale.fr\/wp-content\/uploads\/2024\/11\/LettreAAE-135-212x300.jpeg\" alt=\"\" class=\"wp-image-2341\" srcset=\"https:\/\/academiespatiale.fr\/wp-content\/uploads\/2024\/11\/LettreAAE-135-212x300.jpeg 212w, https:\/\/academiespatiale.fr\/wp-content\/uploads\/2024\/11\/LettreAAE-135-724x1024.jpeg 724w, https:\/\/academiespatiale.fr\/wp-content\/uploads\/2024\/11\/LettreAAE-135-768x1087.jpeg 768w, https:\/\/academiespatiale.fr\/wp-content\/uploads\/2024\/11\/LettreAAE-135-1086x1536.jpeg 1086w, https:\/\/academiespatiale.fr\/wp-content\/uploads\/2024\/11\/LettreAAE-135.jpeg 1121w\" sizes=\"auto, (max-width: 212px) 100vw, 212px\" \/><\/a><\/figure>\n<\/div>\n\n\n<p><strong>\u00c9ducation-Formation : pr\u00e9parer l&rsquo;a\u00e9rospatiale de demain<\/strong><br><em>Education and training: preparing for the aerospace of tomorrox<\/em><\/p>\n<\/div>\n\n\n\n<div class=\"wp-block-column is-layout-flow wp-block-column-is-layout-flow\" style=\"border-width:1px;padding-top:var(--wp--preset--spacing--70);padding-right:var(--wp--preset--spacing--70);padding-bottom:var(--wp--preset--spacing--70);padding-left:var(--wp--preset--spacing--70)\">\n<p>BROCHURE (FR)<\/p>\n\n\n<div class=\"wp-block-image\">\n<figure class=\"aligncenter size-medium\"><a href=\"https:\/\/res.cloudinary.com\/gifas\/image\/upload\/BrochureFormation_24_11_2024_nufmmc.pdf\" target=\"_blank\" rel=\" noreferrer noopener\"><img loading=\"lazy\" decoding=\"async\" width=\"237\" height=\"300\" src=\"https:\/\/academiespatiale.fr\/wp-content\/uploads\/2025\/01\/Brochure_Formations-metiers-industrie-237x300.jpg\" alt=\"\" class=\"wp-image-3205\" srcset=\"https:\/\/academiespatiale.fr\/wp-content\/uploads\/2025\/01\/Brochure_Formations-metiers-industrie-237x300.jpg 237w, https:\/\/academiespatiale.fr\/wp-content\/uploads\/2025\/01\/Brochure_Formations-metiers-industrie.jpg 692w\" sizes=\"auto, (max-width: 237px) 100vw, 237px\" \/><\/a><\/figure>\n<\/div><\/div>\n<\/div>\n<\/div>\n\n\n\n<div class=\"wp-block-gutena-tab gutena-tab-block gutena-tab-block-29a24c-fb inactive\" data-tab=\"2\">\n<h3 class=\"wp-block-heading has-text-align-center\" id=\"aioseo-geopolitique\"><strong>Droit et g\u00e9opolitique<br><\/strong><em>Law and geopolitics<\/em><\/h3>\n\n\n\n<div class=\"wp-block-columns is-layout-flex wp-container-core-columns-is-layout-28f84493 wp-block-columns-is-layout-flex\" style=\"border-style:none;border-width:0px\">\n<div class=\"wp-block-column is-vertically-aligned-top is-layout-flow wp-block-column-is-layout-flow\" style=\"border-width:1px;padding-top:var(--wp--preset--spacing--70);padding-right:var(--wp--preset--spacing--70);padding-bottom:var(--wp--preset--spacing--70);padding-left:var(--wp--preset--spacing--70);flex-basis:25%\">\n<p>ARTICLES (FR\/EN)<\/p>\n\n\n<div class=\"wp-block-image\">\n<figure class=\"alignleft size-medium\"><a href=\"https:\/\/academiespatiale.fr\/index.php\/2024\/10\/16\/la-revue-lespace-politique-publie-un-numero-sur-la-geopolitique-spatiale\/\"><img loading=\"lazy\" decoding=\"async\" width=\"300\" height=\"200\" src=\"https:\/\/academiespatiale.fr\/wp-content\/uploads\/2024\/10\/Revue-espace-politique-300x200.png\" alt=\"\" class=\"wp-image-2078\" srcset=\"https:\/\/academiespatiale.fr\/wp-content\/uploads\/2024\/10\/Revue-espace-politique-300x200.png 300w, https:\/\/academiespatiale.fr\/wp-content\/uploads\/2024\/10\/Revue-espace-politique-360x240.png 360w, https:\/\/academiespatiale.fr\/wp-content\/uploads\/2024\/10\/Revue-espace-politique.png 750w\" sizes=\"auto, (max-width: 300px) 100vw, 300px\" \/><\/a><\/figure>\n<\/div>\n\n\n<p>Une s\u00e9lection d\u2019articles consacr\u00e9 \u00e0 la \u00ab&nbsp;g\u00e9opolitique de l&rsquo;espace extra-atmosph\u00e9rique&nbsp;\u00bb.<br><em>A selection of articles on the \u201cgeopolitics of outer space\u201d.<\/em><\/p>\n<\/div>\n\n\n\n<div class=\"wp-block-column is-vertically-aligned-top is-layout-flow wp-block-column-is-layout-flow\" style=\"border-width:1px;padding-top:var(--wp--preset--spacing--70);padding-right:var(--wp--preset--spacing--70);padding-bottom:var(--wp--preset--spacing--70);padding-left:var(--wp--preset--spacing--70);flex-basis:25%\">\n<p>REVUE (FR)<\/p>\n\n\n\n<figure class=\"wp-block-image size-full\"><a href=\"https:\/\/www.institut-ega.org\/p\/revue-diplomatique-no23-les-puissances-spatiales-asiatiques-concurrence-et-cooperation\/\" target=\"_blank\" rel=\" noreferrer noopener\"><img loading=\"lazy\" decoding=\"async\" width=\"505\" height=\"720\" src=\"https:\/\/academiespatiale.fr\/wp-content\/uploads\/2025\/07\/Institut-EGA_Revue-n23_Puissances-Spatiales-Asiatiques.png\" alt=\"\" class=\"wp-image-5279\" style=\"aspect-ratio:2\/3;object-fit:cover\" srcset=\"https:\/\/academiespatiale.fr\/wp-content\/uploads\/2025\/07\/Institut-EGA_Revue-n23_Puissances-Spatiales-Asiatiques.png 505w, https:\/\/academiespatiale.fr\/wp-content\/uploads\/2025\/07\/Institut-EGA_Revue-n23_Puissances-Spatiales-Asiatiques-210x300.png 210w\" sizes=\"auto, (max-width: 505px) 100vw, 505px\" \/><\/a><\/figure>\n<\/div>\n\n\n\n<div class=\"wp-block-column is-layout-flow wp-block-column-is-layout-flow\" style=\"border-width:1px;padding-top:var(--wp--preset--spacing--70);padding-right:var(--wp--preset--spacing--70);padding-bottom:var(--wp--preset--spacing--70);padding-left:var(--wp--preset--spacing--70);flex-basis:25%\">\n<p>REVUE (FR)<\/p>\n\n\n\n<figure class=\"wp-block-image size-full\"><a href=\"https:\/\/www.institut-ega.org\/p\/les-nouveaux-defis-juridiques-geopolitiques-du-secteur-spatial\/\" target=\"_blank\" rel=\" noreferrer noopener\"><img loading=\"lazy\" decoding=\"async\" width=\"503\" height=\"717\" src=\"https:\/\/academiespatiale.fr\/wp-content\/uploads\/2025\/07\/Institut-EGA_Revue-n13_Defis-Juridiques-Geopolitiques-Spatial.png\" alt=\"\" class=\"wp-image-5281\" style=\"aspect-ratio:2\/3;object-fit:cover\" srcset=\"https:\/\/academiespatiale.fr\/wp-content\/uploads\/2025\/07\/Institut-EGA_Revue-n13_Defis-Juridiques-Geopolitiques-Spatial.png 503w, https:\/\/academiespatiale.fr\/wp-content\/uploads\/2025\/07\/Institut-EGA_Revue-n13_Defis-Juridiques-Geopolitiques-Spatial-210x300.png 210w\" sizes=\"auto, (max-width: 503px) 100vw, 503px\" \/><\/a><\/figure>\n<\/div>\n\n\n\n<div class=\"wp-block-column is-layout-flow wp-block-column-is-layout-flow\" style=\"border-width:1px;padding-top:var(--wp--preset--spacing--70);padding-right:var(--wp--preset--spacing--70);padding-bottom:var(--wp--preset--spacing--70);padding-left:var(--wp--preset--spacing--70);flex-basis:25%\">\n<p>LIVRE (FR)<\/p>\n\n\n\n<figure class=\"wp-block-image size-large\"><a href=\"https:\/\/www.larcier-intersentia.com\/fr\/droit-spatial-saisi-droit-union-europeenne-9782802776208.html\" target=\"_blank\" rel=\" noreferrer noopener\"><img loading=\"lazy\" decoding=\"async\" width=\"683\" height=\"1024\" src=\"https:\/\/academiespatiale.fr\/wp-content\/uploads\/2026\/03\/Droit-Spatial-UE_Colloques_JP-Thil-683x1024.png\" alt=\"\" class=\"wp-image-8278\" srcset=\"https:\/\/academiespatiale.fr\/wp-content\/uploads\/2026\/03\/Droit-Spatial-UE_Colloques_JP-Thil-683x1024.png 683w, https:\/\/academiespatiale.fr\/wp-content\/uploads\/2026\/03\/Droit-Spatial-UE_Colloques_JP-Thil-200x300.png 200w, https:\/\/academiespatiale.fr\/wp-content\/uploads\/2026\/03\/Droit-Spatial-UE_Colloques_JP-Thil-768x1152.png 768w, https:\/\/academiespatiale.fr\/wp-content\/uploads\/2026\/03\/Droit-Spatial-UE_Colloques_JP-Thil-1024x1536.png 1024w, https:\/\/academiespatiale.fr\/wp-content\/uploads\/2026\/03\/Droit-Spatial-UE_Colloques_JP-Thil-1365x2048.png 1365w, https:\/\/academiespatiale.fr\/wp-content\/uploads\/2026\/03\/Droit-Spatial-UE_Colloques_JP-Thil-scaled.png 1707w\" sizes=\"auto, (max-width: 683px) 100vw, 683px\" \/><\/a><\/figure>\n<\/div>\n<\/div>\n<\/div>\n\n\n\n<div class=\"wp-block-gutena-tab gutena-tab-block gutena-tab-block-17d1a0-9d inactive\" data-tab=\"3\">\n<h3 class=\"wp-block-heading has-text-align-center\" id=\"aioseo-environnement\"><strong>Environnement<br><\/strong><em>Environment<\/em><\/h3>\n\n\n\n<div class=\"wp-block-columns is-layout-flex wp-container-core-columns-is-layout-28f84493 wp-block-columns-is-layout-flex\">\n<div class=\"wp-block-column is-layout-flow wp-block-column-is-layout-flow\" style=\"border-width:1px;padding-top:var(--wp--preset--spacing--70);padding-right:var(--wp--preset--spacing--70);padding-bottom:var(--wp--preset--spacing--70);padding-left:var(--wp--preset--spacing--70)\">\n<p>LIENS \/ LINKS<br>\u2192 <a href=\"https:\/\/www.esa.int\/Space_Safety\/Clean_Space\" target=\"_blank\" rel=\"noopener\" title=\"\">ESA &#8211; Space safety &#8211; Clean Space<\/a> (EN)<br>\u2192 <a href=\"https:\/\/www.carbone4.com\/article-filiere-spatiale-limites-ressources\" target=\"_blank\" rel=\"noopener\" title=\"\">La fili\u00e8re spatiale fran\u00e7aise face aux limites plan\u00e9taires et \u00e0 l\u2019\u00e9puisement des ressources<\/a> (FR)<\/p>\n\n\n\n<p>PODCAST<br>\u2192 <a href=\"https:\/\/www.radiofrance.fr\/franceculture\/podcasts\/ils-ont-change-le-monde\/trou-dans-la-couche-d-ozone-reparer-le-ciel-5795476\">Trou dans la couche d\u2019ozone, r\u00e9parer le ciel | France Culture<\/a> (FR)<\/p>\n<\/div>\n\n\n\n<div class=\"wp-block-column is-layout-flow wp-block-column-is-layout-flow\" style=\"border-width:1px;padding-top:var(--wp--preset--spacing--70);padding-right:var(--wp--preset--spacing--70);padding-bottom:var(--wp--preset--spacing--70);padding-left:var(--wp--preset--spacing--70)\">\n<p>INFOGRAPHIE (FR)<\/p>\n\n\n\n<figure data-wp-context=\"{&quot;imageId&quot;:&quot;69f4199432d13&quot;}\" data-wp-interactive=\"core\/image\" data-wp-key=\"69f4199432d13\" class=\"wp-block-image size-large wp-lightbox-container\"><img loading=\"lazy\" decoding=\"async\" width=\"724\" height=\"1024\" data-wp-class--hide=\"state.isContentHidden\" data-wp-class--show=\"state.isContentVisible\" data-wp-init=\"callbacks.setButtonStyles\" data-wp-on--click=\"actions.showLightbox\" data-wp-on--load=\"callbacks.setButtonStyles\" data-wp-on-window--resize=\"callbacks.setButtonStyles\" src=\"https:\/\/academiespatiale.fr\/wp-content\/uploads\/2025\/02\/Pour-un-reveil-ecologique_Infographie_points_cles-724x1024.jpg\" alt=\"\" class=\"wp-image-3457\" style=\"aspect-ratio:2\/3;object-fit:cover\" srcset=\"https:\/\/academiespatiale.fr\/wp-content\/uploads\/2025\/02\/Pour-un-reveil-ecologique_Infographie_points_cles-724x1024.jpg 724w, https:\/\/academiespatiale.fr\/wp-content\/uploads\/2025\/02\/Pour-un-reveil-ecologique_Infographie_points_cles-212x300.jpg 212w, https:\/\/academiespatiale.fr\/wp-content\/uploads\/2025\/02\/Pour-un-reveil-ecologique_Infographie_points_cles-768x1086.jpg 768w, https:\/\/academiespatiale.fr\/wp-content\/uploads\/2025\/02\/Pour-un-reveil-ecologique_Infographie_points_cles-1086x1536.jpg 1086w, https:\/\/academiespatiale.fr\/wp-content\/uploads\/2025\/02\/Pour-un-reveil-ecologique_Infographie_points_cles-1448x2048.jpg 1448w, https:\/\/academiespatiale.fr\/wp-content\/uploads\/2025\/02\/Pour-un-reveil-ecologique_Infographie_points_cles.jpg 1655w\" sizes=\"auto, (max-width: 724px) 100vw, 724px\" \/><button\n\t\t\tclass=\"lightbox-trigger\"\n\t\t\ttype=\"button\"\n\t\t\taria-haspopup=\"dialog\"\n\t\t\taria-label=\"Agrandir\"\n\t\t\tdata-wp-init=\"callbacks.initTriggerButton\"\n\t\t\tdata-wp-on--click=\"actions.showLightbox\"\n\t\t\tdata-wp-style--right=\"state.imageButtonRight\"\n\t\t\tdata-wp-style--top=\"state.imageButtonTop\"\n\t\t>\n\t\t\t<svg xmlns=\"http:\/\/www.w3.org\/2000\/svg\" width=\"12\" height=\"12\" fill=\"none\" viewBox=\"0 0 12 12\">\n\t\t\t\t<path fill=\"#fff\" d=\"M2 0a2 2 0 0 0-2 2v2h1.5V2a.5.5 0 0 1 .5-.5h2V0H2Zm2 10.5H2a.5.5 0 0 1-.5-.5V8H0v2a2 2 0 0 0 2 2h2v-1.5ZM8 12v-1.5h2a.5.5 0 0 0 .5-.5V8H12v2a2 2 0 0 1-2 2H8Zm2-12a2 2 0 0 1 2 2v2h-1.5V2a.5.5 0 0 0-.5-.5H8V0h2Z\" \/>\n\t\t\t<\/svg>\n\t\t<\/button><\/figure>\n<\/div>\n\n\n\n<div class=\"wp-block-column is-layout-flow wp-block-column-is-layout-flow\" style=\"border-width:1px;padding-top:var(--wp--preset--spacing--70);padding-right:var(--wp--preset--spacing--70);padding-bottom:var(--wp--preset--spacing--70);padding-left:var(--wp--preset--spacing--70)\">\n<p>RAPPORT (FR)<\/p>\n\n\n\n<figure class=\"wp-block-image size-full\"><a href=\"https:\/\/pour-un-reveil-ecologique.org\/fr\/articles\/rapport-secteur-spatial\/\" target=\"_blank\" rel=\" noreferrer noopener\"><img loading=\"lazy\" decoding=\"async\" width=\"649\" height=\"923\" src=\"https:\/\/academiespatiale.fr\/wp-content\/uploads\/2025\/02\/Pour-un-reveil-ecologique_rapport-complet_2024.jpg\" alt=\"\" class=\"wp-image-3455\" style=\"aspect-ratio:2\/3;object-fit:cover\" srcset=\"https:\/\/academiespatiale.fr\/wp-content\/uploads\/2025\/02\/Pour-un-reveil-ecologique_rapport-complet_2024.jpg 649w, https:\/\/academiespatiale.fr\/wp-content\/uploads\/2025\/02\/Pour-un-reveil-ecologique_rapport-complet_2024-211x300.jpg 211w\" sizes=\"auto, (max-width: 649px) 100vw, 649px\" \/><\/a><\/figure>\n<\/div>\n\n\n\n<div class=\"wp-block-column is-layout-flow wp-block-column-is-layout-flow\" style=\"border-width:1px;padding-top:var(--wp--preset--spacing--70);padding-right:var(--wp--preset--spacing--70);padding-bottom:var(--wp--preset--spacing--70);padding-left:var(--wp--preset--spacing--70)\">\n<p>REVUE (FR\/EN)<\/p>\n\n\n\n<figure class=\"wp-block-image size-full\"><a href=\"https:\/\/academieairespace.com\/lettre-n127-energie-et-environnement\/\" target=\"_blank\" rel=\" noreferrer noopener\"><img loading=\"lazy\" decoding=\"async\" width=\"645\" height=\"917\" src=\"https:\/\/academiespatiale.fr\/wp-content\/uploads\/2025\/07\/AAE_Lettre-n127_Energie-Environnement.png\" alt=\"\" class=\"wp-image-5285\" style=\"aspect-ratio:2\/3;object-fit:cover\" srcset=\"https:\/\/academiespatiale.fr\/wp-content\/uploads\/2025\/07\/AAE_Lettre-n127_Energie-Environnement.png 645w, https:\/\/academiespatiale.fr\/wp-content\/uploads\/2025\/07\/AAE_Lettre-n127_Energie-Environnement-211x300.png 211w\" sizes=\"auto, (max-width: 645px) 100vw, 645px\" \/><\/a><\/figure>\n<\/div>\n\n\n\n<div class=\"wp-block-column is-layout-flow wp-block-column-is-layout-flow\" style=\"border-width:1px;padding-top:var(--wp--preset--spacing--70);padding-right:var(--wp--preset--spacing--70);padding-bottom:var(--wp--preset--spacing--70);padding-left:var(--wp--preset--spacing--70)\">\n<p>REVUE (FR\/EN)<\/p>\n\n\n\n<figure class=\"wp-block-image size-full\"><a href=\"https:\/\/academieairespace.com\/lettre-n128-energie-et-environnement-suite\/\" target=\"_blank\" rel=\" noreferrer noopener\"><img loading=\"lazy\" decoding=\"async\" width=\"645\" height=\"918\" src=\"https:\/\/academiespatiale.fr\/wp-content\/uploads\/2025\/07\/AAE_Lettre-n127_Energie-Environnement-suite.png\" alt=\"\" class=\"wp-image-5287\" style=\"aspect-ratio:2\/3;object-fit:cover\" srcset=\"https:\/\/academiespatiale.fr\/wp-content\/uploads\/2025\/07\/AAE_Lettre-n127_Energie-Environnement-suite.png 645w, https:\/\/academiespatiale.fr\/wp-content\/uploads\/2025\/07\/AAE_Lettre-n127_Energie-Environnement-suite-211x300.png 211w\" sizes=\"auto, (max-width: 645px) 100vw, 645px\" \/><\/a><\/figure>\n<\/div>\n<\/div>\n<\/div>\n\n\n\n<div class=\"wp-block-gutena-tab gutena-tab-block gutena-tab-block-73eb66-7e inactive\" data-tab=\"4\">\n<h3 class=\"wp-block-heading has-text-align-center\" id=\"aioseo-newspace\"><strong>NewSpace<\/strong><br><em>NewSpace<\/em><\/h3>\n\n\n\n<div class=\"wp-block-columns are-vertically-aligned-top is-layout-flex wp-container-core-columns-is-layout-28f84493 wp-block-columns-is-layout-flex\">\n<div class=\"wp-block-column is-vertically-aligned-top is-layout-flow wp-block-column-is-layout-flow\" style=\"border-width:1px;padding-top:var(--wp--preset--spacing--70);padding-right:var(--wp--preset--spacing--70);padding-bottom:var(--wp--preset--spacing--70);padding-left:var(--wp--preset--spacing--70)\">\n<p>LIVRE (FR)<\/p>\n\n\n<div class=\"wp-block-image\">\n<figure class=\"aligncenter size-medium\"><a href=\"https:\/\/librairie.bod.fr\/lespace-et-le-newspace-au-service-du-climat-mustapha-meftah-9782322119530\"><img loading=\"lazy\" decoding=\"async\" width=\"211\" height=\"300\" src=\"https:\/\/academiespatiale.fr\/wp-content\/uploads\/2025\/01\/Meftah_LEspace-et-le-newspace-au-service-du-climat_bod-211x300.jpg\" alt=\"\" class=\"wp-image-3208\" style=\"aspect-ratio:2\/3;object-fit:cover\" srcset=\"https:\/\/academiespatiale.fr\/wp-content\/uploads\/2025\/01\/Meftah_LEspace-et-le-newspace-au-service-du-climat_bod-211x300.jpg 211w, https:\/\/academiespatiale.fr\/wp-content\/uploads\/2025\/01\/Meftah_LEspace-et-le-newspace-au-service-du-climat_bod.jpg 352w\" sizes=\"auto, (max-width: 211px) 100vw, 211px\" \/><\/a><\/figure>\n<\/div><\/div>\n\n\n\n<div class=\"wp-block-column is-vertically-aligned-top is-layout-flow wp-block-column-is-layout-flow\" style=\"border-width:1px;padding-top:var(--wp--preset--spacing--70);padding-right:var(--wp--preset--spacing--70);padding-bottom:var(--wp--preset--spacing--70);padding-left:var(--wp--preset--spacing--70)\">\n<p>LIVRE (FR) &#8211; Tome 1<\/p>\n\n\n<div class=\"wp-block-image\">\n<figure class=\"aligncenter size-medium\"><a href=\"https:\/\/www.istegroup.com\/fr\/produit\/nanosatellites-cubesats-de-lere-newspace-pour-lobservation-spatiale-1\/?utm_source=brevo&amp;utm_campaign=Dahoo%201007&amp;utm_medium=email\" target=\"_blank\" rel=\" noreferrer noopener\"><img loading=\"lazy\" decoding=\"async\" width=\"197\" height=\"300\" src=\"https:\/\/academiespatiale.fr\/wp-content\/uploads\/2025\/07\/Nanosatellites-CubeSats-de-lere-NewSpace-pour-lobservation-spatiale-197x300.png\" alt=\"\" class=\"wp-image-5355\" style=\"aspect-ratio:2\/3;object-fit:cover\" srcset=\"https:\/\/academiespatiale.fr\/wp-content\/uploads\/2025\/07\/Nanosatellites-CubeSats-de-lere-NewSpace-pour-lobservation-spatiale-197x300.png 197w, https:\/\/academiespatiale.fr\/wp-content\/uploads\/2025\/07\/Nanosatellites-CubeSats-de-lere-NewSpace-pour-lobservation-spatiale.png 554w\" sizes=\"auto, (max-width: 197px) 100vw, 197px\" \/><\/a><\/figure>\n<\/div><\/div>\n\n\n\n<div class=\"wp-block-column is-vertically-aligned-top is-layout-flow wp-block-column-is-layout-flow\" style=\"border-width:1px;padding-top:var(--wp--preset--spacing--70);padding-right:var(--wp--preset--spacing--70);padding-bottom:var(--wp--preset--spacing--70);padding-left:var(--wp--preset--spacing--70)\">\n<p>\u2192 Tome 1 (EN)<\/p>\n\n\n<div class=\"wp-block-image\">\n<figure class=\"aligncenter size-medium\"><a href=\"https:\/\/www.iste.co.uk\/book.php?id=2300\" target=\"_blank\" rel=\" noreferrer noopener\"><img loading=\"lazy\" decoding=\"async\" width=\"194\" height=\"300\" src=\"https:\/\/academiespatiale.fr\/wp-content\/uploads\/2025\/12\/Nanosatellites-CubeSats-de-lere-NewSpace-pour-lobservation-spatiale_EN-194x300.jpg\" alt=\"\" class=\"wp-image-6871\" style=\"aspect-ratio:2\/3;object-fit:cover\" srcset=\"https:\/\/academiespatiale.fr\/wp-content\/uploads\/2025\/12\/Nanosatellites-CubeSats-de-lere-NewSpace-pour-lobservation-spatiale_EN-194x300.jpg 194w, https:\/\/academiespatiale.fr\/wp-content\/uploads\/2025\/12\/Nanosatellites-CubeSats-de-lere-NewSpace-pour-lobservation-spatiale_EN.jpg 258w\" sizes=\"auto, (max-width: 194px) 100vw, 194px\" \/><\/a><\/figure>\n<\/div><\/div>\n<\/div>\n\n\n\n<div class=\"wp-block-columns are-vertically-aligned-top is-layout-flex wp-container-core-columns-is-layout-28f84493 wp-block-columns-is-layout-flex\">\n<div class=\"wp-block-column is-vertically-aligned-top is-layout-flow wp-block-column-is-layout-flow\" style=\"border-width:1px;padding-top:var(--wp--preset--spacing--70);padding-right:var(--wp--preset--spacing--70);padding-bottom:var(--wp--preset--spacing--70);padding-left:var(--wp--preset--spacing--70)\">\n<p>RAPPORT (FR)<\/p>\n\n\n\n<div data-wp-interactive=\"core\/file\" class=\"wp-block-file aligncenter\"><object data-wp-bind--hidden=\"!state.hasPdfPreview\" hidden class=\"wp-block-file__embed\" data=\"https:\/\/academiespatiale.fr\/wp-content\/uploads\/2025\/01\/Rapport-Ambition-NewSpace-2027-.pdf\" type=\"application\/pdf\" style=\"width:100%;height:290px\" aria-label=\"Contenu embarqu\u00e9 Rapport Ambition NewSpace 2027.\"><\/object><a id=\"wp-block-file--media-e43be326-9578-4998-948a-68c74558c054\" href=\"https:\/\/academiespatiale.fr\/wp-content\/uploads\/2025\/01\/Rapport-Ambition-NewSpace-2027-.pdf\">Rapport Ambition NewSpace 2027<\/a><a href=\"https:\/\/academiespatiale.fr\/wp-content\/uploads\/2025\/01\/Rapport-Ambition-NewSpace-2027-.pdf\" class=\"wp-block-file__button wp-element-button\" download aria-describedby=\"wp-block-file--media-e43be326-9578-4998-948a-68c74558c054\">T\u00e9l\u00e9charger<\/a><\/div>\n<\/div>\n\n\n\n<div class=\"wp-block-column is-vertically-aligned-top is-layout-flow wp-block-column-is-layout-flow\" style=\"border-width:1px;padding-top:var(--wp--preset--spacing--70);padding-right:var(--wp--preset--spacing--70);padding-bottom:var(--wp--preset--spacing--70);padding-left:var(--wp--preset--spacing--70)\">\n<p>LIVRE (FR) &#8211; tome 2<\/p>\n\n\n<div class=\"wp-block-image\">\n<figure class=\"aligncenter size-medium\"><a href=\"https:\/\/www.istegroup.com\/en\/produit\/nanosatellites-cubesats-de-lere-newspace-pour-lobservation-spatiale-2\/\"><img loading=\"lazy\" decoding=\"async\" width=\"199\" height=\"300\" src=\"https:\/\/academiespatiale.fr\/wp-content\/uploads\/2025\/12\/Nanosatellites-CubeSats-de-lere-NewSpace-pour-lobservation-spatiale-TOME2_FR-199x300.jpg\" alt=\"\" class=\"wp-image-6869\" style=\"aspect-ratio:2\/3;object-fit:cover\" srcset=\"https:\/\/academiespatiale.fr\/wp-content\/uploads\/2025\/12\/Nanosatellites-CubeSats-de-lere-NewSpace-pour-lobservation-spatiale-TOME2_FR-199x300.jpg 199w, https:\/\/academiespatiale.fr\/wp-content\/uploads\/2025\/12\/Nanosatellites-CubeSats-de-lere-NewSpace-pour-lobservation-spatiale-TOME2_FR.jpg 605w\" sizes=\"auto, (max-width: 199px) 100vw, 199px\" \/><\/a><\/figure>\n<\/div><\/div>\n\n\n\n<div class=\"wp-block-column is-vertically-aligned-top is-layout-flow wp-block-column-is-layout-flow\" style=\"border-width:1px;padding-top:var(--wp--preset--spacing--70);padding-right:var(--wp--preset--spacing--70);padding-bottom:var(--wp--preset--spacing--70);padding-left:var(--wp--preset--spacing--70)\">\n<p>\u2192 Tome 2 (EN)<\/p>\n\n\n<div class=\"wp-block-image\">\n<figure class=\"aligncenter size-medium\"><a href=\"https:\/\/www.iste.co.uk\/book.php?id=2320\" target=\"_blank\" rel=\" noreferrer noopener\"><img loading=\"lazy\" decoding=\"async\" width=\"194\" height=\"300\" src=\"https:\/\/academiespatiale.fr\/wp-content\/uploads\/2025\/12\/Nanosatellites-CubeSats-de-lere-NewSpace-pour-lobservation-spatiale-TOME2_EN-194x300.jpg\" alt=\"\" class=\"wp-image-6870\" style=\"aspect-ratio:2\/3;object-fit:cover\" srcset=\"https:\/\/academiespatiale.fr\/wp-content\/uploads\/2025\/12\/Nanosatellites-CubeSats-de-lere-NewSpace-pour-lobservation-spatiale-TOME2_EN-194x300.jpg 194w, https:\/\/academiespatiale.fr\/wp-content\/uploads\/2025\/12\/Nanosatellites-CubeSats-de-lere-NewSpace-pour-lobservation-spatiale-TOME2_EN.jpg 258w\" sizes=\"auto, (max-width: 194px) 100vw, 194px\" \/><\/a><\/figure>\n<\/div><\/div>\n<\/div>\n<\/div>\n\n\n\n<div class=\"wp-block-gutena-tab gutena-tab-block gutena-tab-block-d40701-a0 inactive\" data-tab=\"5\">\n<h3 class=\"wp-block-heading has-text-align-center\" id=\"aioseo-intelligence-artificielle\"><strong>Intelligence Artificielle<br><\/strong><em>Artificial Intelligence<\/em><\/h3>\n\n\n\n<div class=\"wp-block-columns is-layout-flex wp-container-core-columns-is-layout-28f84493 wp-block-columns-is-layout-flex\">\n<div class=\"wp-block-column is-layout-flow wp-block-column-is-layout-flow\" style=\"border-width:1px;padding-top:var(--wp--preset--spacing--70);padding-right:var(--wp--preset--spacing--70);padding-bottom:var(--wp--preset--spacing--70);padding-left:var(--wp--preset--spacing--70)\">\n<p>REVUE (FR\/EN)<\/p>\n\n\n<div class=\"wp-block-image\">\n<figure class=\"aligncenter size-medium\"><a href=\"https:\/\/academiespatiale.fr\/index.php\/2025\/01\/29\/aae-lettre-n136-applications-de-lintelligence-artificielle\/\"><img loading=\"lazy\" decoding=\"async\" width=\"211\" height=\"300\" src=\"https:\/\/academiespatiale.fr\/wp-content\/uploads\/2025\/01\/LettreAAE-136-211x300.jpg\" alt=\"\" class=\"wp-image-3116\" style=\"aspect-ratio:2\/3;object-fit:cover\" srcset=\"https:\/\/academiespatiale.fr\/wp-content\/uploads\/2025\/01\/LettreAAE-136-211x300.jpg 211w, https:\/\/academiespatiale.fr\/wp-content\/uploads\/2025\/01\/LettreAAE-136.jpg 653w\" sizes=\"auto, (max-width: 211px) 100vw, 211px\" \/><\/a><\/figure>\n<\/div><\/div>\n\n\n\n<div class=\"wp-block-column is-layout-flow wp-block-column-is-layout-flow\"><\/div>\n\n\n\n<div class=\"wp-block-column is-layout-flow wp-block-column-is-layout-flow\"><\/div>\n<\/div>\n<\/div>\n\n\n\n<div class=\"wp-block-gutena-tab gutena-tab-block gutena-tab-block-a3c366-17 inactive\" data-tab=\"6\">\n<h3 class=\"wp-block-heading has-text-align-center\" id=\"aioseo-teledetection\"><strong>T\u00e9l\u00e9d\u00e9tection<br><\/strong><em>Remote sensing<\/em><\/h3>\n\n\n\n<div class=\"wp-block-columns is-layout-flex wp-container-core-columns-is-layout-28f84493 wp-block-columns-is-layout-flex\">\n<div class=\"wp-block-column is-layout-flow wp-block-column-is-layout-flow\" style=\"border-width:1px;padding-top:var(--wp--preset--spacing--70);padding-right:var(--wp--preset--spacing--70);padding-bottom:var(--wp--preset--spacing--70);padding-left:var(--wp--preset--spacing--70)\">\n<p>LIVRE (FR)<\/p>\n\n\n<div class=\"wp-block-image wp-duotone-unset-1\">\n<figure class=\"aligncenter size-medium has-custom-border\"><a href=\"https:\/\/www.dunod.com\/sciences-techniques\/principes-teledetection-applications-observation-terre-et-son-climat\" target=\"_blank\" rel=\" noreferrer noopener\"><img loading=\"lazy\" decoding=\"async\" width=\"213\" height=\"300\" src=\"https:\/\/academiespatiale.fr\/wp-content\/uploads\/2025\/01\/Chepfer_Principes-de-la-teledetection_Dunod-213x300.jpeg\" alt=\"\" class=\"wp-image-3152\" style=\"border-style:none;border-width:0px;aspect-ratio:2\/3;object-fit:cover\" srcset=\"https:\/\/academiespatiale.fr\/wp-content\/uploads\/2025\/01\/Chepfer_Principes-de-la-teledetection_Dunod-213x300.jpeg 213w, https:\/\/academiespatiale.fr\/wp-content\/uploads\/2025\/01\/Chepfer_Principes-de-la-teledetection_Dunod-726x1024.jpeg 726w, https:\/\/academiespatiale.fr\/wp-content\/uploads\/2025\/01\/Chepfer_Principes-de-la-teledetection_Dunod-768x1084.jpeg 768w, https:\/\/academiespatiale.fr\/wp-content\/uploads\/2025\/01\/Chepfer_Principes-de-la-teledetection_Dunod-1088x1536.jpeg 1088w, https:\/\/academiespatiale.fr\/wp-content\/uploads\/2025\/01\/Chepfer_Principes-de-la-teledetection_Dunod.jpeg 1400w\" sizes=\"auto, (max-width: 213px) 100vw, 213px\" \/><\/a><\/figure>\n<\/div><\/div>\n\n\n\n<div class=\"wp-block-column is-layout-flow wp-block-column-is-layout-flow\"><\/div>\n\n\n\n<div class=\"wp-block-column is-layout-flow wp-block-column-is-layout-flow\"><\/div>\n<\/div>\n<\/div>\n\n\n\n<div class=\"wp-block-gutena-tab gutena-tab-block gutena-tab-block-20c6c5-ff inactive\" data-tab=\"7\">\n<h3 class=\"wp-block-heading has-text-align-center\" id=\"aioseo-astrophysique-astronomie-cosmologie\"><strong>Astrophysique \/ astronomie \/ cosmologie<br><\/strong><em>Astrophysics \/ astronomy \/ cosmology<\/em><\/h3>\n\n\n\n<div class=\"wp-block-columns is-layout-flex wp-container-core-columns-is-layout-28f84493 wp-block-columns-is-layout-flex\">\n<div class=\"wp-block-column is-layout-flow wp-block-column-is-layout-flow\" style=\"border-width:1px;padding-top:var(--wp--preset--spacing--70);padding-right:var(--wp--preset--spacing--70);padding-bottom:var(--wp--preset--spacing--70);padding-left:var(--wp--preset--spacing--70)\">\n<p>LIVRE (FR)<\/p>\n\n\n<div class=\"wp-block-image\">\n<figure class=\"aligncenter size-medium\"><a href=\"https:\/\/www.dunod.com\/sciences-techniques\/cote-obscur-univers-preface-pierre-lena-0\" target=\"_blank\" rel=\" noreferrer noopener\"><img loading=\"lazy\" decoding=\"async\" width=\"186\" height=\"300\" src=\"https:\/\/academiespatiale.fr\/wp-content\/uploads\/2025\/01\/Le-cote-obscur-de-l-univers_Dole_Dunod-186x300.jpeg\" alt=\"\" class=\"wp-image-3146\" style=\"aspect-ratio:2\/3;object-fit:cover\" srcset=\"https:\/\/academiespatiale.fr\/wp-content\/uploads\/2025\/01\/Le-cote-obscur-de-l-univers_Dole_Dunod-186x300.jpeg 186w, https:\/\/academiespatiale.fr\/wp-content\/uploads\/2025\/01\/Le-cote-obscur-de-l-univers_Dole_Dunod.jpeg 315w\" sizes=\"auto, (max-width: 186px) 100vw, 186px\" \/><\/a><\/figure>\n<\/div><\/div>\n\n\n\n<div class=\"wp-block-column is-layout-flow wp-block-column-is-layout-flow\" style=\"border-width:1px;padding-top:var(--wp--preset--spacing--70);padding-right:var(--wp--preset--spacing--70);padding-bottom:var(--wp--preset--spacing--70);padding-left:var(--wp--preset--spacing--70)\">\n<p>LIVRE (FR)<\/p>\n\n\n<div class=\"wp-block-image\">\n<figure class=\"aligncenter size-medium\"><a href=\"https:\/\/www.odilejacob.fr\/catalogue\/sciences\/astronomie-astrophysique-cosmologie\/dix-mille-et-une-nuits-de-l-univers_9782738154798.php\" target=\"_blank\" rel=\" noreferrer noopener\"><img loading=\"lazy\" decoding=\"async\" width=\"198\" height=\"300\" src=\"https:\/\/academiespatiale.fr\/wp-content\/uploads\/2025\/01\/Elbay_Les-dix-mille-et-une-nuits-de-l-univers_Odile-Jacob-198x300.jpg\" alt=\"\" class=\"wp-image-3149\" style=\"aspect-ratio:2\/3;object-fit:cover\" srcset=\"https:\/\/academiespatiale.fr\/wp-content\/uploads\/2025\/01\/Elbay_Les-dix-mille-et-une-nuits-de-l-univers_Odile-Jacob-198x300.jpg 198w, https:\/\/academiespatiale.fr\/wp-content\/uploads\/2025\/01\/Elbay_Les-dix-mille-et-une-nuits-de-l-univers_Odile-Jacob.jpg 350w\" sizes=\"auto, (max-width: 198px) 100vw, 198px\" \/><\/a><\/figure>\n<\/div><\/div>\n\n\n\n<div class=\"wp-block-column is-layout-flow wp-block-column-is-layout-flow\" style=\"border-width:1px;padding-top:var(--wp--preset--spacing--70);padding-right:var(--wp--preset--spacing--70);padding-bottom:var(--wp--preset--spacing--70);padding-left:var(--wp--preset--spacing--70)\">\n<p>LIVRE (FR)<\/p>\n\n\n<div class=\"wp-block-image\">\n<figure class=\"aligncenter size-medium\"><a href=\"https:\/\/www.odilejacob.fr\/catalogue\/sciences\/astronomie-astrophysique-cosmologie\/plus-belle-ruse-de-la-lumiere_9782415000721.php\" target=\"_blank\" rel=\" noreferrer noopener\"><img loading=\"lazy\" decoding=\"async\" width=\"198\" height=\"300\" src=\"https:\/\/academiespatiale.fr\/wp-content\/uploads\/2025\/01\/Elbaz_La-plus-belle-ruse-de-la-lumiere_Odile_Jacob-198x300.jpg\" alt=\"\" class=\"wp-image-3150\" style=\"aspect-ratio:2\/3;object-fit:cover\" srcset=\"https:\/\/academiespatiale.fr\/wp-content\/uploads\/2025\/01\/Elbaz_La-plus-belle-ruse-de-la-lumiere_Odile_Jacob-198x300.jpg 198w, https:\/\/academiespatiale.fr\/wp-content\/uploads\/2025\/01\/Elbaz_La-plus-belle-ruse-de-la-lumiere_Odile_Jacob.jpg 350w\" sizes=\"auto, (max-width: 198px) 100vw, 198px\" \/><\/a><\/figure>\n<\/div><\/div>\n\n\n\n<div class=\"wp-block-column is-layout-flow wp-block-column-is-layout-flow\" style=\"border-width:1px;padding-top:var(--wp--preset--spacing--70);padding-right:var(--wp--preset--spacing--70);padding-bottom:var(--wp--preset--spacing--70);padding-left:var(--wp--preset--spacing--70)\">\n<p>LIVRE (FR)<\/p>\n\n\n<div class=\"wp-block-image\">\n<figure class=\"aligncenter size-medium\"><a href=\"https:\/\/www.odilejacob.fr\/catalogue\/sciences\/astronomie-astrophysique-cosmologie\/a-la-recherche-de-lunivers-invisible_9782738134776.php\" target=\"_blank\" rel=\" noreferrer noopener\"><img loading=\"lazy\" decoding=\"async\" width=\"199\" height=\"300\" src=\"https:\/\/academiespatiale.fr\/wp-content\/uploads\/2025\/01\/Elbaz_A-la-recherche-de-l-univers-invisible_Odile-Jacob-199x300.jpg\" alt=\"\" class=\"wp-image-3156\" style=\"aspect-ratio:2\/3;object-fit:cover\" srcset=\"https:\/\/academiespatiale.fr\/wp-content\/uploads\/2025\/01\/Elbaz_A-la-recherche-de-l-univers-invisible_Odile-Jacob-199x300.jpg 199w, https:\/\/academiespatiale.fr\/wp-content\/uploads\/2025\/01\/Elbaz_A-la-recherche-de-l-univers-invisible_Odile-Jacob.jpg 350w\" sizes=\"auto, (max-width: 199px) 100vw, 199px\" \/><\/a><\/figure>\n<\/div><\/div>\n\n\n\n<div class=\"wp-block-column is-layout-flow wp-block-column-is-layout-flow\" style=\"border-width:1px;padding-top:var(--wp--preset--spacing--70);padding-right:var(--wp--preset--spacing--70);padding-bottom:var(--wp--preset--spacing--70);padding-left:var(--wp--preset--spacing--70)\">\n<p>LIVRE (FR)<\/p>\n\n\n<div class=\"wp-block-image\">\n<figure class=\"aligncenter size-medium\"><a href=\"https:\/\/www.odilejacob.fr\/catalogue\/sciences\/astronomie-astrophysique-cosmologie\/seuls-dans-l-univers_9782415002831.php\" target=\"_blank\" rel=\" noreferrer noopener\"><img loading=\"lazy\" decoding=\"async\" width=\"198\" height=\"300\" src=\"https:\/\/academiespatiale.fr\/wp-content\/uploads\/2025\/01\/Bibring_Seuls-dans-lUnivers_Odile-Jacob-198x300.jpg\" alt=\"\" class=\"wp-image-3158\" style=\"aspect-ratio:2\/3;object-fit:cover\" srcset=\"https:\/\/academiespatiale.fr\/wp-content\/uploads\/2025\/01\/Bibring_Seuls-dans-lUnivers_Odile-Jacob-198x300.jpg 198w, https:\/\/academiespatiale.fr\/wp-content\/uploads\/2025\/01\/Bibring_Seuls-dans-lUnivers_Odile-Jacob.jpg 350w\" sizes=\"auto, (max-width: 198px) 100vw, 198px\" \/><\/a><\/figure>\n<\/div><\/div>\n<\/div>\n\n\n\n<div class=\"wp-block-columns is-layout-flex wp-container-core-columns-is-layout-28f84493 wp-block-columns-is-layout-flex\">\n<div class=\"wp-block-column is-layout-flow wp-block-column-is-layout-flow\" style=\"border-width:1px;padding-top:var(--wp--preset--spacing--70);padding-right:var(--wp--preset--spacing--70);padding-bottom:var(--wp--preset--spacing--70);padding-left:var(--wp--preset--spacing--70)\">\n<p>LIVRE (FR)<\/p>\n\n\n<div class=\"wp-block-image\">\n<figure class=\"aligncenter size-medium\"><a href=\"https:\/\/www.odilejacob.fr\/catalogue\/sciences\/astronomie-astrophysique-cosmologie\/mars-planete-bleue-_9782738123282.php\" target=\"_blank\" rel=\" noreferrer noopener\"><img loading=\"lazy\" decoding=\"async\" width=\"198\" height=\"300\" src=\"https:\/\/academiespatiale.fr\/wp-content\/uploads\/2025\/01\/Bibring_Mars-planete-bleue_Odile-Jacob-198x300.jpg\" alt=\"\" class=\"wp-image-3161\" style=\"aspect-ratio:2\/3;object-fit:cover\" srcset=\"https:\/\/academiespatiale.fr\/wp-content\/uploads\/2025\/01\/Bibring_Mars-planete-bleue_Odile-Jacob-198x300.jpg 198w, https:\/\/academiespatiale.fr\/wp-content\/uploads\/2025\/01\/Bibring_Mars-planete-bleue_Odile-Jacob.jpg 350w\" sizes=\"auto, (max-width: 198px) 100vw, 198px\" \/><\/a><\/figure>\n<\/div><\/div>\n\n\n\n<div class=\"wp-block-column is-layout-flow wp-block-column-is-layout-flow\" style=\"border-width:1px;padding-top:var(--wp--preset--spacing--70);padding-right:var(--wp--preset--spacing--70);padding-bottom:var(--wp--preset--spacing--70);padding-left:var(--wp--preset--spacing--70)\">\n<p>LIVRE (FR)<\/p>\n\n\n<div class=\"wp-block-image\">\n<figure class=\"aligncenter size-medium\"><a href=\"https:\/\/www.dunod.com\/sciences-techniques\/mysteres-formation-galaxies-vers-une-nouvelle-physique\" target=\"_blank\" rel=\" noreferrer noopener\"><img loading=\"lazy\" decoding=\"async\" width=\"191\" height=\"300\" src=\"https:\/\/academiespatiale.fr\/wp-content\/uploads\/2025\/01\/Combes_Mysteres-de-la-formation-des-galaxies_Dunod-191x300.jpg\" alt=\"\" class=\"wp-image-3163\" style=\"aspect-ratio:2\/3;object-fit:cover\" srcset=\"https:\/\/academiespatiale.fr\/wp-content\/uploads\/2025\/01\/Combes_Mysteres-de-la-formation-des-galaxies_Dunod-191x300.jpg 191w, https:\/\/academiespatiale.fr\/wp-content\/uploads\/2025\/01\/Combes_Mysteres-de-la-formation-des-galaxies_Dunod.jpg 323w\" sizes=\"auto, (max-width: 191px) 100vw, 191px\" \/><\/a><\/figure>\n<\/div><\/div>\n\n\n\n<div class=\"wp-block-column is-layout-flow wp-block-column-is-layout-flow\" style=\"border-width:1px;padding-top:var(--wp--preset--spacing--70);padding-right:var(--wp--preset--spacing--70);padding-bottom:var(--wp--preset--spacing--70);padding-left:var(--wp--preset--spacing--70)\">\n<p>LIVRE (FR)<\/p>\n\n\n<div class=\"wp-block-image\">\n<figure class=\"aligncenter size-medium\"><a href=\"https:\/\/www.quesaisje.com\/le-big-bang-0\" target=\"_blank\" rel=\" noreferrer noopener\"><img loading=\"lazy\" decoding=\"async\" width=\"196\" height=\"300\" src=\"https:\/\/academiespatiale.fr\/wp-content\/uploads\/2025\/01\/Combes_Le-big-bang_Que-sais-je-196x300.jpg\" alt=\"\" class=\"wp-image-3165\" style=\"aspect-ratio:2\/3;object-fit:cover\" srcset=\"https:\/\/academiespatiale.fr\/wp-content\/uploads\/2025\/01\/Combes_Le-big-bang_Que-sais-je-196x300.jpg 196w, https:\/\/academiespatiale.fr\/wp-content\/uploads\/2025\/01\/Combes_Le-big-bang_Que-sais-je.jpg 290w\" sizes=\"auto, (max-width: 196px) 100vw, 196px\" \/><\/a><\/figure>\n<\/div><\/div>\n\n\n\n<div class=\"wp-block-column is-layout-flow wp-block-column-is-layout-flow\" style=\"border-width:1px;padding-top:var(--wp--preset--spacing--70);padding-right:var(--wp--preset--spacing--70);padding-bottom:var(--wp--preset--spacing--70);padding-left:var(--wp--preset--spacing--70)\">\n<p>LIVRE &amp; audio (FR)<\/p>\n\n\n<div class=\"wp-block-image\">\n<figure class=\"aligncenter size-medium\"><a href=\"https:\/\/www.cnrseditions.fr\/catalogue\/physique-et-astrophysique\/trous-noirs-et-quasars\/\" target=\"_blank\" rel=\" noreferrer noopener\"><img loading=\"lazy\" decoding=\"async\" width=\"198\" height=\"300\" src=\"https:\/\/academiespatiale.fr\/wp-content\/uploads\/2025\/01\/Combes_Trous-noirs-et-quasars_CNRS-Editions-198x300.jpg\" alt=\"\" class=\"wp-image-3167\" style=\"aspect-ratio:2\/3;object-fit:cover\" srcset=\"https:\/\/academiespatiale.fr\/wp-content\/uploads\/2025\/01\/Combes_Trous-noirs-et-quasars_CNRS-Editions-198x300.jpg 198w, https:\/\/academiespatiale.fr\/wp-content\/uploads\/2025\/01\/Combes_Trous-noirs-et-quasars_CNRS-Editions.jpg 600w\" sizes=\"auto, (max-width: 198px) 100vw, 198px\" \/><\/a><\/figure>\n<\/div>\n\n\n<p class=\"has-small-font-size\"><a href=\"https:\/\/www.cnrseditions.fr\/catalogue\/physique-et-astrophysique\/livre-audio-trous-noirs-et-quasars\/\" target=\"_blank\" rel=\"noopener\" title=\"\">&gt; Dispo en livre audio<\/a><\/p>\n<\/div>\n\n\n\n<div class=\"wp-block-column is-layout-flow wp-block-column-is-layout-flow\" style=\"border-width:1px;padding-top:var(--wp--preset--spacing--70);padding-right:var(--wp--preset--spacing--70);padding-bottom:var(--wp--preset--spacing--70);padding-left:var(--wp--preset--spacing--70)\">\n<p>LIVRE AUDIO (FR)<\/p>\n\n\n<div class=\"wp-block-image\">\n<figure class=\"aligncenter size-medium\"><a href=\"https:\/\/www.cnrseditions.fr\/catalogue\/physique-et-astrophysique\/livre-audio-la-matiere-noire\/\" target=\"_blank\" rel=\" noreferrer noopener\"><img loading=\"lazy\" decoding=\"async\" width=\"220\" height=\"300\" src=\"https:\/\/academiespatiale.fr\/wp-content\/uploads\/2025\/01\/Combes_La-Matiere-noire_Vive-voix-220x300.jpg\" alt=\"\" class=\"wp-image-3172\" style=\"aspect-ratio:2\/3;object-fit:cover\" srcset=\"https:\/\/academiespatiale.fr\/wp-content\/uploads\/2025\/01\/Combes_La-Matiere-noire_Vive-voix-220x300.jpg 220w, https:\/\/academiespatiale.fr\/wp-content\/uploads\/2025\/01\/Combes_La-Matiere-noire_Vive-voix.jpg 600w\" sizes=\"auto, (max-width: 220px) 100vw, 220px\" \/><\/a><\/figure>\n<\/div><\/div>\n<\/div>\n\n\n\n<div class=\"wp-block-columns is-layout-flex wp-container-core-columns-is-layout-28f84493 wp-block-columns-is-layout-flex\">\n<div class=\"wp-block-column is-layout-flow wp-block-column-is-layout-flow\" style=\"border-width:1px;padding-top:var(--wp--preset--spacing--70);padding-right:var(--wp--preset--spacing--70);padding-bottom:var(--wp--preset--spacing--70);padding-left:var(--wp--preset--spacing--70)\">\n<p>LIVRE (FR)<\/p>\n\n\n<div class=\"wp-block-image\">\n<figure class=\"aligncenter size-medium\"><a href=\"https:\/\/www.vuibert.fr\/ouvrage\/9782311402414-la-matiere-noire-cle-de-l-univers\" target=\"_blank\" rel=\" noreferrer noopener\"><img loading=\"lazy\" decoding=\"async\" width=\"214\" height=\"300\" src=\"https:\/\/academiespatiale.fr\/wp-content\/uploads\/2025\/01\/Combes_La-matiere-noire-cle-de-l-univers_Vuilbert-214x300.jpg\" alt=\"\" class=\"wp-image-3174\" style=\"aspect-ratio:2\/3;object-fit:cover\" srcset=\"https:\/\/academiespatiale.fr\/wp-content\/uploads\/2025\/01\/Combes_La-matiere-noire-cle-de-l-univers_Vuilbert-214x300.jpg 214w, https:\/\/academiespatiale.fr\/wp-content\/uploads\/2025\/01\/Combes_La-matiere-noire-cle-de-l-univers_Vuilbert.jpg 390w\" sizes=\"auto, (max-width: 214px) 100vw, 214px\" \/><\/a><\/figure>\n<\/div><\/div>\n\n\n\n<div class=\"wp-block-column is-layout-flow wp-block-column-is-layout-flow\" style=\"border-width:1px;padding-top:var(--wp--preset--spacing--70);padding-right:var(--wp--preset--spacing--70);padding-bottom:var(--wp--preset--spacing--70);padding-left:var(--wp--preset--spacing--70)\">\n<p>LIVRE (FR)<\/p>\n\n\n<div class=\"wp-block-image\">\n<figure class=\"aligncenter size-medium\"><a href=\"https:\/\/laboutique.edpsciences.fr\/produit\/649\/9782759810390\/la-voie-lactee\" target=\"_blank\" rel=\" noreferrer noopener\"><img loading=\"lazy\" decoding=\"async\" width=\"203\" height=\"300\" src=\"https:\/\/academiespatiale.fr\/wp-content\/uploads\/2025\/01\/Combes_la-voie-lactee_edp-sciences-203x300.jpg\" alt=\"\" class=\"wp-image-3186\" style=\"aspect-ratio:2\/3;object-fit:cover\" srcset=\"https:\/\/academiespatiale.fr\/wp-content\/uploads\/2025\/01\/Combes_la-voie-lactee_edp-sciences-203x300.jpg 203w, https:\/\/academiespatiale.fr\/wp-content\/uploads\/2025\/01\/Combes_la-voie-lactee_edp-sciences.jpg 290w\" sizes=\"auto, (max-width: 203px) 100vw, 203px\" \/><\/a><\/figure>\n<\/div><\/div>\n\n\n\n<div class=\"wp-block-column is-layout-flow wp-block-column-is-layout-flow\" style=\"border-width:1px;padding-top:var(--wp--preset--spacing--70);padding-right:var(--wp--preset--spacing--70);padding-bottom:var(--wp--preset--spacing--70);padding-left:var(--wp--preset--spacing--70)\">\n<p>LIVRE (FR)<\/p>\n\n\n<div class=\"wp-block-image\">\n<figure class=\"aligncenter size-medium\"><a href=\"https:\/\/www.editionsleduc.com\/produit\/3371\/9782379353925\/les-secrets-du-soleil\" target=\"_blank\" rel=\" noreferrer noopener\"><img loading=\"lazy\" decoding=\"async\" width=\"237\" height=\"300\" src=\"https:\/\/academiespatiale.fr\/wp-content\/uploads\/2025\/01\/Janvier_Les-secrets-du-soleil_Alisio-237x300.jpg\" alt=\"\" class=\"wp-image-3191\" style=\"aspect-ratio:2\/3;object-fit:cover\" srcset=\"https:\/\/academiespatiale.fr\/wp-content\/uploads\/2025\/01\/Janvier_Les-secrets-du-soleil_Alisio-237x300.jpg 237w, https:\/\/academiespatiale.fr\/wp-content\/uploads\/2025\/01\/Janvier_Les-secrets-du-soleil_Alisio.jpg 613w\" sizes=\"auto, (max-width: 237px) 100vw, 237px\" \/><\/a><\/figure>\n<\/div><\/div>\n\n\n\n<div class=\"wp-block-column is-layout-flow wp-block-column-is-layout-flow\" style=\"border-width:1px;padding-top:var(--wp--preset--spacing--70);padding-right:var(--wp--preset--spacing--70);padding-bottom:var(--wp--preset--spacing--70);padding-left:var(--wp--preset--spacing--70)\">\n<p>LIVRE (FR)<\/p>\n\n\n<div class=\"wp-block-image\">\n<figure class=\"aligncenter size-medium has-custom-border\"><a href=\"https:\/\/www.albin-michel.fr\/lunivers-violent-9782226497147\" target=\"_blank\" rel=\" noreferrer noopener\"><img loading=\"lazy\" decoding=\"async\" width=\"194\" height=\"300\" src=\"https:\/\/academiespatiale.fr\/wp-content\/uploads\/2025\/01\/Kotera_Lunivers-violent_Albin-Michel-194x300.jpg\" alt=\"\" class=\"wp-image-3193\" style=\"border-width:1px;aspect-ratio:2\/3;object-fit:cover\" srcset=\"https:\/\/academiespatiale.fr\/wp-content\/uploads\/2025\/01\/Kotera_Lunivers-violent_Albin-Michel-194x300.jpg 194w, https:\/\/academiespatiale.fr\/wp-content\/uploads\/2025\/01\/Kotera_Lunivers-violent_Albin-Michel.jpg 516w\" sizes=\"auto, (max-width: 194px) 100vw, 194px\" \/><\/a><\/figure>\n<\/div><\/div>\n\n\n\n<div class=\"wp-block-column is-layout-flow wp-block-column-is-layout-flow\" style=\"border-width:1px;padding-top:var(--wp--preset--spacing--70);padding-right:var(--wp--preset--spacing--70);padding-bottom:var(--wp--preset--spacing--70);padding-left:var(--wp--preset--spacing--70)\">\n<p>BOOK (EN)<\/p>\n\n\n<div class=\"wp-block-image\">\n<figure class=\"aligncenter size-medium\"><a href=\"https:\/\/laboutique.edpsciences.fr\/produit\/850\/9782759820016\/the-milky-way\" target=\"_blank\" rel=\" noreferrer noopener\"><img loading=\"lazy\" decoding=\"async\" width=\"200\" height=\"300\" src=\"https:\/\/academiespatiale.fr\/wp-content\/uploads\/2025\/01\/Combes_The-milky-way_Eco-Sciences-200x300.jpg\" alt=\"\" class=\"wp-image-3181\" style=\"aspect-ratio:2\/3;object-fit:cover\" srcset=\"https:\/\/academiespatiale.fr\/wp-content\/uploads\/2025\/01\/Combes_The-milky-way_Eco-Sciences-200x300.jpg 200w, https:\/\/academiespatiale.fr\/wp-content\/uploads\/2025\/01\/Combes_The-milky-way_Eco-Sciences.jpg 612w\" sizes=\"auto, (max-width: 200px) 100vw, 200px\" \/><\/a><\/figure>\n<\/div><\/div>\n<\/div>\n<\/div>\n<\/div><\/div>\n\n\n\n<p><\/p>\n","protected":false},"excerpt":{"rendered":"<p>Cette page regroupe des outils et documents pour accompagner les \u00e9tudiantes et les \u00e9tudiants dans leurs parcours. Vous y trouverez des suggestions de livres, articles, podcasts ainsi que des liens utiles pour approfondir vos connaissances sur les th\u00e9matiques spatiales. This page brings together tools and documents to support students in [&hellip;]<\/p>\n","protected":false},"author":1,"featured_media":0,"parent":65,"menu_order":0,"comment_status":"closed","ping_status":"closed","template":"","meta":{"_monsterinsights_skip_tracking":false,"_monsterinsights_sitenote_active":false,"_monsterinsights_sitenote_note":"","_monsterinsights_sitenote_category":0,"_EventAllDay":false,"_EventTimezone":"","_EventStartDate":"","_EventEndDate":"","_EventStartDateUTC":"","_EventEndDateUTC":"","_EventShowMap":false,"_EventShowMapLink":false,"_EventURL":"","_EventCost":"","_EventCostDescription":"","_EventCurrencySymbol":"","_EventCurrencyCode":"","_EventCurrencyPosition":"","_EventDateTimeSeparator":"","_EventTimeRangeSeparator":"","_EventOrganizerID":[],"_EventVenueID":[],"_OrganizerEmail":"","_OrganizerPhone":"","_OrganizerWebsite":"","_VenueAddress":"","_VenueCity":"","_VenueCountry":"","_VenueProvince":"","_VenueState":"","_VenueZip":"","_VenuePhone":"","_VenueURL":"","_VenueStateProvince":"","_VenueLat":"","_VenueLng":"","_VenueShowMap":false,"_VenueShowMapLink":false,"footnotes":""},"class_list":["post-2364","page","type-page","status-publish","hentry"],"aioseo_notices":[],"_links":{"self":[{"href":"https:\/\/academiespatiale.fr\/index.php\/wp-json\/wp\/v2\/pages\/2364","targetHints":{"allow":["GET"]}}],"collection":[{"href":"https:\/\/academiespatiale.fr\/index.php\/wp-json\/wp\/v2\/pages"}],"about":[{"href":"https:\/\/academiespatiale.fr\/index.php\/wp-json\/wp\/v2\/types\/page"}],"author":[{"embeddable":true,"href":"https:\/\/academiespatiale.fr\/index.php\/wp-json\/wp\/v2\/users\/1"}],"replies":[{"embeddable":true,"href":"https:\/\/academiespatiale.fr\/index.php\/wp-json\/wp\/v2\/comments?post=2364"}],"version-history":[{"count":126,"href":"https:\/\/academiespatiale.fr\/index.php\/wp-json\/wp\/v2\/pages\/2364\/revisions"}],"predecessor-version":[{"id":8327,"href":"https:\/\/academiespatiale.fr\/index.php\/wp-json\/wp\/v2\/pages\/2364\/revisions\/8327"}],"up":[{"embeddable":true,"href":"https:\/\/academiespatiale.fr\/index.php\/wp-json\/wp\/v2\/pages\/65"}],"wp:attachment":[{"href":"https:\/\/academiespatiale.fr\/index.php\/wp-json\/wp\/v2\/media?parent=2364"}],"curies":[{"name":"wp","href":"https:\/\/api.w.org\/{rel}","templated":true}]}}