{"id":1947,"date":"2024-10-07T16:59:17","date_gmt":"2024-10-07T14:59:17","guid":{"rendered":"https:\/\/academiespatiale.fr\/?page_id=1947"},"modified":"2025-12-18T18:09:05","modified_gmt":"2025-12-18T17:09:05","slug":"ecole-dete","status":"publish","type":"page","link":"https:\/\/academiespatiale.fr\/index.php\/formations\/ecole-dete\/","title":{"rendered":"\u00c9coles d&rsquo;\u00e9t\u00e9 et d&rsquo;hiver"},"content":{"rendered":"\n<div class=\"wp-block-columns alignfull has-text-color has-link-color wp-elements-8422e2a85d9f2e5605b7dd2ae54b3e54 is-layout-flex wp-container-core-columns-is-layout-e94c545b wp-block-columns-is-layout-flex\" style=\"color:#b1b1b1;margin-top:-25px;margin-bottom:20px;padding-top:0;padding-right:0;padding-bottom:0;padding-left:60px;font-size:15px\">\n<div class=\"wp-block-column has-text-color has-link-color wp-elements-32661c60388d2123b0bf1683c717c484 is-layout-flow wp-block-column-is-layout-flow\" style=\"color:#a1a1a1;padding-top:0;padding-bottom:0;font-size:15px;font-style:normal;font-weight:100;flex-basis:100%\"><div class=\"aioseo-breadcrumbs\"><span class=\"aioseo-breadcrumb\">\n\t\t\t<a href=\"https:\/\/academiespatiale.fr\" title=\"Home\">Home<\/a>\n\t\t<\/span><span class=\"aioseo-breadcrumb-separator\">&raquo;<\/span><span class=\"aioseo-breadcrumb\">\n\t\t\t<a href=\"https:\/\/academiespatiale.fr\/index.php\/formations\/\" title=\"Formations &amp; m\u00e9tiers\">Formations &amp; m\u00e9tiers<\/a>\n\t\t<\/span><span class=\"aioseo-breadcrumb-separator\">&raquo;<\/span><span class=\"aioseo-breadcrumb\">\n\t\t\t\u00c9coles d\u2019\u00e9t\u00e9 et d\u2019hiver\n\t\t<\/span><\/div><\/div>\n<\/div>\n\n\n\n<p>Retrouvez ici l\u2019ensemble des \u00e9coles th\u00e9matiques organis\u00e9es tout au long de l\u2019ann\u00e9e par l\u2019Acad\u00e9mie Spatiale, propos\u00e9es par nos partenaires, ainsi que celles auxquelles nous avons pris part, notamment par l\u2019envoi de nos \u00e9tudiantes et \u00e9tudiants.<\/p>\n\n\n\n<div style=\"height:20px\" aria-hidden=\"true\" class=\"wp-block-spacer\"><\/div>\n\n\n\n<hr class=\"wp-block-separator has-alpha-channel-opacity\"\/>\n\n\n\n<h3 class=\"wp-block-heading has-text-align-center\" id=\"aioseo-nos-ecoles-thematiques\">Nos \u00e9coles th\u00e9matiques<\/h3>\n\n\n\n<hr class=\"wp-block-separator has-alpha-channel-opacity\"\/>\n\n\n\n<div style=\"height:50px\" aria-hidden=\"true\" class=\"wp-block-spacer\"><\/div>\n\n\n\n<div class=\"wp-block-columns is-layout-flex wp-container-core-columns-is-layout-28f84493 wp-block-columns-is-layout-flex\">\n<div class=\"wp-block-column is-layout-flow wp-block-column-is-layout-flow\" style=\"flex-basis:66.66%\">\n<h5 class=\"wp-block-heading\" id=\"aioseo-la-junior-space-academy\">La Junior Space Academy<\/h5>\n\n\n\n<p><em>Juin 2025 (2<sup>e<\/sup> \u00e9dition)<\/em><strong><em><br><\/em><\/strong>Immersion dans l\u2019univers spatial francilien pour des \u00e9tudiants et \u00e9tudiantes de licence passionn\u00e9es par l\u2019espace<\/p>\n<\/div>\n\n\n\n<div class=\"wp-block-column is-layout-flow wp-block-column-is-layout-flow\" style=\"flex-basis:33.33%\">\n<figure class=\"wp-block-image size-full\"><a href=\"https:\/\/academiespatiale.fr\/index.php\/ecole-dete\/junior-space-academy\/\"><img loading=\"lazy\" decoding=\"async\" width=\"750\" height=\"500\" src=\"https:\/\/academiespatiale.fr\/wp-content\/uploads\/2024\/10\/JSA.png\" alt=\"\" class=\"wp-image-2019\" srcset=\"https:\/\/academiespatiale.fr\/wp-content\/uploads\/2024\/10\/JSA.png 750w, https:\/\/academiespatiale.fr\/wp-content\/uploads\/2024\/10\/JSA-300x200.png 300w, https:\/\/academiespatiale.fr\/wp-content\/uploads\/2024\/10\/JSA-360x240.png 360w\" sizes=\"auto, (max-width: 750px) 100vw, 750px\" \/><\/a><\/figure>\n<\/div>\n<\/div>\n\n\n\n<p class=\"has-background-color-background-color has-background\">R\u00e9trospective de la 1<sup>re<\/sup> \u00e9dition :<br>\u2192 FR : <a href=\"https:\/\/academiespatiale.fr\/index.php\/ecole-dete\/junior-space-academy\/\" title=\"\"><\/a><a href=\"https:\/\/academiespatiale.fr\/index.php\/ecole-dete\/junior-space-academy\/junior-space-academy-edition-2024\/\">Junior Space Academy #1 \u2013 \u00e9dition 2024<\/a><br>\u2192 EN : <a href=\"https:\/\/academiespatiale.fr\/index.php\/ecole-dete\/immersion-in-the-space-universe-the-junior-space-academy\/\">Immersion in the space universe \u2013 The Junior Space Academy<\/a><br><br>R\u00e9trospective de la 2<sup>e<\/sup> \u00e9dition :<br>\u2192 FR : <a href=\"https:\/\/academiespatiale.fr\/index.php\/ecole-dete\/junior-space-academy\/junior-space-academy-2-edition-2025\/\">Junior Space Academy #2 \u2013 \u00e9dition 2025<\/a><\/p>\n\n\n\n<div style=\"height:20px\" aria-hidden=\"true\" class=\"wp-block-spacer\"><\/div>\n\n\n\n<hr class=\"wp-block-separator has-alpha-channel-opacity\"\/>\n\n\n\n<div style=\"height:20px\" aria-hidden=\"true\" class=\"wp-block-spacer\"><\/div>\n\n\n\n<div class=\"wp-block-columns is-layout-flex wp-container-core-columns-is-layout-28f84493 wp-block-columns-is-layout-flex\">\n<div class=\"wp-block-column is-layout-flow wp-block-column-is-layout-flow\" style=\"flex-basis:33.33%\">\n<figure class=\"wp-block-image size-full\"><a href=\"https:\/\/academiespatiale.fr\/index.php\/ecole-dete\/bootcamp-ia-et-observation-satellitaire\/\"><img loading=\"lazy\" decoding=\"async\" width=\"750\" height=\"500\" src=\"https:\/\/academiespatiale.fr\/wp-content\/uploads\/2024\/12\/Bootcamp_AI_2025.png\" alt=\"\" class=\"wp-image-2496\" srcset=\"https:\/\/academiespatiale.fr\/wp-content\/uploads\/2024\/12\/Bootcamp_AI_2025.png 750w, https:\/\/academiespatiale.fr\/wp-content\/uploads\/2024\/12\/Bootcamp_AI_2025-300x200.png 300w, https:\/\/academiespatiale.fr\/wp-content\/uploads\/2024\/12\/Bootcamp_AI_2025-360x240.png 360w\" sizes=\"auto, (max-width: 750px) 100vw, 750px\" \/><\/a><\/figure>\n<\/div>\n\n\n\n<div class=\"wp-block-column is-layout-flow wp-block-column-is-layout-flow\" style=\"flex-basis:66.66%\">\n<h5 class=\"wp-block-heading\" id=\"aioseo-bootcamp-ia-et-observation-satellitaire\">Bootcamp IA et observation satellitaire <\/h5>\n\n\n\n<p><em>Avril 2025 (1<sup>re<\/sup> \u00e9dition)<br><\/em>Programme, destin\u00e9 aux \u00e9tudiant\u00b7es de licence, master et doctorat, visant \u00e0 pr\u00e9senter des exemples d&rsquo;applications de l&rsquo;IA \u00e0 des donn\u00e9es spatiales.<\/p>\n<\/div>\n<\/div>\n\n\n\n<p class=\"has-background-color-background-color has-background\">R\u00e9trospective de la 1<sup>re<\/sup> \u00e9dition :<br>\u2192 <a href=\"https:\/\/academiespatiale.fr\/index.php\/ecole-dete\/bootcamp-ia-et-observation-satellitaire\/\">Bootcamp IA et observation satellitaire &#8211; Acad\u00e9mie Spatiale d&rsquo;\u00cele-de-France<\/a><\/p>\n\n\n\n<div style=\"height:20px\" aria-hidden=\"true\" class=\"wp-block-spacer\"><\/div>\n\n\n\n<hr class=\"wp-block-separator has-alpha-channel-opacity\"\/>\n\n\n\n<div style=\"height:20px\" aria-hidden=\"true\" class=\"wp-block-spacer\"><\/div>\n\n\n\n<div class=\"wp-block-columns is-layout-flex wp-container-core-columns-is-layout-28f84493 wp-block-columns-is-layout-flex\">\n<div class=\"wp-block-column is-layout-flow wp-block-column-is-layout-flow\" style=\"flex-basis:66.66%\">\n<h5 class=\"wp-block-heading\" id=\"aioseo-masterclass-teledetection\">Masterclass t\u00e9l\u00e9d\u00e9tection <\/h5>\n\n\n\n<p><strong>&gt; Inscriptions ouvertes &lt;<br><\/strong><em>F\u00e9vrier 2026 (<sup>2e<\/sup> \u00e9dition)<br><\/em>Masterclass \u00ab&nbsp;Remote Sensing of Terrestrial and Extraterrestrial Resources&nbsp;\u00bb<\/p>\n<\/div>\n\n\n\n<div class=\"wp-block-column is-layout-flow wp-block-column-is-layout-flow\" style=\"flex-basis:33.33%\">\n<figure class=\"wp-block-image size-full\"><a href=\"https:\/\/academiespatiale.fr\/index.php\/masterclass-teledection-2026\/\"><img loading=\"lazy\" decoding=\"async\" width=\"750\" height=\"500\" src=\"https:\/\/academiespatiale.fr\/wp-content\/uploads\/2025\/09\/Masterclas_2026.png\" alt=\"\" class=\"wp-image-5757\" srcset=\"https:\/\/academiespatiale.fr\/wp-content\/uploads\/2025\/09\/Masterclas_2026.png 750w, https:\/\/academiespatiale.fr\/wp-content\/uploads\/2025\/09\/Masterclas_2026-300x200.png 300w, https:\/\/academiespatiale.fr\/wp-content\/uploads\/2025\/09\/Masterclas_2026-360x240.png 360w\" sizes=\"auto, (max-width: 750px) 100vw, 750px\" \/><\/a><\/figure>\n<\/div>\n<\/div>\n\n\n\n<p class=\"has-background-color-background-color has-background\">R\u00e9trospective de la 1<sup>re<\/sup> \u00e9dition :<br><a href=\"https:\/\/academiespatiale.fr\/index.php\/actualites\/junior-space-academy-2024\/\"><\/a>\u2192 <a href=\"https:\/\/academiespatiale.fr\/index.php\/ecole-dete\/masterclass-teledetection\/\">Masterclass t\u00e9l\u00e9d\u00e9tection &#8211; F\u00e9vrier 2025 &#8211; Acad\u00e9mie Spatiale d&rsquo;\u00cele-de-France<\/a><\/p>\n\n\n\n<div style=\"height:20px\" aria-hidden=\"true\" class=\"wp-block-spacer\"><\/div>\n\n\n\n<hr class=\"wp-block-separator has-alpha-channel-opacity\"\/>\n\n\n\n<div style=\"height:20px\" aria-hidden=\"true\" class=\"wp-block-spacer\"><\/div>\n\n\n\n<div class=\"wp-block-columns is-layout-flex wp-container-core-columns-is-layout-28f84493 wp-block-columns-is-layout-flex\">\n<div class=\"wp-block-column is-layout-flow wp-block-column-is-layout-flow\" style=\"flex-basis:33.33%\">\n<figure class=\"wp-block-image size-full\"><a href=\"https:\/\/academiespatiale.fr\/index.php\/ecole-dete\/stage-terrain-simo-stage-dinitiation-aux-methodes-dobservations-ohp-ovsq\/\"><img loading=\"lazy\" decoding=\"async\" width=\"750\" height=\"500\" src=\"https:\/\/academiespatiale.fr\/wp-content\/uploads\/2025\/06\/SIMO_OHP.png\" alt=\"\" class=\"wp-image-5146\" srcset=\"https:\/\/academiespatiale.fr\/wp-content\/uploads\/2025\/06\/SIMO_OHP.png 750w, https:\/\/academiespatiale.fr\/wp-content\/uploads\/2025\/06\/SIMO_OHP-300x200.png 300w, https:\/\/academiespatiale.fr\/wp-content\/uploads\/2025\/06\/SIMO_OHP-360x240.png 360w\" sizes=\"auto, (max-width: 750px) 100vw, 750px\" \/><\/a><\/figure>\n<\/div>\n\n\n\n<div class=\"wp-block-column is-layout-flow wp-block-column-is-layout-flow\" style=\"flex-basis:66.66%\">\n<h5 class=\"wp-block-heading\" id=\"aioseo-bootcamp-ia-et-observation-satellitaire\">Stage d&rsquo;Initiation aux M\u00e9thodes d&rsquo;Observations \u00e0 l&rsquo;OHP<\/h5>\n\n\n\n<p><em>Depuis 1997<\/em><br>D\u00e9couverte des instruments d&rsquo;astronomie et de sondage de l&rsquo;atmosph\u00e8re, notamment des t\u00e9lescopes de 80 cm et 120 cm.<\/p>\n<\/div>\n<\/div>\n\n\n\n<p class=\"has-background-color-background-color has-background\">R\u00e9trospective de la 1<sup>re<\/sup> \u00e9dition :<br>\u2192 <a href=\"https:\/\/academiespatiale.fr\/index.php\/ecole-dete\/stage-terrain-simo-stage-dinitiation-aux-methodes-dobservations-ohp-ovsq\/\">Stage terrain SIMO : Stage d\u2019Initiation aux M\u00e9thodes d\u2019Observations \u2013 OHP \/ OVSQ<\/a><\/p>\n\n\n\n<div style=\"height:20px\" aria-hidden=\"true\" class=\"wp-block-spacer\"><\/div>\n\n\n\n<hr class=\"wp-block-separator has-alpha-channel-opacity\"\/>\n\n\n\n<div style=\"height:20px\" aria-hidden=\"true\" class=\"wp-block-spacer\"><\/div>\n\n\n\n<div class=\"wp-block-columns is-layout-flex wp-container-core-columns-is-layout-28f84493 wp-block-columns-is-layout-flex\">\n<div class=\"wp-block-column is-layout-flow wp-block-column-is-layout-flow\" style=\"flex-basis:66.66%\">\n<h5 class=\"wp-block-heading\" id=\"aioseo-masterclass-teledetection\">ECOSPACE 2025<\/h5>\n\n\n\n<p><em>Juin 2025<br><\/em>Deux journ\u00e9es d\u00e9di\u00e9es aux avanc\u00e9es scientifiques, \u00e9conomiques et technologiques dans le domaine spatial. Ouvert \u00e0 tous et toutes : grand public, \u00e9l\u00e8ves, \u00e9tudiant\u00b7es de tous niveaux.<\/p>\n<\/div>\n\n\n\n<div class=\"wp-block-column is-layout-flow wp-block-column-is-layout-flow\" style=\"flex-basis:33.33%\">\n<figure class=\"wp-block-image size-full\"><a href=\"https:\/\/academiespatiale.fr\/index.php\/ecole-dete\/ecospace-2025-decouverte-de-lunivers-spatial-a-liut-de-mantes-en-yvelines\/\"><img loading=\"lazy\" decoding=\"async\" width=\"750\" height=\"500\" src=\"https:\/\/academiespatiale.fr\/wp-content\/uploads\/2025\/07\/ECOSPACE2025_photo2.png\" alt=\"\" class=\"wp-image-5429\" srcset=\"https:\/\/academiespatiale.fr\/wp-content\/uploads\/2025\/07\/ECOSPACE2025_photo2.png 750w, https:\/\/academiespatiale.fr\/wp-content\/uploads\/2025\/07\/ECOSPACE2025_photo2-300x200.png 300w, https:\/\/academiespatiale.fr\/wp-content\/uploads\/2025\/07\/ECOSPACE2025_photo2-360x240.png 360w\" sizes=\"auto, (max-width: 750px) 100vw, 750px\" \/><\/a><\/figure>\n<\/div>\n<\/div>\n\n\n\n<p class=\"has-background-color-background-color has-background\">R\u00e9trospective de l&rsquo;\u00e9dition 2025 :<br><a href=\"https:\/\/academiespatiale.fr\/index.php\/actualites\/junior-space-academy-2024\/\"><\/a>\u2192 <a href=\"https:\/\/academiespatiale.fr\/index.php\/ecole-dete\/ecospace-2025-decouverte-de-lunivers-spatial-a-liut-de-mantes-en-yvelines\/\">ECOSPACE 2025 : d\u00e9couverte de l\u2019univers spatial \u00e0 l\u2019IUT de Mantes-en-Yvelines &#8211; Acad\u00e9mie Spatiale d&rsquo;\u00cele-de-France<\/a><\/p>\n\n\n\n<div style=\"height:100px\" aria-hidden=\"true\" class=\"wp-block-spacer\"><\/div>\n\n\n\n<hr class=\"wp-block-separator has-text-color has-background-color-color has-alpha-channel-opacity has-background-color-background-color has-background is-style-default\" style=\"margin-top:15px;margin-bottom:15px\"\/>\n\n\n\n<h3 class=\"wp-block-heading has-text-align-center\" id=\"aioseo-autres-ecoles-thematiques\">Autres \u00e9coles th\u00e9matiques<\/h3>\n\n\n\n<hr class=\"wp-block-separator has-alpha-channel-opacity\"\/>\n\n\n\n<div style=\"height:50px\" aria-hidden=\"true\" class=\"wp-block-spacer\"><\/div>\n\n\n\n<div class=\"wp-block-columns are-vertically-aligned-top is-layout-flex wp-container-core-columns-is-layout-28f84493 wp-block-columns-is-layout-flex\">\n<div class=\"wp-block-column is-vertically-aligned-top is-layout-flow wp-block-column-is-layout-flow\" style=\"flex-basis:33.33%\">\n<figure class=\"wp-block-image size-full\"><a href=\"https:\/\/academiespatiale.fr\/index.php\/ecole-dete\/autres-ecoles-thematiques\/visite-de-lesoc-et-deumetsat\/\"><img loading=\"lazy\" decoding=\"async\" width=\"750\" height=\"500\" src=\"https:\/\/academiespatiale.fr\/wp-content\/uploads\/2025\/05\/Darmstadt2025.png\" alt=\"\" class=\"wp-image-4689\" srcset=\"https:\/\/academiespatiale.fr\/wp-content\/uploads\/2025\/05\/Darmstadt2025.png 750w, https:\/\/academiespatiale.fr\/wp-content\/uploads\/2025\/05\/Darmstadt2025-300x200.png 300w, https:\/\/academiespatiale.fr\/wp-content\/uploads\/2025\/05\/Darmstadt2025-360x240.png 360w\" sizes=\"auto, (max-width: 750px) 100vw, 750px\" \/><\/a><\/figure>\n<\/div>\n\n\n\n<div class=\"wp-block-column is-vertically-aligned-top is-layout-flow wp-block-column-is-layout-flow\" style=\"flex-basis:66.66%\">\n<h5 class=\"wp-block-heading\">Darmstadt 2025 &#8211; Visite de l&rsquo;ESOC (ESA) et EUMETSAT<\/h5>\n\n\n\n<p><em>janvier 2025<\/em><br>D\u00e9couverte des activit\u00e9s op\u00e9rationnelles des agences spatiales europ\u00e9ennes ESOC (centre des op\u00e9rations de l&rsquo;ESA) et EUMETSAT pour les \u00e9tudiant\u00b7es des masters TGAE, FRS et IOS.<\/p>\n<\/div>\n<\/div>\n\n\n\n<p class=\"has-background-color-background-color has-background\">En savoir plus : <a href=\"https:\/\/academiespatiale.fr\/index.php\/ecole-dete\/autres-ecoles-thematiques\/visite-de-lesoc-et-deumetsat\/\">Darmstadt 2025 &#8211; Visite de l\u2019ESOC \/ ESA et EUMETSAT<\/a><\/p>\n\n\n\n<div style=\"height:20px\" aria-hidden=\"true\" class=\"wp-block-spacer\"><\/div>\n\n\n\n<hr class=\"wp-block-separator has-alpha-channel-opacity\"\/>\n\n\n\n<div style=\"height:20px\" aria-hidden=\"true\" class=\"wp-block-spacer\"><\/div>\n\n\n\n<div class=\"wp-block-columns is-layout-flex wp-container-core-columns-is-layout-28f84493 wp-block-columns-is-layout-flex\">\n<div class=\"wp-block-column is-layout-flow wp-block-column-is-layout-flow\" style=\"flex-basis:66.66%\">\n<h5 class=\"wp-block-heading\" id=\"aioseo-vseo4-vietnam-school-of-earth-observation-4e-edition\">VSEO4 : Vietnam School of Earth Observation, 4<sup>e<\/sup> \u00e9dition<\/h5>\n\n\n\n<p><em>Septembre 2024<\/em><br>Organis\u00e9e dans le cadre des Rencontres du Vietnam pour explorer la g\u00e9n\u00e9ration de mod\u00e8les num\u00e9riques d\u2019\u00e9l\u00e9vation (MNE) \u00e0 l\u2019aide de donn\u00e9es de t\u00e9l\u00e9d\u00e9tection<\/p>\n<\/div>\n\n\n\n<div class=\"wp-block-column is-layout-flow wp-block-column-is-layout-flow\" style=\"flex-basis:33.33%\">\n<figure class=\"wp-block-image size-full\"><a href=\"https:\/\/academiespatiale.fr\/index.php\/ecole-dete\/vseo-4-vietnam-school-of-earth-observation\/\"><img loading=\"lazy\" decoding=\"async\" width=\"750\" height=\"500\" src=\"https:\/\/academiespatiale.fr\/wp-content\/uploads\/2024\/10\/VSEO4-3.png\" alt=\"\" class=\"wp-image-1949\" srcset=\"https:\/\/academiespatiale.fr\/wp-content\/uploads\/2024\/10\/VSEO4-3.png 750w, https:\/\/academiespatiale.fr\/wp-content\/uploads\/2024\/10\/VSEO4-3-300x200.png 300w, https:\/\/academiespatiale.fr\/wp-content\/uploads\/2024\/10\/VSEO4-3-360x240.png 360w\" sizes=\"auto, (max-width: 750px) 100vw, 750px\" \/><\/a><\/figure>\n<\/div>\n<\/div>\n\n\n\n<p class=\"has-background-color-background-color has-background\">En savoir plus : <a href=\"https:\/\/academiespatiale.fr\/index.php\/ecole-dete\/vseo-4-vietnam-school-of-earth-observation\/\">VSEO 4 \u2013 Vietnam School of Earth Observation<\/a><\/p>\n\n\n\n<div style=\"height:20px\" aria-hidden=\"true\" class=\"wp-block-spacer\"><\/div>\n\n\n\n<hr class=\"wp-block-separator has-alpha-channel-opacity\"\/>\n\n\n\n<div style=\"height:20px\" aria-hidden=\"true\" class=\"wp-block-spacer\"><\/div>\n\n\n\n<div class=\"wp-block-columns is-layout-flex wp-container-core-columns-is-layout-28f84493 wp-block-columns-is-layout-flex\">\n<div class=\"wp-block-column is-layout-flow wp-block-column-is-layout-flow\" style=\"flex-basis:33.33%\">\n<figure class=\"wp-block-image size-full\"><a href=\"https:\/\/academiespatiale.fr\/index.php\/ecole-dete\/esa-earth-system-science-hub-workshop\/\"><img loading=\"lazy\" decoding=\"async\" width=\"750\" height=\"500\" src=\"https:\/\/academiespatiale.fr\/wp-content\/uploads\/2025\/01\/ESA-Challenge_2024.png\" alt=\"\" class=\"wp-image-2786\" srcset=\"https:\/\/academiespatiale.fr\/wp-content\/uploads\/2025\/01\/ESA-Challenge_2024.png 750w, https:\/\/academiespatiale.fr\/wp-content\/uploads\/2025\/01\/ESA-Challenge_2024-300x200.png 300w, https:\/\/academiespatiale.fr\/wp-content\/uploads\/2025\/01\/ESA-Challenge_2024-360x240.png 360w\" sizes=\"auto, (max-width: 750px) 100vw, 750px\" \/><\/a><\/figure>\n<\/div>\n\n\n\n<div class=\"wp-block-column is-layout-flow wp-block-column-is-layout-flow\" style=\"flex-basis:66.66%\">\n<h5 class=\"wp-block-heading\" id=\"aioseo-earth-system-science-hub-workshop-2e-edition\">Earth System Science Hub Workshop, 2<sup>e<\/sup> \u00e9dition<\/h5>\n\n\n\n<p><em>F\u00e9vrier 2024<\/em><br>Une semaine de pratique intensive \u00ab&nbsp;Observations spatiales de la Terre &amp; Sciences des donn\u00e9es (IA)&nbsp;\u00bb pour les \u00e9tudiants et \u00e9tudiantes de l\u2019Acad\u00e9mie Spatiale, sur place et en distanciel.<\/p>\n<\/div>\n<\/div>\n\n\n\n<p class=\"has-background-color-background-color has-background\">En savoir plus : <a href=\"https:\/\/academiespatiale.fr\/index.php\/ecole-dete\/esa-earth-system-science-hub-workshop\/\">ESA \u2013 Earth System Science Hub Workshop<\/a><\/p>\n\n\n\n<div style=\"height:50px\" aria-hidden=\"true\" class=\"wp-block-spacer\"><\/div>\n\n\n\n<div class=\"wp-block-columns alignfull has-text-color has-link-color wp-elements-8422e2a85d9f2e5605b7dd2ae54b3e54 is-layout-flex wp-container-core-columns-is-layout-e94c545b wp-block-columns-is-layout-flex\" style=\"color:#b1b1b1;margin-top:-25px;margin-bottom:20px;padding-top:0;padding-right:0;padding-bottom:0;padding-left:60px;font-size:15px\">\n<div class=\"wp-block-column has-text-color has-link-color wp-elements-32661c60388d2123b0bf1683c717c484 is-layout-flow wp-block-column-is-layout-flow\" style=\"color:#a1a1a1;padding-top:0;padding-bottom:0;font-size:15px;font-style:normal;font-weight:100;flex-basis:100%\"><div class=\"aioseo-breadcrumbs\"><span class=\"aioseo-breadcrumb\">\n\t\t\t<a href=\"https:\/\/academiespatiale.fr\" title=\"Home\">Home<\/a>\n\t\t<\/span><span class=\"aioseo-breadcrumb-separator\">&raquo;<\/span><span class=\"aioseo-breadcrumb\">\n\t\t\t<a href=\"https:\/\/academiespatiale.fr\/index.php\/formations\/\" title=\"Formations &amp; m\u00e9tiers\">Formations &amp; m\u00e9tiers<\/a>\n\t\t<\/span><span class=\"aioseo-breadcrumb-separator\">&raquo;<\/span><span class=\"aioseo-breadcrumb\">\n\t\t\t\u00c9coles d\u2019\u00e9t\u00e9 et d\u2019hiver\n\t\t<\/span><\/div><\/div>\n<\/div>\n","protected":false},"excerpt":{"rendered":"<p>Retrouvez ici l\u2019ensemble des \u00e9coles th\u00e9matiques organis\u00e9es tout au long de l\u2019ann\u00e9e par l\u2019Acad\u00e9mie Spatiale, propos\u00e9es par nos partenaires, ainsi que celles auxquelles nous avons pris part, notamment par l\u2019envoi de nos \u00e9tudiantes et \u00e9tudiants. Nos \u00e9coles th\u00e9matiques La Junior Space Academy Juin 2025 (2e \u00e9dition)Immersion dans l\u2019univers spatial francilien [&hellip;]<\/p>\n","protected":false},"author":1,"featured_media":0,"parent":65,"menu_order":0,"comment_status":"closed","ping_status":"closed","template":"","meta":{"_monsterinsights_skip_tracking":false,"_monsterinsights_sitenote_active":false,"_monsterinsights_sitenote_note":"","_monsterinsights_sitenote_category":0,"_EventAllDay":false,"_EventTimezone":"","_EventStartDate":"","_EventEndDate":"","_EventStartDateUTC":"","_EventEndDateUTC":"","_EventShowMap":false,"_EventShowMapLink":false,"_EventURL":"","_EventCost":"","_EventCostDescription":"","_EventCurrencySymbol":"","_EventCurrencyCode":"","_EventCurrencyPosition":"","_EventDateTimeSeparator":"","_EventTimeRangeSeparator":"","_EventOrganizerID":[],"_EventVenueID":[],"_OrganizerEmail":"","_OrganizerPhone":"","_OrganizerWebsite":"","_VenueAddress":"","_VenueCity":"","_VenueCountry":"","_VenueProvince":"","_VenueState":"","_VenueZip":"","_VenuePhone":"","_VenueURL":"","_VenueStateProvince":"","_VenueLat":"","_VenueLng":"","_VenueShowMap":false,"_VenueShowMapLink":false,"footnotes":""},"class_list":["post-1947","page","type-page","status-publish","hentry"],"aioseo_notices":[],"_links":{"self":[{"href":"https:\/\/academiespatiale.fr\/index.php\/wp-json\/wp\/v2\/pages\/1947","targetHints":{"allow":["GET"]}}],"collection":[{"href":"https:\/\/academiespatiale.fr\/index.php\/wp-json\/wp\/v2\/pages"}],"about":[{"href":"https:\/\/academiespatiale.fr\/index.php\/wp-json\/wp\/v2\/types\/page"}],"author":[{"embeddable":true,"href":"https:\/\/academiespatiale.fr\/index.php\/wp-json\/wp\/v2\/users\/1"}],"replies":[{"embeddable":true,"href":"https:\/\/academiespatiale.fr\/index.php\/wp-json\/wp\/v2\/comments?post=1947"}],"version-history":[{"count":63,"href":"https:\/\/academiespatiale.fr\/index.php\/wp-json\/wp\/v2\/pages\/1947\/revisions"}],"predecessor-version":[{"id":7143,"href":"https:\/\/academiespatiale.fr\/index.php\/wp-json\/wp\/v2\/pages\/1947\/revisions\/7143"}],"up":[{"embeddable":true,"href":"https:\/\/academiespatiale.fr\/index.php\/wp-json\/wp\/v2\/pages\/65"}],"wp:attachment":[{"href":"https:\/\/academiespatiale.fr\/index.php\/wp-json\/wp\/v2\/media?parent=1947"}],"curies":[{"name":"wp","href":"https:\/\/api.w.org\/{rel}","templated":true}]}}