{"id":10594,"date":"2026-09-03T18:00:04","date_gmt":"2026-09-03T16:00:04","guid":{"rendered":"https:\/\/academiespatiale.fr\/?page_id=10594"},"modified":"2026-09-04T17:48:05","modified_gmt":"2026-09-04T15:48:05","slug":"sommet-international-espace","status":"publish","type":"page","link":"https:\/\/academiespatiale.fr\/index.php\/formations\/programmes-pedagogiques\/infos-orientation\/sommet-international-espace\/","title":{"rendered":"Sommet international sur l&rsquo;espace \/ International Space Summit"},"content":{"rendered":"\n<div class=\"wp-block-columns alignfull has-text-color has-link-color wp-elements-1 is-layout-flex wp-container-core-columns-is-layout-6a5cf6e4 wp-block-columns-is-layout-flex\" style=\"color:#b1b1b1;margin-top:-25px;margin-bottom:20px;padding-top:0;padding-right:0;padding-bottom:0;padding-left:60px;font-size:15px\">\n<div class=\"wp-block-column has-text-color has-link-color wp-elements-2 is-layout-flow wp-block-column-is-layout-flow\" style=\"color:#a1a1a1;padding-top:0;padding-bottom:0;font-size:15px;font-style:normal;font-weight:100;flex-basis:100%\"><div class=\"wp-block-aioseo-breadcrumbs\"><div class=\"aioseo-breadcrumbs\"><span class=\"aioseo-breadcrumb\">\n\t\t\t<a href=\"https:\/\/academiespatiale.fr\" title=\"Home\">Home<\/a>\n\t\t<\/span><span class=\"aioseo-breadcrumb-separator\">&raquo;<\/span><span class=\"aioseo-breadcrumb\">\n\t\t\t<a href=\"https:\/\/academiespatiale.fr\/index.php\/formations\/\" title=\"Formations &amp; m\u00e9tiers\">Formations &amp; m\u00e9tiers<\/a>\n\t\t<\/span><span class=\"aioseo-breadcrumb-separator\">&raquo;<\/span><span class=\"aioseo-breadcrumb\">\n\t\t\t<a href=\"https:\/\/academiespatiale.fr\/index.php\/formations\/programmes-pedagogiques\/\" title=\"Programmes p\u00e9dagogiques\">Programmes p\u00e9dagogiques<\/a>\n\t\t<\/span><span class=\"aioseo-breadcrumb-separator\">&raquo;<\/span><span class=\"aioseo-breadcrumb\">\n\t\t\t<a href=\"https:\/\/academiespatiale.fr\/index.php\/formations\/programmes-pedagogiques\/infos-orientation\/\" title=\"Infos &amp; orientation\">Infos &amp; orientation<\/a>\n\t\t<\/span><span class=\"aioseo-breadcrumb-separator\">&raquo;<\/span><span class=\"aioseo-breadcrumb\">\n\t\t\tSommet international sur l\u2019espace \/ International Space Summit\n\t\t<\/span><\/div><\/div><\/div>\n<\/div>\n\n\n\n<details class=\"wp-block-details alignwide has-text-color has-link-color wp-elements-3 is-layout-flow wp-block-details-is-layout-flow\" style=\"color:#757575\"><summary>>>> Click here for the english version<\/summary>\n<div style=\"height:10px\" aria-hidden=\"true\" class=\"wp-block-spacer\"><\/div>\n\n\n\n<p class=\"wp-block-paragraph\"><strong>On September 9 and 10, 2026, the first International Space Summit will be held at the Grand Palais in Paris. Organized at the initiative of the President of the Republic, this event will bring together the global space community, including heads of state and government from around the world, representatives of international organizations, members of parliament, scientists, military officials, and astronauts.<\/strong><\/p>\n\n\n\n<p class=\"wp-block-paragraph\"><strong>The Acad\u00e9mie Spatiale d&rsquo;\u00cele-de-France has been selected as one of the eight <a href=\"https:\/\/www.diplomatie.gouv.fr\/fr\/priorites-et-actions\/grands-dossiers\/le-sommet-international-sur-l-espace\/les-partenaires-du-sommet-international-sur-l-espace\" target=\"_blank\" rel=\"noopener\">official partners<\/a> <\/strong>of the International Space Summit. This recognition highlights our role in developing, improving, and promoting space sector training programs in the Paris region, as well as our close ties with the student community, particularly through our support for student organizations.<\/p>\n\n\n\n<p class=\"wp-block-paragraph\">The Summit will also focus on the younger generations who will shape the future of space exploration. The inclusion of the Acad\u00e9mie Spatiale and Astres, the Strategic Alliance of Space Students, among the official partners underscores the Summit\u2019s clear commitment to youth.<\/p>\n\n\n<div class=\"wp-block-image\">\n<figure class=\"aligncenter size-large\"><a href=\"https:\/\/www.diplomatie.gouv.fr\/fr\/priorites-et-actions\/grands-dossiers\/le-sommet-international-sur-l-espace\" target=\"_blank\" rel=\" noopener\"><img decoding=\"async\" width=\"1024\" height=\"512\" fetchpriority=\"low\" src=\"https:\/\/academiespatiale.fr\/wp-content\/uploads\/2026\/09\/1788425191784-1024x512.jpeg\" alt=\"\" class=\"wp-image-10595\" srcset=\"https:\/\/academiespatiale.fr\/wp-content\/uploads\/2026\/09\/1788425191784-1024x512.jpeg 1024w, https:\/\/academiespatiale.fr\/wp-content\/uploads\/2026\/09\/1788425191784-300x150.jpeg 300w, https:\/\/academiespatiale.fr\/wp-content\/uploads\/2026\/09\/1788425191784-768x384.jpeg 768w, https:\/\/academiespatiale.fr\/wp-content\/uploads\/2026\/09\/1788425191784.jpeg 1280w\" sizes=\"(max-width: 1024px) 100vw, 1024px\" \/><\/a><\/figure>\n<\/div>\n\n\n<div style=\"height:10px\" aria-hidden=\"true\" class=\"wp-block-spacer\"><\/div>\n\n\n\n<div class=\"wp-block-columns alignwide is-layout-flex wp-container-core-columns-is-layout-7387b849 wp-block-columns-is-layout-flex\">\n<div class=\"wp-block-column is-layout-flow wp-block-column-is-layout-flow\">\n<div class=\"wp-block-buttons is-content-justification-center is-layout-flex wp-container-core-buttons-is-layout-3e41869c wp-block-buttons-is-layout-flex\">\n<div style=\"--wp--block-button--width: 50;\" class=\"wp-block-button has-custom-width wp-block-button__width wp-block-button__width-50\"><a class=\"wp-block-button__link has-text-align-center wp-element-button\" href=\"https:\/\/www.diplomatie.gouv.fr\/fr\/priorites-et-actions\/grands-dossiers\/le-sommet-international-sur-l-espace\" target=\"_blank\" rel=\"noopener\"><strong>Official website<\/strong><\/a><\/div>\n<\/div>\n<\/div>\n<\/div>\n\n\n\n<hr class=\"wp-block-separator has-alpha-channel-opacity\" style=\"margin-top:var(--wp--preset--spacing--70);margin-bottom:var(--wp--preset--spacing--70)\"\/>\n\n\n\n<h3 class=\"wp-block-heading has-text-align-center\">Around the Summit: Initiatives Led and Supported by the Acad\u00e9mie Spatiale<\/h3>\n\n\n\n<p class=\"wp-block-paragraph\">In conjunction with the International Space Summit, the Acad\u00e9mie Spatiale d&rsquo;\u00cele-de-France is highlighting several initiatives that illustrate its work with students, young professionals, and, more broadly, the space community. Training, professional networking events, student engagement, gender equality, and international cooperation: these projects help build bridges between industry stakeholders and prepare future generations for the major challenges facing the space sector.<\/p>\n\n\n\n<div class=\"wp-block-columns are-vertically-aligned-center is-layout-flex wp-container-core-columns-is-layout-e7230ca2 wp-block-columns-is-layout-flex\" style=\"border-width:1px;padding-top:var(--wp--preset--spacing--70);padding-right:var(--wp--preset--spacing--70);padding-bottom:var(--wp--preset--spacing--70);padding-left:var(--wp--preset--spacing--70)\">\n<div class=\"wp-block-column is-vertically-aligned-center is-layout-flow wp-block-column-is-layout-flow\" style=\"flex-basis:66.66%\">\n<p class=\"wp-block-paragraph\">SUMMIT-APPROVED EVENT<\/p>\n\n\n\n<h5 class=\"wp-block-heading\"><strong>Space Executive School<\/strong> &#8211; July 2026<\/h5>\n\n\n\n<p class=\"wp-block-paragraph\" style=\"margin-top:-10px;margin-bottom:var(--wp--preset--spacing--70)\"><em><strong>Training young professionals on the major challenges facing the space sector<\/strong><\/em><\/p>\n\n\n\n<p class=\"wp-block-paragraph\">The Space Executive School is a residential continuing education program that brings together decision-makers, experts, and emerging talent from the space sector. Accredited by the General Secretariat of the International Space Summit, the Space Executive School has facilitated discussions on the impact of the climate crisis on the space sector.<\/p>\n<\/div>\n\n\n\n<div class=\"wp-block-column is-vertically-aligned-center is-layout-flow wp-block-column-is-layout-flow\" style=\"flex-basis:33.33%\">\n<figure class=\"wp-block-image size-full is-resized\"><a href=\"https:\/\/academiespatiale.fr\/index.php\/formations\/programmes-pedagogiques\/formations-innovantes\/space-executive-school\/\" target=\"_blank\" rel=\" noopener\"><img decoding=\"async\" width=\"750\" height=\"500\" fetchpriority=\"low\" src=\"https:\/\/academiespatiale.fr\/wp-content\/uploads\/2026\/08\/SPACE-EXECUTIVE-SCHOOL-royaumont-edition_2026.png\" alt=\"\" class=\"wp-image-10482\" style=\"width:300px;height:auto\" srcset=\"https:\/\/academiespatiale.fr\/wp-content\/uploads\/2026\/08\/SPACE-EXECUTIVE-SCHOOL-royaumont-edition_2026.png 750w, https:\/\/academiespatiale.fr\/wp-content\/uploads\/2026\/08\/SPACE-EXECUTIVE-SCHOOL-royaumont-edition_2026-300x200.png 300w, https:\/\/academiespatiale.fr\/wp-content\/uploads\/2026\/08\/SPACE-EXECUTIVE-SCHOOL-royaumont-edition_2026-360x240.png 360w\" sizes=\"(max-width: 750px) 100vw, 750px\" \/><\/a><\/figure>\n<\/div>\n<\/div>\n\n\n\n<div class=\"wp-block-columns is-layout-flex wp-container-core-columns-is-layout-7387b849 wp-block-columns-is-layout-flex\">\n<div class=\"wp-block-column is-layout-flow wp-block-column-is-layout-flow\" style=\"border-width:1px;padding-top:var(--wp--preset--spacing--70);padding-right:var(--wp--preset--spacing--70);padding-bottom:var(--wp--preset--spacing--70);padding-left:var(--wp--preset--spacing--70)\">\n<h5 class=\"wp-block-heading\"><strong>Aerospace Student Federation<\/strong> &#8211; Nov. 2026<\/h5>\n\n\n\n<p class=\"wp-block-paragraph\" style=\"margin-top:-10px;margin-bottom:var(--wp--preset--spacing--70)\"><em><strong>Bringing the student community together<\/strong><\/em><\/p>\n\n\n<div class=\"wp-block-image\">\n<figure class=\"aligncenter size-full is-resized\"><img decoding=\"async\" width=\"750\" height=\"500\" fetchpriority=\"low\" src=\"https:\/\/academiespatiale.fr\/wp-content\/uploads\/2026\/09\/FEA.png\" alt=\"\" class=\"wp-image-10617\" style=\"width:300px;height:auto\" srcset=\"https:\/\/academiespatiale.fr\/wp-content\/uploads\/2026\/09\/FEA.png 750w, https:\/\/academiespatiale.fr\/wp-content\/uploads\/2026\/09\/FEA-300x200.png 300w, https:\/\/academiespatiale.fr\/wp-content\/uploads\/2026\/09\/FEA-360x240.png 360w\" sizes=\"(max-width: 750px) 100vw, 750px\" \/><\/figure>\n<\/div>\n\n\n<div style=\"height:10px\" aria-hidden=\"true\" class=\"wp-block-spacer\"><\/div>\n\n\n\n<p class=\"wp-block-paragraph\">The Academy is supporting the creation of this new federation, which aims to build a dynamic network between students and organizations in the space sector, as well as to highlight the initiatives that arise from it.<\/p>\n\n\n\n<p class=\"wp-block-paragraph\">The FEA\u2019s first student conference, currently being organized, will be held on November 28.<\/p>\n<\/div>\n\n\n\n<div class=\"wp-block-column is-layout-flow wp-block-column-is-layout-flow\" style=\"border-width:1px;padding-top:var(--wp--preset--spacing--70);padding-right:var(--wp--preset--spacing--70);padding-bottom:var(--wp--preset--spacing--70);padding-left:var(--wp--preset--spacing--70)\">\n<h5 class=\"wp-block-heading\"><strong>My Job Glasses<\/strong><\/h5>\n\n\n\n<p class=\"wp-block-paragraph\" style=\"margin-top:-10px;margin-bottom:var(--wp--preset--spacing--70)\"><em><strong>Connecting school students with college students<\/strong><\/em><\/p>\n\n\n<div class=\"wp-block-image\">\n<figure class=\"aligncenter size-full is-resized\"><a href=\"https:\/\/academiespatiale.fr\/index.php\/formations\/programmes-pedagogiques\/infos-orientation\/my-job-glasses\/\" target=\"_blank\" rel=\" noopener\"><img decoding=\"async\" width=\"750\" height=\"500\" fetchpriority=\"low\" src=\"https:\/\/academiespatiale.fr\/wp-content\/uploads\/2025\/04\/MyJobGlasses.png\" alt=\"\" class=\"wp-image-4065\" style=\"width:300px;height:auto\" srcset=\"https:\/\/academiespatiale.fr\/wp-content\/uploads\/2025\/04\/MyJobGlasses.png 750w, https:\/\/academiespatiale.fr\/wp-content\/uploads\/2025\/04\/MyJobGlasses-300x200.png 300w, https:\/\/academiespatiale.fr\/wp-content\/uploads\/2025\/04\/MyJobGlasses-360x240.png 360w\" sizes=\"(max-width: 750px) 100vw, 750px\" \/><\/a><\/figure>\n<\/div>\n\n\n<div style=\"height:10px\" aria-hidden=\"true\" class=\"wp-block-spacer\"><\/div>\n\n\n\n<p class=\"wp-block-paragraph\">The Acad\u00e9mie Spatiale d\u2019\u00cele-de-France has joined the new \u201cEntre jeunes\u201d feature on the My Job Glasses platform: middle school students and older now have the opportunity to connect with Academy students who are further along in their academic journey.<\/p>\n<\/div>\n<\/div>\n\n\n\n<div class=\"wp-block-columns is-layout-flex wp-container-core-columns-is-layout-7387b849 wp-block-columns-is-layout-flex\">\n<div class=\"wp-block-column is-layout-flow wp-block-column-is-layout-flow\" style=\"border-width:1px;padding-top:var(--wp--preset--spacing--70);padding-right:var(--wp--preset--spacing--70);padding-bottom:var(--wp--preset--spacing--70);padding-left:var(--wp--preset--spacing--70)\">\n<h5 class=\"wp-block-heading\"><strong>Podcast &#8211; Elles font l&rsquo;espace<\/strong><\/h5>\n\n\n\n<p class=\"wp-block-paragraph\" style=\"margin-top:-10px;margin-bottom:var(--wp--preset--spacing--70)\"><em><strong>A New Voice for Women in Space<\/strong><\/em><\/p>\n\n\n<div class=\"wp-block-image\">\n<figure class=\"aligncenter size-full is-resized\"><a href=\"https:\/\/academiespatiale.fr\/index.php\/2024\/10\/18\/lancement-officiel-du-podcast-elles-font-lespace\/\" target=\"_blank\" rel=\" noopener\"><img decoding=\"async\" width=\"750\" height=\"500\" fetchpriority=\"low\" src=\"https:\/\/academiespatiale.fr\/wp-content\/uploads\/2024\/10\/Podcast_Elles-font-espace.png\" alt=\"\" class=\"wp-image-2104\" style=\"width:300px;height:auto\" srcset=\"https:\/\/academiespatiale.fr\/wp-content\/uploads\/2024\/10\/Podcast_Elles-font-espace.png 750w, https:\/\/academiespatiale.fr\/wp-content\/uploads\/2024\/10\/Podcast_Elles-font-espace-300x200.png 300w, https:\/\/academiespatiale.fr\/wp-content\/uploads\/2024\/10\/Podcast_Elles-font-espace-360x240.png 360w\" sizes=\"(max-width: 750px) 100vw, 750px\" \/><\/a><\/figure>\n<\/div>\n\n\n<div style=\"height:10px\" aria-hidden=\"true\" class=\"wp-block-spacer\"><\/div>\n\n\n\n<p class=\"wp-block-paragraph\">This unique podcast aims to amplify and normalize women\u2019s voices in a field where they are still far too underrepresented. A series of personal stories presented by the nonprofit La B\u00eata-Pi and Jules Grandsire, with support by the Acad\u00e9mie Spatiale.<\/p>\n<\/div>\n\n\n\n<div class=\"wp-block-column is-layout-flow wp-block-column-is-layout-flow\" style=\"border-width:1px;padding-top:var(--wp--preset--spacing--70);padding-right:var(--wp--preset--spacing--70);padding-bottom:var(--wp--preset--spacing--70);padding-left:var(--wp--preset--spacing--70)\">\n<h5 class=\"wp-block-heading\"><strong>Hackathon SPACE 2030 <\/strong>&#8211; Janv. 2027<\/h5>\n\n\n\n<p class=\"wp-block-paragraph\" style=\"margin-top:-10px;margin-bottom:var(--wp--preset--spacing--70)\"><em><strong>Envisioning Tomorrow&rsquo;s Applications Based on Space Data<\/strong><\/em><\/p>\n\n\n<div class=\"wp-block-image\">\n<figure class=\"aligncenter size-full is-resized\"><img decoding=\"async\" width=\"1191\" height=\"842\" fetchpriority=\"low\" src=\"https:\/\/academiespatiale.fr\/wp-content\/uploads\/2026\/09\/test-SpaceDataHackathon.jpg\" alt=\"\" class=\"wp-image-10623\" style=\"aspect-ratio:3\/2;object-fit:cover;width:300px;height:auto\" srcset=\"https:\/\/academiespatiale.fr\/wp-content\/uploads\/2026\/09\/test-SpaceDataHackathon.jpg 1191w, https:\/\/academiespatiale.fr\/wp-content\/uploads\/2026\/09\/test-SpaceDataHackathon-767x542.jpg 767w, https:\/\/academiespatiale.fr\/wp-content\/uploads\/2026\/09\/test-SpaceDataHackathon-1024x724.jpg 1024w, https:\/\/academiespatiale.fr\/wp-content\/uploads\/2026\/09\/test-SpaceDataHackathon-300x212.jpg 300w\" sizes=\"(max-width: 1191px) 100vw, 1191px\" \/><\/figure>\n<\/div>\n\n\n<div style=\"height:10px\" aria-hidden=\"true\" class=\"wp-block-spacer\"><\/div>\n\n\n\n<p class=\"wp-block-paragraph\">This space data hackathon is being organized by the CMA France 2030 projects: Acad\u00e9mie Spatiale, Cap Biospace, and Cometes. It will take place January 7\u20138, 2027, simultaneously at multiple locations across France.<\/p>\n<\/div>\n<\/div>\n\n\n\n<div class=\"wp-block-columns are-vertically-aligned-center is-layout-flex wp-container-core-columns-is-layout-e7230ca2 wp-block-columns-is-layout-flex\" style=\"border-width:1px;padding-top:var(--wp--preset--spacing--70);padding-right:var(--wp--preset--spacing--70);padding-bottom:var(--wp--preset--spacing--70);padding-left:var(--wp--preset--spacing--70)\">\n<div class=\"wp-block-column is-vertically-aligned-center is-layout-flow wp-block-column-is-layout-flow\" style=\"flex-basis:66.66%\">\n<h5 class=\"wp-block-heading\"><strong>Space Academy African Meeting<\/strong> &#8211; mars 2027<\/h5>\n\n\n\n<p class=\"wp-block-paragraph\" style=\"margin-top:-10px;margin-bottom:var(--wp--preset--spacing--70)\"><em><strong>Strengthening international cooperation between Africa and Europe<\/strong><\/em><\/p>\n\n\n\n<p class=\"wp-block-paragraph\">From March 22 to 24, 2027, against the backdrop of a rapidly evolving geopolitical and diplomatic landscape, this event aims to foster a structured dialogue between African and European academic stakeholders, identify areas for collaboration, and share advances in space research, innovation, and policy.<\/p>\n<\/div>\n\n\n\n<div class=\"wp-block-column is-vertically-aligned-center is-layout-flow wp-block-column-is-layout-flow\" style=\"flex-basis:33.33%\">\n<figure class=\"wp-block-image size-large\"><img decoding=\"async\" width=\"938\" height=\"1024\" fetchpriority=\"low\" src=\"https:\/\/academiespatiale.fr\/wp-content\/uploads\/2026\/09\/image-1-938x1024.png\" alt=\"\" class=\"wp-image-10627\" style=\"aspect-ratio:3\/2;object-fit:cover;object-position:47% 33%\" srcset=\"https:\/\/academiespatiale.fr\/wp-content\/uploads\/2026\/09\/image-1-938x1024.png 938w, https:\/\/academiespatiale.fr\/wp-content\/uploads\/2026\/09\/image-1-275x300.png 275w, https:\/\/academiespatiale.fr\/wp-content\/uploads\/2026\/09\/image-1-768x838.png 768w, https:\/\/academiespatiale.fr\/wp-content\/uploads\/2026\/09\/image-1-1407x1536.png 1407w, https:\/\/academiespatiale.fr\/wp-content\/uploads\/2026\/09\/image-1-1876x2048.png 1876w, https:\/\/academiespatiale.fr\/wp-content\/uploads\/2026\/09\/image-1.png 1920w\" sizes=\"(max-width: 938px) 100vw, 938px\" \/><\/figure>\n<\/div>\n<\/div>\n\n\n\n<div class=\"wp-block-columns are-vertically-aligned-center is-layout-flex wp-container-core-columns-is-layout-7387b849 wp-block-columns-is-layout-flex\">\n<div class=\"wp-block-column is-vertically-aligned-center is-layout-flow wp-block-column-is-layout-flow\"><div class=\"wp-block-image\">\n<figure class=\"aligncenter size-large is-resized\"><img decoding=\"async\" width=\"1024\" height=\"1024\" fetchpriority=\"low\" src=\"https:\/\/academiespatiale.fr\/wp-content\/uploads\/2025\/02\/France2030_transp-1024x1024.png\" alt=\"\" class=\"wp-image-3592\" style=\"width:100px;height:auto\" srcset=\"https:\/\/academiespatiale.fr\/wp-content\/uploads\/2025\/02\/France2030_transp-1024x1024.png 1024w, https:\/\/academiespatiale.fr\/wp-content\/uploads\/2025\/02\/France2030_transp-300x300.png 300w, https:\/\/academiespatiale.fr\/wp-content\/uploads\/2025\/02\/France2030_transp-150x150.png 150w, https:\/\/academiespatiale.fr\/wp-content\/uploads\/2025\/02\/France2030_transp-768x768.png 768w, https:\/\/academiespatiale.fr\/wp-content\/uploads\/2025\/02\/France2030_transp.png 1200w\" sizes=\"(max-width: 1024px) 100vw, 1024px\" \/><\/figure>\n<\/div><\/div>\n\n\n\n<div class=\"wp-block-column is-vertically-aligned-center is-layout-flow wp-block-column-is-layout-flow\"><div class=\"wp-block-image\">\n<figure class=\"aligncenter size-full is-resized\"><img decoding=\"async\" width=\"788\" height=\"571\" fetchpriority=\"low\" src=\"https:\/\/academiespatiale.fr\/wp-content\/uploads\/2026\/09\/ASIDF_logo_carre_CMJN.png\" alt=\"\" class=\"wp-image-10635\" style=\"width:200px;height:auto\" srcset=\"https:\/\/academiespatiale.fr\/wp-content\/uploads\/2026\/09\/ASIDF_logo_carre_CMJN.png 788w, https:\/\/academiespatiale.fr\/wp-content\/uploads\/2026\/09\/ASIDF_logo_carre_CMJN-300x217.png 300w, https:\/\/academiespatiale.fr\/wp-content\/uploads\/2026\/09\/ASIDF_logo_carre_CMJN-768x557.png 768w\" sizes=\"(max-width: 788px) 100vw, 788px\" \/><\/figure>\n<\/div><\/div>\n\n\n\n<div class=\"wp-block-column is-vertically-aligned-center is-layout-flow wp-block-column-is-layout-flow\"><div class=\"wp-block-image\">\n<figure class=\"aligncenter size-large is-resized\"><img decoding=\"async\" width=\"1024\" height=\"262\" fetchpriority=\"low\" src=\"https:\/\/academiespatiale.fr\/wp-content\/uploads\/2026\/08\/ANR-logo-2021-complet-1024x262.jpg\" alt=\"\" class=\"wp-image-10513\" style=\"width:200px;height:auto\" srcset=\"https:\/\/academiespatiale.fr\/wp-content\/uploads\/2026\/08\/ANR-logo-2021-complet-1024x262.jpg 1024w, https:\/\/academiespatiale.fr\/wp-content\/uploads\/2026\/08\/ANR-logo-2021-complet-300x77.jpg 300w, https:\/\/academiespatiale.fr\/wp-content\/uploads\/2026\/08\/ANR-logo-2021-complet-768x197.jpg 768w, https:\/\/academiespatiale.fr\/wp-content\/uploads\/2026\/08\/ANR-logo-2021-complet-1536x394.jpg 1536w, https:\/\/academiespatiale.fr\/wp-content\/uploads\/2026\/08\/ANR-logo-2021-complet.jpg 1939w\" sizes=\"(max-width: 1024px) 100vw, 1024px\" \/><\/figure>\n<\/div><\/div>\n<\/div>\n\n\n\n<figure class=\"wp-block-image size-large\"><img decoding=\"async\" width=\"1024\" height=\"72\" fetchpriority=\"low\" src=\"https:\/\/academiespatiale.fr\/wp-content\/uploads\/2024\/05\/Frise_logosCMA-HDD-1024x72.png\" alt=\"\" class=\"wp-image-1001\" srcset=\"https:\/\/academiespatiale.fr\/wp-content\/uploads\/2024\/05\/Frise_logosCMA-HDD-1024x72.png 1024w, https:\/\/academiespatiale.fr\/wp-content\/uploads\/2024\/05\/Frise_logosCMA-HDD-300x21.png 300w, https:\/\/academiespatiale.fr\/wp-content\/uploads\/2024\/05\/Frise_logosCMA-HDD-768x54.png 768w, https:\/\/academiespatiale.fr\/wp-content\/uploads\/2024\/05\/Frise_logosCMA-HDD-1536x108.png 1536w, https:\/\/academiespatiale.fr\/wp-content\/uploads\/2024\/05\/Frise_logosCMA-HDD-2048x143.png 2048w\" sizes=\"(max-width: 1024px) 100vw, 1024px\" \/><\/figure>\n\n\n\n<div style=\"height:100px\" aria-hidden=\"true\" class=\"wp-block-spacer\"><\/div>\n<\/details>\n\n\n\n<hr class=\"wp-block-separator has-alpha-channel-opacity\"\/>\n\n\n\n<p class=\"alignwide wp-block-paragraph\"><strong>Les 9 et 10 septembre 2026, se tiendra au Grand Palais \u00e0 Paris, le premier Sommet international sur l&rsquo;espace. \u00c0 l&rsquo;initiative du Pr\u00e9sident de la R\u00e9publique, cet \u00e9v\u00e8nement r\u00e9unira la communaut\u00e9 spatiale mondiale, notamment des chefs d&rsquo;\u00c9tat et de gouvernement du monde entier, des repr\u00e9sentant\u00b7es d&rsquo;organisations internationales, des parlementaires, des scientifiques, des militaires et des astonautes.<\/strong><\/p>\n\n\n\n<p class=\"alignwide wp-block-paragraph\"><strong>L&rsquo;Acad\u00e9mie Spatiale d&rsquo;\u00cele-de-France a \u00e9t\u00e9 choisie pour faire partie des huit <a href=\"https:\/\/www.diplomatie.gouv.fr\/fr\/priorites-et-actions\/grands-dossiers\/le-sommet-international-sur-l-espace\/les-partenaires-du-sommet-international-sur-l-espace\" target=\"_blank\" rel=\"noopener\">partenaires officiels <\/a>du Sommet international sur l&rsquo;espace. <\/strong>Cette reconnaissance souligne notre r\u00f4le dans la structuration, l&rsquo;am\u00e9lioration et la diffusion des formations du secteur spatial en \u00cele-de-France, ainsi que nos liens \u00e9troits avec sa communaut\u00e9 \u00e9tudiante, notamment \u00e0 travers notre soutien aux associations \u00e9tudiantes.<\/p>\n\n\n\n<p class=\"alignwide wp-block-paragraph\">Le Sommet sera \u00e9galement tourn\u00e9 vers les nouvelles g\u00e9n\u00e9rations qui construiront le spatial de demain. La pr\u00e9sence de l&rsquo;Acad\u00e9mie Spatiale et d&rsquo;Astres, l&rsquo;Alliance Strat\u00e9gique des \u00c9tudiants du Spatial, parmi les partenaires officiels illustre l&rsquo;engagement clair du Sommet envers la jeunesse.<\/p>\n\n\n\n<figure class=\"wp-block-image alignwide size-large\"><a href=\"https:\/\/www.diplomatie.gouv.fr\/fr\/priorites-et-actions\/grands-dossiers\/le-sommet-international-sur-l-espace\" target=\"_blank\" rel=\" noopener\"><img loading=\"lazy\" decoding=\"async\" width=\"1024\" height=\"512\" src=\"https:\/\/academiespatiale.fr\/wp-content\/uploads\/2026\/09\/1788425191784-1024x512.jpeg\" alt=\"\" class=\"wp-image-10595\" srcset=\"https:\/\/academiespatiale.fr\/wp-content\/uploads\/2026\/09\/1788425191784-1024x512.jpeg 1024w, https:\/\/academiespatiale.fr\/wp-content\/uploads\/2026\/09\/1788425191784-300x150.jpeg 300w, https:\/\/academiespatiale.fr\/wp-content\/uploads\/2026\/09\/1788425191784-768x384.jpeg 768w, https:\/\/academiespatiale.fr\/wp-content\/uploads\/2026\/09\/1788425191784.jpeg 1280w\" sizes=\"auto, (max-width: 1024px) 100vw, 1024px\" \/><\/a><\/figure>\n\n\n\n<div style=\"height:10px\" aria-hidden=\"true\" class=\"wp-block-spacer\"><\/div>\n\n\n\n<div class=\"wp-block-columns alignwide is-layout-flex wp-container-core-columns-is-layout-7387b849 wp-block-columns-is-layout-flex\">\n<div class=\"wp-block-column is-layout-flow wp-block-column-is-layout-flow\">\n<div class=\"wp-block-buttons alignwide is-content-justification-center is-layout-flex wp-container-core-buttons-is-layout-3e41869c wp-block-buttons-is-layout-flex\">\n<div style=\"--wp--block-button--width: 50;\" class=\"wp-block-button has-custom-width wp-block-button__width wp-block-button__width-50\"><a class=\"wp-block-button__link wp-element-button\" href=\"https:\/\/www.diplomatie.gouv.fr\/fr\/priorites-et-actions\/grands-dossiers\/le-sommet-international-sur-l-espace\" target=\"_blank\" rel=\"noopener\"><strong>Page officielle<\/strong><\/a><\/div>\n<\/div>\n<\/div>\n<\/div>\n\n\n\n<hr class=\"wp-block-separator has-alpha-channel-opacity\" style=\"margin-top:var(--wp--preset--spacing--70);margin-bottom:var(--wp--preset--spacing--70)\"\/>\n\n\n\n<h3 class=\"wp-block-heading has-text-align-center alignwide\">Autour du Sommet : les initiatives port\u00e9es et soutenues par l&rsquo;Acad\u00e9mie Spatiale<\/h3>\n\n\n\n<p class=\"alignwide wp-block-paragraph\">\u00c0 l&rsquo;occasion du Sommet international sur l&rsquo;espace, l&rsquo;Acad\u00e9mie Spatiale d&rsquo;\u00cele-de-France met en lumi\u00e8re plusieurs initiatives qui illustrent son action aupr\u00e8s des \u00e9tudiant\u00b7es, des jeunes professionnels et, plus largement, de la communaut\u00e9 spatiale. Formation, rencontres professionnelles, engagement \u00e9tudiant, \u00e9galit\u00e9 femmes-hommes et coop\u00e9ration internationale : ces projets contribuent \u00e0 cr\u00e9er des passerelles entre les acteurs du secteur et \u00e0 pr\u00e9parer les futures g\u00e9n\u00e9rations aux grands enjeux du spatial.<\/p>\n\n\n\n<div class=\"wp-block-columns alignwide are-vertically-aligned-center is-layout-flex wp-container-core-columns-is-layout-e7230ca2 wp-block-columns-is-layout-flex\" style=\"border-width:1px;padding-top:var(--wp--preset--spacing--70);padding-right:var(--wp--preset--spacing--70);padding-bottom:var(--wp--preset--spacing--70);padding-left:var(--wp--preset--spacing--70)\">\n<div class=\"wp-block-column is-vertically-aligned-center is-layout-flow wp-block-column-is-layout-flow\" style=\"flex-basis:66.66%\">\n<p class=\"wp-block-paragraph\">\u00c9V\u00c8NEMENT LABELLIS\u00c9 POUR LE SOMMET<\/p>\n\n\n\n<h5 class=\"wp-block-heading\"><strong>Space Executive School<\/strong> &#8211; Juil. 2026<\/h5>\n\n\n\n<p class=\"wp-block-paragraph\" style=\"margin-top:-10px;margin-bottom:var(--wp--preset--spacing--70)\"><em><strong>Former les jeunes professionnels aux grands enjeux du secteur spatial<\/strong><\/em><\/p>\n\n\n\n<p class=\"wp-block-paragraph\">La Space Executive School est un programme r\u00e9sidentiel de formation continue r\u00e9unissant d\u00e9cideurs, d\u00e9cideuses, expert\u00b7es et talents \u00e9mergents du secteur spatial. Labellis\u00e9e par le Secr\u00e9tariat g\u00e9n\u00e9ral pour le Sommet International sur l\u2019Espace, la Space Executive School a permis d\u2019\u00e9changer sur l\u2019impact de la crise climatique dans le spatial.<\/p>\n<\/div>\n\n\n\n<div class=\"wp-block-column is-vertically-aligned-center is-layout-flow wp-block-column-is-layout-flow\" style=\"flex-basis:33.33%\">\n<figure class=\"wp-block-image size-full is-resized\"><a href=\"https:\/\/academiespatiale.fr\/index.php\/formations\/programmes-pedagogiques\/formations-innovantes\/space-executive-school\/\" target=\"_blank\" rel=\" noopener\"><img loading=\"lazy\" decoding=\"async\" width=\"750\" height=\"500\" src=\"https:\/\/academiespatiale.fr\/wp-content\/uploads\/2026\/08\/SPACE-EXECUTIVE-SCHOOL-royaumont-edition_2026.png\" alt=\"\" class=\"wp-image-10482\" style=\"width:300px;height:auto\" srcset=\"https:\/\/academiespatiale.fr\/wp-content\/uploads\/2026\/08\/SPACE-EXECUTIVE-SCHOOL-royaumont-edition_2026.png 750w, https:\/\/academiespatiale.fr\/wp-content\/uploads\/2026\/08\/SPACE-EXECUTIVE-SCHOOL-royaumont-edition_2026-300x200.png 300w, https:\/\/academiespatiale.fr\/wp-content\/uploads\/2026\/08\/SPACE-EXECUTIVE-SCHOOL-royaumont-edition_2026-360x240.png 360w\" sizes=\"auto, (max-width: 750px) 100vw, 750px\" \/><\/a><\/figure>\n<\/div>\n<\/div>\n\n\n\n<div class=\"wp-block-columns alignwide is-layout-flex wp-container-core-columns-is-layout-7387b849 wp-block-columns-is-layout-flex\">\n<div class=\"wp-block-column is-layout-flow wp-block-column-is-layout-flow\" style=\"border-width:1px;padding-top:var(--wp--preset--spacing--70);padding-right:var(--wp--preset--spacing--70);padding-bottom:var(--wp--preset--spacing--70);padding-left:var(--wp--preset--spacing--70)\">\n<h5 class=\"wp-block-heading\"><strong>F\u00e9d\u00e9ration \u00c9tudiante de l&rsquo;A\u00e9rospatiale<\/strong> &#8211; Nov. 2026<\/h5>\n\n\n\n<p class=\"wp-block-paragraph\" style=\"margin-top:-10px;margin-bottom:var(--wp--preset--spacing--70)\"><em><strong>F\u00e9d\u00e9rer la communaut\u00e9 \u00e9tudiante<\/strong><\/em><\/p>\n\n\n<div class=\"wp-block-image\">\n<figure class=\"aligncenter size-full is-resized\"><img loading=\"lazy\" decoding=\"async\" width=\"750\" height=\"500\" src=\"https:\/\/academiespatiale.fr\/wp-content\/uploads\/2026\/09\/FEA.png\" alt=\"\" class=\"wp-image-10617\" style=\"width:300px;height:auto\" srcset=\"https:\/\/academiespatiale.fr\/wp-content\/uploads\/2026\/09\/FEA.png 750w, https:\/\/academiespatiale.fr\/wp-content\/uploads\/2026\/09\/FEA-300x200.png 300w, https:\/\/academiespatiale.fr\/wp-content\/uploads\/2026\/09\/FEA-360x240.png 360w\" sizes=\"auto, (max-width: 750px) 100vw, 750px\" \/><\/figure>\n<\/div>\n\n\n<div style=\"height:10px\" aria-hidden=\"true\" class=\"wp-block-spacer\"><\/div>\n\n\n\n<p class=\"wp-block-paragraph\">L&rsquo;Acad\u00e9mie accompagne la cr\u00e9ation de cette nouvelle f\u00e9d\u00e9ration qui a pour vocation de cr\u00e9er un r\u00e9seau dynamique entre les \u00e9tudiant\u00b7es et les associations du secteur spatial, ainsi qu&rsquo;\u00e0 de mettre en lumi\u00e8re les initiatives qui en d\u00e9coulent. <\/p>\n\n\n\n<p class=\"wp-block-paragraph\">Le premier cong\u00e8s \u00e9tudiants de la FEA, en cours d&rsquo;organisation, se tiendra le 28 novembre.<\/p>\n<\/div>\n\n\n\n<div class=\"wp-block-column is-layout-flow wp-block-column-is-layout-flow\" style=\"border-width:1px;padding-top:var(--wp--preset--spacing--70);padding-right:var(--wp--preset--spacing--70);padding-bottom:var(--wp--preset--spacing--70);padding-left:var(--wp--preset--spacing--70)\">\n<h5 class=\"wp-block-heading\"><strong>My Job Glasses<\/strong><\/h5>\n\n\n\n<p class=\"wp-block-paragraph\" style=\"margin-top:-10px;margin-bottom:var(--wp--preset--spacing--70)\"><em><strong>Mises en contact des plus jeunes avec les \u00e9tudiant\u00b7es<\/strong><\/em><\/p>\n\n\n<div class=\"wp-block-image\">\n<figure class=\"aligncenter size-full is-resized\"><a href=\"https:\/\/academiespatiale.fr\/index.php\/formations\/programmes-pedagogiques\/infos-orientation\/my-job-glasses\/\" target=\"_blank\" rel=\" noopener\"><img loading=\"lazy\" decoding=\"async\" width=\"750\" height=\"500\" src=\"https:\/\/academiespatiale.fr\/wp-content\/uploads\/2025\/04\/MyJobGlasses.png\" alt=\"\" class=\"wp-image-4065\" style=\"width:300px;height:auto\" srcset=\"https:\/\/academiespatiale.fr\/wp-content\/uploads\/2025\/04\/MyJobGlasses.png 750w, https:\/\/academiespatiale.fr\/wp-content\/uploads\/2025\/04\/MyJobGlasses-300x200.png 300w, https:\/\/academiespatiale.fr\/wp-content\/uploads\/2025\/04\/MyJobGlasses-360x240.png 360w\" sizes=\"auto, (max-width: 750px) 100vw, 750px\" \/><\/a><\/figure>\n<\/div>\n\n\n<div style=\"height:10px\" aria-hidden=\"true\" class=\"wp-block-spacer\"><\/div>\n\n\n\n<p class=\"wp-block-paragraph\">L\u2019Acad\u00e9mie Spatiale d\u2019\u00cele-de-France rejoint la nouvelle fonctionnalit\u00e9 \u00ab&nbsp;Entre jeunes&nbsp;\u00bb de la plateforme My Job Glasses : les jeunes d\u00e8s le coll\u00e8ge ont la possibilit\u00e9 d\u2019\u00e9changer avec des \u00e9tudiantes et des \u00e9tudiants de l&rsquo;Acad\u00e9mie plus avanc\u00e9s qu\u2019eux dans leur parcours.<\/p>\n<\/div>\n<\/div>\n\n\n\n<div class=\"wp-block-columns alignwide is-layout-flex wp-container-core-columns-is-layout-7387b849 wp-block-columns-is-layout-flex\">\n<div class=\"wp-block-column is-layout-flow wp-block-column-is-layout-flow\" style=\"border-width:1px;padding-top:var(--wp--preset--spacing--70);padding-right:var(--wp--preset--spacing--70);padding-bottom:var(--wp--preset--spacing--70);padding-left:var(--wp--preset--spacing--70)\">\n<h5 class=\"wp-block-heading\"><strong>Podcast &#8211; Elles font l&rsquo;espace<\/strong><\/h5>\n\n\n\n<p class=\"wp-block-paragraph\" style=\"margin-top:-10px;margin-bottom:var(--wp--preset--spacing--70)\"><em><strong>Une nouvelle voix pour les femmes du spatial<\/strong><\/em><\/p>\n\n\n<div class=\"wp-block-image\">\n<figure class=\"aligncenter size-full is-resized\"><a href=\"https:\/\/academiespatiale.fr\/index.php\/2024\/10\/18\/lancement-officiel-du-podcast-elles-font-lespace\/\" target=\"_blank\" rel=\" noopener\"><img loading=\"lazy\" decoding=\"async\" width=\"750\" height=\"500\" src=\"https:\/\/academiespatiale.fr\/wp-content\/uploads\/2024\/10\/Podcast_Elles-font-espace.png\" alt=\"\" class=\"wp-image-2104\" style=\"width:300px;height:auto\" srcset=\"https:\/\/academiespatiale.fr\/wp-content\/uploads\/2024\/10\/Podcast_Elles-font-espace.png 750w, https:\/\/academiespatiale.fr\/wp-content\/uploads\/2024\/10\/Podcast_Elles-font-espace-300x200.png 300w, https:\/\/academiespatiale.fr\/wp-content\/uploads\/2024\/10\/Podcast_Elles-font-espace-360x240.png 360w\" sizes=\"auto, (max-width: 750px) 100vw, 750px\" \/><\/a><\/figure>\n<\/div>\n\n\n<div style=\"height:10px\" aria-hidden=\"true\" class=\"wp-block-spacer\"><\/div>\n\n\n\n<p class=\"wp-block-paragraph\">Ce podcast unique a pour ambition d\u2019amplifier et de normaliser les voix f\u00e9minines dans un domaine o\u00f9 elles sont encore trop sous-repr\u00e9sent\u00e9es. Une s\u00e9rie de t\u00e9moignages propos\u00e9e par l&rsquo;association La B\u00eata-Pi et Jules Grandsire, et soutenu par l&rsquo;Acad\u00e9mie Spatiale.<\/p>\n<\/div>\n\n\n\n<div class=\"wp-block-column is-layout-flow wp-block-column-is-layout-flow\" style=\"border-width:1px;padding-top:var(--wp--preset--spacing--70);padding-right:var(--wp--preset--spacing--70);padding-bottom:var(--wp--preset--spacing--70);padding-left:var(--wp--preset--spacing--70)\">\n<h5 class=\"wp-block-heading\"><strong>Hackathon SPACE 2030 <\/strong>&#8211; Janv. 2027<\/h5>\n\n\n\n<p class=\"wp-block-paragraph\" style=\"margin-top:-10px;margin-bottom:var(--wp--preset--spacing--70)\"><em><strong>Imaginer les application de demain \u00e0 partir des donn\u00e9es spatiales<\/strong><\/em><\/p>\n\n\n<div class=\"wp-block-image\">\n<figure class=\"aligncenter size-full is-resized\"><img loading=\"lazy\" decoding=\"async\" width=\"1191\" height=\"842\" src=\"https:\/\/academiespatiale.fr\/wp-content\/uploads\/2026\/09\/test-SpaceDataHackathon.jpg\" alt=\"\" class=\"wp-image-10623\" style=\"aspect-ratio:3\/2;object-fit:cover;width:300px;height:auto\" srcset=\"https:\/\/academiespatiale.fr\/wp-content\/uploads\/2026\/09\/test-SpaceDataHackathon.jpg 1191w, https:\/\/academiespatiale.fr\/wp-content\/uploads\/2026\/09\/test-SpaceDataHackathon-767x542.jpg 767w, https:\/\/academiespatiale.fr\/wp-content\/uploads\/2026\/09\/test-SpaceDataHackathon-1024x724.jpg 1024w, https:\/\/academiespatiale.fr\/wp-content\/uploads\/2026\/09\/test-SpaceDataHackathon-300x212.jpg 300w\" sizes=\"auto, (max-width: 1191px) 100vw, 1191px\" \/><\/figure>\n<\/div>\n\n\n<div style=\"height:10px\" aria-hidden=\"true\" class=\"wp-block-spacer\"><\/div>\n\n\n\n<p class=\"wp-block-paragraph\">Ce hackathon sur les donn\u00e9es spatiales est lanc\u00e9 par les projets CMA France 2030 : Acad\u00e9mie Spatiale, Cap Biospace et Cometes. Il se tiendra du 7 au 8 janvier 2027 en simultan\u00e9 dans plusieurs lieux en France.<\/p>\n<\/div>\n<\/div>\n\n\n\n<div class=\"wp-block-columns alignwide are-vertically-aligned-center is-layout-flex wp-container-core-columns-is-layout-e7230ca2 wp-block-columns-is-layout-flex\" style=\"border-width:1px;padding-top:var(--wp--preset--spacing--70);padding-right:var(--wp--preset--spacing--70);padding-bottom:var(--wp--preset--spacing--70);padding-left:var(--wp--preset--spacing--70)\">\n<div class=\"wp-block-column is-vertically-aligned-center is-layout-flow wp-block-column-is-layout-flow\" style=\"flex-basis:66.66%\">\n<h5 class=\"wp-block-heading\"><strong>Space Academy African Meeting<\/strong> &#8211; mars 2027<\/h5>\n\n\n\n<p class=\"wp-block-paragraph\" style=\"margin-top:-10px;margin-bottom:var(--wp--preset--spacing--70)\"><em><strong>D\u00e9velopper les coop\u00e9rations internationales entre l&rsquo;Afrique et l&rsquo;Europe<\/strong><\/em><\/p>\n\n\n\n<p class=\"wp-block-paragraph\">Du 22 au 24 mars 2027, dans un contexte g\u00e9opolitique et diplomatique en pleine recomposition, cet \u00e9v\u00e8nement \u00e0 pour ambition de cr\u00e9er un dialogue structur\u00e9 entre les acteurs acad\u00e9miques africains et europ\u00e9ens, d&rsquo;identifier des axes de collaborations et de partager les avanc\u00e9es en recherche, innovation et politiques spatiales.<\/p>\n<\/div>\n\n\n\n<div class=\"wp-block-column is-vertically-aligned-center is-layout-flow wp-block-column-is-layout-flow\" style=\"flex-basis:33.33%\">\n<figure class=\"wp-block-image size-large\"><img loading=\"lazy\" decoding=\"async\" width=\"938\" height=\"1024\" src=\"https:\/\/academiespatiale.fr\/wp-content\/uploads\/2026\/09\/image-1-938x1024.png\" alt=\"\" class=\"wp-image-10627\" style=\"aspect-ratio:3\/2;object-fit:cover;object-position:47% 33%\" srcset=\"https:\/\/academiespatiale.fr\/wp-content\/uploads\/2026\/09\/image-1-938x1024.png 938w, https:\/\/academiespatiale.fr\/wp-content\/uploads\/2026\/09\/image-1-275x300.png 275w, https:\/\/academiespatiale.fr\/wp-content\/uploads\/2026\/09\/image-1-768x838.png 768w, https:\/\/academiespatiale.fr\/wp-content\/uploads\/2026\/09\/image-1-1407x1536.png 1407w, https:\/\/academiespatiale.fr\/wp-content\/uploads\/2026\/09\/image-1-1876x2048.png 1876w, https:\/\/academiespatiale.fr\/wp-content\/uploads\/2026\/09\/image-1.png 1920w\" sizes=\"auto, (max-width: 938px) 100vw, 938px\" \/><\/figure>\n<\/div>\n<\/div>\n\n\n\n<div class=\"wp-block-columns are-vertically-aligned-center is-layout-flex wp-container-core-columns-is-layout-7387b849 wp-block-columns-is-layout-flex\">\n<div class=\"wp-block-column is-vertically-aligned-center is-layout-flow wp-block-column-is-layout-flow\"><div class=\"wp-block-image\">\n<figure class=\"aligncenter size-large is-resized\"><img loading=\"lazy\" decoding=\"async\" width=\"1024\" height=\"1024\" src=\"https:\/\/academiespatiale.fr\/wp-content\/uploads\/2025\/02\/France2030_transp-1024x1024.png\" alt=\"\" class=\"wp-image-3592\" style=\"width:100px;height:auto\" srcset=\"https:\/\/academiespatiale.fr\/wp-content\/uploads\/2025\/02\/France2030_transp-1024x1024.png 1024w, https:\/\/academiespatiale.fr\/wp-content\/uploads\/2025\/02\/France2030_transp-300x300.png 300w, https:\/\/academiespatiale.fr\/wp-content\/uploads\/2025\/02\/France2030_transp-150x150.png 150w, https:\/\/academiespatiale.fr\/wp-content\/uploads\/2025\/02\/France2030_transp-768x768.png 768w, https:\/\/academiespatiale.fr\/wp-content\/uploads\/2025\/02\/France2030_transp.png 1200w\" sizes=\"auto, (max-width: 1024px) 100vw, 1024px\" \/><\/figure>\n<\/div><\/div>\n\n\n\n<div class=\"wp-block-column is-vertically-aligned-center is-layout-flow wp-block-column-is-layout-flow\"><div class=\"wp-block-image\">\n<figure class=\"aligncenter size-full is-resized\"><img loading=\"lazy\" decoding=\"async\" width=\"788\" height=\"571\" src=\"https:\/\/academiespatiale.fr\/wp-content\/uploads\/2026\/09\/ASIDF_logo_carre_CMJN.png\" alt=\"\" class=\"wp-image-10635\" style=\"width:200px;height:auto\" srcset=\"https:\/\/academiespatiale.fr\/wp-content\/uploads\/2026\/09\/ASIDF_logo_carre_CMJN.png 788w, https:\/\/academiespatiale.fr\/wp-content\/uploads\/2026\/09\/ASIDF_logo_carre_CMJN-300x217.png 300w, https:\/\/academiespatiale.fr\/wp-content\/uploads\/2026\/09\/ASIDF_logo_carre_CMJN-768x557.png 768w\" sizes=\"auto, (max-width: 788px) 100vw, 788px\" \/><\/figure>\n<\/div><\/div>\n\n\n\n<div class=\"wp-block-column is-vertically-aligned-center is-layout-flow wp-block-column-is-layout-flow\"><div class=\"wp-block-image\">\n<figure class=\"aligncenter size-large is-resized\"><img loading=\"lazy\" decoding=\"async\" width=\"1024\" height=\"262\" src=\"https:\/\/academiespatiale.fr\/wp-content\/uploads\/2026\/08\/ANR-logo-2021-complet-1024x262.jpg\" alt=\"\" class=\"wp-image-10513\" style=\"width:200px;height:auto\" srcset=\"https:\/\/academiespatiale.fr\/wp-content\/uploads\/2026\/08\/ANR-logo-2021-complet-1024x262.jpg 1024w, https:\/\/academiespatiale.fr\/wp-content\/uploads\/2026\/08\/ANR-logo-2021-complet-300x77.jpg 300w, https:\/\/academiespatiale.fr\/wp-content\/uploads\/2026\/08\/ANR-logo-2021-complet-768x197.jpg 768w, https:\/\/academiespatiale.fr\/wp-content\/uploads\/2026\/08\/ANR-logo-2021-complet-1536x394.jpg 1536w, https:\/\/academiespatiale.fr\/wp-content\/uploads\/2026\/08\/ANR-logo-2021-complet.jpg 1939w\" sizes=\"auto, (max-width: 1024px) 100vw, 1024px\" \/><\/figure>\n<\/div><\/div>\n<\/div>\n\n\n\n<figure class=\"wp-block-image alignwide size-large\"><img loading=\"lazy\" decoding=\"async\" width=\"1024\" height=\"72\" src=\"https:\/\/academiespatiale.fr\/wp-content\/uploads\/2024\/05\/Frise_logosCMA-HDD-1024x72.png\" alt=\"\" class=\"wp-image-1001\" srcset=\"https:\/\/academiespatiale.fr\/wp-content\/uploads\/2024\/05\/Frise_logosCMA-HDD-1024x72.png 1024w, https:\/\/academiespatiale.fr\/wp-content\/uploads\/2024\/05\/Frise_logosCMA-HDD-300x21.png 300w, https:\/\/academiespatiale.fr\/wp-content\/uploads\/2024\/05\/Frise_logosCMA-HDD-768x54.png 768w, https:\/\/academiespatiale.fr\/wp-content\/uploads\/2024\/05\/Frise_logosCMA-HDD-1536x108.png 1536w, https:\/\/academiespatiale.fr\/wp-content\/uploads\/2024\/05\/Frise_logosCMA-HDD-2048x143.png 2048w\" sizes=\"auto, (max-width: 1024px) 100vw, 1024px\" \/><\/figure>\n\n\n\n<div style=\"height:100px\" aria-hidden=\"true\" class=\"wp-block-spacer\"><\/div>\n","protected":false},"excerpt":{"rendered":"<p>Les 9 et 10 septembre 2026, se tiendra au Grand Palais \u00e0 Paris, le premier Sommet international sur l&rsquo;espace. \u00c0 l&rsquo;initiative du Pr\u00e9sident de la R\u00e9publique, cet \u00e9v\u00e8nement r\u00e9unira la communaut\u00e9 spatiale mondiale, notamment des chefs d&rsquo;\u00c9tat et de gouvernement du monde entier, des repr\u00e9sentant\u00b7es d&rsquo;organisations internationales, des parlementaires, des [&hellip;]<\/p>\n","protected":false},"author":1,"featured_media":10642,"parent":8066,"menu_order":0,"comment_status":"closed","ping_status":"closed","template":"","meta":{"_monsterinsights_skip_tracking":false,"_EventAllDay":false,"_EventTimezone":"","_EventStartDate":"","_EventEndDate":"","_EventStartDateUTC":"","_EventEndDateUTC":"","_EventShowMap":false,"_EventShowMapLink":false,"_EventURL":"","_EventCost":"","_EventCostDescription":"","_EventCurrencySymbol":"","_EventCurrencyCode":"","_EventCurrencyPosition":"","_EventDateTimeSeparator":"","_EventTimeRangeSeparator":"","_EventOrganizerID":[],"_EventVenueID":[],"_OrganizerEmail":"","_OrganizerPhone":"","_OrganizerWebsite":"","_VenueAddress":"","_VenueCity":"","_VenueCountry":"","_VenueProvince":"","_VenueState":"","_VenueZip":"","_VenuePhone":"","_VenueURL":"","_VenueStateProvince":"","_VenueLat":"","_VenueLng":"","_VenueShowMap":false,"_VenueShowMapLink":false,"footnotes":""},"class_list":["post-10594","page","type-page","status-publish","has-post-thumbnail","hentry"],"aioseo_notices":[],"aioseo_head":"\n\t\t<!-- All in One SEO 5.0.1.1 - aioseo.com -->\n\t<meta name=\"description\" content=\"&gt;&gt;&gt; Click here for the english version On September 9 and 10, 2026, the first International Space Summit will be held at the Grand Palais in Paris. Organized at the initiative of the President of the Republic, this event will bring together the global space community, including heads of state and government from around the\" \/>\n\t<meta name=\"robots\" content=\"max-image-preview:large\" \/>\n\t<link rel=\"canonical\" href=\"https:\/\/academiespatiale.fr\/index.php\/formations\/programmes-pedagogiques\/infos-orientation\/sommet-international-espace\/\" \/>\n\t<meta name=\"generator\" content=\"All in One SEO (AIOSEO) 5.0.1.1\" \/>\n\t\t<meta property=\"og:locale\" content=\"fr_FR\" \/>\n\t\t<meta property=\"og:site_name\" content=\"Acad\u00e9mie Spatiale d&#039;\u00cele-de-France - Ensemble pour un nouvel espace durable pour tous et toutes\" \/>\n\t\t<meta property=\"og:type\" content=\"article\" \/>\n\t\t<meta property=\"og:title\" content=\"Sommet international sur l\u2019espace \/ International Space Summit - Acad\u00e9mie Spatiale d&#039;\u00cele-de-France\" \/>\n\t\t<meta property=\"og:description\" content=\"&gt;&gt;&gt; Click here for the english version On September 9 and 10, 2026, the first International Space Summit will be held at the Grand Palais in Paris. Organized at the initiative of the President of the Republic, this event will bring together the global space community, including heads of state and government from around the\" \/>\n\t\t<meta property=\"og:url\" content=\"https:\/\/academiespatiale.fr\/index.php\/formations\/programmes-pedagogiques\/infos-orientation\/sommet-international-espace\/\" \/>\n\t\t<meta property=\"og:image\" content=\"https:\/\/academiespatiale.fr\/wp-content\/uploads\/2026\/09\/Sommet-Inter-Espace_partenaire_2026.png\" \/>\n\t\t<meta property=\"og:image:secure_url\" content=\"https:\/\/academiespatiale.fr\/wp-content\/uploads\/2026\/09\/Sommet-Inter-Espace_partenaire_2026.png\" \/>\n\t\t<meta property=\"og:image:width\" content=\"750\" \/>\n\t\t<meta property=\"og:image:height\" content=\"500\" \/>\n\t\t<meta property=\"article:published_time\" content=\"2026-09-03T16:00:04+00:00\" \/>\n\t\t<meta property=\"article:modified_time\" content=\"2026-09-04T15:48:05+00:00\" \/>\n\t\t<meta property=\"article:publisher\" content=\"https:\/\/www.facebook.com\/people\/Acadmie-Spatiale-dle-de-France\/61560696669781\/\" \/>\n\t\t<meta name=\"twitter:card\" content=\"summary_large_image\" \/>\n\t\t<meta name=\"twitter:site\" content=\"@Ac_Spatiale\" \/>\n\t\t<meta name=\"twitter:title\" content=\"Sommet international sur l\u2019espace \/ International Space Summit - Acad\u00e9mie Spatiale d&#039;\u00cele-de-France\" \/>\n\t\t<meta name=\"twitter:description\" content=\"&gt;&gt;&gt; Click here for the english version On September 9 and 10, 2026, the first International Space Summit will be held at the Grand Palais in Paris. Organized at the initiative of the President of the Republic, this event will bring together the global space community, including heads of state and government from around the\" \/>\n\t\t<meta name=\"twitter:creator\" content=\"@Ac_Spatiale\" \/>\n\t\t<meta name=\"twitter:image\" content=\"https:\/\/academiespatiale.fr\/wp-content\/uploads\/2026\/09\/Sommet-Inter-Espace_partenaire_2026.png\" \/>\n\t\t<script type=\"application\/ld+json\" class=\"aioseo-schema\">\n\t\t\t{\"@context\":\"https:\\\/\\\/schema.org\",\"@graph\":[{\"@type\":\"BreadcrumbList\",\"@id\":\"https:\\\/\\\/academiespatiale.fr\\\/index.php\\\/formations\\\/programmes-pedagogiques\\\/infos-orientation\\\/sommet-international-espace\\\/#breadcrumblist\",\"itemListElement\":[{\"@type\":\"ListItem\",\"@id\":\"https:\\\/\\\/academiespatiale.fr#listItem\",\"position\":1,\"name\":\"Home\",\"item\":\"https:\\\/\\\/academiespatiale.fr\",\"nextItem\":{\"@type\":\"ListItem\",\"@id\":\"https:\\\/\\\/academiespatiale.fr\\\/index.php\\\/formations\\\/#listItem\",\"name\":\"Formations &amp; m\\u00e9tiers\"}},{\"@type\":\"ListItem\",\"@id\":\"https:\\\/\\\/academiespatiale.fr\\\/index.php\\\/formations\\\/#listItem\",\"position\":2,\"name\":\"Formations &amp; m\\u00e9tiers\",\"item\":\"https:\\\/\\\/academiespatiale.fr\\\/index.php\\\/formations\\\/\",\"nextItem\":{\"@type\":\"ListItem\",\"@id\":\"https:\\\/\\\/academiespatiale.fr\\\/index.php\\\/formations\\\/programmes-pedagogiques\\\/#listItem\",\"name\":\"Programmes p\\u00e9dagogiques\"},\"previousItem\":{\"@type\":\"ListItem\",\"@id\":\"https:\\\/\\\/academiespatiale.fr#listItem\",\"name\":\"Home\"}},{\"@type\":\"ListItem\",\"@id\":\"https:\\\/\\\/academiespatiale.fr\\\/index.php\\\/formations\\\/programmes-pedagogiques\\\/#listItem\",\"position\":3,\"name\":\"Programmes p\\u00e9dagogiques\",\"item\":\"https:\\\/\\\/academiespatiale.fr\\\/index.php\\\/formations\\\/programmes-pedagogiques\\\/\",\"nextItem\":{\"@type\":\"ListItem\",\"@id\":\"https:\\\/\\\/academiespatiale.fr\\\/index.php\\\/formations\\\/programmes-pedagogiques\\\/infos-orientation\\\/#listItem\",\"name\":\"Infos &amp; orientation\"},\"previousItem\":{\"@type\":\"ListItem\",\"@id\":\"https:\\\/\\\/academiespatiale.fr\\\/index.php\\\/formations\\\/#listItem\",\"name\":\"Formations &amp; m\\u00e9tiers\"}},{\"@type\":\"ListItem\",\"@id\":\"https:\\\/\\\/academiespatiale.fr\\\/index.php\\\/formations\\\/programmes-pedagogiques\\\/infos-orientation\\\/#listItem\",\"position\":4,\"name\":\"Infos &amp; orientation\",\"item\":\"https:\\\/\\\/academiespatiale.fr\\\/index.php\\\/formations\\\/programmes-pedagogiques\\\/infos-orientation\\\/\",\"nextItem\":{\"@type\":\"ListItem\",\"@id\":\"https:\\\/\\\/academiespatiale.fr\\\/index.php\\\/formations\\\/programmes-pedagogiques\\\/infos-orientation\\\/sommet-international-espace\\\/#listItem\",\"name\":\"Sommet international sur l&rsquo;espace \\\/ International Space Summit\"},\"previousItem\":{\"@type\":\"ListItem\",\"@id\":\"https:\\\/\\\/academiespatiale.fr\\\/index.php\\\/formations\\\/programmes-pedagogiques\\\/#listItem\",\"name\":\"Programmes p\\u00e9dagogiques\"}},{\"@type\":\"ListItem\",\"@id\":\"https:\\\/\\\/academiespatiale.fr\\\/index.php\\\/formations\\\/programmes-pedagogiques\\\/infos-orientation\\\/sommet-international-espace\\\/#listItem\",\"position\":5,\"name\":\"Sommet international sur l&rsquo;espace \\\/ International Space Summit\",\"previousItem\":{\"@type\":\"ListItem\",\"@id\":\"https:\\\/\\\/academiespatiale.fr\\\/index.php\\\/formations\\\/programmes-pedagogiques\\\/infos-orientation\\\/#listItem\",\"name\":\"Infos &amp; orientation\"}}]},{\"@type\":\"Organization\",\"@id\":\"https:\\\/\\\/academiespatiale.fr\\\/#organization\",\"name\":\"academiespatiale.fr\",\"description\":\"Ensemble pour un nouvel espace durable pour tous et toutes\",\"url\":\"https:\\\/\\\/academiespatiale.fr\\\/\",\"logo\":{\"@type\":\"ImageObject\",\"url\":\"https:\\\/\\\/academiespatiale.fr\\\/wp-content\\\/uploads\\\/2026\\\/03\\\/ASIDF-Fr2030_logo_compact_RVB.png\",\"@id\":\"https:\\\/\\\/academiespatiale.fr\\\/index.php\\\/formations\\\/programmes-pedagogiques\\\/infos-orientation\\\/sommet-international-espace\\\/#organizationLogo\",\"width\":1716,\"height\":473},\"image\":{\"@id\":\"https:\\\/\\\/academiespatiale.fr\\\/index.php\\\/formations\\\/programmes-pedagogiques\\\/infos-orientation\\\/sommet-international-espace\\\/#organizationLogo\"},\"sameAs\":[\"https:\\\/\\\/www.facebook.com\\\/people\\\/Acadmie-Spatiale-dle-de-France\\\/61560696669781\\\/\",\"https:\\\/\\\/x.com\\\/Ac_Spatiale\",\"https:\\\/\\\/www.instagram.com\\\/academie_spatiale\\\/\",\"https:\\\/\\\/www.linkedin.com\\\/company\\\/academie-spatiale-ile-de-france\\\/\"]},{\"@type\":\"WebPage\",\"@id\":\"https:\\\/\\\/academiespatiale.fr\\\/index.php\\\/formations\\\/programmes-pedagogiques\\\/infos-orientation\\\/sommet-international-espace\\\/#webpage\",\"url\":\"https:\\\/\\\/academiespatiale.fr\\\/index.php\\\/formations\\\/programmes-pedagogiques\\\/infos-orientation\\\/sommet-international-espace\\\/\",\"name\":\"Sommet international sur l\\u2019espace \\\/ International Space Summit - Acad\\u00e9mie Spatiale d'\\u00cele-de-France\",\"description\":\">>> Click here for the english version On September 9 and 10, 2026, the first International Space Summit will be held at the Grand Palais in Paris. Organized at the initiative of the President of the Republic, this event will bring together the global space community, including heads of state and government from around the\",\"inLanguage\":\"fr-FR\",\"isPartOf\":{\"@id\":\"https:\\\/\\\/academiespatiale.fr\\\/#website\"},\"breadcrumb\":{\"@id\":\"https:\\\/\\\/academiespatiale.fr\\\/index.php\\\/formations\\\/programmes-pedagogiques\\\/infos-orientation\\\/sommet-international-espace\\\/#breadcrumblist\"},\"image\":{\"@type\":\"ImageObject\",\"url\":\"https:\\\/\\\/academiespatiale.fr\\\/wp-content\\\/uploads\\\/2026\\\/09\\\/Sommet-Inter-Espace_partenaire_2026.png\",\"@id\":\"https:\\\/\\\/academiespatiale.fr\\\/index.php\\\/formations\\\/programmes-pedagogiques\\\/infos-orientation\\\/sommet-international-espace\\\/#mainImage\",\"width\":750,\"height\":500},\"primaryImageOfPage\":{\"@id\":\"https:\\\/\\\/academiespatiale.fr\\\/index.php\\\/formations\\\/programmes-pedagogiques\\\/infos-orientation\\\/sommet-international-espace\\\/#mainImage\"},\"datePublished\":\"2026-09-03T18:00:04+02:00\",\"dateModified\":\"2026-09-04T17:48:05+02:00\"},{\"@type\":\"WebSite\",\"@id\":\"https:\\\/\\\/academiespatiale.fr\\\/#website\",\"url\":\"https:\\\/\\\/academiespatiale.fr\\\/\",\"name\":\"academiespatiale.fr\",\"description\":\"Ensemble pour un nouvel espace durable pour tous et toutes\",\"inLanguage\":\"fr-FR\",\"publisher\":{\"@id\":\"https:\\\/\\\/academiespatiale.fr\\\/#organization\"}}]}\n\t\t<\/script>\n\t\t<!-- All in One SEO -->\n\n","aioseo_head_json":{"title":"Sommet international sur l\u2019espace \/ International Space Summit - Acad\u00e9mie Spatiale d'\u00cele-de-France","description":">>> Click here for the english version On September 9 and 10, 2026, the first International Space Summit will be held at the Grand Palais in Paris. Organized at the initiative of the President of the Republic, this event will bring together the global space community, including heads of state and government from around the","canonical_url":"https:\/\/academiespatiale.fr\/index.php\/formations\/programmes-pedagogiques\/infos-orientation\/sommet-international-espace\/","robots":"max-image-preview:large","keywords":"","webmasterTools":{"miscellaneous":""},"schema":{"@context":"https:\/\/schema.org","@graph":[{"@type":"BreadcrumbList","@id":"https:\/\/academiespatiale.fr\/index.php\/formations\/programmes-pedagogiques\/infos-orientation\/sommet-international-espace\/#breadcrumblist","itemListElement":[{"@type":"ListItem","@id":"https:\/\/academiespatiale.fr#listItem","position":1,"name":"Home","item":"https:\/\/academiespatiale.fr","nextItem":{"@type":"ListItem","@id":"https:\/\/academiespatiale.fr\/index.php\/formations\/#listItem","name":"Formations &amp; m\u00e9tiers"}},{"@type":"ListItem","@id":"https:\/\/academiespatiale.fr\/index.php\/formations\/#listItem","position":2,"name":"Formations &amp; m\u00e9tiers","item":"https:\/\/academiespatiale.fr\/index.php\/formations\/","nextItem":{"@type":"ListItem","@id":"https:\/\/academiespatiale.fr\/index.php\/formations\/programmes-pedagogiques\/#listItem","name":"Programmes p\u00e9dagogiques"},"previousItem":{"@type":"ListItem","@id":"https:\/\/academiespatiale.fr#listItem","name":"Home"}},{"@type":"ListItem","@id":"https:\/\/academiespatiale.fr\/index.php\/formations\/programmes-pedagogiques\/#listItem","position":3,"name":"Programmes p\u00e9dagogiques","item":"https:\/\/academiespatiale.fr\/index.php\/formations\/programmes-pedagogiques\/","nextItem":{"@type":"ListItem","@id":"https:\/\/academiespatiale.fr\/index.php\/formations\/programmes-pedagogiques\/infos-orientation\/#listItem","name":"Infos &amp; orientation"},"previousItem":{"@type":"ListItem","@id":"https:\/\/academiespatiale.fr\/index.php\/formations\/#listItem","name":"Formations &amp; m\u00e9tiers"}},{"@type":"ListItem","@id":"https:\/\/academiespatiale.fr\/index.php\/formations\/programmes-pedagogiques\/infos-orientation\/#listItem","position":4,"name":"Infos &amp; orientation","item":"https:\/\/academiespatiale.fr\/index.php\/formations\/programmes-pedagogiques\/infos-orientation\/","nextItem":{"@type":"ListItem","@id":"https:\/\/academiespatiale.fr\/index.php\/formations\/programmes-pedagogiques\/infos-orientation\/sommet-international-espace\/#listItem","name":"Sommet international sur l&rsquo;espace \/ International Space Summit"},"previousItem":{"@type":"ListItem","@id":"https:\/\/academiespatiale.fr\/index.php\/formations\/programmes-pedagogiques\/#listItem","name":"Programmes p\u00e9dagogiques"}},{"@type":"ListItem","@id":"https:\/\/academiespatiale.fr\/index.php\/formations\/programmes-pedagogiques\/infos-orientation\/sommet-international-espace\/#listItem","position":5,"name":"Sommet international sur l&rsquo;espace \/ International Space Summit","previousItem":{"@type":"ListItem","@id":"https:\/\/academiespatiale.fr\/index.php\/formations\/programmes-pedagogiques\/infos-orientation\/#listItem","name":"Infos &amp; orientation"}}]},{"@type":"Organization","@id":"https:\/\/academiespatiale.fr\/#organization","name":"academiespatiale.fr","description":"Ensemble pour un nouvel espace durable pour tous et toutes","url":"https:\/\/academiespatiale.fr\/","logo":{"@type":"ImageObject","url":"https:\/\/academiespatiale.fr\/wp-content\/uploads\/2026\/03\/ASIDF-Fr2030_logo_compact_RVB.png","@id":"https:\/\/academiespatiale.fr\/index.php\/formations\/programmes-pedagogiques\/infos-orientation\/sommet-international-espace\/#organizationLogo","width":1716,"height":473},"image":{"@id":"https:\/\/academiespatiale.fr\/index.php\/formations\/programmes-pedagogiques\/infos-orientation\/sommet-international-espace\/#organizationLogo"},"sameAs":["https:\/\/www.facebook.com\/people\/Acadmie-Spatiale-dle-de-France\/61560696669781\/","https:\/\/x.com\/Ac_Spatiale","https:\/\/www.instagram.com\/academie_spatiale\/","https:\/\/www.linkedin.com\/company\/academie-spatiale-ile-de-france\/"]},{"@type":"WebPage","@id":"https:\/\/academiespatiale.fr\/index.php\/formations\/programmes-pedagogiques\/infos-orientation\/sommet-international-espace\/#webpage","url":"https:\/\/academiespatiale.fr\/index.php\/formations\/programmes-pedagogiques\/infos-orientation\/sommet-international-espace\/","name":"Sommet international sur l\u2019espace \/ International Space Summit - Acad\u00e9mie Spatiale d'\u00cele-de-France","description":">>> Click here for the english version On September 9 and 10, 2026, the first International Space Summit will be held at the Grand Palais in Paris. Organized at the initiative of the President of the Republic, this event will bring together the global space community, including heads of state and government from around the","inLanguage":"fr-FR","isPartOf":{"@id":"https:\/\/academiespatiale.fr\/#website"},"breadcrumb":{"@id":"https:\/\/academiespatiale.fr\/index.php\/formations\/programmes-pedagogiques\/infos-orientation\/sommet-international-espace\/#breadcrumblist"},"image":{"@type":"ImageObject","url":"https:\/\/academiespatiale.fr\/wp-content\/uploads\/2026\/09\/Sommet-Inter-Espace_partenaire_2026.png","@id":"https:\/\/academiespatiale.fr\/index.php\/formations\/programmes-pedagogiques\/infos-orientation\/sommet-international-espace\/#mainImage","width":750,"height":500},"primaryImageOfPage":{"@id":"https:\/\/academiespatiale.fr\/index.php\/formations\/programmes-pedagogiques\/infos-orientation\/sommet-international-espace\/#mainImage"},"datePublished":"2026-09-03T18:00:04+02:00","dateModified":"2026-09-04T17:48:05+02:00"},{"@type":"WebSite","@id":"https:\/\/academiespatiale.fr\/#website","url":"https:\/\/academiespatiale.fr\/","name":"academiespatiale.fr","description":"Ensemble pour un nouvel espace durable pour tous et toutes","inLanguage":"fr-FR","publisher":{"@id":"https:\/\/academiespatiale.fr\/#organization"}}]},"og:locale":"fr_FR","og:site_name":"Acad\u00e9mie Spatiale d'\u00cele-de-France - Ensemble pour un nouvel espace durable pour tous et toutes","og:type":"article","og:title":"Sommet international sur l\u2019espace \/ International Space Summit - Acad\u00e9mie Spatiale d'\u00cele-de-France","og:description":"&gt;&gt;&gt; Click here for the english version On September 9 and 10, 2026, the first International Space Summit will be held at the Grand Palais in Paris. Organized at the initiative of the President of the Republic, this event will bring together the global space community, including heads of state and government from around the","og:url":"https:\/\/academiespatiale.fr\/index.php\/formations\/programmes-pedagogiques\/infos-orientation\/sommet-international-espace\/","og:image":"https:\/\/academiespatiale.fr\/wp-content\/uploads\/2026\/09\/Sommet-Inter-Espace_partenaire_2026.png","og:image:secure_url":"https:\/\/academiespatiale.fr\/wp-content\/uploads\/2026\/09\/Sommet-Inter-Espace_partenaire_2026.png","og:image:width":750,"og:image:height":500,"article:published_time":"2026-09-03T16:00:04+00:00","article:modified_time":"2026-09-04T15:48:05+00:00","article:publisher":"https:\/\/www.facebook.com\/people\/Acadmie-Spatiale-dle-de-France\/61560696669781\/","twitter:card":"summary_large_image","twitter:site":"@Ac_Spatiale","twitter:title":"Sommet international sur l\u2019espace \/ International Space Summit - Acad\u00e9mie Spatiale d'\u00cele-de-France","twitter:description":"&gt;&gt;&gt; Click here for the english version On September 9 and 10, 2026, the first International Space Summit will be held at the Grand Palais in Paris. Organized at the initiative of the President of the Republic, this event will bring together the global space community, including heads of state and government from around the","twitter:creator":"@Ac_Spatiale","twitter:image":"https:\/\/academiespatiale.fr\/wp-content\/uploads\/2026\/09\/Sommet-Inter-Espace_partenaire_2026.png"},"aioseo_meta_data":{"post_id":"10594","title":null,"description":null,"keywords":null,"keyphrases":{"focus":{"keyphrase":"","score":0,"analysis":{"keyphraseInTitle":{"score":0,"maxScore":9,"error":1}}},"additional":[]},"primary_term":null,"canonical_url":null,"og_title":null,"og_description":null,"og_object_type":"default","og_image_type":"default","og_image_url":null,"og_image_width":null,"og_image_height":null,"og_image_custom_url":null,"og_image_custom_fields":null,"og_video":"","og_custom_url":null,"og_article_section":null,"og_article_tags":null,"twitter_use_og":false,"twitter_card":"default","twitter_image_type":"default","twitter_image_url":null,"twitter_image_custom_url":null,"twitter_image_custom_fields":null,"twitter_title":null,"twitter_description":null,"schema":{"blockGraphs":[],"customGraphs":[],"default":{"data":{"Article":[],"Course":[],"Dataset":[],"FAQPage":[],"Movie":[],"Person":[],"Product":[],"ProductReview":[],"Car":[],"Recipe":[],"Service":[],"SoftwareApplication":[],"WebPage":[]},"graphName":"WebPage","isEnabled":true},"graphs":[]},"schema_type":"default","schema_type_options":null,"pillar_content":false,"robots_default":true,"robots_noindex":false,"robots_noarchive":false,"robots_nosnippet":false,"robots_nofollow":false,"robots_noimageindex":false,"robots_noodp":false,"robots_notranslate":false,"robots_max_snippet":"-1","robots_max_videopreview":"-1","robots_max_imagepreview":"large","priority":null,"frequency":"default","local_seo":null,"breadcrumb_settings":null,"limit_modified_date":false,"ai":{"faqs":[],"keyPoints":[],"schemas":[],"titles":[],"descriptions":[],"socialPosts":{"email":{"subject":"","preview":"","content":""},"linkedin":[],"twitter":[],"facebook":[],"instagram":[]}},"created":"2026-09-03 13:14:54","updated":"2026-09-04 15:56:56","seo_analyzer_scan_date":null,"focus_keyword":null,"additional_keywords":null,"truseo_locale":null},"aioseo_breadcrumb":"<div class=\"aioseo-breadcrumbs\"><span class=\"aioseo-breadcrumb\">\n\t\t\t<a href=\"https:\/\/academiespatiale.fr\" title=\"Home\">Home<\/a>\n\t\t<\/span><span class=\"aioseo-breadcrumb-separator\">&raquo;<\/span><span class=\"aioseo-breadcrumb\">\n\t\t\t<a href=\"https:\/\/academiespatiale.fr\/index.php\/formations\/\" title=\"Formations &amp; m\u00e9tiers\">Formations &amp; m\u00e9tiers<\/a>\n\t\t<\/span><span class=\"aioseo-breadcrumb-separator\">&raquo;<\/span><span class=\"aioseo-breadcrumb\">\n\t\t\t<a href=\"https:\/\/academiespatiale.fr\/index.php\/formations\/programmes-pedagogiques\/\" title=\"Programmes p\u00e9dagogiques\">Programmes p\u00e9dagogiques<\/a>\n\t\t<\/span><span class=\"aioseo-breadcrumb-separator\">&raquo;<\/span><span class=\"aioseo-breadcrumb\">\n\t\t\t<a href=\"https:\/\/academiespatiale.fr\/index.php\/formations\/programmes-pedagogiques\/infos-orientation\/\" title=\"Infos &amp; orientation\">Infos &amp; orientation<\/a>\n\t\t<\/span><span class=\"aioseo-breadcrumb-separator\">&raquo;<\/span><span class=\"aioseo-breadcrumb\">\n\t\t\tSommet international sur l\u2019espace \/ International Space Summit\n\t\t<\/span><\/div>","aioseo_breadcrumb_json":[{"label":"Home","link":"https:\/\/academiespatiale.fr"},{"label":"Formations &amp; m\u00e9tiers","link":"https:\/\/academiespatiale.fr\/index.php\/formations\/"},{"label":"Programmes p\u00e9dagogiques","link":"https:\/\/academiespatiale.fr\/index.php\/formations\/programmes-pedagogiques\/"},{"label":"Infos &amp; orientation","link":"https:\/\/academiespatiale.fr\/index.php\/formations\/programmes-pedagogiques\/infos-orientation\/"},{"label":"Sommet international sur l&rsquo;espace \/ International Space Summit","link":"https:\/\/academiespatiale.fr\/index.php\/formations\/programmes-pedagogiques\/infos-orientation\/sommet-international-espace\/"}],"_links":{"self":[{"href":"https:\/\/academiespatiale.fr\/index.php\/wp-json\/wp\/v2\/pages\/10594","targetHints":{"allow":["GET"]}}],"collection":[{"href":"https:\/\/academiespatiale.fr\/index.php\/wp-json\/wp\/v2\/pages"}],"about":[{"href":"https:\/\/academiespatiale.fr\/index.php\/wp-json\/wp\/v2\/types\/page"}],"author":[{"embeddable":true,"href":"https:\/\/academiespatiale.fr\/index.php\/wp-json\/wp\/v2\/users\/1"}],"replies":[{"embeddable":true,"href":"https:\/\/academiespatiale.fr\/index.php\/wp-json\/wp\/v2\/comments?post=10594"}],"version-history":[{"count":41,"href":"https:\/\/academiespatiale.fr\/index.php\/wp-json\/wp\/v2\/pages\/10594\/revisions"}],"predecessor-version":[{"id":10661,"href":"https:\/\/academiespatiale.fr\/index.php\/wp-json\/wp\/v2\/pages\/10594\/revisions\/10661"}],"up":[{"embeddable":true,"href":"https:\/\/academiespatiale.fr\/index.php\/wp-json\/wp\/v2\/pages\/8066"}],"wp:featuredmedia":[{"embeddable":true,"href":"https:\/\/academiespatiale.fr\/index.php\/wp-json\/wp\/v2\/media\/10642"}],"wp:attachment":[{"href":"https:\/\/academiespatiale.fr\/index.php\/wp-json\/wp\/v2\/media?parent=10594"}],"curies":[{"name":"wp","href":"https:\/\/api.w.org\/{rel}","templated":true}]}}